{"version":"1.0","provider_name":"Galerija Matice srpske","provider_url":"http:\/\/www.galerijamaticesrpske.rs\/lat\/","title":"Sve\u010dano otvaranje izlo\u017ebe Uro\u0161 Predi\u0107","type":"rich","width":600,"height":338,"html":"<blockquote class=\"wp-embedded-content\" data-secret=\"I0GrhTDrXi\"><a href=\"http:\/\/www.galerijamaticesrpske.rs\/lat\/events\/svecano-otvaranje-izlozbe-uros-predic\/\">Sve\u010dano otvaranje izlo\u017ebe Uro\u0161 Predi\u0107<\/a><\/blockquote><iframe sandbox=\"allow-scripts\" security=\"restricted\" src=\"http:\/\/www.galerijamaticesrpske.rs\/lat\/events\/svecano-otvaranje-izlozbe-uros-predic\/embed\/#?secret=I0GrhTDrXi\" width=\"600\" height=\"338\" title=\"&#8220;Sve\u010dano otvaranje izlo\u017ebe Uro\u0161 Predi\u0107&#8221; &#8212; Galerija Matice srpske\" data-secret=\"I0GrhTDrXi\" frameborder=\"0\" marginwidth=\"0\" marginheight=\"0\" scrolling=\"no\" class=\"wp-embedded-content\"><\/iframe><script type=\"text\/javascript\">\n\/* <![CDATA[ *\/\n\/*! This file is auto-generated *\/\n!function(d,l){\"use strict\";l.querySelector&&d.addEventListener&&\"undefined\"!=typeof URL&&(d.wp=d.wp||{},d.wp.receiveEmbedMessage||(d.wp.receiveEmbedMessage=function(e){var t=e.data;if((t||t.secret||t.message||t.value)&&!\/[^a-zA-Z0-9]\/.test(t.secret)){for(var s,r,n,a=l.querySelectorAll('iframe[data-secret=\"'+t.secret+'\"]'),o=l.querySelectorAll('blockquote[data-secret=\"'+t.secret+'\"]'),c=new RegExp(\"^https?:$\",\"i\"),i=0;i<o.length;i++)o[i].style.display=\"none\";for(i=0;i<a.length;i++)s=a[i],e.source===s.contentWindow&&(s.removeAttribute(\"style\"),\"height\"===t.message?(1e3<(r=parseInt(t.value,10))?r=1e3:~~r<200&&(r=200),s.height=r):\"link\"===t.message&&(r=new URL(s.getAttribute(\"src\")),n=new URL(t.value),c.test(n.protocol))&&n.host===r.host&&l.activeElement===s&&(d.top.location.href=t.value))}},d.addEventListener(\"message\",d.wp.receiveEmbedMessage,!1),l.addEventListener(\"DOMContentLoaded\",function(){for(var e,t,s=l.querySelectorAll(\"iframe.wp-embedded-content\"),r=0;r<s.length;r++)(t=(e=s[r]).getAttribute(\"data-secret\"))||(t=Math.random().toString(36).substring(2,12),e.src+=\"#?secret=\"+t,e.setAttribute(\"data-secret\",t)),e.contentWindow.postMessage({message:\"ready\",secret:t},\"*\")},!1)))}(window,document);\n\/\/# sourceURL=http:\/\/www.galerijamaticesrpske.rs\/wp-includes\/js\/wp-embed.min.js\n\/* ]]> *\/\n<\/script>\n","description":"U mesecu obele\u017eavanja zna\u010dajnog jubileja \u2013 175 godina od osnivanja Galerije Matice srpske, realizujemo veliku monografsku izlo\u017ebu posve\u0107enu stvarala\u0161tvu jednog od najistaknutijih nacionalnih slikara Uro\u0161a Predi\u0107a, koja \u0107e biti sve\u010dano otvorena 7. oktobra 2022. godine u 20.00 sati.","thumbnail_url":"http:\/\/www.galerijamaticesrpske.rs\/wp-content\/uploads\/2022\/10\/foto-event-uros-predic-1024x562.jpg","thumbnail_width":1024,"thumbnail_height":562}