{"id":10362,"date":"2022-10-04T21:25:06","date_gmt":"2022-10-04T21:25:06","guid":{"rendered":"https:\/\/www.galerijamaticesrpske.rs\/?post_type=mec-events&#038;p=10362"},"modified":"2022-10-07T09:11:45","modified_gmt":"2022-10-07T09:11:45","slug":"svecano-otvaranje-izlozbe-uros-predic","status":"publish","type":"mec-events","link":"http:\/\/www.galerijamaticesrpske.rs\/lat\/events\/svecano-otvaranje-izlozbe-uros-predic\/","title":{"rendered":"Sve\u010dano otvaranje izlo\u017ebe Uro\u0161 Predi\u0107"},"content":{"rendered":"<p>U mesecu obele\u017eavanja zna\u010dajnog jubileja \u2013 175 godina od osnivanja Galerije Matice srpske, realizujemo veliku monografsku izlo\u017ebu posve\u0107enu stvarala\u0161tvu jednog od najistaknutijih nacionalnih slikara Uro\u0161a Predi\u0107a, koja \u0107e biti <strong>sve\u010dano otvorena 7. oktobra 2022. godine u 20.00 sati<\/strong>. Na sve\u010danom otvaranju izlo\u017ebe prisutnima \u0107e se obratiti <strong>dr Tijana Palkovljevi\u0107 Bugarski<\/strong>, upravnica Galerije Matice srpske, <strong>prof. dr Igor Borozan<\/strong>, istori\u010dar umetnosti, <strong>Predrag Mihajlovi\u0107<\/strong>, predsednik Izvr\u0161nog odbora OTP banke Srbija, dok \u0107e izlo\u017ebu sve\u010dano otvoriti <strong>Dragana Milo\u0161evi\u0107<\/strong>, pokrajinska sekretarka.<\/p>\n<p>Izlo\u017ebom <strong><em>Uro\u0161 Predi\u0107. \u017divot posve\u0107en lepoti i umetnosti<\/em><\/strong>, kroz pri\u010du o liku i delu ovog velikana srpske kulture i umetnosti, istovremeno se ukazuje na temeljne vrednosti Galerije Matice srpske: zadu\u017ebinarstvo, posve\u0107enost op\u0161tem dobru i nacionalnim vrednostima, kao i na zna\u010daj ovog slikara za srpsku istoriju umetnosti.<\/p>\n<p>Stvaraju\u0107i neprekidno vi\u0161e od osam decenija ostavio je izuzetno bogat umetni\u010dki opus sa preko 1700 dela, u kojem je ostvario visoke domete. Izlo\u017eba obuhvata preko 140 eksponata \u2012 vi\u0161e od 100 Predi\u0107evih dela, dokumentarnu gra\u0111u o umetnikovom \u017eivotu, njegove portrete koje su na\u010dinili prijatelji umetnici, kao i dokumentarni film u re\u017eiji Bla\u017ea Popovi\u0107a. Pod Galerijskim krovom smo okupili umetni\u010dka dela iz razli\u010ditih kolekcija iz zemlje i inostranstva koja \u0107e publici pru\u017eiti uvid u \u017eivotne, stvarala\u010dke i tematske prostore Uro\u0161a Predi\u0107a.<\/p>\n<p>&nbsp;<\/p>\n<p>Izlo\u017eba je organizovana zahvaljuju\u0107i podr\u0161ci OTP banke Srbija, a pokroviteljstvo obuhvata i \u0161tampu monografskih i de\u010dijih publikacija, kao i izradu stripa i filma o Uro\u0161u Predi\u0107u.<\/p>\n<p>Realizaciju izlo\u017ebe omogu\u0107ili su Ministarstvo kulture i informisanja Republike Srbije, Pokrajinski sekretarijat za kulturu, javno informisanje i odnose s verskim zajednicama, Grad Novi Sad, Fondacija \u201eNovi Sad \u2013 Evropska prestonica kulture\u201c i DDOR osiguranje.<\/p>\n<p>Medijski partneri izlo\u017ebe su JMU Radio-televizija Vojvodine, Radio 021, Naxi Planeta radio i Radio Beseda.<\/p>\n","protected":false},"excerpt":{"rendered":"<p>U mesecu obele\u017eavanja zna\u010dajnog jubileja \u2013 175 godina od osnivanja Galerije Matice srpske, realizujemo veliku monografsku izlo\u017ebu posve\u0107enu stvarala\u0161tvu jednog od najistaknutijih nacionalnih slikara Uro\u0161a Predi\u0107a, koja \u0107e biti sve\u010dano otvorena 7. oktobra 2022. godine u 20.00 sati. Na sve\u010danom otvaranju izlo\u017ebe prisutnima \u0107e se obratiti dr Tijana Palkovljevi\u0107 Bugarski, upravnica Galerije Matice srpske, prof.<\/p>\n","protected":false},"author":2,"featured_media":0,"comment_status":"closed","ping_status":"closed","template":"","tags":[],"mec_category":[97],"class_list":["post-10362","mec-events","type-mec-events","status-publish","hentry","mec_category-izlozbe"],"acf":[],"yoast_head":"<!-- This site is optimized with the Yoast SEO plugin v27.3 - https:\/\/yoast.com\/product\/yoast-seo-wordpress\/ -->\n<title>Sve\u010dano otvaranje izlo\u017ebe Uro\u0161 Predi\u0107 | Galerija Matice srpske<\/title>\n<meta name=\"description\" content=\"U mesecu obele\u017eavanja zna\u010dajnog jubileja \u2013 175 godina od osnivanja Galerije Matice srpske, realizujemo veliku monografsku izlo\u017ebu posve\u0107enu stvarala\u0161tvu jednog od najistaknutijih nacionalnih slikara Uro\u0161a Predi\u0107a, koja \u0107e biti sve\u010dano otvorena 7. oktobra 2022. godine u 20.00 sati.\" \/>\n<meta name=\"robots\" content=\"index, follow, max-snippet:-1, max-image-preview:large, max-video-preview:-1\" \/>\n<link rel=\"canonical\" href=\"http:\/\/www.galerijamaticesrpske.rs\/lat\/events\/svecano-otvaranje-izlozbe-uros-predic\/\" \/>\n<meta property=\"og:locale\" content=\"en_US\" \/>\n<meta property=\"og:type\" content=\"article\" \/>\n<meta property=\"og:title\" content=\"Sve\u010dano otvaranje izlo\u017ebe Uro\u0161 Predi\u0107\" \/>\n<meta property=\"og:description\" content=\"U mesecu obele\u017eavanja zna\u010dajnog jubileja \u2013 175 godina od osnivanja Galerije Matice srpske, realizujemo veliku monografsku izlo\u017ebu posve\u0107enu stvarala\u0161tvu jednog od najistaknutijih nacionalnih slikara Uro\u0161a Predi\u0107a, koja \u0107e biti sve\u010dano otvorena 7. oktobra 2022. godine u 20.00 sati.\" \/>\n<meta property=\"og:url\" content=\"http:\/\/www.galerijamaticesrpske.rs\/lat\/events\/svecano-otvaranje-izlozbe-uros-predic\/\" \/>\n<meta property=\"og:site_name\" content=\"Galerija Matice srpske\" \/>\n<meta property=\"article:modified_time\" content=\"2022-10-07T09:11:45+00:00\" \/>\n<meta property=\"og:image\" content=\"http:\/\/www.galerijamaticesrpske.rs\/wp-content\/uploads\/2022\/10\/foto-event-uros-predic-1024x562.jpg\" \/>\n\t<meta property=\"og:image:width\" content=\"1024\" \/>\n\t<meta property=\"og:image:height\" content=\"562\" \/>\n\t<meta property=\"og:image:type\" content=\"image\/jpeg\" \/>\n<meta name=\"twitter:card\" content=\"summary_large_image\" \/>\n<meta name=\"twitter:label1\" content=\"Est. reading time\" \/>\n\t<meta name=\"twitter:data1\" content=\"2 minutes\" \/>\n<script type=\"application\/ld+json\" class=\"yoast-schema-graph\">{\"@context\":\"https:\\\/\\\/schema.org\",\"@graph\":[{\"@type\":\"WebPage\",\"@id\":\"http:\\\/\\\/www.galerijamaticesrpske.rs\\\/lat\\\/events\\\/svecano-otvaranje-izlozbe-uros-predic\\\/\",\"url\":\"http:\\\/\\\/www.galerijamaticesrpske.rs\\\/lat\\\/events\\\/svecano-otvaranje-izlozbe-uros-predic\\\/\",\"name\":\"Sve\u010dano otvaranje izlo\u017ebe Uro\u0161 Predi\u0107 | Galerija Matice srpske\",\"isPartOf\":{\"@id\":\"https:\\\/\\\/www.galerijamaticesrpske.rs\\\/#website\"},\"datePublished\":\"2022-10-04T21:25:06+00:00\",\"dateModified\":\"2022-10-07T09:11:45+00:00\",\"description\":\"U mesecu obele\u017eavanja zna\u010dajnog jubileja \u2013 175 godina od osnivanja Galerije Matice srpske, realizujemo veliku monografsku izlo\u017ebu posve\u0107enu stvarala\u0161tvu jednog od najistaknutijih nacionalnih slikara Uro\u0161a Predi\u0107a, koja \u0107e biti sve\u010dano otvorena 7. oktobra 2022. godine u 20.00 sati.\",\"breadcrumb\":{\"@id\":\"http:\\\/\\\/www.galerijamaticesrpske.rs\\\/lat\\\/events\\\/svecano-otvaranje-izlozbe-uros-predic\\\/#breadcrumb\"},\"inLanguage\":\"sr-LAT\",\"potentialAction\":[{\"@type\":\"ReadAction\",\"target\":[\"http:\\\/\\\/www.galerijamaticesrpske.rs\\\/lat\\\/events\\\/svecano-otvaranje-izlozbe-uros-predic\\\/\"]}]},{\"@type\":\"BreadcrumbList\",\"@id\":\"http:\\\/\\\/www.galerijamaticesrpske.rs\\\/lat\\\/events\\\/svecano-otvaranje-izlozbe-uros-predic\\\/#breadcrumb\",\"itemListElement\":[{\"@type\":\"ListItem\",\"position\":1,\"name\":\"\u041f\u043e\u0447\u0435\u0442\u043d\u0430\",\"item\":\"http:\\\/\\\/www.galerijamaticesrpske.rs\\\/lat\\\/\"},{\"@type\":\"ListItem\",\"position\":2,\"name\":\"Events\",\"item\":\"http:\\\/\\\/www.galerijamaticesrpske.rs\\\/lat\\\/events\\\/\"},{\"@type\":\"ListItem\",\"position\":3,\"name\":\"Sve\u010dano otvaranje izlo\u017ebe Uro\u0161 Predi\u0107\"}]},{\"@type\":\"WebSite\",\"@id\":\"https:\\\/\\\/www.galerijamaticesrpske.rs\\\/#website\",\"url\":\"https:\\\/\\\/www.galerijamaticesrpske.rs\\\/\",\"name\":\"Galerija Matice srpske\",\"description\":\"Muzej srpske nacionalne umetnosti u Novom Sadu\",\"publisher\":{\"@id\":\"https:\\\/\\\/www.galerijamaticesrpske.rs\\\/#organization\"},\"potentialAction\":[{\"@type\":\"SearchAction\",\"target\":{\"@type\":\"EntryPoint\",\"urlTemplate\":\"https:\\\/\\\/www.galerijamaticesrpske.rs\\\/?s={search_term_string}\"},\"query-input\":{\"@type\":\"PropertyValueSpecification\",\"valueRequired\":true,\"valueName\":\"search_term_string\"}}],\"inLanguage\":\"sr-LAT\"},{\"@type\":\"Organization\",\"@id\":\"https:\\\/\\\/www.galerijamaticesrpske.rs\\\/#organization\",\"name\":\"Galerija Matice srpske\",\"url\":\"https:\\\/\\\/www.galerijamaticesrpske.rs\\\/\",\"logo\":{\"@type\":\"ImageObject\",\"inLanguage\":\"sr-LAT\",\"@id\":\"https:\\\/\\\/www.galerijamaticesrpske.rs\\\/#\\\/schema\\\/logo\\\/image\\\/\",\"url\":\"https:\\\/\\\/www.galerijamaticesrpske.rs\\\/wp-content\\\/uploads\\\/2021\\\/01\\\/gms-logo-za-sajt.svg\",\"contentUrl\":\"https:\\\/\\\/www.galerijamaticesrpske.rs\\\/wp-content\\\/uploads\\\/2021\\\/01\\\/gms-logo-za-sajt.svg\",\"width\":1,\"height\":1,\"caption\":\"Galerija Matice srpske\"},\"image\":{\"@id\":\"https:\\\/\\\/www.galerijamaticesrpske.rs\\\/#\\\/schema\\\/logo\\\/image\\\/\"}}]}<\/script>\n<!-- \/ Yoast SEO plugin. -->","yoast_head_json":{"title":"Sve\u010dano otvaranje izlo\u017ebe Uro\u0161 Predi\u0107 | Galerija Matice srpske","description":"U mesecu obele\u017eavanja zna\u010dajnog jubileja \u2013 175 godina od osnivanja Galerije Matice srpske, realizujemo veliku monografsku izlo\u017ebu posve\u0107enu stvarala\u0161tvu jednog od najistaknutijih nacionalnih slikara Uro\u0161a Predi\u0107a, koja \u0107e biti sve\u010dano otvorena 7. oktobra 2022. godine u 20.00 sati.","robots":{"index":"index","follow":"follow","max-snippet":"max-snippet:-1","max-image-preview":"max-image-preview:large","max-video-preview":"max-video-preview:-1"},"canonical":"http:\/\/www.galerijamaticesrpske.rs\/lat\/events\/svecano-otvaranje-izlozbe-uros-predic\/","og_locale":"en_US","og_type":"article","og_title":"Sve\u010dano otvaranje izlo\u017ebe Uro\u0161 Predi\u0107","og_description":"U mesecu obele\u017eavanja zna\u010dajnog jubileja \u2013 175 godina od osnivanja Galerije Matice srpske, realizujemo veliku monografsku izlo\u017ebu posve\u0107enu stvarala\u0161tvu jednog od najistaknutijih nacionalnih slikara Uro\u0161a Predi\u0107a, koja \u0107e biti sve\u010dano otvorena 7. oktobra 2022. godine u 20.00 sati.","og_url":"http:\/\/www.galerijamaticesrpske.rs\/lat\/events\/svecano-otvaranje-izlozbe-uros-predic\/","og_site_name":"Galerija Matice srpske","article_modified_time":"2022-10-07T09:11:45+00:00","og_image":[{"width":1024,"height":562,"url":"http:\/\/www.galerijamaticesrpske.rs\/wp-content\/uploads\/2022\/10\/foto-event-uros-predic-1024x562.jpg","type":"image\/jpeg"}],"twitter_card":"summary_large_image","twitter_misc":{"Est. reading time":"2 minutes"},"schema":{"@context":"https:\/\/schema.org","@graph":[{"@type":"WebPage","@id":"http:\/\/www.galerijamaticesrpske.rs\/lat\/events\/svecano-otvaranje-izlozbe-uros-predic\/","url":"http:\/\/www.galerijamaticesrpske.rs\/lat\/events\/svecano-otvaranje-izlozbe-uros-predic\/","name":"Sve\u010dano otvaranje izlo\u017ebe Uro\u0161 Predi\u0107 | Galerija Matice srpske","isPartOf":{"@id":"https:\/\/www.galerijamaticesrpske.rs\/#website"},"datePublished":"2022-10-04T21:25:06+00:00","dateModified":"2022-10-07T09:11:45+00:00","description":"U mesecu obele\u017eavanja zna\u010dajnog jubileja \u2013 175 godina od osnivanja Galerije Matice srpske, realizujemo veliku monografsku izlo\u017ebu posve\u0107enu stvarala\u0161tvu jednog od najistaknutijih nacionalnih slikara Uro\u0161a Predi\u0107a, koja \u0107e biti sve\u010dano otvorena 7. oktobra 2022. godine u 20.00 sati.","breadcrumb":{"@id":"http:\/\/www.galerijamaticesrpske.rs\/lat\/events\/svecano-otvaranje-izlozbe-uros-predic\/#breadcrumb"},"inLanguage":"sr-LAT","potentialAction":[{"@type":"ReadAction","target":["http:\/\/www.galerijamaticesrpske.rs\/lat\/events\/svecano-otvaranje-izlozbe-uros-predic\/"]}]},{"@type":"BreadcrumbList","@id":"http:\/\/www.galerijamaticesrpske.rs\/lat\/events\/svecano-otvaranje-izlozbe-uros-predic\/#breadcrumb","itemListElement":[{"@type":"ListItem","position":1,"name":"\u041f\u043e\u0447\u0435\u0442\u043d\u0430","item":"http:\/\/www.galerijamaticesrpske.rs\/lat\/"},{"@type":"ListItem","position":2,"name":"Events","item":"http:\/\/www.galerijamaticesrpske.rs\/lat\/events\/"},{"@type":"ListItem","position":3,"name":"Sve\u010dano otvaranje izlo\u017ebe Uro\u0161 Predi\u0107"}]},{"@type":"WebSite","@id":"https:\/\/www.galerijamaticesrpske.rs\/#website","url":"https:\/\/www.galerijamaticesrpske.rs\/","name":"Galerija Matice srpske","description":"Muzej srpske nacionalne umetnosti u Novom Sadu","publisher":{"@id":"https:\/\/www.galerijamaticesrpske.rs\/#organization"},"potentialAction":[{"@type":"SearchAction","target":{"@type":"EntryPoint","urlTemplate":"https:\/\/www.galerijamaticesrpske.rs\/?s={search_term_string}"},"query-input":{"@type":"PropertyValueSpecification","valueRequired":true,"valueName":"search_term_string"}}],"inLanguage":"sr-LAT"},{"@type":"Organization","@id":"https:\/\/www.galerijamaticesrpske.rs\/#organization","name":"Galerija Matice srpske","url":"https:\/\/www.galerijamaticesrpske.rs\/","logo":{"@type":"ImageObject","inLanguage":"sr-LAT","@id":"https:\/\/www.galerijamaticesrpske.rs\/#\/schema\/logo\/image\/","url":"https:\/\/www.galerijamaticesrpske.rs\/wp-content\/uploads\/2021\/01\/gms-logo-za-sajt.svg","contentUrl":"https:\/\/www.galerijamaticesrpske.rs\/wp-content\/uploads\/2021\/01\/gms-logo-za-sajt.svg","width":1,"height":1,"caption":"Galerija Matice srpske"},"image":{"@id":"https:\/\/www.galerijamaticesrpske.rs\/#\/schema\/logo\/image\/"}}]}},"_links":{"self":[{"href":"http:\/\/www.galerijamaticesrpske.rs\/lat\/wp-json\/wp\/v2\/mec-events\/10362","targetHints":{"allow":["GET"]}}],"collection":[{"href":"http:\/\/www.galerijamaticesrpske.rs\/lat\/wp-json\/wp\/v2\/mec-events"}],"about":[{"href":"http:\/\/www.galerijamaticesrpske.rs\/lat\/wp-json\/wp\/v2\/types\/mec-events"}],"author":[{"embeddable":true,"href":"http:\/\/www.galerijamaticesrpske.rs\/lat\/wp-json\/wp\/v2\/users\/2"}],"replies":[{"embeddable":true,"href":"http:\/\/www.galerijamaticesrpske.rs\/lat\/wp-json\/wp\/v2\/comments?post=10362"}],"wp:attachment":[{"href":"http:\/\/www.galerijamaticesrpske.rs\/lat\/wp-json\/wp\/v2\/media?parent=10362"}],"wp:term":[{"taxonomy":"post_tag","embeddable":true,"href":"http:\/\/www.galerijamaticesrpske.rs\/lat\/wp-json\/wp\/v2\/tags?post=10362"},{"taxonomy":"mec_category","embeddable":true,"href":"http:\/\/www.galerijamaticesrpske.rs\/lat\/wp-json\/wp\/v2\/mec_category?post=10362"}],"curies":[{"name":"wp","href":"https:\/\/api.w.org\/{rel}","templated":true}]}}