{"id":11657,"date":"2023-05-05T08:24:36","date_gmt":"2023-05-05T08:24:36","guid":{"rendered":"https:\/\/www.galerijamaticesrpske.rs\/?post_type=mec-events&#038;p=11657"},"modified":"2023-05-05T08:24:36","modified_gmt":"2023-05-05T08:24:36","slug":"muzeji-za-10-promocija-knjige-portret-srpskog-intelektualca-u-doba-prosvetiteljstva","status":"publish","type":"mec-events","link":"http:\/\/www.galerijamaticesrpske.rs\/lat\/events\/muzeji-za-10-promocija-knjige-portret-srpskog-intelektualca-u-doba-prosvetiteljstva\/","title":{"rendered":"Muzeji za 10: Promocija knjige Portret srpskog intelektualca u doba prosvetiteljstva"},"content":{"rendered":"<p>U okviru edicije <em>Umetnost i istorija<\/em> izdata je studija <strong>prof. dr Vladimira Simi\u0107a <em>Portret srpskog intelektualca u doba prosvetiteljstva<\/em><\/strong>. Autor preispituje ulogu intelektualca i intelektualnih elita u kreiranju javnih mi\u0161ljenja i diskursa, te nas vra\u0107a u istoriju analiziraju\u0107i osnovne pojmove vezane za prosvetiteljstvo i intelektualca. U knjizi se izu\u010dava tipologija i ikonografija portreta intelektualca u 18. veku kao i odnos portreta i dru\u0161tva. Predstavljaju\u0107i sliku i priliku srpskog intelektualca, ova studija donosi nacionalni pogled na panteon zna\u010dajnih li\u010dnosti tog perioda.<\/p>\n<p>Prisutnima \u0107e pozdravnu re\u010d uputiti <strong>prof. dr Dragan Stani\u0107<\/strong>, predsednik Matice srpske i <strong>dr Tijana Palkovljevi\u0107 Bugarski<\/strong>, upravnica Galerije Matice srpske, dok \u0107e o knjizi govoriti <strong>prof. dr Mirjana D. Stefanovi\u0107<\/strong>, istori\u010darka knji\u017eevnosti,<strong> prof. dr Aleksandra Ku\u010dekovi\u0107<\/strong>, istori\u010darka umetnosti i <strong>autor knjige<\/strong>.<\/p>\n","protected":false},"excerpt":{"rendered":"<p>U okviru edicije Umetnost i istorija izdata je studija prof. dr Vladimira Simi\u0107a Portret srpskog intelektualca u doba prosvetiteljstva. Autor preispituje ulogu intelektualca i intelektualnih elita u kreiranju javnih mi\u0161ljenja i diskursa, te nas vra\u0107a u istoriju analiziraju\u0107i osnovne pojmove vezane za prosvetiteljstvo i intelektualca. U knjizi se izu\u010dava tipologija i ikonografija portreta intelektualca u<\/p>\n","protected":false},"author":2,"featured_media":11647,"comment_status":"closed","ping_status":"closed","template":"","tags":[],"mec_category":[109],"class_list":["post-11657","mec-events","type-mec-events","status-publish","has-post-thumbnail","hentry","mec_category-promocije-knjiga"],"acf":[],"yoast_head":"<!-- This site is optimized with the Yoast SEO plugin v27.3 - https:\/\/yoast.com\/product\/yoast-seo-wordpress\/ -->\n<title>Muzeji za 10: Promocija knjige Portret srpskog intelektualca u doba prosvetiteljstva | Galerija Matice srpske<\/title>\n<meta name=\"description\" content=\"U okviru edicije Umetnost i istorija izdata je studija prof. dr Vladimira Simi\u0107a Portret srpskog intelektualca u doba prosvetiteljstva.\" \/>\n<meta name=\"robots\" content=\"index, follow, max-snippet:-1, max-image-preview:large, max-video-preview:-1\" \/>\n<link rel=\"canonical\" href=\"https:\/\/www.galerijamaticesrpske.rs\/lat\/events\/muzeji-za-10-promocija-knjige-portret-srpskog-intelektualca-u-doba-prosvetiteljstva\/\" \/>\n<meta property=\"og:locale\" content=\"en_US\" \/>\n<meta property=\"og:type\" content=\"article\" \/>\n<meta property=\"og:title\" content=\"Muzeji za 10: Promocija knjige Portret srpskog intelektualca u doba prosvetiteljstva | Galerija Matice srpske\" \/>\n<meta property=\"og:description\" content=\"U okviru edicije Umetnost i istorija izdata je studija prof. dr Vladimira Simi\u0107a Portret srpskog intelektualca u doba prosvetiteljstva.\" \/>\n<meta property=\"og:url\" content=\"https:\/\/www.galerijamaticesrpske.rs\/lat\/events\/muzeji-za-10-promocija-knjige-portret-srpskog-intelektualca-u-doba-prosvetiteljstva\/\" \/>\n<meta property=\"og:site_name\" content=\"Galerija Matice srpske\" \/>\n<meta property=\"og:image\" content=\"https:\/\/www.galerijamaticesrpske.rs\/wp-content\/uploads\/2023\/05\/ilustracija-muzeji-za-10.jpg\" \/>\n\t<meta property=\"og:image:width\" content=\"1706\" \/>\n\t<meta property=\"og:image:height\" content=\"1002\" \/>\n\t<meta property=\"og:image:type\" content=\"image\/jpeg\" \/>\n<meta name=\"twitter:card\" content=\"summary_large_image\" \/>\n<meta name=\"twitter:label1\" content=\"Est. reading time\" \/>\n\t<meta name=\"twitter:data1\" content=\"1 minute\" \/>\n<script type=\"application\/ld+json\" class=\"yoast-schema-graph\">{\"@context\":\"https:\\\/\\\/schema.org\",\"@graph\":[{\"@type\":\"WebPage\",\"@id\":\"https:\\\/\\\/www.galerijamaticesrpske.rs\\\/lat\\\/events\\\/muzeji-za-10-promocija-knjige-portret-srpskog-intelektualca-u-doba-prosvetiteljstva\\\/\",\"url\":\"https:\\\/\\\/www.galerijamaticesrpske.rs\\\/lat\\\/events\\\/muzeji-za-10-promocija-knjige-portret-srpskog-intelektualca-u-doba-prosvetiteljstva\\\/\",\"name\":\"Muzeji za 10: Promocija knjige Portret srpskog intelektualca u doba prosvetiteljstva | Galerija Matice srpske\",\"isPartOf\":{\"@id\":\"https:\\\/\\\/www.galerijamaticesrpske.rs\\\/#website\"},\"primaryImageOfPage\":{\"@id\":\"https:\\\/\\\/www.galerijamaticesrpske.rs\\\/lat\\\/events\\\/muzeji-za-10-promocija-knjige-portret-srpskog-intelektualca-u-doba-prosvetiteljstva\\\/#primaryimage\"},\"image\":{\"@id\":\"https:\\\/\\\/www.galerijamaticesrpske.rs\\\/lat\\\/events\\\/muzeji-za-10-promocija-knjige-portret-srpskog-intelektualca-u-doba-prosvetiteljstva\\\/#primaryimage\"},\"thumbnailUrl\":\"http:\\\/\\\/www.galerijamaticesrpske.rs\\\/wp-content\\\/uploads\\\/2023\\\/05\\\/ilustracija-muzeji-za-10.jpg\",\"datePublished\":\"2023-05-05T08:24:36+00:00\",\"description\":\"U okviru edicije Umetnost i istorija izdata je studija prof. dr Vladimira Simi\u0107a Portret srpskog intelektualca u doba prosvetiteljstva.\",\"breadcrumb\":{\"@id\":\"https:\\\/\\\/www.galerijamaticesrpske.rs\\\/lat\\\/events\\\/muzeji-za-10-promocija-knjige-portret-srpskog-intelektualca-u-doba-prosvetiteljstva\\\/#breadcrumb\"},\"inLanguage\":\"sr-LAT\",\"potentialAction\":[{\"@type\":\"ReadAction\",\"target\":[\"https:\\\/\\\/www.galerijamaticesrpske.rs\\\/lat\\\/events\\\/muzeji-za-10-promocija-knjige-portret-srpskog-intelektualca-u-doba-prosvetiteljstva\\\/\"]}]},{\"@type\":\"ImageObject\",\"inLanguage\":\"sr-LAT\",\"@id\":\"https:\\\/\\\/www.galerijamaticesrpske.rs\\\/lat\\\/events\\\/muzeji-za-10-promocija-knjige-portret-srpskog-intelektualca-u-doba-prosvetiteljstva\\\/#primaryimage\",\"url\":\"http:\\\/\\\/www.galerijamaticesrpske.rs\\\/wp-content\\\/uploads\\\/2023\\\/05\\\/ilustracija-muzeji-za-10.jpg\",\"contentUrl\":\"http:\\\/\\\/www.galerijamaticesrpske.rs\\\/wp-content\\\/uploads\\\/2023\\\/05\\\/ilustracija-muzeji-za-10.jpg\",\"width\":1706,\"height\":1002},{\"@type\":\"BreadcrumbList\",\"@id\":\"https:\\\/\\\/www.galerijamaticesrpske.rs\\\/lat\\\/events\\\/muzeji-za-10-promocija-knjige-portret-srpskog-intelektualca-u-doba-prosvetiteljstva\\\/#breadcrumb\",\"itemListElement\":[{\"@type\":\"ListItem\",\"position\":1,\"name\":\"\u041f\u043e\u0447\u0435\u0442\u043d\u0430\",\"item\":\"http:\\\/\\\/www.galerijamaticesrpske.rs\\\/lat\\\/\"},{\"@type\":\"ListItem\",\"position\":2,\"name\":\"Events\",\"item\":\"http:\\\/\\\/www.galerijamaticesrpske.rs\\\/lat\\\/events\\\/\"},{\"@type\":\"ListItem\",\"position\":3,\"name\":\"Muzeji za 10: Promocija knjige Portret srpskog intelektualca u doba prosvetiteljstva\"}]},{\"@type\":\"WebSite\",\"@id\":\"https:\\\/\\\/www.galerijamaticesrpske.rs\\\/#website\",\"url\":\"https:\\\/\\\/www.galerijamaticesrpske.rs\\\/\",\"name\":\"Galerija Matice srpske\",\"description\":\"Muzej srpske nacionalne umetnosti u Novom Sadu\",\"publisher\":{\"@id\":\"https:\\\/\\\/www.galerijamaticesrpske.rs\\\/#organization\"},\"potentialAction\":[{\"@type\":\"SearchAction\",\"target\":{\"@type\":\"EntryPoint\",\"urlTemplate\":\"https:\\\/\\\/www.galerijamaticesrpske.rs\\\/?s={search_term_string}\"},\"query-input\":{\"@type\":\"PropertyValueSpecification\",\"valueRequired\":true,\"valueName\":\"search_term_string\"}}],\"inLanguage\":\"sr-LAT\"},{\"@type\":\"Organization\",\"@id\":\"https:\\\/\\\/www.galerijamaticesrpske.rs\\\/#organization\",\"name\":\"Galerija Matice srpske\",\"url\":\"https:\\\/\\\/www.galerijamaticesrpske.rs\\\/\",\"logo\":{\"@type\":\"ImageObject\",\"inLanguage\":\"sr-LAT\",\"@id\":\"https:\\\/\\\/www.galerijamaticesrpske.rs\\\/#\\\/schema\\\/logo\\\/image\\\/\",\"url\":\"https:\\\/\\\/www.galerijamaticesrpske.rs\\\/wp-content\\\/uploads\\\/2021\\\/01\\\/gms-logo-za-sajt.svg\",\"contentUrl\":\"https:\\\/\\\/www.galerijamaticesrpske.rs\\\/wp-content\\\/uploads\\\/2021\\\/01\\\/gms-logo-za-sajt.svg\",\"width\":1,\"height\":1,\"caption\":\"Galerija Matice srpske\"},\"image\":{\"@id\":\"https:\\\/\\\/www.galerijamaticesrpske.rs\\\/#\\\/schema\\\/logo\\\/image\\\/\"}}]}<\/script>\n<!-- \/ Yoast SEO plugin. -->","yoast_head_json":{"title":"Muzeji za 10: Promocija knjige Portret srpskog intelektualca u doba prosvetiteljstva | Galerija Matice srpske","description":"U okviru edicije Umetnost i istorija izdata je studija prof. dr Vladimira Simi\u0107a Portret srpskog intelektualca u doba prosvetiteljstva.","robots":{"index":"index","follow":"follow","max-snippet":"max-snippet:-1","max-image-preview":"max-image-preview:large","max-video-preview":"max-video-preview:-1"},"canonical":"https:\/\/www.galerijamaticesrpske.rs\/lat\/events\/muzeji-za-10-promocija-knjige-portret-srpskog-intelektualca-u-doba-prosvetiteljstva\/","og_locale":"en_US","og_type":"article","og_title":"Muzeji za 10: Promocija knjige Portret srpskog intelektualca u doba prosvetiteljstva | Galerija Matice srpske","og_description":"U okviru edicije Umetnost i istorija izdata je studija prof. dr Vladimira Simi\u0107a Portret srpskog intelektualca u doba prosvetiteljstva.","og_url":"https:\/\/www.galerijamaticesrpske.rs\/lat\/events\/muzeji-za-10-promocija-knjige-portret-srpskog-intelektualca-u-doba-prosvetiteljstva\/","og_site_name":"Galerija Matice srpske","og_image":[{"width":1706,"height":1002,"url":"https:\/\/www.galerijamaticesrpske.rs\/wp-content\/uploads\/2023\/05\/ilustracija-muzeji-za-10.jpg","type":"image\/jpeg"}],"twitter_card":"summary_large_image","twitter_misc":{"Est. reading time":"1 minute"},"schema":{"@context":"https:\/\/schema.org","@graph":[{"@type":"WebPage","@id":"https:\/\/www.galerijamaticesrpske.rs\/lat\/events\/muzeji-za-10-promocija-knjige-portret-srpskog-intelektualca-u-doba-prosvetiteljstva\/","url":"https:\/\/www.galerijamaticesrpske.rs\/lat\/events\/muzeji-za-10-promocija-knjige-portret-srpskog-intelektualca-u-doba-prosvetiteljstva\/","name":"Muzeji za 10: Promocija knjige Portret srpskog intelektualca u doba prosvetiteljstva | Galerija Matice srpske","isPartOf":{"@id":"https:\/\/www.galerijamaticesrpske.rs\/#website"},"primaryImageOfPage":{"@id":"https:\/\/www.galerijamaticesrpske.rs\/lat\/events\/muzeji-za-10-promocija-knjige-portret-srpskog-intelektualca-u-doba-prosvetiteljstva\/#primaryimage"},"image":{"@id":"https:\/\/www.galerijamaticesrpske.rs\/lat\/events\/muzeji-za-10-promocija-knjige-portret-srpskog-intelektualca-u-doba-prosvetiteljstva\/#primaryimage"},"thumbnailUrl":"http:\/\/www.galerijamaticesrpske.rs\/wp-content\/uploads\/2023\/05\/ilustracija-muzeji-za-10.jpg","datePublished":"2023-05-05T08:24:36+00:00","description":"U okviru edicije Umetnost i istorija izdata je studija prof. dr Vladimira Simi\u0107a Portret srpskog intelektualca u doba prosvetiteljstva.","breadcrumb":{"@id":"https:\/\/www.galerijamaticesrpske.rs\/lat\/events\/muzeji-za-10-promocija-knjige-portret-srpskog-intelektualca-u-doba-prosvetiteljstva\/#breadcrumb"},"inLanguage":"sr-LAT","potentialAction":[{"@type":"ReadAction","target":["https:\/\/www.galerijamaticesrpske.rs\/lat\/events\/muzeji-za-10-promocija-knjige-portret-srpskog-intelektualca-u-doba-prosvetiteljstva\/"]}]},{"@type":"ImageObject","inLanguage":"sr-LAT","@id":"https:\/\/www.galerijamaticesrpske.rs\/lat\/events\/muzeji-za-10-promocija-knjige-portret-srpskog-intelektualca-u-doba-prosvetiteljstva\/#primaryimage","url":"http:\/\/www.galerijamaticesrpske.rs\/wp-content\/uploads\/2023\/05\/ilustracija-muzeji-za-10.jpg","contentUrl":"http:\/\/www.galerijamaticesrpske.rs\/wp-content\/uploads\/2023\/05\/ilustracija-muzeji-za-10.jpg","width":1706,"height":1002},{"@type":"BreadcrumbList","@id":"https:\/\/www.galerijamaticesrpske.rs\/lat\/events\/muzeji-za-10-promocija-knjige-portret-srpskog-intelektualca-u-doba-prosvetiteljstva\/#breadcrumb","itemListElement":[{"@type":"ListItem","position":1,"name":"\u041f\u043e\u0447\u0435\u0442\u043d\u0430","item":"http:\/\/www.galerijamaticesrpske.rs\/lat\/"},{"@type":"ListItem","position":2,"name":"Events","item":"http:\/\/www.galerijamaticesrpske.rs\/lat\/events\/"},{"@type":"ListItem","position":3,"name":"Muzeji za 10: Promocija knjige Portret srpskog intelektualca u doba prosvetiteljstva"}]},{"@type":"WebSite","@id":"https:\/\/www.galerijamaticesrpske.rs\/#website","url":"https:\/\/www.galerijamaticesrpske.rs\/","name":"Galerija Matice srpske","description":"Muzej srpske nacionalne umetnosti u Novom Sadu","publisher":{"@id":"https:\/\/www.galerijamaticesrpske.rs\/#organization"},"potentialAction":[{"@type":"SearchAction","target":{"@type":"EntryPoint","urlTemplate":"https:\/\/www.galerijamaticesrpske.rs\/?s={search_term_string}"},"query-input":{"@type":"PropertyValueSpecification","valueRequired":true,"valueName":"search_term_string"}}],"inLanguage":"sr-LAT"},{"@type":"Organization","@id":"https:\/\/www.galerijamaticesrpske.rs\/#organization","name":"Galerija Matice srpske","url":"https:\/\/www.galerijamaticesrpske.rs\/","logo":{"@type":"ImageObject","inLanguage":"sr-LAT","@id":"https:\/\/www.galerijamaticesrpske.rs\/#\/schema\/logo\/image\/","url":"https:\/\/www.galerijamaticesrpske.rs\/wp-content\/uploads\/2021\/01\/gms-logo-za-sajt.svg","contentUrl":"https:\/\/www.galerijamaticesrpske.rs\/wp-content\/uploads\/2021\/01\/gms-logo-za-sajt.svg","width":1,"height":1,"caption":"Galerija Matice srpske"},"image":{"@id":"https:\/\/www.galerijamaticesrpske.rs\/#\/schema\/logo\/image\/"}}]}},"_links":{"self":[{"href":"http:\/\/www.galerijamaticesrpske.rs\/lat\/wp-json\/wp\/v2\/mec-events\/11657","targetHints":{"allow":["GET"]}}],"collection":[{"href":"http:\/\/www.galerijamaticesrpske.rs\/lat\/wp-json\/wp\/v2\/mec-events"}],"about":[{"href":"http:\/\/www.galerijamaticesrpske.rs\/lat\/wp-json\/wp\/v2\/types\/mec-events"}],"author":[{"embeddable":true,"href":"http:\/\/www.galerijamaticesrpske.rs\/lat\/wp-json\/wp\/v2\/users\/2"}],"replies":[{"embeddable":true,"href":"http:\/\/www.galerijamaticesrpske.rs\/lat\/wp-json\/wp\/v2\/comments?post=11657"}],"wp:featuredmedia":[{"embeddable":true,"href":"http:\/\/www.galerijamaticesrpske.rs\/lat\/wp-json\/wp\/v2\/media\/11647"}],"wp:attachment":[{"href":"http:\/\/www.galerijamaticesrpske.rs\/lat\/wp-json\/wp\/v2\/media?parent=11657"}],"wp:term":[{"taxonomy":"post_tag","embeddable":true,"href":"http:\/\/www.galerijamaticesrpske.rs\/lat\/wp-json\/wp\/v2\/tags?post=11657"},{"taxonomy":"mec_category","embeddable":true,"href":"http:\/\/www.galerijamaticesrpske.rs\/lat\/wp-json\/wp\/v2\/mec_category?post=11657"}],"curies":[{"name":"wp","href":"https:\/\/api.w.org\/{rel}","templated":true}]}}