{"id":12828,"date":"2024-04-16T13:05:03","date_gmt":"2024-04-16T13:05:03","guid":{"rendered":"https:\/\/www.galerijamaticesrpske.rs\/?post_type=mec-events&#038;p=12828"},"modified":"2024-04-16T13:05:03","modified_gmt":"2024-04-16T13:05:03","slug":"skockane-slike-2","status":"publish","type":"mec-events","link":"http:\/\/www.galerijamaticesrpske.rs\/lat\/events\/skockane-slike-2\/","title":{"rendered":"Skockane slike"},"content":{"rendered":"<p>Svake godine u martu, sa prole\u0107em nam dolazi i Mesec frankofonije \u2013 najve\u0107i praznik francuske kulture, jezika i umetnosti. U okviru ove manifestacije, u Galeriji Matice srpske se otvorila nova izlo\u017eba pod nazivom <em>Inspirisani Francuskom<\/em>. Tim povodom, zapo\u010dinjemo realizaciju novog, dvomese\u010dnog ciklusa edukativno-kreativnih radionica subotom <em><strong>Za\u010darani magijom Pariza<\/strong><\/em>.<\/p>\n<p>Tre\u0107u edukativno-kreativnu radionicu za tinejd\u017eere u aprilu, posveti\u0107emo jednom od najpoznatijih umetni\u010dkih pravaca sa po\u010detka XX veka \u2013 kubizmu. Tokom radionice, deca \u0107e imati priliku da upoznaju najpoznatijeg predstavnika ovog pravca \u2013 Pabla Pikasa, koji je polazio od ideje da se sve u prirodi mo\u017ee predstaviti kao geometrijski oblik: valjak, lopta i kupa. Dva srpska umetnika koja su \u017eivela i radila u Parizu, pratila su njegov primer i stvarala su komponovanjem geometrijskih oblika. U pitanju su Sava \u0160umanovi\u0107 i Lazar Vozarevi\u0107, a deca \u0107e u subotu imati priliku da na izlo\u017ebi <em>Inspirisani Francuskom<\/em>, vide dve slike koje su nastale na takav na\u010din. U likovnom delu radionice, tinejd\u017eeri \u0107e komponovati ljudsko telo koriste\u0107i geomterijske oblike, crte\u017e i kola\u017e tehniku.<\/p>\n<p>Radionice se organizuju <strong>za maksimalno 15 tinejd\u017eera uzrasta od 11 do 14 godina<\/strong>. U\u010de\u0161\u0107e deteta na radionici potrebno je prijaviti popunjavanjem elektronskog upitnika. Cena radionice iznosi <strong>200 dinara po detetu<\/strong>.<\/p>\n","protected":false},"excerpt":{"rendered":"<p>Svake godine u martu, sa prole\u0107em nam dolazi i Mesec frankofonije \u2013 najve\u0107i praznik francuske kulture, jezika i umetnosti. U okviru ove manifestacije, u Galeriji Matice srpske se otvorila nova izlo\u017eba pod nazivom Inspirisani Francuskom. Tim povodom, zapo\u010dinjemo realizaciju novog, dvomese\u010dnog ciklusa edukativno-kreativnih radionica subotom Za\u010darani magijom Pariza. Tre\u0107u edukativno-kreativnu radionicu za tinejd\u017eere u aprilu,<\/p>\n","protected":false},"author":2,"featured_media":12827,"comment_status":"closed","ping_status":"closed","template":"","tags":[],"mec_category":[104],"class_list":["post-12828","mec-events","type-mec-events","status-publish","has-post-thumbnail","hentry","mec_category-kreativne-radionice-za-decu-subotom"],"acf":[],"yoast_head":"<!-- This site is optimized with the Yoast SEO plugin v27.3 - https:\/\/yoast.com\/product\/yoast-seo-wordpress\/ -->\n<title>Skockane slike | Galerija Matice srpske<\/title>\n<meta name=\"description\" content=\"Svake godine u martu, sa prole\u0107em nam dolazi i Mesec frankofonije \u2013 najve\u0107i praznik francuske kulture, jezika i umetnosti. U okviru ove manifestacije, u Galeriji Matice srpske se otvorila nova izlo\u017eba pod nazivom Inspirisani Francuskom.\" \/>\n<meta name=\"robots\" content=\"index, follow, max-snippet:-1, max-image-preview:large, max-video-preview:-1\" \/>\n<link rel=\"canonical\" href=\"http:\/\/www.galerijamaticesrpske.rs\/lat\/events\/skockane-slike-2\/\" \/>\n<meta property=\"og:locale\" content=\"en_US\" \/>\n<meta property=\"og:type\" content=\"article\" \/>\n<meta property=\"og:title\" content=\"Skockane slike | Galerija Matice srpske\" \/>\n<meta property=\"og:description\" content=\"Svake godine u martu, sa prole\u0107em nam dolazi i Mesec frankofonije \u2013 najve\u0107i praznik francuske kulture, jezika i umetnosti. U okviru ove manifestacije, u Galeriji Matice srpske se otvorila nova izlo\u017eba pod nazivom Inspirisani Francuskom.\" \/>\n<meta property=\"og:url\" content=\"http:\/\/www.galerijamaticesrpske.rs\/lat\/events\/skockane-slike-2\/\" \/>\n<meta property=\"og:site_name\" content=\"Galerija Matice srpske\" \/>\n<meta property=\"og:image\" content=\"http:\/\/www.galerijamaticesrpske.rs\/wp-content\/uploads\/2024\/04\/nenaslovljeni-dizajn-1-2-1024x576.png\" \/>\n\t<meta property=\"og:image:width\" content=\"1024\" \/>\n\t<meta property=\"og:image:height\" content=\"576\" \/>\n\t<meta property=\"og:image:type\" content=\"image\/png\" \/>\n<meta name=\"twitter:card\" content=\"summary_large_image\" \/>\n<meta name=\"twitter:label1\" content=\"Est. reading time\" \/>\n\t<meta name=\"twitter:data1\" content=\"1 minute\" \/>\n<script type=\"application\/ld+json\" class=\"yoast-schema-graph\">{\"@context\":\"https:\\\/\\\/schema.org\",\"@graph\":[{\"@type\":\"WebPage\",\"@id\":\"http:\\\/\\\/www.galerijamaticesrpske.rs\\\/lat\\\/events\\\/skockane-slike-2\\\/\",\"url\":\"http:\\\/\\\/www.galerijamaticesrpske.rs\\\/lat\\\/events\\\/skockane-slike-2\\\/\",\"name\":\"Skockane slike | Galerija Matice srpske\",\"isPartOf\":{\"@id\":\"http:\\\/\\\/www.galerijamaticesrpske.rs\\\/#website\"},\"primaryImageOfPage\":{\"@id\":\"http:\\\/\\\/www.galerijamaticesrpske.rs\\\/lat\\\/events\\\/skockane-slike-2\\\/#primaryimage\"},\"image\":{\"@id\":\"http:\\\/\\\/www.galerijamaticesrpske.rs\\\/lat\\\/events\\\/skockane-slike-2\\\/#primaryimage\"},\"thumbnailUrl\":\"http:\\\/\\\/www.galerijamaticesrpske.rs\\\/wp-content\\\/uploads\\\/2024\\\/04\\\/nenaslovljeni-dizajn-1-2.png\",\"datePublished\":\"2024-04-16T13:05:03+00:00\",\"description\":\"Svake godine u martu, sa prole\u0107em nam dolazi i Mesec frankofonije \u2013 najve\u0107i praznik francuske kulture, jezika i umetnosti. U okviru ove manifestacije, u Galeriji Matice srpske se otvorila nova izlo\u017eba pod nazivom Inspirisani Francuskom.\",\"breadcrumb\":{\"@id\":\"http:\\\/\\\/www.galerijamaticesrpske.rs\\\/lat\\\/events\\\/skockane-slike-2\\\/#breadcrumb\"},\"inLanguage\":\"sr-LAT\",\"potentialAction\":[{\"@type\":\"ReadAction\",\"target\":[\"http:\\\/\\\/www.galerijamaticesrpske.rs\\\/lat\\\/events\\\/skockane-slike-2\\\/\"]}]},{\"@type\":\"ImageObject\",\"inLanguage\":\"sr-LAT\",\"@id\":\"http:\\\/\\\/www.galerijamaticesrpske.rs\\\/lat\\\/events\\\/skockane-slike-2\\\/#primaryimage\",\"url\":\"http:\\\/\\\/www.galerijamaticesrpske.rs\\\/wp-content\\\/uploads\\\/2024\\\/04\\\/nenaslovljeni-dizajn-1-2.png\",\"contentUrl\":\"http:\\\/\\\/www.galerijamaticesrpske.rs\\\/wp-content\\\/uploads\\\/2024\\\/04\\\/nenaslovljeni-dizajn-1-2.png\",\"width\":1920,\"height\":1080},{\"@type\":\"BreadcrumbList\",\"@id\":\"http:\\\/\\\/www.galerijamaticesrpske.rs\\\/lat\\\/events\\\/skockane-slike-2\\\/#breadcrumb\",\"itemListElement\":[{\"@type\":\"ListItem\",\"position\":1,\"name\":\"\u041f\u043e\u0447\u0435\u0442\u043d\u0430\",\"item\":\"http:\\\/\\\/www.galerijamaticesrpske.rs\\\/lat\\\/\"},{\"@type\":\"ListItem\",\"position\":2,\"name\":\"Events\",\"item\":\"http:\\\/\\\/www.galerijamaticesrpske.rs\\\/lat\\\/events\\\/\"},{\"@type\":\"ListItem\",\"position\":3,\"name\":\"Skockane slike\"}]},{\"@type\":\"WebSite\",\"@id\":\"http:\\\/\\\/www.galerijamaticesrpske.rs\\\/#website\",\"url\":\"http:\\\/\\\/www.galerijamaticesrpske.rs\\\/\",\"name\":\"Galerija Matice srpske\",\"description\":\"Muzej srpske nacionalne umetnosti u Novom Sadu\",\"publisher\":{\"@id\":\"http:\\\/\\\/www.galerijamaticesrpske.rs\\\/#organization\"},\"potentialAction\":[{\"@type\":\"SearchAction\",\"target\":{\"@type\":\"EntryPoint\",\"urlTemplate\":\"http:\\\/\\\/www.galerijamaticesrpske.rs\\\/?s={search_term_string}\"},\"query-input\":{\"@type\":\"PropertyValueSpecification\",\"valueRequired\":true,\"valueName\":\"search_term_string\"}}],\"inLanguage\":\"sr-LAT\"},{\"@type\":\"Organization\",\"@id\":\"http:\\\/\\\/www.galerijamaticesrpske.rs\\\/#organization\",\"name\":\"Galerija Matice srpske\",\"url\":\"http:\\\/\\\/www.galerijamaticesrpske.rs\\\/\",\"logo\":{\"@type\":\"ImageObject\",\"inLanguage\":\"sr-LAT\",\"@id\":\"http:\\\/\\\/www.galerijamaticesrpske.rs\\\/#\\\/schema\\\/logo\\\/image\\\/\",\"url\":\"https:\\\/\\\/www.galerijamaticesrpske.rs\\\/wp-content\\\/uploads\\\/2021\\\/01\\\/gms-logo-za-sajt.svg\",\"contentUrl\":\"https:\\\/\\\/www.galerijamaticesrpske.rs\\\/wp-content\\\/uploads\\\/2021\\\/01\\\/gms-logo-za-sajt.svg\",\"width\":1,\"height\":1,\"caption\":\"Galerija Matice srpske\"},\"image\":{\"@id\":\"http:\\\/\\\/www.galerijamaticesrpske.rs\\\/#\\\/schema\\\/logo\\\/image\\\/\"}}]}<\/script>\n<!-- \/ Yoast SEO plugin. -->","yoast_head_json":{"title":"Skockane slike | Galerija Matice srpske","description":"Svake godine u martu, sa prole\u0107em nam dolazi i Mesec frankofonije \u2013 najve\u0107i praznik francuske kulture, jezika i umetnosti. U okviru ove manifestacije, u Galeriji Matice srpske se otvorila nova izlo\u017eba pod nazivom Inspirisani Francuskom.","robots":{"index":"index","follow":"follow","max-snippet":"max-snippet:-1","max-image-preview":"max-image-preview:large","max-video-preview":"max-video-preview:-1"},"canonical":"http:\/\/www.galerijamaticesrpske.rs\/lat\/events\/skockane-slike-2\/","og_locale":"en_US","og_type":"article","og_title":"Skockane slike | Galerija Matice srpske","og_description":"Svake godine u martu, sa prole\u0107em nam dolazi i Mesec frankofonije \u2013 najve\u0107i praznik francuske kulture, jezika i umetnosti. U okviru ove manifestacije, u Galeriji Matice srpske se otvorila nova izlo\u017eba pod nazivom Inspirisani Francuskom.","og_url":"http:\/\/www.galerijamaticesrpske.rs\/lat\/events\/skockane-slike-2\/","og_site_name":"Galerija Matice srpske","og_image":[{"width":1024,"height":576,"url":"http:\/\/www.galerijamaticesrpske.rs\/wp-content\/uploads\/2024\/04\/nenaslovljeni-dizajn-1-2-1024x576.png","type":"image\/png"}],"twitter_card":"summary_large_image","twitter_misc":{"Est. reading time":"1 minute"},"schema":{"@context":"https:\/\/schema.org","@graph":[{"@type":"WebPage","@id":"http:\/\/www.galerijamaticesrpske.rs\/lat\/events\/skockane-slike-2\/","url":"http:\/\/www.galerijamaticesrpske.rs\/lat\/events\/skockane-slike-2\/","name":"Skockane slike | Galerija Matice srpske","isPartOf":{"@id":"http:\/\/www.galerijamaticesrpske.rs\/#website"},"primaryImageOfPage":{"@id":"http:\/\/www.galerijamaticesrpske.rs\/lat\/events\/skockane-slike-2\/#primaryimage"},"image":{"@id":"http:\/\/www.galerijamaticesrpske.rs\/lat\/events\/skockane-slike-2\/#primaryimage"},"thumbnailUrl":"http:\/\/www.galerijamaticesrpske.rs\/wp-content\/uploads\/2024\/04\/nenaslovljeni-dizajn-1-2.png","datePublished":"2024-04-16T13:05:03+00:00","description":"Svake godine u martu, sa prole\u0107em nam dolazi i Mesec frankofonije \u2013 najve\u0107i praznik francuske kulture, jezika i umetnosti. U okviru ove manifestacije, u Galeriji Matice srpske se otvorila nova izlo\u017eba pod nazivom Inspirisani Francuskom.","breadcrumb":{"@id":"http:\/\/www.galerijamaticesrpske.rs\/lat\/events\/skockane-slike-2\/#breadcrumb"},"inLanguage":"sr-LAT","potentialAction":[{"@type":"ReadAction","target":["http:\/\/www.galerijamaticesrpske.rs\/lat\/events\/skockane-slike-2\/"]}]},{"@type":"ImageObject","inLanguage":"sr-LAT","@id":"http:\/\/www.galerijamaticesrpske.rs\/lat\/events\/skockane-slike-2\/#primaryimage","url":"http:\/\/www.galerijamaticesrpske.rs\/wp-content\/uploads\/2024\/04\/nenaslovljeni-dizajn-1-2.png","contentUrl":"http:\/\/www.galerijamaticesrpske.rs\/wp-content\/uploads\/2024\/04\/nenaslovljeni-dizajn-1-2.png","width":1920,"height":1080},{"@type":"BreadcrumbList","@id":"http:\/\/www.galerijamaticesrpske.rs\/lat\/events\/skockane-slike-2\/#breadcrumb","itemListElement":[{"@type":"ListItem","position":1,"name":"\u041f\u043e\u0447\u0435\u0442\u043d\u0430","item":"http:\/\/www.galerijamaticesrpske.rs\/lat\/"},{"@type":"ListItem","position":2,"name":"Events","item":"http:\/\/www.galerijamaticesrpske.rs\/lat\/events\/"},{"@type":"ListItem","position":3,"name":"Skockane slike"}]},{"@type":"WebSite","@id":"http:\/\/www.galerijamaticesrpske.rs\/#website","url":"http:\/\/www.galerijamaticesrpske.rs\/","name":"Galerija Matice srpske","description":"Muzej srpske nacionalne umetnosti u Novom Sadu","publisher":{"@id":"http:\/\/www.galerijamaticesrpske.rs\/#organization"},"potentialAction":[{"@type":"SearchAction","target":{"@type":"EntryPoint","urlTemplate":"http:\/\/www.galerijamaticesrpske.rs\/?s={search_term_string}"},"query-input":{"@type":"PropertyValueSpecification","valueRequired":true,"valueName":"search_term_string"}}],"inLanguage":"sr-LAT"},{"@type":"Organization","@id":"http:\/\/www.galerijamaticesrpske.rs\/#organization","name":"Galerija Matice srpske","url":"http:\/\/www.galerijamaticesrpske.rs\/","logo":{"@type":"ImageObject","inLanguage":"sr-LAT","@id":"http:\/\/www.galerijamaticesrpske.rs\/#\/schema\/logo\/image\/","url":"https:\/\/www.galerijamaticesrpske.rs\/wp-content\/uploads\/2021\/01\/gms-logo-za-sajt.svg","contentUrl":"https:\/\/www.galerijamaticesrpske.rs\/wp-content\/uploads\/2021\/01\/gms-logo-za-sajt.svg","width":1,"height":1,"caption":"Galerija Matice srpske"},"image":{"@id":"http:\/\/www.galerijamaticesrpske.rs\/#\/schema\/logo\/image\/"}}]}},"_links":{"self":[{"href":"http:\/\/www.galerijamaticesrpske.rs\/lat\/wp-json\/wp\/v2\/mec-events\/12828","targetHints":{"allow":["GET"]}}],"collection":[{"href":"http:\/\/www.galerijamaticesrpske.rs\/lat\/wp-json\/wp\/v2\/mec-events"}],"about":[{"href":"http:\/\/www.galerijamaticesrpske.rs\/lat\/wp-json\/wp\/v2\/types\/mec-events"}],"author":[{"embeddable":true,"href":"http:\/\/www.galerijamaticesrpske.rs\/lat\/wp-json\/wp\/v2\/users\/2"}],"replies":[{"embeddable":true,"href":"http:\/\/www.galerijamaticesrpske.rs\/lat\/wp-json\/wp\/v2\/comments?post=12828"}],"wp:featuredmedia":[{"embeddable":true,"href":"http:\/\/www.galerijamaticesrpske.rs\/lat\/wp-json\/wp\/v2\/media\/12827"}],"wp:attachment":[{"href":"http:\/\/www.galerijamaticesrpske.rs\/lat\/wp-json\/wp\/v2\/media?parent=12828"}],"wp:term":[{"taxonomy":"post_tag","embeddable":true,"href":"http:\/\/www.galerijamaticesrpske.rs\/lat\/wp-json\/wp\/v2\/tags?post=12828"},{"taxonomy":"mec_category","embeddable":true,"href":"http:\/\/www.galerijamaticesrpske.rs\/lat\/wp-json\/wp\/v2\/mec_category?post=12828"}],"curies":[{"name":"wp","href":"https:\/\/api.w.org\/{rel}","templated":true}]}}