{"id":13060,"date":"2024-06-14T06:57:50","date_gmt":"2024-06-14T06:57:50","guid":{"rendered":"https:\/\/www.galerijamaticesrpske.rs\/?post_type=mec-events&#038;p=13060"},"modified":"2024-06-14T06:57:50","modified_gmt":"2024-06-14T06:57:50","slug":"leto-na-trgu-galerija-2024-u-borbi-za-devisov-pehar-tenis-i-vizuelna-kultura-medjuratne-epohe","status":"publish","type":"mec-events","link":"http:\/\/www.galerijamaticesrpske.rs\/lat\/events\/leto-na-trgu-galerija-2024-u-borbi-za-devisov-pehar-tenis-i-vizuelna-kultura-medjuratne-epohe\/","title":{"rendered":"Leto na Trgu galerija 2024 \u2013 \u201eU borbi za Devisov pehar: tenis i vizuelna kultura me\u0111uratne epohe\u201c"},"content":{"rendered":"<p>Kroz predavanje o tenisu, kao jednom od najstarijih i najatraktivnijih sportova i vizuelnoj kulturi me\u0111uratne epohe, publika \u0107e imati priliku da se sa prof. dr Simonom \u010cupi\u0107 podseti dolaska Anrija Ko\u0161ea \u2013 u to vreme najboljeg tenisera sveta \u2013 u Beograd 1929. godine, dok se i\u0161\u010dekuje odlazak Novaka \u0110okovi\u0107a u Pariz. Bi\u0107e re\u010di i o borbi za \u201eDevisov pehar\u201c reprezentacije Kraljevine Jugoslavije, o tome koji je slikar bio najbolji teniser, kao i gde je mesto sporta u umetnosti me\u0111uratne epohe.<\/p>\n<p>Predavanje dr\u017ei: <strong>prof. dr Simona \u010cupi\u0107<\/strong>, istori\u010darka umetnosti<\/p>\n","protected":false},"excerpt":{"rendered":"<p>Kroz predavanje o tenisu, kao jednom od najstarijih i najatraktivnijih sportova i vizuelnoj kulturi me\u0111uratne epohe, publika \u0107e imati priliku da se sa prof. dr Simonom \u010cupi\u0107 podseti dolaska Anrija Ko\u0161ea \u2013 u to vreme najboljeg tenisera sveta \u2013 u Beograd 1929. godine, dok se i\u0161\u010dekuje odlazak Novaka \u0110okovi\u0107a u Pariz. Bi\u0107e re\u010di i o<\/p>\n","protected":false},"author":2,"featured_media":13055,"comment_status":"closed","ping_status":"closed","template":"","tags":[],"mec_category":[105],"class_list":["post-13060","mec-events","type-mec-events","status-publish","has-post-thumbnail","hentry","mec_category-manifestacije"],"acf":[],"yoast_head":"<!-- This site is optimized with the Yoast SEO plugin v27.3 - https:\/\/yoast.com\/product\/yoast-seo-wordpress\/ -->\n<title>Leto na Trgu galerija 2024 \u2013 \u201eU borbi za Devisov pehar: tenis i vizuelna kultura me\u0111uratne epohe\u201c | Galerija Matice srpske<\/title>\n<meta name=\"description\" content=\"Bi\u0107e re\u010di i o borbi za \u201eDevisov pehar\u201c reprezentacije Kraljevine Jugoslavije, o tome koji je slikar bio najbolji teniser, kao i gde je mesto sporta u umetnosti me\u0111uratne epohe.\" \/>\n<meta name=\"robots\" content=\"index, follow, max-snippet:-1, max-image-preview:large, max-video-preview:-1\" \/>\n<link rel=\"canonical\" href=\"http:\/\/www.galerijamaticesrpske.rs\/lat\/events\/leto-na-trgu-galerija-2024-u-borbi-za-devisov-pehar-tenis-i-vizuelna-kultura-medjuratne-epohe\/\" \/>\n<meta property=\"og:locale\" content=\"en_US\" \/>\n<meta property=\"og:type\" content=\"article\" \/>\n<meta property=\"og:title\" content=\"Leto na Trgu galerija 2024 \u2013 \u201eU borbi za Devisov pehar: tenis i vizuelna kultura me\u0111uratne epohe\u201c | Galerija Matice srpske\" \/>\n<meta property=\"og:description\" content=\"Bi\u0107e re\u010di i o borbi za \u201eDevisov pehar\u201c reprezentacije Kraljevine Jugoslavije, o tome koji je slikar bio najbolji teniser, kao i gde je mesto sporta u umetnosti me\u0111uratne epohe.\" \/>\n<meta property=\"og:url\" content=\"http:\/\/www.galerijamaticesrpske.rs\/lat\/events\/leto-na-trgu-galerija-2024-u-borbi-za-devisov-pehar-tenis-i-vizuelna-kultura-medjuratne-epohe\/\" \/>\n<meta property=\"og:site_name\" content=\"Galerija Matice srpske\" \/>\n<meta property=\"og:image\" content=\"http:\/\/www.galerijamaticesrpske.rs\/wp-content\/uploads\/2024\/06\/1920x800.png\" \/>\n\t<meta property=\"og:image:width\" content=\"1920\" \/>\n\t<meta property=\"og:image:height\" content=\"800\" \/>\n\t<meta property=\"og:image:type\" content=\"image\/png\" \/>\n<meta name=\"twitter:card\" content=\"summary_large_image\" \/>\n<script type=\"application\/ld+json\" class=\"yoast-schema-graph\">{\"@context\":\"https:\\\/\\\/schema.org\",\"@graph\":[{\"@type\":\"WebPage\",\"@id\":\"http:\\\/\\\/www.galerijamaticesrpske.rs\\\/lat\\\/events\\\/leto-na-trgu-galerija-2024-u-borbi-za-devisov-pehar-tenis-i-vizuelna-kultura-medjuratne-epohe\\\/\",\"url\":\"http:\\\/\\\/www.galerijamaticesrpske.rs\\\/lat\\\/events\\\/leto-na-trgu-galerija-2024-u-borbi-za-devisov-pehar-tenis-i-vizuelna-kultura-medjuratne-epohe\\\/\",\"name\":\"Leto na Trgu galerija 2024 \u2013 \u201eU borbi za Devisov pehar: tenis i vizuelna kultura me\u0111uratne epohe\u201c | Galerija Matice srpske\",\"isPartOf\":{\"@id\":\"https:\\\/\\\/www.galerijamaticesrpske.rs\\\/#website\"},\"primaryImageOfPage\":{\"@id\":\"http:\\\/\\\/www.galerijamaticesrpske.rs\\\/lat\\\/events\\\/leto-na-trgu-galerija-2024-u-borbi-za-devisov-pehar-tenis-i-vizuelna-kultura-medjuratne-epohe\\\/#primaryimage\"},\"image\":{\"@id\":\"http:\\\/\\\/www.galerijamaticesrpske.rs\\\/lat\\\/events\\\/leto-na-trgu-galerija-2024-u-borbi-za-devisov-pehar-tenis-i-vizuelna-kultura-medjuratne-epohe\\\/#primaryimage\"},\"thumbnailUrl\":\"http:\\\/\\\/www.galerijamaticesrpske.rs\\\/wp-content\\\/uploads\\\/2024\\\/06\\\/1920x800.png\",\"datePublished\":\"2024-06-14T06:57:50+00:00\",\"description\":\"Bi\u0107e re\u010di i o borbi za \u201eDevisov pehar\u201c reprezentacije Kraljevine Jugoslavije, o tome koji je slikar bio najbolji teniser, kao i gde je mesto sporta u umetnosti me\u0111uratne epohe.\",\"breadcrumb\":{\"@id\":\"http:\\\/\\\/www.galerijamaticesrpske.rs\\\/lat\\\/events\\\/leto-na-trgu-galerija-2024-u-borbi-za-devisov-pehar-tenis-i-vizuelna-kultura-medjuratne-epohe\\\/#breadcrumb\"},\"inLanguage\":\"sr-LAT\",\"potentialAction\":[{\"@type\":\"ReadAction\",\"target\":[\"http:\\\/\\\/www.galerijamaticesrpske.rs\\\/lat\\\/events\\\/leto-na-trgu-galerija-2024-u-borbi-za-devisov-pehar-tenis-i-vizuelna-kultura-medjuratne-epohe\\\/\"]}]},{\"@type\":\"ImageObject\",\"inLanguage\":\"sr-LAT\",\"@id\":\"http:\\\/\\\/www.galerijamaticesrpske.rs\\\/lat\\\/events\\\/leto-na-trgu-galerija-2024-u-borbi-za-devisov-pehar-tenis-i-vizuelna-kultura-medjuratne-epohe\\\/#primaryimage\",\"url\":\"http:\\\/\\\/www.galerijamaticesrpske.rs\\\/wp-content\\\/uploads\\\/2024\\\/06\\\/1920x800.png\",\"contentUrl\":\"http:\\\/\\\/www.galerijamaticesrpske.rs\\\/wp-content\\\/uploads\\\/2024\\\/06\\\/1920x800.png\",\"width\":1920,\"height\":800},{\"@type\":\"BreadcrumbList\",\"@id\":\"http:\\\/\\\/www.galerijamaticesrpske.rs\\\/lat\\\/events\\\/leto-na-trgu-galerija-2024-u-borbi-za-devisov-pehar-tenis-i-vizuelna-kultura-medjuratne-epohe\\\/#breadcrumb\",\"itemListElement\":[{\"@type\":\"ListItem\",\"position\":1,\"name\":\"\u041f\u043e\u0447\u0435\u0442\u043d\u0430\",\"item\":\"http:\\\/\\\/www.galerijamaticesrpske.rs\\\/lat\\\/\"},{\"@type\":\"ListItem\",\"position\":2,\"name\":\"Events\",\"item\":\"http:\\\/\\\/www.galerijamaticesrpske.rs\\\/lat\\\/events\\\/\"},{\"@type\":\"ListItem\",\"position\":3,\"name\":\"Leto na Trgu galerija 2024 \u2013 \u201eU borbi za Devisov pehar: tenis i vizuelna kultura me\u0111uratne epohe\u201c\"}]},{\"@type\":\"WebSite\",\"@id\":\"https:\\\/\\\/www.galerijamaticesrpske.rs\\\/#website\",\"url\":\"https:\\\/\\\/www.galerijamaticesrpske.rs\\\/\",\"name\":\"Galerija Matice srpske\",\"description\":\"Muzej srpske nacionalne umetnosti u Novom Sadu\",\"publisher\":{\"@id\":\"https:\\\/\\\/www.galerijamaticesrpske.rs\\\/#organization\"},\"potentialAction\":[{\"@type\":\"SearchAction\",\"target\":{\"@type\":\"EntryPoint\",\"urlTemplate\":\"https:\\\/\\\/www.galerijamaticesrpske.rs\\\/?s={search_term_string}\"},\"query-input\":{\"@type\":\"PropertyValueSpecification\",\"valueRequired\":true,\"valueName\":\"search_term_string\"}}],\"inLanguage\":\"sr-LAT\"},{\"@type\":\"Organization\",\"@id\":\"https:\\\/\\\/www.galerijamaticesrpske.rs\\\/#organization\",\"name\":\"Galerija Matice srpske\",\"url\":\"https:\\\/\\\/www.galerijamaticesrpske.rs\\\/\",\"logo\":{\"@type\":\"ImageObject\",\"inLanguage\":\"sr-LAT\",\"@id\":\"https:\\\/\\\/www.galerijamaticesrpske.rs\\\/#\\\/schema\\\/logo\\\/image\\\/\",\"url\":\"https:\\\/\\\/www.galerijamaticesrpske.rs\\\/wp-content\\\/uploads\\\/2021\\\/01\\\/gms-logo-za-sajt.svg\",\"contentUrl\":\"https:\\\/\\\/www.galerijamaticesrpske.rs\\\/wp-content\\\/uploads\\\/2021\\\/01\\\/gms-logo-za-sajt.svg\",\"width\":1,\"height\":1,\"caption\":\"Galerija Matice srpske\"},\"image\":{\"@id\":\"https:\\\/\\\/www.galerijamaticesrpske.rs\\\/#\\\/schema\\\/logo\\\/image\\\/\"}}]}<\/script>\n<!-- \/ Yoast SEO plugin. -->","yoast_head_json":{"title":"Leto na Trgu galerija 2024 \u2013 \u201eU borbi za Devisov pehar: tenis i vizuelna kultura me\u0111uratne epohe\u201c | Galerija Matice srpske","description":"Bi\u0107e re\u010di i o borbi za \u201eDevisov pehar\u201c reprezentacije Kraljevine Jugoslavije, o tome koji je slikar bio najbolji teniser, kao i gde je mesto sporta u umetnosti me\u0111uratne epohe.","robots":{"index":"index","follow":"follow","max-snippet":"max-snippet:-1","max-image-preview":"max-image-preview:large","max-video-preview":"max-video-preview:-1"},"canonical":"http:\/\/www.galerijamaticesrpske.rs\/lat\/events\/leto-na-trgu-galerija-2024-u-borbi-za-devisov-pehar-tenis-i-vizuelna-kultura-medjuratne-epohe\/","og_locale":"en_US","og_type":"article","og_title":"Leto na Trgu galerija 2024 \u2013 \u201eU borbi za Devisov pehar: tenis i vizuelna kultura me\u0111uratne epohe\u201c | Galerija Matice srpske","og_description":"Bi\u0107e re\u010di i o borbi za \u201eDevisov pehar\u201c reprezentacije Kraljevine Jugoslavije, o tome koji je slikar bio najbolji teniser, kao i gde je mesto sporta u umetnosti me\u0111uratne epohe.","og_url":"http:\/\/www.galerijamaticesrpske.rs\/lat\/events\/leto-na-trgu-galerija-2024-u-borbi-za-devisov-pehar-tenis-i-vizuelna-kultura-medjuratne-epohe\/","og_site_name":"Galerija Matice srpske","og_image":[{"width":1920,"height":800,"url":"http:\/\/www.galerijamaticesrpske.rs\/wp-content\/uploads\/2024\/06\/1920x800.png","type":"image\/png"}],"twitter_card":"summary_large_image","schema":{"@context":"https:\/\/schema.org","@graph":[{"@type":"WebPage","@id":"http:\/\/www.galerijamaticesrpske.rs\/lat\/events\/leto-na-trgu-galerija-2024-u-borbi-za-devisov-pehar-tenis-i-vizuelna-kultura-medjuratne-epohe\/","url":"http:\/\/www.galerijamaticesrpske.rs\/lat\/events\/leto-na-trgu-galerija-2024-u-borbi-za-devisov-pehar-tenis-i-vizuelna-kultura-medjuratne-epohe\/","name":"Leto na Trgu galerija 2024 \u2013 \u201eU borbi za Devisov pehar: tenis i vizuelna kultura me\u0111uratne epohe\u201c | Galerija Matice srpske","isPartOf":{"@id":"https:\/\/www.galerijamaticesrpske.rs\/#website"},"primaryImageOfPage":{"@id":"http:\/\/www.galerijamaticesrpske.rs\/lat\/events\/leto-na-trgu-galerija-2024-u-borbi-za-devisov-pehar-tenis-i-vizuelna-kultura-medjuratne-epohe\/#primaryimage"},"image":{"@id":"http:\/\/www.galerijamaticesrpske.rs\/lat\/events\/leto-na-trgu-galerija-2024-u-borbi-za-devisov-pehar-tenis-i-vizuelna-kultura-medjuratne-epohe\/#primaryimage"},"thumbnailUrl":"http:\/\/www.galerijamaticesrpske.rs\/wp-content\/uploads\/2024\/06\/1920x800.png","datePublished":"2024-06-14T06:57:50+00:00","description":"Bi\u0107e re\u010di i o borbi za \u201eDevisov pehar\u201c reprezentacije Kraljevine Jugoslavije, o tome koji je slikar bio najbolji teniser, kao i gde je mesto sporta u umetnosti me\u0111uratne epohe.","breadcrumb":{"@id":"http:\/\/www.galerijamaticesrpske.rs\/lat\/events\/leto-na-trgu-galerija-2024-u-borbi-za-devisov-pehar-tenis-i-vizuelna-kultura-medjuratne-epohe\/#breadcrumb"},"inLanguage":"sr-LAT","potentialAction":[{"@type":"ReadAction","target":["http:\/\/www.galerijamaticesrpske.rs\/lat\/events\/leto-na-trgu-galerija-2024-u-borbi-za-devisov-pehar-tenis-i-vizuelna-kultura-medjuratne-epohe\/"]}]},{"@type":"ImageObject","inLanguage":"sr-LAT","@id":"http:\/\/www.galerijamaticesrpske.rs\/lat\/events\/leto-na-trgu-galerija-2024-u-borbi-za-devisov-pehar-tenis-i-vizuelna-kultura-medjuratne-epohe\/#primaryimage","url":"http:\/\/www.galerijamaticesrpske.rs\/wp-content\/uploads\/2024\/06\/1920x800.png","contentUrl":"http:\/\/www.galerijamaticesrpske.rs\/wp-content\/uploads\/2024\/06\/1920x800.png","width":1920,"height":800},{"@type":"BreadcrumbList","@id":"http:\/\/www.galerijamaticesrpske.rs\/lat\/events\/leto-na-trgu-galerija-2024-u-borbi-za-devisov-pehar-tenis-i-vizuelna-kultura-medjuratne-epohe\/#breadcrumb","itemListElement":[{"@type":"ListItem","position":1,"name":"\u041f\u043e\u0447\u0435\u0442\u043d\u0430","item":"http:\/\/www.galerijamaticesrpske.rs\/lat\/"},{"@type":"ListItem","position":2,"name":"Events","item":"http:\/\/www.galerijamaticesrpske.rs\/lat\/events\/"},{"@type":"ListItem","position":3,"name":"Leto na Trgu galerija 2024 \u2013 \u201eU borbi za Devisov pehar: tenis i vizuelna kultura me\u0111uratne epohe\u201c"}]},{"@type":"WebSite","@id":"https:\/\/www.galerijamaticesrpske.rs\/#website","url":"https:\/\/www.galerijamaticesrpske.rs\/","name":"Galerija Matice srpske","description":"Muzej srpske nacionalne umetnosti u Novom Sadu","publisher":{"@id":"https:\/\/www.galerijamaticesrpske.rs\/#organization"},"potentialAction":[{"@type":"SearchAction","target":{"@type":"EntryPoint","urlTemplate":"https:\/\/www.galerijamaticesrpske.rs\/?s={search_term_string}"},"query-input":{"@type":"PropertyValueSpecification","valueRequired":true,"valueName":"search_term_string"}}],"inLanguage":"sr-LAT"},{"@type":"Organization","@id":"https:\/\/www.galerijamaticesrpske.rs\/#organization","name":"Galerija Matice srpske","url":"https:\/\/www.galerijamaticesrpske.rs\/","logo":{"@type":"ImageObject","inLanguage":"sr-LAT","@id":"https:\/\/www.galerijamaticesrpske.rs\/#\/schema\/logo\/image\/","url":"https:\/\/www.galerijamaticesrpske.rs\/wp-content\/uploads\/2021\/01\/gms-logo-za-sajt.svg","contentUrl":"https:\/\/www.galerijamaticesrpske.rs\/wp-content\/uploads\/2021\/01\/gms-logo-za-sajt.svg","width":1,"height":1,"caption":"Galerija Matice srpske"},"image":{"@id":"https:\/\/www.galerijamaticesrpske.rs\/#\/schema\/logo\/image\/"}}]}},"_links":{"self":[{"href":"http:\/\/www.galerijamaticesrpske.rs\/lat\/wp-json\/wp\/v2\/mec-events\/13060","targetHints":{"allow":["GET"]}}],"collection":[{"href":"http:\/\/www.galerijamaticesrpske.rs\/lat\/wp-json\/wp\/v2\/mec-events"}],"about":[{"href":"http:\/\/www.galerijamaticesrpske.rs\/lat\/wp-json\/wp\/v2\/types\/mec-events"}],"author":[{"embeddable":true,"href":"http:\/\/www.galerijamaticesrpske.rs\/lat\/wp-json\/wp\/v2\/users\/2"}],"replies":[{"embeddable":true,"href":"http:\/\/www.galerijamaticesrpske.rs\/lat\/wp-json\/wp\/v2\/comments?post=13060"}],"wp:featuredmedia":[{"embeddable":true,"href":"http:\/\/www.galerijamaticesrpske.rs\/lat\/wp-json\/wp\/v2\/media\/13055"}],"wp:attachment":[{"href":"http:\/\/www.galerijamaticesrpske.rs\/lat\/wp-json\/wp\/v2\/media?parent=13060"}],"wp:term":[{"taxonomy":"post_tag","embeddable":true,"href":"http:\/\/www.galerijamaticesrpske.rs\/lat\/wp-json\/wp\/v2\/tags?post=13060"},{"taxonomy":"mec_category","embeddable":true,"href":"http:\/\/www.galerijamaticesrpske.rs\/lat\/wp-json\/wp\/v2\/mec_category?post=13060"}],"curies":[{"name":"wp","href":"https:\/\/api.w.org\/{rel}","templated":true}]}}