{"id":13283,"date":"2024-10-01T10:55:38","date_gmt":"2024-10-01T10:55:38","guid":{"rendered":"https:\/\/www.galerijamaticesrpske.rs\/?post_type=mec-events&#038;p=13283"},"modified":"2024-10-01T10:55:38","modified_gmt":"2024-10-01T10:55:38","slug":"koncerti-za-bebe-i-decu-puskin-na-note","status":"publish","type":"mec-events","link":"http:\/\/www.galerijamaticesrpske.rs\/lat\/events\/koncerti-za-bebe-i-decu-puskin-na-note\/","title":{"rendered":"Koncerti za bebe i decu &#8220;Pu\u0161kin na note&#8221;"},"content":{"rendered":"<p>U nedelju, 6. oktobra, dan pre po\u010detka najve\u0107e manifestacije posve\u0107ene deci \u2013 <em>De\u010dje nedelje<\/em>, velika sala Galerije Matice srpske, sada ve\u0107 tradicionalno, postaje koncertna dvorana u kojoj \u0107e se odr\u017eati koncert za bebe i decu <em>Pu\u0161kin na note<\/em>, u saradnji sa Muzi\u010dkom omladinom Novog Sada. Ovim koncertom se otvara nova sezona koncerata za bebe i decu koji \u0107e se odr\u017eavati dva puta mese\u010dno u oktobru i decembru.<\/p>\n<p>Bebe uzrasta do 4 godine i deca uzrasta od 5 do 10 godina, ima\u0107e priliku da, u dva termina, u\u017eivaju u kompozicijama Arsenskog i \u010cajkovskog u izvedbi Tajj kvarteta. Muzi\u010dke kompozicije prati\u0107e i posebno adaptirana gluma\u010dka interpretacija Pu\u0161kinovih bajki: <em>Bajka o ribaru i ribici<\/em> i <em>Pri\u010da o caru Saltanu<\/em>, u naraciji Milovana Filipovi\u0107a. Muzi\u010dko-scenski deo programa prati\u0107e ilustracije na ekranima koje \u0107e vizuelno doprineti bajkovitosti celog doga\u0111aja.<\/p>\n<p>Koncerti \u0107e se odr\u017eati u dva termina \u2013 u 11.00 i 12.00 sati. Maksimalan broj publike u jednom terminu je 60 dece, te su prijave obavezne putem linkova koji se nalaze ispod i dostupni su na sajtu Galerije Matice srpske, kao i Muzi\u010dke omladine Novog Sada.<\/p>\n<p><strong>U 11.00 sati:<em> Bajka o ribaru i ribici<\/em><\/strong><\/p>\n<p>Link za prijavu deteta: https:\/\/forms.gle\/UzaXUL7MxaamEDem6<\/p>\n<p><strong>U 12.00 sati: <em>Bajka o caru Saltanu<\/em><\/strong><\/p>\n<p>Link za prijavu deteta: https:\/\/forms.gle\/76WLhrkRLNczhUCe6<\/p>\n<p>Za vi\u0161e informacija mo\u017eete pozvati broj telefona 0214899017 tokom radnih dana od 8.00 do 16.00 sati.<\/p>\n","protected":false},"excerpt":{"rendered":"<p>U nedelju, 6. oktobra, dan pre po\u010detka najve\u0107e manifestacije posve\u0107ene deci \u2013 De\u010dje nedelje, velika sala Galerije Matice srpske, sada ve\u0107 tradicionalno, postaje koncertna dvorana u kojoj \u0107e se odr\u017eati koncert za bebe i decu Pu\u0161kin na note, u saradnji sa Muzi\u010dkom omladinom Novog Sada. Ovim koncertom se otvara nova sezona koncerata za bebe i<\/p>\n","protected":false},"author":2,"featured_media":13282,"comment_status":"closed","ping_status":"closed","template":"","tags":[],"mec_category":[103],"class_list":["post-13283","mec-events","type-mec-events","status-publish","has-post-thumbnail","hentry","mec_category-koncerti"],"acf":[],"yoast_head":"<!-- This site is optimized with the Yoast SEO plugin v27.3 - https:\/\/yoast.com\/product\/yoast-seo-wordpress\/ -->\n<title>Koncerti za bebe i decu &quot;Pu\u0161kin na note&quot; | Galerija Matice srpske<\/title>\n<meta name=\"description\" content=\"U nedelju, 6. oktobra, dan pre po\u010detka najve\u0107e manifestacije posve\u0107ene deci \u2013 De\u010dje nedelje, velika sala Galerije Matice srpske, sada ve\u0107 tradicionalno, postaje koncertna dvorana u kojoj \u0107e se odr\u017eati koncert za bebe i decu Pu\u0161kin na note, u saradnji sa Muzi\u010dkom omladinom Novog Sada.\" \/>\n<meta name=\"robots\" content=\"index, follow, max-snippet:-1, max-image-preview:large, max-video-preview:-1\" \/>\n<link rel=\"canonical\" href=\"http:\/\/www.galerijamaticesrpske.rs\/lat\/events\/koncerti-za-bebe-i-decu-puskin-na-note\/\" \/>\n<meta property=\"og:locale\" content=\"en_US\" \/>\n<meta property=\"og:type\" content=\"article\" \/>\n<meta property=\"og:title\" content=\"Koncerti za bebe i decu &quot;Pu\u0161kin na note&quot; | Galerija Matice srpske\" \/>\n<meta property=\"og:description\" content=\"U nedelju, 6. oktobra, dan pre po\u010detka najve\u0107e manifestacije posve\u0107ene deci \u2013 De\u010dje nedelje, velika sala Galerije Matice srpske, sada ve\u0107 tradicionalno, postaje koncertna dvorana u kojoj \u0107e se odr\u017eati koncert za bebe i decu Pu\u0161kin na note, u saradnji sa Muzi\u010dkom omladinom Novog Sada.\" \/>\n<meta property=\"og:url\" content=\"http:\/\/www.galerijamaticesrpske.rs\/lat\/events\/koncerti-za-bebe-i-decu-puskin-na-note\/\" \/>\n<meta property=\"og:site_name\" content=\"Galerija Matice srpske\" \/>\n<meta property=\"og:image\" content=\"http:\/\/www.galerijamaticesrpske.rs\/wp-content\/uploads\/2024\/10\/slajder-za-sajt-jesen-zima-2024.jpg\" \/>\n\t<meta property=\"og:image:width\" content=\"1900\" \/>\n\t<meta property=\"og:image:height\" content=\"770\" \/>\n\t<meta property=\"og:image:type\" content=\"image\/jpeg\" \/>\n<meta name=\"twitter:card\" content=\"summary_large_image\" \/>\n<meta name=\"twitter:label1\" content=\"Est. reading time\" \/>\n\t<meta name=\"twitter:data1\" content=\"1 minute\" \/>\n<script type=\"application\/ld+json\" class=\"yoast-schema-graph\">{\"@context\":\"https:\\\/\\\/schema.org\",\"@graph\":[{\"@type\":\"WebPage\",\"@id\":\"http:\\\/\\\/www.galerijamaticesrpske.rs\\\/lat\\\/events\\\/koncerti-za-bebe-i-decu-puskin-na-note\\\/\",\"url\":\"http:\\\/\\\/www.galerijamaticesrpske.rs\\\/lat\\\/events\\\/koncerti-za-bebe-i-decu-puskin-na-note\\\/\",\"name\":\"Koncerti za bebe i decu \\\"Pu\u0161kin na note\\\" | Galerija Matice srpske\",\"isPartOf\":{\"@id\":\"https:\\\/\\\/www.galerijamaticesrpske.rs\\\/#website\"},\"primaryImageOfPage\":{\"@id\":\"http:\\\/\\\/www.galerijamaticesrpske.rs\\\/lat\\\/events\\\/koncerti-za-bebe-i-decu-puskin-na-note\\\/#primaryimage\"},\"image\":{\"@id\":\"http:\\\/\\\/www.galerijamaticesrpske.rs\\\/lat\\\/events\\\/koncerti-za-bebe-i-decu-puskin-na-note\\\/#primaryimage\"},\"thumbnailUrl\":\"http:\\\/\\\/www.galerijamaticesrpske.rs\\\/wp-content\\\/uploads\\\/2024\\\/10\\\/slajder-za-sajt-jesen-zima-2024.jpg\",\"datePublished\":\"2024-10-01T10:55:38+00:00\",\"description\":\"U nedelju, 6. oktobra, dan pre po\u010detka najve\u0107e manifestacije posve\u0107ene deci \u2013 De\u010dje nedelje, velika sala Galerije Matice srpske, sada ve\u0107 tradicionalno, postaje koncertna dvorana u kojoj \u0107e se odr\u017eati koncert za bebe i decu Pu\u0161kin na note, u saradnji sa Muzi\u010dkom omladinom Novog Sada.\",\"breadcrumb\":{\"@id\":\"http:\\\/\\\/www.galerijamaticesrpske.rs\\\/lat\\\/events\\\/koncerti-za-bebe-i-decu-puskin-na-note\\\/#breadcrumb\"},\"inLanguage\":\"sr-LAT\",\"potentialAction\":[{\"@type\":\"ReadAction\",\"target\":[\"http:\\\/\\\/www.galerijamaticesrpske.rs\\\/lat\\\/events\\\/koncerti-za-bebe-i-decu-puskin-na-note\\\/\"]}]},{\"@type\":\"ImageObject\",\"inLanguage\":\"sr-LAT\",\"@id\":\"http:\\\/\\\/www.galerijamaticesrpske.rs\\\/lat\\\/events\\\/koncerti-za-bebe-i-decu-puskin-na-note\\\/#primaryimage\",\"url\":\"http:\\\/\\\/www.galerijamaticesrpske.rs\\\/wp-content\\\/uploads\\\/2024\\\/10\\\/slajder-za-sajt-jesen-zima-2024.jpg\",\"contentUrl\":\"http:\\\/\\\/www.galerijamaticesrpske.rs\\\/wp-content\\\/uploads\\\/2024\\\/10\\\/slajder-za-sajt-jesen-zima-2024.jpg\",\"width\":1900,\"height\":770},{\"@type\":\"BreadcrumbList\",\"@id\":\"http:\\\/\\\/www.galerijamaticesrpske.rs\\\/lat\\\/events\\\/koncerti-za-bebe-i-decu-puskin-na-note\\\/#breadcrumb\",\"itemListElement\":[{\"@type\":\"ListItem\",\"position\":1,\"name\":\"\u041f\u043e\u0447\u0435\u0442\u043d\u0430\",\"item\":\"http:\\\/\\\/www.galerijamaticesrpske.rs\\\/lat\\\/\"},{\"@type\":\"ListItem\",\"position\":2,\"name\":\"Events\",\"item\":\"http:\\\/\\\/www.galerijamaticesrpske.rs\\\/lat\\\/events\\\/\"},{\"@type\":\"ListItem\",\"position\":3,\"name\":\"Koncerti za bebe i decu &#8220;Pu\u0161kin na note&#8221;\"}]},{\"@type\":\"WebSite\",\"@id\":\"https:\\\/\\\/www.galerijamaticesrpske.rs\\\/#website\",\"url\":\"https:\\\/\\\/www.galerijamaticesrpske.rs\\\/\",\"name\":\"Galerija Matice srpske\",\"description\":\"Muzej srpske nacionalne umetnosti u Novom Sadu\",\"publisher\":{\"@id\":\"https:\\\/\\\/www.galerijamaticesrpske.rs\\\/#organization\"},\"potentialAction\":[{\"@type\":\"SearchAction\",\"target\":{\"@type\":\"EntryPoint\",\"urlTemplate\":\"https:\\\/\\\/www.galerijamaticesrpske.rs\\\/?s={search_term_string}\"},\"query-input\":{\"@type\":\"PropertyValueSpecification\",\"valueRequired\":true,\"valueName\":\"search_term_string\"}}],\"inLanguage\":\"sr-LAT\"},{\"@type\":\"Organization\",\"@id\":\"https:\\\/\\\/www.galerijamaticesrpske.rs\\\/#organization\",\"name\":\"Galerija Matice srpske\",\"url\":\"https:\\\/\\\/www.galerijamaticesrpske.rs\\\/\",\"logo\":{\"@type\":\"ImageObject\",\"inLanguage\":\"sr-LAT\",\"@id\":\"https:\\\/\\\/www.galerijamaticesrpske.rs\\\/#\\\/schema\\\/logo\\\/image\\\/\",\"url\":\"https:\\\/\\\/www.galerijamaticesrpske.rs\\\/wp-content\\\/uploads\\\/2021\\\/01\\\/gms-logo-za-sajt.svg\",\"contentUrl\":\"https:\\\/\\\/www.galerijamaticesrpske.rs\\\/wp-content\\\/uploads\\\/2021\\\/01\\\/gms-logo-za-sajt.svg\",\"width\":1,\"height\":1,\"caption\":\"Galerija Matice srpske\"},\"image\":{\"@id\":\"https:\\\/\\\/www.galerijamaticesrpske.rs\\\/#\\\/schema\\\/logo\\\/image\\\/\"}}]}<\/script>\n<!-- \/ Yoast SEO plugin. -->","yoast_head_json":{"title":"Koncerti za bebe i decu \"Pu\u0161kin na note\" | Galerija Matice srpske","description":"U nedelju, 6. oktobra, dan pre po\u010detka najve\u0107e manifestacije posve\u0107ene deci \u2013 De\u010dje nedelje, velika sala Galerije Matice srpske, sada ve\u0107 tradicionalno, postaje koncertna dvorana u kojoj \u0107e se odr\u017eati koncert za bebe i decu Pu\u0161kin na note, u saradnji sa Muzi\u010dkom omladinom Novog Sada.","robots":{"index":"index","follow":"follow","max-snippet":"max-snippet:-1","max-image-preview":"max-image-preview:large","max-video-preview":"max-video-preview:-1"},"canonical":"http:\/\/www.galerijamaticesrpske.rs\/lat\/events\/koncerti-za-bebe-i-decu-puskin-na-note\/","og_locale":"en_US","og_type":"article","og_title":"Koncerti za bebe i decu \"Pu\u0161kin na note\" | Galerija Matice srpske","og_description":"U nedelju, 6. oktobra, dan pre po\u010detka najve\u0107e manifestacije posve\u0107ene deci \u2013 De\u010dje nedelje, velika sala Galerije Matice srpske, sada ve\u0107 tradicionalno, postaje koncertna dvorana u kojoj \u0107e se odr\u017eati koncert za bebe i decu Pu\u0161kin na note, u saradnji sa Muzi\u010dkom omladinom Novog Sada.","og_url":"http:\/\/www.galerijamaticesrpske.rs\/lat\/events\/koncerti-za-bebe-i-decu-puskin-na-note\/","og_site_name":"Galerija Matice srpske","og_image":[{"width":1900,"height":770,"url":"http:\/\/www.galerijamaticesrpske.rs\/wp-content\/uploads\/2024\/10\/slajder-za-sajt-jesen-zima-2024.jpg","type":"image\/jpeg"}],"twitter_card":"summary_large_image","twitter_misc":{"Est. reading time":"1 minute"},"schema":{"@context":"https:\/\/schema.org","@graph":[{"@type":"WebPage","@id":"http:\/\/www.galerijamaticesrpske.rs\/lat\/events\/koncerti-za-bebe-i-decu-puskin-na-note\/","url":"http:\/\/www.galerijamaticesrpske.rs\/lat\/events\/koncerti-za-bebe-i-decu-puskin-na-note\/","name":"Koncerti za bebe i decu \"Pu\u0161kin na note\" | Galerija Matice srpske","isPartOf":{"@id":"https:\/\/www.galerijamaticesrpske.rs\/#website"},"primaryImageOfPage":{"@id":"http:\/\/www.galerijamaticesrpske.rs\/lat\/events\/koncerti-za-bebe-i-decu-puskin-na-note\/#primaryimage"},"image":{"@id":"http:\/\/www.galerijamaticesrpske.rs\/lat\/events\/koncerti-za-bebe-i-decu-puskin-na-note\/#primaryimage"},"thumbnailUrl":"http:\/\/www.galerijamaticesrpske.rs\/wp-content\/uploads\/2024\/10\/slajder-za-sajt-jesen-zima-2024.jpg","datePublished":"2024-10-01T10:55:38+00:00","description":"U nedelju, 6. oktobra, dan pre po\u010detka najve\u0107e manifestacije posve\u0107ene deci \u2013 De\u010dje nedelje, velika sala Galerije Matice srpske, sada ve\u0107 tradicionalno, postaje koncertna dvorana u kojoj \u0107e se odr\u017eati koncert za bebe i decu Pu\u0161kin na note, u saradnji sa Muzi\u010dkom omladinom Novog Sada.","breadcrumb":{"@id":"http:\/\/www.galerijamaticesrpske.rs\/lat\/events\/koncerti-za-bebe-i-decu-puskin-na-note\/#breadcrumb"},"inLanguage":"sr-LAT","potentialAction":[{"@type":"ReadAction","target":["http:\/\/www.galerijamaticesrpske.rs\/lat\/events\/koncerti-za-bebe-i-decu-puskin-na-note\/"]}]},{"@type":"ImageObject","inLanguage":"sr-LAT","@id":"http:\/\/www.galerijamaticesrpske.rs\/lat\/events\/koncerti-za-bebe-i-decu-puskin-na-note\/#primaryimage","url":"http:\/\/www.galerijamaticesrpske.rs\/wp-content\/uploads\/2024\/10\/slajder-za-sajt-jesen-zima-2024.jpg","contentUrl":"http:\/\/www.galerijamaticesrpske.rs\/wp-content\/uploads\/2024\/10\/slajder-za-sajt-jesen-zima-2024.jpg","width":1900,"height":770},{"@type":"BreadcrumbList","@id":"http:\/\/www.galerijamaticesrpske.rs\/lat\/events\/koncerti-za-bebe-i-decu-puskin-na-note\/#breadcrumb","itemListElement":[{"@type":"ListItem","position":1,"name":"\u041f\u043e\u0447\u0435\u0442\u043d\u0430","item":"http:\/\/www.galerijamaticesrpske.rs\/lat\/"},{"@type":"ListItem","position":2,"name":"Events","item":"http:\/\/www.galerijamaticesrpske.rs\/lat\/events\/"},{"@type":"ListItem","position":3,"name":"Koncerti za bebe i decu &#8220;Pu\u0161kin na note&#8221;"}]},{"@type":"WebSite","@id":"https:\/\/www.galerijamaticesrpske.rs\/#website","url":"https:\/\/www.galerijamaticesrpske.rs\/","name":"Galerija Matice srpske","description":"Muzej srpske nacionalne umetnosti u Novom Sadu","publisher":{"@id":"https:\/\/www.galerijamaticesrpske.rs\/#organization"},"potentialAction":[{"@type":"SearchAction","target":{"@type":"EntryPoint","urlTemplate":"https:\/\/www.galerijamaticesrpske.rs\/?s={search_term_string}"},"query-input":{"@type":"PropertyValueSpecification","valueRequired":true,"valueName":"search_term_string"}}],"inLanguage":"sr-LAT"},{"@type":"Organization","@id":"https:\/\/www.galerijamaticesrpske.rs\/#organization","name":"Galerija Matice srpske","url":"https:\/\/www.galerijamaticesrpske.rs\/","logo":{"@type":"ImageObject","inLanguage":"sr-LAT","@id":"https:\/\/www.galerijamaticesrpske.rs\/#\/schema\/logo\/image\/","url":"https:\/\/www.galerijamaticesrpske.rs\/wp-content\/uploads\/2021\/01\/gms-logo-za-sajt.svg","contentUrl":"https:\/\/www.galerijamaticesrpske.rs\/wp-content\/uploads\/2021\/01\/gms-logo-za-sajt.svg","width":1,"height":1,"caption":"Galerija Matice srpske"},"image":{"@id":"https:\/\/www.galerijamaticesrpske.rs\/#\/schema\/logo\/image\/"}}]}},"_links":{"self":[{"href":"http:\/\/www.galerijamaticesrpske.rs\/lat\/wp-json\/wp\/v2\/mec-events\/13283","targetHints":{"allow":["GET"]}}],"collection":[{"href":"http:\/\/www.galerijamaticesrpske.rs\/lat\/wp-json\/wp\/v2\/mec-events"}],"about":[{"href":"http:\/\/www.galerijamaticesrpske.rs\/lat\/wp-json\/wp\/v2\/types\/mec-events"}],"author":[{"embeddable":true,"href":"http:\/\/www.galerijamaticesrpske.rs\/lat\/wp-json\/wp\/v2\/users\/2"}],"replies":[{"embeddable":true,"href":"http:\/\/www.galerijamaticesrpske.rs\/lat\/wp-json\/wp\/v2\/comments?post=13283"}],"wp:featuredmedia":[{"embeddable":true,"href":"http:\/\/www.galerijamaticesrpske.rs\/lat\/wp-json\/wp\/v2\/media\/13282"}],"wp:attachment":[{"href":"http:\/\/www.galerijamaticesrpske.rs\/lat\/wp-json\/wp\/v2\/media?parent=13283"}],"wp:term":[{"taxonomy":"post_tag","embeddable":true,"href":"http:\/\/www.galerijamaticesrpske.rs\/lat\/wp-json\/wp\/v2\/tags?post=13283"},{"taxonomy":"mec_category","embeddable":true,"href":"http:\/\/www.galerijamaticesrpske.rs\/lat\/wp-json\/wp\/v2\/mec_category?post=13283"}],"curies":[{"name":"wp","href":"https:\/\/api.w.org\/{rel}","templated":true}]}}