{"id":13941,"date":"2024-11-18T10:59:57","date_gmt":"2024-11-18T10:59:57","guid":{"rendered":"https:\/\/www.galerijamaticesrpske.rs\/?post_type=mec-events&#038;p=13941"},"modified":"2024-11-18T10:59:57","modified_gmt":"2024-11-18T10:59:57","slug":"promocija-kataloga-molitva-kao-milosrdje-alfons-muha-i-predrag-djakovic","status":"publish","type":"mec-events","link":"http:\/\/www.galerijamaticesrpske.rs\/lat\/events\/promocija-kataloga-molitva-kao-milosrdje-alfons-muha-i-predrag-djakovic\/","title":{"rendered":"Promocija kataloga Molitva kao Milosr\u0111e. Alfons Muha i Predrag \u0110akovi\u0107"},"content":{"rendered":"<p>Prate\u0107i program izlo\u017ebe<a href=\"https:\/\/www.galerijamaticesrpske.rs\/lat\/events\/molitva-kao-milosrdje-alfons-muha-i-predrag-djakovic\/\"><strong>\u00a0<em>Molitva kao Milosr\u0111e. Alfons Muha i Predrag \u0110akovi\u0107<\/em><\/strong><\/a><\/p>\n<p>U petak, <strong>22. novembra u 19.00 sati<\/strong> odr\u017ea\u0107e se <strong>promocija kataloga izlo\u017ebe <em>Molitva kao Milosr\u0111e. Alfons Muha i Predrag \u0110akovi\u0107<\/em> autora dr Danila Vuksanovi\u0107a<\/strong>. O katalogu izlo\u017ebe govori\u0107e <strong>dr Tijana Palkovljevi\u0107 Bugarski,<\/strong> upravnica Galerije Matice srpske, <strong>Predrag \u0110akovi\u0107<\/strong>, umetnik i <strong>autor<\/strong>.<\/p>\n<p>Tokom 2024. godine nastala je ideja za izlo\u017ebu <em>Molitva kao Milosr\u0111e. Alfons Muha i Predrag \u0110akovi\u0107<\/em>. Prepleli smo ostvarenja dva slikara iz razli\u010ditih epoha, Alfonsa Muhu, \u010de\u0161kog slikara s po\u010detka XX veka, i Predraga \u0110akovi\u0107a, srpskog slikara savremenog doba koji ve\u0107 \u010detrdeset godina \u017eivi i stvara u Pragu. Pored glavnog grada \u010ce\u0161ke, njih je ovom prilikom povezala univerzalna tema stradanja nedu\u017enog stanovni\u0161tva kao ve\u010dita kl\u00eat koja se kroz istoriju ponavlja. U osobenom istorijskom trenutku, obojenom velikim, a besmislenim sukobima i ratovima, verujemo da umetnost mo\u017ee da ponudi odgovore na sveop\u0161ta pitanja i uka\u017ee na va\u017enost milosr\u0111a, razumevanja i me\u0111usobne tolerancije. Dela Alfonsa Muhe i Predraga \u0110akovi\u0107a, u prepletu svojih razli\u010ditih likovnih poetika, dala su jedinstven odgovor: milosr\u0111e odnosno Caritas.<\/p>\n","protected":false},"excerpt":{"rendered":"<p>Prate\u0107i program izlo\u017ebe\u00a0Molitva kao Milosr\u0111e. Alfons Muha i Predrag \u0110akovi\u0107 U petak, 22. novembra u 19.00 sati odr\u017ea\u0107e se promocija kataloga izlo\u017ebe Molitva kao Milosr\u0111e. Alfons Muha i Predrag \u0110akovi\u0107 autora dr Danila Vuksanovi\u0107a. O katalogu izlo\u017ebe govori\u0107e dr Tijana Palkovljevi\u0107 Bugarski, upravnica Galerije Matice srpske, Predrag \u0110akovi\u0107, umetnik i autor. Tokom 2024. godine nastala<\/p>\n","protected":false},"author":2,"featured_media":13289,"comment_status":"closed","ping_status":"closed","template":"","tags":[],"mec_category":[109],"class_list":["post-13941","mec-events","type-mec-events","status-publish","has-post-thumbnail","hentry","mec_category-promocije-knjiga"],"acf":[],"yoast_head":"<!-- This site is optimized with the Yoast SEO plugin v27.3 - https:\/\/yoast.com\/product\/yoast-seo-wordpress\/ -->\n<title>Promocija kataloga Molitva kao Milosr\u0111e. Alfons Muha i Predrag \u0110akovi\u0107 | Galerija Matice srpske<\/title>\n<meta name=\"description\" content=\"U petak, 22. novembra u 19.00 sati odr\u017ea\u0107e se promocija kataloga izlo\u017ebe Molitva kao Milosr\u0111e. Alfons Muha i Predrag \u0110akovi\u0107 autora dr Danila Vuksanovi\u0107a. O katalogu izlo\u017ebe govori\u0107e dr Tijana Palkovljevi\u0107 Bugarski, upravnica Galerije Matice srpske, Predrag \u0110akovi\u0107, umetnik i autor.\" \/>\n<meta name=\"robots\" content=\"index, follow, max-snippet:-1, max-image-preview:large, max-video-preview:-1\" \/>\n<link rel=\"canonical\" href=\"http:\/\/www.galerijamaticesrpske.rs\/lat\/events\/promocija-kataloga-molitva-kao-milosrdje-alfons-muha-i-predrag-djakovic\/\" \/>\n<meta property=\"og:locale\" content=\"en_US\" \/>\n<meta property=\"og:type\" content=\"article\" \/>\n<meta property=\"og:title\" content=\"Promocija kataloga Molitva kao Milosr\u0111e. Alfons Muha i Predrag \u0110akovi\u0107 | Galerija Matice srpske\" \/>\n<meta property=\"og:description\" content=\"U petak, 22. novembra u 19.00 sati odr\u017ea\u0107e se promocija kataloga izlo\u017ebe Molitva kao Milosr\u0111e. Alfons Muha i Predrag \u0110akovi\u0107 autora dr Danila Vuksanovi\u0107a. O katalogu izlo\u017ebe govori\u0107e dr Tijana Palkovljevi\u0107 Bugarski, upravnica Galerije Matice srpske, Predrag \u0110akovi\u0107, umetnik i autor.\" \/>\n<meta property=\"og:url\" content=\"http:\/\/www.galerijamaticesrpske.rs\/lat\/events\/promocija-kataloga-molitva-kao-milosrdje-alfons-muha-i-predrag-djakovic\/\" \/>\n<meta property=\"og:site_name\" content=\"Galerija Matice srpske\" \/>\n<meta property=\"og:image\" content=\"http:\/\/www.galerijamaticesrpske.rs\/wp-content\/uploads\/2024\/10\/820x312px.png\" \/>\n\t<meta property=\"og:image:width\" content=\"820\" \/>\n\t<meta property=\"og:image:height\" content=\"312\" \/>\n\t<meta property=\"og:image:type\" content=\"image\/png\" \/>\n<meta name=\"twitter:card\" content=\"summary_large_image\" \/>\n<meta name=\"twitter:label1\" content=\"Est. reading time\" \/>\n\t<meta name=\"twitter:data1\" content=\"1 minute\" \/>\n<script type=\"application\/ld+json\" class=\"yoast-schema-graph\">{\"@context\":\"https:\\\/\\\/schema.org\",\"@graph\":[{\"@type\":\"WebPage\",\"@id\":\"http:\\\/\\\/www.galerijamaticesrpske.rs\\\/lat\\\/events\\\/promocija-kataloga-molitva-kao-milosrdje-alfons-muha-i-predrag-djakovic\\\/\",\"url\":\"http:\\\/\\\/www.galerijamaticesrpske.rs\\\/lat\\\/events\\\/promocija-kataloga-molitva-kao-milosrdje-alfons-muha-i-predrag-djakovic\\\/\",\"name\":\"Promocija kataloga Molitva kao Milosr\u0111e. Alfons Muha i Predrag \u0110akovi\u0107 | Galerija Matice srpske\",\"isPartOf\":{\"@id\":\"https:\\\/\\\/www.galerijamaticesrpske.rs\\\/#website\"},\"primaryImageOfPage\":{\"@id\":\"http:\\\/\\\/www.galerijamaticesrpske.rs\\\/lat\\\/events\\\/promocija-kataloga-molitva-kao-milosrdje-alfons-muha-i-predrag-djakovic\\\/#primaryimage\"},\"image\":{\"@id\":\"http:\\\/\\\/www.galerijamaticesrpske.rs\\\/lat\\\/events\\\/promocija-kataloga-molitva-kao-milosrdje-alfons-muha-i-predrag-djakovic\\\/#primaryimage\"},\"thumbnailUrl\":\"http:\\\/\\\/www.galerijamaticesrpske.rs\\\/wp-content\\\/uploads\\\/2024\\\/10\\\/820x312px.png\",\"datePublished\":\"2024-11-18T10:59:57+00:00\",\"description\":\"U petak, 22. novembra u 19.00 sati odr\u017ea\u0107e se promocija kataloga izlo\u017ebe Molitva kao Milosr\u0111e. Alfons Muha i Predrag \u0110akovi\u0107 autora dr Danila Vuksanovi\u0107a. O katalogu izlo\u017ebe govori\u0107e dr Tijana Palkovljevi\u0107 Bugarski, upravnica Galerije Matice srpske, Predrag \u0110akovi\u0107, umetnik i autor.\",\"breadcrumb\":{\"@id\":\"http:\\\/\\\/www.galerijamaticesrpske.rs\\\/lat\\\/events\\\/promocija-kataloga-molitva-kao-milosrdje-alfons-muha-i-predrag-djakovic\\\/#breadcrumb\"},\"inLanguage\":\"sr-LAT\",\"potentialAction\":[{\"@type\":\"ReadAction\",\"target\":[\"http:\\\/\\\/www.galerijamaticesrpske.rs\\\/lat\\\/events\\\/promocija-kataloga-molitva-kao-milosrdje-alfons-muha-i-predrag-djakovic\\\/\"]}]},{\"@type\":\"ImageObject\",\"inLanguage\":\"sr-LAT\",\"@id\":\"http:\\\/\\\/www.galerijamaticesrpske.rs\\\/lat\\\/events\\\/promocija-kataloga-molitva-kao-milosrdje-alfons-muha-i-predrag-djakovic\\\/#primaryimage\",\"url\":\"http:\\\/\\\/www.galerijamaticesrpske.rs\\\/wp-content\\\/uploads\\\/2024\\\/10\\\/820x312px.png\",\"contentUrl\":\"http:\\\/\\\/www.galerijamaticesrpske.rs\\\/wp-content\\\/uploads\\\/2024\\\/10\\\/820x312px.png\",\"width\":820,\"height\":312},{\"@type\":\"BreadcrumbList\",\"@id\":\"http:\\\/\\\/www.galerijamaticesrpske.rs\\\/lat\\\/events\\\/promocija-kataloga-molitva-kao-milosrdje-alfons-muha-i-predrag-djakovic\\\/#breadcrumb\",\"itemListElement\":[{\"@type\":\"ListItem\",\"position\":1,\"name\":\"\u041f\u043e\u0447\u0435\u0442\u043d\u0430\",\"item\":\"http:\\\/\\\/www.galerijamaticesrpske.rs\\\/lat\\\/\"},{\"@type\":\"ListItem\",\"position\":2,\"name\":\"Events\",\"item\":\"http:\\\/\\\/www.galerijamaticesrpske.rs\\\/lat\\\/events\\\/\"},{\"@type\":\"ListItem\",\"position\":3,\"name\":\"Promocija kataloga Molitva kao Milosr\u0111e. Alfons Muha i Predrag \u0110akovi\u0107\"}]},{\"@type\":\"WebSite\",\"@id\":\"https:\\\/\\\/www.galerijamaticesrpske.rs\\\/#website\",\"url\":\"https:\\\/\\\/www.galerijamaticesrpske.rs\\\/\",\"name\":\"Galerija Matice srpske\",\"description\":\"Muzej srpske nacionalne umetnosti u Novom Sadu\",\"publisher\":{\"@id\":\"https:\\\/\\\/www.galerijamaticesrpske.rs\\\/#organization\"},\"potentialAction\":[{\"@type\":\"SearchAction\",\"target\":{\"@type\":\"EntryPoint\",\"urlTemplate\":\"https:\\\/\\\/www.galerijamaticesrpske.rs\\\/?s={search_term_string}\"},\"query-input\":{\"@type\":\"PropertyValueSpecification\",\"valueRequired\":true,\"valueName\":\"search_term_string\"}}],\"inLanguage\":\"sr-LAT\"},{\"@type\":\"Organization\",\"@id\":\"https:\\\/\\\/www.galerijamaticesrpske.rs\\\/#organization\",\"name\":\"Galerija Matice srpske\",\"url\":\"https:\\\/\\\/www.galerijamaticesrpske.rs\\\/\",\"logo\":{\"@type\":\"ImageObject\",\"inLanguage\":\"sr-LAT\",\"@id\":\"https:\\\/\\\/www.galerijamaticesrpske.rs\\\/#\\\/schema\\\/logo\\\/image\\\/\",\"url\":\"https:\\\/\\\/www.galerijamaticesrpske.rs\\\/wp-content\\\/uploads\\\/2021\\\/01\\\/gms-logo-za-sajt.svg\",\"contentUrl\":\"https:\\\/\\\/www.galerijamaticesrpske.rs\\\/wp-content\\\/uploads\\\/2021\\\/01\\\/gms-logo-za-sajt.svg\",\"width\":1,\"height\":1,\"caption\":\"Galerija Matice srpske\"},\"image\":{\"@id\":\"https:\\\/\\\/www.galerijamaticesrpske.rs\\\/#\\\/schema\\\/logo\\\/image\\\/\"}}]}<\/script>\n<!-- \/ Yoast SEO plugin. -->","yoast_head_json":{"title":"Promocija kataloga Molitva kao Milosr\u0111e. Alfons Muha i Predrag \u0110akovi\u0107 | Galerija Matice srpske","description":"U petak, 22. novembra u 19.00 sati odr\u017ea\u0107e se promocija kataloga izlo\u017ebe Molitva kao Milosr\u0111e. Alfons Muha i Predrag \u0110akovi\u0107 autora dr Danila Vuksanovi\u0107a. O katalogu izlo\u017ebe govori\u0107e dr Tijana Palkovljevi\u0107 Bugarski, upravnica Galerije Matice srpske, Predrag \u0110akovi\u0107, umetnik i autor.","robots":{"index":"index","follow":"follow","max-snippet":"max-snippet:-1","max-image-preview":"max-image-preview:large","max-video-preview":"max-video-preview:-1"},"canonical":"http:\/\/www.galerijamaticesrpske.rs\/lat\/events\/promocija-kataloga-molitva-kao-milosrdje-alfons-muha-i-predrag-djakovic\/","og_locale":"en_US","og_type":"article","og_title":"Promocija kataloga Molitva kao Milosr\u0111e. Alfons Muha i Predrag \u0110akovi\u0107 | Galerija Matice srpske","og_description":"U petak, 22. novembra u 19.00 sati odr\u017ea\u0107e se promocija kataloga izlo\u017ebe Molitva kao Milosr\u0111e. Alfons Muha i Predrag \u0110akovi\u0107 autora dr Danila Vuksanovi\u0107a. O katalogu izlo\u017ebe govori\u0107e dr Tijana Palkovljevi\u0107 Bugarski, upravnica Galerije Matice srpske, Predrag \u0110akovi\u0107, umetnik i autor.","og_url":"http:\/\/www.galerijamaticesrpske.rs\/lat\/events\/promocija-kataloga-molitva-kao-milosrdje-alfons-muha-i-predrag-djakovic\/","og_site_name":"Galerija Matice srpske","og_image":[{"width":820,"height":312,"url":"http:\/\/www.galerijamaticesrpske.rs\/wp-content\/uploads\/2024\/10\/820x312px.png","type":"image\/png"}],"twitter_card":"summary_large_image","twitter_misc":{"Est. reading time":"1 minute"},"schema":{"@context":"https:\/\/schema.org","@graph":[{"@type":"WebPage","@id":"http:\/\/www.galerijamaticesrpske.rs\/lat\/events\/promocija-kataloga-molitva-kao-milosrdje-alfons-muha-i-predrag-djakovic\/","url":"http:\/\/www.galerijamaticesrpske.rs\/lat\/events\/promocija-kataloga-molitva-kao-milosrdje-alfons-muha-i-predrag-djakovic\/","name":"Promocija kataloga Molitva kao Milosr\u0111e. Alfons Muha i Predrag \u0110akovi\u0107 | Galerija Matice srpske","isPartOf":{"@id":"https:\/\/www.galerijamaticesrpske.rs\/#website"},"primaryImageOfPage":{"@id":"http:\/\/www.galerijamaticesrpske.rs\/lat\/events\/promocija-kataloga-molitva-kao-milosrdje-alfons-muha-i-predrag-djakovic\/#primaryimage"},"image":{"@id":"http:\/\/www.galerijamaticesrpske.rs\/lat\/events\/promocija-kataloga-molitva-kao-milosrdje-alfons-muha-i-predrag-djakovic\/#primaryimage"},"thumbnailUrl":"http:\/\/www.galerijamaticesrpske.rs\/wp-content\/uploads\/2024\/10\/820x312px.png","datePublished":"2024-11-18T10:59:57+00:00","description":"U petak, 22. novembra u 19.00 sati odr\u017ea\u0107e se promocija kataloga izlo\u017ebe Molitva kao Milosr\u0111e. Alfons Muha i Predrag \u0110akovi\u0107 autora dr Danila Vuksanovi\u0107a. O katalogu izlo\u017ebe govori\u0107e dr Tijana Palkovljevi\u0107 Bugarski, upravnica Galerije Matice srpske, Predrag \u0110akovi\u0107, umetnik i autor.","breadcrumb":{"@id":"http:\/\/www.galerijamaticesrpske.rs\/lat\/events\/promocija-kataloga-molitva-kao-milosrdje-alfons-muha-i-predrag-djakovic\/#breadcrumb"},"inLanguage":"sr-LAT","potentialAction":[{"@type":"ReadAction","target":["http:\/\/www.galerijamaticesrpske.rs\/lat\/events\/promocija-kataloga-molitva-kao-milosrdje-alfons-muha-i-predrag-djakovic\/"]}]},{"@type":"ImageObject","inLanguage":"sr-LAT","@id":"http:\/\/www.galerijamaticesrpske.rs\/lat\/events\/promocija-kataloga-molitva-kao-milosrdje-alfons-muha-i-predrag-djakovic\/#primaryimage","url":"http:\/\/www.galerijamaticesrpske.rs\/wp-content\/uploads\/2024\/10\/820x312px.png","contentUrl":"http:\/\/www.galerijamaticesrpske.rs\/wp-content\/uploads\/2024\/10\/820x312px.png","width":820,"height":312},{"@type":"BreadcrumbList","@id":"http:\/\/www.galerijamaticesrpske.rs\/lat\/events\/promocija-kataloga-molitva-kao-milosrdje-alfons-muha-i-predrag-djakovic\/#breadcrumb","itemListElement":[{"@type":"ListItem","position":1,"name":"\u041f\u043e\u0447\u0435\u0442\u043d\u0430","item":"http:\/\/www.galerijamaticesrpske.rs\/lat\/"},{"@type":"ListItem","position":2,"name":"Events","item":"http:\/\/www.galerijamaticesrpske.rs\/lat\/events\/"},{"@type":"ListItem","position":3,"name":"Promocija kataloga Molitva kao Milosr\u0111e. Alfons Muha i Predrag \u0110akovi\u0107"}]},{"@type":"WebSite","@id":"https:\/\/www.galerijamaticesrpske.rs\/#website","url":"https:\/\/www.galerijamaticesrpske.rs\/","name":"Galerija Matice srpske","description":"Muzej srpske nacionalne umetnosti u Novom Sadu","publisher":{"@id":"https:\/\/www.galerijamaticesrpske.rs\/#organization"},"potentialAction":[{"@type":"SearchAction","target":{"@type":"EntryPoint","urlTemplate":"https:\/\/www.galerijamaticesrpske.rs\/?s={search_term_string}"},"query-input":{"@type":"PropertyValueSpecification","valueRequired":true,"valueName":"search_term_string"}}],"inLanguage":"sr-LAT"},{"@type":"Organization","@id":"https:\/\/www.galerijamaticesrpske.rs\/#organization","name":"Galerija Matice srpske","url":"https:\/\/www.galerijamaticesrpske.rs\/","logo":{"@type":"ImageObject","inLanguage":"sr-LAT","@id":"https:\/\/www.galerijamaticesrpske.rs\/#\/schema\/logo\/image\/","url":"https:\/\/www.galerijamaticesrpske.rs\/wp-content\/uploads\/2021\/01\/gms-logo-za-sajt.svg","contentUrl":"https:\/\/www.galerijamaticesrpske.rs\/wp-content\/uploads\/2021\/01\/gms-logo-za-sajt.svg","width":1,"height":1,"caption":"Galerija Matice srpske"},"image":{"@id":"https:\/\/www.galerijamaticesrpske.rs\/#\/schema\/logo\/image\/"}}]}},"_links":{"self":[{"href":"http:\/\/www.galerijamaticesrpske.rs\/lat\/wp-json\/wp\/v2\/mec-events\/13941","targetHints":{"allow":["GET"]}}],"collection":[{"href":"http:\/\/www.galerijamaticesrpske.rs\/lat\/wp-json\/wp\/v2\/mec-events"}],"about":[{"href":"http:\/\/www.galerijamaticesrpske.rs\/lat\/wp-json\/wp\/v2\/types\/mec-events"}],"author":[{"embeddable":true,"href":"http:\/\/www.galerijamaticesrpske.rs\/lat\/wp-json\/wp\/v2\/users\/2"}],"replies":[{"embeddable":true,"href":"http:\/\/www.galerijamaticesrpske.rs\/lat\/wp-json\/wp\/v2\/comments?post=13941"}],"wp:featuredmedia":[{"embeddable":true,"href":"http:\/\/www.galerijamaticesrpske.rs\/lat\/wp-json\/wp\/v2\/media\/13289"}],"wp:attachment":[{"href":"http:\/\/www.galerijamaticesrpske.rs\/lat\/wp-json\/wp\/v2\/media?parent=13941"}],"wp:term":[{"taxonomy":"post_tag","embeddable":true,"href":"http:\/\/www.galerijamaticesrpske.rs\/lat\/wp-json\/wp\/v2\/tags?post=13941"},{"taxonomy":"mec_category","embeddable":true,"href":"http:\/\/www.galerijamaticesrpske.rs\/lat\/wp-json\/wp\/v2\/mec_category?post=13941"}],"curies":[{"name":"wp","href":"https:\/\/api.w.org\/{rel}","templated":true}]}}