{"id":14028,"date":"2024-11-25T11:24:02","date_gmt":"2024-11-25T11:24:02","guid":{"rendered":"https:\/\/www.galerijamaticesrpske.rs\/?post_type=mec-events&#038;p=14028"},"modified":"2024-11-25T12:03:50","modified_gmt":"2024-11-25T12:03:50","slug":"koncerti-za-decu-puskin-na-note-2","status":"publish","type":"mec-events","link":"http:\/\/www.galerijamaticesrpske.rs\/lat\/events\/koncerti-za-decu-puskin-na-note-2\/","title":{"rendered":"Koncerti za decu \u201ePu\u0161kin na note\u201c"},"content":{"rendered":"<p>Po\u010detak decembra u Galeriji Matice srpkse bi\u0107e obele\u017een jo\u0161 jednom realizacijom koncerata za decu <em>Pu\u0161kin na note<\/em> u saradnji sa Muzi\u010dkom omladinom Novog Sada.<\/p>\n<p>Deca uzrasta do 6 godina i od 7 do 10 godina, ima\u0107e priliku da u dva termina u\u017eivaju u kompozicijama Arsenskog i \u010cajkovskog u izvedbi Tajj kvarteta. Muzi\u010dke kompozicije prati\u0107e i posebno adaptirana gluma\u010dka interpretacija Pu\u0161kinovih bajki: <em>Bajka o ribaru i ribici<\/em> i <em>Pri\u010da o caru Saltanu<\/em> u naraciji Milovana Filipovi\u0107a. Muzi\u010dko-scenski deo programa prati\u0107e ilustracije na ekranima koje \u0107e vizuelno doprineti bajkovitosti celog doga\u0111aja.<\/p>\n<p>Koncerti \u0107e se odr\u017eati u dva termina \u2013 za decu uzrasta do 6 godina u 11.00 i za decu uzrasta od 7 do 10 godina u 12.00 sati. Maksimalan broj publike u jednom terminu je 50 dece, te su prijave obavezne putem linkova koji se nalaze ispod i dostupni su na sajtu Galerije Matice srpske, kao i Muzi\u010dke omladine Novog Sada.<\/p>\n<p><strong>U 11.00 sati: <em>Bajka o ribaru i ribici<\/em><\/strong><\/p>\n<p>Link za prijavu deteta je<a href=\"https:\/\/forms.gle\/3QWNbF71JUkEwof88\"> ovde.<\/a><\/p>\n<p><strong>U 12.00 sati: <em>Bajka o caru Saltanu<\/em><\/strong><\/p>\n<p>Link za prijavu deteta je <a href=\"https:\/\/forms.gle\/DWCktzzU7XWRE7xQ9\">ovde.<\/a><\/p>\n<p>Za vi\u0161e informacija mo\u017eete pozvati broj telefona 0214899017 tokom radnih dana od 8.00 do 16.00 sati.<\/p>\n","protected":false},"excerpt":{"rendered":"<p>Po\u010detak decembra u Galeriji Matice srpkse bi\u0107e obele\u017een jo\u0161 jednom realizacijom koncerata za decu Pu\u0161kin na note u saradnji sa Muzi\u010dkom omladinom Novog Sada. Deca uzrasta do 6 godina i od 7 do 10 godina, ima\u0107e priliku da u dva termina u\u017eivaju u kompozicijama Arsenskog i \u010cajkovskog u izvedbi Tajj kvarteta. Muzi\u010dke kompozicije prati\u0107e i<\/p>\n","protected":false},"author":2,"featured_media":14027,"comment_status":"closed","ping_status":"closed","template":"","tags":[],"mec_category":[103],"class_list":["post-14028","mec-events","type-mec-events","status-publish","has-post-thumbnail","hentry","mec_category-koncerti"],"acf":[],"yoast_head":"<!-- This site is optimized with the Yoast SEO plugin v27.3 - https:\/\/yoast.com\/product\/yoast-seo-wordpress\/ -->\n<title>Koncerti za decu \u201ePu\u0161kin na note\u201c | Galerija Matice srpske<\/title>\n<meta name=\"description\" content=\"Po\u010detak decembra u Galeriji Matice srpkse bi\u0107e obele\u017een jo\u0161 jednom realizacijom koncerata za decu Pu\u0161kin na note u saradnji sa Muzi\u010dkom omladinom Novog Sada.\" \/>\n<meta name=\"robots\" content=\"index, follow, max-snippet:-1, max-image-preview:large, max-video-preview:-1\" \/>\n<link rel=\"canonical\" href=\"https:\/\/www.galerijamaticesrpske.rs\/lat\/events\/koncerti-za-decu-puskin-na-note-2\/\" \/>\n<meta property=\"og:locale\" content=\"en_US\" \/>\n<meta property=\"og:type\" content=\"article\" \/>\n<meta property=\"og:title\" content=\"Koncerti za decu \u201ePu\u0161kin na note\u201c | Galerija Matice srpske\" \/>\n<meta property=\"og:description\" content=\"Po\u010detak decembra u Galeriji Matice srpkse bi\u0107e obele\u017een jo\u0161 jednom realizacijom koncerata za decu Pu\u0161kin na note u saradnji sa Muzi\u010dkom omladinom Novog Sada.\" \/>\n<meta property=\"og:url\" content=\"https:\/\/www.galerijamaticesrpske.rs\/lat\/events\/koncerti-za-decu-puskin-na-note-2\/\" \/>\n<meta property=\"og:site_name\" content=\"Galerija Matice srpske\" \/>\n<meta property=\"article:modified_time\" content=\"2024-11-25T12:03:50+00:00\" \/>\n<meta property=\"og:image\" content=\"https:\/\/www.galerijamaticesrpske.rs\/wp-content\/uploads\/2024\/11\/slajder-za-sajt-gms-jesen-zima-2024_novo.jpg\" \/>\n\t<meta property=\"og:image:width\" content=\"1920\" \/>\n\t<meta property=\"og:image:height\" content=\"800\" \/>\n\t<meta property=\"og:image:type\" content=\"image\/jpeg\" \/>\n<meta name=\"twitter:card\" content=\"summary_large_image\" \/>\n<meta name=\"twitter:label1\" content=\"Est. reading time\" \/>\n\t<meta name=\"twitter:data1\" content=\"1 minute\" \/>\n<script type=\"application\/ld+json\" class=\"yoast-schema-graph\">{\"@context\":\"https:\\\/\\\/schema.org\",\"@graph\":[{\"@type\":\"WebPage\",\"@id\":\"https:\\\/\\\/www.galerijamaticesrpske.rs\\\/lat\\\/events\\\/koncerti-za-decu-puskin-na-note-2\\\/\",\"url\":\"https:\\\/\\\/www.galerijamaticesrpske.rs\\\/lat\\\/events\\\/koncerti-za-decu-puskin-na-note-2\\\/\",\"name\":\"Koncerti za decu \u201ePu\u0161kin na note\u201c | Galerija Matice srpske\",\"isPartOf\":{\"@id\":\"https:\\\/\\\/www.galerijamaticesrpske.rs\\\/#website\"},\"primaryImageOfPage\":{\"@id\":\"https:\\\/\\\/www.galerijamaticesrpske.rs\\\/lat\\\/events\\\/koncerti-za-decu-puskin-na-note-2\\\/#primaryimage\"},\"image\":{\"@id\":\"https:\\\/\\\/www.galerijamaticesrpske.rs\\\/lat\\\/events\\\/koncerti-za-decu-puskin-na-note-2\\\/#primaryimage\"},\"thumbnailUrl\":\"http:\\\/\\\/www.galerijamaticesrpske.rs\\\/wp-content\\\/uploads\\\/2024\\\/11\\\/slajder-za-sajt-gms-jesen-zima-2024_novo.jpg\",\"datePublished\":\"2024-11-25T11:24:02+00:00\",\"dateModified\":\"2024-11-25T12:03:50+00:00\",\"description\":\"Po\u010detak decembra u Galeriji Matice srpkse bi\u0107e obele\u017een jo\u0161 jednom realizacijom koncerata za decu Pu\u0161kin na note u saradnji sa Muzi\u010dkom omladinom Novog Sada.\",\"breadcrumb\":{\"@id\":\"https:\\\/\\\/www.galerijamaticesrpske.rs\\\/lat\\\/events\\\/koncerti-za-decu-puskin-na-note-2\\\/#breadcrumb\"},\"inLanguage\":\"sr-LAT\",\"potentialAction\":[{\"@type\":\"ReadAction\",\"target\":[\"https:\\\/\\\/www.galerijamaticesrpske.rs\\\/lat\\\/events\\\/koncerti-za-decu-puskin-na-note-2\\\/\"]}]},{\"@type\":\"ImageObject\",\"inLanguage\":\"sr-LAT\",\"@id\":\"https:\\\/\\\/www.galerijamaticesrpske.rs\\\/lat\\\/events\\\/koncerti-za-decu-puskin-na-note-2\\\/#primaryimage\",\"url\":\"http:\\\/\\\/www.galerijamaticesrpske.rs\\\/wp-content\\\/uploads\\\/2024\\\/11\\\/slajder-za-sajt-gms-jesen-zima-2024_novo.jpg\",\"contentUrl\":\"http:\\\/\\\/www.galerijamaticesrpske.rs\\\/wp-content\\\/uploads\\\/2024\\\/11\\\/slajder-za-sajt-gms-jesen-zima-2024_novo.jpg\",\"width\":1920,\"height\":800},{\"@type\":\"BreadcrumbList\",\"@id\":\"https:\\\/\\\/www.galerijamaticesrpske.rs\\\/lat\\\/events\\\/koncerti-za-decu-puskin-na-note-2\\\/#breadcrumb\",\"itemListElement\":[{\"@type\":\"ListItem\",\"position\":1,\"name\":\"\u041f\u043e\u0447\u0435\u0442\u043d\u0430\",\"item\":\"http:\\\/\\\/www.galerijamaticesrpske.rs\\\/lat\\\/\"},{\"@type\":\"ListItem\",\"position\":2,\"name\":\"Events\",\"item\":\"http:\\\/\\\/www.galerijamaticesrpske.rs\\\/lat\\\/events\\\/\"},{\"@type\":\"ListItem\",\"position\":3,\"name\":\"Koncerti za decu \u201ePu\u0161kin na note\u201c\"}]},{\"@type\":\"WebSite\",\"@id\":\"https:\\\/\\\/www.galerijamaticesrpske.rs\\\/#website\",\"url\":\"https:\\\/\\\/www.galerijamaticesrpske.rs\\\/\",\"name\":\"Galerija Matice srpske\",\"description\":\"Muzej srpske nacionalne umetnosti u Novom Sadu\",\"publisher\":{\"@id\":\"https:\\\/\\\/www.galerijamaticesrpske.rs\\\/#organization\"},\"potentialAction\":[{\"@type\":\"SearchAction\",\"target\":{\"@type\":\"EntryPoint\",\"urlTemplate\":\"https:\\\/\\\/www.galerijamaticesrpske.rs\\\/?s={search_term_string}\"},\"query-input\":{\"@type\":\"PropertyValueSpecification\",\"valueRequired\":true,\"valueName\":\"search_term_string\"}}],\"inLanguage\":\"sr-LAT\"},{\"@type\":\"Organization\",\"@id\":\"https:\\\/\\\/www.galerijamaticesrpske.rs\\\/#organization\",\"name\":\"Galerija Matice srpske\",\"url\":\"https:\\\/\\\/www.galerijamaticesrpske.rs\\\/\",\"logo\":{\"@type\":\"ImageObject\",\"inLanguage\":\"sr-LAT\",\"@id\":\"https:\\\/\\\/www.galerijamaticesrpske.rs\\\/#\\\/schema\\\/logo\\\/image\\\/\",\"url\":\"https:\\\/\\\/www.galerijamaticesrpske.rs\\\/wp-content\\\/uploads\\\/2021\\\/01\\\/gms-logo-za-sajt.svg\",\"contentUrl\":\"https:\\\/\\\/www.galerijamaticesrpske.rs\\\/wp-content\\\/uploads\\\/2021\\\/01\\\/gms-logo-za-sajt.svg\",\"width\":1,\"height\":1,\"caption\":\"Galerija Matice srpske\"},\"image\":{\"@id\":\"https:\\\/\\\/www.galerijamaticesrpske.rs\\\/#\\\/schema\\\/logo\\\/image\\\/\"}}]}<\/script>\n<!-- \/ Yoast SEO plugin. -->","yoast_head_json":{"title":"Koncerti za decu \u201ePu\u0161kin na note\u201c | Galerija Matice srpske","description":"Po\u010detak decembra u Galeriji Matice srpkse bi\u0107e obele\u017een jo\u0161 jednom realizacijom koncerata za decu Pu\u0161kin na note u saradnji sa Muzi\u010dkom omladinom Novog Sada.","robots":{"index":"index","follow":"follow","max-snippet":"max-snippet:-1","max-image-preview":"max-image-preview:large","max-video-preview":"max-video-preview:-1"},"canonical":"https:\/\/www.galerijamaticesrpske.rs\/lat\/events\/koncerti-za-decu-puskin-na-note-2\/","og_locale":"en_US","og_type":"article","og_title":"Koncerti za decu \u201ePu\u0161kin na note\u201c | Galerija Matice srpske","og_description":"Po\u010detak decembra u Galeriji Matice srpkse bi\u0107e obele\u017een jo\u0161 jednom realizacijom koncerata za decu Pu\u0161kin na note u saradnji sa Muzi\u010dkom omladinom Novog Sada.","og_url":"https:\/\/www.galerijamaticesrpske.rs\/lat\/events\/koncerti-za-decu-puskin-na-note-2\/","og_site_name":"Galerija Matice srpske","article_modified_time":"2024-11-25T12:03:50+00:00","og_image":[{"width":1920,"height":800,"url":"https:\/\/www.galerijamaticesrpske.rs\/wp-content\/uploads\/2024\/11\/slajder-za-sajt-gms-jesen-zima-2024_novo.jpg","type":"image\/jpeg"}],"twitter_card":"summary_large_image","twitter_misc":{"Est. reading time":"1 minute"},"schema":{"@context":"https:\/\/schema.org","@graph":[{"@type":"WebPage","@id":"https:\/\/www.galerijamaticesrpske.rs\/lat\/events\/koncerti-za-decu-puskin-na-note-2\/","url":"https:\/\/www.galerijamaticesrpske.rs\/lat\/events\/koncerti-za-decu-puskin-na-note-2\/","name":"Koncerti za decu \u201ePu\u0161kin na note\u201c | Galerija Matice srpske","isPartOf":{"@id":"https:\/\/www.galerijamaticesrpske.rs\/#website"},"primaryImageOfPage":{"@id":"https:\/\/www.galerijamaticesrpske.rs\/lat\/events\/koncerti-za-decu-puskin-na-note-2\/#primaryimage"},"image":{"@id":"https:\/\/www.galerijamaticesrpske.rs\/lat\/events\/koncerti-za-decu-puskin-na-note-2\/#primaryimage"},"thumbnailUrl":"http:\/\/www.galerijamaticesrpske.rs\/wp-content\/uploads\/2024\/11\/slajder-za-sajt-gms-jesen-zima-2024_novo.jpg","datePublished":"2024-11-25T11:24:02+00:00","dateModified":"2024-11-25T12:03:50+00:00","description":"Po\u010detak decembra u Galeriji Matice srpkse bi\u0107e obele\u017een jo\u0161 jednom realizacijom koncerata za decu Pu\u0161kin na note u saradnji sa Muzi\u010dkom omladinom Novog Sada.","breadcrumb":{"@id":"https:\/\/www.galerijamaticesrpske.rs\/lat\/events\/koncerti-za-decu-puskin-na-note-2\/#breadcrumb"},"inLanguage":"sr-LAT","potentialAction":[{"@type":"ReadAction","target":["https:\/\/www.galerijamaticesrpske.rs\/lat\/events\/koncerti-za-decu-puskin-na-note-2\/"]}]},{"@type":"ImageObject","inLanguage":"sr-LAT","@id":"https:\/\/www.galerijamaticesrpske.rs\/lat\/events\/koncerti-za-decu-puskin-na-note-2\/#primaryimage","url":"http:\/\/www.galerijamaticesrpske.rs\/wp-content\/uploads\/2024\/11\/slajder-za-sajt-gms-jesen-zima-2024_novo.jpg","contentUrl":"http:\/\/www.galerijamaticesrpske.rs\/wp-content\/uploads\/2024\/11\/slajder-za-sajt-gms-jesen-zima-2024_novo.jpg","width":1920,"height":800},{"@type":"BreadcrumbList","@id":"https:\/\/www.galerijamaticesrpske.rs\/lat\/events\/koncerti-za-decu-puskin-na-note-2\/#breadcrumb","itemListElement":[{"@type":"ListItem","position":1,"name":"\u041f\u043e\u0447\u0435\u0442\u043d\u0430","item":"http:\/\/www.galerijamaticesrpske.rs\/lat\/"},{"@type":"ListItem","position":2,"name":"Events","item":"http:\/\/www.galerijamaticesrpske.rs\/lat\/events\/"},{"@type":"ListItem","position":3,"name":"Koncerti za decu \u201ePu\u0161kin na note\u201c"}]},{"@type":"WebSite","@id":"https:\/\/www.galerijamaticesrpske.rs\/#website","url":"https:\/\/www.galerijamaticesrpske.rs\/","name":"Galerija Matice srpske","description":"Muzej srpske nacionalne umetnosti u Novom Sadu","publisher":{"@id":"https:\/\/www.galerijamaticesrpske.rs\/#organization"},"potentialAction":[{"@type":"SearchAction","target":{"@type":"EntryPoint","urlTemplate":"https:\/\/www.galerijamaticesrpske.rs\/?s={search_term_string}"},"query-input":{"@type":"PropertyValueSpecification","valueRequired":true,"valueName":"search_term_string"}}],"inLanguage":"sr-LAT"},{"@type":"Organization","@id":"https:\/\/www.galerijamaticesrpske.rs\/#organization","name":"Galerija Matice srpske","url":"https:\/\/www.galerijamaticesrpske.rs\/","logo":{"@type":"ImageObject","inLanguage":"sr-LAT","@id":"https:\/\/www.galerijamaticesrpske.rs\/#\/schema\/logo\/image\/","url":"https:\/\/www.galerijamaticesrpske.rs\/wp-content\/uploads\/2021\/01\/gms-logo-za-sajt.svg","contentUrl":"https:\/\/www.galerijamaticesrpske.rs\/wp-content\/uploads\/2021\/01\/gms-logo-za-sajt.svg","width":1,"height":1,"caption":"Galerija Matice srpske"},"image":{"@id":"https:\/\/www.galerijamaticesrpske.rs\/#\/schema\/logo\/image\/"}}]}},"_links":{"self":[{"href":"http:\/\/www.galerijamaticesrpske.rs\/lat\/wp-json\/wp\/v2\/mec-events\/14028","targetHints":{"allow":["GET"]}}],"collection":[{"href":"http:\/\/www.galerijamaticesrpske.rs\/lat\/wp-json\/wp\/v2\/mec-events"}],"about":[{"href":"http:\/\/www.galerijamaticesrpske.rs\/lat\/wp-json\/wp\/v2\/types\/mec-events"}],"author":[{"embeddable":true,"href":"http:\/\/www.galerijamaticesrpske.rs\/lat\/wp-json\/wp\/v2\/users\/2"}],"replies":[{"embeddable":true,"href":"http:\/\/www.galerijamaticesrpske.rs\/lat\/wp-json\/wp\/v2\/comments?post=14028"}],"wp:featuredmedia":[{"embeddable":true,"href":"http:\/\/www.galerijamaticesrpske.rs\/lat\/wp-json\/wp\/v2\/media\/14027"}],"wp:attachment":[{"href":"http:\/\/www.galerijamaticesrpske.rs\/lat\/wp-json\/wp\/v2\/media?parent=14028"}],"wp:term":[{"taxonomy":"post_tag","embeddable":true,"href":"http:\/\/www.galerijamaticesrpske.rs\/lat\/wp-json\/wp\/v2\/tags?post=14028"},{"taxonomy":"mec_category","embeddable":true,"href":"http:\/\/www.galerijamaticesrpske.rs\/lat\/wp-json\/wp\/v2\/mec_category?post=14028"}],"curies":[{"name":"wp","href":"https:\/\/api.w.org\/{rel}","templated":true}]}}