{"id":14516,"date":"2025-03-18T12:43:52","date_gmt":"2025-03-18T12:43:52","guid":{"rendered":"https:\/\/www.galerijamaticesrpske.rs\/?post_type=mec-events&#038;p=14516"},"modified":"2025-03-18T12:44:08","modified_gmt":"2025-03-18T12:44:08","slug":"je-veux-parler-francais","status":"publish","type":"mec-events","link":"http:\/\/www.galerijamaticesrpske.rs\/lat\/events\/je-veux-parler-francais\/","title":{"rendered":"Je veux parler fran\u00e7ais"},"content":{"rendered":"<p>U martu \u2013 Mesecu frankofonije, na krilima ma\u0161te, uz pomo\u0107 umetnikih dela, uvek letimo do Francuske i dru\u017eimo se sa umetnicima koji su \u017eiveli, u\u010dili i radili u gradu umetnosti i svetlosti \u2013 Parizu. Kako bismo se dobro pripremili za ovo putovanje, prvo \u0107emo na jedan dan posetiti <strong>Francuski institut u Novom Sadu na adresi Bulevar Despota Stefana 5<\/strong>. Na toj adresi 22. marta odr\u017ea\u0107e se dve jezi\u010dke radionice \u2013 jedna za decu od 11.00 do 12.30 i jedna za tinejd\u017eere od 16.00 do 17.30. Tokom ovih radionica, u\u010ditelji francuskog jezika \u0107e opremiti decu i tinejd\u017eere francuskim umetni\u010dkim pojmovima kako bismo o umetnosti mogli da razgovaramo i na francuskom jeziku.<\/p>\n<p>Radionice se organizuju za <strong>maksimalno 15 mali\u0161ana uzrasta od 5 do 9 godina<\/strong>. Radionica je besplatna.<\/p>\n","protected":false},"excerpt":{"rendered":"<p>U martu \u2013 Mesecu frankofonije, na krilima ma\u0161te, uz pomo\u0107 umetnikih dela, uvek letimo do Francuske i dru\u017eimo se sa umetnicima koji su \u017eiveli, u\u010dili i radili u gradu umetnosti i svetlosti \u2013 Parizu. Kako bismo se dobro pripremili za ovo putovanje, prvo \u0107emo na jedan dan posetiti Francuski institut u Novom Sadu na adresi<\/p>\n","protected":false},"author":2,"featured_media":13532,"comment_status":"closed","ping_status":"closed","template":"","tags":[],"mec_category":[104],"class_list":["post-14516","mec-events","type-mec-events","status-publish","has-post-thumbnail","hentry","mec_category-kreativne-radionice-za-decu-subotom"],"acf":[],"yoast_head":"<!-- This site is optimized with the Yoast SEO plugin v27.3 - https:\/\/yoast.com\/product\/yoast-seo-wordpress\/ -->\n<title>Je veux parler fran\u00e7ais | Galerija Matice srpske<\/title>\n<meta name=\"description\" content=\"U martu \u2013 Mesecu frankofonije, na krilima ma\u0161te, uz pomo\u0107 umetnikih dela, uvek letimo do Francuske i dru\u017eimo se sa umetnicima koji su \u017eiveli, u\u010dili i radili u gradu umetnosti i svetlosti \u2013 Parizu.\" \/>\n<meta name=\"robots\" content=\"index, follow, max-snippet:-1, max-image-preview:large, max-video-preview:-1\" \/>\n<link rel=\"canonical\" href=\"http:\/\/www.galerijamaticesrpske.rs\/lat\/events\/je-veux-parler-francais\/\" \/>\n<meta property=\"og:locale\" content=\"en_US\" \/>\n<meta property=\"og:type\" content=\"article\" \/>\n<meta property=\"og:title\" content=\"Je veux parler fran\u00e7ais | Galerija Matice srpske\" \/>\n<meta property=\"og:description\" content=\"U martu \u2013 Mesecu frankofonije, na krilima ma\u0161te, uz pomo\u0107 umetnikih dela, uvek letimo do Francuske i dru\u017eimo se sa umetnicima koji su \u017eiveli, u\u010dili i radili u gradu umetnosti i svetlosti \u2013 Parizu.\" \/>\n<meta property=\"og:url\" content=\"http:\/\/www.galerijamaticesrpske.rs\/lat\/events\/je-veux-parler-francais\/\" \/>\n<meta property=\"og:site_name\" content=\"Galerija Matice srpske\" \/>\n<meta property=\"article:modified_time\" content=\"2025-03-18T12:44:08+00:00\" \/>\n<meta property=\"og:image\" content=\"http:\/\/www.galerijamaticesrpske.rs\/wp-content\/uploads\/2024\/11\/predrag-pedja-milosavljevic-krovovi-1952.jpg\" \/>\n\t<meta property=\"og:image:width\" content=\"1200\" \/>\n\t<meta property=\"og:image:height\" content=\"971\" \/>\n\t<meta property=\"og:image:type\" content=\"image\/jpeg\" \/>\n<meta name=\"twitter:card\" content=\"summary_large_image\" \/>\n<meta name=\"twitter:label1\" content=\"Est. reading time\" \/>\n\t<meta name=\"twitter:data1\" content=\"1 minute\" \/>\n<script type=\"application\/ld+json\" class=\"yoast-schema-graph\">{\"@context\":\"https:\\\/\\\/schema.org\",\"@graph\":[{\"@type\":\"WebPage\",\"@id\":\"http:\\\/\\\/www.galerijamaticesrpske.rs\\\/lat\\\/events\\\/je-veux-parler-francais\\\/\",\"url\":\"http:\\\/\\\/www.galerijamaticesrpske.rs\\\/lat\\\/events\\\/je-veux-parler-francais\\\/\",\"name\":\"Je veux parler fran\u00e7ais | Galerija Matice srpske\",\"isPartOf\":{\"@id\":\"https:\\\/\\\/www.galerijamaticesrpske.rs\\\/#website\"},\"primaryImageOfPage\":{\"@id\":\"http:\\\/\\\/www.galerijamaticesrpske.rs\\\/lat\\\/events\\\/je-veux-parler-francais\\\/#primaryimage\"},\"image\":{\"@id\":\"http:\\\/\\\/www.galerijamaticesrpske.rs\\\/lat\\\/events\\\/je-veux-parler-francais\\\/#primaryimage\"},\"thumbnailUrl\":\"http:\\\/\\\/www.galerijamaticesrpske.rs\\\/wp-content\\\/uploads\\\/2024\\\/11\\\/predrag-pedja-milosavljevic-krovovi-1952.jpg\",\"datePublished\":\"2025-03-18T12:43:52+00:00\",\"dateModified\":\"2025-03-18T12:44:08+00:00\",\"description\":\"U martu \u2013 Mesecu frankofonije, na krilima ma\u0161te, uz pomo\u0107 umetnikih dela, uvek letimo do Francuske i dru\u017eimo se sa umetnicima koji su \u017eiveli, u\u010dili i radili u gradu umetnosti i svetlosti \u2013 Parizu.\",\"breadcrumb\":{\"@id\":\"http:\\\/\\\/www.galerijamaticesrpske.rs\\\/lat\\\/events\\\/je-veux-parler-francais\\\/#breadcrumb\"},\"inLanguage\":\"sr-LAT\",\"potentialAction\":[{\"@type\":\"ReadAction\",\"target\":[\"http:\\\/\\\/www.galerijamaticesrpske.rs\\\/lat\\\/events\\\/je-veux-parler-francais\\\/\"]}]},{\"@type\":\"ImageObject\",\"inLanguage\":\"sr-LAT\",\"@id\":\"http:\\\/\\\/www.galerijamaticesrpske.rs\\\/lat\\\/events\\\/je-veux-parler-francais\\\/#primaryimage\",\"url\":\"http:\\\/\\\/www.galerijamaticesrpske.rs\\\/wp-content\\\/uploads\\\/2024\\\/11\\\/predrag-pedja-milosavljevic-krovovi-1952.jpg\",\"contentUrl\":\"http:\\\/\\\/www.galerijamaticesrpske.rs\\\/wp-content\\\/uploads\\\/2024\\\/11\\\/predrag-pedja-milosavljevic-krovovi-1952.jpg\",\"width\":1200,\"height\":971,\"caption\":\"Predrag-Pedja-Milosavljevic-Krovovi-1952\"},{\"@type\":\"BreadcrumbList\",\"@id\":\"http:\\\/\\\/www.galerijamaticesrpske.rs\\\/lat\\\/events\\\/je-veux-parler-francais\\\/#breadcrumb\",\"itemListElement\":[{\"@type\":\"ListItem\",\"position\":1,\"name\":\"\u041f\u043e\u0447\u0435\u0442\u043d\u0430\",\"item\":\"http:\\\/\\\/www.galerijamaticesrpske.rs\\\/lat\\\/\"},{\"@type\":\"ListItem\",\"position\":2,\"name\":\"Events\",\"item\":\"http:\\\/\\\/www.galerijamaticesrpske.rs\\\/lat\\\/events\\\/\"},{\"@type\":\"ListItem\",\"position\":3,\"name\":\"Je veux parler fran\u00e7ais\"}]},{\"@type\":\"WebSite\",\"@id\":\"https:\\\/\\\/www.galerijamaticesrpske.rs\\\/#website\",\"url\":\"https:\\\/\\\/www.galerijamaticesrpske.rs\\\/\",\"name\":\"Galerija Matice srpske\",\"description\":\"Muzej srpske nacionalne umetnosti u Novom Sadu\",\"publisher\":{\"@id\":\"https:\\\/\\\/www.galerijamaticesrpske.rs\\\/#organization\"},\"potentialAction\":[{\"@type\":\"SearchAction\",\"target\":{\"@type\":\"EntryPoint\",\"urlTemplate\":\"https:\\\/\\\/www.galerijamaticesrpske.rs\\\/?s={search_term_string}\"},\"query-input\":{\"@type\":\"PropertyValueSpecification\",\"valueRequired\":true,\"valueName\":\"search_term_string\"}}],\"inLanguage\":\"sr-LAT\"},{\"@type\":\"Organization\",\"@id\":\"https:\\\/\\\/www.galerijamaticesrpske.rs\\\/#organization\",\"name\":\"Galerija Matice srpske\",\"url\":\"https:\\\/\\\/www.galerijamaticesrpske.rs\\\/\",\"logo\":{\"@type\":\"ImageObject\",\"inLanguage\":\"sr-LAT\",\"@id\":\"https:\\\/\\\/www.galerijamaticesrpske.rs\\\/#\\\/schema\\\/logo\\\/image\\\/\",\"url\":\"https:\\\/\\\/www.galerijamaticesrpske.rs\\\/wp-content\\\/uploads\\\/2021\\\/01\\\/gms-logo-za-sajt.svg\",\"contentUrl\":\"https:\\\/\\\/www.galerijamaticesrpske.rs\\\/wp-content\\\/uploads\\\/2021\\\/01\\\/gms-logo-za-sajt.svg\",\"width\":1,\"height\":1,\"caption\":\"Galerija Matice srpske\"},\"image\":{\"@id\":\"https:\\\/\\\/www.galerijamaticesrpske.rs\\\/#\\\/schema\\\/logo\\\/image\\\/\"}}]}<\/script>\n<!-- \/ Yoast SEO plugin. -->","yoast_head_json":{"title":"Je veux parler fran\u00e7ais | Galerija Matice srpske","description":"U martu \u2013 Mesecu frankofonije, na krilima ma\u0161te, uz pomo\u0107 umetnikih dela, uvek letimo do Francuske i dru\u017eimo se sa umetnicima koji su \u017eiveli, u\u010dili i radili u gradu umetnosti i svetlosti \u2013 Parizu.","robots":{"index":"index","follow":"follow","max-snippet":"max-snippet:-1","max-image-preview":"max-image-preview:large","max-video-preview":"max-video-preview:-1"},"canonical":"http:\/\/www.galerijamaticesrpske.rs\/lat\/events\/je-veux-parler-francais\/","og_locale":"en_US","og_type":"article","og_title":"Je veux parler fran\u00e7ais | Galerija Matice srpske","og_description":"U martu \u2013 Mesecu frankofonije, na krilima ma\u0161te, uz pomo\u0107 umetnikih dela, uvek letimo do Francuske i dru\u017eimo se sa umetnicima koji su \u017eiveli, u\u010dili i radili u gradu umetnosti i svetlosti \u2013 Parizu.","og_url":"http:\/\/www.galerijamaticesrpske.rs\/lat\/events\/je-veux-parler-francais\/","og_site_name":"Galerija Matice srpske","article_modified_time":"2025-03-18T12:44:08+00:00","og_image":[{"width":1200,"height":971,"url":"http:\/\/www.galerijamaticesrpske.rs\/wp-content\/uploads\/2024\/11\/predrag-pedja-milosavljevic-krovovi-1952.jpg","type":"image\/jpeg"}],"twitter_card":"summary_large_image","twitter_misc":{"Est. reading time":"1 minute"},"schema":{"@context":"https:\/\/schema.org","@graph":[{"@type":"WebPage","@id":"http:\/\/www.galerijamaticesrpske.rs\/lat\/events\/je-veux-parler-francais\/","url":"http:\/\/www.galerijamaticesrpske.rs\/lat\/events\/je-veux-parler-francais\/","name":"Je veux parler fran\u00e7ais | Galerija Matice srpske","isPartOf":{"@id":"https:\/\/www.galerijamaticesrpske.rs\/#website"},"primaryImageOfPage":{"@id":"http:\/\/www.galerijamaticesrpske.rs\/lat\/events\/je-veux-parler-francais\/#primaryimage"},"image":{"@id":"http:\/\/www.galerijamaticesrpske.rs\/lat\/events\/je-veux-parler-francais\/#primaryimage"},"thumbnailUrl":"http:\/\/www.galerijamaticesrpske.rs\/wp-content\/uploads\/2024\/11\/predrag-pedja-milosavljevic-krovovi-1952.jpg","datePublished":"2025-03-18T12:43:52+00:00","dateModified":"2025-03-18T12:44:08+00:00","description":"U martu \u2013 Mesecu frankofonije, na krilima ma\u0161te, uz pomo\u0107 umetnikih dela, uvek letimo do Francuske i dru\u017eimo se sa umetnicima koji su \u017eiveli, u\u010dili i radili u gradu umetnosti i svetlosti \u2013 Parizu.","breadcrumb":{"@id":"http:\/\/www.galerijamaticesrpske.rs\/lat\/events\/je-veux-parler-francais\/#breadcrumb"},"inLanguage":"sr-LAT","potentialAction":[{"@type":"ReadAction","target":["http:\/\/www.galerijamaticesrpske.rs\/lat\/events\/je-veux-parler-francais\/"]}]},{"@type":"ImageObject","inLanguage":"sr-LAT","@id":"http:\/\/www.galerijamaticesrpske.rs\/lat\/events\/je-veux-parler-francais\/#primaryimage","url":"http:\/\/www.galerijamaticesrpske.rs\/wp-content\/uploads\/2024\/11\/predrag-pedja-milosavljevic-krovovi-1952.jpg","contentUrl":"http:\/\/www.galerijamaticesrpske.rs\/wp-content\/uploads\/2024\/11\/predrag-pedja-milosavljevic-krovovi-1952.jpg","width":1200,"height":971,"caption":"Predrag-Pedja-Milosavljevic-Krovovi-1952"},{"@type":"BreadcrumbList","@id":"http:\/\/www.galerijamaticesrpske.rs\/lat\/events\/je-veux-parler-francais\/#breadcrumb","itemListElement":[{"@type":"ListItem","position":1,"name":"\u041f\u043e\u0447\u0435\u0442\u043d\u0430","item":"http:\/\/www.galerijamaticesrpske.rs\/lat\/"},{"@type":"ListItem","position":2,"name":"Events","item":"http:\/\/www.galerijamaticesrpske.rs\/lat\/events\/"},{"@type":"ListItem","position":3,"name":"Je veux parler fran\u00e7ais"}]},{"@type":"WebSite","@id":"https:\/\/www.galerijamaticesrpske.rs\/#website","url":"https:\/\/www.galerijamaticesrpske.rs\/","name":"Galerija Matice srpske","description":"Muzej srpske nacionalne umetnosti u Novom Sadu","publisher":{"@id":"https:\/\/www.galerijamaticesrpske.rs\/#organization"},"potentialAction":[{"@type":"SearchAction","target":{"@type":"EntryPoint","urlTemplate":"https:\/\/www.galerijamaticesrpske.rs\/?s={search_term_string}"},"query-input":{"@type":"PropertyValueSpecification","valueRequired":true,"valueName":"search_term_string"}}],"inLanguage":"sr-LAT"},{"@type":"Organization","@id":"https:\/\/www.galerijamaticesrpske.rs\/#organization","name":"Galerija Matice srpske","url":"https:\/\/www.galerijamaticesrpske.rs\/","logo":{"@type":"ImageObject","inLanguage":"sr-LAT","@id":"https:\/\/www.galerijamaticesrpske.rs\/#\/schema\/logo\/image\/","url":"https:\/\/www.galerijamaticesrpske.rs\/wp-content\/uploads\/2021\/01\/gms-logo-za-sajt.svg","contentUrl":"https:\/\/www.galerijamaticesrpske.rs\/wp-content\/uploads\/2021\/01\/gms-logo-za-sajt.svg","width":1,"height":1,"caption":"Galerija Matice srpske"},"image":{"@id":"https:\/\/www.galerijamaticesrpske.rs\/#\/schema\/logo\/image\/"}}]}},"_links":{"self":[{"href":"http:\/\/www.galerijamaticesrpske.rs\/lat\/wp-json\/wp\/v2\/mec-events\/14516","targetHints":{"allow":["GET"]}}],"collection":[{"href":"http:\/\/www.galerijamaticesrpske.rs\/lat\/wp-json\/wp\/v2\/mec-events"}],"about":[{"href":"http:\/\/www.galerijamaticesrpske.rs\/lat\/wp-json\/wp\/v2\/types\/mec-events"}],"author":[{"embeddable":true,"href":"http:\/\/www.galerijamaticesrpske.rs\/lat\/wp-json\/wp\/v2\/users\/2"}],"replies":[{"embeddable":true,"href":"http:\/\/www.galerijamaticesrpske.rs\/lat\/wp-json\/wp\/v2\/comments?post=14516"}],"wp:featuredmedia":[{"embeddable":true,"href":"http:\/\/www.galerijamaticesrpske.rs\/lat\/wp-json\/wp\/v2\/media\/13532"}],"wp:attachment":[{"href":"http:\/\/www.galerijamaticesrpske.rs\/lat\/wp-json\/wp\/v2\/media?parent=14516"}],"wp:term":[{"taxonomy":"post_tag","embeddable":true,"href":"http:\/\/www.galerijamaticesrpske.rs\/lat\/wp-json\/wp\/v2\/tags?post=14516"},{"taxonomy":"mec_category","embeddable":true,"href":"http:\/\/www.galerijamaticesrpske.rs\/lat\/wp-json\/wp\/v2\/mec_category?post=14516"}],"curies":[{"name":"wp","href":"https:\/\/api.w.org\/{rel}","templated":true}]}}