{"id":16131,"date":"2026-01-19T09:31:18","date_gmt":"2026-01-19T09:31:18","guid":{"rendered":"https:\/\/www.galerijamaticesrpske.rs\/?post_type=mec-events&#038;p=16131"},"modified":"2026-01-19T09:31:18","modified_gmt":"2026-01-19T09:31:18","slug":"sta-je-pakovao-lazar-vozarevic-tajne-u-nazivima-slika-posle-enformela","status":"publish","type":"mec-events","link":"http:\/\/www.galerijamaticesrpske.rs\/lat\/events\/sta-je-pakovao-lazar-vozarevic-tajne-u-nazivima-slika-posle-enformela\/","title":{"rendered":"\u0160ta je pakovao Lazar Vozarevi\u0107? Tajne u nazivima slika posle enformela"},"content":{"rendered":"<p>Prate\u0107i program izlo\u017ebe\u00a0<a href=\"https:\/\/www.galerijamaticesrpske.rs\/lat\/events\/lazar-vozarevic-galerija-u-gostima\/\"><em><strong>Lazar Vozarevi\u0107. Galerija u gostima<\/strong><\/em><\/a><\/p>\n<p>U poslednjim godinama Vozarevi\u0107evog stvarala\u0161tva, naro\u010dito u periodu od 1966. do 1968. godine, pojavljuju se pojmovi koji se usko vezuju za fiziku. <em>Difrakcija, Kohezija, Specifi\u010dno kretanje, Pravilne mase, Gusto pakovanje<\/em> i mnogi drugi nazivi dela naveli su nas da poku\u0161amo da rastuma\u010dimo kako je Vozarevi\u0107 u fazi posle enformela mislio o svetu u kom je stvarao i na koji na\u010din je taj svet preveo u jezik umetnosti.<\/p>\n<p>Po\u010dev\u0161i od kraja 19. veka, umetnost reaguje na krizu dotada\u0161njeg poimanja realnosti. Prirodne nauke menjaju sliku sveta u kom prostor i vreme vi\u0161e nisu stabilni, materija nije \u010dvrsta, percepcija nije pouzdana, \u0161to je podrivalo uverenje u postojanje objektivne stvarnosti. Umetnost ne ilustruje direktno nau\u010dna otkri\u0107a, ve\u0107 usvaja i likovno razra\u0111uje apstraktne ideje i promene u percepciji do kojih su nova otkri\u0107a dovela.<\/p>\n<p>Na predavanju Ivane Janji\u0107, kustoskinje GMS i Jovana Bikickog, operativnog fizi\u010dara bi\u0107e predstavljeni odabrani primeri evropske umetnosti koji ilustruju zakonitosti prirodnih nauka, kao i ilustracije i poja\u0161njenja pojmova iz fizike koje Lazar Vozarevi\u0107 uvodi u svoja dela.<\/p>\n<p>Predavanje dr\u017ee:<strong> Ivana Janji\u0107<\/strong>, kustoskinja i <strong>Jovan Bikicki<\/strong>, operativni fizi\u010dar<\/p>\n","protected":false},"excerpt":{"rendered":"<p>Prate\u0107i program izlo\u017ebe\u00a0Lazar Vozarevi\u0107. Galerija u gostima U poslednjim godinama Vozarevi\u0107evog stvarala\u0161tva, naro\u010dito u periodu od 1966. do 1968. godine, pojavljuju se pojmovi koji se usko vezuju za fiziku. Difrakcija, Kohezija, Specifi\u010dno kretanje, Pravilne mase, Gusto pakovanje i mnogi drugi nazivi dela naveli su nas da poku\u0161amo da rastuma\u010dimo kako je Vozarevi\u0107 u fazi posle<\/p>\n","protected":false},"author":2,"featured_media":15544,"comment_status":"closed","ping_status":"closed","template":"","tags":[],"mec_category":[107],"class_list":["post-16131","mec-events","type-mec-events","status-publish","has-post-thumbnail","hentry","mec_category-predavanja"],"acf":[],"yoast_head":"<!-- This site is optimized with the Yoast SEO plugin v27.3 - https:\/\/yoast.com\/product\/yoast-seo-wordpress\/ -->\n<title>\u0160ta je pakovao Lazar Vozarevi\u0107? Tajne u nazivima slika posle enformela | Galerija Matice srpske<\/title>\n<meta name=\"description\" content=\"U poslednjim godinama Vozarevi\u0107evog stvarala\u0161tva, naro\u010dito u periodu od 1966. do 1968. godine, pojavljuju se pojmovi koji se usko vezuju za fiziku.\" \/>\n<meta name=\"robots\" content=\"index, follow, max-snippet:-1, max-image-preview:large, max-video-preview:-1\" \/>\n<link rel=\"canonical\" href=\"http:\/\/www.galerijamaticesrpske.rs\/lat\/events\/sta-je-pakovao-lazar-vozarevic-tajne-u-nazivima-slika-posle-enformela\/\" \/>\n<meta property=\"og:locale\" content=\"en_US\" \/>\n<meta property=\"og:type\" content=\"article\" \/>\n<meta property=\"og:title\" content=\"\u0160ta je pakovao Lazar Vozarevi\u0107? Tajne u nazivima slika posle enformela | Galerija Matice srpske\" \/>\n<meta property=\"og:description\" content=\"U poslednjim godinama Vozarevi\u0107evog stvarala\u0161tva, naro\u010dito u periodu od 1966. do 1968. godine, pojavljuju se pojmovi koji se usko vezuju za fiziku.\" \/>\n<meta property=\"og:url\" content=\"http:\/\/www.galerijamaticesrpske.rs\/lat\/events\/sta-je-pakovao-lazar-vozarevic-tajne-u-nazivima-slika-posle-enformela\/\" \/>\n<meta property=\"og:site_name\" content=\"Galerija Matice srpske\" \/>\n<meta property=\"og:image\" content=\"http:\/\/www.galerijamaticesrpske.rs\/wp-content\/uploads\/2025\/09\/1920x1080_srp.jpg\" \/>\n\t<meta property=\"og:image:width\" content=\"1920\" \/>\n\t<meta property=\"og:image:height\" content=\"1080\" \/>\n\t<meta property=\"og:image:type\" content=\"image\/jpeg\" \/>\n<meta name=\"twitter:card\" content=\"summary_large_image\" \/>\n<meta name=\"twitter:label1\" content=\"Est. reading time\" \/>\n\t<meta name=\"twitter:data1\" content=\"1 minute\" \/>\n<script type=\"application\/ld+json\" class=\"yoast-schema-graph\">{\"@context\":\"https:\\\/\\\/schema.org\",\"@graph\":[{\"@type\":\"WebPage\",\"@id\":\"http:\\\/\\\/www.galerijamaticesrpske.rs\\\/lat\\\/events\\\/sta-je-pakovao-lazar-vozarevic-tajne-u-nazivima-slika-posle-enformela\\\/\",\"url\":\"http:\\\/\\\/www.galerijamaticesrpske.rs\\\/lat\\\/events\\\/sta-je-pakovao-lazar-vozarevic-tajne-u-nazivima-slika-posle-enformela\\\/\",\"name\":\"\u0160ta je pakovao Lazar Vozarevi\u0107? Tajne u nazivima slika posle enformela | Galerija Matice srpske\",\"isPartOf\":{\"@id\":\"https:\\\/\\\/www.galerijamaticesrpske.rs\\\/#website\"},\"primaryImageOfPage\":{\"@id\":\"http:\\\/\\\/www.galerijamaticesrpske.rs\\\/lat\\\/events\\\/sta-je-pakovao-lazar-vozarevic-tajne-u-nazivima-slika-posle-enformela\\\/#primaryimage\"},\"image\":{\"@id\":\"http:\\\/\\\/www.galerijamaticesrpske.rs\\\/lat\\\/events\\\/sta-je-pakovao-lazar-vozarevic-tajne-u-nazivima-slika-posle-enformela\\\/#primaryimage\"},\"thumbnailUrl\":\"http:\\\/\\\/www.galerijamaticesrpske.rs\\\/wp-content\\\/uploads\\\/2025\\\/09\\\/1920x1080_srp.jpg\",\"datePublished\":\"2026-01-19T09:31:18+00:00\",\"description\":\"U poslednjim godinama Vozarevi\u0107evog stvarala\u0161tva, naro\u010dito u periodu od 1966. do 1968. godine, pojavljuju se pojmovi koji se usko vezuju za fiziku.\",\"breadcrumb\":{\"@id\":\"http:\\\/\\\/www.galerijamaticesrpske.rs\\\/lat\\\/events\\\/sta-je-pakovao-lazar-vozarevic-tajne-u-nazivima-slika-posle-enformela\\\/#breadcrumb\"},\"inLanguage\":\"sr-LAT\",\"potentialAction\":[{\"@type\":\"ReadAction\",\"target\":[\"http:\\\/\\\/www.galerijamaticesrpske.rs\\\/lat\\\/events\\\/sta-je-pakovao-lazar-vozarevic-tajne-u-nazivima-slika-posle-enformela\\\/\"]}]},{\"@type\":\"ImageObject\",\"inLanguage\":\"sr-LAT\",\"@id\":\"http:\\\/\\\/www.galerijamaticesrpske.rs\\\/lat\\\/events\\\/sta-je-pakovao-lazar-vozarevic-tajne-u-nazivima-slika-posle-enformela\\\/#primaryimage\",\"url\":\"http:\\\/\\\/www.galerijamaticesrpske.rs\\\/wp-content\\\/uploads\\\/2025\\\/09\\\/1920x1080_srp.jpg\",\"contentUrl\":\"http:\\\/\\\/www.galerijamaticesrpske.rs\\\/wp-content\\\/uploads\\\/2025\\\/09\\\/1920x1080_srp.jpg\",\"width\":1920,\"height\":1080},{\"@type\":\"BreadcrumbList\",\"@id\":\"http:\\\/\\\/www.galerijamaticesrpske.rs\\\/lat\\\/events\\\/sta-je-pakovao-lazar-vozarevic-tajne-u-nazivima-slika-posle-enformela\\\/#breadcrumb\",\"itemListElement\":[{\"@type\":\"ListItem\",\"position\":1,\"name\":\"\u041f\u043e\u0447\u0435\u0442\u043d\u0430\",\"item\":\"http:\\\/\\\/www.galerijamaticesrpske.rs\\\/lat\\\/\"},{\"@type\":\"ListItem\",\"position\":2,\"name\":\"Events\",\"item\":\"http:\\\/\\\/www.galerijamaticesrpske.rs\\\/lat\\\/events\\\/\"},{\"@type\":\"ListItem\",\"position\":3,\"name\":\"\u0160ta je pakovao Lazar Vozarevi\u0107? Tajne u nazivima slika posle enformela\"}]},{\"@type\":\"WebSite\",\"@id\":\"https:\\\/\\\/www.galerijamaticesrpske.rs\\\/#website\",\"url\":\"https:\\\/\\\/www.galerijamaticesrpske.rs\\\/\",\"name\":\"Galerija Matice srpske\",\"description\":\"Muzej srpske nacionalne umetnosti u Novom Sadu\",\"publisher\":{\"@id\":\"https:\\\/\\\/www.galerijamaticesrpske.rs\\\/#organization\"},\"potentialAction\":[{\"@type\":\"SearchAction\",\"target\":{\"@type\":\"EntryPoint\",\"urlTemplate\":\"https:\\\/\\\/www.galerijamaticesrpske.rs\\\/?s={search_term_string}\"},\"query-input\":{\"@type\":\"PropertyValueSpecification\",\"valueRequired\":true,\"valueName\":\"search_term_string\"}}],\"inLanguage\":\"sr-LAT\"},{\"@type\":\"Organization\",\"@id\":\"https:\\\/\\\/www.galerijamaticesrpske.rs\\\/#organization\",\"name\":\"Galerija Matice srpske\",\"url\":\"https:\\\/\\\/www.galerijamaticesrpske.rs\\\/\",\"logo\":{\"@type\":\"ImageObject\",\"inLanguage\":\"sr-LAT\",\"@id\":\"https:\\\/\\\/www.galerijamaticesrpske.rs\\\/#\\\/schema\\\/logo\\\/image\\\/\",\"url\":\"https:\\\/\\\/www.galerijamaticesrpske.rs\\\/wp-content\\\/uploads\\\/2021\\\/01\\\/gms-logo-za-sajt.svg\",\"contentUrl\":\"https:\\\/\\\/www.galerijamaticesrpske.rs\\\/wp-content\\\/uploads\\\/2021\\\/01\\\/gms-logo-za-sajt.svg\",\"width\":1,\"height\":1,\"caption\":\"Galerija Matice srpske\"},\"image\":{\"@id\":\"https:\\\/\\\/www.galerijamaticesrpske.rs\\\/#\\\/schema\\\/logo\\\/image\\\/\"}}]}<\/script>\n<!-- \/ Yoast SEO plugin. -->","yoast_head_json":{"title":"\u0160ta je pakovao Lazar Vozarevi\u0107? Tajne u nazivima slika posle enformela | Galerija Matice srpske","description":"U poslednjim godinama Vozarevi\u0107evog stvarala\u0161tva, naro\u010dito u periodu od 1966. do 1968. godine, pojavljuju se pojmovi koji se usko vezuju za fiziku.","robots":{"index":"index","follow":"follow","max-snippet":"max-snippet:-1","max-image-preview":"max-image-preview:large","max-video-preview":"max-video-preview:-1"},"canonical":"http:\/\/www.galerijamaticesrpske.rs\/lat\/events\/sta-je-pakovao-lazar-vozarevic-tajne-u-nazivima-slika-posle-enformela\/","og_locale":"en_US","og_type":"article","og_title":"\u0160ta je pakovao Lazar Vozarevi\u0107? Tajne u nazivima slika posle enformela | Galerija Matice srpske","og_description":"U poslednjim godinama Vozarevi\u0107evog stvarala\u0161tva, naro\u010dito u periodu od 1966. do 1968. godine, pojavljuju se pojmovi koji se usko vezuju za fiziku.","og_url":"http:\/\/www.galerijamaticesrpske.rs\/lat\/events\/sta-je-pakovao-lazar-vozarevic-tajne-u-nazivima-slika-posle-enformela\/","og_site_name":"Galerija Matice srpske","og_image":[{"width":1920,"height":1080,"url":"http:\/\/www.galerijamaticesrpske.rs\/wp-content\/uploads\/2025\/09\/1920x1080_srp.jpg","type":"image\/jpeg"}],"twitter_card":"summary_large_image","twitter_misc":{"Est. reading time":"1 minute"},"schema":{"@context":"https:\/\/schema.org","@graph":[{"@type":"WebPage","@id":"http:\/\/www.galerijamaticesrpske.rs\/lat\/events\/sta-je-pakovao-lazar-vozarevic-tajne-u-nazivima-slika-posle-enformela\/","url":"http:\/\/www.galerijamaticesrpske.rs\/lat\/events\/sta-je-pakovao-lazar-vozarevic-tajne-u-nazivima-slika-posle-enformela\/","name":"\u0160ta je pakovao Lazar Vozarevi\u0107? Tajne u nazivima slika posle enformela | Galerija Matice srpske","isPartOf":{"@id":"https:\/\/www.galerijamaticesrpske.rs\/#website"},"primaryImageOfPage":{"@id":"http:\/\/www.galerijamaticesrpske.rs\/lat\/events\/sta-je-pakovao-lazar-vozarevic-tajne-u-nazivima-slika-posle-enformela\/#primaryimage"},"image":{"@id":"http:\/\/www.galerijamaticesrpske.rs\/lat\/events\/sta-je-pakovao-lazar-vozarevic-tajne-u-nazivima-slika-posle-enformela\/#primaryimage"},"thumbnailUrl":"http:\/\/www.galerijamaticesrpske.rs\/wp-content\/uploads\/2025\/09\/1920x1080_srp.jpg","datePublished":"2026-01-19T09:31:18+00:00","description":"U poslednjim godinama Vozarevi\u0107evog stvarala\u0161tva, naro\u010dito u periodu od 1966. do 1968. godine, pojavljuju se pojmovi koji se usko vezuju za fiziku.","breadcrumb":{"@id":"http:\/\/www.galerijamaticesrpske.rs\/lat\/events\/sta-je-pakovao-lazar-vozarevic-tajne-u-nazivima-slika-posle-enformela\/#breadcrumb"},"inLanguage":"sr-LAT","potentialAction":[{"@type":"ReadAction","target":["http:\/\/www.galerijamaticesrpske.rs\/lat\/events\/sta-je-pakovao-lazar-vozarevic-tajne-u-nazivima-slika-posle-enformela\/"]}]},{"@type":"ImageObject","inLanguage":"sr-LAT","@id":"http:\/\/www.galerijamaticesrpske.rs\/lat\/events\/sta-je-pakovao-lazar-vozarevic-tajne-u-nazivima-slika-posle-enformela\/#primaryimage","url":"http:\/\/www.galerijamaticesrpske.rs\/wp-content\/uploads\/2025\/09\/1920x1080_srp.jpg","contentUrl":"http:\/\/www.galerijamaticesrpske.rs\/wp-content\/uploads\/2025\/09\/1920x1080_srp.jpg","width":1920,"height":1080},{"@type":"BreadcrumbList","@id":"http:\/\/www.galerijamaticesrpske.rs\/lat\/events\/sta-je-pakovao-lazar-vozarevic-tajne-u-nazivima-slika-posle-enformela\/#breadcrumb","itemListElement":[{"@type":"ListItem","position":1,"name":"\u041f\u043e\u0447\u0435\u0442\u043d\u0430","item":"http:\/\/www.galerijamaticesrpske.rs\/lat\/"},{"@type":"ListItem","position":2,"name":"Events","item":"http:\/\/www.galerijamaticesrpske.rs\/lat\/events\/"},{"@type":"ListItem","position":3,"name":"\u0160ta je pakovao Lazar Vozarevi\u0107? Tajne u nazivima slika posle enformela"}]},{"@type":"WebSite","@id":"https:\/\/www.galerijamaticesrpske.rs\/#website","url":"https:\/\/www.galerijamaticesrpske.rs\/","name":"Galerija Matice srpske","description":"Muzej srpske nacionalne umetnosti u Novom Sadu","publisher":{"@id":"https:\/\/www.galerijamaticesrpske.rs\/#organization"},"potentialAction":[{"@type":"SearchAction","target":{"@type":"EntryPoint","urlTemplate":"https:\/\/www.galerijamaticesrpske.rs\/?s={search_term_string}"},"query-input":{"@type":"PropertyValueSpecification","valueRequired":true,"valueName":"search_term_string"}}],"inLanguage":"sr-LAT"},{"@type":"Organization","@id":"https:\/\/www.galerijamaticesrpske.rs\/#organization","name":"Galerija Matice srpske","url":"https:\/\/www.galerijamaticesrpske.rs\/","logo":{"@type":"ImageObject","inLanguage":"sr-LAT","@id":"https:\/\/www.galerijamaticesrpske.rs\/#\/schema\/logo\/image\/","url":"https:\/\/www.galerijamaticesrpske.rs\/wp-content\/uploads\/2021\/01\/gms-logo-za-sajt.svg","contentUrl":"https:\/\/www.galerijamaticesrpske.rs\/wp-content\/uploads\/2021\/01\/gms-logo-za-sajt.svg","width":1,"height":1,"caption":"Galerija Matice srpske"},"image":{"@id":"https:\/\/www.galerijamaticesrpske.rs\/#\/schema\/logo\/image\/"}}]}},"_links":{"self":[{"href":"http:\/\/www.galerijamaticesrpske.rs\/lat\/wp-json\/wp\/v2\/mec-events\/16131","targetHints":{"allow":["GET"]}}],"collection":[{"href":"http:\/\/www.galerijamaticesrpske.rs\/lat\/wp-json\/wp\/v2\/mec-events"}],"about":[{"href":"http:\/\/www.galerijamaticesrpske.rs\/lat\/wp-json\/wp\/v2\/types\/mec-events"}],"author":[{"embeddable":true,"href":"http:\/\/www.galerijamaticesrpske.rs\/lat\/wp-json\/wp\/v2\/users\/2"}],"replies":[{"embeddable":true,"href":"http:\/\/www.galerijamaticesrpske.rs\/lat\/wp-json\/wp\/v2\/comments?post=16131"}],"wp:featuredmedia":[{"embeddable":true,"href":"http:\/\/www.galerijamaticesrpske.rs\/lat\/wp-json\/wp\/v2\/media\/15544"}],"wp:attachment":[{"href":"http:\/\/www.galerijamaticesrpske.rs\/lat\/wp-json\/wp\/v2\/media?parent=16131"}],"wp:term":[{"taxonomy":"post_tag","embeddable":true,"href":"http:\/\/www.galerijamaticesrpske.rs\/lat\/wp-json\/wp\/v2\/tags?post=16131"},{"taxonomy":"mec_category","embeddable":true,"href":"http:\/\/www.galerijamaticesrpske.rs\/lat\/wp-json\/wp\/v2\/mec_category?post=16131"}],"curies":[{"name":"wp","href":"https:\/\/api.w.org\/{rel}","templated":true}]}}