{"id":16392,"date":"2026-03-10T07:54:18","date_gmt":"2026-03-10T07:54:18","guid":{"rendered":"https:\/\/www.galerijamaticesrpske.rs\/?post_type=mec-events&#038;p=16392"},"modified":"2026-03-10T07:54:18","modified_gmt":"2026-03-10T07:54:18","slug":"strucno-vodjenje-kroz-maticu-srpsku","status":"publish","type":"mec-events","link":"http:\/\/www.galerijamaticesrpske.rs\/lat\/events\/strucno-vodjenje-kroz-maticu-srpsku\/","title":{"rendered":"Stru\u010dno vo\u0111enje kroz Maticu srpsku"},"content":{"rendered":"<p>Prate\u0107i program izlo\u017ebe\u00a0<a href=\"https:\/\/www.galerijamaticesrpske.rs\/lat\/events\/umetnicka-zbirka-matice-srpske\/\"><em><strong>Umetni\u010dka zbirka Matice srpske<\/strong><\/em><\/a><\/p>\n<p>U okviru prate\u0107eg programa izlo\u017ebe Umetni\u010dka zbirka Matice srpske, u nedelju, <strong>15. marta u 13.00 i 17.00 sati<\/strong>, u <strong>Matici srpskoj<\/strong> odr\u017ea\u0107e se stru\u010dno vo\u0111enje kroz prostorije sve\u010dane sale i kabinet predsednika. Posetioci \u0107e uz <strong>mr Dragana Tubi\u0107a<\/strong>, stru\u010dnog saradnika u Leksikografskom odeljenju, imati priliku da saznaju vi\u0161e o istoriji Matice srpske i predsednicima predstavljenim na portretima. Vo\u0111enje predstavlja jedinstvenu priliku da publika poseti kabinet predsednika i bli\u017ee se upozna sa njegovom ulogom kroz istoriju.<\/p>\n<p>Ove godine Matica srpska, najstarije knji\u017eevno, kulturno i nau\u010dno dru\u0161tvo u Srba, obele\u017eava 200 godina od osnivanja. Galerija Matice srpske je tim povodom priredila izlo\u017ebu posve\u0107enu jedinstvenoj umetni\u010dkoj kolekciji koja se formirala od 1826. godine do danas. Sve\u010dana sala za sednice postala je mesto se\u0107anja na predsednike, \u010dasnike, istaknute \u010dlanove i dobrotvore, dok prikupljanje portreta tokom dva veka vizuelno prikazuje istoriju i zna\u010daj Matice srpske.<\/p>\n<p>Deo zbirke u zgradi Matice srpske bi\u0107e dostupan publici za posmatranje u\u017eivo tokom vo\u0111enja.<\/p>\n<p>Kroz Maticu srpsku (adresa: Matice srpske 1) vodi: <strong>mr Dragan Tubi\u0107<\/strong>, stru\u010dni saradnik u Leksikografskom odeljenju<\/p>\n","protected":false},"excerpt":{"rendered":"<p>Prate\u0107i program izlo\u017ebe\u00a0Umetni\u010dka zbirka Matice srpske U okviru prate\u0107eg programa izlo\u017ebe Umetni\u010dka zbirka Matice srpske, u nedelju, 15. marta u 13.00 i 17.00 sati, u Matici srpskoj odr\u017ea\u0107e se stru\u010dno vo\u0111enje kroz prostorije sve\u010dane sale i kabinet predsednika. Posetioci \u0107e uz mr Dragana Tubi\u0107a, stru\u010dnog saradnika u Leksikografskom odeljenju, imati priliku da saznaju vi\u0161e o<\/p>\n","protected":false},"author":2,"featured_media":16299,"comment_status":"closed","ping_status":"closed","template":"","tags":[],"mec_category":[100],"class_list":["post-16392","mec-events","type-mec-events","status-publish","has-post-thumbnail","hentry","mec_category-vodjenja-kroz-aktuelne-izlozbe"],"acf":[],"yoast_head":"<!-- This site is optimized with the Yoast SEO plugin v27.3 - https:\/\/yoast.com\/product\/yoast-seo-wordpress\/ -->\n<title>Stru\u010dno vo\u0111enje kroz Maticu srpsku | Galerija Matice srpske<\/title>\n<meta name=\"description\" content=\"U okviru prate\u0107eg programa izlo\u017ebe Umetni\u010dka zbirka Matice srpske, u nedelju, 15. marta u 13.00 i 17.00 sati, u Matici srpskoj odr\u017ea\u0107e se stru\u010dno vo\u0111enje kroz prostorije sve\u010dane sale i kabinet predsednika.\" \/>\n<meta name=\"robots\" content=\"index, follow, max-snippet:-1, max-image-preview:large, max-video-preview:-1\" \/>\n<link rel=\"canonical\" href=\"http:\/\/www.galerijamaticesrpske.rs\/lat\/events\/strucno-vodjenje-kroz-maticu-srpsku\/\" \/>\n<meta property=\"og:locale\" content=\"en_US\" \/>\n<meta property=\"og:type\" content=\"article\" \/>\n<meta property=\"og:title\" content=\"Stru\u010dno vo\u0111enje kroz Maticu srpsku | Galerija Matice srpske\" \/>\n<meta property=\"og:description\" content=\"U okviru prate\u0107eg programa izlo\u017ebe Umetni\u010dka zbirka Matice srpske, u nedelju, 15. marta u 13.00 i 17.00 sati, u Matici srpskoj odr\u017ea\u0107e se stru\u010dno vo\u0111enje kroz prostorije sve\u010dane sale i kabinet predsednika.\" \/>\n<meta property=\"og:url\" content=\"http:\/\/www.galerijamaticesrpske.rs\/lat\/events\/strucno-vodjenje-kroz-maticu-srpsku\/\" \/>\n<meta property=\"og:site_name\" content=\"Galerija Matice srpske\" \/>\n<meta property=\"og:image\" content=\"http:\/\/www.galerijamaticesrpske.rs\/wp-content\/uploads\/2026\/02\/13_baner_1920x1080px.jpg\" \/>\n\t<meta property=\"og:image:width\" content=\"1920\" \/>\n\t<meta property=\"og:image:height\" content=\"1080\" \/>\n\t<meta property=\"og:image:type\" content=\"image\/jpeg\" \/>\n<meta name=\"twitter:card\" content=\"summary_large_image\" \/>\n<meta name=\"twitter:label1\" content=\"Est. reading time\" \/>\n\t<meta name=\"twitter:data1\" content=\"1 minute\" \/>\n<script type=\"application\/ld+json\" class=\"yoast-schema-graph\">{\"@context\":\"https:\\\/\\\/schema.org\",\"@graph\":[{\"@type\":\"WebPage\",\"@id\":\"http:\\\/\\\/www.galerijamaticesrpske.rs\\\/lat\\\/events\\\/strucno-vodjenje-kroz-maticu-srpsku\\\/\",\"url\":\"http:\\\/\\\/www.galerijamaticesrpske.rs\\\/lat\\\/events\\\/strucno-vodjenje-kroz-maticu-srpsku\\\/\",\"name\":\"Stru\u010dno vo\u0111enje kroz Maticu srpsku | Galerija Matice srpske\",\"isPartOf\":{\"@id\":\"https:\\\/\\\/www.galerijamaticesrpske.rs\\\/#website\"},\"primaryImageOfPage\":{\"@id\":\"http:\\\/\\\/www.galerijamaticesrpske.rs\\\/lat\\\/events\\\/strucno-vodjenje-kroz-maticu-srpsku\\\/#primaryimage\"},\"image\":{\"@id\":\"http:\\\/\\\/www.galerijamaticesrpske.rs\\\/lat\\\/events\\\/strucno-vodjenje-kroz-maticu-srpsku\\\/#primaryimage\"},\"thumbnailUrl\":\"http:\\\/\\\/www.galerijamaticesrpske.rs\\\/wp-content\\\/uploads\\\/2026\\\/02\\\/13_baner_1920x1080px.jpg\",\"datePublished\":\"2026-03-10T07:54:18+00:00\",\"description\":\"U okviru prate\u0107eg programa izlo\u017ebe Umetni\u010dka zbirka Matice srpske, u nedelju, 15. marta u 13.00 i 17.00 sati, u Matici srpskoj odr\u017ea\u0107e se stru\u010dno vo\u0111enje kroz prostorije sve\u010dane sale i kabinet predsednika.\",\"breadcrumb\":{\"@id\":\"http:\\\/\\\/www.galerijamaticesrpske.rs\\\/lat\\\/events\\\/strucno-vodjenje-kroz-maticu-srpsku\\\/#breadcrumb\"},\"inLanguage\":\"sr-LAT\",\"potentialAction\":[{\"@type\":\"ReadAction\",\"target\":[\"http:\\\/\\\/www.galerijamaticesrpske.rs\\\/lat\\\/events\\\/strucno-vodjenje-kroz-maticu-srpsku\\\/\"]}]},{\"@type\":\"ImageObject\",\"inLanguage\":\"sr-LAT\",\"@id\":\"http:\\\/\\\/www.galerijamaticesrpske.rs\\\/lat\\\/events\\\/strucno-vodjenje-kroz-maticu-srpsku\\\/#primaryimage\",\"url\":\"http:\\\/\\\/www.galerijamaticesrpske.rs\\\/wp-content\\\/uploads\\\/2026\\\/02\\\/13_baner_1920x1080px.jpg\",\"contentUrl\":\"http:\\\/\\\/www.galerijamaticesrpske.rs\\\/wp-content\\\/uploads\\\/2026\\\/02\\\/13_baner_1920x1080px.jpg\",\"width\":1920,\"height\":1080},{\"@type\":\"BreadcrumbList\",\"@id\":\"http:\\\/\\\/www.galerijamaticesrpske.rs\\\/lat\\\/events\\\/strucno-vodjenje-kroz-maticu-srpsku\\\/#breadcrumb\",\"itemListElement\":[{\"@type\":\"ListItem\",\"position\":1,\"name\":\"\u041f\u043e\u0447\u0435\u0442\u043d\u0430\",\"item\":\"http:\\\/\\\/www.galerijamaticesrpske.rs\\\/lat\\\/\"},{\"@type\":\"ListItem\",\"position\":2,\"name\":\"Events\",\"item\":\"http:\\\/\\\/www.galerijamaticesrpske.rs\\\/lat\\\/events\\\/\"},{\"@type\":\"ListItem\",\"position\":3,\"name\":\"Stru\u010dno vo\u0111enje kroz Maticu srpsku\"}]},{\"@type\":\"WebSite\",\"@id\":\"https:\\\/\\\/www.galerijamaticesrpske.rs\\\/#website\",\"url\":\"https:\\\/\\\/www.galerijamaticesrpske.rs\\\/\",\"name\":\"Galerija Matice srpske\",\"description\":\"Muzej srpske nacionalne umetnosti u Novom Sadu\",\"publisher\":{\"@id\":\"https:\\\/\\\/www.galerijamaticesrpske.rs\\\/#organization\"},\"potentialAction\":[{\"@type\":\"SearchAction\",\"target\":{\"@type\":\"EntryPoint\",\"urlTemplate\":\"https:\\\/\\\/www.galerijamaticesrpske.rs\\\/?s={search_term_string}\"},\"query-input\":{\"@type\":\"PropertyValueSpecification\",\"valueRequired\":true,\"valueName\":\"search_term_string\"}}],\"inLanguage\":\"sr-LAT\"},{\"@type\":\"Organization\",\"@id\":\"https:\\\/\\\/www.galerijamaticesrpske.rs\\\/#organization\",\"name\":\"Galerija Matice srpske\",\"url\":\"https:\\\/\\\/www.galerijamaticesrpske.rs\\\/\",\"logo\":{\"@type\":\"ImageObject\",\"inLanguage\":\"sr-LAT\",\"@id\":\"https:\\\/\\\/www.galerijamaticesrpske.rs\\\/#\\\/schema\\\/logo\\\/image\\\/\",\"url\":\"https:\\\/\\\/www.galerijamaticesrpske.rs\\\/wp-content\\\/uploads\\\/2021\\\/01\\\/gms-logo-za-sajt.svg\",\"contentUrl\":\"https:\\\/\\\/www.galerijamaticesrpske.rs\\\/wp-content\\\/uploads\\\/2021\\\/01\\\/gms-logo-za-sajt.svg\",\"width\":1,\"height\":1,\"caption\":\"Galerija Matice srpske\"},\"image\":{\"@id\":\"https:\\\/\\\/www.galerijamaticesrpske.rs\\\/#\\\/schema\\\/logo\\\/image\\\/\"}}]}<\/script>\n<!-- \/ Yoast SEO plugin. -->","yoast_head_json":{"title":"Stru\u010dno vo\u0111enje kroz Maticu srpsku | Galerija Matice srpske","description":"U okviru prate\u0107eg programa izlo\u017ebe Umetni\u010dka zbirka Matice srpske, u nedelju, 15. marta u 13.00 i 17.00 sati, u Matici srpskoj odr\u017ea\u0107e se stru\u010dno vo\u0111enje kroz prostorije sve\u010dane sale i kabinet predsednika.","robots":{"index":"index","follow":"follow","max-snippet":"max-snippet:-1","max-image-preview":"max-image-preview:large","max-video-preview":"max-video-preview:-1"},"canonical":"http:\/\/www.galerijamaticesrpske.rs\/lat\/events\/strucno-vodjenje-kroz-maticu-srpsku\/","og_locale":"en_US","og_type":"article","og_title":"Stru\u010dno vo\u0111enje kroz Maticu srpsku | Galerija Matice srpske","og_description":"U okviru prate\u0107eg programa izlo\u017ebe Umetni\u010dka zbirka Matice srpske, u nedelju, 15. marta u 13.00 i 17.00 sati, u Matici srpskoj odr\u017ea\u0107e se stru\u010dno vo\u0111enje kroz prostorije sve\u010dane sale i kabinet predsednika.","og_url":"http:\/\/www.galerijamaticesrpske.rs\/lat\/events\/strucno-vodjenje-kroz-maticu-srpsku\/","og_site_name":"Galerija Matice srpske","og_image":[{"width":1920,"height":1080,"url":"http:\/\/www.galerijamaticesrpske.rs\/wp-content\/uploads\/2026\/02\/13_baner_1920x1080px.jpg","type":"image\/jpeg"}],"twitter_card":"summary_large_image","twitter_misc":{"Est. reading time":"1 minute"},"schema":{"@context":"https:\/\/schema.org","@graph":[{"@type":"WebPage","@id":"http:\/\/www.galerijamaticesrpske.rs\/lat\/events\/strucno-vodjenje-kroz-maticu-srpsku\/","url":"http:\/\/www.galerijamaticesrpske.rs\/lat\/events\/strucno-vodjenje-kroz-maticu-srpsku\/","name":"Stru\u010dno vo\u0111enje kroz Maticu srpsku | Galerija Matice srpske","isPartOf":{"@id":"https:\/\/www.galerijamaticesrpske.rs\/#website"},"primaryImageOfPage":{"@id":"http:\/\/www.galerijamaticesrpske.rs\/lat\/events\/strucno-vodjenje-kroz-maticu-srpsku\/#primaryimage"},"image":{"@id":"http:\/\/www.galerijamaticesrpske.rs\/lat\/events\/strucno-vodjenje-kroz-maticu-srpsku\/#primaryimage"},"thumbnailUrl":"http:\/\/www.galerijamaticesrpske.rs\/wp-content\/uploads\/2026\/02\/13_baner_1920x1080px.jpg","datePublished":"2026-03-10T07:54:18+00:00","description":"U okviru prate\u0107eg programa izlo\u017ebe Umetni\u010dka zbirka Matice srpske, u nedelju, 15. marta u 13.00 i 17.00 sati, u Matici srpskoj odr\u017ea\u0107e se stru\u010dno vo\u0111enje kroz prostorije sve\u010dane sale i kabinet predsednika.","breadcrumb":{"@id":"http:\/\/www.galerijamaticesrpske.rs\/lat\/events\/strucno-vodjenje-kroz-maticu-srpsku\/#breadcrumb"},"inLanguage":"sr-LAT","potentialAction":[{"@type":"ReadAction","target":["http:\/\/www.galerijamaticesrpske.rs\/lat\/events\/strucno-vodjenje-kroz-maticu-srpsku\/"]}]},{"@type":"ImageObject","inLanguage":"sr-LAT","@id":"http:\/\/www.galerijamaticesrpske.rs\/lat\/events\/strucno-vodjenje-kroz-maticu-srpsku\/#primaryimage","url":"http:\/\/www.galerijamaticesrpske.rs\/wp-content\/uploads\/2026\/02\/13_baner_1920x1080px.jpg","contentUrl":"http:\/\/www.galerijamaticesrpske.rs\/wp-content\/uploads\/2026\/02\/13_baner_1920x1080px.jpg","width":1920,"height":1080},{"@type":"BreadcrumbList","@id":"http:\/\/www.galerijamaticesrpske.rs\/lat\/events\/strucno-vodjenje-kroz-maticu-srpsku\/#breadcrumb","itemListElement":[{"@type":"ListItem","position":1,"name":"\u041f\u043e\u0447\u0435\u0442\u043d\u0430","item":"http:\/\/www.galerijamaticesrpske.rs\/lat\/"},{"@type":"ListItem","position":2,"name":"Events","item":"http:\/\/www.galerijamaticesrpske.rs\/lat\/events\/"},{"@type":"ListItem","position":3,"name":"Stru\u010dno vo\u0111enje kroz Maticu srpsku"}]},{"@type":"WebSite","@id":"https:\/\/www.galerijamaticesrpske.rs\/#website","url":"https:\/\/www.galerijamaticesrpske.rs\/","name":"Galerija Matice srpske","description":"Muzej srpske nacionalne umetnosti u Novom Sadu","publisher":{"@id":"https:\/\/www.galerijamaticesrpske.rs\/#organization"},"potentialAction":[{"@type":"SearchAction","target":{"@type":"EntryPoint","urlTemplate":"https:\/\/www.galerijamaticesrpske.rs\/?s={search_term_string}"},"query-input":{"@type":"PropertyValueSpecification","valueRequired":true,"valueName":"search_term_string"}}],"inLanguage":"sr-LAT"},{"@type":"Organization","@id":"https:\/\/www.galerijamaticesrpske.rs\/#organization","name":"Galerija Matice srpske","url":"https:\/\/www.galerijamaticesrpske.rs\/","logo":{"@type":"ImageObject","inLanguage":"sr-LAT","@id":"https:\/\/www.galerijamaticesrpske.rs\/#\/schema\/logo\/image\/","url":"https:\/\/www.galerijamaticesrpske.rs\/wp-content\/uploads\/2021\/01\/gms-logo-za-sajt.svg","contentUrl":"https:\/\/www.galerijamaticesrpske.rs\/wp-content\/uploads\/2021\/01\/gms-logo-za-sajt.svg","width":1,"height":1,"caption":"Galerija Matice srpske"},"image":{"@id":"https:\/\/www.galerijamaticesrpske.rs\/#\/schema\/logo\/image\/"}}]}},"_links":{"self":[{"href":"http:\/\/www.galerijamaticesrpske.rs\/lat\/wp-json\/wp\/v2\/mec-events\/16392","targetHints":{"allow":["GET"]}}],"collection":[{"href":"http:\/\/www.galerijamaticesrpske.rs\/lat\/wp-json\/wp\/v2\/mec-events"}],"about":[{"href":"http:\/\/www.galerijamaticesrpske.rs\/lat\/wp-json\/wp\/v2\/types\/mec-events"}],"author":[{"embeddable":true,"href":"http:\/\/www.galerijamaticesrpske.rs\/lat\/wp-json\/wp\/v2\/users\/2"}],"replies":[{"embeddable":true,"href":"http:\/\/www.galerijamaticesrpske.rs\/lat\/wp-json\/wp\/v2\/comments?post=16392"}],"wp:featuredmedia":[{"embeddable":true,"href":"http:\/\/www.galerijamaticesrpske.rs\/lat\/wp-json\/wp\/v2\/media\/16299"}],"wp:attachment":[{"href":"http:\/\/www.galerijamaticesrpske.rs\/lat\/wp-json\/wp\/v2\/media?parent=16392"}],"wp:term":[{"taxonomy":"post_tag","embeddable":true,"href":"http:\/\/www.galerijamaticesrpske.rs\/lat\/wp-json\/wp\/v2\/tags?post=16392"},{"taxonomy":"mec_category","embeddable":true,"href":"http:\/\/www.galerijamaticesrpske.rs\/lat\/wp-json\/wp\/v2\/mec_category?post=16392"}],"curies":[{"name":"wp","href":"https:\/\/api.w.org\/{rel}","templated":true}]}}