{"id":16400,"date":"2026-03-10T11:04:45","date_gmt":"2026-03-10T11:04:45","guid":{"rendered":"https:\/\/www.galerijamaticesrpske.rs\/?post_type=mec-events&#038;p=16400"},"modified":"2026-03-10T11:04:45","modified_gmt":"2026-03-10T11:04:45","slug":"mesec-frankofonije-rene-lalik-staklo-kao-medijum-svetlosti","status":"publish","type":"mec-events","link":"http:\/\/www.galerijamaticesrpske.rs\/lat\/events\/mesec-frankofonije-rene-lalik-staklo-kao-medijum-svetlosti\/","title":{"rendered":"Mesec frankofonije: Rene Lalik. Staklo kao medijum svetlosti"},"content":{"rendered":"<p>U okviru tradicionalnog obele\u017eavanja <strong>Meseca frankofonije<\/strong>, Galerija Matice srpske u saradnji sa Francuskim institutom u Novom Sadu vas poziva na predavanje <em><strong>Rene Lalik. Staklo kao medijum svetlosti<\/strong><\/em> u petak, <strong>13. marta u 19.00 sati<\/strong>. Predavanje \u0107e odr\u017eati kustoskinja<strong> Ivana Janji\u0107<\/strong> koja \u0107e vam predstaviti predmet, plitku \u010diniju sa potpisom<strong> Renea Lalika, <em>Sirena<\/em>.<\/strong><\/p>\n<p>Kolekcija Galerije Matice srpske nedavno je oboga\u0107ena novim predmetom, plitkom \u010dinijom sa potpisom Renea Lalika, <em>Sirena<\/em>, nastalom oko 1920. godine. Lalikovi eksperimenti u izradi stakla, u relaciji sa slo\u017eenim dekorativnim motivima i ornamentalnim strukturama, stvarali su jedinstvenu vizuelnu fantaziju. U sadejstvu tehnologije i umetni\u010dkog izraza, svetlost u njegovim radovima bila je unutra\u0161nji fenomen, konstruktivni element. Materijal i motiv dela o kom \u0107e na predavanju biti re\u010di konceptualno su ujedinjeni, a tehnika je nosilac poetike stakla i mekog, fluidnog reljefa vodenih povr\u0161ina i prelamanja svetla. Predmet je deo novoformirane Poklon-zbirke dr Marije Ognjanovi\u0107 i prvi put \u0107e biti izlo\u017een i kroz predavanje u okviru manifestacije Mesec frankofonije predstavljen publici u prostoru Galerije.<\/p>\n<p><strong>Rene Lalik<\/strong> bio je francuski juvelir i dizajner, jedna od vode\u0107ih li\u010dnosti pokreta Ar nuvo i pionir modernog dizajna stakla u periodu izme\u0111u dva svetska rata. Inspiraciju je pronalazio u francuskoj prirodi, koju istra\u017euje od ranog detinjstva, ali i japanskoj umetnosti. Po\u010detkom XX veka Lalik se postepeno okretao staklu kao osnovnom medijumu, a njegovi predmeti \u2013 vaze, \u010dinije, bo\u010dice za parfeme i dekorativni paneli \u2013 odlikuju se sintezom skulptorskog reljefa, kontrolisane svetlosne difuzije i precizne geometrije, \u010dime postavlja temelje estetike Ar dekoa.<\/p>\n<p>Kustoskinja <strong>Ivana Janji\u0107<\/strong> zaposlena je u Galeriji Matice srpske na Odeljenju za istra\u017eivanje i za\u0161titu kolekcije, Sektor zbirki. U okviru svog rada bavi se stru\u010dnom obradom umetni\u010dkog fonda i zadu\u017eena je za zbirku akvarela, pastela i kombinovanih tehnika, zbirku primenjene umetnosti i zbirku dokumentarnog materijala. Njena istra\u017eiva\u010dka interesovanja usmerena su pre svega na umetnost 20. veka, kao i na prou\u010davanje kolekcije Galerije Matice srpske, istoriju njenih dela i zna\u010daj kolekcije u kontekstu 21. veka.<\/p>\n<p>Predavanje dr\u017ei:<strong> Ivana Janji\u0107<\/strong>, kustoskinja<\/p>\n","protected":false},"excerpt":{"rendered":"<p>U okviru tradicionalnog obele\u017eavanja Meseca frankofonije, Galerija Matice srpske u saradnji sa Francuskim institutom u Novom Sadu vas poziva na predavanje Rene Lalik. Staklo kao medijum svetlosti u petak, 13. marta u 19.00 sati. Predavanje \u0107e odr\u017eati kustoskinja Ivana Janji\u0107 koja \u0107e vam predstaviti predmet, plitku \u010diniju sa potpisom Renea Lalika, Sirena. Kolekcija Galerije Matice<\/p>\n","protected":false},"author":2,"featured_media":16399,"comment_status":"closed","ping_status":"closed","template":"","tags":[],"mec_category":[105],"class_list":["post-16400","mec-events","type-mec-events","status-publish","has-post-thumbnail","hentry","mec_category-manifestacije"],"acf":[],"yoast_head":"<!-- This site is optimized with the Yoast SEO plugin v27.3 - https:\/\/yoast.com\/product\/yoast-seo-wordpress\/ -->\n<title>Mesec frankofonije: Rene Lalik. Staklo kao medijum svetlosti | Galerija Matice srpske<\/title>\n<meta name=\"description\" content=\"U okviru tradicionalnog obele\u017eavanja Meseca frankofonije, Galerija Matice srpske u saradnji sa Francuskim institutom u Novom Sadu vas poziva na predavanje Rene Lalik. Staklo kao medijum svetlosti u petak, 13. marta u 19.00 sati. Predavanje \u0107e odr\u017eati kustoskinja Ivana Janji\u0107 koja \u0107e vam predstaviti predmet, plitku \u010diniju sa potpisom Renea Lalika, Sirena.\" \/>\n<meta name=\"robots\" content=\"index, follow, max-snippet:-1, max-image-preview:large, max-video-preview:-1\" \/>\n<link rel=\"canonical\" href=\"https:\/\/www.galerijamaticesrpske.rs\/lat\/events\/mesec-frankofonije-rene-lalik-staklo-kao-medijum-svetlosti\/\" \/>\n<meta property=\"og:locale\" content=\"en_US\" \/>\n<meta property=\"og:type\" content=\"article\" \/>\n<meta property=\"og:title\" content=\"Mesec frankofonije: Rene Lalik. Staklo kao medijum svetlosti | Galerija Matice srpske\" \/>\n<meta property=\"og:description\" content=\"U okviru tradicionalnog obele\u017eavanja Meseca frankofonije, Galerija Matice srpske u saradnji sa Francuskim institutom u Novom Sadu vas poziva na predavanje Rene Lalik. Staklo kao medijum svetlosti u petak, 13. marta u 19.00 sati. Predavanje \u0107e odr\u017eati kustoskinja Ivana Janji\u0107 koja \u0107e vam predstaviti predmet, plitku \u010diniju sa potpisom Renea Lalika, Sirena.\" \/>\n<meta property=\"og:url\" content=\"https:\/\/www.galerijamaticesrpske.rs\/lat\/events\/mesec-frankofonije-rene-lalik-staklo-kao-medijum-svetlosti\/\" \/>\n<meta property=\"og:site_name\" content=\"Galerija Matice srpske\" \/>\n<meta property=\"og:image\" content=\"https:\/\/www.galerijamaticesrpske.rs\/wp-content\/uploads\/2026\/03\/mesec-frankofonije_sajt-1080x1920-1.jpg\" \/>\n\t<meta property=\"og:image:width\" content=\"1920\" \/>\n\t<meta property=\"og:image:height\" content=\"1087\" \/>\n\t<meta property=\"og:image:type\" content=\"image\/jpeg\" \/>\n<meta name=\"twitter:card\" content=\"summary_large_image\" \/>\n<meta name=\"twitter:label1\" content=\"Est. reading time\" \/>\n\t<meta name=\"twitter:data1\" content=\"2 minutes\" \/>\n<script type=\"application\/ld+json\" class=\"yoast-schema-graph\">{\"@context\":\"https:\\\/\\\/schema.org\",\"@graph\":[{\"@type\":\"WebPage\",\"@id\":\"https:\\\/\\\/www.galerijamaticesrpske.rs\\\/lat\\\/events\\\/mesec-frankofonije-rene-lalik-staklo-kao-medijum-svetlosti\\\/\",\"url\":\"https:\\\/\\\/www.galerijamaticesrpske.rs\\\/lat\\\/events\\\/mesec-frankofonije-rene-lalik-staklo-kao-medijum-svetlosti\\\/\",\"name\":\"Mesec frankofonije: Rene Lalik. Staklo kao medijum svetlosti | Galerija Matice srpske\",\"isPartOf\":{\"@id\":\"https:\\\/\\\/www.galerijamaticesrpske.rs\\\/#website\"},\"primaryImageOfPage\":{\"@id\":\"https:\\\/\\\/www.galerijamaticesrpske.rs\\\/lat\\\/events\\\/mesec-frankofonije-rene-lalik-staklo-kao-medijum-svetlosti\\\/#primaryimage\"},\"image\":{\"@id\":\"https:\\\/\\\/www.galerijamaticesrpske.rs\\\/lat\\\/events\\\/mesec-frankofonije-rene-lalik-staklo-kao-medijum-svetlosti\\\/#primaryimage\"},\"thumbnailUrl\":\"http:\\\/\\\/www.galerijamaticesrpske.rs\\\/wp-content\\\/uploads\\\/2026\\\/03\\\/mesec-frankofonije_sajt-1080x1920-1.jpg\",\"datePublished\":\"2026-03-10T11:04:45+00:00\",\"description\":\"U okviru tradicionalnog obele\u017eavanja Meseca frankofonije, Galerija Matice srpske u saradnji sa Francuskim institutom u Novom Sadu vas poziva na predavanje Rene Lalik. Staklo kao medijum svetlosti u petak, 13. marta u 19.00 sati. Predavanje \u0107e odr\u017eati kustoskinja Ivana Janji\u0107 koja \u0107e vam predstaviti predmet, plitku \u010diniju sa potpisom Renea Lalika, Sirena.\",\"breadcrumb\":{\"@id\":\"https:\\\/\\\/www.galerijamaticesrpske.rs\\\/lat\\\/events\\\/mesec-frankofonije-rene-lalik-staklo-kao-medijum-svetlosti\\\/#breadcrumb\"},\"inLanguage\":\"sr-LAT\",\"potentialAction\":[{\"@type\":\"ReadAction\",\"target\":[\"https:\\\/\\\/www.galerijamaticesrpske.rs\\\/lat\\\/events\\\/mesec-frankofonije-rene-lalik-staklo-kao-medijum-svetlosti\\\/\"]}]},{\"@type\":\"ImageObject\",\"inLanguage\":\"sr-LAT\",\"@id\":\"https:\\\/\\\/www.galerijamaticesrpske.rs\\\/lat\\\/events\\\/mesec-frankofonije-rene-lalik-staklo-kao-medijum-svetlosti\\\/#primaryimage\",\"url\":\"http:\\\/\\\/www.galerijamaticesrpske.rs\\\/wp-content\\\/uploads\\\/2026\\\/03\\\/mesec-frankofonije_sajt-1080x1920-1.jpg\",\"contentUrl\":\"http:\\\/\\\/www.galerijamaticesrpske.rs\\\/wp-content\\\/uploads\\\/2026\\\/03\\\/mesec-frankofonije_sajt-1080x1920-1.jpg\",\"width\":1920,\"height\":1087},{\"@type\":\"BreadcrumbList\",\"@id\":\"https:\\\/\\\/www.galerijamaticesrpske.rs\\\/lat\\\/events\\\/mesec-frankofonije-rene-lalik-staklo-kao-medijum-svetlosti\\\/#breadcrumb\",\"itemListElement\":[{\"@type\":\"ListItem\",\"position\":1,\"name\":\"\u041f\u043e\u0447\u0435\u0442\u043d\u0430\",\"item\":\"http:\\\/\\\/www.galerijamaticesrpske.rs\\\/lat\\\/\"},{\"@type\":\"ListItem\",\"position\":2,\"name\":\"Events\",\"item\":\"http:\\\/\\\/www.galerijamaticesrpske.rs\\\/lat\\\/events\\\/\"},{\"@type\":\"ListItem\",\"position\":3,\"name\":\"Mesec frankofonije: Rene Lalik. Staklo kao medijum svetlosti\"}]},{\"@type\":\"WebSite\",\"@id\":\"https:\\\/\\\/www.galerijamaticesrpske.rs\\\/#website\",\"url\":\"https:\\\/\\\/www.galerijamaticesrpske.rs\\\/\",\"name\":\"Galerija Matice srpske\",\"description\":\"Muzej srpske nacionalne umetnosti u Novom Sadu\",\"publisher\":{\"@id\":\"https:\\\/\\\/www.galerijamaticesrpske.rs\\\/#organization\"},\"potentialAction\":[{\"@type\":\"SearchAction\",\"target\":{\"@type\":\"EntryPoint\",\"urlTemplate\":\"https:\\\/\\\/www.galerijamaticesrpske.rs\\\/?s={search_term_string}\"},\"query-input\":{\"@type\":\"PropertyValueSpecification\",\"valueRequired\":true,\"valueName\":\"search_term_string\"}}],\"inLanguage\":\"sr-LAT\"},{\"@type\":\"Organization\",\"@id\":\"https:\\\/\\\/www.galerijamaticesrpske.rs\\\/#organization\",\"name\":\"Galerija Matice srpske\",\"url\":\"https:\\\/\\\/www.galerijamaticesrpske.rs\\\/\",\"logo\":{\"@type\":\"ImageObject\",\"inLanguage\":\"sr-LAT\",\"@id\":\"https:\\\/\\\/www.galerijamaticesrpske.rs\\\/#\\\/schema\\\/logo\\\/image\\\/\",\"url\":\"https:\\\/\\\/www.galerijamaticesrpske.rs\\\/wp-content\\\/uploads\\\/2021\\\/01\\\/gms-logo-za-sajt.svg\",\"contentUrl\":\"https:\\\/\\\/www.galerijamaticesrpske.rs\\\/wp-content\\\/uploads\\\/2021\\\/01\\\/gms-logo-za-sajt.svg\",\"width\":1,\"height\":1,\"caption\":\"Galerija Matice srpske\"},\"image\":{\"@id\":\"https:\\\/\\\/www.galerijamaticesrpske.rs\\\/#\\\/schema\\\/logo\\\/image\\\/\"}}]}<\/script>\n<!-- \/ Yoast SEO plugin. -->","yoast_head_json":{"title":"Mesec frankofonije: Rene Lalik. Staklo kao medijum svetlosti | Galerija Matice srpske","description":"U okviru tradicionalnog obele\u017eavanja Meseca frankofonije, Galerija Matice srpske u saradnji sa Francuskim institutom u Novom Sadu vas poziva na predavanje Rene Lalik. Staklo kao medijum svetlosti u petak, 13. marta u 19.00 sati. Predavanje \u0107e odr\u017eati kustoskinja Ivana Janji\u0107 koja \u0107e vam predstaviti predmet, plitku \u010diniju sa potpisom Renea Lalika, Sirena.","robots":{"index":"index","follow":"follow","max-snippet":"max-snippet:-1","max-image-preview":"max-image-preview:large","max-video-preview":"max-video-preview:-1"},"canonical":"https:\/\/www.galerijamaticesrpske.rs\/lat\/events\/mesec-frankofonije-rene-lalik-staklo-kao-medijum-svetlosti\/","og_locale":"en_US","og_type":"article","og_title":"Mesec frankofonije: Rene Lalik. Staklo kao medijum svetlosti | Galerija Matice srpske","og_description":"U okviru tradicionalnog obele\u017eavanja Meseca frankofonije, Galerija Matice srpske u saradnji sa Francuskim institutom u Novom Sadu vas poziva na predavanje Rene Lalik. Staklo kao medijum svetlosti u petak, 13. marta u 19.00 sati. Predavanje \u0107e odr\u017eati kustoskinja Ivana Janji\u0107 koja \u0107e vam predstaviti predmet, plitku \u010diniju sa potpisom Renea Lalika, Sirena.","og_url":"https:\/\/www.galerijamaticesrpske.rs\/lat\/events\/mesec-frankofonije-rene-lalik-staklo-kao-medijum-svetlosti\/","og_site_name":"Galerija Matice srpske","og_image":[{"width":1920,"height":1087,"url":"https:\/\/www.galerijamaticesrpske.rs\/wp-content\/uploads\/2026\/03\/mesec-frankofonije_sajt-1080x1920-1.jpg","type":"image\/jpeg"}],"twitter_card":"summary_large_image","twitter_misc":{"Est. reading time":"2 minutes"},"schema":{"@context":"https:\/\/schema.org","@graph":[{"@type":"WebPage","@id":"https:\/\/www.galerijamaticesrpske.rs\/lat\/events\/mesec-frankofonije-rene-lalik-staklo-kao-medijum-svetlosti\/","url":"https:\/\/www.galerijamaticesrpske.rs\/lat\/events\/mesec-frankofonije-rene-lalik-staklo-kao-medijum-svetlosti\/","name":"Mesec frankofonije: Rene Lalik. Staklo kao medijum svetlosti | Galerija Matice srpske","isPartOf":{"@id":"https:\/\/www.galerijamaticesrpske.rs\/#website"},"primaryImageOfPage":{"@id":"https:\/\/www.galerijamaticesrpske.rs\/lat\/events\/mesec-frankofonije-rene-lalik-staklo-kao-medijum-svetlosti\/#primaryimage"},"image":{"@id":"https:\/\/www.galerijamaticesrpske.rs\/lat\/events\/mesec-frankofonije-rene-lalik-staklo-kao-medijum-svetlosti\/#primaryimage"},"thumbnailUrl":"http:\/\/www.galerijamaticesrpske.rs\/wp-content\/uploads\/2026\/03\/mesec-frankofonije_sajt-1080x1920-1.jpg","datePublished":"2026-03-10T11:04:45+00:00","description":"U okviru tradicionalnog obele\u017eavanja Meseca frankofonije, Galerija Matice srpske u saradnji sa Francuskim institutom u Novom Sadu vas poziva na predavanje Rene Lalik. Staklo kao medijum svetlosti u petak, 13. marta u 19.00 sati. Predavanje \u0107e odr\u017eati kustoskinja Ivana Janji\u0107 koja \u0107e vam predstaviti predmet, plitku \u010diniju sa potpisom Renea Lalika, Sirena.","breadcrumb":{"@id":"https:\/\/www.galerijamaticesrpske.rs\/lat\/events\/mesec-frankofonije-rene-lalik-staklo-kao-medijum-svetlosti\/#breadcrumb"},"inLanguage":"sr-LAT","potentialAction":[{"@type":"ReadAction","target":["https:\/\/www.galerijamaticesrpske.rs\/lat\/events\/mesec-frankofonije-rene-lalik-staklo-kao-medijum-svetlosti\/"]}]},{"@type":"ImageObject","inLanguage":"sr-LAT","@id":"https:\/\/www.galerijamaticesrpske.rs\/lat\/events\/mesec-frankofonije-rene-lalik-staklo-kao-medijum-svetlosti\/#primaryimage","url":"http:\/\/www.galerijamaticesrpske.rs\/wp-content\/uploads\/2026\/03\/mesec-frankofonije_sajt-1080x1920-1.jpg","contentUrl":"http:\/\/www.galerijamaticesrpske.rs\/wp-content\/uploads\/2026\/03\/mesec-frankofonije_sajt-1080x1920-1.jpg","width":1920,"height":1087},{"@type":"BreadcrumbList","@id":"https:\/\/www.galerijamaticesrpske.rs\/lat\/events\/mesec-frankofonije-rene-lalik-staklo-kao-medijum-svetlosti\/#breadcrumb","itemListElement":[{"@type":"ListItem","position":1,"name":"\u041f\u043e\u0447\u0435\u0442\u043d\u0430","item":"http:\/\/www.galerijamaticesrpske.rs\/lat\/"},{"@type":"ListItem","position":2,"name":"Events","item":"http:\/\/www.galerijamaticesrpske.rs\/lat\/events\/"},{"@type":"ListItem","position":3,"name":"Mesec frankofonije: Rene Lalik. Staklo kao medijum svetlosti"}]},{"@type":"WebSite","@id":"https:\/\/www.galerijamaticesrpske.rs\/#website","url":"https:\/\/www.galerijamaticesrpske.rs\/","name":"Galerija Matice srpske","description":"Muzej srpske nacionalne umetnosti u Novom Sadu","publisher":{"@id":"https:\/\/www.galerijamaticesrpske.rs\/#organization"},"potentialAction":[{"@type":"SearchAction","target":{"@type":"EntryPoint","urlTemplate":"https:\/\/www.galerijamaticesrpske.rs\/?s={search_term_string}"},"query-input":{"@type":"PropertyValueSpecification","valueRequired":true,"valueName":"search_term_string"}}],"inLanguage":"sr-LAT"},{"@type":"Organization","@id":"https:\/\/www.galerijamaticesrpske.rs\/#organization","name":"Galerija Matice srpske","url":"https:\/\/www.galerijamaticesrpske.rs\/","logo":{"@type":"ImageObject","inLanguage":"sr-LAT","@id":"https:\/\/www.galerijamaticesrpske.rs\/#\/schema\/logo\/image\/","url":"https:\/\/www.galerijamaticesrpske.rs\/wp-content\/uploads\/2021\/01\/gms-logo-za-sajt.svg","contentUrl":"https:\/\/www.galerijamaticesrpske.rs\/wp-content\/uploads\/2021\/01\/gms-logo-za-sajt.svg","width":1,"height":1,"caption":"Galerija Matice srpske"},"image":{"@id":"https:\/\/www.galerijamaticesrpske.rs\/#\/schema\/logo\/image\/"}}]}},"_links":{"self":[{"href":"http:\/\/www.galerijamaticesrpske.rs\/lat\/wp-json\/wp\/v2\/mec-events\/16400","targetHints":{"allow":["GET"]}}],"collection":[{"href":"http:\/\/www.galerijamaticesrpske.rs\/lat\/wp-json\/wp\/v2\/mec-events"}],"about":[{"href":"http:\/\/www.galerijamaticesrpske.rs\/lat\/wp-json\/wp\/v2\/types\/mec-events"}],"author":[{"embeddable":true,"href":"http:\/\/www.galerijamaticesrpske.rs\/lat\/wp-json\/wp\/v2\/users\/2"}],"replies":[{"embeddable":true,"href":"http:\/\/www.galerijamaticesrpske.rs\/lat\/wp-json\/wp\/v2\/comments?post=16400"}],"wp:featuredmedia":[{"embeddable":true,"href":"http:\/\/www.galerijamaticesrpske.rs\/lat\/wp-json\/wp\/v2\/media\/16399"}],"wp:attachment":[{"href":"http:\/\/www.galerijamaticesrpske.rs\/lat\/wp-json\/wp\/v2\/media?parent=16400"}],"wp:term":[{"taxonomy":"post_tag","embeddable":true,"href":"http:\/\/www.galerijamaticesrpske.rs\/lat\/wp-json\/wp\/v2\/tags?post=16400"},{"taxonomy":"mec_category","embeddable":true,"href":"http:\/\/www.galerijamaticesrpske.rs\/lat\/wp-json\/wp\/v2\/mec_category?post=16400"}],"curies":[{"name":"wp","href":"https:\/\/api.w.org\/{rel}","templated":true}]}}