{"id":16402,"date":"2026-03-10T11:11:20","date_gmt":"2026-03-10T11:11:20","guid":{"rendered":"https:\/\/www.galerijamaticesrpske.rs\/?post_type=mec-events&#038;p=16402"},"modified":"2026-03-10T11:11:20","modified_gmt":"2026-03-10T11:11:20","slug":"mesec-frankofonije-rodenov-mislilac-dijalog-izmedju-slike-i-ideje","status":"publish","type":"mec-events","link":"http:\/\/www.galerijamaticesrpske.rs\/lat\/events\/mesec-frankofonije-rodenov-mislilac-dijalog-izmedju-slike-i-ideje\/","title":{"rendered":"Mesec frankofonije: Rodenov Mislilac. Dijalog izme\u0111u slike i ideje"},"content":{"rendered":"<p>Povodom Meseca frankofonije, Galerija Matice srpske prire\u0111uje predstavljanje slike<em> Mislilac<\/em> autora Du\u0161ka Stojanovi\u0107a, slikara i grafi\u010dara koji \u017eivi i stvara u Novom Sadu.<\/p>\n<p>Slika <em>Mislilac<\/em> inspirisana je \u010duvenom istoimenom skulpturom Ogista Rodena, jednim od najprepoznatljivijih dela moderne skulpture. Kroz savremeni slikarski izraz, Stojanovi\u0107 uspostavlja dijalog sa Rodenovim remek-delom, promi\u0161ljaju\u0107i univerzalne teme kontemplacije, stvarala\u0161tva i ljudske egzistencije kroz nove likovne intervencije. O delu i njegovim zna\u010denjskim slojevima govori\u0107e sam umetnik, kao i msr Goran Vujkov, muzejski edukator i filozof koji \u0107e publici pribli\u017eiti kontekst nastanka rada, njegove esteti\u010dke i filozofske aspekte, kao i \u0161iri kulturni okvir u kojem se ono sagledava.<\/p>\n<p>U razgovoru u\u010destvuju:<strong> Du\u0161ko Stojanovi\u0107,<\/strong> slikar i grafi\u010dar i <strong>msr Goran Vujkov<\/strong>, muzejski edukator i filozof<\/p>\n","protected":false},"excerpt":{"rendered":"<p>Povodom Meseca frankofonije, Galerija Matice srpske prire\u0111uje predstavljanje slike Mislilac autora Du\u0161ka Stojanovi\u0107a, slikara i grafi\u010dara koji \u017eivi i stvara u Novom Sadu. Slika Mislilac inspirisana je \u010duvenom istoimenom skulpturom Ogista Rodena, jednim od najprepoznatljivijih dela moderne skulpture. Kroz savremeni slikarski izraz, Stojanovi\u0107 uspostavlja dijalog sa Rodenovim remek-delom, promi\u0161ljaju\u0107i univerzalne teme kontemplacije, stvarala\u0161tva i ljudske<\/p>\n","protected":false},"author":2,"featured_media":16399,"comment_status":"closed","ping_status":"closed","template":"","tags":[],"mec_category":[105],"class_list":["post-16402","mec-events","type-mec-events","status-publish","has-post-thumbnail","hentry","mec_category-manifestacije"],"acf":[],"yoast_head":"<!-- This site is optimized with the Yoast SEO plugin v27.3 - https:\/\/yoast.com\/product\/yoast-seo-wordpress\/ -->\n<title>Mesec frankofonije: Rodenov Mislilac. Dijalog izme\u0111u slike i ideje | Galerija Matice srpske<\/title>\n<meta name=\"description\" content=\"Povodom Meseca frankofonije, Galerija Matice srpske prire\u0111uje predstavljanje slike Mislilac autora Du\u0161ka Stojanovi\u0107a, slikara i grafi\u010dara koji \u017eivi i stvara u Novom Sadu.\" \/>\n<meta name=\"robots\" content=\"index, follow, max-snippet:-1, max-image-preview:large, max-video-preview:-1\" \/>\n<link rel=\"canonical\" href=\"http:\/\/www.galerijamaticesrpske.rs\/lat\/events\/mesec-frankofonije-rodenov-mislilac-dijalog-izmedju-slike-i-ideje\/\" \/>\n<meta property=\"og:locale\" content=\"en_US\" \/>\n<meta property=\"og:type\" content=\"article\" \/>\n<meta property=\"og:title\" content=\"Mesec frankofonije: Rodenov Mislilac. Dijalog izme\u0111u slike i ideje | Galerija Matice srpske\" \/>\n<meta property=\"og:description\" content=\"Povodom Meseca frankofonije, Galerija Matice srpske prire\u0111uje predstavljanje slike Mislilac autora Du\u0161ka Stojanovi\u0107a, slikara i grafi\u010dara koji \u017eivi i stvara u Novom Sadu.\" \/>\n<meta property=\"og:url\" content=\"http:\/\/www.galerijamaticesrpske.rs\/lat\/events\/mesec-frankofonije-rodenov-mislilac-dijalog-izmedju-slike-i-ideje\/\" \/>\n<meta property=\"og:site_name\" content=\"Galerija Matice srpske\" \/>\n<meta property=\"og:image\" content=\"http:\/\/www.galerijamaticesrpske.rs\/wp-content\/uploads\/2026\/03\/mesec-frankofonije_sajt-1080x1920-1.jpg\" \/>\n\t<meta property=\"og:image:width\" content=\"1920\" \/>\n\t<meta property=\"og:image:height\" content=\"1087\" \/>\n\t<meta property=\"og:image:type\" content=\"image\/jpeg\" \/>\n<meta name=\"twitter:card\" content=\"summary_large_image\" \/>\n<meta name=\"twitter:label1\" content=\"Est. reading time\" \/>\n\t<meta name=\"twitter:data1\" content=\"1 minute\" \/>\n<script type=\"application\/ld+json\" class=\"yoast-schema-graph\">{\"@context\":\"https:\\\/\\\/schema.org\",\"@graph\":[{\"@type\":\"WebPage\",\"@id\":\"http:\\\/\\\/www.galerijamaticesrpske.rs\\\/lat\\\/events\\\/mesec-frankofonije-rodenov-mislilac-dijalog-izmedju-slike-i-ideje\\\/\",\"url\":\"http:\\\/\\\/www.galerijamaticesrpske.rs\\\/lat\\\/events\\\/mesec-frankofonije-rodenov-mislilac-dijalog-izmedju-slike-i-ideje\\\/\",\"name\":\"Mesec frankofonije: Rodenov Mislilac. Dijalog izme\u0111u slike i ideje | Galerija Matice srpske\",\"isPartOf\":{\"@id\":\"https:\\\/\\\/www.galerijamaticesrpske.rs\\\/#website\"},\"primaryImageOfPage\":{\"@id\":\"http:\\\/\\\/www.galerijamaticesrpske.rs\\\/lat\\\/events\\\/mesec-frankofonije-rodenov-mislilac-dijalog-izmedju-slike-i-ideje\\\/#primaryimage\"},\"image\":{\"@id\":\"http:\\\/\\\/www.galerijamaticesrpske.rs\\\/lat\\\/events\\\/mesec-frankofonije-rodenov-mislilac-dijalog-izmedju-slike-i-ideje\\\/#primaryimage\"},\"thumbnailUrl\":\"http:\\\/\\\/www.galerijamaticesrpske.rs\\\/wp-content\\\/uploads\\\/2026\\\/03\\\/mesec-frankofonije_sajt-1080x1920-1.jpg\",\"datePublished\":\"2026-03-10T11:11:20+00:00\",\"description\":\"Povodom Meseca frankofonije, Galerija Matice srpske prire\u0111uje predstavljanje slike Mislilac autora Du\u0161ka Stojanovi\u0107a, slikara i grafi\u010dara koji \u017eivi i stvara u Novom Sadu.\",\"breadcrumb\":{\"@id\":\"http:\\\/\\\/www.galerijamaticesrpske.rs\\\/lat\\\/events\\\/mesec-frankofonije-rodenov-mislilac-dijalog-izmedju-slike-i-ideje\\\/#breadcrumb\"},\"inLanguage\":\"sr-LAT\",\"potentialAction\":[{\"@type\":\"ReadAction\",\"target\":[\"http:\\\/\\\/www.galerijamaticesrpske.rs\\\/lat\\\/events\\\/mesec-frankofonije-rodenov-mislilac-dijalog-izmedju-slike-i-ideje\\\/\"]}]},{\"@type\":\"ImageObject\",\"inLanguage\":\"sr-LAT\",\"@id\":\"http:\\\/\\\/www.galerijamaticesrpske.rs\\\/lat\\\/events\\\/mesec-frankofonije-rodenov-mislilac-dijalog-izmedju-slike-i-ideje\\\/#primaryimage\",\"url\":\"http:\\\/\\\/www.galerijamaticesrpske.rs\\\/wp-content\\\/uploads\\\/2026\\\/03\\\/mesec-frankofonije_sajt-1080x1920-1.jpg\",\"contentUrl\":\"http:\\\/\\\/www.galerijamaticesrpske.rs\\\/wp-content\\\/uploads\\\/2026\\\/03\\\/mesec-frankofonije_sajt-1080x1920-1.jpg\",\"width\":1920,\"height\":1087},{\"@type\":\"BreadcrumbList\",\"@id\":\"http:\\\/\\\/www.galerijamaticesrpske.rs\\\/lat\\\/events\\\/mesec-frankofonije-rodenov-mislilac-dijalog-izmedju-slike-i-ideje\\\/#breadcrumb\",\"itemListElement\":[{\"@type\":\"ListItem\",\"position\":1,\"name\":\"\u041f\u043e\u0447\u0435\u0442\u043d\u0430\",\"item\":\"http:\\\/\\\/www.galerijamaticesrpske.rs\\\/lat\\\/\"},{\"@type\":\"ListItem\",\"position\":2,\"name\":\"Events\",\"item\":\"http:\\\/\\\/www.galerijamaticesrpske.rs\\\/lat\\\/events\\\/\"},{\"@type\":\"ListItem\",\"position\":3,\"name\":\"Mesec frankofonije: Rodenov Mislilac. Dijalog izme\u0111u slike i ideje\"}]},{\"@type\":\"WebSite\",\"@id\":\"https:\\\/\\\/www.galerijamaticesrpske.rs\\\/#website\",\"url\":\"https:\\\/\\\/www.galerijamaticesrpske.rs\\\/\",\"name\":\"Galerija Matice srpske\",\"description\":\"Muzej srpske nacionalne umetnosti u Novom Sadu\",\"publisher\":{\"@id\":\"https:\\\/\\\/www.galerijamaticesrpske.rs\\\/#organization\"},\"potentialAction\":[{\"@type\":\"SearchAction\",\"target\":{\"@type\":\"EntryPoint\",\"urlTemplate\":\"https:\\\/\\\/www.galerijamaticesrpske.rs\\\/?s={search_term_string}\"},\"query-input\":{\"@type\":\"PropertyValueSpecification\",\"valueRequired\":true,\"valueName\":\"search_term_string\"}}],\"inLanguage\":\"sr-LAT\"},{\"@type\":\"Organization\",\"@id\":\"https:\\\/\\\/www.galerijamaticesrpske.rs\\\/#organization\",\"name\":\"Galerija Matice srpske\",\"url\":\"https:\\\/\\\/www.galerijamaticesrpske.rs\\\/\",\"logo\":{\"@type\":\"ImageObject\",\"inLanguage\":\"sr-LAT\",\"@id\":\"https:\\\/\\\/www.galerijamaticesrpske.rs\\\/#\\\/schema\\\/logo\\\/image\\\/\",\"url\":\"https:\\\/\\\/www.galerijamaticesrpske.rs\\\/wp-content\\\/uploads\\\/2021\\\/01\\\/gms-logo-za-sajt.svg\",\"contentUrl\":\"https:\\\/\\\/www.galerijamaticesrpske.rs\\\/wp-content\\\/uploads\\\/2021\\\/01\\\/gms-logo-za-sajt.svg\",\"width\":1,\"height\":1,\"caption\":\"Galerija Matice srpske\"},\"image\":{\"@id\":\"https:\\\/\\\/www.galerijamaticesrpske.rs\\\/#\\\/schema\\\/logo\\\/image\\\/\"}}]}<\/script>\n<!-- \/ Yoast SEO plugin. -->","yoast_head_json":{"title":"Mesec frankofonije: Rodenov Mislilac. Dijalog izme\u0111u slike i ideje | Galerija Matice srpske","description":"Povodom Meseca frankofonije, Galerija Matice srpske prire\u0111uje predstavljanje slike Mislilac autora Du\u0161ka Stojanovi\u0107a, slikara i grafi\u010dara koji \u017eivi i stvara u Novom Sadu.","robots":{"index":"index","follow":"follow","max-snippet":"max-snippet:-1","max-image-preview":"max-image-preview:large","max-video-preview":"max-video-preview:-1"},"canonical":"http:\/\/www.galerijamaticesrpske.rs\/lat\/events\/mesec-frankofonije-rodenov-mislilac-dijalog-izmedju-slike-i-ideje\/","og_locale":"en_US","og_type":"article","og_title":"Mesec frankofonije: Rodenov Mislilac. Dijalog izme\u0111u slike i ideje | Galerija Matice srpske","og_description":"Povodom Meseca frankofonije, Galerija Matice srpske prire\u0111uje predstavljanje slike Mislilac autora Du\u0161ka Stojanovi\u0107a, slikara i grafi\u010dara koji \u017eivi i stvara u Novom Sadu.","og_url":"http:\/\/www.galerijamaticesrpske.rs\/lat\/events\/mesec-frankofonije-rodenov-mislilac-dijalog-izmedju-slike-i-ideje\/","og_site_name":"Galerija Matice srpske","og_image":[{"width":1920,"height":1087,"url":"http:\/\/www.galerijamaticesrpske.rs\/wp-content\/uploads\/2026\/03\/mesec-frankofonije_sajt-1080x1920-1.jpg","type":"image\/jpeg"}],"twitter_card":"summary_large_image","twitter_misc":{"Est. reading time":"1 minute"},"schema":{"@context":"https:\/\/schema.org","@graph":[{"@type":"WebPage","@id":"http:\/\/www.galerijamaticesrpske.rs\/lat\/events\/mesec-frankofonije-rodenov-mislilac-dijalog-izmedju-slike-i-ideje\/","url":"http:\/\/www.galerijamaticesrpske.rs\/lat\/events\/mesec-frankofonije-rodenov-mislilac-dijalog-izmedju-slike-i-ideje\/","name":"Mesec frankofonije: Rodenov Mislilac. Dijalog izme\u0111u slike i ideje | Galerija Matice srpske","isPartOf":{"@id":"https:\/\/www.galerijamaticesrpske.rs\/#website"},"primaryImageOfPage":{"@id":"http:\/\/www.galerijamaticesrpske.rs\/lat\/events\/mesec-frankofonije-rodenov-mislilac-dijalog-izmedju-slike-i-ideje\/#primaryimage"},"image":{"@id":"http:\/\/www.galerijamaticesrpske.rs\/lat\/events\/mesec-frankofonije-rodenov-mislilac-dijalog-izmedju-slike-i-ideje\/#primaryimage"},"thumbnailUrl":"http:\/\/www.galerijamaticesrpske.rs\/wp-content\/uploads\/2026\/03\/mesec-frankofonije_sajt-1080x1920-1.jpg","datePublished":"2026-03-10T11:11:20+00:00","description":"Povodom Meseca frankofonije, Galerija Matice srpske prire\u0111uje predstavljanje slike Mislilac autora Du\u0161ka Stojanovi\u0107a, slikara i grafi\u010dara koji \u017eivi i stvara u Novom Sadu.","breadcrumb":{"@id":"http:\/\/www.galerijamaticesrpske.rs\/lat\/events\/mesec-frankofonije-rodenov-mislilac-dijalog-izmedju-slike-i-ideje\/#breadcrumb"},"inLanguage":"sr-LAT","potentialAction":[{"@type":"ReadAction","target":["http:\/\/www.galerijamaticesrpske.rs\/lat\/events\/mesec-frankofonije-rodenov-mislilac-dijalog-izmedju-slike-i-ideje\/"]}]},{"@type":"ImageObject","inLanguage":"sr-LAT","@id":"http:\/\/www.galerijamaticesrpske.rs\/lat\/events\/mesec-frankofonije-rodenov-mislilac-dijalog-izmedju-slike-i-ideje\/#primaryimage","url":"http:\/\/www.galerijamaticesrpske.rs\/wp-content\/uploads\/2026\/03\/mesec-frankofonije_sajt-1080x1920-1.jpg","contentUrl":"http:\/\/www.galerijamaticesrpske.rs\/wp-content\/uploads\/2026\/03\/mesec-frankofonije_sajt-1080x1920-1.jpg","width":1920,"height":1087},{"@type":"BreadcrumbList","@id":"http:\/\/www.galerijamaticesrpske.rs\/lat\/events\/mesec-frankofonije-rodenov-mislilac-dijalog-izmedju-slike-i-ideje\/#breadcrumb","itemListElement":[{"@type":"ListItem","position":1,"name":"\u041f\u043e\u0447\u0435\u0442\u043d\u0430","item":"http:\/\/www.galerijamaticesrpske.rs\/lat\/"},{"@type":"ListItem","position":2,"name":"Events","item":"http:\/\/www.galerijamaticesrpske.rs\/lat\/events\/"},{"@type":"ListItem","position":3,"name":"Mesec frankofonije: Rodenov Mislilac. Dijalog izme\u0111u slike i ideje"}]},{"@type":"WebSite","@id":"https:\/\/www.galerijamaticesrpske.rs\/#website","url":"https:\/\/www.galerijamaticesrpske.rs\/","name":"Galerija Matice srpske","description":"Muzej srpske nacionalne umetnosti u Novom Sadu","publisher":{"@id":"https:\/\/www.galerijamaticesrpske.rs\/#organization"},"potentialAction":[{"@type":"SearchAction","target":{"@type":"EntryPoint","urlTemplate":"https:\/\/www.galerijamaticesrpske.rs\/?s={search_term_string}"},"query-input":{"@type":"PropertyValueSpecification","valueRequired":true,"valueName":"search_term_string"}}],"inLanguage":"sr-LAT"},{"@type":"Organization","@id":"https:\/\/www.galerijamaticesrpske.rs\/#organization","name":"Galerija Matice srpske","url":"https:\/\/www.galerijamaticesrpske.rs\/","logo":{"@type":"ImageObject","inLanguage":"sr-LAT","@id":"https:\/\/www.galerijamaticesrpske.rs\/#\/schema\/logo\/image\/","url":"https:\/\/www.galerijamaticesrpske.rs\/wp-content\/uploads\/2021\/01\/gms-logo-za-sajt.svg","contentUrl":"https:\/\/www.galerijamaticesrpske.rs\/wp-content\/uploads\/2021\/01\/gms-logo-za-sajt.svg","width":1,"height":1,"caption":"Galerija Matice srpske"},"image":{"@id":"https:\/\/www.galerijamaticesrpske.rs\/#\/schema\/logo\/image\/"}}]}},"_links":{"self":[{"href":"http:\/\/www.galerijamaticesrpske.rs\/lat\/wp-json\/wp\/v2\/mec-events\/16402","targetHints":{"allow":["GET"]}}],"collection":[{"href":"http:\/\/www.galerijamaticesrpske.rs\/lat\/wp-json\/wp\/v2\/mec-events"}],"about":[{"href":"http:\/\/www.galerijamaticesrpske.rs\/lat\/wp-json\/wp\/v2\/types\/mec-events"}],"author":[{"embeddable":true,"href":"http:\/\/www.galerijamaticesrpske.rs\/lat\/wp-json\/wp\/v2\/users\/2"}],"replies":[{"embeddable":true,"href":"http:\/\/www.galerijamaticesrpske.rs\/lat\/wp-json\/wp\/v2\/comments?post=16402"}],"wp:featuredmedia":[{"embeddable":true,"href":"http:\/\/www.galerijamaticesrpske.rs\/lat\/wp-json\/wp\/v2\/media\/16399"}],"wp:attachment":[{"href":"http:\/\/www.galerijamaticesrpske.rs\/lat\/wp-json\/wp\/v2\/media?parent=16402"}],"wp:term":[{"taxonomy":"post_tag","embeddable":true,"href":"http:\/\/www.galerijamaticesrpske.rs\/lat\/wp-json\/wp\/v2\/tags?post=16402"},{"taxonomy":"mec_category","embeddable":true,"href":"http:\/\/www.galerijamaticesrpske.rs\/lat\/wp-json\/wp\/v2\/mec_category?post=16402"}],"curies":[{"name":"wp","href":"https:\/\/api.w.org\/{rel}","templated":true}]}}