{"id":16404,"date":"2026-03-10T11:17:42","date_gmt":"2026-03-10T11:17:42","guid":{"rendered":"https:\/\/www.galerijamaticesrpske.rs\/?post_type=mec-events&#038;p=16404"},"modified":"2026-03-10T11:17:42","modified_gmt":"2026-03-10T11:17:42","slug":"mesec-frankofonije-jedna-zaboravljena-slika-nikole-pusena","status":"publish","type":"mec-events","link":"http:\/\/www.galerijamaticesrpske.rs\/lat\/events\/mesec-frankofonije-jedna-zaboravljena-slika-nikole-pusena\/","title":{"rendered":"Mesec frankofonije: Jedna zaboravljena slika Nikole Pusena"},"content":{"rendered":"<p>Jedna zaboravljena slika Nikole Pusena \u2013 kako je mitolo\u0161ka predstava <em>Venere i Adonisa<\/em> stigla od baroknog Rima u 17. veku, do Beograda u 20. veku?<\/p>\n<p>Kada je kralj Aleksandar Kara\u0111or\u0111evi\u0107 sagradio kraljevsku rezidenciju na Dedinju u Beograu 1929. godine, kao novo sedi\u0161te vlasti nedavno progla\u0161ene Kraljevine Jugoslavije, istovremeno je postavio i temelje onoga \u0161to \u0107e postati zna\u010dajna umetni\u010dka kolekcija. Istorija ove zbirke po\u010dinje s izgradnjom Kraljevskog dvora na Dedinju (koji projektuju arhiekti \u017divojin Nikoli\u0107 i Nikolaj Krasnov) i Belog dvora na istom imanju (zavr\u0161en 1936. godine; projektant arhitekta Aleksandar \u0110or\u0111evi\u0107), i pri\u010da o njoj traje sve do dana\u0161njih dana.<\/p>\n<p>Ovo predavanje posve\u0107eno je slici Nikole Pusena <em>Venera i Adonis<\/em>, jednoj od pet slika francuskih autora koje spadaju u takozvane \u201espava\u010de\u201c, odnosno \u010dije boravi\u0161te, ili identitet, nisu poznato javnosti. Jedna verzije te slike nalazi se u Beogradu u sastavu Dr\u017eavne umetnike kolekcije. Tokom svoje istorije u DUK slika je dugo smatrana samo kopijom nekog umetnika iz Pusenovog kruga, radjenoj po ugledu na mnogo poznatiju verziju iste scene koja se nalazi u Kimbel muzeju u Teksasu (SAD). Tokom ovog predavanja vide\u0107ete najnovija otkri\u0107a koja su pokazala da je zapravo na\u0161a slika jedna od TRI verzije koje je Pusen stvorio za bogato i kompleksno umetni\u010dko tr\u017ei\u0161te<\/p>\n<p>Na\u0161a slika vodi\u0107e nas od bogatog trgovca iz baroknog Rima, \u0110ovanija Stefana Rokataljate i Pusenovog prvog pokrovitelja Kasijana Dal Poca, do velikih londonskih kolekcionaran i kroz zbirke Vilijama Ponsonbija, drugog erla od Besboroa (1704-1793), velikog kolekcionara starina i va\u017enog \u010dlana Dru\u0161tva ljubitelja umetnosti, ili lorda admirala Vilijama Valdgrejva, prvog barona Redstoka (1783-1825), koji je posedovao jednu od najboljih zbirki tog vremena. Na kraju \u0107e nas dovesti tridesetih godina devetnaesog veka do ku\u0107e Delamir u \u010ce\u0161iru i porodice Vilbraham, u \u010dijim \u0107e kolekcijama slika ostati gotovo sto godina. Tokom dvadesetog veka prvi put \u0107e krenuti na put ka Beogradu gde \u0107emo upoznati jednu zna\u010dajnu li\u010dnost, kneza Pavla Kara\u0111or\u0111evi\u0107a (1893-1976), koji je sliku nabavio za kraljevsku rezidenciju gde se i danas nalazi, \u010dudom neo\u0161te\u0107ena ali sasvim zaboravljena.<\/p>\n<p>Predavanje dr\u017ei:<strong> prof. dr Jelena Todorovi\u0107<\/strong>, istori\u010darka umetnosti, FLU Beograd<\/p>\n<p>Diplomirala na katedri za istoriju umetnosti (1993-1998) na Filozofskom fakultetu u Beogradu. Magistarske i doktorske studije zavr\u0161ila u Londonu (1998-2004) gde je radila (2000-2005). Godine 2005. prelazi na Fakulet likovnih umetnosti u Beogradu gde predaje istoriju i teoriju umetnosti novog veka, od 2015. godine u zvanju redovnog profesora. Od 2006. godine je rukovodilac projekta Sistematizacija i prou\u010davanje Dr\u017eavne umetni\u010dke kolekcije dvorskog kompleksa na Dedinju za Ministarstvo kulture Republike Srbije, projekat za koji je dobila najve\u0107u Evropsku nagradu iz oblasti kulturnog nasle\u0111a, Nagradu Evropa Nostra 2018. Objavila je vi\u0161e knjiga i radova iz oblasti barokne kulture, istorije dr\u017eavnog spektakla, kulturne istorije Srba u Trstu kao i istorije kolekcionarstva i o\u010duvanja kulturnog nasle\u0111a.<\/p>\n","protected":false},"excerpt":{"rendered":"<p>Jedna zaboravljena slika Nikole Pusena \u2013 kako je mitolo\u0161ka predstava Venere i Adonisa stigla od baroknog Rima u 17. veku, do Beograda u 20. veku? Kada je kralj Aleksandar Kara\u0111or\u0111evi\u0107 sagradio kraljevsku rezidenciju na Dedinju u Beograu 1929. godine, kao novo sedi\u0161te vlasti nedavno progla\u0161ene Kraljevine Jugoslavije, istovremeno je postavio i temelje onoga \u0161to \u0107e<\/p>\n","protected":false},"author":2,"featured_media":16399,"comment_status":"closed","ping_status":"closed","template":"","tags":[],"mec_category":[105],"class_list":["post-16404","mec-events","type-mec-events","status-publish","has-post-thumbnail","hentry","mec_category-manifestacije"],"acf":[],"yoast_head":"<!-- This site is optimized with the Yoast SEO plugin v27.3 - https:\/\/yoast.com\/product\/yoast-seo-wordpress\/ -->\n<title>Mesec frankofonije: Jedna zaboravljena slika Nikole Pusena | Galerija Matice srpske<\/title>\n<meta name=\"description\" content=\"Jedna zaboravljena slika Nikole Pusena \u2013 kako je mitolo\u0161ka predstava Venere i Adonisa stigla od baroknog Rima u 17. veku, do Beograda u 20. veku?\" \/>\n<meta name=\"robots\" content=\"index, follow, max-snippet:-1, max-image-preview:large, max-video-preview:-1\" \/>\n<link rel=\"canonical\" href=\"http:\/\/www.galerijamaticesrpske.rs\/lat\/events\/mesec-frankofonije-jedna-zaboravljena-slika-nikole-pusena\/\" \/>\n<meta property=\"og:locale\" content=\"en_US\" \/>\n<meta property=\"og:type\" content=\"article\" \/>\n<meta property=\"og:title\" content=\"Mesec frankofonije: Jedna zaboravljena slika Nikole Pusena | Galerija Matice srpske\" \/>\n<meta property=\"og:description\" content=\"Jedna zaboravljena slika Nikole Pusena \u2013 kako je mitolo\u0161ka predstava Venere i Adonisa stigla od baroknog Rima u 17. veku, do Beograda u 20. veku?\" \/>\n<meta property=\"og:url\" content=\"http:\/\/www.galerijamaticesrpske.rs\/lat\/events\/mesec-frankofonije-jedna-zaboravljena-slika-nikole-pusena\/\" \/>\n<meta property=\"og:site_name\" content=\"Galerija Matice srpske\" \/>\n<meta property=\"og:image\" content=\"http:\/\/www.galerijamaticesrpske.rs\/wp-content\/uploads\/2026\/03\/mesec-frankofonije_sajt-1080x1920-1.jpg\" \/>\n\t<meta property=\"og:image:width\" content=\"1920\" \/>\n\t<meta property=\"og:image:height\" content=\"1087\" \/>\n\t<meta property=\"og:image:type\" content=\"image\/jpeg\" \/>\n<meta name=\"twitter:card\" content=\"summary_large_image\" \/>\n<meta name=\"twitter:label1\" content=\"Est. reading time\" \/>\n\t<meta name=\"twitter:data1\" content=\"2 minutes\" \/>\n<script type=\"application\/ld+json\" class=\"yoast-schema-graph\">{\"@context\":\"https:\\\/\\\/schema.org\",\"@graph\":[{\"@type\":\"WebPage\",\"@id\":\"http:\\\/\\\/www.galerijamaticesrpske.rs\\\/lat\\\/events\\\/mesec-frankofonije-jedna-zaboravljena-slika-nikole-pusena\\\/\",\"url\":\"http:\\\/\\\/www.galerijamaticesrpske.rs\\\/lat\\\/events\\\/mesec-frankofonije-jedna-zaboravljena-slika-nikole-pusena\\\/\",\"name\":\"Mesec frankofonije: Jedna zaboravljena slika Nikole Pusena | Galerija Matice srpske\",\"isPartOf\":{\"@id\":\"https:\\\/\\\/www.galerijamaticesrpske.rs\\\/#website\"},\"primaryImageOfPage\":{\"@id\":\"http:\\\/\\\/www.galerijamaticesrpske.rs\\\/lat\\\/events\\\/mesec-frankofonije-jedna-zaboravljena-slika-nikole-pusena\\\/#primaryimage\"},\"image\":{\"@id\":\"http:\\\/\\\/www.galerijamaticesrpske.rs\\\/lat\\\/events\\\/mesec-frankofonije-jedna-zaboravljena-slika-nikole-pusena\\\/#primaryimage\"},\"thumbnailUrl\":\"http:\\\/\\\/www.galerijamaticesrpske.rs\\\/wp-content\\\/uploads\\\/2026\\\/03\\\/mesec-frankofonije_sajt-1080x1920-1.jpg\",\"datePublished\":\"2026-03-10T11:17:42+00:00\",\"description\":\"Jedna zaboravljena slika Nikole Pusena \u2013 kako je mitolo\u0161ka predstava Venere i Adonisa stigla od baroknog Rima u 17. veku, do Beograda u 20. veku?\",\"breadcrumb\":{\"@id\":\"http:\\\/\\\/www.galerijamaticesrpske.rs\\\/lat\\\/events\\\/mesec-frankofonije-jedna-zaboravljena-slika-nikole-pusena\\\/#breadcrumb\"},\"inLanguage\":\"sr-LAT\",\"potentialAction\":[{\"@type\":\"ReadAction\",\"target\":[\"http:\\\/\\\/www.galerijamaticesrpske.rs\\\/lat\\\/events\\\/mesec-frankofonije-jedna-zaboravljena-slika-nikole-pusena\\\/\"]}]},{\"@type\":\"ImageObject\",\"inLanguage\":\"sr-LAT\",\"@id\":\"http:\\\/\\\/www.galerijamaticesrpske.rs\\\/lat\\\/events\\\/mesec-frankofonije-jedna-zaboravljena-slika-nikole-pusena\\\/#primaryimage\",\"url\":\"http:\\\/\\\/www.galerijamaticesrpske.rs\\\/wp-content\\\/uploads\\\/2026\\\/03\\\/mesec-frankofonije_sajt-1080x1920-1.jpg\",\"contentUrl\":\"http:\\\/\\\/www.galerijamaticesrpske.rs\\\/wp-content\\\/uploads\\\/2026\\\/03\\\/mesec-frankofonije_sajt-1080x1920-1.jpg\",\"width\":1920,\"height\":1087},{\"@type\":\"BreadcrumbList\",\"@id\":\"http:\\\/\\\/www.galerijamaticesrpske.rs\\\/lat\\\/events\\\/mesec-frankofonije-jedna-zaboravljena-slika-nikole-pusena\\\/#breadcrumb\",\"itemListElement\":[{\"@type\":\"ListItem\",\"position\":1,\"name\":\"\u041f\u043e\u0447\u0435\u0442\u043d\u0430\",\"item\":\"http:\\\/\\\/www.galerijamaticesrpske.rs\\\/lat\\\/\"},{\"@type\":\"ListItem\",\"position\":2,\"name\":\"Events\",\"item\":\"http:\\\/\\\/www.galerijamaticesrpske.rs\\\/lat\\\/events\\\/\"},{\"@type\":\"ListItem\",\"position\":3,\"name\":\"Mesec frankofonije: Jedna zaboravljena slika Nikole Pusena\"}]},{\"@type\":\"WebSite\",\"@id\":\"https:\\\/\\\/www.galerijamaticesrpske.rs\\\/#website\",\"url\":\"https:\\\/\\\/www.galerijamaticesrpske.rs\\\/\",\"name\":\"Galerija Matice srpske\",\"description\":\"Muzej srpske nacionalne umetnosti u Novom Sadu\",\"publisher\":{\"@id\":\"https:\\\/\\\/www.galerijamaticesrpske.rs\\\/#organization\"},\"potentialAction\":[{\"@type\":\"SearchAction\",\"target\":{\"@type\":\"EntryPoint\",\"urlTemplate\":\"https:\\\/\\\/www.galerijamaticesrpske.rs\\\/?s={search_term_string}\"},\"query-input\":{\"@type\":\"PropertyValueSpecification\",\"valueRequired\":true,\"valueName\":\"search_term_string\"}}],\"inLanguage\":\"sr-LAT\"},{\"@type\":\"Organization\",\"@id\":\"https:\\\/\\\/www.galerijamaticesrpske.rs\\\/#organization\",\"name\":\"Galerija Matice srpske\",\"url\":\"https:\\\/\\\/www.galerijamaticesrpske.rs\\\/\",\"logo\":{\"@type\":\"ImageObject\",\"inLanguage\":\"sr-LAT\",\"@id\":\"https:\\\/\\\/www.galerijamaticesrpske.rs\\\/#\\\/schema\\\/logo\\\/image\\\/\",\"url\":\"https:\\\/\\\/www.galerijamaticesrpske.rs\\\/wp-content\\\/uploads\\\/2021\\\/01\\\/gms-logo-za-sajt.svg\",\"contentUrl\":\"https:\\\/\\\/www.galerijamaticesrpske.rs\\\/wp-content\\\/uploads\\\/2021\\\/01\\\/gms-logo-za-sajt.svg\",\"width\":1,\"height\":1,\"caption\":\"Galerija Matice srpske\"},\"image\":{\"@id\":\"https:\\\/\\\/www.galerijamaticesrpske.rs\\\/#\\\/schema\\\/logo\\\/image\\\/\"}}]}<\/script>\n<!-- \/ Yoast SEO plugin. -->","yoast_head_json":{"title":"Mesec frankofonije: Jedna zaboravljena slika Nikole Pusena | Galerija Matice srpske","description":"Jedna zaboravljena slika Nikole Pusena \u2013 kako je mitolo\u0161ka predstava Venere i Adonisa stigla od baroknog Rima u 17. veku, do Beograda u 20. veku?","robots":{"index":"index","follow":"follow","max-snippet":"max-snippet:-1","max-image-preview":"max-image-preview:large","max-video-preview":"max-video-preview:-1"},"canonical":"http:\/\/www.galerijamaticesrpske.rs\/lat\/events\/mesec-frankofonije-jedna-zaboravljena-slika-nikole-pusena\/","og_locale":"en_US","og_type":"article","og_title":"Mesec frankofonije: Jedna zaboravljena slika Nikole Pusena | Galerija Matice srpske","og_description":"Jedna zaboravljena slika Nikole Pusena \u2013 kako je mitolo\u0161ka predstava Venere i Adonisa stigla od baroknog Rima u 17. veku, do Beograda u 20. veku?","og_url":"http:\/\/www.galerijamaticesrpske.rs\/lat\/events\/mesec-frankofonije-jedna-zaboravljena-slika-nikole-pusena\/","og_site_name":"Galerija Matice srpske","og_image":[{"width":1920,"height":1087,"url":"http:\/\/www.galerijamaticesrpske.rs\/wp-content\/uploads\/2026\/03\/mesec-frankofonije_sajt-1080x1920-1.jpg","type":"image\/jpeg"}],"twitter_card":"summary_large_image","twitter_misc":{"Est. reading time":"2 minutes"},"schema":{"@context":"https:\/\/schema.org","@graph":[{"@type":"WebPage","@id":"http:\/\/www.galerijamaticesrpske.rs\/lat\/events\/mesec-frankofonije-jedna-zaboravljena-slika-nikole-pusena\/","url":"http:\/\/www.galerijamaticesrpske.rs\/lat\/events\/mesec-frankofonije-jedna-zaboravljena-slika-nikole-pusena\/","name":"Mesec frankofonije: Jedna zaboravljena slika Nikole Pusena | Galerija Matice srpske","isPartOf":{"@id":"https:\/\/www.galerijamaticesrpske.rs\/#website"},"primaryImageOfPage":{"@id":"http:\/\/www.galerijamaticesrpske.rs\/lat\/events\/mesec-frankofonije-jedna-zaboravljena-slika-nikole-pusena\/#primaryimage"},"image":{"@id":"http:\/\/www.galerijamaticesrpske.rs\/lat\/events\/mesec-frankofonije-jedna-zaboravljena-slika-nikole-pusena\/#primaryimage"},"thumbnailUrl":"http:\/\/www.galerijamaticesrpske.rs\/wp-content\/uploads\/2026\/03\/mesec-frankofonije_sajt-1080x1920-1.jpg","datePublished":"2026-03-10T11:17:42+00:00","description":"Jedna zaboravljena slika Nikole Pusena \u2013 kako je mitolo\u0161ka predstava Venere i Adonisa stigla od baroknog Rima u 17. veku, do Beograda u 20. veku?","breadcrumb":{"@id":"http:\/\/www.galerijamaticesrpske.rs\/lat\/events\/mesec-frankofonije-jedna-zaboravljena-slika-nikole-pusena\/#breadcrumb"},"inLanguage":"sr-LAT","potentialAction":[{"@type":"ReadAction","target":["http:\/\/www.galerijamaticesrpske.rs\/lat\/events\/mesec-frankofonije-jedna-zaboravljena-slika-nikole-pusena\/"]}]},{"@type":"ImageObject","inLanguage":"sr-LAT","@id":"http:\/\/www.galerijamaticesrpske.rs\/lat\/events\/mesec-frankofonije-jedna-zaboravljena-slika-nikole-pusena\/#primaryimage","url":"http:\/\/www.galerijamaticesrpske.rs\/wp-content\/uploads\/2026\/03\/mesec-frankofonije_sajt-1080x1920-1.jpg","contentUrl":"http:\/\/www.galerijamaticesrpske.rs\/wp-content\/uploads\/2026\/03\/mesec-frankofonije_sajt-1080x1920-1.jpg","width":1920,"height":1087},{"@type":"BreadcrumbList","@id":"http:\/\/www.galerijamaticesrpske.rs\/lat\/events\/mesec-frankofonije-jedna-zaboravljena-slika-nikole-pusena\/#breadcrumb","itemListElement":[{"@type":"ListItem","position":1,"name":"\u041f\u043e\u0447\u0435\u0442\u043d\u0430","item":"http:\/\/www.galerijamaticesrpske.rs\/lat\/"},{"@type":"ListItem","position":2,"name":"Events","item":"http:\/\/www.galerijamaticesrpske.rs\/lat\/events\/"},{"@type":"ListItem","position":3,"name":"Mesec frankofonije: Jedna zaboravljena slika Nikole Pusena"}]},{"@type":"WebSite","@id":"https:\/\/www.galerijamaticesrpske.rs\/#website","url":"https:\/\/www.galerijamaticesrpske.rs\/","name":"Galerija Matice srpske","description":"Muzej srpske nacionalne umetnosti u Novom Sadu","publisher":{"@id":"https:\/\/www.galerijamaticesrpske.rs\/#organization"},"potentialAction":[{"@type":"SearchAction","target":{"@type":"EntryPoint","urlTemplate":"https:\/\/www.galerijamaticesrpske.rs\/?s={search_term_string}"},"query-input":{"@type":"PropertyValueSpecification","valueRequired":true,"valueName":"search_term_string"}}],"inLanguage":"sr-LAT"},{"@type":"Organization","@id":"https:\/\/www.galerijamaticesrpske.rs\/#organization","name":"Galerija Matice srpske","url":"https:\/\/www.galerijamaticesrpske.rs\/","logo":{"@type":"ImageObject","inLanguage":"sr-LAT","@id":"https:\/\/www.galerijamaticesrpske.rs\/#\/schema\/logo\/image\/","url":"https:\/\/www.galerijamaticesrpske.rs\/wp-content\/uploads\/2021\/01\/gms-logo-za-sajt.svg","contentUrl":"https:\/\/www.galerijamaticesrpske.rs\/wp-content\/uploads\/2021\/01\/gms-logo-za-sajt.svg","width":1,"height":1,"caption":"Galerija Matice srpske"},"image":{"@id":"https:\/\/www.galerijamaticesrpske.rs\/#\/schema\/logo\/image\/"}}]}},"_links":{"self":[{"href":"http:\/\/www.galerijamaticesrpske.rs\/lat\/wp-json\/wp\/v2\/mec-events\/16404","targetHints":{"allow":["GET"]}}],"collection":[{"href":"http:\/\/www.galerijamaticesrpske.rs\/lat\/wp-json\/wp\/v2\/mec-events"}],"about":[{"href":"http:\/\/www.galerijamaticesrpske.rs\/lat\/wp-json\/wp\/v2\/types\/mec-events"}],"author":[{"embeddable":true,"href":"http:\/\/www.galerijamaticesrpske.rs\/lat\/wp-json\/wp\/v2\/users\/2"}],"replies":[{"embeddable":true,"href":"http:\/\/www.galerijamaticesrpske.rs\/lat\/wp-json\/wp\/v2\/comments?post=16404"}],"wp:featuredmedia":[{"embeddable":true,"href":"http:\/\/www.galerijamaticesrpske.rs\/lat\/wp-json\/wp\/v2\/media\/16399"}],"wp:attachment":[{"href":"http:\/\/www.galerijamaticesrpske.rs\/lat\/wp-json\/wp\/v2\/media?parent=16404"}],"wp:term":[{"taxonomy":"post_tag","embeddable":true,"href":"http:\/\/www.galerijamaticesrpske.rs\/lat\/wp-json\/wp\/v2\/tags?post=16404"},{"taxonomy":"mec_category","embeddable":true,"href":"http:\/\/www.galerijamaticesrpske.rs\/lat\/wp-json\/wp\/v2\/mec_category?post=16404"}],"curies":[{"name":"wp","href":"https:\/\/api.w.org\/{rel}","templated":true}]}}