{"id":16406,"date":"2026-03-10T11:23:53","date_gmt":"2026-03-10T11:23:53","guid":{"rendered":"https:\/\/www.galerijamaticesrpske.rs\/?post_type=mec-events&#038;p=16406"},"modified":"2026-03-10T11:23:53","modified_gmt":"2026-03-10T11:23:53","slug":"mesec-frankofonije-quiz-de-france","status":"publish","type":"mec-events","link":"http:\/\/www.galerijamaticesrpske.rs\/lat\/events\/mesec-frankofonije-quiz-de-france\/","title":{"rendered":"Mesec frankofonije: Quiz de France"},"content":{"rendered":"<p>U okviru obele\u017eavanja Meseca frankofonije, publiku o\u010dekuje ekipni kviz u duhu popularnih \u201epab kvizova\u201c, posve\u0107en kulturi, istoriji i savremenom stvarala\u0161tvu Francuske. Takmi\u010dari \u0107e mo\u0107i da poka\u017eu znanje iz oblasti filma, muzike, knji\u017eevnosti, umetnosti, gastronomije, sporta i znamenitih li\u010dnosti, putuju\u0107i kroz pitanja od Pariza do Azurne obale.<\/p>\n<p>Kviz vodi<strong> msr Branimir Arsi\u0107<\/strong>, iskusni kviz autor i voditelj, pobednik Superfinala kviza \u201eSlagalica\u201c za 2021. godinu i osniva\u010d novosadskog pab kviza \u201eInkvizitor\u201c.<\/p>\n<p>Najuspe\u0161niju ekipu o\u010dekuju vredne nagrade i dobra atmosfera. Okupite tim od 4\u20135 \u010dlanova i prijavite se popunjavanjem elektronskog formulara koji je istaknut na sajtu.<\/p>\n<p>Poka\u017eite svoje znanje i pridru\u017eite nam se na ve\u010deri posve\u0107enoj Francuskoj!<\/p>\n","protected":false},"excerpt":{"rendered":"<p>U okviru obele\u017eavanja Meseca frankofonije, publiku o\u010dekuje ekipni kviz u duhu popularnih \u201epab kvizova\u201c, posve\u0107en kulturi, istoriji i savremenom stvarala\u0161tvu Francuske. Takmi\u010dari \u0107e mo\u0107i da poka\u017eu znanje iz oblasti filma, muzike, knji\u017eevnosti, umetnosti, gastronomije, sporta i znamenitih li\u010dnosti, putuju\u0107i kroz pitanja od Pariza do Azurne obale. Kviz vodi msr Branimir Arsi\u0107, iskusni kviz autor i<\/p>\n","protected":false},"author":2,"featured_media":16399,"comment_status":"closed","ping_status":"closed","template":"","tags":[],"mec_category":[105],"class_list":["post-16406","mec-events","type-mec-events","status-publish","has-post-thumbnail","hentry","mec_category-manifestacije"],"acf":[],"yoast_head":"<!-- This site is optimized with the Yoast SEO plugin v27.3 - https:\/\/yoast.com\/product\/yoast-seo-wordpress\/ -->\n<title>Mesec frankofonije: Quiz de France | Galerija Matice srpske<\/title>\n<meta name=\"description\" content=\"U okviru obele\u017eavanja Meseca frankofonije, publiku o\u010dekuje ekipni kviz u duhu popularnih \u201epab kvizova\u201c, posve\u0107en kulturi, istoriji i savremenom stvarala\u0161tvu Francuske.\" \/>\n<meta name=\"robots\" content=\"index, follow, max-snippet:-1, max-image-preview:large, max-video-preview:-1\" \/>\n<link rel=\"canonical\" href=\"http:\/\/www.galerijamaticesrpske.rs\/lat\/events\/mesec-frankofonije-quiz-de-france\/\" \/>\n<meta property=\"og:locale\" content=\"en_US\" \/>\n<meta property=\"og:type\" content=\"article\" \/>\n<meta property=\"og:title\" content=\"Mesec frankofonije: Quiz de France | Galerija Matice srpske\" \/>\n<meta property=\"og:description\" content=\"U okviru obele\u017eavanja Meseca frankofonije, publiku o\u010dekuje ekipni kviz u duhu popularnih \u201epab kvizova\u201c, posve\u0107en kulturi, istoriji i savremenom stvarala\u0161tvu Francuske.\" \/>\n<meta property=\"og:url\" content=\"http:\/\/www.galerijamaticesrpske.rs\/lat\/events\/mesec-frankofonije-quiz-de-france\/\" \/>\n<meta property=\"og:site_name\" content=\"Galerija Matice srpske\" \/>\n<meta property=\"og:image\" content=\"http:\/\/www.galerijamaticesrpske.rs\/wp-content\/uploads\/2026\/03\/mesec-frankofonije_sajt-1080x1920-1.jpg\" \/>\n\t<meta property=\"og:image:width\" content=\"1920\" \/>\n\t<meta property=\"og:image:height\" content=\"1087\" \/>\n\t<meta property=\"og:image:type\" content=\"image\/jpeg\" \/>\n<meta name=\"twitter:card\" content=\"summary_large_image\" \/>\n<meta name=\"twitter:label1\" content=\"Est. reading time\" \/>\n\t<meta name=\"twitter:data1\" content=\"1 minute\" \/>\n<script type=\"application\/ld+json\" class=\"yoast-schema-graph\">{\"@context\":\"https:\\\/\\\/schema.org\",\"@graph\":[{\"@type\":\"WebPage\",\"@id\":\"http:\\\/\\\/www.galerijamaticesrpske.rs\\\/lat\\\/events\\\/mesec-frankofonije-quiz-de-france\\\/\",\"url\":\"http:\\\/\\\/www.galerijamaticesrpske.rs\\\/lat\\\/events\\\/mesec-frankofonije-quiz-de-france\\\/\",\"name\":\"Mesec frankofonije: Quiz de France | Galerija Matice srpske\",\"isPartOf\":{\"@id\":\"http:\\\/\\\/www.galerijamaticesrpske.rs\\\/en\\\/#website\"},\"primaryImageOfPage\":{\"@id\":\"http:\\\/\\\/www.galerijamaticesrpske.rs\\\/lat\\\/events\\\/mesec-frankofonije-quiz-de-france\\\/#primaryimage\"},\"image\":{\"@id\":\"http:\\\/\\\/www.galerijamaticesrpske.rs\\\/lat\\\/events\\\/mesec-frankofonije-quiz-de-france\\\/#primaryimage\"},\"thumbnailUrl\":\"http:\\\/\\\/www.galerijamaticesrpske.rs\\\/wp-content\\\/uploads\\\/2026\\\/03\\\/mesec-frankofonije_sajt-1080x1920-1.jpg\",\"datePublished\":\"2026-03-10T11:23:53+00:00\",\"description\":\"U okviru obele\u017eavanja Meseca frankofonije, publiku o\u010dekuje ekipni kviz u duhu popularnih \u201epab kvizova\u201c, posve\u0107en kulturi, istoriji i savremenom stvarala\u0161tvu Francuske.\",\"breadcrumb\":{\"@id\":\"http:\\\/\\\/www.galerijamaticesrpske.rs\\\/lat\\\/events\\\/mesec-frankofonije-quiz-de-france\\\/#breadcrumb\"},\"inLanguage\":\"sr-LAT\",\"potentialAction\":[{\"@type\":\"ReadAction\",\"target\":[\"http:\\\/\\\/www.galerijamaticesrpske.rs\\\/lat\\\/events\\\/mesec-frankofonije-quiz-de-france\\\/\"]}]},{\"@type\":\"ImageObject\",\"inLanguage\":\"sr-LAT\",\"@id\":\"http:\\\/\\\/www.galerijamaticesrpske.rs\\\/lat\\\/events\\\/mesec-frankofonije-quiz-de-france\\\/#primaryimage\",\"url\":\"http:\\\/\\\/www.galerijamaticesrpske.rs\\\/wp-content\\\/uploads\\\/2026\\\/03\\\/mesec-frankofonije_sajt-1080x1920-1.jpg\",\"contentUrl\":\"http:\\\/\\\/www.galerijamaticesrpske.rs\\\/wp-content\\\/uploads\\\/2026\\\/03\\\/mesec-frankofonije_sajt-1080x1920-1.jpg\",\"width\":1920,\"height\":1087},{\"@type\":\"BreadcrumbList\",\"@id\":\"http:\\\/\\\/www.galerijamaticesrpske.rs\\\/lat\\\/events\\\/mesec-frankofonije-quiz-de-france\\\/#breadcrumb\",\"itemListElement\":[{\"@type\":\"ListItem\",\"position\":1,\"name\":\"\u041f\u043e\u0447\u0435\u0442\u043d\u0430\",\"item\":\"https:\\\/\\\/www.galerijamaticesrpske.rs\\\/lat\\\/\"},{\"@type\":\"ListItem\",\"position\":2,\"name\":\"Events\",\"item\":\"http:\\\/\\\/www.galerijamaticesrpske.rs\\\/en\\\/events\\\/\"},{\"@type\":\"ListItem\",\"position\":3,\"name\":\"Mesec frankofonije: Quiz de France\"}]},{\"@type\":\"WebSite\",\"@id\":\"http:\\\/\\\/www.galerijamaticesrpske.rs\\\/en\\\/#website\",\"url\":\"http:\\\/\\\/www.galerijamaticesrpske.rs\\\/en\\\/\",\"name\":\"Galerija Matice srpske\",\"description\":\"Muzej srpske nacionalne umetnosti u Novom Sadu\",\"publisher\":{\"@id\":\"http:\\\/\\\/www.galerijamaticesrpske.rs\\\/en\\\/#organization\"},\"potentialAction\":[{\"@type\":\"SearchAction\",\"target\":{\"@type\":\"EntryPoint\",\"urlTemplate\":\"http:\\\/\\\/www.galerijamaticesrpske.rs\\\/en\\\/?s={search_term_string}\"},\"query-input\":{\"@type\":\"PropertyValueSpecification\",\"valueRequired\":true,\"valueName\":\"search_term_string\"}}],\"inLanguage\":\"sr-LAT\"},{\"@type\":\"Organization\",\"@id\":\"http:\\\/\\\/www.galerijamaticesrpske.rs\\\/en\\\/#organization\",\"name\":\"Galerija Matice srpske\",\"url\":\"http:\\\/\\\/www.galerijamaticesrpske.rs\\\/en\\\/\",\"logo\":{\"@type\":\"ImageObject\",\"inLanguage\":\"sr-LAT\",\"@id\":\"http:\\\/\\\/www.galerijamaticesrpske.rs\\\/en\\\/#\\\/schema\\\/logo\\\/image\\\/\",\"url\":\"https:\\\/\\\/www.galerijamaticesrpske.rs\\\/wp-content\\\/uploads\\\/2021\\\/01\\\/gms-logo-za-sajt.svg\",\"contentUrl\":\"https:\\\/\\\/www.galerijamaticesrpske.rs\\\/wp-content\\\/uploads\\\/2021\\\/01\\\/gms-logo-za-sajt.svg\",\"width\":1,\"height\":1,\"caption\":\"Galerija Matice srpske\"},\"image\":{\"@id\":\"http:\\\/\\\/www.galerijamaticesrpske.rs\\\/en\\\/#\\\/schema\\\/logo\\\/image\\\/\"}}]}<\/script>\n<!-- \/ Yoast SEO plugin. -->","yoast_head_json":{"title":"Mesec frankofonije: Quiz de France | Galerija Matice srpske","description":"U okviru obele\u017eavanja Meseca frankofonije, publiku o\u010dekuje ekipni kviz u duhu popularnih \u201epab kvizova\u201c, posve\u0107en kulturi, istoriji i savremenom stvarala\u0161tvu Francuske.","robots":{"index":"index","follow":"follow","max-snippet":"max-snippet:-1","max-image-preview":"max-image-preview:large","max-video-preview":"max-video-preview:-1"},"canonical":"http:\/\/www.galerijamaticesrpske.rs\/lat\/events\/mesec-frankofonije-quiz-de-france\/","og_locale":"en_US","og_type":"article","og_title":"Mesec frankofonije: Quiz de France | Galerija Matice srpske","og_description":"U okviru obele\u017eavanja Meseca frankofonije, publiku o\u010dekuje ekipni kviz u duhu popularnih \u201epab kvizova\u201c, posve\u0107en kulturi, istoriji i savremenom stvarala\u0161tvu Francuske.","og_url":"http:\/\/www.galerijamaticesrpske.rs\/lat\/events\/mesec-frankofonije-quiz-de-france\/","og_site_name":"Galerija Matice srpske","og_image":[{"width":1920,"height":1087,"url":"http:\/\/www.galerijamaticesrpske.rs\/wp-content\/uploads\/2026\/03\/mesec-frankofonije_sajt-1080x1920-1.jpg","type":"image\/jpeg"}],"twitter_card":"summary_large_image","twitter_misc":{"Est. reading time":"1 minute"},"schema":{"@context":"https:\/\/schema.org","@graph":[{"@type":"WebPage","@id":"http:\/\/www.galerijamaticesrpske.rs\/lat\/events\/mesec-frankofonije-quiz-de-france\/","url":"http:\/\/www.galerijamaticesrpske.rs\/lat\/events\/mesec-frankofonije-quiz-de-france\/","name":"Mesec frankofonije: Quiz de France | Galerija Matice srpske","isPartOf":{"@id":"http:\/\/www.galerijamaticesrpske.rs\/en\/#website"},"primaryImageOfPage":{"@id":"http:\/\/www.galerijamaticesrpske.rs\/lat\/events\/mesec-frankofonije-quiz-de-france\/#primaryimage"},"image":{"@id":"http:\/\/www.galerijamaticesrpske.rs\/lat\/events\/mesec-frankofonije-quiz-de-france\/#primaryimage"},"thumbnailUrl":"http:\/\/www.galerijamaticesrpske.rs\/wp-content\/uploads\/2026\/03\/mesec-frankofonije_sajt-1080x1920-1.jpg","datePublished":"2026-03-10T11:23:53+00:00","description":"U okviru obele\u017eavanja Meseca frankofonije, publiku o\u010dekuje ekipni kviz u duhu popularnih \u201epab kvizova\u201c, posve\u0107en kulturi, istoriji i savremenom stvarala\u0161tvu Francuske.","breadcrumb":{"@id":"http:\/\/www.galerijamaticesrpske.rs\/lat\/events\/mesec-frankofonije-quiz-de-france\/#breadcrumb"},"inLanguage":"sr-LAT","potentialAction":[{"@type":"ReadAction","target":["http:\/\/www.galerijamaticesrpske.rs\/lat\/events\/mesec-frankofonije-quiz-de-france\/"]}]},{"@type":"ImageObject","inLanguage":"sr-LAT","@id":"http:\/\/www.galerijamaticesrpske.rs\/lat\/events\/mesec-frankofonije-quiz-de-france\/#primaryimage","url":"http:\/\/www.galerijamaticesrpske.rs\/wp-content\/uploads\/2026\/03\/mesec-frankofonije_sajt-1080x1920-1.jpg","contentUrl":"http:\/\/www.galerijamaticesrpske.rs\/wp-content\/uploads\/2026\/03\/mesec-frankofonije_sajt-1080x1920-1.jpg","width":1920,"height":1087},{"@type":"BreadcrumbList","@id":"http:\/\/www.galerijamaticesrpske.rs\/lat\/events\/mesec-frankofonije-quiz-de-france\/#breadcrumb","itemListElement":[{"@type":"ListItem","position":1,"name":"\u041f\u043e\u0447\u0435\u0442\u043d\u0430","item":"https:\/\/www.galerijamaticesrpske.rs\/lat\/"},{"@type":"ListItem","position":2,"name":"Events","item":"http:\/\/www.galerijamaticesrpske.rs\/en\/events\/"},{"@type":"ListItem","position":3,"name":"Mesec frankofonije: Quiz de France"}]},{"@type":"WebSite","@id":"http:\/\/www.galerijamaticesrpske.rs\/en\/#website","url":"http:\/\/www.galerijamaticesrpske.rs\/en\/","name":"Galerija Matice srpske","description":"Muzej srpske nacionalne umetnosti u Novom Sadu","publisher":{"@id":"http:\/\/www.galerijamaticesrpske.rs\/en\/#organization"},"potentialAction":[{"@type":"SearchAction","target":{"@type":"EntryPoint","urlTemplate":"http:\/\/www.galerijamaticesrpske.rs\/en\/?s={search_term_string}"},"query-input":{"@type":"PropertyValueSpecification","valueRequired":true,"valueName":"search_term_string"}}],"inLanguage":"sr-LAT"},{"@type":"Organization","@id":"http:\/\/www.galerijamaticesrpske.rs\/en\/#organization","name":"Galerija Matice srpske","url":"http:\/\/www.galerijamaticesrpske.rs\/en\/","logo":{"@type":"ImageObject","inLanguage":"sr-LAT","@id":"http:\/\/www.galerijamaticesrpske.rs\/en\/#\/schema\/logo\/image\/","url":"https:\/\/www.galerijamaticesrpske.rs\/wp-content\/uploads\/2021\/01\/gms-logo-za-sajt.svg","contentUrl":"https:\/\/www.galerijamaticesrpske.rs\/wp-content\/uploads\/2021\/01\/gms-logo-za-sajt.svg","width":1,"height":1,"caption":"Galerija Matice srpske"},"image":{"@id":"http:\/\/www.galerijamaticesrpske.rs\/en\/#\/schema\/logo\/image\/"}}]}},"_links":{"self":[{"href":"http:\/\/www.galerijamaticesrpske.rs\/lat\/wp-json\/wp\/v2\/mec-events\/16406","targetHints":{"allow":["GET"]}}],"collection":[{"href":"http:\/\/www.galerijamaticesrpske.rs\/lat\/wp-json\/wp\/v2\/mec-events"}],"about":[{"href":"http:\/\/www.galerijamaticesrpske.rs\/lat\/wp-json\/wp\/v2\/types\/mec-events"}],"author":[{"embeddable":true,"href":"http:\/\/www.galerijamaticesrpske.rs\/lat\/wp-json\/wp\/v2\/users\/2"}],"replies":[{"embeddable":true,"href":"http:\/\/www.galerijamaticesrpske.rs\/lat\/wp-json\/wp\/v2\/comments?post=16406"}],"wp:featuredmedia":[{"embeddable":true,"href":"http:\/\/www.galerijamaticesrpske.rs\/lat\/wp-json\/wp\/v2\/media\/16399"}],"wp:attachment":[{"href":"http:\/\/www.galerijamaticesrpske.rs\/lat\/wp-json\/wp\/v2\/media?parent=16406"}],"wp:term":[{"taxonomy":"post_tag","embeddable":true,"href":"http:\/\/www.galerijamaticesrpske.rs\/lat\/wp-json\/wp\/v2\/tags?post=16406"},{"taxonomy":"mec_category","embeddable":true,"href":"http:\/\/www.galerijamaticesrpske.rs\/lat\/wp-json\/wp\/v2\/mec_category?post=16406"}],"curies":[{"name":"wp","href":"https:\/\/api.w.org\/{rel}","templated":true}]}}