{"id":16423,"date":"2026-03-11T07:52:59","date_gmt":"2026-03-11T07:52:59","guid":{"rendered":"https:\/\/www.galerijamaticesrpske.rs\/?post_type=mec-events&#038;p=16423"},"modified":"2026-03-11T07:54:23","modified_gmt":"2026-03-11T07:54:23","slug":"radionica-za-tinejdzere-mitologija-na-francuski-nacin","status":"publish","type":"mec-events","link":"http:\/\/www.galerijamaticesrpske.rs\/lat\/events\/radionica-za-tinejdzere-mitologija-na-francuski-nacin\/","title":{"rendered":"Radionica za tinejd\u017eere \u2013 Mitologija na francuski na\u010din"},"content":{"rendered":"<p>U okviru manifestacije Mesec frankofonije, koju realizujemo u saradnji sa Francuskim institutom u Novom Sadu, u martu \u0107e se odr\u017eati tri radionice za decu i tinejd\u017eere subotom.<\/p>\n<p>Prva radionica u okviru ciklusa nosi naziv<strong><em>\u00a0Mitologija na francuski na\u010din<\/em><\/strong>\u00a0i bi\u0107e odr\u017eana u Galeriji Matice srpske. Putem reprodukcija i digitalne tehnologije, deca i tinejd\u017eeri \u0107e se upoznati sa \u017eivotom i stvarala\u0161tvom francuskog baroknog slikara<strong>\u00a0Nikole Pusena<\/strong>\u00a0i temom\u00a0<strong>mitologije<\/strong>. Uporedi\u0107emo Pusenov prikaz boga Bahusa sa slikom Novaka Radonji\u0107a koja se nalazi u stalnoj postavci Galerije i naslikana je po uzoru na holadskog slikara Rubensa.<\/p>\n<p>U likovnom delu radionice, deca \u0107e slikati temperama i prikaza\u0107e mitolo\u0161ke pri\u010de.<\/p>\n<p>Radionice se organizuju <strong>za maksimalno 15 dece uzrasta od 9 do 13 godina<\/strong>. U\u010de\u0161\u0107e deteta na radionici potrebno je prijaviti popunjavanjem elektronskog upitnika. Cena ulaznice je 200 dinara po detetu.<\/p>\n","protected":false},"excerpt":{"rendered":"<p>U okviru manifestacije Mesec frankofonije, koju realizujemo u saradnji sa Francuskim institutom u Novom Sadu, u martu \u0107e se odr\u017eati tri radionice za decu i tinejd\u017eere subotom. Prva radionica u okviru ciklusa nosi naziv\u00a0Mitologija na francuski na\u010din\u00a0i bi\u0107e odr\u017eana u Galeriji Matice srpske. Putem reprodukcija i digitalne tehnologije, deca i tinejd\u017eeri \u0107e se upoznati sa<\/p>\n","protected":false},"author":2,"featured_media":16399,"comment_status":"closed","ping_status":"closed","template":"","tags":[],"mec_category":[104],"class_list":["post-16423","mec-events","type-mec-events","status-publish","has-post-thumbnail","hentry","mec_category-kreativne-radionice-za-decu-subotom"],"acf":[],"yoast_head":"<!-- This site is optimized with the Yoast SEO plugin v27.3 - https:\/\/yoast.com\/product\/yoast-seo-wordpress\/ -->\n<title>Radionica za tinejd\u017eere \u2013 Mitologija na francuski na\u010din | Galerija Matice srpske<\/title>\n<meta name=\"description\" content=\"U okviru manifestacije Mesec frankofonije, koju realizujemo u saradnji sa Francuskim institutom u Novom Sadu, u martu \u0107e se odr\u017eati tri radionice za decu i tinejd\u017eere subotom.\" \/>\n<meta name=\"robots\" content=\"index, follow, max-snippet:-1, max-image-preview:large, max-video-preview:-1\" \/>\n<link rel=\"canonical\" href=\"http:\/\/www.galerijamaticesrpske.rs\/lat\/events\/radionica-za-tinejdzere-mitologija-na-francuski-nacin\/\" \/>\n<meta property=\"og:locale\" content=\"en_US\" \/>\n<meta property=\"og:type\" content=\"article\" \/>\n<meta property=\"og:title\" content=\"Radionica za tinejd\u017eere \u2013 Mitologija na francuski na\u010din | Galerija Matice srpske\" \/>\n<meta property=\"og:description\" content=\"U okviru manifestacije Mesec frankofonije, koju realizujemo u saradnji sa Francuskim institutom u Novom Sadu, u martu \u0107e se odr\u017eati tri radionice za decu i tinejd\u017eere subotom.\" \/>\n<meta property=\"og:url\" content=\"http:\/\/www.galerijamaticesrpske.rs\/lat\/events\/radionica-za-tinejdzere-mitologija-na-francuski-nacin\/\" \/>\n<meta property=\"og:site_name\" content=\"Galerija Matice srpske\" \/>\n<meta property=\"article:modified_time\" content=\"2026-03-11T07:54:23+00:00\" \/>\n<meta property=\"og:image\" content=\"http:\/\/www.galerijamaticesrpske.rs\/wp-content\/uploads\/2026\/03\/mesec-frankofonije_sajt-1080x1920-1.jpg\" \/>\n\t<meta property=\"og:image:width\" content=\"1920\" \/>\n\t<meta property=\"og:image:height\" content=\"1087\" \/>\n\t<meta property=\"og:image:type\" content=\"image\/jpeg\" \/>\n<meta name=\"twitter:card\" content=\"summary_large_image\" \/>\n<meta name=\"twitter:label1\" content=\"Est. reading time\" \/>\n\t<meta name=\"twitter:data1\" content=\"1 minute\" \/>\n<script type=\"application\/ld+json\" class=\"yoast-schema-graph\">{\"@context\":\"https:\\\/\\\/schema.org\",\"@graph\":[{\"@type\":\"WebPage\",\"@id\":\"http:\\\/\\\/www.galerijamaticesrpske.rs\\\/lat\\\/events\\\/radionica-za-tinejdzere-mitologija-na-francuski-nacin\\\/\",\"url\":\"http:\\\/\\\/www.galerijamaticesrpske.rs\\\/lat\\\/events\\\/radionica-za-tinejdzere-mitologija-na-francuski-nacin\\\/\",\"name\":\"Radionica za tinejd\u017eere \u2013 Mitologija na francuski na\u010din | Galerija Matice srpske\",\"isPartOf\":{\"@id\":\"https:\\\/\\\/www.galerijamaticesrpske.rs\\\/#website\"},\"primaryImageOfPage\":{\"@id\":\"http:\\\/\\\/www.galerijamaticesrpske.rs\\\/lat\\\/events\\\/radionica-za-tinejdzere-mitologija-na-francuski-nacin\\\/#primaryimage\"},\"image\":{\"@id\":\"http:\\\/\\\/www.galerijamaticesrpske.rs\\\/lat\\\/events\\\/radionica-za-tinejdzere-mitologija-na-francuski-nacin\\\/#primaryimage\"},\"thumbnailUrl\":\"http:\\\/\\\/www.galerijamaticesrpske.rs\\\/wp-content\\\/uploads\\\/2026\\\/03\\\/mesec-frankofonije_sajt-1080x1920-1.jpg\",\"datePublished\":\"2026-03-11T07:52:59+00:00\",\"dateModified\":\"2026-03-11T07:54:23+00:00\",\"description\":\"U okviru manifestacije Mesec frankofonije, koju realizujemo u saradnji sa Francuskim institutom u Novom Sadu, u martu \u0107e se odr\u017eati tri radionice za decu i tinejd\u017eere subotom.\",\"breadcrumb\":{\"@id\":\"http:\\\/\\\/www.galerijamaticesrpske.rs\\\/lat\\\/events\\\/radionica-za-tinejdzere-mitologija-na-francuski-nacin\\\/#breadcrumb\"},\"inLanguage\":\"sr-LAT\",\"potentialAction\":[{\"@type\":\"ReadAction\",\"target\":[\"http:\\\/\\\/www.galerijamaticesrpske.rs\\\/lat\\\/events\\\/radionica-za-tinejdzere-mitologija-na-francuski-nacin\\\/\"]}]},{\"@type\":\"ImageObject\",\"inLanguage\":\"sr-LAT\",\"@id\":\"http:\\\/\\\/www.galerijamaticesrpske.rs\\\/lat\\\/events\\\/radionica-za-tinejdzere-mitologija-na-francuski-nacin\\\/#primaryimage\",\"url\":\"http:\\\/\\\/www.galerijamaticesrpske.rs\\\/wp-content\\\/uploads\\\/2026\\\/03\\\/mesec-frankofonije_sajt-1080x1920-1.jpg\",\"contentUrl\":\"http:\\\/\\\/www.galerijamaticesrpske.rs\\\/wp-content\\\/uploads\\\/2026\\\/03\\\/mesec-frankofonije_sajt-1080x1920-1.jpg\",\"width\":1920,\"height\":1087},{\"@type\":\"BreadcrumbList\",\"@id\":\"http:\\\/\\\/www.galerijamaticesrpske.rs\\\/lat\\\/events\\\/radionica-za-tinejdzere-mitologija-na-francuski-nacin\\\/#breadcrumb\",\"itemListElement\":[{\"@type\":\"ListItem\",\"position\":1,\"name\":\"\u041f\u043e\u0447\u0435\u0442\u043d\u0430\",\"item\":\"http:\\\/\\\/www.galerijamaticesrpske.rs\\\/lat\\\/\"},{\"@type\":\"ListItem\",\"position\":2,\"name\":\"Events\",\"item\":\"http:\\\/\\\/www.galerijamaticesrpske.rs\\\/lat\\\/events\\\/\"},{\"@type\":\"ListItem\",\"position\":3,\"name\":\"Radionica za tinejd\u017eere \u2013 Mitologija na francuski na\u010din\"}]},{\"@type\":\"WebSite\",\"@id\":\"https:\\\/\\\/www.galerijamaticesrpske.rs\\\/#website\",\"url\":\"https:\\\/\\\/www.galerijamaticesrpske.rs\\\/\",\"name\":\"Galerija Matice srpske\",\"description\":\"Muzej srpske nacionalne umetnosti u Novom Sadu\",\"publisher\":{\"@id\":\"https:\\\/\\\/www.galerijamaticesrpske.rs\\\/#organization\"},\"potentialAction\":[{\"@type\":\"SearchAction\",\"target\":{\"@type\":\"EntryPoint\",\"urlTemplate\":\"https:\\\/\\\/www.galerijamaticesrpske.rs\\\/?s={search_term_string}\"},\"query-input\":{\"@type\":\"PropertyValueSpecification\",\"valueRequired\":true,\"valueName\":\"search_term_string\"}}],\"inLanguage\":\"sr-LAT\"},{\"@type\":\"Organization\",\"@id\":\"https:\\\/\\\/www.galerijamaticesrpske.rs\\\/#organization\",\"name\":\"Galerija Matice srpske\",\"url\":\"https:\\\/\\\/www.galerijamaticesrpske.rs\\\/\",\"logo\":{\"@type\":\"ImageObject\",\"inLanguage\":\"sr-LAT\",\"@id\":\"https:\\\/\\\/www.galerijamaticesrpske.rs\\\/#\\\/schema\\\/logo\\\/image\\\/\",\"url\":\"https:\\\/\\\/www.galerijamaticesrpske.rs\\\/wp-content\\\/uploads\\\/2021\\\/01\\\/gms-logo-za-sajt.svg\",\"contentUrl\":\"https:\\\/\\\/www.galerijamaticesrpske.rs\\\/wp-content\\\/uploads\\\/2021\\\/01\\\/gms-logo-za-sajt.svg\",\"width\":1,\"height\":1,\"caption\":\"Galerija Matice srpske\"},\"image\":{\"@id\":\"https:\\\/\\\/www.galerijamaticesrpske.rs\\\/#\\\/schema\\\/logo\\\/image\\\/\"}}]}<\/script>\n<!-- \/ Yoast SEO plugin. -->","yoast_head_json":{"title":"Radionica za tinejd\u017eere \u2013 Mitologija na francuski na\u010din | Galerija Matice srpske","description":"U okviru manifestacije Mesec frankofonije, koju realizujemo u saradnji sa Francuskim institutom u Novom Sadu, u martu \u0107e se odr\u017eati tri radionice za decu i tinejd\u017eere subotom.","robots":{"index":"index","follow":"follow","max-snippet":"max-snippet:-1","max-image-preview":"max-image-preview:large","max-video-preview":"max-video-preview:-1"},"canonical":"http:\/\/www.galerijamaticesrpske.rs\/lat\/events\/radionica-za-tinejdzere-mitologija-na-francuski-nacin\/","og_locale":"en_US","og_type":"article","og_title":"Radionica za tinejd\u017eere \u2013 Mitologija na francuski na\u010din | Galerija Matice srpske","og_description":"U okviru manifestacije Mesec frankofonije, koju realizujemo u saradnji sa Francuskim institutom u Novom Sadu, u martu \u0107e se odr\u017eati tri radionice za decu i tinejd\u017eere subotom.","og_url":"http:\/\/www.galerijamaticesrpske.rs\/lat\/events\/radionica-za-tinejdzere-mitologija-na-francuski-nacin\/","og_site_name":"Galerija Matice srpske","article_modified_time":"2026-03-11T07:54:23+00:00","og_image":[{"width":1920,"height":1087,"url":"http:\/\/www.galerijamaticesrpske.rs\/wp-content\/uploads\/2026\/03\/mesec-frankofonije_sajt-1080x1920-1.jpg","type":"image\/jpeg"}],"twitter_card":"summary_large_image","twitter_misc":{"Est. reading time":"1 minute"},"schema":{"@context":"https:\/\/schema.org","@graph":[{"@type":"WebPage","@id":"http:\/\/www.galerijamaticesrpske.rs\/lat\/events\/radionica-za-tinejdzere-mitologija-na-francuski-nacin\/","url":"http:\/\/www.galerijamaticesrpske.rs\/lat\/events\/radionica-za-tinejdzere-mitologija-na-francuski-nacin\/","name":"Radionica za tinejd\u017eere \u2013 Mitologija na francuski na\u010din | Galerija Matice srpske","isPartOf":{"@id":"https:\/\/www.galerijamaticesrpske.rs\/#website"},"primaryImageOfPage":{"@id":"http:\/\/www.galerijamaticesrpske.rs\/lat\/events\/radionica-za-tinejdzere-mitologija-na-francuski-nacin\/#primaryimage"},"image":{"@id":"http:\/\/www.galerijamaticesrpske.rs\/lat\/events\/radionica-za-tinejdzere-mitologija-na-francuski-nacin\/#primaryimage"},"thumbnailUrl":"http:\/\/www.galerijamaticesrpske.rs\/wp-content\/uploads\/2026\/03\/mesec-frankofonije_sajt-1080x1920-1.jpg","datePublished":"2026-03-11T07:52:59+00:00","dateModified":"2026-03-11T07:54:23+00:00","description":"U okviru manifestacije Mesec frankofonije, koju realizujemo u saradnji sa Francuskim institutom u Novom Sadu, u martu \u0107e se odr\u017eati tri radionice za decu i tinejd\u017eere subotom.","breadcrumb":{"@id":"http:\/\/www.galerijamaticesrpske.rs\/lat\/events\/radionica-za-tinejdzere-mitologija-na-francuski-nacin\/#breadcrumb"},"inLanguage":"sr-LAT","potentialAction":[{"@type":"ReadAction","target":["http:\/\/www.galerijamaticesrpske.rs\/lat\/events\/radionica-za-tinejdzere-mitologija-na-francuski-nacin\/"]}]},{"@type":"ImageObject","inLanguage":"sr-LAT","@id":"http:\/\/www.galerijamaticesrpske.rs\/lat\/events\/radionica-za-tinejdzere-mitologija-na-francuski-nacin\/#primaryimage","url":"http:\/\/www.galerijamaticesrpske.rs\/wp-content\/uploads\/2026\/03\/mesec-frankofonije_sajt-1080x1920-1.jpg","contentUrl":"http:\/\/www.galerijamaticesrpske.rs\/wp-content\/uploads\/2026\/03\/mesec-frankofonije_sajt-1080x1920-1.jpg","width":1920,"height":1087},{"@type":"BreadcrumbList","@id":"http:\/\/www.galerijamaticesrpske.rs\/lat\/events\/radionica-za-tinejdzere-mitologija-na-francuski-nacin\/#breadcrumb","itemListElement":[{"@type":"ListItem","position":1,"name":"\u041f\u043e\u0447\u0435\u0442\u043d\u0430","item":"http:\/\/www.galerijamaticesrpske.rs\/lat\/"},{"@type":"ListItem","position":2,"name":"Events","item":"http:\/\/www.galerijamaticesrpske.rs\/lat\/events\/"},{"@type":"ListItem","position":3,"name":"Radionica za tinejd\u017eere \u2013 Mitologija na francuski na\u010din"}]},{"@type":"WebSite","@id":"https:\/\/www.galerijamaticesrpske.rs\/#website","url":"https:\/\/www.galerijamaticesrpske.rs\/","name":"Galerija Matice srpske","description":"Muzej srpske nacionalne umetnosti u Novom Sadu","publisher":{"@id":"https:\/\/www.galerijamaticesrpske.rs\/#organization"},"potentialAction":[{"@type":"SearchAction","target":{"@type":"EntryPoint","urlTemplate":"https:\/\/www.galerijamaticesrpske.rs\/?s={search_term_string}"},"query-input":{"@type":"PropertyValueSpecification","valueRequired":true,"valueName":"search_term_string"}}],"inLanguage":"sr-LAT"},{"@type":"Organization","@id":"https:\/\/www.galerijamaticesrpske.rs\/#organization","name":"Galerija Matice srpske","url":"https:\/\/www.galerijamaticesrpske.rs\/","logo":{"@type":"ImageObject","inLanguage":"sr-LAT","@id":"https:\/\/www.galerijamaticesrpske.rs\/#\/schema\/logo\/image\/","url":"https:\/\/www.galerijamaticesrpske.rs\/wp-content\/uploads\/2021\/01\/gms-logo-za-sajt.svg","contentUrl":"https:\/\/www.galerijamaticesrpske.rs\/wp-content\/uploads\/2021\/01\/gms-logo-za-sajt.svg","width":1,"height":1,"caption":"Galerija Matice srpske"},"image":{"@id":"https:\/\/www.galerijamaticesrpske.rs\/#\/schema\/logo\/image\/"}}]}},"_links":{"self":[{"href":"http:\/\/www.galerijamaticesrpske.rs\/lat\/wp-json\/wp\/v2\/mec-events\/16423","targetHints":{"allow":["GET"]}}],"collection":[{"href":"http:\/\/www.galerijamaticesrpske.rs\/lat\/wp-json\/wp\/v2\/mec-events"}],"about":[{"href":"http:\/\/www.galerijamaticesrpske.rs\/lat\/wp-json\/wp\/v2\/types\/mec-events"}],"author":[{"embeddable":true,"href":"http:\/\/www.galerijamaticesrpske.rs\/lat\/wp-json\/wp\/v2\/users\/2"}],"replies":[{"embeddable":true,"href":"http:\/\/www.galerijamaticesrpske.rs\/lat\/wp-json\/wp\/v2\/comments?post=16423"}],"wp:featuredmedia":[{"embeddable":true,"href":"http:\/\/www.galerijamaticesrpske.rs\/lat\/wp-json\/wp\/v2\/media\/16399"}],"wp:attachment":[{"href":"http:\/\/www.galerijamaticesrpske.rs\/lat\/wp-json\/wp\/v2\/media?parent=16423"}],"wp:term":[{"taxonomy":"post_tag","embeddable":true,"href":"http:\/\/www.galerijamaticesrpske.rs\/lat\/wp-json\/wp\/v2\/tags?post=16423"},{"taxonomy":"mec_category","embeddable":true,"href":"http:\/\/www.galerijamaticesrpske.rs\/lat\/wp-json\/wp\/v2\/mec_category?post=16423"}],"curies":[{"name":"wp","href":"https:\/\/api.w.org\/{rel}","templated":true}]}}