{"id":5749,"date":"2021-11-04T09:56:16","date_gmt":"2021-11-04T09:56:16","guid":{"rendered":"https:\/\/www.galerijamaticesrpske.rs\/?post_type=mec-events&#038;p=5749"},"modified":"2021-11-04T09:56:17","modified_gmt":"2021-11-04T09:56:17","slug":"kakvu-tajnu-priroda-cuva","status":"publish","type":"mec-events","link":"http:\/\/www.galerijamaticesrpske.rs\/lat\/events\/kakvu-tajnu-priroda-cuva\/","title":{"rendered":"Kakvu tajnu priroda \u010duva"},"content":{"rendered":"\n<p><strong>Kreativna radionica za decu, ciklus <em><strong>Umetni\u010dki simboli i njihovi stvaraoci<\/strong><\/em><\/strong><\/p>\n\n\n\n<p>Tokom novembra na\u0161e kreativne radionice subotom posve\u0107ujemo novoj izlo\u017ebi pod nazivom <em><a href=\"https:\/\/www.galerijamaticesrpske.rs\/lat\/events\/zivot-san-smrt-evropski-okviri-srpskog-simbolizma\/\">\u017divot &#8211; san &#8211; smrt. Evropski okviri srpskog simbolizma<\/a><\/em>. Kroz radionice \u0107emo sa decom &#8220;u\u0107i&#8221; u tajansteni svet simbola i otkriti njihova zna\u010denja, a zatim \u0107e ih mali\u0161ani predstaviti na svojim umetni\u010dkim radovima.<\/p>\n\n\n\n<p>Umetnici simbolizma su \u010desto inspiraciju nalazili u prirodi. Prikzivanjem prirodnih pojava na svojim platnima, umetnici su od svojih slika pravili prave bajke kojima su poku\u0161ali da otkriju tajne \u017eivota. Voda, bez koje ne bi bilo prirode i njenih stanovnika, \u010desto je predstavljala izvor \u017eivota. Smene \u010detiri godi\u0161nja doba, umetnike su podse\u0107ale na tamni san i \u0161areno bu\u0111enje. Posmatraju\u0107i prikaze prirode, deca \u0107e otkriti kakve sve tajne se u njenom carstvu \u010duvaju. Na kraju radionice sledi kreativni zadatak tokom kog \u0107e deca naslikati pejza\u017e sa smenom \u010detiri godi\u0161nja doba.<\/p>\n","protected":false},"excerpt":{"rendered":"<p>Kreativna radionica za decu, ciklus Umetni\u010dki simboli i njihovi stvaraoci Tokom novembra na\u0161e kreativne radionice subotom posve\u0107ujemo novoj izlo\u017ebi pod nazivom \u017divot &#8211; san &#8211; smrt. Evropski okviri srpskog simbolizma. Kroz radionice \u0107emo sa decom &#8220;u\u0107i&#8221; u tajansteni svet simbola i otkriti njihova zna\u010denja, a zatim \u0107e ih mali\u0161ani predstaviti na svojim umetni\u010dkim radovima. Umetnici<\/p>\n","protected":false},"author":2,"featured_media":5745,"comment_status":"closed","ping_status":"closed","template":"","tags":[],"mec_category":[102,104],"class_list":["post-5749","mec-events","type-mec-events","status-publish","has-post-thumbnail","hentry","mec_category-edukativni-programi-za-decu-i-mlade","mec_category-kreativne-radionice-za-decu-subotom"],"acf":[],"yoast_head":"<!-- This site is optimized with the Yoast SEO plugin v27.3 - https:\/\/yoast.com\/product\/yoast-seo-wordpress\/ -->\n<title>Kakvu tajnu priroda \u010duva | Galerija Matice srpske<\/title>\n<meta name=\"robots\" content=\"index, follow, max-snippet:-1, max-image-preview:large, max-video-preview:-1\" \/>\n<link rel=\"canonical\" href=\"http:\/\/www.galerijamaticesrpske.rs\/lat\/events\/kakvu-tajnu-priroda-cuva\/\" \/>\n<meta property=\"og:locale\" content=\"en_US\" \/>\n<meta property=\"og:type\" content=\"article\" \/>\n<meta property=\"og:title\" content=\"Kakvu tajnu priroda \u010duva | Galerija Matice srpske\" \/>\n<meta property=\"og:description\" content=\"Kreativna radionica za decu, ciklus Umetni\u010dki simboli i njihovi stvaraoci Tokom novembra na\u0161e kreativne radionice subotom posve\u0107ujemo novoj izlo\u017ebi pod nazivom \u017divot &#8211; san &#8211; smrt. Evropski okviri srpskog simbolizma. Kroz radionice \u0107emo sa decom &#8220;u\u0107i&#8221; u tajansteni svet simbola i otkriti njihova zna\u010denja, a zatim \u0107e ih mali\u0161ani predstaviti na svojim umetni\u010dkim radovima. Umetnici\" \/>\n<meta property=\"og:url\" content=\"http:\/\/www.galerijamaticesrpske.rs\/lat\/events\/kakvu-tajnu-priroda-cuva\/\" \/>\n<meta property=\"og:site_name\" content=\"Galerija Matice srpske\" \/>\n<meta property=\"article:modified_time\" content=\"2021-11-04T09:56:17+00:00\" \/>\n<meta property=\"og:image\" content=\"http:\/\/www.galerijamaticesrpske.rs\/wp-content\/uploads\/2021\/11\/kreativne-radionice-subotom_novembar.jpg\" \/>\n\t<meta property=\"og:image:width\" content=\"1245\" \/>\n\t<meta property=\"og:image:height\" content=\"630\" \/>\n\t<meta property=\"og:image:type\" content=\"image\/jpeg\" \/>\n<meta name=\"twitter:card\" content=\"summary_large_image\" \/>\n<meta name=\"twitter:label1\" content=\"Est. reading time\" \/>\n\t<meta name=\"twitter:data1\" content=\"1 minute\" \/>\n<script type=\"application\/ld+json\" class=\"yoast-schema-graph\">{\"@context\":\"https:\\\/\\\/schema.org\",\"@graph\":[{\"@type\":\"WebPage\",\"@id\":\"http:\\\/\\\/www.galerijamaticesrpske.rs\\\/lat\\\/events\\\/kakvu-tajnu-priroda-cuva\\\/\",\"url\":\"http:\\\/\\\/www.galerijamaticesrpske.rs\\\/lat\\\/events\\\/kakvu-tajnu-priroda-cuva\\\/\",\"name\":\"Kakvu tajnu priroda \u010duva | Galerija Matice srpske\",\"isPartOf\":{\"@id\":\"https:\\\/\\\/www.galerijamaticesrpske.rs\\\/#website\"},\"primaryImageOfPage\":{\"@id\":\"http:\\\/\\\/www.galerijamaticesrpske.rs\\\/lat\\\/events\\\/kakvu-tajnu-priroda-cuva\\\/#primaryimage\"},\"image\":{\"@id\":\"http:\\\/\\\/www.galerijamaticesrpske.rs\\\/lat\\\/events\\\/kakvu-tajnu-priroda-cuva\\\/#primaryimage\"},\"thumbnailUrl\":\"http:\\\/\\\/www.galerijamaticesrpske.rs\\\/wp-content\\\/uploads\\\/2021\\\/11\\\/kreativne-radionice-subotom_novembar.jpg\",\"datePublished\":\"2021-11-04T09:56:16+00:00\",\"dateModified\":\"2021-11-04T09:56:17+00:00\",\"breadcrumb\":{\"@id\":\"http:\\\/\\\/www.galerijamaticesrpske.rs\\\/lat\\\/events\\\/kakvu-tajnu-priroda-cuva\\\/#breadcrumb\"},\"inLanguage\":\"sr-LAT\",\"potentialAction\":[{\"@type\":\"ReadAction\",\"target\":[\"http:\\\/\\\/www.galerijamaticesrpske.rs\\\/lat\\\/events\\\/kakvu-tajnu-priroda-cuva\\\/\"]}]},{\"@type\":\"ImageObject\",\"inLanguage\":\"sr-LAT\",\"@id\":\"http:\\\/\\\/www.galerijamaticesrpske.rs\\\/lat\\\/events\\\/kakvu-tajnu-priroda-cuva\\\/#primaryimage\",\"url\":\"http:\\\/\\\/www.galerijamaticesrpske.rs\\\/wp-content\\\/uploads\\\/2021\\\/11\\\/kreativne-radionice-subotom_novembar.jpg\",\"contentUrl\":\"http:\\\/\\\/www.galerijamaticesrpske.rs\\\/wp-content\\\/uploads\\\/2021\\\/11\\\/kreativne-radionice-subotom_novembar.jpg\",\"width\":1245,\"height\":630},{\"@type\":\"BreadcrumbList\",\"@id\":\"http:\\\/\\\/www.galerijamaticesrpske.rs\\\/lat\\\/events\\\/kakvu-tajnu-priroda-cuva\\\/#breadcrumb\",\"itemListElement\":[{\"@type\":\"ListItem\",\"position\":1,\"name\":\"\u041f\u043e\u0447\u0435\u0442\u043d\u0430\",\"item\":\"http:\\\/\\\/www.galerijamaticesrpske.rs\\\/lat\\\/\"},{\"@type\":\"ListItem\",\"position\":2,\"name\":\"Events\",\"item\":\"http:\\\/\\\/www.galerijamaticesrpske.rs\\\/lat\\\/events\\\/\"},{\"@type\":\"ListItem\",\"position\":3,\"name\":\"Kakvu tajnu priroda \u010duva\"}]},{\"@type\":\"WebSite\",\"@id\":\"https:\\\/\\\/www.galerijamaticesrpske.rs\\\/#website\",\"url\":\"https:\\\/\\\/www.galerijamaticesrpske.rs\\\/\",\"name\":\"Galerija Matice srpske\",\"description\":\"Muzej srpske nacionalne umetnosti u Novom Sadu\",\"publisher\":{\"@id\":\"https:\\\/\\\/www.galerijamaticesrpske.rs\\\/#organization\"},\"potentialAction\":[{\"@type\":\"SearchAction\",\"target\":{\"@type\":\"EntryPoint\",\"urlTemplate\":\"https:\\\/\\\/www.galerijamaticesrpske.rs\\\/?s={search_term_string}\"},\"query-input\":{\"@type\":\"PropertyValueSpecification\",\"valueRequired\":true,\"valueName\":\"search_term_string\"}}],\"inLanguage\":\"sr-LAT\"},{\"@type\":\"Organization\",\"@id\":\"https:\\\/\\\/www.galerijamaticesrpske.rs\\\/#organization\",\"name\":\"Galerija Matice srpske\",\"url\":\"https:\\\/\\\/www.galerijamaticesrpske.rs\\\/\",\"logo\":{\"@type\":\"ImageObject\",\"inLanguage\":\"sr-LAT\",\"@id\":\"https:\\\/\\\/www.galerijamaticesrpske.rs\\\/#\\\/schema\\\/logo\\\/image\\\/\",\"url\":\"https:\\\/\\\/www.galerijamaticesrpske.rs\\\/wp-content\\\/uploads\\\/2021\\\/01\\\/gms-logo-za-sajt.svg\",\"contentUrl\":\"https:\\\/\\\/www.galerijamaticesrpske.rs\\\/wp-content\\\/uploads\\\/2021\\\/01\\\/gms-logo-za-sajt.svg\",\"width\":1,\"height\":1,\"caption\":\"Galerija Matice srpske\"},\"image\":{\"@id\":\"https:\\\/\\\/www.galerijamaticesrpske.rs\\\/#\\\/schema\\\/logo\\\/image\\\/\"}}]}<\/script>\n<!-- \/ Yoast SEO plugin. -->","yoast_head_json":{"title":"Kakvu tajnu priroda \u010duva | Galerija Matice srpske","robots":{"index":"index","follow":"follow","max-snippet":"max-snippet:-1","max-image-preview":"max-image-preview:large","max-video-preview":"max-video-preview:-1"},"canonical":"http:\/\/www.galerijamaticesrpske.rs\/lat\/events\/kakvu-tajnu-priroda-cuva\/","og_locale":"en_US","og_type":"article","og_title":"Kakvu tajnu priroda \u010duva | Galerija Matice srpske","og_description":"Kreativna radionica za decu, ciklus Umetni\u010dki simboli i njihovi stvaraoci Tokom novembra na\u0161e kreativne radionice subotom posve\u0107ujemo novoj izlo\u017ebi pod nazivom \u017divot &#8211; san &#8211; smrt. Evropski okviri srpskog simbolizma. Kroz radionice \u0107emo sa decom &#8220;u\u0107i&#8221; u tajansteni svet simbola i otkriti njihova zna\u010denja, a zatim \u0107e ih mali\u0161ani predstaviti na svojim umetni\u010dkim radovima. Umetnici","og_url":"http:\/\/www.galerijamaticesrpske.rs\/lat\/events\/kakvu-tajnu-priroda-cuva\/","og_site_name":"Galerija Matice srpske","article_modified_time":"2021-11-04T09:56:17+00:00","og_image":[{"width":1245,"height":630,"url":"http:\/\/www.galerijamaticesrpske.rs\/wp-content\/uploads\/2021\/11\/kreativne-radionice-subotom_novembar.jpg","type":"image\/jpeg"}],"twitter_card":"summary_large_image","twitter_misc":{"Est. reading time":"1 minute"},"schema":{"@context":"https:\/\/schema.org","@graph":[{"@type":"WebPage","@id":"http:\/\/www.galerijamaticesrpske.rs\/lat\/events\/kakvu-tajnu-priroda-cuva\/","url":"http:\/\/www.galerijamaticesrpske.rs\/lat\/events\/kakvu-tajnu-priroda-cuva\/","name":"Kakvu tajnu priroda \u010duva | Galerija Matice srpske","isPartOf":{"@id":"https:\/\/www.galerijamaticesrpske.rs\/#website"},"primaryImageOfPage":{"@id":"http:\/\/www.galerijamaticesrpske.rs\/lat\/events\/kakvu-tajnu-priroda-cuva\/#primaryimage"},"image":{"@id":"http:\/\/www.galerijamaticesrpske.rs\/lat\/events\/kakvu-tajnu-priroda-cuva\/#primaryimage"},"thumbnailUrl":"http:\/\/www.galerijamaticesrpske.rs\/wp-content\/uploads\/2021\/11\/kreativne-radionice-subotom_novembar.jpg","datePublished":"2021-11-04T09:56:16+00:00","dateModified":"2021-11-04T09:56:17+00:00","breadcrumb":{"@id":"http:\/\/www.galerijamaticesrpske.rs\/lat\/events\/kakvu-tajnu-priroda-cuva\/#breadcrumb"},"inLanguage":"sr-LAT","potentialAction":[{"@type":"ReadAction","target":["http:\/\/www.galerijamaticesrpske.rs\/lat\/events\/kakvu-tajnu-priroda-cuva\/"]}]},{"@type":"ImageObject","inLanguage":"sr-LAT","@id":"http:\/\/www.galerijamaticesrpske.rs\/lat\/events\/kakvu-tajnu-priroda-cuva\/#primaryimage","url":"http:\/\/www.galerijamaticesrpske.rs\/wp-content\/uploads\/2021\/11\/kreativne-radionice-subotom_novembar.jpg","contentUrl":"http:\/\/www.galerijamaticesrpske.rs\/wp-content\/uploads\/2021\/11\/kreativne-radionice-subotom_novembar.jpg","width":1245,"height":630},{"@type":"BreadcrumbList","@id":"http:\/\/www.galerijamaticesrpske.rs\/lat\/events\/kakvu-tajnu-priroda-cuva\/#breadcrumb","itemListElement":[{"@type":"ListItem","position":1,"name":"\u041f\u043e\u0447\u0435\u0442\u043d\u0430","item":"http:\/\/www.galerijamaticesrpske.rs\/lat\/"},{"@type":"ListItem","position":2,"name":"Events","item":"http:\/\/www.galerijamaticesrpske.rs\/lat\/events\/"},{"@type":"ListItem","position":3,"name":"Kakvu tajnu priroda \u010duva"}]},{"@type":"WebSite","@id":"https:\/\/www.galerijamaticesrpske.rs\/#website","url":"https:\/\/www.galerijamaticesrpske.rs\/","name":"Galerija Matice srpske","description":"Muzej srpske nacionalne umetnosti u Novom Sadu","publisher":{"@id":"https:\/\/www.galerijamaticesrpske.rs\/#organization"},"potentialAction":[{"@type":"SearchAction","target":{"@type":"EntryPoint","urlTemplate":"https:\/\/www.galerijamaticesrpske.rs\/?s={search_term_string}"},"query-input":{"@type":"PropertyValueSpecification","valueRequired":true,"valueName":"search_term_string"}}],"inLanguage":"sr-LAT"},{"@type":"Organization","@id":"https:\/\/www.galerijamaticesrpske.rs\/#organization","name":"Galerija Matice srpske","url":"https:\/\/www.galerijamaticesrpske.rs\/","logo":{"@type":"ImageObject","inLanguage":"sr-LAT","@id":"https:\/\/www.galerijamaticesrpske.rs\/#\/schema\/logo\/image\/","url":"https:\/\/www.galerijamaticesrpske.rs\/wp-content\/uploads\/2021\/01\/gms-logo-za-sajt.svg","contentUrl":"https:\/\/www.galerijamaticesrpske.rs\/wp-content\/uploads\/2021\/01\/gms-logo-za-sajt.svg","width":1,"height":1,"caption":"Galerija Matice srpske"},"image":{"@id":"https:\/\/www.galerijamaticesrpske.rs\/#\/schema\/logo\/image\/"}}]}},"_links":{"self":[{"href":"http:\/\/www.galerijamaticesrpske.rs\/lat\/wp-json\/wp\/v2\/mec-events\/5749","targetHints":{"allow":["GET"]}}],"collection":[{"href":"http:\/\/www.galerijamaticesrpske.rs\/lat\/wp-json\/wp\/v2\/mec-events"}],"about":[{"href":"http:\/\/www.galerijamaticesrpske.rs\/lat\/wp-json\/wp\/v2\/types\/mec-events"}],"author":[{"embeddable":true,"href":"http:\/\/www.galerijamaticesrpske.rs\/lat\/wp-json\/wp\/v2\/users\/2"}],"replies":[{"embeddable":true,"href":"http:\/\/www.galerijamaticesrpske.rs\/lat\/wp-json\/wp\/v2\/comments?post=5749"}],"wp:featuredmedia":[{"embeddable":true,"href":"http:\/\/www.galerijamaticesrpske.rs\/lat\/wp-json\/wp\/v2\/media\/5745"}],"wp:attachment":[{"href":"http:\/\/www.galerijamaticesrpske.rs\/lat\/wp-json\/wp\/v2\/media?parent=5749"}],"wp:term":[{"taxonomy":"post_tag","embeddable":true,"href":"http:\/\/www.galerijamaticesrpske.rs\/lat\/wp-json\/wp\/v2\/tags?post=5749"},{"taxonomy":"mec_category","embeddable":true,"href":"http:\/\/www.galerijamaticesrpske.rs\/lat\/wp-json\/wp\/v2\/mec_category?post=5749"}],"curies":[{"name":"wp","href":"https:\/\/api.w.org\/{rel}","templated":true}]}}