{"id":7557,"date":"2022-04-04T06:43:01","date_gmt":"2022-04-04T06:43:01","guid":{"rendered":"https:\/\/www.galerijamaticesrpske.rs\/?post_type=mec-events&#038;p=7557"},"modified":"2022-05-04T12:59:00","modified_gmt":"2022-05-04T12:59:00","slug":"koncerti-za-bebe-i-decu-4","status":"publish","type":"mec-events","link":"http:\/\/www.galerijamaticesrpske.rs\/lat\/events\/koncerti-za-bebe-i-decu-4\/","title":{"rendered":"Koncerti za bebe i decu"},"content":{"rendered":"<p>Od\u00a0<strong>19. marta do 21. maja 2022. godine svake subote<\/strong>\u00a0prostor Galerije Matice srpske pretvara se u jedinstvenu muzi\u010dku dvoranu, a muzi\u010dari Beogradske filharmonije i Muzi\u010dke omladine Novog Sada izvode pa\u017eljivo odabrane kompozicije klasi\u010dne muzike za najmla\u0111e. Dok se zvuci razli\u010ditih instrumenata viore prostrom bebe od 0 do 4 godine i deca od 5 do 10 godina u\u017eiva\u0107e u zvucima i samostalno se kretati i istra\u017eivati umetni\u010dki svet oko sebe. Pored u\u017eivanja uz klasi\u010dnu muziku, bebe, deca i roditelji mogu stvarati uspomene fotografisanjem ispred panoa, crtati i ostavljati bojene otiske na platnu.<\/p>\n<p>Kao uspomenu na posetu Galeriji, bebe na poklon dobijaju radosnicu\u00a0<em>Prvi koraci u Gradu kulture<\/em>, a deca de\u010dju publikaciju\u00a0<em>Moj Grad. Novosadske umetni\u010dke pri\u010de<\/em>. Uz radosnicu i de\u010dju publikaciju, bebe, deca i roditelji mogu se zabavljati otkrivaju\u0107i bogato kulturno nasle\u0111e Novog Sada i bele\u017ee\u0107i svoje zajedni\u010dke avanture.<\/p>\n<p>Bebe od 0 do 4 godine \u2013 u 11.30 sati \u2013\u00a0<a href=\"https:\/\/forms.gle\/CG38kLwavTZ1eE7g6\">prijavni link<\/a><br \/>\nDeca od 5 do 10 godina \u2013 u 12.30 sati \u2013\u00a0<a href=\"https:\/\/forms.gle\/r3PY6oTjRnvFmj5z7\">prijavni link<\/a><\/p>\n","protected":false},"excerpt":{"rendered":"<p>Od\u00a019. marta do 21. maja 2022. godine svake subote\u00a0prostor Galerije Matice srpske pretvara se u jedinstvenu muzi\u010dku dvoranu, a muzi\u010dari Beogradske filharmonije i Muzi\u010dke omladine Novog Sada izvode pa\u017eljivo odabrane kompozicije klasi\u010dne muzike za najmla\u0111e. Dok se zvuci razli\u010ditih instrumenata viore prostrom bebe od 0 do 4 godine i deca od 5 do 10 godina<\/p>\n","protected":false},"author":2,"featured_media":6609,"comment_status":"closed","ping_status":"closed","template":"","tags":[],"mec_category":[103],"class_list":["post-7557","mec-events","type-mec-events","status-publish","has-post-thumbnail","hentry","mec_category-koncerti"],"acf":[],"yoast_head":"<!-- This site is optimized with the Yoast SEO plugin v27.3 - https:\/\/yoast.com\/product\/yoast-seo-wordpress\/ -->\n<title>Koncerti za bebe i decu | Galerija Matice srpske<\/title>\n<meta name=\"robots\" content=\"index, follow, max-snippet:-1, max-image-preview:large, max-video-preview:-1\" \/>\n<link rel=\"canonical\" href=\"http:\/\/www.galerijamaticesrpske.rs\/lat\/events\/koncerti-za-bebe-i-decu-4\/\" \/>\n<meta property=\"og:locale\" content=\"en_US\" \/>\n<meta property=\"og:type\" content=\"article\" \/>\n<meta property=\"og:title\" content=\"Koncerti za bebe i decu | Galerija Matice srpske\" \/>\n<meta property=\"og:description\" content=\"Od\u00a019. marta do 21. maja 2022. godine svake subote\u00a0prostor Galerije Matice srpske pretvara se u jedinstvenu muzi\u010dku dvoranu, a muzi\u010dari Beogradske filharmonije i Muzi\u010dke omladine Novog Sada izvode pa\u017eljivo odabrane kompozicije klasi\u010dne muzike za najmla\u0111e. Dok se zvuci razli\u010ditih instrumenata viore prostrom bebe od 0 do 4 godine i deca od 5 do 10 godina\" \/>\n<meta property=\"og:url\" content=\"http:\/\/www.galerijamaticesrpske.rs\/lat\/events\/koncerti-za-bebe-i-decu-4\/\" \/>\n<meta property=\"og:site_name\" content=\"Galerija Matice srpske\" \/>\n<meta property=\"article:modified_time\" content=\"2022-05-04T12:59:00+00:00\" \/>\n<meta property=\"og:image\" content=\"http:\/\/www.galerijamaticesrpske.rs\/wp-content\/uploads\/2022\/03\/vizual-za-sajt-gms-1.jpg\" \/>\n\t<meta property=\"og:image:width\" content=\"1920\" \/>\n\t<meta property=\"og:image:height\" content=\"800\" \/>\n\t<meta property=\"og:image:type\" content=\"image\/jpeg\" \/>\n<meta name=\"twitter:card\" content=\"summary_large_image\" \/>\n<meta name=\"twitter:label1\" content=\"Est. reading time\" \/>\n\t<meta name=\"twitter:data1\" content=\"1 minute\" \/>\n<script type=\"application\/ld+json\" class=\"yoast-schema-graph\">{\"@context\":\"https:\\\/\\\/schema.org\",\"@graph\":[{\"@type\":\"WebPage\",\"@id\":\"http:\\\/\\\/www.galerijamaticesrpske.rs\\\/lat\\\/events\\\/koncerti-za-bebe-i-decu-4\\\/\",\"url\":\"http:\\\/\\\/www.galerijamaticesrpske.rs\\\/lat\\\/events\\\/koncerti-za-bebe-i-decu-4\\\/\",\"name\":\"Koncerti za bebe i decu | Galerija Matice srpske\",\"isPartOf\":{\"@id\":\"https:\\\/\\\/www.galerijamaticesrpske.rs\\\/#website\"},\"primaryImageOfPage\":{\"@id\":\"http:\\\/\\\/www.galerijamaticesrpske.rs\\\/lat\\\/events\\\/koncerti-za-bebe-i-decu-4\\\/#primaryimage\"},\"image\":{\"@id\":\"http:\\\/\\\/www.galerijamaticesrpske.rs\\\/lat\\\/events\\\/koncerti-za-bebe-i-decu-4\\\/#primaryimage\"},\"thumbnailUrl\":\"http:\\\/\\\/www.galerijamaticesrpske.rs\\\/wp-content\\\/uploads\\\/2022\\\/03\\\/vizual-za-sajt-gms-1.jpg\",\"datePublished\":\"2022-04-04T06:43:01+00:00\",\"dateModified\":\"2022-05-04T12:59:00+00:00\",\"breadcrumb\":{\"@id\":\"http:\\\/\\\/www.galerijamaticesrpske.rs\\\/lat\\\/events\\\/koncerti-za-bebe-i-decu-4\\\/#breadcrumb\"},\"inLanguage\":\"sr-LAT\",\"potentialAction\":[{\"@type\":\"ReadAction\",\"target\":[\"http:\\\/\\\/www.galerijamaticesrpske.rs\\\/lat\\\/events\\\/koncerti-za-bebe-i-decu-4\\\/\"]}]},{\"@type\":\"ImageObject\",\"inLanguage\":\"sr-LAT\",\"@id\":\"http:\\\/\\\/www.galerijamaticesrpske.rs\\\/lat\\\/events\\\/koncerti-za-bebe-i-decu-4\\\/#primaryimage\",\"url\":\"http:\\\/\\\/www.galerijamaticesrpske.rs\\\/wp-content\\\/uploads\\\/2022\\\/03\\\/vizual-za-sajt-gms-1.jpg\",\"contentUrl\":\"http:\\\/\\\/www.galerijamaticesrpske.rs\\\/wp-content\\\/uploads\\\/2022\\\/03\\\/vizual-za-sajt-gms-1.jpg\",\"width\":1920,\"height\":800},{\"@type\":\"BreadcrumbList\",\"@id\":\"http:\\\/\\\/www.galerijamaticesrpske.rs\\\/lat\\\/events\\\/koncerti-za-bebe-i-decu-4\\\/#breadcrumb\",\"itemListElement\":[{\"@type\":\"ListItem\",\"position\":1,\"name\":\"\u041f\u043e\u0447\u0435\u0442\u043d\u0430\",\"item\":\"http:\\\/\\\/www.galerijamaticesrpske.rs\\\/lat\\\/\"},{\"@type\":\"ListItem\",\"position\":2,\"name\":\"Events\",\"item\":\"http:\\\/\\\/www.galerijamaticesrpske.rs\\\/lat\\\/events\\\/\"},{\"@type\":\"ListItem\",\"position\":3,\"name\":\"Koncerti za bebe i decu\"}]},{\"@type\":\"WebSite\",\"@id\":\"https:\\\/\\\/www.galerijamaticesrpske.rs\\\/#website\",\"url\":\"https:\\\/\\\/www.galerijamaticesrpske.rs\\\/\",\"name\":\"Galerija Matice srpske\",\"description\":\"Muzej srpske nacionalne umetnosti u Novom Sadu\",\"publisher\":{\"@id\":\"https:\\\/\\\/www.galerijamaticesrpske.rs\\\/#organization\"},\"potentialAction\":[{\"@type\":\"SearchAction\",\"target\":{\"@type\":\"EntryPoint\",\"urlTemplate\":\"https:\\\/\\\/www.galerijamaticesrpske.rs\\\/?s={search_term_string}\"},\"query-input\":{\"@type\":\"PropertyValueSpecification\",\"valueRequired\":true,\"valueName\":\"search_term_string\"}}],\"inLanguage\":\"sr-LAT\"},{\"@type\":\"Organization\",\"@id\":\"https:\\\/\\\/www.galerijamaticesrpske.rs\\\/#organization\",\"name\":\"Galerija Matice srpske\",\"url\":\"https:\\\/\\\/www.galerijamaticesrpske.rs\\\/\",\"logo\":{\"@type\":\"ImageObject\",\"inLanguage\":\"sr-LAT\",\"@id\":\"https:\\\/\\\/www.galerijamaticesrpske.rs\\\/#\\\/schema\\\/logo\\\/image\\\/\",\"url\":\"https:\\\/\\\/www.galerijamaticesrpske.rs\\\/wp-content\\\/uploads\\\/2021\\\/01\\\/gms-logo-za-sajt.svg\",\"contentUrl\":\"https:\\\/\\\/www.galerijamaticesrpske.rs\\\/wp-content\\\/uploads\\\/2021\\\/01\\\/gms-logo-za-sajt.svg\",\"width\":1,\"height\":1,\"caption\":\"Galerija Matice srpske\"},\"image\":{\"@id\":\"https:\\\/\\\/www.galerijamaticesrpske.rs\\\/#\\\/schema\\\/logo\\\/image\\\/\"}}]}<\/script>\n<!-- \/ Yoast SEO plugin. -->","yoast_head_json":{"title":"Koncerti za bebe i decu | Galerija Matice srpske","robots":{"index":"index","follow":"follow","max-snippet":"max-snippet:-1","max-image-preview":"max-image-preview:large","max-video-preview":"max-video-preview:-1"},"canonical":"http:\/\/www.galerijamaticesrpske.rs\/lat\/events\/koncerti-za-bebe-i-decu-4\/","og_locale":"en_US","og_type":"article","og_title":"Koncerti za bebe i decu | Galerija Matice srpske","og_description":"Od\u00a019. marta do 21. maja 2022. godine svake subote\u00a0prostor Galerije Matice srpske pretvara se u jedinstvenu muzi\u010dku dvoranu, a muzi\u010dari Beogradske filharmonije i Muzi\u010dke omladine Novog Sada izvode pa\u017eljivo odabrane kompozicije klasi\u010dne muzike za najmla\u0111e. Dok se zvuci razli\u010ditih instrumenata viore prostrom bebe od 0 do 4 godine i deca od 5 do 10 godina","og_url":"http:\/\/www.galerijamaticesrpske.rs\/lat\/events\/koncerti-za-bebe-i-decu-4\/","og_site_name":"Galerija Matice srpske","article_modified_time":"2022-05-04T12:59:00+00:00","og_image":[{"width":1920,"height":800,"url":"http:\/\/www.galerijamaticesrpske.rs\/wp-content\/uploads\/2022\/03\/vizual-za-sajt-gms-1.jpg","type":"image\/jpeg"}],"twitter_card":"summary_large_image","twitter_misc":{"Est. reading time":"1 minute"},"schema":{"@context":"https:\/\/schema.org","@graph":[{"@type":"WebPage","@id":"http:\/\/www.galerijamaticesrpske.rs\/lat\/events\/koncerti-za-bebe-i-decu-4\/","url":"http:\/\/www.galerijamaticesrpske.rs\/lat\/events\/koncerti-za-bebe-i-decu-4\/","name":"Koncerti za bebe i decu | Galerija Matice srpske","isPartOf":{"@id":"https:\/\/www.galerijamaticesrpske.rs\/#website"},"primaryImageOfPage":{"@id":"http:\/\/www.galerijamaticesrpske.rs\/lat\/events\/koncerti-za-bebe-i-decu-4\/#primaryimage"},"image":{"@id":"http:\/\/www.galerijamaticesrpske.rs\/lat\/events\/koncerti-za-bebe-i-decu-4\/#primaryimage"},"thumbnailUrl":"http:\/\/www.galerijamaticesrpske.rs\/wp-content\/uploads\/2022\/03\/vizual-za-sajt-gms-1.jpg","datePublished":"2022-04-04T06:43:01+00:00","dateModified":"2022-05-04T12:59:00+00:00","breadcrumb":{"@id":"http:\/\/www.galerijamaticesrpske.rs\/lat\/events\/koncerti-za-bebe-i-decu-4\/#breadcrumb"},"inLanguage":"sr-LAT","potentialAction":[{"@type":"ReadAction","target":["http:\/\/www.galerijamaticesrpske.rs\/lat\/events\/koncerti-za-bebe-i-decu-4\/"]}]},{"@type":"ImageObject","inLanguage":"sr-LAT","@id":"http:\/\/www.galerijamaticesrpske.rs\/lat\/events\/koncerti-za-bebe-i-decu-4\/#primaryimage","url":"http:\/\/www.galerijamaticesrpske.rs\/wp-content\/uploads\/2022\/03\/vizual-za-sajt-gms-1.jpg","contentUrl":"http:\/\/www.galerijamaticesrpske.rs\/wp-content\/uploads\/2022\/03\/vizual-za-sajt-gms-1.jpg","width":1920,"height":800},{"@type":"BreadcrumbList","@id":"http:\/\/www.galerijamaticesrpske.rs\/lat\/events\/koncerti-za-bebe-i-decu-4\/#breadcrumb","itemListElement":[{"@type":"ListItem","position":1,"name":"\u041f\u043e\u0447\u0435\u0442\u043d\u0430","item":"http:\/\/www.galerijamaticesrpske.rs\/lat\/"},{"@type":"ListItem","position":2,"name":"Events","item":"http:\/\/www.galerijamaticesrpske.rs\/lat\/events\/"},{"@type":"ListItem","position":3,"name":"Koncerti za bebe i decu"}]},{"@type":"WebSite","@id":"https:\/\/www.galerijamaticesrpske.rs\/#website","url":"https:\/\/www.galerijamaticesrpske.rs\/","name":"Galerija Matice srpske","description":"Muzej srpske nacionalne umetnosti u Novom Sadu","publisher":{"@id":"https:\/\/www.galerijamaticesrpske.rs\/#organization"},"potentialAction":[{"@type":"SearchAction","target":{"@type":"EntryPoint","urlTemplate":"https:\/\/www.galerijamaticesrpske.rs\/?s={search_term_string}"},"query-input":{"@type":"PropertyValueSpecification","valueRequired":true,"valueName":"search_term_string"}}],"inLanguage":"sr-LAT"},{"@type":"Organization","@id":"https:\/\/www.galerijamaticesrpske.rs\/#organization","name":"Galerija Matice srpske","url":"https:\/\/www.galerijamaticesrpske.rs\/","logo":{"@type":"ImageObject","inLanguage":"sr-LAT","@id":"https:\/\/www.galerijamaticesrpske.rs\/#\/schema\/logo\/image\/","url":"https:\/\/www.galerijamaticesrpske.rs\/wp-content\/uploads\/2021\/01\/gms-logo-za-sajt.svg","contentUrl":"https:\/\/www.galerijamaticesrpske.rs\/wp-content\/uploads\/2021\/01\/gms-logo-za-sajt.svg","width":1,"height":1,"caption":"Galerija Matice srpske"},"image":{"@id":"https:\/\/www.galerijamaticesrpske.rs\/#\/schema\/logo\/image\/"}}]}},"_links":{"self":[{"href":"http:\/\/www.galerijamaticesrpske.rs\/lat\/wp-json\/wp\/v2\/mec-events\/7557","targetHints":{"allow":["GET"]}}],"collection":[{"href":"http:\/\/www.galerijamaticesrpske.rs\/lat\/wp-json\/wp\/v2\/mec-events"}],"about":[{"href":"http:\/\/www.galerijamaticesrpske.rs\/lat\/wp-json\/wp\/v2\/types\/mec-events"}],"author":[{"embeddable":true,"href":"http:\/\/www.galerijamaticesrpske.rs\/lat\/wp-json\/wp\/v2\/users\/2"}],"replies":[{"embeddable":true,"href":"http:\/\/www.galerijamaticesrpske.rs\/lat\/wp-json\/wp\/v2\/comments?post=7557"}],"wp:featuredmedia":[{"embeddable":true,"href":"http:\/\/www.galerijamaticesrpske.rs\/lat\/wp-json\/wp\/v2\/media\/6609"}],"wp:attachment":[{"href":"http:\/\/www.galerijamaticesrpske.rs\/lat\/wp-json\/wp\/v2\/media?parent=7557"}],"wp:term":[{"taxonomy":"post_tag","embeddable":true,"href":"http:\/\/www.galerijamaticesrpske.rs\/lat\/wp-json\/wp\/v2\/tags?post=7557"},{"taxonomy":"mec_category","embeddable":true,"href":"http:\/\/www.galerijamaticesrpske.rs\/lat\/wp-json\/wp\/v2\/mec_category?post=7557"}],"curies":[{"name":"wp","href":"https:\/\/api.w.org\/{rel}","templated":true}]}}