{"id":2980,"date":"2021-02-13T13:53:55","date_gmt":"2021-02-13T13:53:55","guid":{"rendered":"https:\/\/www.galerijamaticesrpske.rs\/izlozbe\/prethodne-izlozbe\/"},"modified":"2026-02-03T08:23:26","modified_gmt":"2026-02-03T08:23:26","slug":"prethodne-izlozbe","status":"publish","type":"page","link":"http:\/\/www.galerijamaticesrpske.rs\/lat\/izlozbe\/prethodne-izlozbe\/","title":{"rendered":"Prethodne izlo\u017ebe"},"content":{"rendered":"\n\t<section class=\"section pb0\" id=\"section_554586637\">\n\t\t<div class=\"section-bg fill\" >\n\t\t\t\t\t\t\t\t\t\n\t\t\t\n\n\t\t<\/div>\n\n\t\t\n\n\t\t<div class=\"section-content relative\">\n\t\t\t\n<div class=\"row align-center\"  id=\"row-241735390\">\n\n\t<div id=\"col-1055486935\" class=\"col maxwidth960 small-12 large-12\"  >\n\t\t\t\t<div class=\"col-inner text-center\"  >\n\t\t\t\n\t\t\t\n\n\t\t<div class=\"icon-box featured-box title_icon icon-box-center text-center\"  >\n\t\t\t\t\t<div class=\"icon-box-img\" style=\"width: 80px\">\n\t\t\t\t<div class=\"icon\">\n\t\t\t\t\t<div class=\"icon-inner\" >\n\t\t\t\t\t\t<?xml version=\"1.0\" encoding=\"utf-8\"?>\r\n<!-- Generator: Adobe Illustrator 16.0.0, SVG Export Plug-In . SVG Version: 6.00 Build 0)  -->\r\n<!DOCTYPE svg PUBLIC \"-\/\/W3C\/\/DTD SVG 1.1\/\/EN\" \"http:\/\/www.w3.org\/Graphics\/SVG\/1.1\/DTD\/svg11.dtd\">\r\n<svg version=\"1.1\" id=\"Layer_1\" xmlns=\"http:\/\/www.w3.org\/2000\/svg\" xmlns:xlink=\"http:\/\/www.w3.org\/1999\/xlink\" x=\"0px\" y=\"0px\"\r\n\t width=\"78.351px\" height=\"20.508px\" viewBox=\"3.344 32.266 78.351 20.508\" enable-background=\"new 3.344 32.266 78.351 20.508\"\r\n\t xml:space=\"preserve\">\r\n<g>\r\n\t<path d=\"M51.172,32.266h-0.005c-1.16,0.001-2.431,0.232-3.714,0.884c-1.647,0.837-2.876,1.826-3.696,3.057\r\n\t\tc-0.824,1.237-1.23,2.705-1.23,4.494c0,0.11,0.004,0.231,0.011,0.362c0.101,1.758,0.916,3.983,2.199,5.766\r\n\t\tc0.905,1.258,2.048,2.302,3.343,2.82l-0.051,0.041c0.061,0.074,0.078,0.136,0.064,0.182c-0.012,0.04-0.045,0.081-0.094,0.12\r\n\t\tc-0.066,0.052-0.155,0.094-0.26,0.122c-0.088,0.023-0.186,0.037-0.287,0.037c-0.246,0-0.521-0.076-0.766-0.262\r\n\t\tc-0.135-0.102-0.284-0.231-0.442-0.381c-0.491-0.465-1.065-1.123-1.561-1.734c-0.187-0.255-0.387-0.52-0.593-0.793\r\n\t\tc-0.172-0.229-0.348-0.462-0.424-0.563l-0.005-0.008h-0.001l-0.01-0.013c-0.058-0.077-0.146-0.118-0.236-0.118\r\n\t\tc-0.061,0-0.122,0.019-0.176,0.059c-0.125,0.095-0.154,0.27-0.069,0.398l-0.001,0.001l0.002,0.002l0,0l0.006,0.01\r\n\t\tc0.064,0.098,0.156,0.229,0.271,0.388c0.116,0.16,0.244,0.332,0.378,0.505c0.118,0.153,0.245,0.313,0.378,0.479\r\n\t\tc0.38,0.517,0.706,0.985,0.929,1.392c0.03,0.055,0.059,0.109,0.085,0.162c0.273,0.549,0.313,0.952-0.06,1.151l-0.018,0.009\r\n\t\tc-0.06,0.029-0.115,0.05-0.167,0.059c-0.029,0.006-0.059,0.009-0.088,0.009c-0.158,0-0.314-0.079-0.467-0.216\r\n\t\tc-0.219-0.197-0.424-0.505-0.609-0.878c-0.047-0.095-0.092-0.192-0.137-0.293c-0.125-0.29-0.238-0.605-0.34-0.932\r\n\t\tc-0.094-0.436-0.209-0.903-0.342-1.398c-0.035-0.133-0.155-0.221-0.285-0.221c-0.025,0-0.051,0.004-0.076,0.01\r\n\t\tc-0.043,0.012-0.08,0.032-0.112,0.059c-0.037-0.03-0.083-0.053-0.134-0.062c-0.018-0.004-0.037-0.005-0.055-0.005\r\n\t\tc-0.132,0-0.25,0.089-0.284,0.22l-0.001-0.001c-0.133,0.496-0.247,0.964-0.342,1.399c-0.102,0.328-0.215,0.646-0.342,0.936\r\n\t\tc-0.043,0.101-0.088,0.196-0.135,0.289c-0.186,0.373-0.39,0.681-0.608,0.878c-0.151,0.137-0.308,0.216-0.466,0.216\r\n\t\tc-0.029,0-0.06-0.004-0.089-0.009c-0.054-0.01-0.11-0.029-0.167-0.058c-0.393-0.197-0.355-0.604-0.077-1.162\r\n\t\tc0.024-0.05,0.05-0.1,0.077-0.15c0.223-0.407,0.551-0.879,0.932-1.398c0.453-0.561,0.839-1.08,1.039-1.388\r\n\t\tc0.09-0.137,0.051-0.32-0.085-0.41c-0.05-0.032-0.106-0.048-0.161-0.048c-0.096,0-0.19,0.047-0.247,0.134l-0.003,0.004\r\n\t\tc-0.07,0.096-0.249,0.332-0.422,0.562c-0.207,0.274-0.407,0.539-0.594,0.795c-0.35,0.43-0.738,0.885-1.111,1.28\r\n\t\tc-0.167,0.177-0.325,0.337-0.469,0.473l-0.008,0.007c-0.147,0.139-0.287,0.26-0.416,0.357l0,0c-0.246,0.186-0.52,0.262-0.768,0.262\r\n\t\tc-0.098,0-0.19-0.012-0.276-0.034l-0.011-0.003c-0.104-0.028-0.192-0.07-0.258-0.122c-0.05-0.039-0.084-0.08-0.096-0.12\r\n\t\tc-0.013-0.046,0.005-0.107,0.064-0.182l-0.05-0.041c1.296-0.519,2.437-1.562,3.343-2.82c1.283-1.782,2.099-4.008,2.199-5.766\r\n\t\tc0.008-0.131,0.012-0.252,0.012-0.362c0-1.789-0.407-3.257-1.231-4.494c-0.82-1.23-2.049-2.22-3.696-3.057\r\n\t\tc-1.283-0.651-2.553-0.883-3.714-0.884h-0.004c-2.731,0.001-4.846,1.285-5.035,1.403c-0.07,0.039-0.124,0.106-0.144,0.191\r\n\t\tc-0.037,0.16,0.062,0.319,0.22,0.356c0.015,0.003,4.839,1.107,5.164,4.103c0.155,1.437,0.638,2.306,1.191,2.661\r\n\t\tc0.21,0.135,0.43,0.2,0.649,0.2c0.09,0,0.179-0.011,0.268-0.032c0.049-0.012,0.098-0.027,0.146-0.046\r\n\t\tc0.003,0.036,0.006,0.072,0.011,0.11c0.125,1.028,0.752,1.71,1.461,1.97c0.213,0.077,0.434,0.117,0.65,0.117\r\n\t\tc0.156,0,0.311-0.021,0.461-0.062c0.295-0.082,0.567-0.245,0.787-0.493c-0.047,0.202-0.112,0.392-0.195,0.569\r\n\t\tc-0.282,0.604-0.779,1.07-1.502,1.368l-0.015,0.005c-0.317,0.129-0.675,0.227-1.074,0.288C36.802,44.992,36.702,45,36.608,45\r\n\t\tc-0.665,0-1.021-0.396-1.405-0.824c-0.529-0.588-1.104-1.228-2.396-1.281c-0.046-0.002-0.091-0.003-0.136-0.003\r\n\t\tc-1.023,0-1.68,0.497-2.002,1.236c-0.171,0.392-0.242,0.849-0.22,1.331c0.021,0.473,0.132,0.972,0.326,1.459\r\n\t\tc0.075,0.187,0.161,0.372,0.261,0.554c-0.633-0.096-1.838-0.363-2.866-0.989c-0.526-0.321-1.005-0.736-1.327-1.271\r\n\t\tc-0.317-0.527-0.485-1.179-0.4-1.982c0.062-0.584,0.256-1.249,0.622-2.004c0.058,0.278,0.145,0.512,0.254,0.708\r\n\t\tc0.227,0.406,0.546,0.648,0.903,0.77c0.185,0.062,0.379,0.09,0.572,0.09c0.168,0,0.336-0.021,0.498-0.059\r\n\t\tc0.465-0.108,0.9-0.358,1.176-0.652c0.335-0.354,0.597-1.156,0.545-2.003c-0.021-0.35-0.095-0.71-0.237-1.055\r\n\t\tc-0.144-0.35-0.356-0.682-0.656-0.966c-0.567-0.54-1.438-0.911-2.722-0.911c-0.145,0-0.293,0.004-0.448,0.014\r\n\t\tc-1.139,0.071-2.028,0.462-2.683,1.045c-0.506,0.451-0.868,1.014-1.093,1.632c-0.223,0.612-0.311,1.277-0.27,1.938\r\n\t\tc0.041,0.67,0.214,1.337,0.512,1.942c-0.538-0.308-1.134-0.662-1.766-1.039c-3.101-1.848-7.077-4.217-9.991-4.338\r\n\t\tc-0.302-0.012-0.593-0.019-0.875-0.019c-3.209,0-5.122,0.787-6.199,1.764c-0.551,0.5-0.887,1.052-1.068,1.58\r\n\t\tc-0.185,0.536-0.208,1.049-0.134,1.46c0.091,0.496,0.334,0.864,0.632,0.993c0.166,0.071,0.327,0.129,0.52,0.129\r\n\t\tc0.148,0,0.316-0.034,0.519-0.124c-0.492,0.926-0.545,1.69-0.214,2.286c0.131,0.237,0.354,0.408,0.621,0.509\r\n\t\tc0.189,0.071,0.4,0.107,0.616,0.107c0.048,0,0.097-0.002,0.146-0.005c0.264-0.021,0.531-0.096,0.77-0.229\r\n\t\tc0.23-0.129,0.433-0.312,0.574-0.553c0.092,0.287,0.249,0.54,0.476,0.736c0.29,0.253,0.687,0.407,1.192,0.417\r\n\t\tc0.03,0.001,0.06,0.001,0.09,0.001c1.151,0,1.743-0.461,2.038-1.083c0.286-0.604,0.265-1.335,0.219-1.919\r\n\t\tc-0.005-0.057-0.008-0.113-0.008-0.168c0-0.325,0.085-0.517,0.2-0.625c0.11-0.104,0.261-0.143,0.391-0.153\r\n\t\tc0.025-0.002,0.053-0.003,0.08-0.003c0.021,0,0.087,0.066,0.165,0.144c0.21,0.21,0.462,0.46,0.921,0.479l-0.028,0.027\r\n\t\tc-0.374,0.354-0.566,0.774-0.485,1.26c0.039,0.233,0.143,0.476,0.322,0.725c0.276,0.384,0.646,0.53,1.052,0.53\r\n\t\tc0.266,0,0.547-0.063,0.827-0.164c-0.02,0.119-0.021,0.24-0.002,0.363c0.033,0.215,0.13,0.428,0.3,0.635\r\n\t\tc0.097,0.118,0.2,0.201,0.313,0.256c-0.438,0.262-0.802,0.521-1.104,0.773c-0.719,0.602-1.074,1.167-1.213,1.651\r\n\t\tc-0.151,0.524-0.055,0.961,0.12,1.257c0.033,0.057,0.071,0.11,0.112,0.16l0,0v0.001l0.003,0.003l0,0\r\n\t\tc0.118,0.143,0.254,0.258,0.404,0.348c0.148,0.088,0.312,0.15,0.489,0.191c0.146,0.032,0.303,0.049,0.466,0.049\r\n\t\tc0.754,0,1.668-0.338,2.627-0.884l0.002-0.002c0.208-0.118,0.44-0.238,0.693-0.359c0.255-0.12,0.525-0.239,0.807-0.353\r\n\t\tc1.364-0.553,3-1,4.222-1c0.075,0,0.149,0.002,0.223,0.006h0.003c0.553,0.027,1.332,0.105,2.181,0.191\r\n\t\tc1.335,0.135,2.838,0.287,3.948,0.287c0.463,0,0.858-0.027,1.145-0.092c0.961-0.218,1.521-0.553,1.787-0.752\r\n\t\tc0.653,0.459,1.45,0.766,2.376,0.819c0.096,0.006,0.183,0.009,0.261,0.009c0.399,0,0.791-0.054,1.171-0.152\r\n\t\tc0.001,0.063,0.01,0.125,0.028,0.187c0.048,0.164,0.151,0.308,0.295,0.422c0.128,0.101,0.29,0.18,0.472,0.228l0.014,0.004\r\n\t\tc0.131,0.033,0.273,0.053,0.422,0.053c0.364,0,0.766-0.111,1.123-0.381l0,0c0.104-0.078,0.216-0.172,0.332-0.276\r\n\t\tc-0.127,0.556,0.026,0.991,0.598,1.278c0.108,0.055,0.216,0.092,0.321,0.111c0.069,0.013,0.138,0.02,0.204,0.02\r\n\t\tc0.307,0,0.592-0.135,0.852-0.368c0.132-0.119,0.258-0.266,0.377-0.435c-0.007,0.141-0.01,0.273-0.008,0.398\r\n\t\tc0.018,1.088,0.375,1.684,1.139,1.684s1.121-0.596,1.139-1.684c0.002-0.125-0.001-0.258-0.008-0.398\r\n\t\tc0.119,0.169,0.246,0.315,0.378,0.435c0.26,0.233,0.544,0.368,0.852,0.368c0.067,0,0.135-0.007,0.204-0.02\r\n\t\tc0.108-0.021,0.215-0.057,0.321-0.11l0.024-0.014c0.551-0.287,0.698-0.718,0.571-1.267c0.117,0.105,0.229,0.199,0.334,0.277\r\n\t\tc0.356,0.27,0.759,0.38,1.123,0.38c0.153,0,0.301-0.02,0.436-0.056c0.181-0.048,0.343-0.127,0.471-0.228\r\n\t\tc0.145-0.114,0.248-0.258,0.296-0.422c0.017-0.062,0.027-0.123,0.028-0.187c0.38,0.099,0.771,0.152,1.17,0.152\r\n\t\tc0.079,0,0.165-0.003,0.261-0.009c0.926-0.054,1.723-0.36,2.377-0.819c0.266,0.199,0.826,0.534,1.787,0.752\r\n\t\tc0.286,0.064,0.682,0.092,1.145,0.092c1.111,0,2.613-0.151,3.948-0.287c0.849-0.086,1.628-0.164,2.181-0.191h0.003\r\n\t\tc0.073-0.004,0.146-0.006,0.224-0.006c1.221,0,2.856,0.448,4.221,1c0.281,0.113,0.553,0.232,0.807,0.353\r\n\t\tc0.253,0.121,0.485,0.241,0.693,0.359l0.002,0.002c0.959,0.546,1.873,0.884,2.627,0.884c0.163,0,0.319-0.017,0.466-0.049\r\n\t\tc0.177-0.041,0.341-0.104,0.488-0.191c0.151-0.09,0.287-0.205,0.405-0.348l0,0l0.002-0.003l0.001-0.001h-0.001\r\n\t\tc0.042-0.051,0.08-0.104,0.113-0.16c0.174-0.296,0.271-0.732,0.12-1.257c-0.14-0.484-0.495-1.05-1.214-1.652\r\n\t\tc-0.302-0.252-0.665-0.511-1.103-0.772c0.113-0.055,0.217-0.138,0.313-0.256c0.169-0.206,0.266-0.42,0.3-0.635\r\n\t\tc0.02-0.123,0.018-0.244-0.002-0.363c0.28,0.101,0.562,0.164,0.827,0.164c0.406,0,0.775-0.146,1.052-0.53\r\n\t\tc0.18-0.249,0.283-0.491,0.322-0.725c0.081-0.486-0.111-0.906-0.485-1.26l-0.028-0.027c0.459-0.019,0.711-0.269,0.921-0.479\r\n\t\tc0.077-0.077,0.145-0.144,0.164-0.144c0.027,0,0.055,0.001,0.08,0.003c0.13,0.011,0.28,0.05,0.392,0.153\r\n\t\tc0.114,0.108,0.199,0.299,0.199,0.625c0,0.055-0.003,0.111-0.007,0.168c-0.047,0.584-0.068,1.315,0.218,1.919\r\n\t\tc0.295,0.622,0.887,1.083,2.039,1.083c0.029,0,0.06,0,0.09-0.001c0.505-0.01,0.901-0.164,1.191-0.417\r\n\t\tc0.227-0.196,0.385-0.449,0.477-0.736c0.142,0.24,0.343,0.424,0.574,0.553c0.237,0.133,0.506,0.208,0.77,0.229\r\n\t\tc0.049,0.003,0.098,0.005,0.146,0.005c0.215,0,0.427-0.036,0.615-0.107c0.268-0.101,0.49-0.271,0.622-0.509\r\n\t\tc0.331-0.596,0.278-1.36-0.214-2.286c0.202,0.09,0.37,0.124,0.519,0.124c0.192,0,0.354-0.058,0.52-0.129\r\n\t\tc0.298-0.129,0.541-0.497,0.631-0.993c0.075-0.411,0.052-0.924-0.133-1.46c-0.182-0.528-0.519-1.08-1.068-1.58\r\n\t\tc-1.078-0.977-2.99-1.764-6.2-1.764c-0.281,0-0.573,0.007-0.875,0.019c-2.913,0.121-6.89,2.49-9.99,4.338\r\n\t\tc-0.633,0.377-1.228,0.731-1.766,1.039c0.297-0.605,0.471-1.273,0.512-1.942c0.041-0.661-0.047-1.326-0.27-1.938\r\n\t\tc-0.226-0.618-0.587-1.181-1.093-1.632c-0.654-0.583-1.544-0.974-2.683-1.045c-0.155-0.01-0.305-0.014-0.448-0.014\r\n\t\tc-1.284,0-2.154,0.371-2.723,0.911c-0.299,0.284-0.512,0.616-0.656,0.966c-0.142,0.345-0.215,0.705-0.237,1.055\r\n\t\tc-0.052,0.847,0.21,1.648,0.545,2.003c0.276,0.294,0.711,0.544,1.176,0.652c0.163,0.038,0.331,0.059,0.498,0.059\r\n\t\tc0.194,0,0.388-0.028,0.573-0.09c0.356-0.121,0.676-0.363,0.902-0.77c0.109-0.196,0.196-0.43,0.254-0.708\r\n\t\tc0.366,0.755,0.562,1.42,0.623,2.004c0.084,0.804-0.084,1.456-0.401,1.982c-0.322,0.535-0.8,0.95-1.327,1.271\r\n\t\tc-1.027,0.626-2.233,0.894-2.866,0.989c0.099-0.182,0.186-0.367,0.261-0.554c0.194-0.487,0.305-0.986,0.326-1.459\r\n\t\tc0.021-0.482-0.05-0.939-0.22-1.331c-0.322-0.739-0.979-1.236-2.002-1.236c-0.044,0-0.09,0.001-0.136,0.003\r\n\t\tc-1.291,0.054-1.866,0.693-2.395,1.281C49.451,44.605,49.095,45,48.43,45c-0.094,0-0.193-0.009-0.301-0.025\r\n\t\tc-0.4-0.062-0.759-0.159-1.075-0.288c-0.729-0.296-1.231-0.765-1.516-1.373c-0.083-0.178-0.148-0.367-0.195-0.569\r\n\t\tc0.22,0.249,0.492,0.411,0.787,0.493c0.149,0.042,0.305,0.062,0.46,0.062c0.218,0,0.438-0.04,0.65-0.117\r\n\t\tc0.71-0.259,1.336-0.941,1.462-1.97c0.004-0.038,0.007-0.074,0.011-0.11c0.048,0.019,0.097,0.034,0.146,0.046\r\n\t\tc0.089,0.021,0.178,0.032,0.268,0.032c0.22,0,0.439-0.065,0.648-0.2c0.555-0.355,1.036-1.225,1.191-2.661\r\n\t\tc0.326-2.995,5.15-4.1,5.164-4.103c0.158-0.037,0.257-0.196,0.221-0.356c-0.02-0.085-0.074-0.152-0.145-0.191\r\n\t\tC56.017,33.551,53.903,32.267,51.172,32.266z M49.858,49.408c-1.815,0-3.442-1.259-4.644-2.927\r\n\t\tc-1.219-1.693-1.994-3.797-2.088-5.45c-0.006-0.104-0.01-0.214-0.01-0.33c0-1.669,0.373-3.03,1.131-4.165\r\n\t\tc0.76-1.141,1.914-2.066,3.472-2.857c1.194-0.606,2.379-0.822,3.461-0.822c1.794,0,3.306,0.594,4.108,0.986\r\n\t\tc-1.445,0.464-4.621,1.778-4.907,4.415c-0.135,1.237-0.504,1.958-0.923,2.226c-0.11,0.07-0.225,0.105-0.336,0.105\r\n\t\tc-0.042,0-0.084-0.005-0.126-0.015c-0.144-0.035-0.287-0.13-0.421-0.282c-0.053-0.125-0.115-0.247-0.182-0.375\r\n\t\tc-0.115-0.224-0.244-0.471-0.331-0.814c-0.122-0.634-0.126-1.455,0.059-2.446l0.012-0.06c0.031-0.161-0.072-0.317-0.232-0.35\r\n\t\tc-0.02-0.004-0.039-0.006-0.058-0.006c-0.139,0-0.262,0.098-0.289,0.239c-0.29,1.456-0.21,2.315-0.026,2.915\r\n\t\tc0.117,0.503,0.303,0.904,0.526,1.192c0.059,0.166,0.088,0.341,0.062,0.555c-0.096,0.781-0.557,1.295-1.076,1.484\r\n\t\tc-0.148,0.054-0.301,0.082-0.45,0.082c-0.104,0-0.205-0.014-0.304-0.041c-0.232-0.064-0.444-0.21-0.601-0.443\r\n\t\tc-0.376-0.561-0.442-1.604,0.21-3.226l-0.547-0.22c-0.306,0.76-0.512,1.477-0.614,2.141c-0.157,1.019-0.071,1.912,0.271,2.645\r\n\t\tc0.349,0.747,0.955,1.317,1.829,1.673c0.355,0.145,0.757,0.253,1.205,0.323c0.155,0.024,0.3,0.035,0.434,0.035\r\n\t\tc0.879,0,1.32-0.491,1.799-1.022c0.449-0.5,0.938-1.044,1.982-1.087c0.035-0.001,0.071-0.002,0.105-0.002\r\n\t\tc0.759,0,1.239,0.354,1.47,0.882c0.134,0.307,0.188,0.674,0.171,1.068c-0.019,0.405-0.115,0.838-0.285,1.264\r\n\t\tc-0.186,0.464-0.456,0.918-0.808,1.316c-0.228,0.195-0.424,0.396-0.529,0.507c-0.609,0.491-1.38,0.829-2.292,0.881\r\n\t\tC50.018,49.406,49.942,49.408,49.858,49.408z M35.916,40.588c-0.111,0-0.225-0.035-0.336-0.105\r\n\t\tc-0.418-0.268-0.788-0.988-0.922-2.226c-0.287-2.637-3.463-3.951-4.908-4.415c0.803-0.393,2.314-0.986,4.108-0.986\r\n\t\tc1.082,0,2.267,0.216,3.46,0.822c1.559,0.791,2.713,1.717,3.473,2.857c0.758,1.135,1.131,2.496,1.131,4.165\r\n\t\tc0,0.116-0.004,0.226-0.01,0.33c-0.094,1.653-0.869,3.757-2.088,5.45c-1.201,1.668-2.828,2.927-4.644,2.927\r\n\t\tc-0.084,0-0.16-0.002-0.228-0.006c-0.913-0.052-1.684-0.39-2.293-0.881c-0.105-0.111-0.302-0.312-0.528-0.507\r\n\t\tc-0.352-0.399-0.623-0.853-0.808-1.316c-0.17-0.426-0.268-0.858-0.285-1.264c-0.018-0.395,0.037-0.762,0.171-1.068\r\n\t\tc0.229-0.527,0.71-0.882,1.47-0.882c0.034,0,0.07,0.001,0.105,0.002c1.044,0.043,1.533,0.587,1.982,1.087\r\n\t\tc0.478,0.532,0.919,1.022,1.799,1.022c0.133,0,0.277-0.011,0.434-0.035c0.449-0.07,0.851-0.179,1.205-0.323l0.017-0.007\r\n\t\tc0.865-0.356,1.466-0.924,1.812-1.666c0.341-0.732,0.428-1.626,0.271-2.645c-0.104-0.664-0.309-1.381-0.615-2.141l-0.546,0.22\r\n\t\tc0.651,1.622,0.586,2.665,0.209,3.226c-0.156,0.233-0.368,0.379-0.601,0.443c-0.098,0.027-0.2,0.041-0.304,0.041\r\n\t\tc-0.149,0-0.302-0.028-0.45-0.082c-0.52-0.189-0.98-0.703-1.076-1.484c-0.025-0.214,0.004-0.389,0.062-0.555\r\n\t\tc0.224-0.288,0.409-0.688,0.526-1.189c0.184-0.601,0.265-1.459-0.025-2.918c-0.028-0.142-0.151-0.239-0.29-0.239\r\n\t\tc-0.019,0-0.038,0.002-0.058,0.006c-0.159,0.032-0.264,0.188-0.231,0.35l0.012,0.058c0.184,0.994,0.18,1.816,0.058,2.451\r\n\t\tc-0.088,0.343-0.216,0.589-0.33,0.812c-0.066,0.128-0.13,0.25-0.182,0.375c-0.134,0.152-0.278,0.247-0.423,0.282\r\n\t\tC36,40.583,35.958,40.588,35.916,40.588z M56.245,42.201c-0.122,0-0.246-0.016-0.368-0.044c-0.353-0.083-0.678-0.268-0.881-0.483\r\n\t\tc-0.239-0.254-0.425-0.875-0.383-1.56c0.018-0.289,0.078-0.585,0.193-0.865c0.113-0.275,0.281-0.537,0.518-0.762\r\n\t\tc0.466-0.444,1.203-0.748,2.316-0.748c0.132,0,0.27,0.004,0.413,0.014c0.996,0.062,1.768,0.396,2.328,0.896\r\n\t\tc0.428,0.382,0.736,0.861,0.929,1.391c0.194,0.534,0.271,1.118,0.234,1.701c-0.059,0.951-0.415,1.895-1.048,2.611\r\n\t\tc-0.107,0.122-0.097,0.309,0.025,0.417c0.056,0.05,0.126,0.074,0.194,0.074c0.047,0,0.093-0.011,0.135-0.032v0.001l0.003-0.002\r\n\t\tl0.015-0.008c0.787-0.402,1.75-0.977,2.817-1.612c3.047-1.815,6.952-4.143,9.714-4.257c0.298-0.013,0.584-0.019,0.86-0.019\r\n\t\tc3.031,0,4.812,0.719,5.798,1.613c0.471,0.427,0.755,0.891,0.906,1.331c0.148,0.432,0.169,0.839,0.11,1.16\r\n\t\tc-0.054,0.298-0.163,0.503-0.285,0.556c-0.092,0.04-0.182,0.072-0.288,0.072c-0.097,0-0.206-0.026-0.346-0.096\r\n\t\tc-0.369-0.184-0.91-0.622-1.794-1.527l-0.029-0.031l-0.015-0.015v-0.001c-0.059-0.059-0.135-0.089-0.211-0.089\r\n\t\tc-0.074,0-0.148,0.028-0.206,0.084c-0.116,0.114-0.118,0.302-0.006,0.419l0.002,0.001l0.018,0.019l0.012,0.012\r\n\t\tc0.235,0.242,0.447,0.475,0.638,0.699c0.195,0.23,0.367,0.452,0.518,0.666c0.723,1.029,0.895,1.808,0.603,2.335\r\n\t\tc-0.06,0.108-0.173,0.189-0.313,0.242c-0.121,0.046-0.261,0.069-0.406,0.069c-0.035,0-0.07-0.001-0.105-0.004\r\n\t\tc-0.184-0.014-0.367-0.064-0.527-0.153c-0.186-0.104-0.34-0.263-0.42-0.477c-0.07-0.189-0.129-0.375-0.188-0.56\r\n\t\tc-0.299-0.94-0.589-1.852-2.033-2.74c-0.048-0.029-0.102-0.043-0.153-0.043c-0.1,0-0.196,0.051-0.252,0.142\r\n\t\tc-0.085,0.14-0.041,0.321,0.099,0.407l0.004,0.002c0.737,0.472,1.23,1.146,1.455,1.805c0.122,0.36,0.163,0.713,0.118,1.02\r\n\t\tc-0.041,0.285-0.156,0.528-0.351,0.697c-0.189,0.165-0.461,0.267-0.818,0.273c-0.026,0-0.051,0.001-0.076,0.001\r\n\t\tc-0.871,0-1.305-0.318-1.508-0.747c-0.226-0.475-0.203-1.107-0.162-1.617c0.006-0.077,0.009-0.148,0.009-0.215\r\n\t\tc0-0.516-0.164-0.848-0.389-1.058c-0.229-0.216-0.51-0.293-0.747-0.312c-0.046-0.004-0.088-0.006-0.126-0.006\r\n\t\tc-0.261,0-0.407,0.146-0.579,0.318c-0.137,0.135-0.301,0.299-0.602,0.299c-0.08,0-0.169-0.012-0.271-0.038\r\n\t\tc-0.193-0.051-0.419-0.129-0.662-0.213c-0.686-0.238-1.507-0.522-2.604-0.522c-0.383,0-0.8,0.034-1.257,0.118\r\n\t\tc-0.16,0.029-0.267,0.183-0.238,0.343c0.026,0.144,0.15,0.244,0.29,0.244c0.005,0,0.011-0.001,0.016-0.001v0.001\r\n\t\tc0.126-0.008,0.257-0.011,0.391-0.011c0.922,0,2.012,0.168,2.888,0.485c0.483,0.175,0.896,0.393,1.169,0.65\r\n\t\tc0.23,0.219,0.353,0.464,0.308,0.731c-0.024,0.145-0.094,0.302-0.219,0.475c-0.145,0.2-0.354,0.279-0.596,0.279\r\n\t\tc-0.196,0-0.414-0.053-0.634-0.133c-0.259-0.096-0.521-0.23-0.763-0.372c-0.211-0.184-0.471-0.353-0.764-0.501\r\n\t\tc-0.411-0.287-0.987-0.45-1.598-0.543c-0.041-0.006-0.082-0.011-0.122-0.017c-0.394-0.071-0.799-0.11-1.199-0.11\r\n\t\tc-0.148,0-0.297,0.006-0.444,0.017c-0.159,0.004-0.287,0.135-0.287,0.297c0,0.164,0.132,0.297,0.295,0.297\r\n\t\tc0.482,0,1.043,0.018,1.573,0.089c0.477,0.089,0.932,0.23,1.327,0.407c0.05,0.022,0.1,0.047,0.148,0.07\r\n\t\tc0.192,0.136,0.442,0.309,0.724,0.477c0.037,0.033,0.071,0.068,0.104,0.104c0.189,0.205,0.287,0.419,0.255,0.625\r\n\t\tc-0.018,0.111-0.073,0.229-0.173,0.351c-0.069,0.085-0.174,0.119-0.316,0.119c-0.221,0-0.533-0.085-0.941-0.196\r\n\t\tc-0.398-0.109-0.874-0.238-1.443-0.337c-0.675-0.122-1.363-0.176-2.053-0.176c-0.136,0-0.271,0.003-0.406,0.006\r\n\t\tc-0.517,0.016-1.03,0.059-1.535,0.123c-1.164,0.075-2.086,0.212-3.572,0.785c-0.152,0.058-0.229,0.229-0.171,0.382\r\n\t\tc0.044,0.119,0.156,0.191,0.275,0.191c0.03,0,0.061-0.005,0.091-0.015c1.038-0.311,2.212-0.596,3.428-0.754\r\n\t\tc0.252-0.016,0.517-0.029,0.801-0.043c0.247-0.013,0.509-0.026,0.766-0.041c0.207-0.012,0.407-0.018,0.6-0.018\r\n\t\tc0.707,0,1.315,0.074,1.838,0.173c0.855,0.172,1.682,0.466,2.444,0.918c0.431,0.256,0.78,0.503,1.063,0.74\r\n\t\tc0.616,0.516,0.914,0.978,1.025,1.361c0.098,0.342,0.042,0.613-0.063,0.792c-0.02,0.034-0.04,0.063-0.059,0.086l-0.001-0.001\r\n\t\tc-0.074,0.09-0.159,0.162-0.253,0.218c-0.096,0.058-0.201,0.099-0.315,0.123c-0.109,0.025-0.227,0.036-0.351,0.036\r\n\t\tc-0.634,0-1.448-0.31-2.324-0.809l-0.003-0.001c-0.223-0.127-0.47-0.255-0.732-0.38c-0.262-0.124-0.543-0.248-0.838-0.367\r\n\t\tc-1.424-0.576-3.141-1.042-4.446-1.042c-0.084,0-0.165,0.002-0.245,0.006h-0.003c-0.567,0.028-1.354,0.108-2.211,0.194\r\n\t\tc-1.329,0.134-2.83,0.285-3.896,0.285c-0.414,0-0.764-0.022-1.01-0.078c-0.746-0.17-1.197-0.399-1.44-0.559\r\n\t\tc0.133-0.121,0.259-0.248,0.375-0.382c0.174-0.146,0.354-0.274,0.496-0.318c0.568-0.064,2.067-0.333,3.329-1.102\r\n\t\tc0.601-0.366,1.148-0.845,1.526-1.471c0.38-0.632,0.583-1.405,0.483-2.349c-0.093-0.879-0.449-1.907-1.174-3.107\r\n\t\tc-0.055-0.092-0.152-0.143-0.252-0.143c-0.052,0-0.104,0.014-0.151,0.043c-0.094,0.057-0.146,0.158-0.143,0.261l0,0\r\n\t\tc0.02,0.647-0.082,1.107-0.257,1.421c-0.148,0.266-0.352,0.422-0.575,0.497C56.507,42.182,56.377,42.201,56.245,42.201z\r\n\t\t M24.321,44.843c0.069,0,0.139-0.024,0.195-0.074c0.121-0.108,0.133-0.295,0.025-0.417c-0.632-0.717-0.989-1.66-1.048-2.611\r\n\t\tc-0.036-0.582,0.04-1.167,0.235-1.701c0.191-0.529,0.5-1.009,0.929-1.391c0.56-0.5,1.331-0.835,2.327-0.896\r\n\t\tc0.144-0.01,0.28-0.014,0.413-0.014c1.113,0,1.85,0.305,2.316,0.748c0.236,0.225,0.404,0.486,0.518,0.762\r\n\t\tc0.115,0.28,0.176,0.576,0.193,0.865c0.042,0.685-0.143,1.306-0.383,1.56c-0.203,0.216-0.528,0.4-0.881,0.483\r\n\t\tc-0.122,0.028-0.246,0.044-0.368,0.044c-0.133,0-0.263-0.019-0.385-0.06c-0.224-0.076-0.427-0.232-0.575-0.498\r\n\t\tc-0.175-0.313-0.276-0.773-0.258-1.421l0,0c0.003-0.103-0.048-0.203-0.141-0.261c-0.049-0.028-0.101-0.042-0.152-0.042\r\n\t\tc-0.1,0-0.197,0.051-0.252,0.142c-0.725,1.201-1.081,2.229-1.174,3.108c-0.1,0.942,0.104,1.716,0.484,2.349\r\n\t\tc0.377,0.625,0.925,1.104,1.525,1.471c1.262,0.769,2.76,1.037,3.329,1.102c0.142,0.044,0.322,0.172,0.495,0.318\r\n\t\tc0.118,0.133,0.243,0.261,0.376,0.382c-0.243,0.159-0.694,0.389-1.44,0.558c-0.246,0.057-0.595,0.079-1.01,0.079\r\n\t\tc-1.065,0-2.566-0.151-3.895-0.286c-0.857-0.086-1.645-0.166-2.212-0.193h-0.003c-0.08-0.005-0.161-0.006-0.245-0.006\r\n\t\tc-1.306,0-3.022,0.466-4.446,1.041c-0.295,0.12-0.576,0.243-0.838,0.368c-0.263,0.125-0.51,0.253-0.733,0.38l-0.002,0.001\r\n\t\tc-0.875,0.499-1.689,0.809-2.324,0.809c-0.124,0-0.241-0.012-0.351-0.036c-0.113-0.025-0.22-0.066-0.315-0.123\r\n\t\tc-0.094-0.056-0.179-0.128-0.253-0.218l-0.001,0.001c-0.019-0.023-0.039-0.053-0.059-0.087c-0.105-0.179-0.161-0.45-0.062-0.791\r\n\t\tc0.11-0.384,0.408-0.846,1.023-1.361c0.283-0.237,0.634-0.484,1.064-0.741c0.763-0.451,1.588-0.745,2.443-0.917\r\n\t\tc0.523-0.1,1.132-0.173,1.839-0.173c0.192,0,0.393,0.006,0.6,0.018c0.257,0.015,0.519,0.027,0.766,0.04\r\n\t\tc0.285,0.015,0.549,0.028,0.801,0.044c1.216,0.157,2.39,0.442,3.428,0.754c0.03,0.01,0.061,0.015,0.091,0.015\r\n\t\tc0.119,0,0.231-0.073,0.276-0.191c0.058-0.153-0.02-0.324-0.171-0.383c-1.487-0.572-2.409-0.709-3.572-0.784\r\n\t\tc-0.506-0.064-1.02-0.108-1.535-0.123c-0.136-0.004-0.271-0.006-0.407-0.006c-0.689,0-1.379,0.053-2.054,0.176\r\n\t\tc-0.568,0.099-1.044,0.228-1.442,0.337c-0.408,0.111-0.72,0.196-0.941,0.196c-0.142,0-0.246-0.035-0.316-0.12\r\n\t\tc-0.1-0.121-0.155-0.239-0.173-0.351c-0.032-0.205,0.065-0.42,0.255-0.625c0.032-0.035,0.066-0.069,0.104-0.104\r\n\t\tc0.28-0.168,0.531-0.341,0.724-0.477c0.048-0.023,0.098-0.047,0.147-0.069c0.396-0.178,0.851-0.318,1.328-0.407\r\n\t\tc0.529-0.071,1.09-0.09,1.572-0.09c0.163,0,0.295-0.132,0.295-0.296c0-0.162-0.128-0.293-0.287-0.297\r\n\t\tc-0.146-0.012-0.295-0.018-0.444-0.018c-0.4,0-0.806,0.04-1.199,0.11c-0.04,0.006-0.081,0.012-0.121,0.018\r\n\t\tc-0.61,0.092-1.187,0.256-1.599,0.542c-0.293,0.148-0.553,0.317-0.764,0.501c-0.242,0.143-0.504,0.276-0.763,0.372\r\n\t\tc-0.22,0.081-0.438,0.133-0.634,0.133c-0.241,0-0.451-0.078-0.596-0.278c-0.124-0.173-0.195-0.331-0.219-0.475\r\n\t\tc-0.045-0.268,0.077-0.514,0.308-0.732c0.272-0.257,0.686-0.476,1.169-0.65c0.876-0.317,1.966-0.485,2.888-0.485\r\n\t\tc0.134,0,0.265,0.004,0.391,0.011l0,0c0.005,0,0.011,0,0.016,0c0.14,0,0.264-0.1,0.29-0.243c0.028-0.16-0.078-0.314-0.238-0.344\r\n\t\tc-0.457-0.083-0.874-0.118-1.257-0.118c-1.097,0-1.919,0.285-2.604,0.522l0.001,0.001h-0.001c-0.236,0.082-0.455,0.158-0.662,0.213\r\n\t\tc-0.102,0.026-0.19,0.038-0.271,0.038c-0.301,0-0.465-0.164-0.602-0.3c-0.172-0.171-0.318-0.317-0.579-0.317\r\n\t\tc-0.038,0-0.08,0.001-0.127,0.005c-0.236,0.02-0.518,0.097-0.746,0.312c-0.225,0.211-0.389,0.542-0.389,1.058\r\n\t\tc0,0.065,0.003,0.138,0.01,0.215c0.04,0.51,0.062,1.143-0.163,1.617c-0.203,0.429-0.637,0.748-1.508,0.748\r\n\t\tc-0.025,0-0.051-0.001-0.076-0.002c-0.357-0.006-0.628-0.107-0.818-0.272c-0.193-0.169-0.31-0.413-0.351-0.697\r\n\t\tc-0.045-0.308-0.004-0.66,0.118-1.02c0.225-0.66,0.719-1.334,1.455-1.805l0.005-0.003c0.139-0.085,0.183-0.267,0.098-0.406\r\n\t\tC9.697,42.508,9.6,42.458,9.5,42.458c-0.052,0-0.104,0.015-0.153,0.044c-1.445,0.889-1.734,1.8-2.033,2.739\r\n\t\tc-0.059,0.186-0.118,0.371-0.188,0.56c-0.08,0.215-0.233,0.372-0.419,0.477c-0.16,0.089-0.344,0.14-0.528,0.153\r\n\t\tc-0.035,0.004-0.069,0.005-0.104,0.005c-0.146,0-0.285-0.023-0.407-0.069c-0.14-0.053-0.253-0.135-0.312-0.242\r\n\t\tc-0.293-0.527-0.121-1.306,0.602-2.335c0.15-0.214,0.323-0.437,0.519-0.667c0.19-0.224,0.402-0.457,0.638-0.698l0.012-0.012\r\n\t\tl0.018-0.019l0.002-0.002c0.113-0.117,0.11-0.305-0.006-0.418c-0.058-0.057-0.132-0.084-0.206-0.084\r\n\t\tc-0.076,0-0.152,0.029-0.21,0.089L6.72,41.979l-0.014,0.015l-0.03,0.03c-0.884,0.906-1.424,1.345-1.794,1.528\r\n\t\tc-0.139,0.069-0.249,0.095-0.346,0.095c-0.106,0-0.196-0.031-0.288-0.072c-0.122-0.052-0.231-0.257-0.285-0.555\r\n\t\tc-0.059-0.322-0.038-0.729,0.11-1.16c0.151-0.44,0.436-0.905,0.906-1.332c0.985-0.894,2.767-1.613,5.798-1.612\r\n\t\tc0.276,0,0.562,0.006,0.859,0.019c2.763,0.113,6.668,2.441,9.715,4.256c1.067,0.637,2.03,1.211,2.817,1.612l0.015,0.009\r\n\t\tl0.003,0.001l0,0C24.229,44.833,24.275,44.843,24.321,44.843z M42.519,52.18c-0.365,0-0.539-0.39-0.551-1.1\r\n\t\tc-0.006-0.427,0.046-0.951,0.152-1.563c0.043-0.25,0.095-0.516,0.155-0.794c0.093-0.303,0.174-0.613,0.243-0.919\r\n\t\tc0.068,0.306,0.15,0.615,0.243,0.918c0.06,0.278,0.112,0.544,0.155,0.794c0.106,0.613,0.158,1.138,0.152,1.564\r\n\t\tC43.058,51.791,42.885,52.18,42.519,52.18z\"\/>\r\n<\/g>\r\n<\/svg>\r\n\t\t\t\t\t<\/div>\n\t\t\t\t<\/div>\n\t\t\t<\/div>\n\t\t\t\t<div class=\"icon-box-text last-reset\">\n\t\t\t\t\t\t\t\t\t\n\t<div id=\"text-942433251\" class=\"text mb20\">\n\t\t\n<h2 class=\"title36\">Prethodne izlo\u017ebe<\/h2>\n\t\t\t<\/div>\n\t\n\t\t<\/div>\n\t<\/div>\n\t\n\t\n\t<div id=\"text-547113888\" class=\"text\">\n\t\t\n<p>Pored Stalne postavke, u Galeriji Matice srpske se prire\u0111uju izlo\u017ebe razli\u010ditog karaktera \u2013 monografske, tematske, me\u0111unarodne, i druge. Kao svojevrsni medij komunikacije, one predstavljaju umetni\u010dka dela iz Galerijske kolekcije, kao i iz drugih muzejskih ustanova u zemlji i inostranstvu. Kroz raznovrsne teme i narative, izlo\u017ebe prenose raznovrsne poruke umetni\u010dkih predmeta i obrazuju nas kako o umetnosti, tako i o njihovim stvaraocima.<\/p>\n\t\t\n<style>\n#text-547113888 {\n  text-align: center;\n}\n<\/style>\n\t<\/div>\n\t\n\t\t<\/div>\n\t\t\t\t\n<style>\n#col-1055486935 > .col-inner {\n  margin: 0px 0px 30px 0px;\n}\n<\/style>\n\t<\/div>\n\n\t\n<\/div>\n<div class=\"text-center\"><div class=\"is-divider divider clearfix\" style=\"max-width:100%;height:1px;\"><\/div><\/div>\n\t<div id=\"gap-1801960465\" class=\"gap-element clearfix\" style=\"display:block; height:auto;\">\n\t\t\n<style>\n#gap-1801960465 {\n  padding-top: 40px;\n}\n<\/style>\n\t<\/div>\n\t\n<div class=\"row\"  id=\"row-1388817881\">\n\n\t<div id=\"col-23591540\" class=\"col pr0 medium-3 small-12 large-3\"  >\n\t\t\t\t<div class=\"col-inner text-center\"  >\n\t\t\t\n\t\t\t\n\t<div class=\"img has-hover x md-x lg-x y md-y lg-y\" id=\"image_756592925\">\n\t\t\t\t\t\t\t\t<div class=\"img-inner dark\" >\n\t\t\t<img loading=\"lazy\" decoding=\"async\" width=\"731\" height=\"1024\" src=\"http:\/\/www.galerijamaticesrpske.rs\/wp-content\/uploads\/2025\/09\/plakat-731x1024.jpg\" class=\"attachment-large size-large\" alt=\"\" srcset=\"http:\/\/www.galerijamaticesrpske.rs\/wp-content\/uploads\/2025\/09\/plakat-731x1024.jpg 731w, http:\/\/www.galerijamaticesrpske.rs\/wp-content\/uploads\/2025\/09\/plakat-214x300.jpg 214w, http:\/\/www.galerijamaticesrpske.rs\/wp-content\/uploads\/2025\/09\/plakat-768x1075.jpg 768w, http:\/\/www.galerijamaticesrpske.rs\/wp-content\/uploads\/2025\/09\/plakat-1097x1536.jpg 1097w, http:\/\/www.galerijamaticesrpske.rs\/wp-content\/uploads\/2025\/09\/plakat-1463x2048.jpg 1463w, http:\/\/www.galerijamaticesrpske.rs\/wp-content\/uploads\/2025\/09\/plakat-scaled.jpg 1829w\" sizes=\"auto, (max-width: 731px) 100vw, 731px\" \/>\t\t\t\t\t\t\n\t\t\t\t\t<\/div>\n\t\t\t\t\t\t\t\t\n<style>\n#image_756592925 {\n  width: 100%;\n}\n<\/style>\n\t<\/div>\n\t\n\t<div class=\"img has-hover x md-x lg-x y md-y lg-y\" id=\"image_478362372\">\n\t\t<a class=\"\" href=\"https:\/\/www.galerijamaticesrpske.rs\/lat\/events\/identiteti\/\" >\t\t\t\t\t\t<div class=\"img-inner dark\" >\n\t\t\t\t\t\t\t\t\t\n\t\t\t\t\t<\/div>\n\t\t\t\t\t\t<\/a>\t\t\n<style>\n#image_478362372 {\n  width: 100%;\n}\n<\/style>\n\t<\/div>\n\t\n\t\t<\/div>\n\t\t\t\t\t<\/div>\n\n\t\n\n\t<div id=\"col-631077795\" class=\"col pl0 pb0 medium-6 small-12 large-6\"  >\n\t\t\t\t<div class=\"col-inner\"  >\n\t\t\t\n\t\t\t\n\t<div id=\"text-1865304922\" class=\"text mb30\">\n\t\t\n<h3 class=\"title28 playtitle\"><a href=\"https:\/\/www.galerijamaticesrpske.rs\/lat\/events\/lazar-vozarevic-galerija-u-gostima\/\">Lazar Vozarevi\u0107. Galerija u gostima<\/a><\/h3>\n<p>Veliki jubilej bio je povod da dela Lazara Vozarevi\u0107eva iz mati\u010dne galerije u Sremskoj Mitrovici krenu na put ka gradovima i galerijama koje su zauzimale va\u017eno mesto u umetnikovom \u017eivotu. Nakon Zrenjanina i Beograda, gde je kroz pa\u017eljiv odabir publici predstavljeno njegovo stvarala\u0161tvo, Galerija Matice srpske ugosti\u0107e u celosti najvredniji deo kolekcije Galerije \u201eLazar Vozarevi\u0107\u201c. Pored celokupnog legata, 79 dela iz kolekcije Galerije \u201eLazar Vozarevi\u0107\u201c na izlo\u017ebi \u0107e biti predstavljena i dela iz kolekcije Galerije Matice srpske, kao i pet ilustracija Pabla Pikasa iz Narodnog muzeja Srbije i jedno Pikasovo delo iz Ambasade Republike Francuske u Beogradu. Izlo\u017ebu prate tri video-animacije, koje putem savremenih tehnologija pribli\u017eavaju publici Vozarevi\u0107eve uzore i inspiracije za slike\u00a0<em>Oplakivanje Hrista<\/em>,\u00a0<em>Kvadrati<\/em>\u00a0i\u00a0<em>Porodica<\/em>, kao i tri filma posve\u0107ena \u017eivotu i delu umetnika. Posetioci \u0107e biti u prilici da u Novom Sadu upoznaju dela koja \u010dine najpotpuniji pregled svih Vozarevi\u0107evih stvarala\u010dkih faza od pojavljivanja na umetni\u010dkoj sceni ranih pedesetih godina 20. veka, do poslednjih radova iz 1968. godine.<\/p>\n\t\t\t<\/div>\n\t\n<a href=\"https:\/\/www.galerijamaticesrpske.rs\/lat\/events\/lazar-vozarevic-galerija-u-gostima\/\" class=\"button primary\" >\n\t\t<span>Pro\u010ditaj vi\u0161e<\/span>\n\t<\/a>\n\n\t\t<\/div>\n\t\t\t\t\t<\/div>\n\n\t\n\n\t<div id=\"col-771933950\" class=\"col medium-3 small-12 large-3\"  >\n\t\t\t\t<div class=\"col-inner\"  >\n\t\t\t\n\t\t\t\n\t<div id=\"gap-132312536\" class=\"gap-element clearfix\" style=\"display:block; height:auto;\">\n\t\t\n<style>\n#gap-132312536 {\n  padding-top: 45px;\n}\n<\/style>\n\t<\/div>\n\t\n\t<div id=\"text-1419381499\" class=\"text mb30\">\n\t\t\n<p><strong>Datum otvaranja<\/strong>: <br \/>12. septembar 2025.<\/p>\n<p><strong>Trajanje izlo\u017ebe:<\/strong> <br \/>1. februar 2026.<\/p>\n<p><strong>Mesto:<\/strong> <br \/>Izlo\u017ebene sale &#8220;Milivoj Nikolajevi\u0107&#8221;, Galerija Matice srpske<\/p>\n\t\t\t<\/div>\n\t\n\t\t<\/div>\n\t\t\t\t\t<\/div>\n\n\t\n\n\n\t<div id=\"col-1739557889\" class=\"col pt0 pb20 mt0 small-12 large-12\"  >\n\t\t\t\t<div class=\"col-inner\"  >\n\t\t\t\n\t\t\t\n<div class=\"text-center\"><div class=\"is-divider divider clearfix\" style=\"max-width:100%;height:1px;\"><\/div><\/div>\n\t\t<\/div>\n\t\t\t\t\t<\/div>\n\n\t\n\n<style>\n#row-1388817881 > .col > .col-inner {\n  padding: 20px 20px 0px 20px;\n}\n<\/style>\n<\/div>\n<div class=\"row\"  id=\"row-861794561\">\n\n\t<div id=\"col-628111571\" class=\"col pr0 medium-3 small-12 large-3\"  >\n\t\t\t\t<div class=\"col-inner text-center\"  >\n\t\t\t\n\t\t\t\n\t<div class=\"img has-hover x md-x lg-x y md-y lg-y\" id=\"image_608788467\">\n\t\t\t\t\t\t\t\t<div class=\"img-inner dark\" >\n\t\t\t<img loading=\"lazy\" decoding=\"async\" width=\"736\" height=\"1024\" src=\"http:\/\/www.galerijamaticesrpske.rs\/wp-content\/uploads\/2025\/06\/plakat-736x1024.jpg\" class=\"attachment-large size-large\" alt=\"\" srcset=\"http:\/\/www.galerijamaticesrpske.rs\/wp-content\/uploads\/2025\/06\/plakat-736x1024.jpg 736w, http:\/\/www.galerijamaticesrpske.rs\/wp-content\/uploads\/2025\/06\/plakat-216x300.jpg 216w, http:\/\/www.galerijamaticesrpske.rs\/wp-content\/uploads\/2025\/06\/plakat-768x1069.jpg 768w, http:\/\/www.galerijamaticesrpske.rs\/wp-content\/uploads\/2025\/06\/plakat.jpg 1078w\" sizes=\"auto, (max-width: 736px) 100vw, 736px\" \/>\t\t\t\t\t\t\n\t\t\t\t\t<\/div>\n\t\t\t\t\t\t\t\t\n<style>\n#image_608788467 {\n  width: 100%;\n}\n<\/style>\n\t<\/div>\n\t\n\t<div class=\"img has-hover x md-x lg-x y md-y lg-y\" id=\"image_1909102748\">\n\t\t<a class=\"\" href=\"https:\/\/www.galerijamaticesrpske.rs\/lat\/events\/identiteti\/\" >\t\t\t\t\t\t<div class=\"img-inner dark\" >\n\t\t\t\t\t\t\t\t\t\n\t\t\t\t\t<\/div>\n\t\t\t\t\t\t<\/a>\t\t\n<style>\n#image_1909102748 {\n  width: 100%;\n}\n<\/style>\n\t<\/div>\n\t\n\t\t<\/div>\n\t\t\t\t\t<\/div>\n\n\t\n\n\t<div id=\"col-924236997\" class=\"col pl0 pb0 medium-6 small-12 large-6\"  >\n\t\t\t\t<div class=\"col-inner\"  >\n\t\t\t\n\t\t\t\n\t<div id=\"text-49833160\" class=\"text mb30\">\n\t\t\n<h3 class=\"title28 playtitle\"><a href=\"https:\/\/www.galerijamaticesrpske.rs\/lat\/events\/ateljei-umetnika\/\">Ateljei umetnika. Pogled iz fotografske arhive Instituta za kulturno nasle\u0111e \u0160panije<\/a><\/h3>\n<p>Delovi umetnikove li\u010dnosti utkani su u njegovo stvarala\u0161tvo, a ostatak \u010duvaju zidovi njegovog ateljea. Ali \u0161ta su sve krile ove tvr\u0111ave umetnika? Kako je izgledao za\u010darani krug uticaja umetnika na prostor, prostora na umetnika i njegova dela? Zahvaljuju\u0107i mediju koji verodostojno zapisuje momente i likove u ve\u010dnost \u2013 fotografiji, kao i arhivi Instituta za kulturno nasle\u0111e \u0160panije, publika \u0107e mo\u0107i da zaviri u intimne prostore ateljea \u0161panskih umetnika. Posmatraju\u0107i izlo\u017eene fotografije, publika \u0107e u\u0107i u svet umetnika na jedan diskretan, ali sna\u017ean na\u010din. Prikazane su prostorije razli\u010ditih dimenzija i ambijenata \u2013 od skromnih, improvizovanih radionica do svetlih studija prepunih boja, slika i li\u010dnih predmeta. Fotografije otkrivaju i kulturne razlike, ali i univerzalnost umetni\u010dkog poziva \u2013 posve\u0107enost, traganje i neprestano eksperimentisanje.<\/p>\n\t\t\t<\/div>\n\t\n<a href=\"https:\/\/www.galerijamaticesrpske.rs\/lat\/events\/ateljei-umetnika\/\" class=\"button primary\" >\n\t\t<span>Pro\u010ditaj vi\u0161e<\/span>\n\t<\/a>\n\n\t\t<\/div>\n\t\t\t\t\t<\/div>\n\n\t\n\n\t<div id=\"col-53330180\" class=\"col medium-3 small-12 large-3\"  >\n\t\t\t\t<div class=\"col-inner\"  >\n\t\t\t\n\t\t\t\n\t<div id=\"gap-1172497853\" class=\"gap-element clearfix\" style=\"display:block; height:auto;\">\n\t\t\n<style>\n#gap-1172497853 {\n  padding-top: 45px;\n}\n<\/style>\n\t<\/div>\n\t\n\t<div id=\"text-2084182552\" class=\"text mb30\">\n\t\t\n<p><strong>Datum otvaranja<\/strong>: <br \/>13. jun 2025.<\/p>\n<p><strong>Trajanje izlo\u017ebe:<\/strong> <br \/>31. avgust 2025.<\/p>\n<p><strong>Mesto:<\/strong> <br \/>Izlo\u017ebene sale &#8220;Milivoj Nikolajevi\u0107&#8221;, Galerija Matice srpske<\/p>\n\t\t\t<\/div>\n\t\n\t\t<\/div>\n\t\t\t\t\t<\/div>\n\n\t\n\n\n\t<div id=\"col-175285932\" class=\"col pt0 pb20 mt0 small-12 large-12\"  >\n\t\t\t\t<div class=\"col-inner\"  >\n\t\t\t\n\t\t\t\n<div class=\"text-center\"><div class=\"is-divider divider clearfix\" style=\"max-width:100%;height:1px;\"><\/div><\/div>\n\t\t<\/div>\n\t\t\t\t\t<\/div>\n\n\t\n\n<style>\n#row-861794561 > .col > .col-inner {\n  padding: 20px 20px 0px 20px;\n}\n<\/style>\n<\/div>\n<div class=\"row\"  id=\"row-1910916507\">\n\n\t<div id=\"col-1123588472\" class=\"col pr0 medium-3 small-12 large-3\"  >\n\t\t\t\t<div class=\"col-inner text-center\"  >\n\t\t\t\n\t\t\t\n\t<div class=\"img has-hover x md-x lg-x y md-y lg-y\" id=\"image_1504368952\">\n\t\t\t\t\t\t\t\t<div class=\"img-inner dark\" >\n\t\t\t<img loading=\"lazy\" decoding=\"async\" width=\"714\" height=\"1000\" src=\"http:\/\/www.galerijamaticesrpske.rs\/wp-content\/uploads\/2025\/07\/plakat.jpg\" class=\"attachment-large size-large\" alt=\"\" srcset=\"http:\/\/www.galerijamaticesrpske.rs\/wp-content\/uploads\/2025\/07\/plakat.jpg 714w, http:\/\/www.galerijamaticesrpske.rs\/wp-content\/uploads\/2025\/07\/plakat-214x300.jpg 214w\" sizes=\"auto, (max-width: 714px) 100vw, 714px\" \/>\t\t\t\t\t\t\n\t\t\t\t\t<\/div>\n\t\t\t\t\t\t\t\t\n<style>\n#image_1504368952 {\n  width: 100%;\n}\n<\/style>\n\t<\/div>\n\t\n\t<div class=\"img has-hover x md-x lg-x y md-y lg-y\" id=\"image_441834947\">\n\t\t<a class=\"\" href=\"https:\/\/www.galerijamaticesrpske.rs\/lat\/events\/identiteti\/\" >\t\t\t\t\t\t<div class=\"img-inner dark\" >\n\t\t\t\t\t\t\t\t\t\n\t\t\t\t\t<\/div>\n\t\t\t\t\t\t<\/a>\t\t\n<style>\n#image_441834947 {\n  width: 100%;\n}\n<\/style>\n\t<\/div>\n\t\n\t\t<\/div>\n\t\t\t\t\t<\/div>\n\n\t\n\n\t<div id=\"col-1970554001\" class=\"col pl0 pb0 medium-6 small-12 large-6\"  >\n\t\t\t\t<div class=\"col-inner\"  >\n\t\t\t\n\t\t\t\n\t<div id=\"text-484813590\" class=\"text mb30\">\n\t\t\n<h3 class=\"title28 playtitle\"><a href=\"https:\/\/www.galerijamaticesrpske.rs\/lat\/events\/prado-na-otvorenom\/\">Prado na otvorenom<\/a><\/h3>\n<p>Izlo\u017eba\u00a0<em>Prado na otvorenom\u00a0<\/em>predstavlja jedinstven kulturni i umetni\u010dki doga\u0111aj koji je omogu\u0107io posetiocima da na nesvakida\u0161nji na\u010din do\u017eive umetni\u010dku ba\u0161tinu jednog od najzna\u010dajnijih muzeja na svetu \u2013 Muzeja Prado iz Madrida. Na izlo\u017ebi je bilo predstavljeno 30 reprodukcija najpoznatijih slika iz zbirke ovog renomiranog muzeja. Izlo\u017eene reprodukcije pru\u017eile su posetiocima priliku da se neposredno upoznaju sa delima velikana kao \u0161to su Dijego Velaskez, Fransisko de Goja, El Greko, Peter Paul Rubens i drugi.<\/p>\n\t\t\t<\/div>\n\t\n<a href=\"https:\/\/www.galerijamaticesrpske.rs\/lat\/events\/prado-na-otvorenom\/\" class=\"button primary\" >\n\t\t<span>Pro\u010ditaj vi\u0161e<\/span>\n\t<\/a>\n\n\t\t<\/div>\n\t\t\t\t\t<\/div>\n\n\t\n\n\t<div id=\"col-1457774652\" class=\"col medium-3 small-12 large-3\"  >\n\t\t\t\t<div class=\"col-inner\"  >\n\t\t\t\n\t\t\t\n\t<div id=\"gap-480652873\" class=\"gap-element clearfix\" style=\"display:block; height:auto;\">\n\t\t\n<style>\n#gap-480652873 {\n  padding-top: 45px;\n}\n<\/style>\n\t<\/div>\n\t\n\t<div id=\"text-3158140444\" class=\"text mb30\">\n\t\t\n<p><strong>Datum otvaranja<\/strong>: <br \/>26. jun 2025.<\/p>\n<p><strong>Trajanje izlo\u017ebe:<\/strong> <br \/>31. jul 2025.<\/p>\n<p><strong>Mesto:<\/strong> <br \/>Trg galerija<\/p>\n\t\t\t<\/div>\n\t\n\t\t<\/div>\n\t\t\t\t\t<\/div>\n\n\t\n\n\n\t<div id=\"col-1032955949\" class=\"col pt0 pb20 mt0 small-12 large-12\"  >\n\t\t\t\t<div class=\"col-inner\"  >\n\t\t\t\n\t\t\t\n<div class=\"text-center\"><div class=\"is-divider divider clearfix\" style=\"max-width:100%;height:1px;\"><\/div><\/div>\n\t\t<\/div>\n\t\t\t\t\t<\/div>\n\n\t\n\n<style>\n#row-1910916507 > .col > .col-inner {\n  padding: 20px 20px 0px 20px;\n}\n<\/style>\n<\/div>\n<div class=\"row\"  id=\"row-1184447214\">\n\n\t<div id=\"col-187123764\" class=\"col pr0 medium-3 small-12 large-3\"  >\n\t\t\t\t<div class=\"col-inner text-center\"  >\n\t\t\t\n\t\t\t\n\t<div class=\"img has-hover x md-x lg-x y md-y lg-y\" id=\"image_620890083\">\n\t\t\t\t\t\t\t\t<div class=\"img-inner dark\" >\n\t\t\t<img loading=\"lazy\" decoding=\"async\" width=\"731\" height=\"1024\" src=\"http:\/\/www.galerijamaticesrpske.rs\/wp-content\/uploads\/2025\/02\/plakat-02-1-731x1024.jpg\" class=\"attachment-large size-large\" alt=\"\" srcset=\"http:\/\/www.galerijamaticesrpske.rs\/wp-content\/uploads\/2025\/02\/plakat-02-1-731x1024.jpg 731w, http:\/\/www.galerijamaticesrpske.rs\/wp-content\/uploads\/2025\/02\/plakat-02-1-214x300.jpg 214w, http:\/\/www.galerijamaticesrpske.rs\/wp-content\/uploads\/2025\/02\/plakat-02-1-768x1075.jpg 768w, http:\/\/www.galerijamaticesrpske.rs\/wp-content\/uploads\/2025\/02\/plakat-02-1-1097x1536.jpg 1097w, http:\/\/www.galerijamaticesrpske.rs\/wp-content\/uploads\/2025\/02\/plakat-02-1-1463x2048.jpg 1463w, http:\/\/www.galerijamaticesrpske.rs\/wp-content\/uploads\/2025\/02\/plakat-02-1.jpg 1643w\" sizes=\"auto, (max-width: 731px) 100vw, 731px\" \/>\t\t\t\t\t\t\n\t\t\t\t\t<\/div>\n\t\t\t\t\t\t\t\t\n<style>\n#image_620890083 {\n  width: 100%;\n}\n<\/style>\n\t<\/div>\n\t\n\t<div class=\"img has-hover x md-x lg-x y md-y lg-y\" id=\"image_1088342323\">\n\t\t<a class=\"\" href=\"https:\/\/www.galerijamaticesrpske.rs\/lat\/events\/identiteti\/\" >\t\t\t\t\t\t<div class=\"img-inner dark\" >\n\t\t\t\t\t\t\t\t\t\n\t\t\t\t\t<\/div>\n\t\t\t\t\t\t<\/a>\t\t\n<style>\n#image_1088342323 {\n  width: 100%;\n}\n<\/style>\n\t<\/div>\n\t\n\t\t<\/div>\n\t\t\t\t\t<\/div>\n\n\t\n\n\t<div id=\"col-665256985\" class=\"col pl0 pb0 medium-6 small-12 large-6\"  >\n\t\t\t\t<div class=\"col-inner\"  >\n\t\t\t\n\t\t\t\n\t<div id=\"text-3341267493\" class=\"text mb30\">\n\t\t\n<h3 class=\"title28 playtitle\"><a href=\"https:\/\/www.galerijamaticesrpske.rs\/lat\/events\/plemstvo-u-srpskoj-vizuelnoj-kulturi-xviii-veka\/\">Plemstvo u srpskoj vizuelnoj kulturi XVIII veka<\/a><\/h3>\n<p>Izlo\u017eba\u00a0<em>Plemstvo u srpskoj vizuelnoj kulturi XVIII veka<\/em>\u00a0nastala je kao rezultat doktorske disertacije i vi\u0161egodi\u0161njeg istra\u017eivanja dr Aleksandre \u010celovski, kustoskinje Galerije Matice srpske. Publici \u0107e biti predstavljen \u017eivot plemstva okupljenog pod okriljem Karlova\u010dke mitropolije tokom XVIII veka kroz vi\u0161e izlo\u017ebenih celina\u00a0<em>U okviru reprezentativne javnosti<\/em>,\u00a0<em>Plava krv i vrlina: tipovi plemstva<\/em>,\u00a0<em>Obrazovanje kao privilegija<\/em>,\u00a0<em>Patroni i dobrotvori<\/em>,\u00a0<em>Porodi\u010dna galerija: bra\u010dne strategije plemstva<\/em>,\u00a0<em>Plemstvo i ktitorstvo.\u00a0<\/em>Kroz preko 80 umetni\u010dkih dela, predmeta i arhivske gra\u0111e izlo\u017eba analizira fenomen plemstva iz razli\u010ditih perspektiva, od sticanja plemi\u0107kog statusa, prilago\u0111avanja li\u010dnog identiteta pojedinca zahtevima reprezentativne javnosti kroz poru\u010divanje portreta, prilaganje Crkvi i ktitorske aktivnosti, patrona\u017eu umetnosti i kulture, podizanja rasko\u0161nih kurija i dvoraca pa do odabiranja lokacija grobnih mesta.<\/p>\n\t\t\t<\/div>\n\t\n<a href=\"https:\/\/www.galerijamaticesrpske.rs\/lat\/events\/plemstvo-u-srpskoj-vizuelnoj-kulturi-xviii-veka\/\" class=\"button primary\" >\n\t\t<span>Pro\u010ditaj vi\u0161e<\/span>\n\t<\/a>\n\n\t\t<\/div>\n\t\t\t\t\t<\/div>\n\n\t\n\n\t<div id=\"col-466688339\" class=\"col medium-3 small-12 large-3\"  >\n\t\t\t\t<div class=\"col-inner\"  >\n\t\t\t\n\t\t\t\n\t<div id=\"gap-140316853\" class=\"gap-element clearfix\" style=\"display:block; height:auto;\">\n\t\t\n<style>\n#gap-140316853 {\n  padding-top: 45px;\n}\n<\/style>\n\t<\/div>\n\t\n\t<div id=\"text-361992159\" class=\"text mb30\">\n\t\t\n<p><strong>Datum otvaranja<\/strong>: <br \/>14. februar 2025.<\/p>\n<p><strong>Trajanje izlo\u017ebe:<\/strong> <br \/>1. jun 2025.<\/p>\n<p><strong>Mesto:<\/strong> <br \/>Izlo\u017ebene sale &#8220;Milivoj Nikolajevi\u0107&#8221;, Galerija Matice srpske<\/p>\n\t\t\t<\/div>\n\t\n\t\t<\/div>\n\t\t\t\t\t<\/div>\n\n\t\n\n\n\t<div id=\"col-1357346216\" class=\"col pt0 pb20 mt0 small-12 large-12\"  >\n\t\t\t\t<div class=\"col-inner\"  >\n\t\t\t\n\t\t\t\n<div class=\"text-center\"><div class=\"is-divider divider clearfix\" style=\"max-width:100%;height:1px;\"><\/div><\/div>\n\t\t<\/div>\n\t\t\t\t\t<\/div>\n\n\t\n\n<style>\n#row-1184447214 > .col > .col-inner {\n  padding: 20px 20px 0px 20px;\n}\n<\/style>\n<\/div>\n<div class=\"row\"  id=\"row-466752282\">\n\n\t<div id=\"col-2104397279\" class=\"col pr0 medium-3 small-12 large-3\"  >\n\t\t\t\t<div class=\"col-inner text-center\"  >\n\t\t\t\n\t\t\t\n\t<div class=\"img has-hover x md-x lg-x y md-y lg-y\" id=\"image_1926488479\">\n\t\t\t\t\t\t\t\t<div class=\"img-inner dark\" >\n\t\t\t<img loading=\"lazy\" decoding=\"async\" width=\"530\" height=\"750\" src=\"http:\/\/www.galerijamaticesrpske.rs\/wp-content\/uploads\/2024\/12\/screenshot-2024-12-09-103917.png\" class=\"attachment-large size-large\" alt=\"\" srcset=\"http:\/\/www.galerijamaticesrpske.rs\/wp-content\/uploads\/2024\/12\/screenshot-2024-12-09-103917.png 530w, http:\/\/www.galerijamaticesrpske.rs\/wp-content\/uploads\/2024\/12\/screenshot-2024-12-09-103917-212x300.png 212w\" sizes=\"auto, (max-width: 530px) 100vw, 530px\" \/>\t\t\t\t\t\t\n\t\t\t\t\t<\/div>\n\t\t\t\t\t\t\t\t\n<style>\n#image_1926488479 {\n  width: 100%;\n}\n<\/style>\n\t<\/div>\n\t\n\t<div class=\"img has-hover x md-x lg-x y md-y lg-y\" id=\"image_355988383\">\n\t\t<a class=\"\" href=\"https:\/\/www.galerijamaticesrpske.rs\/lat\/events\/identiteti\/\" >\t\t\t\t\t\t<div class=\"img-inner dark\" >\n\t\t\t\t\t\t\t\t\t\n\t\t\t\t\t<\/div>\n\t\t\t\t\t\t<\/a>\t\t\n<style>\n#image_355988383 {\n  width: 100%;\n}\n<\/style>\n\t<\/div>\n\t\n\t\t<\/div>\n\t\t\t\t\t<\/div>\n\n\t\n\n\t<div id=\"col-368009047\" class=\"col pl0 pb0 medium-6 small-12 large-6\"  >\n\t\t\t\t<div class=\"col-inner\"  >\n\t\t\t\n\t\t\t\n\t<div id=\"text-1168380129\" class=\"text mb30\">\n\t\t\n<h3 class=\"title28 playtitle\"><a href=\"https:\/\/www.galerijamaticesrpske.rs\/lat\/events\/milos-bajic-san-o-slobodi\/\">Milo\u0161 Baji\u0107. San o slobodi<\/a><\/h3>\n<p>Na izlo\u017ebi je bio predstavljen \u017eivotni i umetni\u010dki razvojni put Milo\u0161a Baji\u0107a, njegova brojna dela, sa posebnim akcentom na crte\u017ee koji su nastali u periodu njegovog zato\u010deni\u0161tva u jednom od najsurovijih logora Mauthauzen i slike koje su nastale nakon oslobo\u0111enja. Koncept izlo\u017ebe nudio je mogu\u0107nost za druga\u010dije \u010ditanje \u017eivota i dela Milo\u0161a Baji\u0107a. On apostrofira i povezuje tragi\u010dnu sudbinu ratnih godina koje je Baji\u0107 proveo u logoru i njegove apstraktne radove koji su ozna\u010dili osvajanje slikarskih sloboda. Izlo\u017eba <em>Milo\u0161 Baji\u0107. San o slobodi\u00a0<\/em>predstavila je preko sto radova iz razli\u010ditih muzejskih kolekcija. Pored umetni\u010dkih dela iz muzejskih kolekcija bili su izlo\u017eeni i brojni radovi iz privatnih kolekcija naslednika Milo\u0161a Baji\u0107a.<\/p>\n\t\t\t<\/div>\n\t\n<a href=\"https:\/\/www.galerijamaticesrpske.rs\/lat\/events\/milos-bajic-san-o-slobodi\/\" class=\"button primary\" >\n\t\t<span>Pro\u010ditaj vi\u0161e<\/span>\n\t<\/a>\n\n\t\t<\/div>\n\t\t\t\t\t<\/div>\n\n\t\n\n\t<div id=\"col-1511527504\" class=\"col medium-3 small-12 large-3\"  >\n\t\t\t\t<div class=\"col-inner\"  >\n\t\t\t\n\t\t\t\n\t<div id=\"gap-364176576\" class=\"gap-element clearfix\" style=\"display:block; height:auto;\">\n\t\t\n<style>\n#gap-364176576 {\n  padding-top: 45px;\n}\n<\/style>\n\t<\/div>\n\t\n\t<div id=\"text-4232445115\" class=\"text mb30\">\n\t\t\n<p><strong>Datum otvaranja<\/strong>: <br \/>6. decembar 2024.<\/p>\n<p><strong>Trajanje izlo\u017ebe:<\/strong> <br \/>2. februar 2025.<\/p>\n<p><strong>Mesto:<\/strong> <br \/>Izlo\u017ebene sale &#8220;Milivoj Nikolajevi\u0107&#8221;, Galerija Matice srpske<\/p>\n\t\t\t<\/div>\n\t\n\t\t<\/div>\n\t\t\t\t\t<\/div>\n\n\t\n\n\n\t<div id=\"col-452753155\" class=\"col pt0 pb20 mt0 small-12 large-12\"  >\n\t\t\t\t<div class=\"col-inner\"  >\n\t\t\t\n\t\t\t\n<div class=\"text-center\"><div class=\"is-divider divider clearfix\" style=\"max-width:100%;height:1px;\"><\/div><\/div>\n\t\t<\/div>\n\t\t\t\t\t<\/div>\n\n\t\n\n<style>\n#row-466752282 > .col > .col-inner {\n  padding: 20px 20px 0px 20px;\n}\n<\/style>\n<\/div>\n<div class=\"row\"  id=\"row-1071584141\">\n\n\t<div id=\"col-209433507\" class=\"col pr0 medium-3 small-12 large-3\"  >\n\t\t\t\t<div class=\"col-inner text-center\"  >\n\t\t\t\n\t\t\t\n\t<div class=\"img has-hover x md-x lg-x y md-y lg-y\" id=\"image_2059091716\">\n\t\t\t\t\t\t\t\t<div class=\"img-inner dark\" >\n\t\t\t<img loading=\"lazy\" decoding=\"async\" width=\"576\" height=\"1024\" src=\"http:\/\/www.galerijamaticesrpske.rs\/wp-content\/uploads\/2024\/11\/insta-story-1080x1920px-576x1024.png\" class=\"attachment-large size-large\" alt=\"\" srcset=\"http:\/\/www.galerijamaticesrpske.rs\/wp-content\/uploads\/2024\/11\/insta-story-1080x1920px-576x1024.png 576w, http:\/\/www.galerijamaticesrpske.rs\/wp-content\/uploads\/2024\/11\/insta-story-1080x1920px-169x300.png 169w, http:\/\/www.galerijamaticesrpske.rs\/wp-content\/uploads\/2024\/11\/insta-story-1080x1920px-768x1365.png 768w, http:\/\/www.galerijamaticesrpske.rs\/wp-content\/uploads\/2024\/11\/insta-story-1080x1920px-864x1536.png 864w, http:\/\/www.galerijamaticesrpske.rs\/wp-content\/uploads\/2024\/11\/insta-story-1080x1920px.png 1080w\" sizes=\"auto, (max-width: 576px) 100vw, 576px\" \/>\t\t\t\t\t\t\n\t\t\t\t\t<\/div>\n\t\t\t\t\t\t\t\t\n<style>\n#image_2059091716 {\n  width: 100%;\n}\n<\/style>\n\t<\/div>\n\t\n\t<div class=\"img has-hover x md-x lg-x y md-y lg-y\" id=\"image_1559463591\">\n\t\t<a class=\"\" href=\"https:\/\/www.galerijamaticesrpske.rs\/lat\/events\/identiteti\/\" >\t\t\t\t\t\t<div class=\"img-inner dark\" >\n\t\t\t\t\t\t\t\t\t\n\t\t\t\t\t<\/div>\n\t\t\t\t\t\t<\/a>\t\t\n<style>\n#image_1559463591 {\n  width: 100%;\n}\n<\/style>\n\t<\/div>\n\t\n\t\t<\/div>\n\t\t\t\t\t<\/div>\n\n\t\n\n\t<div id=\"col-703657978\" class=\"col pl0 pb0 medium-6 small-12 large-6\"  >\n\t\t\t\t<div class=\"col-inner\"  >\n\t\t\t\n\t\t\t\n\t<div id=\"text-3838229154\" class=\"text mb30\">\n\t\t\n<h3 class=\"title28 playtitle\"><a href=\"https:\/\/www.galerijamaticesrpske.rs\/lat\/events\/molitva-kao-milosrdje-alfons-muha-i-predrag-djakovic\/\">Molitva kao Milosr\u0111e. Alfons Muha i Predrag \u0110akovi\u0107<\/a><\/h3>\n<p>Izlo\u017eba\u00a0<em>Molitva kao Milosr\u0111e<\/em> predstavila je dijalog izme\u0111u umetni\u010dkih dela dva slikara iz razli\u010ditih epoha: Alfonsa Muhe, koji je stvarao u drugoj polovini 19. veka i prvoj polovini 20. veka, i Predraga \u0110akovi\u0107 (1964), savremenog umetnika. Tematski, izlo\u017eba je prikazala stradanja srpskog, \u010de\u0161kog i jevrejskog naroda koja su se desila u 20. veku, ukazala je na nemile doga\u0111aje koje ne smemo da zaboravimo, ali ih je snagom umetni\u010dkog iskaza urezala u kolektivno pam\u0107enje kako se ne bi nikad vi\u0161e ponovila. Publika je imala priliku da se prvi put sretne sa monumentalnim delom Alfonsa Muhe <em>Milosr\u0111e\u00a0<\/em><em>\u2013 Charitas\u00a0<\/em>iz 1886. godine (154h451 cm) i tri crte\u017ea iz zrele faze stvarala\u0161tva iz privatnih zbirki \u010de\u0161kih kolekcionara.<\/p>\n\t\t\t<\/div>\n\t\n<a href=\"https:\/\/www.galerijamaticesrpske.rs\/lat\/events\/molitva-kao-milosrdje-alfons-muha-i-predrag-djakovic\/\" class=\"button primary\" >\n\t\t<span>Pro\u010ditaj vi\u0161e<\/span>\n\t<\/a>\n\n\t\t<\/div>\n\t\t\t\t\t<\/div>\n\n\t\n\n\t<div id=\"col-552973212\" class=\"col medium-3 small-12 large-3\"  >\n\t\t\t\t<div class=\"col-inner\"  >\n\t\t\t\n\t\t\t\n\t<div id=\"gap-1466012919\" class=\"gap-element clearfix\" style=\"display:block; height:auto;\">\n\t\t\n<style>\n#gap-1466012919 {\n  padding-top: 45px;\n}\n<\/style>\n\t<\/div>\n\t\n\t<div id=\"text-2518623428\" class=\"text mb30\">\n\t\t\n<p><strong>Datum otvaranja<\/strong>: <br \/>20. septembar 2024.<\/p>\n<p><strong>Trajanje izlo\u017ebe:<\/strong> <br \/>24. novembar 2024.<\/p>\n<p><strong>Mesto:<\/strong> <br \/>Velika sala &#8220;Sava Tekelija&#8221;, Galerija Matice srpske<\/p>\n\t\t\t<\/div>\n\t\n\t\t<\/div>\n\t\t\t\t\t<\/div>\n\n\t\n\n\n\t<div id=\"col-1811741922\" class=\"col pt0 pb20 mt0 small-12 large-12\"  >\n\t\t\t\t<div class=\"col-inner\"  >\n\t\t\t\n\t\t\t\n<div class=\"text-center\"><div class=\"is-divider divider clearfix\" style=\"max-width:100%;height:1px;\"><\/div><\/div>\n\t\t<\/div>\n\t\t\t\t\t<\/div>\n\n\t\n\n<style>\n#row-1071584141 > .col > .col-inner {\n  padding: 20px 20px 0px 20px;\n}\n<\/style>\n<\/div>\n<div class=\"row\"  id=\"row-1079648781\">\n\n\t<div id=\"col-95383118\" class=\"col pr0 medium-3 small-12 large-3\"  >\n\t\t\t\t<div class=\"col-inner text-center\"  >\n\t\t\t\n\t\t\t\n\t<div class=\"img has-hover x md-x lg-x y md-y lg-y\" id=\"image_780893099\">\n\t\t\t\t\t\t\t\t<div class=\"img-inner dark\" >\n\t\t\t<img loading=\"lazy\" decoding=\"async\" width=\"725\" height=\"1024\" src=\"http:\/\/www.galerijamaticesrpske.rs\/wp-content\/uploads\/2024\/06\/el.-pozivnica_svesno-napustanje-realnosti-725x1024.jpg\" class=\"attachment-large size-large\" alt=\"\" srcset=\"http:\/\/www.galerijamaticesrpske.rs\/wp-content\/uploads\/2024\/06\/el.-pozivnica_svesno-napustanje-realnosti-725x1024.jpg 725w, http:\/\/www.galerijamaticesrpske.rs\/wp-content\/uploads\/2024\/06\/el.-pozivnica_svesno-napustanje-realnosti-212x300.jpg 212w, http:\/\/www.galerijamaticesrpske.rs\/wp-content\/uploads\/2024\/06\/el.-pozivnica_svesno-napustanje-realnosti-768x1085.jpg 768w, http:\/\/www.galerijamaticesrpske.rs\/wp-content\/uploads\/2024\/06\/el.-pozivnica_svesno-napustanje-realnosti-600x847.jpg 600w, http:\/\/www.galerijamaticesrpske.rs\/wp-content\/uploads\/2024\/06\/el.-pozivnica_svesno-napustanje-realnosti.jpg 900w\" sizes=\"auto, (max-width: 725px) 100vw, 725px\" \/>\t\t\t\t\t\t\n\t\t\t\t\t<\/div>\n\t\t\t\t\t\t\t\t\n<style>\n#image_780893099 {\n  width: 100%;\n}\n<\/style>\n\t<\/div>\n\t\n\t<div class=\"img has-hover x md-x lg-x y md-y lg-y\" id=\"image_285637923\">\n\t\t<a class=\"\" href=\"https:\/\/www.galerijamaticesrpske.rs\/lat\/events\/identiteti\/\" >\t\t\t\t\t\t<div class=\"img-inner dark\" >\n\t\t\t\t\t\t\t\t\t\n\t\t\t\t\t<\/div>\n\t\t\t\t\t\t<\/a>\t\t\n<style>\n#image_285637923 {\n  width: 100%;\n}\n<\/style>\n\t<\/div>\n\t\n\t\t<\/div>\n\t\t\t\t\t<\/div>\n\n\t\n\n\t<div id=\"col-522448731\" class=\"col pl0 pb0 medium-6 small-12 large-6\"  >\n\t\t\t\t<div class=\"col-inner\"  >\n\t\t\t\n\t\t\t\n\t<div id=\"text-3750142331\" class=\"text mb30\">\n\t\t\n<h3 class=\"title28 playtitle\"><a href=\"https:\/\/www.galerijamaticesrpske.rs\/lat\/events\/svesno-napustanje-realnosti-sava-sekulic-i-ilija-bosilj\/\">Sv<\/a>esno napu\u0161tanje realnosti: Sava Sekuli\u0107 i Ilija Bosilj<\/h3>\n<p>Izlo\u017eba predstavlja 67 radova ova dva umetnika iz razli\u010ditih muzejskih kolekcija, a prate je i dva dokumentarna filma: film o Iliji Bosilju delo je reditelja \u017dike Mitrovi\u0107a nastalo u produkciji Centarfilma, dok film o Savi Sekuli\u0107u potpisuje Slobodan Pe\u0161i\u0107 i nudi i segmente razgovora sa samim umetnikom. Izlo\u017ebu dopunjuje dokumentacija me\u0111u kojom je i pismo \u017dana Dibifea o Ilijinoj umetnosti nastalo kada ga je Dibife uvrstio u svoju kolekciju (koja danas \u010dini Collection dell\u2019Art Brut u Lozani). S obzirom na zna\u010daj umetni\u010dkih opusa koji su izlo\u017eeni, jer se radi o dva me\u0111unarodno najpriznatija autora iz domena sirove umetnosti, ali i o opusima koji se od samog nastanka kre\u0107u na grani\u010dnom podru\u010dju savremene i art brut umetnosti, izlo\u017eba ima i odre\u0111en teorijsko umetni\u010dki aspekat koji doprinosi njenom zna\u010daju.<\/p>\n\t\t\t<\/div>\n\t\n<a href=\"https:\/\/www.galerijamaticesrpske.rs\/lat\/events\/svesno-napustanje-realnosti-sava-sekulic-i-ilija-bosilj\/\" class=\"button primary\" >\n\t\t<span>Pro\u010ditaj vi\u0161e<\/span>\n\t<\/a>\n\n\t\t<\/div>\n\t\t\t\t\t<\/div>\n\n\t\n\n\t<div id=\"col-1611527228\" class=\"col medium-3 small-12 large-3\"  >\n\t\t\t\t<div class=\"col-inner\"  >\n\t\t\t\n\t\t\t\n\t<div id=\"gap-353606838\" class=\"gap-element clearfix\" style=\"display:block; height:auto;\">\n\t\t\n<style>\n#gap-353606838 {\n  padding-top: 45px;\n}\n<\/style>\n\t<\/div>\n\t\n\t<div id=\"text-909532377\" class=\"text mb30\">\n\t\t\n<p><strong>Datum otvaranja<\/strong>: <br \/>15. jun 2024.<\/p>\n<p><strong>Trajanje izlo\u017ebe:<\/strong> <br \/>8. septembar 2024.<\/p>\n<p><strong>Mesto:<\/strong> <br \/>Izlo\u017ebene sale &#8220;Milivoj Nikolajevi\u0107&#8221;, Galerija Matice srpske<\/p>\n\t\t\t<\/div>\n\t\n\t\t<\/div>\n\t\t\t\t\t<\/div>\n\n\t\n\n\n\t<div id=\"col-1679573946\" class=\"col pt0 pb20 mt0 small-12 large-12\"  >\n\t\t\t\t<div class=\"col-inner\"  >\n\t\t\t\n\t\t\t\n<div class=\"text-center\"><div class=\"is-divider divider clearfix\" style=\"max-width:100%;height:1px;\"><\/div><\/div>\n\t\t<\/div>\n\t\t\t\t\t<\/div>\n\n\t\n\n<style>\n#row-1079648781 > .col > .col-inner {\n  padding: 20px 20px 0px 20px;\n}\n<\/style>\n<\/div>\n<div class=\"row\"  id=\"row-76377074\">\n\n\t<div id=\"col-828945523\" class=\"col pr0 medium-3 small-12 large-3\"  >\n\t\t\t\t<div class=\"col-inner text-center\"  >\n\t\t\t\n\t\t\t\n\t<div class=\"img has-hover x md-x lg-x y md-y lg-y\" id=\"image_501559480\">\n\t\t\t\t\t\t\t\t<div class=\"img-inner dark\" >\n\t\t\t<img loading=\"lazy\" decoding=\"async\" width=\"576\" height=\"1024\" src=\"http:\/\/www.galerijamaticesrpske.rs\/wp-content\/uploads\/2024\/06\/sport-u-umetnosti.-umetnost-sporta_instagram-story_1080-x-1920-px_draft-576x1024.jpg\" class=\"attachment-large size-large\" alt=\"\" srcset=\"http:\/\/www.galerijamaticesrpske.rs\/wp-content\/uploads\/2024\/06\/sport-u-umetnosti.-umetnost-sporta_instagram-story_1080-x-1920-px_draft-576x1024.jpg 576w, http:\/\/www.galerijamaticesrpske.rs\/wp-content\/uploads\/2024\/06\/sport-u-umetnosti.-umetnost-sporta_instagram-story_1080-x-1920-px_draft-169x300.jpg 169w, http:\/\/www.galerijamaticesrpske.rs\/wp-content\/uploads\/2024\/06\/sport-u-umetnosti.-umetnost-sporta_instagram-story_1080-x-1920-px_draft-768x1365.jpg 768w, http:\/\/www.galerijamaticesrpske.rs\/wp-content\/uploads\/2024\/06\/sport-u-umetnosti.-umetnost-sporta_instagram-story_1080-x-1920-px_draft-864x1536.jpg 864w, http:\/\/www.galerijamaticesrpske.rs\/wp-content\/uploads\/2024\/06\/sport-u-umetnosti.-umetnost-sporta_instagram-story_1080-x-1920-px_draft-1152x2048.jpg 1152w, http:\/\/www.galerijamaticesrpske.rs\/wp-content\/uploads\/2024\/06\/sport-u-umetnosti.-umetnost-sporta_instagram-story_1080-x-1920-px_draft-600x1067.jpg 600w, http:\/\/www.galerijamaticesrpske.rs\/wp-content\/uploads\/2024\/06\/sport-u-umetnosti.-umetnost-sporta_instagram-story_1080-x-1920-px_draft-scaled.jpg 1440w\" sizes=\"auto, (max-width: 576px) 100vw, 576px\" \/>\t\t\t\t\t\t\n\t\t\t\t\t<\/div>\n\t\t\t\t\t\t\t\t\n<style>\n#image_501559480 {\n  width: 100%;\n}\n<\/style>\n\t<\/div>\n\t\n\t<div class=\"img has-hover x md-x lg-x y md-y lg-y\" id=\"image_1637426539\">\n\t\t<a class=\"\" href=\"https:\/\/www.galerijamaticesrpske.rs\/lat\/events\/identiteti\/\" >\t\t\t\t\t\t<div class=\"img-inner dark\" >\n\t\t\t\t\t\t\t\t\t\n\t\t\t\t\t<\/div>\n\t\t\t\t\t\t<\/a>\t\t\n<style>\n#image_1637426539 {\n  width: 100%;\n}\n<\/style>\n\t<\/div>\n\t\n\t\t<\/div>\n\t\t\t\t\t<\/div>\n\n\t\n\n\t<div id=\"col-65986096\" class=\"col pl0 pb0 medium-6 small-12 large-6\"  >\n\t\t\t\t<div class=\"col-inner\"  >\n\t\t\t\n\t\t\t\n\t<div id=\"text-3394912604\" class=\"text mb30\">\n\t\t\n<h3 class=\"title28 playtitle\"><a href=\"https:\/\/ccserbie.com\/sr\/dogadjaji\/izlozbe\/sport-u-umetnosti-umetnost-sporta\/\">Sport u umetnosti. Umetnost sporta<\/a><\/h3>\n<p>Izlo\u017eba broji 44 umetni\u010dka dela i predmeta nastalih u periodu od 1858. do 2018. godine. U Kulturnom centru Srbije bila su predstavljena odabrana dela iz kolekcije Galerije Matice srpske, Muzeja savremene umjetnosti Republike Srpske, Muzeja Jugoslavije, Galerije slika \u201eSava \u0160umanovi\u0107\u02ee u \u0160idu, Muzeja savremene umetnosti u Beogradu, Galerije Srpske akademije nauka i umetnosti i Ku\u0107e Legata u Beogradu. Odabrane radove potpisuju umetnici Sava \u0160umanovi\u0107, Ivan Radovi\u0107, Petar Dobrovi\u0107, Ivan Tabakovi\u0107, Steva Todorovi\u0107, Petar Om\u010dikus, Du\u0161an Todorovi\u0107, Bojan Bem, Uro\u0161 \u0110uri\u0107 i Tomislav Peternek, ali i Henri Mur, Endi Vorhol, Saj Tvombli, Mikelan\u0111elo Pistoleto, Gotfrid Helnvajn i D\u017eejms Rozenkvist. Tako\u0111e, pariska publika je imala priliku da vidi i sportske rekvizite, medalje i fotografije iz kolekcije Muzeja Jugoslavije i umetni\u010dke fotografije iz Muzeja savremene umetnosti u Beogradu.<\/p>\n\t\t\t<\/div>\n\t\n<a href=\"https:\/\/ccserbie.com\/sr\/dogadjaji\/izlozbe\/sport-u-umetnosti-umetnost-sporta\/\" class=\"button primary\" >\n\t\t<span>Pro\u010ditaj vi\u0161e<\/span>\n\t<\/a>\n\n\t\t<\/div>\n\t\t\t\t\t<\/div>\n\n\t\n\n\t<div id=\"col-832801884\" class=\"col medium-3 small-12 large-3\"  >\n\t\t\t\t<div class=\"col-inner\"  >\n\t\t\t\n\t\t\t\n\t<div id=\"gap-204350150\" class=\"gap-element clearfix\" style=\"display:block; height:auto;\">\n\t\t\n<style>\n#gap-204350150 {\n  padding-top: 45px;\n}\n<\/style>\n\t<\/div>\n\t\n\t<div id=\"text-1439601847\" class=\"text mb30\">\n\t\t\n<p><strong>Datum otvaranja<\/strong>: <br \/>20. jun 2024.<\/p>\n<p><strong>Trajanje izlo\u017ebe:<\/strong> <br \/>20. jul 2024.<\/p>\n<p><strong>Mesto:<\/strong> <br \/>Kulturni centar Srbije u Parizu<br \/>Muzej savremene umjetnosti Republike Srpske u Banja Luci (7. novembar 2024 &#8211; 25. januar 2025)<br \/>Muzej Hercegovine u Trebinju (12. februar &#8211; 15. mart 2025)<br \/>Galerija Matice srpske (16. maj &#8211; 31. avgust 2025)<br \/>Muzej Jugoslavije (23. septembar 2025 &#8211; 1. februar 2026)<\/p>\n\t\t\t<\/div>\n\t\n\t\t<\/div>\n\t\t\t\t\t<\/div>\n\n\t\n\n\n\t<div id=\"col-730887480\" class=\"col pt0 pb20 mt0 small-12 large-12\"  >\n\t\t\t\t<div class=\"col-inner\"  >\n\t\t\t\n\t\t\t\n<div class=\"text-center\"><div class=\"is-divider divider clearfix\" style=\"max-width:100%;height:1px;\"><\/div><\/div>\n\t\t<\/div>\n\t\t\t\t\t<\/div>\n\n\t\n\n<style>\n#row-76377074 > .col > .col-inner {\n  padding: 20px 20px 0px 20px;\n}\n<\/style>\n<\/div>\n<div class=\"row\"  id=\"row-793261502\">\n\n\t<div id=\"col-683972218\" class=\"col pr0 medium-3 small-12 large-3\"  >\n\t\t\t\t<div class=\"col-inner text-center\"  >\n\t\t\t\n\t\t\t\n\t<div class=\"img has-hover x md-x lg-x y md-y lg-y\" id=\"image_1846938428\">\n\t\t\t\t\t\t\t\t<div class=\"img-inner dark\" >\n\t\t\t<img loading=\"lazy\" decoding=\"async\" width=\"733\" height=\"1024\" src=\"http:\/\/www.galerijamaticesrpske.rs\/wp-content\/uploads\/2024\/03\/poster.jpg\" class=\"attachment-large size-large\" alt=\"\" srcset=\"http:\/\/www.galerijamaticesrpske.rs\/wp-content\/uploads\/2024\/03\/poster.jpg 733w, http:\/\/www.galerijamaticesrpske.rs\/wp-content\/uploads\/2024\/03\/poster-215x300.jpg 215w, http:\/\/www.galerijamaticesrpske.rs\/wp-content\/uploads\/2024\/03\/poster-600x838.jpg 600w\" sizes=\"auto, (max-width: 733px) 100vw, 733px\" \/>\t\t\t\t\t\t\n\t\t\t\t\t<\/div>\n\t\t\t\t\t\t\t\t\n<style>\n#image_1846938428 {\n  width: 100%;\n}\n<\/style>\n\t<\/div>\n\t\n\t<div class=\"img has-hover x md-x lg-x y md-y lg-y\" id=\"image_2108710317\">\n\t\t<a class=\"\" href=\"https:\/\/www.galerijamaticesrpske.rs\/lat\/events\/identiteti\/\" >\t\t\t\t\t\t<div class=\"img-inner dark\" >\n\t\t\t\t\t\t\t\t\t\n\t\t\t\t\t<\/div>\n\t\t\t\t\t\t<\/a>\t\t\n<style>\n#image_2108710317 {\n  width: 100%;\n}\n<\/style>\n\t<\/div>\n\t\n\t\t<\/div>\n\t\t\t\t\t<\/div>\n\n\t\n\n\t<div id=\"col-665882938\" class=\"col pl0 pb0 medium-6 small-12 large-6\"  >\n\t\t\t\t<div class=\"col-inner\"  >\n\t\t\t\n\t\t\t\n\t<div id=\"text-2198880030\" class=\"text mb30\">\n\t\t\n<h3 class=\"title28 playtitle\"><a href=\"https:\/\/www.galerijamaticesrpske.rs\/lat\/events\/inspirisani-francuskom\/\">Inspirisani Francuskom<\/a><\/h3>\n<p>Najbrojniju celinu na izlo\u017ebi \u010dinila su dela srpskih modernista nastala u me\u0111uratnom periodu. Izlo\u017ebom su obuhva\u0107ena i dela iz prvih posleratnih godina, koja u novim dru\u0161tveno-politi\u010dkim okolnostima stvaraju nosioci me\u0111uratnog modernizma, kao i nove generacije koje se napajaju sa istih kreativnih izvori\u0161ta. Preko 60 predstavljenih umetni\u010dkih radova umetnika poput Save \u0160umanovi\u0107a, Bogdana \u0160uputa, Petra Dobrovi\u0107a, Milana Konjovi\u0107a, Pe\u0111e Milosavljevi\u0107a, Ljubice Cuce Soki\u0107, Lazara Vozarevi\u0107a, Mi\u0107e Popovi\u0107a i skulptorskih dela \u0110or\u0111a Jovanovi\u0107a, stoje kao trajna svedo\u010danstva na\u010dina na koji su ovi \u201epariski gosti\u201c do\u017eiveli prestonicu umetnosti, kao i na\u010dina na koji su svojim umetni\u010dkim anga\u017emanom doprineli ja\u010danju srpsko-francuskih veza.<\/p>\n\t\t\t<\/div>\n\t\n<a href=\"https:\/\/www.galerijamaticesrpske.rs\/lat\/events\/inspirisani-francuskom\/\" class=\"button primary\" >\n\t\t<span>Pro\u010ditaj vi\u0161e<\/span>\n\t<\/a>\n\n\t\t<\/div>\n\t\t\t\t\t<\/div>\n\n\t\n\n\t<div id=\"col-1464602026\" class=\"col medium-3 small-12 large-3\"  >\n\t\t\t\t<div class=\"col-inner\"  >\n\t\t\t\n\t\t\t\n\t<div id=\"gap-2145502344\" class=\"gap-element clearfix\" style=\"display:block; height:auto;\">\n\t\t\n<style>\n#gap-2145502344 {\n  padding-top: 45px;\n}\n<\/style>\n\t<\/div>\n\t\n\t<div id=\"text-51152118\" class=\"text mb30\">\n\t\t\n<p><strong>Datum otvaranja<\/strong>: <br \/>22. mart 2024.<\/p>\n<p><strong>Trajanje izlo\u017ebe:<\/strong> <br \/>2. jun 2024.<\/p>\n<p><strong>Mesto:<\/strong> <br \/>Izlo\u017ebene sale &#8220;Milivoj Nikolajevi\u0107&#8221;, Galerija Matice srpske<\/p>\n\t\t\t<\/div>\n\t\n\t\t<\/div>\n\t\t\t\t\t<\/div>\n\n\t\n\n\n\t<div id=\"col-1162887526\" class=\"col pt0 pb20 mt0 small-12 large-12\"  >\n\t\t\t\t<div class=\"col-inner\"  >\n\t\t\t\n\t\t\t\n<div class=\"text-center\"><div class=\"is-divider divider clearfix\" style=\"max-width:100%;height:1px;\"><\/div><\/div>\n\t\t<\/div>\n\t\t\t\t\t<\/div>\n\n\t\n\n<style>\n#row-793261502 > .col > .col-inner {\n  padding: 20px 20px 0px 20px;\n}\n<\/style>\n<\/div>\n<div class=\"row\"  id=\"row-1198321225\">\n\n\t<div id=\"col-2028231105\" class=\"col pr0 medium-3 small-12 large-3\"  >\n\t\t\t\t<div class=\"col-inner text-center\"  >\n\t\t\t\n\t\t\t\n\t<div class=\"img has-hover x md-x lg-x y md-y lg-y\" id=\"image_1176131025\">\n\t\t\t\t\t\t\t\t<div class=\"img-inner dark\" >\n\t\t\t<img loading=\"lazy\" decoding=\"async\" width=\"719\" height=\"1024\" src=\"http:\/\/www.galerijamaticesrpske.rs\/wp-content\/uploads\/2024\/03\/plakat-stampa_page-0001-719x1024.jpg\" class=\"attachment-large size-large\" alt=\"\" srcset=\"http:\/\/www.galerijamaticesrpske.rs\/wp-content\/uploads\/2024\/03\/plakat-stampa_page-0001-719x1024.jpg 719w, http:\/\/www.galerijamaticesrpske.rs\/wp-content\/uploads\/2024\/03\/plakat-stampa_page-0001-211x300.jpg 211w, http:\/\/www.galerijamaticesrpske.rs\/wp-content\/uploads\/2024\/03\/plakat-stampa_page-0001-768x1094.jpg 768w, http:\/\/www.galerijamaticesrpske.rs\/wp-content\/uploads\/2024\/03\/plakat-stampa_page-0001-1078x1536.jpg 1078w, http:\/\/www.galerijamaticesrpske.rs\/wp-content\/uploads\/2024\/03\/plakat-stampa_page-0001-1437x2048.jpg 1437w, http:\/\/www.galerijamaticesrpske.rs\/wp-content\/uploads\/2024\/03\/plakat-stampa_page-0001-600x855.jpg 600w, http:\/\/www.galerijamaticesrpske.rs\/wp-content\/uploads\/2024\/03\/plakat-stampa_page-0001-scaled.jpg 1797w\" sizes=\"auto, (max-width: 719px) 100vw, 719px\" \/>\t\t\t\t\t\t\n\t\t\t\t\t<\/div>\n\t\t\t\t\t\t\t\t\n<style>\n#image_1176131025 {\n  width: 100%;\n}\n<\/style>\n\t<\/div>\n\t\n\t<div class=\"img has-hover x md-x lg-x y md-y lg-y\" id=\"image_435712719\">\n\t\t<a class=\"\" href=\"https:\/\/www.galerijamaticesrpske.rs\/lat\/events\/identiteti\/\" >\t\t\t\t\t\t<div class=\"img-inner dark\" >\n\t\t\t\t\t\t\t\t\t\n\t\t\t\t\t<\/div>\n\t\t\t\t\t\t<\/a>\t\t\n<style>\n#image_435712719 {\n  width: 100%;\n}\n<\/style>\n\t<\/div>\n\t\n\t\t<\/div>\n\t\t\t\t\t<\/div>\n\n\t\n\n\t<div id=\"col-209953366\" class=\"col pl0 pb0 medium-6 small-12 large-6\"  >\n\t\t\t\t<div class=\"col-inner\"  >\n\t\t\t\n\t\t\t\n\t<div id=\"text-438543739\" class=\"text mb30\">\n\t\t\n<h3 class=\"title28 playtitle\"><a href=\"https:\/\/www.sanu.ac.rs\/uros-predic-dostojanstvo-svakidasnjice\/\">Uro\u0161 Predi\u0107. Dostojanstvo svakida\u0161njice<\/a><\/h3>\n<p>Nakon uspe\u0161no realizovane izlo\u017ebe<em> Uro\u0161 Predi\u0107. \u017divot posve\u0107en lepoti i umetnosti<\/em> u Galeriji Matice srpske tokom 2022\/2023. godine, izlo\u017eba <em>Uro\u0161 Predi\u0107\u00ad. Dostojanstvo svakida\u0161njice<\/em>, u ne\u0161to modifikovanom obliku, prikazana je i u Galeriji Srpske akademije nauka i umetnosti, kao rezultat nastavka vi\u0161edecenijske uspe\u0161ne saradnje Galerije Matice srpske i Galerije SANU na promociji i predstavljanju nacionalne umetnosti i kulturne ba\u0161tine. Ovoga puta dve institucije spojio je umetnik Uro\u0161 Predi\u0107, koji je tokom \u010ditavog svog dugog i stvarala\u010dki izuzetno plodnog \u017eivota bio neraskidivo povezan i sa Maticom srpskom i sa Srpskom akademijom nauka i umetnosti.<\/p>\n\t\t\t<\/div>\n\t\n<a href=\"https:\/\/www.sanu.ac.rs\/uros-predic-dostojanstvo-svakidasnjice\/\" class=\"button primary\" >\n\t\t<span>Pro\u010ditaj vi\u0161e<\/span>\n\t<\/a>\n\n\t\t<\/div>\n\t\t\t\t\t<\/div>\n\n\t\n\n\t<div id=\"col-1402534993\" class=\"col medium-3 small-12 large-3\"  >\n\t\t\t\t<div class=\"col-inner\"  >\n\t\t\t\n\t\t\t\n\t<div id=\"gap-1051138665\" class=\"gap-element clearfix\" style=\"display:block; height:auto;\">\n\t\t\n<style>\n#gap-1051138665 {\n  padding-top: 45px;\n}\n<\/style>\n\t<\/div>\n\t\n\t<div id=\"text-2003046265\" class=\"text mb30\">\n\t\t\n<p><strong>Datum otvaranja<\/strong>: <br \/>12. mart 2024.<\/p>\n<p><strong>Trajanje izlo\u017ebe:<\/strong> <br \/>26. maj 2024.<\/p>\n<p><strong>Mesto:<\/strong> <br \/>Galerija Srpske akademije nauka i umetnosti, Beograd<\/p>\n\t\t\t<\/div>\n\t\n\t\t<\/div>\n\t\t\t\t\t<\/div>\n\n\t\n\n\n\t<div id=\"col-2079273042\" class=\"col pt0 pb20 mt0 small-12 large-12\"  >\n\t\t\t\t<div class=\"col-inner\"  >\n\t\t\t\n\t\t\t\n<div class=\"text-center\"><div class=\"is-divider divider clearfix\" style=\"max-width:100%;height:1px;\"><\/div><\/div>\n\t\t<\/div>\n\t\t\t\t\t<\/div>\n\n\t\n\n<style>\n#row-1198321225 > .col > .col-inner {\n  padding: 20px 20px 0px 20px;\n}\n<\/style>\n<\/div>\n<div class=\"row\"  id=\"row-2079688802\">\n\n\t<div id=\"col-1008011362\" class=\"col pr0 medium-3 small-12 large-3\"  >\n\t\t\t\t<div class=\"col-inner text-center\"  >\n\t\t\t\n\t\t\t\n\t<div class=\"img has-hover x md-x lg-x y md-y lg-y\" id=\"image_235095117\">\n\t\t\t\t\t\t\t\t<div class=\"img-inner dark\" >\n\t\t\t<img loading=\"lazy\" decoding=\"async\" width=\"1020\" height=\"574\" src=\"http:\/\/www.galerijamaticesrpske.rs\/wp-content\/uploads\/2023\/12\/vizual-2-1024x576.jpg\" class=\"attachment-large size-large\" alt=\"\" srcset=\"http:\/\/www.galerijamaticesrpske.rs\/wp-content\/uploads\/2023\/12\/vizual-2-1024x576.jpg 1024w, http:\/\/www.galerijamaticesrpske.rs\/wp-content\/uploads\/2023\/12\/vizual-2-300x169.jpg 300w, http:\/\/www.galerijamaticesrpske.rs\/wp-content\/uploads\/2023\/12\/vizual-2-768x432.jpg 768w, http:\/\/www.galerijamaticesrpske.rs\/wp-content\/uploads\/2023\/12\/vizual-2-1536x864.jpg 1536w, http:\/\/www.galerijamaticesrpske.rs\/wp-content\/uploads\/2023\/12\/vizual-2-600x338.jpg 600w, http:\/\/www.galerijamaticesrpske.rs\/wp-content\/uploads\/2023\/12\/vizual-2.jpg 1920w\" sizes=\"auto, (max-width: 1020px) 100vw, 1020px\" \/>\t\t\t\t\t\t\n\t\t\t\t\t<\/div>\n\t\t\t\t\t\t\t\t\n<style>\n#image_235095117 {\n  width: 100%;\n}\n<\/style>\n\t<\/div>\n\t\n\t<div class=\"img has-hover x md-x lg-x y md-y lg-y\" id=\"image_1503247328\">\n\t\t<a class=\"\" href=\"https:\/\/www.galerijamaticesrpske.rs\/lat\/events\/identiteti\/\" >\t\t\t\t\t\t<div class=\"img-inner dark\" >\n\t\t\t\t\t\t\t\t\t\n\t\t\t\t\t<\/div>\n\t\t\t\t\t\t<\/a>\t\t\n<style>\n#image_1503247328 {\n  width: 100%;\n}\n<\/style>\n\t<\/div>\n\t\n\t\t<\/div>\n\t\t\t\t\t<\/div>\n\n\t\n\n\t<div id=\"col-2039150644\" class=\"col pl0 pb0 medium-6 small-12 large-6\"  >\n\t\t\t\t<div class=\"col-inner\"  >\n\t\t\t\n\t\t\t\n\t<div id=\"text-2958001573\" class=\"text mb30\">\n\t\t\n<h3 class=\"title28 playtitle\"><a href=\"https:\/\/mnart.museum\/project\/parallels-timisoara-novi-sad\/\">Paralele. Temi\u0161var \/ Novi Sad<\/a><\/h3>\n<p>Zbirke Nacionalnog umetni\u010dkog muzeja i Galerije Matice srpske imale su neobi\u010dno uporedive istorije koje se lako mogu videti u li\u010dnostima njihovih osniva\u010da, u umetnicima, odnosno umetni\u010dkim delima koja su oni sakupljali. Obe zbirke osnovane su polovinom XIX veka iz inicijalnih zave\u0161tanja dve izuzetne individue, dva velika dobrotvora i svetionika doba prosvetiteljstva \u2013 Save Tekelije (1761\u20121842) i \u017digmonda Ormo\u0161a (1813\u20121894), a potekle su iz uglednih nau\u010dnih dru\u0161tava. Na tim osnovama stvorena je jedna jedinstvena izlo\u017eba \u2013 kolekcija imaginarnog muzeja Evropske prestonice kulture. Ta kolekcija potvr\u0111uje sna\u017ene istorijske veze dva grada, sli\u010dnosti dru\u0161tvenih prilika i umetni\u010dkog prostora u kojem su se razvijali tokom XVIII, XIX i XX veka.<\/p>\n\t\t\t<\/div>\n\t\n<a href=\"https:\/\/mnart.museum\/project\/parallels-timisoara-novi-sad\/\" class=\"button primary\" >\n\t\t<span>Pro\u010ditaj vi\u0161e<\/span>\n\t<\/a>\n\n\t\t<\/div>\n\t\t\t\t\t<\/div>\n\n\t\n\n\t<div id=\"col-1138648237\" class=\"col medium-3 small-12 large-3\"  >\n\t\t\t\t<div class=\"col-inner\"  >\n\t\t\t\n\t\t\t\n\t<div id=\"gap-1452506575\" class=\"gap-element clearfix\" style=\"display:block; height:auto;\">\n\t\t\n<style>\n#gap-1452506575 {\n  padding-top: 45px;\n}\n<\/style>\n\t<\/div>\n\t\n\t<div id=\"text-31287218\" class=\"text mb30\">\n\t\t\n<p><strong>Datum otvaranja<\/strong>: <br \/>17. novembar 2023.<\/p>\n<p><strong>Trajanje izlo\u017ebe:<\/strong> <br \/>24. mart 2024.<\/p>\n<p><strong>Mesto:<\/strong> <br \/>Nacionalni umetni\u010dki muzej u Temi\u0161varu, Rumunija<\/p>\n\t\t\t<\/div>\n\t\n\t\t<\/div>\n\t\t\t\t\t<\/div>\n\n\t\n\n\n\t<div id=\"col-497671088\" class=\"col pt0 pb20 mt0 small-12 large-12\"  >\n\t\t\t\t<div class=\"col-inner\"  >\n\t\t\t\n\t\t\t\n<div class=\"text-center\"><div class=\"is-divider divider clearfix\" style=\"max-width:100%;height:1px;\"><\/div><\/div>\n\t\t<\/div>\n\t\t\t\t\t<\/div>\n\n\t\n\n<style>\n#row-2079688802 > .col > .col-inner {\n  padding: 20px 20px 0px 20px;\n}\n<\/style>\n<\/div>\n<div class=\"row\"  id=\"row-769654794\">\n\n\t<div id=\"col-1632929783\" class=\"col pr0 medium-3 small-12 large-3\"  >\n\t\t\t\t<div class=\"col-inner text-center\"  >\n\t\t\t\n\t\t\t\n\t<div class=\"img has-hover x md-x lg-x y md-y lg-y\" id=\"image_1202659058\">\n\t\t\t\t\t\t\t\t<div class=\"img-inner dark\" >\n\t\t\t<img loading=\"lazy\" decoding=\"async\" width=\"732\" height=\"1024\" src=\"http:\/\/www.galerijamaticesrpske.rs\/wp-content\/uploads\/2023\/10\/plakat-pomorisac-vasa-pomorisac-732x1024.jpg\" class=\"attachment-large size-large\" alt=\"\" srcset=\"http:\/\/www.galerijamaticesrpske.rs\/wp-content\/uploads\/2023\/10\/plakat-pomorisac-vasa-pomorisac-732x1024.jpg 732w, http:\/\/www.galerijamaticesrpske.rs\/wp-content\/uploads\/2023\/10\/plakat-pomorisac-vasa-pomorisac-214x300.jpg 214w, http:\/\/www.galerijamaticesrpske.rs\/wp-content\/uploads\/2023\/10\/plakat-pomorisac-vasa-pomorisac-768x1075.jpg 768w, http:\/\/www.galerijamaticesrpske.rs\/wp-content\/uploads\/2023\/10\/plakat-pomorisac-vasa-pomorisac-1097x1536.jpg 1097w, http:\/\/www.galerijamaticesrpske.rs\/wp-content\/uploads\/2023\/10\/plakat-pomorisac-vasa-pomorisac-600x840.jpg 600w, http:\/\/www.galerijamaticesrpske.rs\/wp-content\/uploads\/2023\/10\/plakat-pomorisac-vasa-pomorisac.jpg 1429w\" sizes=\"auto, (max-width: 732px) 100vw, 732px\" \/>\t\t\t\t\t\t\n\t\t\t\t\t<\/div>\n\t\t\t\t\t\t\t\t\n<style>\n#image_1202659058 {\n  width: 100%;\n}\n<\/style>\n\t<\/div>\n\t\n\t<div class=\"img has-hover x md-x lg-x y md-y lg-y\" id=\"image_40356414\">\n\t\t<a class=\"\" href=\"https:\/\/www.galerijamaticesrpske.rs\/lat\/events\/identiteti\/\" >\t\t\t\t\t\t<div class=\"img-inner dark\" >\n\t\t\t\t\t\t\t\t\t\n\t\t\t\t\t<\/div>\n\t\t\t\t\t\t<\/a>\t\t\n<style>\n#image_40356414 {\n  width: 100%;\n}\n<\/style>\n\t<\/div>\n\t\n\t\t<\/div>\n\t\t\t\t\t<\/div>\n\n\t\n\n\t<div id=\"col-388455421\" class=\"col pl0 pb0 medium-6 small-12 large-6\"  >\n\t\t\t\t<div class=\"col-inner\"  >\n\t\t\t\n\t\t\t\n\t<div id=\"text-1775626981\" class=\"text mb30\">\n\t\t\n<h3 class=\"title28 playtitle\"><a href=\"https:\/\/www.galerijamaticesrpske.rs\/lat\/events\/pomorisac-vasa-pomorisac\/\">Pomori\u0161ac &#8211; Vasa Pomori\u0161ac<\/a><\/h3>\n<p>Izlo\u017eba je bila posve\u0107ena umetniku koji je uspeo da klasi\u010dnu umetnost prika\u017ee kroz optiku modernog pogleda. Umetniku koji se jedini me\u0111u svojim kolegama slikarima prve polovine XX veka \u0161kolovao u Londonu. Umetniku koji je nagra\u0111en Srebrnom medaljom Udru\u017eenja francuskih umetnika. Umetniku \u010dija se dela \u010duvaju u brojnim privatnim kolekcijama u Evropi, ali i u dr\u017eavnoj kolekciji Muzeja Viktorije i Alberta u Londonu. Umetniku koji je tokom pedeset godina stvaranja iznedrio jedinstvenu likovnost u srpskoj umetnosti. On je Pomori\u0161ac \u2013 Vasa Pomori\u0161ac.<\/p>\n\t\t\t<\/div>\n\t\n<a href=\"https:\/\/www.galerijamaticesrpske.rs\/lat\/events\/pomorisac-vasa-pomorisac\/\" class=\"button primary\" >\n\t\t<span>Pro\u010ditaj vi\u0161e<\/span>\n\t<\/a>\n\n\t\t<\/div>\n\t\t\t\t\t<\/div>\n\n\t\n\n\t<div id=\"col-319231922\" class=\"col medium-3 small-12 large-3\"  >\n\t\t\t\t<div class=\"col-inner\"  >\n\t\t\t\n\t\t\t\n\t<div id=\"gap-2062126316\" class=\"gap-element clearfix\" style=\"display:block; height:auto;\">\n\t\t\n<style>\n#gap-2062126316 {\n  padding-top: 45px;\n}\n<\/style>\n\t<\/div>\n\t\n\t<div id=\"text-4199638437\" class=\"text mb30\">\n\t\t\n<p><strong>Datum otvaranja<\/strong>: <br \/>20. oktobar 2023.<\/p>\n<p><strong>Trajanje izlo\u017ebe:<\/strong> <br \/>3. mart 2024.<\/p>\n<p><strong>Mesto:<\/strong> <br \/>Izlo\u017ebene sale &#8220;Milivoj Nikolajevi\u0107&#8221;, Galerija Matice srpske<br \/>Muzej naivne i marginalne umetnosti u Jagodini (13. jun &#8211; 8. septembar 2024)<\/p>\n\t\t\t<\/div>\n\t\n\t\t<\/div>\n\t\t\t\t\t<\/div>\n\n\t\n\n\n\t<div id=\"col-523311680\" class=\"col pt0 pb20 mt0 small-12 large-12\"  >\n\t\t\t\t<div class=\"col-inner\"  >\n\t\t\t\n\t\t\t\n<div class=\"text-center\"><div class=\"is-divider divider clearfix\" style=\"max-width:100%;height:1px;\"><\/div><\/div>\n\t\t<\/div>\n\t\t\t\t\t<\/div>\n\n\t\n\n<style>\n#row-769654794 > .col > .col-inner {\n  padding: 20px 20px 0px 20px;\n}\n<\/style>\n<\/div>\n<div class=\"row\"  id=\"row-1183811216\">\n\n\t<div id=\"col-1676948706\" class=\"col pr0 medium-3 small-12 large-3\"  >\n\t\t\t\t<div class=\"col-inner text-center\"  >\n\t\t\t\n\t\t\t\n\t<div class=\"img has-hover x md-x lg-x y md-y lg-y\" id=\"image_1449100531\">\n\t\t\t\t\t\t\t\t<div class=\"img-inner dark\" >\n\t\t\t<img loading=\"lazy\" decoding=\"async\" width=\"731\" height=\"1024\" src=\"http:\/\/www.galerijamaticesrpske.rs\/wp-content\/uploads\/2023\/10\/poster_a4-731x1024.jpg\" class=\"attachment-large size-large\" alt=\"\" srcset=\"http:\/\/www.galerijamaticesrpske.rs\/wp-content\/uploads\/2023\/10\/poster_a4-731x1024.jpg 731w, http:\/\/www.galerijamaticesrpske.rs\/wp-content\/uploads\/2023\/10\/poster_a4-214x300.jpg 214w, http:\/\/www.galerijamaticesrpske.rs\/wp-content\/uploads\/2023\/10\/poster_a4-768x1075.jpg 768w, http:\/\/www.galerijamaticesrpske.rs\/wp-content\/uploads\/2023\/10\/poster_a4-1097x1536.jpg 1097w, http:\/\/www.galerijamaticesrpske.rs\/wp-content\/uploads\/2023\/10\/poster_a4-600x840.jpg 600w, http:\/\/www.galerijamaticesrpske.rs\/wp-content\/uploads\/2023\/10\/poster_a4.jpg 1240w\" sizes=\"auto, (max-width: 731px) 100vw, 731px\" \/>\t\t\t\t\t\t\n\t\t\t\t\t<\/div>\n\t\t\t\t\t\t\t\t\n<style>\n#image_1449100531 {\n  width: 100%;\n}\n<\/style>\n\t<\/div>\n\t\n\t<div class=\"img has-hover x md-x lg-x y md-y lg-y\" id=\"image_1007317489\">\n\t\t<a class=\"\" href=\"https:\/\/www.galerijamaticesrpske.rs\/lat\/events\/identiteti\/\" >\t\t\t\t\t\t<div class=\"img-inner dark\" >\n\t\t\t\t\t\t\t\t\t\n\t\t\t\t\t<\/div>\n\t\t\t\t\t\t<\/a>\t\t\n<style>\n#image_1007317489 {\n  width: 100%;\n}\n<\/style>\n\t<\/div>\n\t\n\t\t<\/div>\n\t\t\t\t\t<\/div>\n\n\t\n\n\t<div id=\"col-1278052747\" class=\"col pl0 pb0 medium-6 small-12 large-6\"  >\n\t\t\t\t<div class=\"col-inner\"  >\n\t\t\t\n\t\t\t\n\t<div id=\"text-2931367796\" class=\"text mb30\">\n\t\t\n<h3 class=\"title28 playtitle\"><a href=\"https:\/\/www.galerijamaticesrpske.rs\/lat\/events\/paja-jovanovic-i-gustav-klimt-jedna-epoha-dva-umetnika-tri-muzeja\/\">Paja Jovanovi\u0107 i Gustav Klimt. Jedna epoha, dva umetnika, tri muzeja<\/a><\/h3>\n<p>Na izlo\u017ebi\u00a0<em>Paja Jovanovi\u0107 i Gustav Klimt. Jedna epoha, dva umetnika, tri muzeja<\/em> bila su predstavljena tri \u017eenska portreta iz tri muzeja: Galerije Matice srpske, Umetni\u010dko-istorijskog muzeja u Be\u010du i Galerije Belvedere. Ova tri pa\u017eljivo odabrana dela, od kojih su dva prvi put izlo\u017eena u Srbiji, ukazivala su na sli\u010dnosti i razlike me\u0111u velikim umetnicima, govorila su o dru\u0161tvenom kontekstu u kojem su nastajala i istovremeno povezala muzeje iz \u010dijih su kolekcija.<\/p>\n\t\t\t<\/div>\n\t\n<a href=\"https:\/\/www.galerijamaticesrpske.rs\/lat\/events\/paja-jovanovic-i-gustav-klimt-jedna-epoha-dva-umetnika-tri-muzeja\/\" class=\"button primary\" >\n\t\t<span>Pro\u010ditaj vi\u0161e<\/span>\n\t<\/a>\n\n\t\t<\/div>\n\t\t\t\t\t<\/div>\n\n\t\n\n\t<div id=\"col-461044392\" class=\"col medium-3 small-12 large-3\"  >\n\t\t\t\t<div class=\"col-inner\"  >\n\t\t\t\n\t\t\t\n\t<div id=\"gap-1279944744\" class=\"gap-element clearfix\" style=\"display:block; height:auto;\">\n\t\t\n<style>\n#gap-1279944744 {\n  padding-top: 45px;\n}\n<\/style>\n\t<\/div>\n\t\n\t<div id=\"text-3215996975\" class=\"text mb30\">\n\t\t\n<p><strong>Datum otvaranja<\/strong>: <br \/>14. oktobar 2023.<\/p>\n<p><strong>Trajanje izlo\u017ebe:<\/strong> <br \/>18. februar 2024.<\/p>\n<p><strong>Mesto:<\/strong> <br \/>Sala na II spratu \u201eModernizmi\u201d, Galerija Matice srpske<\/p>\n\t\t\t<\/div>\n\t\n\t\t<\/div>\n\t\t\t\t\t<\/div>\n\n\t\n\n\n\t<div id=\"col-2127164083\" class=\"col pt0 pb20 mt0 small-12 large-12\"  >\n\t\t\t\t<div class=\"col-inner\"  >\n\t\t\t\n\t\t\t\n<div class=\"text-center\"><div class=\"is-divider divider clearfix\" style=\"max-width:100%;height:1px;\"><\/div><\/div>\n\t\t<\/div>\n\t\t\t\t\t<\/div>\n\n\t\n\n<style>\n#row-1183811216 > .col > .col-inner {\n  padding: 20px 20px 0px 20px;\n}\n<\/style>\n<\/div>\n<div class=\"row\"  id=\"row-1112330955\">\n\n\t<div id=\"col-820070004\" class=\"col pr0 medium-3 small-12 large-3\"  >\n\t\t\t\t<div class=\"col-inner text-center\"  >\n\t\t\t\n\t\t\t\n\t<div class=\"img has-hover x md-x lg-x y md-y lg-y\" id=\"image_2133744984\">\n\t\t\t\t\t\t\t\t<div class=\"img-inner dark\" >\n\t\t\t<img loading=\"lazy\" decoding=\"async\" width=\"731\" height=\"1024\" src=\"http:\/\/www.galerijamaticesrpske.rs\/wp-content\/uploads\/2023\/06\/poster_a4-731x1024.jpg\" class=\"attachment-large size-large\" alt=\"\" srcset=\"http:\/\/www.galerijamaticesrpske.rs\/wp-content\/uploads\/2023\/06\/poster_a4-731x1024.jpg 731w, http:\/\/www.galerijamaticesrpske.rs\/wp-content\/uploads\/2023\/06\/poster_a4-214x300.jpg 214w, http:\/\/www.galerijamaticesrpske.rs\/wp-content\/uploads\/2023\/06\/poster_a4-768x1075.jpg 768w, http:\/\/www.galerijamaticesrpske.rs\/wp-content\/uploads\/2023\/06\/poster_a4-1097x1536.jpg 1097w, http:\/\/www.galerijamaticesrpske.rs\/wp-content\/uploads\/2023\/06\/poster_a4-1463x2048.jpg 1463w, http:\/\/www.galerijamaticesrpske.rs\/wp-content\/uploads\/2023\/06\/poster_a4-600x840.jpg 600w, http:\/\/www.galerijamaticesrpske.rs\/wp-content\/uploads\/2023\/06\/poster_a4-scaled.jpg 1829w\" sizes=\"auto, (max-width: 731px) 100vw, 731px\" \/>\t\t\t\t\t\t\n\t\t\t\t\t<\/div>\n\t\t\t\t\t\t\t\t\n<style>\n#image_2133744984 {\n  width: 100%;\n}\n<\/style>\n\t<\/div>\n\t\n\t<div class=\"img has-hover x md-x lg-x y md-y lg-y\" id=\"image_259513955\">\n\t\t<a class=\"\" href=\"https:\/\/www.galerijamaticesrpske.rs\/lat\/events\/identiteti\/\" >\t\t\t\t\t\t<div class=\"img-inner dark\" >\n\t\t\t\t\t\t\t\t\t\n\t\t\t\t\t<\/div>\n\t\t\t\t\t\t<\/a>\t\t\n<style>\n#image_259513955 {\n  width: 100%;\n}\n<\/style>\n\t<\/div>\n\t\n\t\t<\/div>\n\t\t\t\t\t<\/div>\n\n\t\n\n\t<div id=\"col-1860883677\" class=\"col pl0 pb0 medium-6 small-12 large-6\"  >\n\t\t\t\t<div class=\"col-inner\"  >\n\t\t\t\n\t\t\t\n\t<div id=\"text-3626931295\" class=\"text mb30\">\n\t\t\n<h3 class=\"title28 playtitle\">Poklon-zbirka Dragi\u0161e Bra\u0161ovana<\/h3>\n<p>Izlo\u017eba\u00a0<em>Poklon-zbirka Dragi\u0161e Bra\u0161ovana<\/em>\u00a0predstavlja preko 100 eksponata \u2013 slika, skulptura, crte\u017ea, stilskog name\u0161taja, dela primenjene umetnosti i dokumentarnog materijala koje su naslednice ovog znamenitog srpskog arhitekte, supruga Viktorija Bra\u0161ovan i po\u0107erka Olga Kova\u010dev, poklonile Galeriji u periodu od 2020. do po\u010detka 2023. godine. Javnost prvi put ima mogu\u0107nost da vidi predmete i dela koja govore o privatnom \u017eivotu arhitekte i doprinose boljem razumevanju njegovog lika i dela.<\/p>\n\t\t\t<\/div>\n\t\n<a href=\"https:\/\/www.galerijamaticesrpske.rs\/lat\/events\/poklon-zbirka-dragise-brasovana\/\" class=\"button primary\" >\n\t\t<span>Pro\u010ditaj vi\u0161e<\/span>\n\t<\/a>\n\n\t\t<\/div>\n\t\t\t\t\t<\/div>\n\n\t\n\n\t<div id=\"col-498660315\" class=\"col medium-3 small-12 large-3\"  >\n\t\t\t\t<div class=\"col-inner\"  >\n\t\t\t\n\t\t\t\n\t<div id=\"gap-1146226135\" class=\"gap-element clearfix\" style=\"display:block; height:auto;\">\n\t\t\n<style>\n#gap-1146226135 {\n  padding-top: 45px;\n}\n<\/style>\n\t<\/div>\n\t\n\t<div id=\"text-2039746548\" class=\"text mb30\">\n\t\t\n<p><strong>Datum otvaranja<\/strong>: <br \/>1. jun 2023.<\/p>\n<p><strong>Trajanje izlo\u017ebe:<\/strong> <br \/>1. oktobar 2023.<\/p>\n<p><strong>Mesto:<\/strong> <br \/>Izlo\u017ebene sale &#8220;Milivoj Nikolajevi\u0107&#8221;, Galerija Matice srpske<br \/>Muzej primenjene umetnosti u Beogradu (15. januar &#8211; 10. mart 2024)<br \/>Gradski muzej Vr\u0161ac (20. mart &#8211; 12. maj 2024)<\/p>\n\t\t\t<\/div>\n\t\n\t\t<\/div>\n\t\t\t\t\t<\/div>\n\n\t\n\n\n\t<div id=\"col-1296384042\" class=\"col pt0 pb20 mt0 small-12 large-12\"  >\n\t\t\t\t<div class=\"col-inner\"  >\n\t\t\t\n\t\t\t\n<div class=\"text-center\"><div class=\"is-divider divider clearfix\" style=\"max-width:100%;height:1px;\"><\/div><\/div>\n\t\t<\/div>\n\t\t\t\t\t<\/div>\n\n\t\n\n<style>\n#row-1112330955 > .col > .col-inner {\n  padding: 20px 20px 0px 20px;\n}\n<\/style>\n<\/div>\n<div class=\"row\"  id=\"row-262590920\">\n\n\t<div id=\"col-388743764\" class=\"col pr0 medium-3 small-12 large-3\"  >\n\t\t\t\t<div class=\"col-inner text-center\"  >\n\t\t\t\n\t\t\t\n\t<div class=\"img has-hover x md-x lg-x y md-y lg-y\" id=\"image_2041644408\">\n\t\t\t\t\t\t\t\t<div class=\"img-inner dark\" >\n\t\t\t<img loading=\"lazy\" decoding=\"async\" width=\"731\" height=\"1024\" src=\"http:\/\/www.galerijamaticesrpske.rs\/wp-content\/uploads\/2022\/01\/plakat_novosadjani-biraju-731x1024.jpg\" class=\"attachment-large size-large\" alt=\"\" srcset=\"http:\/\/www.galerijamaticesrpske.rs\/wp-content\/uploads\/2022\/01\/plakat_novosadjani-biraju-731x1024.jpg 731w, http:\/\/www.galerijamaticesrpske.rs\/wp-content\/uploads\/2022\/01\/plakat_novosadjani-biraju-214x300.jpg 214w, http:\/\/www.galerijamaticesrpske.rs\/wp-content\/uploads\/2022\/01\/plakat_novosadjani-biraju-768x1075.jpg 768w, http:\/\/www.galerijamaticesrpske.rs\/wp-content\/uploads\/2022\/01\/plakat_novosadjani-biraju-1097x1536.jpg 1097w, http:\/\/www.galerijamaticesrpske.rs\/wp-content\/uploads\/2022\/01\/plakat_novosadjani-biraju-1463x2048.jpg 1463w, http:\/\/www.galerijamaticesrpske.rs\/wp-content\/uploads\/2022\/01\/plakat_novosadjani-biraju-scaled.jpg 1829w\" sizes=\"auto, (max-width: 731px) 100vw, 731px\" \/>\t\t\t\t\t\t\n\t\t\t\t\t<\/div>\n\t\t\t\t\t\t\t\t\n<style>\n#image_2041644408 {\n  width: 100%;\n}\n<\/style>\n\t<\/div>\n\t\n\t<div class=\"img has-hover x md-x lg-x y md-y lg-y\" id=\"image_735538181\">\n\t\t<a class=\"\" href=\"https:\/\/www.galerijamaticesrpske.rs\/lat\/events\/identiteti\/\" >\t\t\t\t\t\t<div class=\"img-inner dark\" >\n\t\t\t\t\t\t\t\t\t\n\t\t\t\t\t<\/div>\n\t\t\t\t\t\t<\/a>\t\t\n<style>\n#image_735538181 {\n  width: 100%;\n}\n<\/style>\n\t<\/div>\n\t\n\t\t<\/div>\n\t\t\t\t\t<\/div>\n\n\t\n\n\t<div id=\"col-744042114\" class=\"col pl0 pb0 medium-6 small-12 large-6\"  >\n\t\t\t\t<div class=\"col-inner\"  >\n\t\t\t\n\t\t\t\n\t<div id=\"text-1515204775\" class=\"text mb30\">\n\t\t\n<h3 class=\"title28 playtitle\"><a href=\"https:\/\/www.galerijamaticesrpske.rs\/lat\/events\/novosadjani-biraju\/\">Novosa\u0111ani biraju<\/a><\/h3>\n<p>Polaze\u0107i od \u010dinjenice da grad oblikuju gra\u0111ani, njihovo poreklo, nasle\u0111e, navike i opredeljenja, a da muzej jeste mesto kolektivnog pam\u0107enja koji sakuplja i \u010duva razli\u010dite \u017eivotne pri\u010de pojedinaca, odlu\u010dili smo se da otvorimo svoju kolekciju i ponudimo je sugra\u0111anima da kroz umetni\u010dka dela u na\u0161em prostoru ispri\u010daju pri\u010du o sebi i svom gradu. \u017deleli smo da prepletemo li\u010dno i op\u0161te, pojedinca i grad, umetni\u010dko delo i mogu\u0107u poruku koju ono nosi u savremenom trenutku, a kao rezultat tog dru\u017eenja nastala je izlo\u017eba\u00a0<em>Novosa\u0111ani biraju<\/em>.<\/p>\n\t\t\t<\/div>\n\t\n<a href=\"https:\/\/www.galerijamaticesrpske.rs\/lat\/events\/novosadani-biraju\/\" class=\"button primary\" >\n\t\t<span>Pro\u010ditaj vi\u0161e<\/span>\n\t<\/a>\n\n\t\t<\/div>\n\t\t\t\t\t<\/div>\n\n\t\n\n\t<div id=\"col-261666412\" class=\"col medium-3 small-12 large-3\"  >\n\t\t\t\t<div class=\"col-inner\"  >\n\t\t\t\n\t\t\t\n\t<div id=\"gap-2110237967\" class=\"gap-element clearfix\" style=\"display:block; height:auto;\">\n\t\t\n<style>\n#gap-2110237967 {\n  padding-top: 45px;\n}\n<\/style>\n\t<\/div>\n\t\n\t<div id=\"text-2273707713\" class=\"text mb30\">\n\t\t\n<p><strong>Datum otvaranja<\/strong>: <br \/>17. decembar 2021.<\/p>\n<p><strong>Trajanje izlo\u017ebe:<\/strong> <br \/>15. maj 2023.<\/p>\n<p><strong>Mesto:<\/strong> <br \/>Stalna postavka na II spratu Galerije Matice srpske<\/p>\n\t\t\t<\/div>\n\t\n\t\t<\/div>\n\t\t\t\t\t<\/div>\n\n\t\n\n\n\t<div id=\"col-1307138980\" class=\"col pt0 pb20 mt0 small-12 large-12\"  >\n\t\t\t\t<div class=\"col-inner\"  >\n\t\t\t\n\t\t\t\n<div class=\"text-center\"><div class=\"is-divider divider clearfix\" style=\"max-width:100%;height:1px;\"><\/div><\/div>\n\t\t<\/div>\n\t\t\t\t\t<\/div>\n\n\t\n\n<style>\n#row-262590920 > .col > .col-inner {\n  padding: 20px 20px 0px 20px;\n}\n<\/style>\n<\/div>\n<div class=\"row\"  id=\"row-1515219654\">\n\n\t<div id=\"col-512010615\" class=\"col pr0 medium-3 small-12 large-3\"  >\n\t\t\t\t<div class=\"col-inner text-center\"  >\n\t\t\t\n\t\t\t\n\t<div class=\"img has-hover x md-x lg-x y md-y lg-y\" id=\"image_2142006670\">\n\t\t\t\t\t\t\t\t<div class=\"img-inner dark\" >\n\t\t\t<img loading=\"lazy\" decoding=\"async\" width=\"731\" height=\"1024\" src=\"http:\/\/www.galerijamaticesrpske.rs\/wp-content\/uploads\/2023\/06\/plakat_gms-731x1024.jpg\" class=\"attachment-large size-large\" alt=\"\" srcset=\"http:\/\/www.galerijamaticesrpske.rs\/wp-content\/uploads\/2023\/06\/plakat_gms-731x1024.jpg 731w, http:\/\/www.galerijamaticesrpske.rs\/wp-content\/uploads\/2023\/06\/plakat_gms-214x300.jpg 214w, http:\/\/www.galerijamaticesrpske.rs\/wp-content\/uploads\/2023\/06\/plakat_gms-768x1076.jpg 768w, http:\/\/www.galerijamaticesrpske.rs\/wp-content\/uploads\/2023\/06\/plakat_gms-1097x1536.jpg 1097w, http:\/\/www.galerijamaticesrpske.rs\/wp-content\/uploads\/2023\/06\/plakat_gms-600x840.jpg 600w, http:\/\/www.galerijamaticesrpske.rs\/wp-content\/uploads\/2023\/06\/plakat_gms.jpg 1371w\" sizes=\"auto, (max-width: 731px) 100vw, 731px\" \/>\t\t\t\t\t\t\n\t\t\t\t\t<\/div>\n\t\t\t\t\t\t\t\t\n<style>\n#image_2142006670 {\n  width: 100%;\n}\n<\/style>\n\t<\/div>\n\t\n\t<div class=\"img has-hover x md-x lg-x y md-y lg-y\" id=\"image_91384769\">\n\t\t<a class=\"\" href=\"https:\/\/www.galerijamaticesrpske.rs\/lat\/events\/identiteti\/\" >\t\t\t\t\t\t<div class=\"img-inner dark\" >\n\t\t\t\t\t\t\t\t\t\n\t\t\t\t\t<\/div>\n\t\t\t\t\t\t<\/a>\t\t\n<style>\n#image_91384769 {\n  width: 100%;\n}\n<\/style>\n\t<\/div>\n\t\n\t\t<\/div>\n\t\t\t\t\t<\/div>\n\n\t\n\n\t<div id=\"col-489112834\" class=\"col pl0 pb0 medium-6 small-12 large-6\"  >\n\t\t\t\t<div class=\"col-inner\"  >\n\t\t\t\n\t\t\t\n\t<div id=\"text-4044792158\" class=\"text mb30\">\n\t\t\n<h3 class=\"title28 playtitle\"><a href=\"https:\/\/www.galerijamaticesrpske.rs\/lat\/events\/kolekcija-kao-ogledalo-msurs\/\">Jedna sasvim (ne)obi\u010dna srpsko-francuska veza<br \/>Olga Ke\u0161eljevi\u0107 i Mark Barbeza<\/a><\/h3>\n<p>Pri\u010da o dvoje ljudi, njihovim sudbinama, me\u0111usobnim odnosima, vezama s evropskom intelektualnom i umetni\u010dkom elitom poslu\u017eili su kao osnovni narativ izlo\u017ebe\u00a0<em>Jedna sasvim (ne)obi\u010dna srpsko-francuska veza. Olga Ke\u0161eljevi\u0107 i Mark Barbeza.\u00a0<\/em>Razmi\u0161ljaju\u0107i o srpsko-francuskim odnosima izvan velikih istorijskih narativa, izlo\u017eba \u017eeli da istakne da mali znaci u vremenu postaju upori\u0161ne ta\u010dke u kojima se prepli\u0107u kulture Srbije i Francuske.<\/p>\n\t\t\t<\/div>\n\t\n<a href=\"https:\/\/www.galerijamaticesrpske.rs\/lat\/events\/izlozba-jedna-sasvim-neobicna-srpsko-francuska-veza-olga-keseljevic-i-mark-barbeza\/\" class=\"button primary\" >\n\t\t<span>Pro\u010ditaj vi\u0161e<\/span>\n\t<\/a>\n\n\t\t<\/div>\n\t\t\t\t\t<\/div>\n\n\t\n\n\t<div id=\"col-121376608\" class=\"col medium-3 small-12 large-3\"  >\n\t\t\t\t<div class=\"col-inner\"  >\n\t\t\t\n\t\t\t\n\t<div id=\"gap-1429336564\" class=\"gap-element clearfix\" style=\"display:block; height:auto;\">\n\t\t\n<style>\n#gap-1429336564 {\n  padding-top: 45px;\n}\n<\/style>\n\t<\/div>\n\t\n\t<div id=\"text-942881463\" class=\"text mb30\">\n\t\t\n<p><strong>Datum otvaranja<\/strong>: <br \/>3. mart 2023.<\/p>\n<p><strong>Trajanje izlo\u017ebe:<\/strong> <br \/>14. maj 2023.<\/p>\n<p><strong>Mesto:<\/strong> <br \/>Izlo\u017ebene sale &#8220;Milivoj Nikolajevi\u0107&#8221;, Galerija Matice srpske<\/p>\n\t\t\t<\/div>\n\t\n\t\t<\/div>\n\t\t\t\t\t<\/div>\n\n\t\n\n\n\t<div id=\"col-1311769106\" class=\"col pt0 pb20 mt0 small-12 large-12\"  >\n\t\t\t\t<div class=\"col-inner\"  >\n\t\t\t\n\t\t\t\n<div class=\"text-center\"><div class=\"is-divider divider clearfix\" style=\"max-width:100%;height:1px;\"><\/div><\/div>\n\t\t<\/div>\n\t\t\t\t\t<\/div>\n\n\t\n\n<style>\n#row-1515219654 > .col > .col-inner {\n  padding: 20px 20px 0px 20px;\n}\n<\/style>\n<\/div>\n<div class=\"row\"  id=\"row-1107996045\">\n\n\t<div id=\"col-706461350\" class=\"col pr0 medium-3 small-12 large-3\"  >\n\t\t\t\t<div class=\"col-inner text-center\"  >\n\t\t\t\n\t\t\t\n\t<div class=\"img has-hover x md-x lg-x y md-y lg-y\" id=\"image_1491202725\">\n\t\t\t\t\t\t\t\t<div class=\"img-inner dark\" >\n\t\t\t<img loading=\"lazy\" decoding=\"async\" width=\"717\" height=\"1024\" src=\"http:\/\/www.galerijamaticesrpske.rs\/wp-content\/uploads\/2023\/04\/plakat_kolekcija-kao-ogledalo-717x1024.jpg\" class=\"attachment-large size-large\" alt=\"\" srcset=\"http:\/\/www.galerijamaticesrpske.rs\/wp-content\/uploads\/2023\/04\/plakat_kolekcija-kao-ogledalo-717x1024.jpg 717w, http:\/\/www.galerijamaticesrpske.rs\/wp-content\/uploads\/2023\/04\/plakat_kolekcija-kao-ogledalo-210x300.jpg 210w, http:\/\/www.galerijamaticesrpske.rs\/wp-content\/uploads\/2023\/04\/plakat_kolekcija-kao-ogledalo-768x1097.jpg 768w, http:\/\/www.galerijamaticesrpske.rs\/wp-content\/uploads\/2023\/04\/plakat_kolekcija-kao-ogledalo-1075x1536.jpg 1075w, http:\/\/www.galerijamaticesrpske.rs\/wp-content\/uploads\/2023\/04\/plakat_kolekcija-kao-ogledalo-1434x2048.jpg 1434w, http:\/\/www.galerijamaticesrpske.rs\/wp-content\/uploads\/2023\/04\/plakat_kolekcija-kao-ogledalo-600x857.jpg 600w, http:\/\/www.galerijamaticesrpske.rs\/wp-content\/uploads\/2023\/04\/plakat_kolekcija-kao-ogledalo-scaled.jpg 1792w\" sizes=\"auto, (max-width: 717px) 100vw, 717px\" \/>\t\t\t\t\t\t\n\t\t\t\t\t<\/div>\n\t\t\t\t\t\t\t\t\n<style>\n#image_1491202725 {\n  width: 100%;\n}\n<\/style>\n\t<\/div>\n\t\n\t<div class=\"img has-hover x md-x lg-x y md-y lg-y\" id=\"image_2137651324\">\n\t\t<a class=\"\" href=\"https:\/\/www.galerijamaticesrpske.rs\/lat\/events\/identiteti\/\" >\t\t\t\t\t\t<div class=\"img-inner dark\" >\n\t\t\t\t\t\t\t\t\t\n\t\t\t\t\t<\/div>\n\t\t\t\t\t\t<\/a>\t\t\n<style>\n#image_2137651324 {\n  width: 100%;\n}\n<\/style>\n\t<\/div>\n\t\n\t\t<\/div>\n\t\t\t\t\t<\/div>\n\n\t\n\n\t<div id=\"col-1913271053\" class=\"col pl0 pb0 medium-6 small-12 large-6\"  >\n\t\t\t\t<div class=\"col-inner\"  >\n\t\t\t\n\t\t\t\n\t<div id=\"text-2070449871\" class=\"text mb30\">\n\t\t\n<h3 class=\"title28 playtitle\"><a href=\"https:\/\/www.galerijamaticesrpske.rs\/lat\/events\/kolekcija-kao-ogledalo-msurs\/\" data-wplink-edit=\"true\">Kolekcija kao ogledalo<br \/>Modernizam u delima iz Galerije Matice srpske<\/a><\/h3>\n<p>Umetni\u010dka galerija \u201eNade\u017eda Petrovi\u0107\u201c \u010ca\u010dak i Galerija Matice srpske, predstavljaju \u010da\u010danskoj publici izlo\u017ebu <em>Kolekcija kao ogledalo. Modernizam u delima iz Galerije Matice srpske <\/em>u godini kada \u010ca\u010dak nosi titulu nacionalne prestonice kulture. Izlo\u017eba predstavlja 86 umetni\u010dkih dela \u2012 75 slike, 7 skulptura i 4 grafike \u2012\u00a0 i sveobuhvatno ilustruje srpsku likovnu umetnost, njene uzore, opredeljenja i domete od poslednjih decenija 19. veka do sredine 20. veka.<\/p>\n\t\t\t<\/div>\n\t\n<a href=\"https:\/\/www.galerijamaticesrpske.rs\/lat\/events\/kolekcija-kao-ogledalo-msurs\/\" class=\"button primary\" >\n\t\t<span>Pro\u010ditaj vi\u0161e<\/span>\n\t<\/a>\n\n\t\t<\/div>\n\t\t\t\t\t<\/div>\n\n\t\n\n\t<div id=\"col-1081981775\" class=\"col medium-3 small-12 large-3\"  >\n\t\t\t\t<div class=\"col-inner\"  >\n\t\t\t\n\t\t\t\n\t<div id=\"gap-398845014\" class=\"gap-element clearfix\" style=\"display:block; height:auto;\">\n\t\t\n<style>\n#gap-398845014 {\n  padding-top: 45px;\n}\n<\/style>\n\t<\/div>\n\t\n\t<div id=\"text-2478615227\" class=\"text mb30\">\n\t\t\n<p><strong>Datum otvaranja<\/strong>: <br \/>2. februar 2023.<\/p>\n<p><strong>Trajanje izlo\u017ebe:<\/strong> <br \/>22. mart 2023.<\/p>\n<p><strong>Mesto:<\/strong> <br \/>Umetni\u010dka galerija \u201eNade\u017eda Petrovi\u0107\u201c, \u010ca\u010dak<\/p>\n\t\t\t<\/div>\n\t\n\t\t<\/div>\n\t\t\t\t\t<\/div>\n\n\t\n\n\n\t<div id=\"col-806513424\" class=\"col pt0 pb20 mt0 small-12 large-12\"  >\n\t\t\t\t<div class=\"col-inner\"  >\n\t\t\t\n\t\t\t\n<div class=\"text-center\"><div class=\"is-divider divider clearfix\" style=\"max-width:100%;height:1px;\"><\/div><\/div>\n\t\t<\/div>\n\t\t\t\t\t<\/div>\n\n\t\n\n<style>\n#row-1107996045 > .col > .col-inner {\n  padding: 20px 20px 0px 20px;\n}\n<\/style>\n<\/div>\n<div class=\"row\"  id=\"row-1842186577\">\n\n\t<div id=\"col-737524516\" class=\"col pr0 medium-3 small-12 large-3\"  >\n\t\t\t\t<div class=\"col-inner text-center\"  >\n\t\t\t\n\t\t\t\n\t<div class=\"img has-hover x md-x lg-x y md-y lg-y\" id=\"image_313924673\">\n\t\t\t\t\t\t\t\t<div class=\"img-inner dark\" >\n\t\t\t<img loading=\"lazy\" decoding=\"async\" width=\"731\" height=\"1024\" src=\"http:\/\/www.galerijamaticesrpske.rs\/wp-content\/uploads\/2022\/10\/poster_up-731x1024.jpg\" class=\"attachment-large size-large\" alt=\"\" srcset=\"http:\/\/www.galerijamaticesrpske.rs\/wp-content\/uploads\/2022\/10\/poster_up-731x1024.jpg 731w, http:\/\/www.galerijamaticesrpske.rs\/wp-content\/uploads\/2022\/10\/poster_up-214x300.jpg 214w, http:\/\/www.galerijamaticesrpske.rs\/wp-content\/uploads\/2022\/10\/poster_up-768x1076.jpg 768w, http:\/\/www.galerijamaticesrpske.rs\/wp-content\/uploads\/2022\/10\/poster_up-1097x1536.jpg 1097w, http:\/\/www.galerijamaticesrpske.rs\/wp-content\/uploads\/2022\/10\/poster_up.jpg 1428w\" sizes=\"auto, (max-width: 731px) 100vw, 731px\" \/>\t\t\t\t\t\t\n\t\t\t\t\t<\/div>\n\t\t\t\t\t\t\t\t\n<style>\n#image_313924673 {\n  width: 100%;\n}\n<\/style>\n\t<\/div>\n\t\n\t<div class=\"img has-hover x md-x lg-x y md-y lg-y\" id=\"image_159795262\">\n\t\t<a class=\"\" href=\"https:\/\/www.galerijamaticesrpske.rs\/lat\/events\/identiteti\/\" >\t\t\t\t\t\t<div class=\"img-inner dark\" >\n\t\t\t\t\t\t\t\t\t\n\t\t\t\t\t<\/div>\n\t\t\t\t\t\t<\/a>\t\t\n<style>\n#image_159795262 {\n  width: 100%;\n}\n<\/style>\n\t<\/div>\n\t\n\t\t<\/div>\n\t\t\t\t\t<\/div>\n\n\t\n\n\t<div id=\"col-1103936703\" class=\"col pl0 pb0 medium-6 small-12 large-6\"  >\n\t\t\t\t<div class=\"col-inner\"  >\n\t\t\t\n\t\t\t\n\t<div id=\"text-2264951769\" class=\"text mb30\">\n\t\t\n<h3 class=\"title28 playtitle\"><a href=\"https:\/\/www.galerijamaticesrpske.rs\/lat\/events\/uros-predic\/\" data-wplink-edit=\"true\">Uro\u0161 Predi\u0107<br \/>\u017divot posve\u0107en lepoti i umetnosti<\/a><\/h3>\n<p>U godini obele\u017eavanja zna\u010dajnog jubileja \u2013 175 godina od osnivanja Galerije Matice srpske, realizujemo veliku monografsku izlo\u017ebu posve\u0107enu stvarala\u0161tvu jednog od najistaknutijih nacionalnih slikara Uro\u0161a Predi\u0107a. Kroz pri\u010du o liku i delu ovog velikana srpske kulture i umetnosti, istovremeno se ukazuje na temeljne vrednosti Galerije Matice srpske: zadu\u017ebinarstvo, posve\u0107enost op\u0161tem dobru i nacionalnim vrednostima, kao i na zna\u010daj ovog slikara za srpsku istoriju umetnosti.<\/p>\n\t\t\t<\/div>\n\t\n<a href=\"https:\/\/www.galerijamaticesrpske.rs\/lat\/events\/uros-predic\/\" class=\"button primary\" >\n\t\t<span>Pro\u010ditaj vi\u0161e<\/span>\n\t<\/a>\n\n\t\t<\/div>\n\t\t\t\t\t<\/div>\n\n\t\n\n\t<div id=\"col-2052122308\" class=\"col medium-3 small-12 large-3\"  >\n\t\t\t\t<div class=\"col-inner\"  >\n\t\t\t\n\t\t\t\n\t<div id=\"gap-1030387654\" class=\"gap-element clearfix\" style=\"display:block; height:auto;\">\n\t\t\n<style>\n#gap-1030387654 {\n  padding-top: 45px;\n}\n<\/style>\n\t<\/div>\n\t\n\t<div id=\"text-688619990\" class=\"text mb30\">\n\t\t\n<p><strong>Datum otvaranja<\/strong>: <br \/>7. oktobar 2022.<\/p>\n<p><strong>Trajanje izlo\u017ebe:<\/strong> <br \/>12. februar 2023.<\/p>\n<p><strong>Mesto:<\/strong> <br \/>Izlo\u017ebene sale &#8220;Milivoj Nikolajevi\u0107&#8221; i velika sala &#8220;Sava Tekelija&#8221;<br \/>Galerija Matice srpske<\/p>\n\t\t\t<\/div>\n\t\n\t\t<\/div>\n\t\t\t\t\t<\/div>\n\n\t\n\n\n\t<div id=\"col-1500578732\" class=\"col pt0 pb20 mt0 small-12 large-12\"  >\n\t\t\t\t<div class=\"col-inner\"  >\n\t\t\t\n\t\t\t\n<div class=\"text-center\"><div class=\"is-divider divider clearfix\" style=\"max-width:100%;height:1px;\"><\/div><\/div>\n\t\t<\/div>\n\t\t\t\t\t<\/div>\n\n\t\n\n<style>\n#row-1842186577 > .col > .col-inner {\n  padding: 20px 20px 0px 20px;\n}\n<\/style>\n<\/div>\n<div class=\"row\"  id=\"row-2098550575\">\n\n\t<div id=\"col-725724290\" class=\"col pr0 medium-3 small-12 large-3\"  >\n\t\t\t\t<div class=\"col-inner text-center\"  >\n\t\t\t\n\t\t\t\n\t<div class=\"img has-hover x md-x lg-x y md-y lg-y\" id=\"image_1564603488\">\n\t\t\t\t\t\t\t\t<div class=\"img-inner dark\" >\n\t\t\t<img loading=\"lazy\" decoding=\"async\" width=\"632\" height=\"900\" src=\"http:\/\/www.galerijamaticesrpske.rs\/wp-content\/uploads\/2023\/02\/plakat_sr-4.jpg\" class=\"attachment-large size-large\" alt=\"\" srcset=\"http:\/\/www.galerijamaticesrpske.rs\/wp-content\/uploads\/2023\/02\/plakat_sr-4.jpg 632w, http:\/\/www.galerijamaticesrpske.rs\/wp-content\/uploads\/2023\/02\/plakat_sr-4-211x300.jpg 211w, http:\/\/www.galerijamaticesrpske.rs\/wp-content\/uploads\/2023\/02\/plakat_sr-4-600x854.jpg 600w\" sizes=\"auto, (max-width: 632px) 100vw, 632px\" \/>\t\t\t\t\t\t\n\t\t\t\t\t<\/div>\n\t\t\t\t\t\t\t\t\n<style>\n#image_1564603488 {\n  width: 100%;\n}\n<\/style>\n\t<\/div>\n\t\n\t<div class=\"img has-hover x md-x lg-x y md-y lg-y\" id=\"image_441419093\">\n\t\t<a class=\"\" href=\"https:\/\/www.galerijamaticesrpske.rs\/lat\/events\/identiteti\/\" >\t\t\t\t\t\t<div class=\"img-inner dark\" >\n\t\t\t\t\t\t\t\t\t\n\t\t\t\t\t<\/div>\n\t\t\t\t\t\t<\/a>\t\t\n<style>\n#image_441419093 {\n  width: 100%;\n}\n<\/style>\n\t<\/div>\n\t\n\t\t<\/div>\n\t\t\t\t\t<\/div>\n\n\t\n\n\t<div id=\"col-778474310\" class=\"col pl0 pb0 medium-6 small-12 large-6\"  >\n\t\t\t\t<div class=\"col-inner\"  >\n\t\t\t\n\t\t\t\n\t<div id=\"text-3476474238\" class=\"text mb30\">\n\t\t\n<h3 class=\"title28 playtitle\">Jedna sasvim (ne)obi\u010dna srpsko-francuska veza<br \/>Olga Ke\u0161eljevi\u0107 i Mark Barbeza<\/h3>\n<p>Pri\u010da o dvoje ljudi, njihovim sudbinama, me\u0111usobnim odnosima, vezama s evropskom intelektualnom i umetni\u010dkom elitom poslu\u017eili su kao osnovni narativ izlo\u017ebe Jedna sasvim (ne)obi\u010dna srpsko-francuska veza: Olga Ke\u0161eljevi\u0107 i Mark Barbeza. Izlo\u017eba je nastala na osnovu istoimene nau\u010dne studije, autorke prof. dr Dijane Metli\u0107, koju je objavila Galerija Matice srpske 2020. godine. Prate\u0107i i rekonstrui\u0161u\u0107i \u017eivote intelektualaca Olge Ke\u0161eljevi\u0107 i Marka Barbezaa, njihovu delatnost, umetni\u010dku zbirku, knjige koje su objavljivali, dostupnu epistolarnu gra\u0111u i fotografije iz porodi\u010dnih albuma, autorka je ovom studijom i izlo\u017ebom objedinila li\u010dnu istoriju i umetnost, pojedinca i evropske umetni\u010dke tokove i dala znatan doprinos prou\u010davanju kulturnih spona izme\u0111u Francuske i Srbije.<\/p>\n\t\t\t<\/div>\n\t\n<a href=\"https:\/\/www.galerijamaticesrpske.rs\/lat\/events\/jedna-sasvim-neobicna-srpsko-francuska-veza\/\" class=\"button primary\" >\n\t\t<span>Pro\u010ditaj vi\u0161e<\/span>\n\t<\/a>\n\n\t\t<\/div>\n\t\t\t\t\t<\/div>\n\n\t\n\n\t<div id=\"col-1325678244\" class=\"col medium-3 small-12 large-3\"  >\n\t\t\t\t<div class=\"col-inner\"  >\n\t\t\t\n\t\t\t\n\t<div id=\"gap-1739661617\" class=\"gap-element clearfix\" style=\"display:block; height:auto;\">\n\t\t\n<style>\n#gap-1739661617 {\n  padding-top: 45px;\n}\n<\/style>\n\t<\/div>\n\t\n\t<div id=\"text-1952931497\" class=\"text mb30\">\n\t\t\n<p><strong>Datum otvaranja<\/strong>: <br \/>22. decembar 2022.<\/p>\n<p><strong>Trajanje izlo\u017ebe:<\/strong> <br \/>21. januar 2023.<\/p>\n<p><strong>Mesto:<\/strong> <br \/>Kulturni centar Srbije, Pariz<\/p>\n\t\t\t<\/div>\n\t\n\t\t<\/div>\n\t\t\t\t\t<\/div>\n\n\t\n\n\n\t<div id=\"col-1944443029\" class=\"col pt0 pb20 mt0 small-12 large-12\"  >\n\t\t\t\t<div class=\"col-inner\"  >\n\t\t\t\n\t\t\t\n<div class=\"text-center\"><div class=\"is-divider divider clearfix\" style=\"max-width:100%;height:1px;\"><\/div><\/div>\n\t\t<\/div>\n\t\t\t\t\t<\/div>\n\n\t\n\n<style>\n#row-2098550575 > .col > .col-inner {\n  padding: 20px 20px 0px 20px;\n}\n<\/style>\n<\/div>\n<div class=\"row\"  id=\"row-292474873\">\n\n\t<div id=\"col-620300214\" class=\"col pr0 medium-3 small-12 large-3\"  >\n\t\t\t\t<div class=\"col-inner text-center\"  >\n\t\t\t\n\t\t\t\n\t<div class=\"img has-hover x md-x lg-x y md-y lg-y\" id=\"image_974715997\">\n\t\t\t\t\t\t\t\t<div class=\"img-inner dark\" >\n\t\t\t<img loading=\"lazy\" decoding=\"async\" width=\"1020\" height=\"711\" src=\"http:\/\/www.galerijamaticesrpske.rs\/wp-content\/uploads\/2022\/10\/sava-sumanovic_mornar-na-molu_1921-1922-1024x714.jpg\" class=\"attachment-large size-large\" alt=\"\" srcset=\"http:\/\/www.galerijamaticesrpske.rs\/wp-content\/uploads\/2022\/10\/sava-sumanovic_mornar-na-molu_1921-1922-1024x714.jpg 1024w, http:\/\/www.galerijamaticesrpske.rs\/wp-content\/uploads\/2022\/10\/sava-sumanovic_mornar-na-molu_1921-1922-300x209.jpg 300w, http:\/\/www.galerijamaticesrpske.rs\/wp-content\/uploads\/2022\/10\/sava-sumanovic_mornar-na-molu_1921-1922-768x535.jpg 768w, http:\/\/www.galerijamaticesrpske.rs\/wp-content\/uploads\/2022\/10\/sava-sumanovic_mornar-na-molu_1921-1922-1536x1070.jpg 1536w, http:\/\/www.galerijamaticesrpske.rs\/wp-content\/uploads\/2022\/10\/sava-sumanovic_mornar-na-molu_1921-1922.jpg 1600w\" sizes=\"auto, (max-width: 1020px) 100vw, 1020px\" \/>\t\t\t\t\t\t\n\t\t\t\t\t<\/div>\n\t\t\t\t\t\t\t\t\n<style>\n#image_974715997 {\n  width: 100%;\n}\n<\/style>\n\t<\/div>\n\t\n\t<div class=\"img has-hover x md-x lg-x y md-y lg-y\" id=\"image_2101531653\">\n\t\t<a class=\"\" href=\"https:\/\/www.galerijamaticesrpske.rs\/lat\/events\/identiteti\/\" >\t\t\t\t\t\t<div class=\"img-inner dark\" >\n\t\t\t\t\t\t\t\t\t\n\t\t\t\t\t<\/div>\n\t\t\t\t\t\t<\/a>\t\t\n<style>\n#image_2101531653 {\n  width: 100%;\n}\n<\/style>\n\t<\/div>\n\t\n\t\t<\/div>\n\t\t\t\t\t<\/div>\n\n\t\n\n\t<div id=\"col-41942064\" class=\"col pl0 pb0 medium-6 small-12 large-6\"  >\n\t\t\t\t<div class=\"col-inner\"  >\n\t\t\t\n\t\t\t\n\t<div id=\"text-863570621\" class=\"text mb30\">\n\t\t\n<h3 class=\"title28 playtitle\"><a href=\"https:\/\/beljanskimuseum.rs\/sava-sumanovic-i-evropski-realizmi-izmedju-dva-svetska-rata\/\" target=\"_blank\" rel=\"noopener\">Sava \u0160umanovi\u0107<br \/>i evropski realizmi izme\u0111u dva svetska rata<\/a><\/h3>\n<p>Slikarski opus Save \u0160umanovi\u0107a (1896 \u2013 1942) gotovo u potpunosti pripada periodu izme\u0111u dva svetska rata. Njegove pojedine slike ili \u010ditavi ciklusi pokazuju direktnu uklju\u010denost u bitne faze razvoja evropskog modernizma. Stvaranje celovite slike o \u0160umanovi\u0107evim realizmima i njihovim relacijama sa me\u0111unarodnim umetni\u010dkim tokovima bilo je polazi\u0161te u realizaciji izlo\u017ebe u Spomen-zbirci Pavla Beljanskog, Galeriji Matice srpske i Galeriji slika \u201eSava \u0160umanovi\u0107\u201c u \u0160idu, koja \u0107e obuhvatiti 102 \u0160umanovi\u0107eva dela.<\/p>\n\t\t\t<\/div>\n\t\n<a href=\"https:\/\/beljanskimuseum.rs\/sava-sumanovic-i-evropski-realizmi-izmedju-dva-svetska-rata\/\" class=\"button primary\" >\n\t\t<span>Pro\u010ditaj vi\u0161e<\/span>\n\t<\/a>\n\n\t\t<\/div>\n\t\t\t\t\t<\/div>\n\n\t\n\n\t<div id=\"col-1972774322\" class=\"col medium-3 small-12 large-3\"  >\n\t\t\t\t<div class=\"col-inner\"  >\n\t\t\t\n\t\t\t\n\t<div id=\"gap-1421638413\" class=\"gap-element clearfix\" style=\"display:block; height:auto;\">\n\t\t\n<style>\n#gap-1421638413 {\n  padding-top: 45px;\n}\n<\/style>\n\t<\/div>\n\t\n\t<div id=\"text-1550027385\" class=\"text mb30\">\n\t\t\n<p><strong>Datum otvaranja<\/strong>: <br \/>24. septembar 2022.<\/p>\n<p><strong>Trajanje izlo\u017ebe:<\/strong> <br \/>4. decembar 2022.<\/p>\n<p><strong>Mesto:<\/strong> <br \/>Sala umetnosti 20. veka GMS,<br \/>Spomen-zbirka Pavla Beljanskog,<br \/>Galerija slika &#8220;Sava \u0160umanovi\u0107&#8221; u \u0160idu<\/p>\n\t\t\t<\/div>\n\t\n\t\t<\/div>\n\t\t\t\t\t<\/div>\n\n\t\n\n\n\t<div id=\"col-2073111310\" class=\"col pt0 pb20 mt0 small-12 large-12\"  >\n\t\t\t\t<div class=\"col-inner\"  >\n\t\t\t\n\t\t\t\n<div class=\"text-center\"><div class=\"is-divider divider clearfix\" style=\"max-width:100%;height:1px;\"><\/div><\/div>\n\t\t<\/div>\n\t\t\t\t\t<\/div>\n\n\t\n\n<style>\n#row-292474873 > .col > .col-inner {\n  padding: 20px 20px 0px 20px;\n}\n<\/style>\n<\/div>\n<div class=\"row\"  id=\"row-1825303453\">\n\n\t<div id=\"col-1290248934\" class=\"col pr0 medium-3 small-12 large-3\"  >\n\t\t\t\t<div class=\"col-inner text-center\"  >\n\t\t\t\n\t\t\t\n\t<div class=\"img has-hover x md-x lg-x y md-y lg-y\" id=\"image_529718908\">\n\t\t\t\t\t\t\t\t<div class=\"img-inner dark\" >\n\t\t\t<img loading=\"lazy\" decoding=\"async\" width=\"717\" height=\"1024\" src=\"http:\/\/www.galerijamaticesrpske.rs\/wp-content\/uploads\/2022\/01\/plakat_kolekcija-kao-ogledalo-717x1024.jpg\" class=\"attachment-large size-large\" alt=\"\" srcset=\"http:\/\/www.galerijamaticesrpske.rs\/wp-content\/uploads\/2022\/01\/plakat_kolekcija-kao-ogledalo-717x1024.jpg 717w, http:\/\/www.galerijamaticesrpske.rs\/wp-content\/uploads\/2022\/01\/plakat_kolekcija-kao-ogledalo-210x300.jpg 210w, http:\/\/www.galerijamaticesrpske.rs\/wp-content\/uploads\/2022\/01\/plakat_kolekcija-kao-ogledalo-768x1097.jpg 768w, http:\/\/www.galerijamaticesrpske.rs\/wp-content\/uploads\/2022\/01\/plakat_kolekcija-kao-ogledalo-1075x1536.jpg 1075w, http:\/\/www.galerijamaticesrpske.rs\/wp-content\/uploads\/2022\/01\/plakat_kolekcija-kao-ogledalo.jpg 1200w\" sizes=\"auto, (max-width: 717px) 100vw, 717px\" \/>\t\t\t\t\t\t\n\t\t\t\t\t<\/div>\n\t\t\t\t\t\t\t\t\n<style>\n#image_529718908 {\n  width: 100%;\n}\n<\/style>\n\t<\/div>\n\t\n\t<div class=\"img has-hover x md-x lg-x y md-y lg-y\" id=\"image_1528790367\">\n\t\t<a class=\"\" href=\"https:\/\/www.galerijamaticesrpske.rs\/lat\/events\/identiteti\/\" >\t\t\t\t\t\t<div class=\"img-inner dark\" >\n\t\t\t\t\t\t\t\t\t\n\t\t\t\t\t<\/div>\n\t\t\t\t\t\t<\/a>\t\t\n<style>\n#image_1528790367 {\n  width: 100%;\n}\n<\/style>\n\t<\/div>\n\t\n\t\t<\/div>\n\t\t\t\t\t<\/div>\n\n\t\n\n\t<div id=\"col-744521205\" class=\"col pl0 pb0 medium-6 small-12 large-6\"  >\n\t\t\t\t<div class=\"col-inner\"  >\n\t\t\t\n\t\t\t\n\t<div id=\"text-3450788076\" class=\"text mb30\">\n\t\t\n<h3 class=\"title28 playtitle\">Kolekcija kao ogledalo<br \/>Modernizam u delima iz Galerije Matice srpske<\/h3>\n<p>Galerija Matice srpske i Galerija Srpske akademije nauka i umetnosti predstavljaju beogradskoj javnosti izlo\u017ebu\u00a0<em>KOLEKCIJA KAO OGLEDALO. Modernizam u delima iz Galerije Matice srpske<\/em>. Izlo\u017eba predstavlja 86 umetni\u010dkih dela \u2012 75 slike, 7 skulptura i 4 grafike \u2012 \u00a0i sveobuhvatno ilustruje srpsku likovnu umetnost, njene uzore, opredeljenja i domete od poslednjih decenija 19. veka do sredine 20. veka. Kroz dela 38 autora prikazan je put od realisti\u010dkih opredeljenja nastalih pod uticajem umetni\u010dkih akademija u Be\u010du i Minhenu do okretanja ka modernizmima 20. veka usled odlaska na\u0161ih umetnika na \u0161kolovanje i njihovih boravaka u Pragu, Budimpe\u0161ti i kona\u010dno Parizu kao centru umetni\u010dkih ideja 20. veka.\u00a0<\/p>\n\t\t\t<\/div>\n\t\n<a href=\"https:\/\/www.galerijamaticesrpske.rs\/lat\/events\/kolekcija-kao-ogledalo-msurs\/\" class=\"button primary\" >\n\t\t<span>Pro\u010ditaj vi\u0161e<\/span>\n\t<\/a>\n\n\t\t<\/div>\n\t\t\t\t\t<\/div>\n\n\t\n\n\t<div id=\"col-1393769909\" class=\"col medium-3 small-12 large-3\"  >\n\t\t\t\t<div class=\"col-inner\"  >\n\t\t\t\n\t\t\t\n\t<div id=\"gap-862405365\" class=\"gap-element clearfix\" style=\"display:block; height:auto;\">\n\t\t\n<style>\n#gap-862405365 {\n  padding-top: 45px;\n}\n<\/style>\n\t<\/div>\n\t\n\t<div id=\"text-4025179312\" class=\"text mb30\">\n\t\t\n<p><strong>Datum otvaranja<\/strong>: <br \/>22. septembar 2022.<\/p>\n<p><strong>Trajanje izlo\u017ebe:<\/strong> <br \/>20. decembar 2022.<\/p>\n<p><strong>Mesto:<\/strong> <br \/>Muzej savremene umjetnosti Republike Srpske, Banja Luka<\/p>\n\t\t\t<\/div>\n\t\n\t\t<\/div>\n\t\t\t\t\t<\/div>\n\n\t\n\n\n\t<div id=\"col-915085358\" class=\"col pt0 pb20 mt0 small-12 large-12\"  >\n\t\t\t\t<div class=\"col-inner\"  >\n\t\t\t\n\t\t\t\n<div class=\"text-center\"><div class=\"is-divider divider clearfix\" style=\"max-width:100%;height:1px;\"><\/div><\/div>\n\t\t<\/div>\n\t\t\t\t\t<\/div>\n\n\t\n\n<style>\n#row-1825303453 > .col > .col-inner {\n  padding: 20px 20px 0px 20px;\n}\n<\/style>\n<\/div>\n<div class=\"row\"  id=\"row-1301649828\">\n\n\t<div id=\"col-435948787\" class=\"col pr0 medium-3 small-12 large-3\"  >\n\t\t\t\t<div class=\"col-inner text-center\"  >\n\t\t\t\n\t\t\t\n\t<div class=\"img has-hover x md-x lg-x y md-y lg-y\" id=\"image_1956103421\">\n\t\t<a class=\"\" href=\"https:\/\/www.galerijamaticesrpske.rs\/lat\/events\/identiteti\/\" >\t\t\t\t\t\t<div class=\"img-inner dark\" >\n\t\t\t<img loading=\"lazy\" decoding=\"async\" width=\"1766\" height=\"2560\" src=\"http:\/\/www.galerijamaticesrpske.rs\/wp-content\/uploads\/2022\/08\/plakat_page-0001-scaled.jpg\" class=\"attachment-original size-original\" alt=\"\" srcset=\"http:\/\/www.galerijamaticesrpske.rs\/wp-content\/uploads\/2022\/08\/plakat_page-0001-scaled.jpg 1766w, http:\/\/www.galerijamaticesrpske.rs\/wp-content\/uploads\/2022\/08\/plakat_page-0001-207x300.jpg 207w, http:\/\/www.galerijamaticesrpske.rs\/wp-content\/uploads\/2022\/08\/plakat_page-0001-706x1024.jpg 706w, http:\/\/www.galerijamaticesrpske.rs\/wp-content\/uploads\/2022\/08\/plakat_page-0001-768x1113.jpg 768w, http:\/\/www.galerijamaticesrpske.rs\/wp-content\/uploads\/2022\/08\/plakat_page-0001-1060x1536.jpg 1060w, http:\/\/www.galerijamaticesrpske.rs\/wp-content\/uploads\/2022\/08\/plakat_page-0001-1413x2048.jpg 1413w\" sizes=\"auto, (max-width: 1766px) 100vw, 1766px\" \/>\t\t\t\t\t\t\n\t\t\t\t\t<\/div>\n\t\t\t\t\t\t<\/a>\t\t\n<style>\n#image_1956103421 {\n  width: 100%;\n}\n<\/style>\n\t<\/div>\n\t\n\t\t<\/div>\n\t\t\t\t\t<\/div>\n\n\t\n\n\t<div id=\"col-639244084\" class=\"col pl0 pb0 medium-6 small-12 large-6\"  >\n\t\t\t\t<div class=\"col-inner\"  >\n\t\t\t\n\t\t\t\n\t<div id=\"text-162325344\" class=\"text mb30\">\n\t\t\n<h3 class=\"title28 playtitle\"><a href=\"https:\/\/www.galerijamaticesrpske.rs\/lat\/events\/izlozba-paralele-novi-sad-temisvar\/\">Paralele. Temi\u0161var \/ Novi Sad<\/a><\/h3>\n<p>Polaze\u0107i od uverenja da su muzeji svojevrsne tvr\u0111ave mira i mostovi koji nas spajaju i ujedinjuju,\u00a0Galerija Matice srpske\u00a0i\u00a0Nacionalni umetni\u010dki muzej\u00a0u Temi\u0161varu realizova\u0107e jednu sasvim neobi\u010dnu izlo\u017ebu, spajaju\u0107i svoje bogate kolekcije i prave\u0107i\u00a0<em>paralele<\/em> me\u0111u umetnicima, temama, idejama i umetni\u010dkim vizijama nekada\u0161njeg zajedni\u010dkog kulturnog prostora. Zbog \u010dega u obe kolekcije postoji \u010duveni autoportret u kafani Stevana Aleksi\u0107a; koja je sli\u010dnost izme\u0111u Save Tekelije i \u017digmonda Ormo\u0161a i \u0161ta to spaja Novi Sad i Temi\u0161var otkriva nam izlo\u017eba <em>Paralele. Novi Sad \/ Temi\u0161var<\/em><\/p>\n\t\t\t<\/div>\n\t\n<a href=\"https:\/\/www.galerijamaticesrpske.rs\/lat\/events\/izlozba-paralele-novi-sad-temisvar\/\" class=\"button primary\" >\n\t\t<span>Pro\u010ditaj vi\u0161e<\/span>\n\t<\/a>\n\n\t\t<\/div>\n\t\t\t\t\t<\/div>\n\n\t\n\n\t<div id=\"col-976631865\" class=\"col medium-3 small-12 large-3\"  >\n\t\t\t\t<div class=\"col-inner\"  >\n\t\t\t\n\t\t\t\n\t<div id=\"gap-1015281388\" class=\"gap-element clearfix\" style=\"display:block; height:auto;\">\n\t\t\n<style>\n#gap-1015281388 {\n  padding-top: 45px;\n}\n<\/style>\n\t<\/div>\n\t\n\t<div id=\"text-3519612146\" class=\"text mb30\">\n\t\t\n<p><strong>Datum otvaranja<\/strong>: <br \/>8. jul 2022.<\/p>\n<p><strong>Trajanje izlo\u017ebe:<\/strong> <br \/>4. septembar 2022.<\/p>\n<p><strong>Mesto:<\/strong> <br \/>Velika sala &#8220;Sava Tekelija&#8221;, Galerija Matice srpske<\/p>\n\t\t\t<\/div>\n\t\n\t\t<\/div>\n\t\t\t\t\t<\/div>\n\n\t\n\n\n\t<div id=\"col-1806993192\" class=\"col pt0 pb20 mt0 small-12 large-12\"  >\n\t\t\t\t<div class=\"col-inner\"  >\n\t\t\t\n\t\t\t\n<div class=\"text-center\"><div class=\"is-divider divider clearfix\" style=\"max-width:100%;height:1px;\"><\/div><\/div>\n\t\t<\/div>\n\t\t\t\t\t<\/div>\n\n\t\n\n<style>\n#row-1301649828 > .col > .col-inner {\n  padding: 20px 20px 0px 20px;\n}\n<\/style>\n<\/div>\n<div class=\"row\"  id=\"row-1846047444\">\n\n\t<div id=\"col-1849161914\" class=\"col pr0 medium-3 small-12 large-3\"  >\n\t\t\t\t<div class=\"col-inner text-center\"  >\n\t\t\t\n\t\t\t\n\t<div class=\"img has-hover x md-x lg-x y md-y lg-y\" id=\"image_1247439409\">\n\t\t<a class=\"\" href=\"https:\/\/www.galerijamaticesrpske.rs\/lat\/events\/identiteti\/\" >\t\t\t\t\t\t<div class=\"img-inner dark\" >\n\t\t\t<img loading=\"lazy\" decoding=\"async\" width=\"1371\" height=\"1920\" src=\"http:\/\/www.galerijamaticesrpske.rs\/wp-content\/uploads\/2022\/05\/poster_1371x1920-1.jpg\" class=\"attachment-original size-original\" alt=\"\" srcset=\"http:\/\/www.galerijamaticesrpske.rs\/wp-content\/uploads\/2022\/05\/poster_1371x1920-1.jpg 1371w, http:\/\/www.galerijamaticesrpske.rs\/wp-content\/uploads\/2022\/05\/poster_1371x1920-1-214x300.jpg 214w, http:\/\/www.galerijamaticesrpske.rs\/wp-content\/uploads\/2022\/05\/poster_1371x1920-1-731x1024.jpg 731w, http:\/\/www.galerijamaticesrpske.rs\/wp-content\/uploads\/2022\/05\/poster_1371x1920-1-768x1076.jpg 768w, http:\/\/www.galerijamaticesrpske.rs\/wp-content\/uploads\/2022\/05\/poster_1371x1920-1-1097x1536.jpg 1097w\" sizes=\"auto, (max-width: 1371px) 100vw, 1371px\" \/>\t\t\t\t\t\t\n\t\t\t\t\t<\/div>\n\t\t\t\t\t\t<\/a>\t\t\n<style>\n#image_1247439409 {\n  width: 100%;\n}\n<\/style>\n\t<\/div>\n\t\n\t\t<\/div>\n\t\t\t\t\t<\/div>\n\n\t\n\n\t<div id=\"col-918196812\" class=\"col pl0 pb0 medium-6 small-12 large-6\"  >\n\t\t\t\t<div class=\"col-inner\"  >\n\t\t\t\n\t\t\t\n\t<div id=\"text-866008356\" class=\"text mb30\">\n\t\t\n<h3 class=\"title28 playtitle\"><a href=\"https:\/\/www.galerijamaticesrpske.rs\/lat\/events\/partizanka-i-fragonar\/\">Partizanka i Fragonar<\/a><br \/>Kolekcija slika Jovanke Broz<\/h3>\n<p>U fokusu izlo\u017ebe je 36 dela likovne umetnosti doma\u0107ih i stranih autora, li\u010dni predmeti, fotografije i nekoliko komada name\u0161taja iz ku\u0107e u kojoj je Jovanka Broz \u017eivela nakon smrti Josipa Broza. Vi\u0161e od tri decenije nekada\u0161nja prva dama Jugoslavije boravila je u svojevrsnom kabinetu uspomena koji je kao vremensku kapsulu prenela iz jednog okru\u017eenja u drugo, poku\u0161avaju\u0107i da \u0161to je vi\u0161e mogu\u0107e imitira ambijent predsedni\u010dke Rezidencije u kojoj je \u017eivela zajedno sa Josipom Brozom Titom. Ova kolekcija nastala je spontano kao kulisa jednog \u017eivota, a isto tako je i nestala.<\/p>\n\t\t\t<\/div>\n\t\n<a href=\"https:\/\/www.galerijamaticesrpske.rs\/lat\/events\/partizanka-i-fragonar\/\" class=\"button primary\" >\n\t\t<span>Pro\u010ditaj vi\u0161e<\/span>\n\t<\/a>\n\n\t\t<\/div>\n\t\t\t\t\t<\/div>\n\n\t\n\n\t<div id=\"col-1189580873\" class=\"col medium-3 small-12 large-3\"  >\n\t\t\t\t<div class=\"col-inner\"  >\n\t\t\t\n\t\t\t\n\t<div id=\"gap-937913854\" class=\"gap-element clearfix\" style=\"display:block; height:auto;\">\n\t\t\n<style>\n#gap-937913854 {\n  padding-top: 45px;\n}\n<\/style>\n\t<\/div>\n\t\n\t<div id=\"text-1401032303\" class=\"text mb30\">\n\t\t\n<p><strong>Datum otvaranja<\/strong>: <br \/>18. maj 2022.<\/p>\n<p><strong>Trajanje izlo\u017ebe:<\/strong> <br \/>4. septembar 2022.<\/p>\n<p><strong>Mesto:<\/strong> <br \/>Izlo\u017ebene sale &#8220;Milivoj Nikolajevi\u0107&#8221;<\/p>\n\t\t\t<\/div>\n\t\n\t\t<\/div>\n\t\t\t\t\t<\/div>\n\n\t\n\n\n\t<div id=\"col-1619222157\" class=\"col pt0 pb20 mt0 small-12 large-12\"  >\n\t\t\t\t<div class=\"col-inner\"  >\n\t\t\t\n\t\t\t\n<div class=\"text-center\"><div class=\"is-divider divider clearfix\" style=\"max-width:100%;height:1px;\"><\/div><\/div>\n\t\t<\/div>\n\t\t\t\t\t<\/div>\n\n\t\n\n<style>\n#row-1846047444 > .col > .col-inner {\n  padding: 20px 20px 0px 20px;\n}\n<\/style>\n<\/div>\n<div class=\"row\"  id=\"row-1335781254\">\n\n\t<div id=\"col-1553925513\" class=\"col pr0 medium-3 small-12 large-3\"  >\n\t\t\t\t<div class=\"col-inner text-center\"  >\n\t\t\t\n\t\t\t\n\t<div class=\"img has-hover x md-x lg-x y md-y lg-y\" id=\"image_517410959\">\n\t\t<a class=\"\" href=\"https:\/\/www.galerijamaticesrpske.rs\/lat\/events\/identiteti\/\" >\t\t\t\t\t\t<div class=\"img-inner dark\" >\n\t\t\t<img loading=\"lazy\" decoding=\"async\" width=\"857\" height=\"1200\" src=\"http:\/\/www.galerijamaticesrpske.rs\/wp-content\/uploads\/2022\/02\/plakat_50x70.jpg\" class=\"attachment-original size-original\" alt=\"\" srcset=\"http:\/\/www.galerijamaticesrpske.rs\/wp-content\/uploads\/2022\/02\/plakat_50x70.jpg 857w, http:\/\/www.galerijamaticesrpske.rs\/wp-content\/uploads\/2022\/02\/plakat_50x70-214x300.jpg 214w, http:\/\/www.galerijamaticesrpske.rs\/wp-content\/uploads\/2022\/02\/plakat_50x70-731x1024.jpg 731w, http:\/\/www.galerijamaticesrpske.rs\/wp-content\/uploads\/2022\/02\/plakat_50x70-768x1075.jpg 768w, http:\/\/www.galerijamaticesrpske.rs\/wp-content\/uploads\/2022\/02\/plakat_50x70-600x840.jpg 600w\" sizes=\"auto, (max-width: 857px) 100vw, 857px\" \/>\t\t\t\t\t\t\n\t\t\t\t\t<\/div>\n\t\t\t\t\t\t<\/a>\t\t\n<style>\n#image_517410959 {\n  width: 100%;\n}\n<\/style>\n\t<\/div>\n\t\n\t\t<\/div>\n\t\t\t\t\t<\/div>\n\n\t\n\n\t<div id=\"col-156529822\" class=\"col pl0 pb0 medium-6 small-12 large-6\"  >\n\t\t\t\t<div class=\"col-inner\"  >\n\t\t\t\n\t\t\t\n\t<div id=\"text-2104658818\" class=\"text mb30\">\n\t\t\n<h3 class=\"title28 playtitle\"><a href=\"https:\/\/www.galerijamaticesrpske.rs\/lat\/events\/kolekcija-kao-ogledalo\/\">Migracije u umetnosti &#8211; umetnost migracija<\/a><\/h3>\n<p>Izlo\u017eba\u00a0<em>Migracije u umetnosti<\/em><em>\u00a0\u2013<\/em>\u00a0<em>u<\/em><em>metnost migracija<\/em> istra\u017euje fenomen dru\u0161tvenih migracija preispituju\u0107i istorijski i savremeni kontekst, kao i razloge i efekte migracija na dru\u0161tva i pojedince. Ideja izlo\u017ebe je da, u vremenu aktuelne svetske migracione krize, poku\u0161a da posmatra, ispituje i razume ovaj fenomen koji poga\u0111a svako stanovni\u0161tvo i pokre\u0107e mnoga eti\u010dka i kulturolo\u0161ka pitanja. Rade\u0107i na razli\u010ditim nivoima \u2013 vremenskom, prostornom, eti\u010dkom i mnogim drugim, izlo\u017eba pru\u017ea mogu\u0107nost da kroz jezik umetnosti preispitate svoje stavove i stavove dru\u0161tva, pa \u010dak civilizacijske izazove u XXI veku.\u00a0<\/p>\n\t\t\t<\/div>\n\t\n<a href=\"https:\/\/www.galerijamaticesrpske.rs\/lat\/events\/migracije-u-umetnosti-umetnost-migracija\/\" class=\"button primary\" >\n\t\t<span>Pro\u010ditaj vi\u0161e<\/span>\n\t<\/a>\n\n\t\t<\/div>\n\t\t\t\t\t<\/div>\n\n\t\n\n\t<div id=\"col-2020337816\" class=\"col medium-3 small-12 large-3\"  >\n\t\t\t\t<div class=\"col-inner\"  >\n\t\t\t\n\t\t\t\n\t<div id=\"gap-1210111215\" class=\"gap-element clearfix\" style=\"display:block; height:auto;\">\n\t\t\n<style>\n#gap-1210111215 {\n  padding-top: 45px;\n}\n<\/style>\n\t<\/div>\n\t\n\t<div id=\"text-2045970219\" class=\"text mb30\">\n\t\t\n<p><strong>Datum otvaranja<\/strong>: <br \/>18. februar 2022.<\/p>\n<p><strong>Trajanje izlo\u017ebe:<\/strong> <br \/>30. april 2022.<\/p>\n<p><strong>Mesto:<\/strong> <br \/>Izlo\u017ebene sale &#8220;Milivoj Nikolajevi\u0107&#8221; i Velika sala &#8220;Sava Tekelija&#8221;, Galerija Matice srpske<\/p>\n\t\t\t<\/div>\n\t\n\t\t<\/div>\n\t\t\t\t\t<\/div>\n\n\t\n\n\n\t<div id=\"col-2023739614\" class=\"col pt0 pb20 mt0 small-12 large-12\"  >\n\t\t\t\t<div class=\"col-inner\"  >\n\t\t\t\n\t\t\t\n<div class=\"text-center\"><div class=\"is-divider divider clearfix\" style=\"max-width:100%;height:1px;\"><\/div><\/div>\n\t\t<\/div>\n\t\t\t\t\t<\/div>\n\n\t\n\n<style>\n#row-1335781254 > .col > .col-inner {\n  padding: 20px 20px 0px 20px;\n}\n<\/style>\n<\/div>\n<div class=\"row\"  id=\"row-993251221\">\n\n\t<div id=\"col-117995302\" class=\"col pr0 medium-3 small-12 large-3\"  >\n\t\t\t\t<div class=\"col-inner text-center\"  >\n\t\t\t\n\t\t\t\n\t<div class=\"img has-hover x md-x lg-x y md-y lg-y\" id=\"image_953169855\">\n\t\t<a class=\"\" href=\"https:\/\/www.galerijamaticesrpske.rs\/lat\/events\/identiteti\/\" >\t\t\t\t\t\t<div class=\"img-inner dark\" >\n\t\t\t<img loading=\"lazy\" decoding=\"async\" width=\"1200\" height=\"1714\" src=\"http:\/\/www.galerijamaticesrpske.rs\/wp-content\/uploads\/2022\/01\/plakat_kolekcija-kao-ogledalo.jpg\" class=\"attachment-original size-original\" alt=\"\" srcset=\"http:\/\/www.galerijamaticesrpske.rs\/wp-content\/uploads\/2022\/01\/plakat_kolekcija-kao-ogledalo.jpg 1200w, http:\/\/www.galerijamaticesrpske.rs\/wp-content\/uploads\/2022\/01\/plakat_kolekcija-kao-ogledalo-210x300.jpg 210w, http:\/\/www.galerijamaticesrpske.rs\/wp-content\/uploads\/2022\/01\/plakat_kolekcija-kao-ogledalo-717x1024.jpg 717w, http:\/\/www.galerijamaticesrpske.rs\/wp-content\/uploads\/2022\/01\/plakat_kolekcija-kao-ogledalo-768x1097.jpg 768w, http:\/\/www.galerijamaticesrpske.rs\/wp-content\/uploads\/2022\/01\/plakat_kolekcija-kao-ogledalo-1075x1536.jpg 1075w\" sizes=\"auto, (max-width: 1200px) 100vw, 1200px\" \/>\t\t\t\t\t\t\n\t\t\t\t\t<\/div>\n\t\t\t\t\t\t<\/a>\t\t\n<style>\n#image_953169855 {\n  width: 100%;\n}\n<\/style>\n\t<\/div>\n\t\n\t\t<\/div>\n\t\t\t\t\t<\/div>\n\n\t\n\n\t<div id=\"col-363938239\" class=\"col pl0 pb0 medium-6 small-12 large-6\"  >\n\t\t\t\t<div class=\"col-inner\"  >\n\t\t\t\n\t\t\t\n\t<div id=\"text-2126172223\" class=\"text mb30\">\n\t\t\n<h3 class=\"title28 playtitle\"><a href=\"https:\/\/www.galerijamaticesrpske.rs\/lat\/events\/kolekcija-kao-ogledalo\/\">Kolekcija kao ogledalo<\/a><br \/>Modernizam u delima iz Galerije Matice srpske<\/h3>\n<p>Galerija Matice srpske i Galerija Srpske akademije nauka i umetnosti predstavljaju beogradskoj javnosti izlo\u017ebu\u00a0<em>KOLEKCIJA KAO OGLEDALO. Modernizam u delima iz Galerije Matice srpske<\/em>. Izlo\u017eba predstavlja 86 umetni\u010dkih dela \u2012 75 slike, 7 skulptura i 4 grafike \u2012 \u00a0i sveobuhvatno ilustruje srpsku likovnu umetnost, njene uzore, opredeljenja i domete od poslednjih decenija 19. veka do sredine 20. veka. Kroz dela 38 autora prikazan je put od realisti\u010dkih opredeljenja nastalih pod uticajem umetni\u010dkih akademija u Be\u010du i Minhenu do okretanja ka modernizmima 20. veka usled odlaska na\u0161ih umetnika na \u0161kolovanje i njihovih boravaka u Pragu, Budimpe\u0161ti i kona\u010dno Parizu kao centru umetni\u010dkih ideja 20. veka.\u00a0<\/p>\n\t\t\t<\/div>\n\t\n<a href=\"https:\/\/www.galerijamaticesrpske.rs\/lat\/events\/kolekcija-kao-ogledalo\/\" class=\"button primary\" >\n\t\t<span>Pro\u010ditaj vi\u0161e<\/span>\n\t<\/a>\n\n\t\t<\/div>\n\t\t\t\t\t<\/div>\n\n\t\n\n\t<div id=\"col-2089691334\" class=\"col medium-3 small-12 large-3\"  >\n\t\t\t\t<div class=\"col-inner\"  >\n\t\t\t\n\t\t\t\n\t<div id=\"gap-1590882807\" class=\"gap-element clearfix\" style=\"display:block; height:auto;\">\n\t\t\n<style>\n#gap-1590882807 {\n  padding-top: 45px;\n}\n<\/style>\n\t<\/div>\n\t\n\t<div id=\"text-3430864467\" class=\"text mb30\">\n\t\t\n<p><strong>Datum otvaranja<\/strong>: <br \/>23. decembar 2021.<\/p>\n<p><strong>Trajanje izlo\u017ebe:<\/strong> <br \/>20. mart 2022.<\/p>\n<p><strong>Mesto:<\/strong> <br \/>Galerija Srpske akademije nauka i umetnosti, Beograd<\/p>\n\t\t\t<\/div>\n\t\n\t\t<\/div>\n\t\t\t\t\t<\/div>\n\n\t\n\n\n\t<div id=\"col-128321813\" class=\"col pt0 pb20 mt0 small-12 large-12\"  >\n\t\t\t\t<div class=\"col-inner\"  >\n\t\t\t\n\t\t\t\n<div class=\"text-center\"><div class=\"is-divider divider clearfix\" style=\"max-width:100%;height:1px;\"><\/div><\/div>\n\t\t<\/div>\n\t\t\t\t\t<\/div>\n\n\t\n\n<style>\n#row-993251221 > .col > .col-inner {\n  padding: 20px 20px 0px 20px;\n}\n<\/style>\n<\/div>\n<div class=\"row\"  id=\"row-1009290613\">\n\n\t<div id=\"col-1952654933\" class=\"col pr0 medium-3 small-12 large-3\"  >\n\t\t\t\t<div class=\"col-inner text-center\"  >\n\t\t\t\n\t\t\t\n\t<div class=\"img has-hover x md-x lg-x y md-y lg-y\" id=\"image_2083694759\">\n\t\t<a class=\"\" href=\"https:\/\/www.galerijamaticesrpske.rs\/lat\/events\/identiteti\/\" >\t\t\t\t\t\t<div class=\"img-inner dark\" >\n\t\t\t<img loading=\"lazy\" decoding=\"async\" width=\"1829\" height=\"2560\" src=\"http:\/\/www.galerijamaticesrpske.rs\/wp-content\/uploads\/2021\/12\/plakat_simbolizam-scaled.jpg\" class=\"attachment-original size-original\" alt=\"\" srcset=\"http:\/\/www.galerijamaticesrpske.rs\/wp-content\/uploads\/2021\/12\/plakat_simbolizam-scaled.jpg 1829w, http:\/\/www.galerijamaticesrpske.rs\/wp-content\/uploads\/2021\/12\/plakat_simbolizam-214x300.jpg 214w, http:\/\/www.galerijamaticesrpske.rs\/wp-content\/uploads\/2021\/12\/plakat_simbolizam-731x1024.jpg 731w, http:\/\/www.galerijamaticesrpske.rs\/wp-content\/uploads\/2021\/12\/plakat_simbolizam-768x1075.jpg 768w, http:\/\/www.galerijamaticesrpske.rs\/wp-content\/uploads\/2021\/12\/plakat_simbolizam-1097x1536.jpg 1097w, http:\/\/www.galerijamaticesrpske.rs\/wp-content\/uploads\/2021\/12\/plakat_simbolizam-1463x2048.jpg 1463w\" sizes=\"auto, (max-width: 1829px) 100vw, 1829px\" \/>\t\t\t\t\t\t\n\t\t\t\t\t<\/div>\n\t\t\t\t\t\t<\/a>\t\t\n<style>\n#image_2083694759 {\n  width: 100%;\n}\n<\/style>\n\t<\/div>\n\t\n\t\t<\/div>\n\t\t\t\t\t<\/div>\n\n\t\n\n\t<div id=\"col-1787574757\" class=\"col pl0 pb0 medium-6 small-12 large-6\"  >\n\t\t\t\t<div class=\"col-inner\"  >\n\t\t\t\n\t\t\t\n\t<div id=\"text-2956592754\" class=\"text mb30\">\n\t\t\n<h3 class=\"title28 playtitle\"><a href=\"https:\/\/www.galerijamaticesrpske.rs\/lat\/events\/zivot-san-smrt-evropski-okviri-srpskog-simbolizma-2\/\">\u017divot &#8211; San &#8211; Smrt<\/a><br \/>Evropski okviri srpskog simbolizma<\/h3>\n<p>Simbolizam, koji je obele\u017eio evropsku umetni\u010dku scenu s kraja XIX i po\u010detkom XX veka, vi\u0111en je kao nezaobilazna tema u savremenoj nauci o istoriji umetnosti poslednjih godina u mnogim evropskim zemljama. Ovaj kompleksan pravac ujedinio je dve velike i zna\u010dajne muzejske ustanove \u2013\u00a0<strong>Narodni muzej u Beogradu<\/strong>\u00a0i\u00a0<strong>Galeriju Matice srpske<\/strong>\u00a0u Novom Sadu na zajedni\u010dkoj realizaciji sveobuhvatne izlo\u017ebe<em>\u00a0\u017divot \u2013 San \u2013 Smrt. Evropski okviri srpskog simbolizma<\/em>\u00a0sa ciljem da se predstave osobenosti srpskog simbolizma sagledanih kroz prizmu evropskih okvira.<\/p>\n\t\t\t<\/div>\n\t\n<a href=\"https:\/\/www.galerijamaticesrpske.rs\/lat\/events\/zivot-san-smrt-evropski-okviri-srpskog-simbolizma\/\" class=\"button primary\" >\n\t\t<span>Pro\u010ditaj vi\u0161e<\/span>\n\t<\/a>\n\n\t\t<\/div>\n\t\t\t\t\t<\/div>\n\n\t\n\n\t<div id=\"col-1173053016\" class=\"col medium-3 small-12 large-3\"  >\n\t\t\t\t<div class=\"col-inner\"  >\n\t\t\t\n\t\t\t\n\t<div id=\"gap-1183617052\" class=\"gap-element clearfix\" style=\"display:block; height:auto;\">\n\t\t\n<style>\n#gap-1183617052 {\n  padding-top: 45px;\n}\n<\/style>\n\t<\/div>\n\t\n\t<div id=\"text-901822605\" class=\"text mb30\">\n\t\t\n<p><strong>Datum otvaranja<\/strong>: <br \/>6. novembar 2021.<\/p>\n<p><strong>Trajanje izlo\u017ebe:<\/strong> <br \/>31. januar 2022.<\/p>\n<p><strong>Mesto:<\/strong> <br \/>Izlo\u017ebene sale \u201eMilivoj Nikolajevi\u0107\u201d i velika sala \u201eSava Tekelija\u201d, Galerija Matice srpske<\/p>\n\t\t\t<\/div>\n\t\n\t\t<\/div>\n\t\t\t\t\t<\/div>\n\n\t\n\n\n\t<div id=\"col-886187824\" class=\"col pt0 pb20 mt0 small-12 large-12\"  >\n\t\t\t\t<div class=\"col-inner\"  >\n\t\t\t\n\t\t\t\n<div class=\"text-center\"><div class=\"is-divider divider clearfix\" style=\"max-width:100%;height:1px;\"><\/div><\/div>\n\t\t<\/div>\n\t\t\t\t\t<\/div>\n\n\t\n\n<style>\n#row-1009290613 > .col > .col-inner {\n  padding: 20px 20px 0px 20px;\n}\n<\/style>\n<\/div>\n<div class=\"row\"  id=\"row-1153421317\">\n\n\t<div id=\"col-1291105738\" class=\"col pr0 medium-3 small-12 large-3\"  >\n\t\t\t\t<div class=\"col-inner text-center\"  >\n\t\t\t\n\t\t\t\n\t<div class=\"img has-hover x md-x lg-x y md-y lg-y\" id=\"image_183536929\">\n\t\t<a class=\"\" href=\"https:\/\/www.galerijamaticesrpske.rs\/lat\/events\/identiteti\/\" >\t\t\t\t\t\t<div class=\"img-inner dark\" >\n\t\t\t<img loading=\"lazy\" decoding=\"async\" width=\"1050\" height=\"1500\" src=\"http:\/\/www.galerijamaticesrpske.rs\/wp-content\/uploads\/2021\/10\/trajne-vrednosti-zbirka-umetnickih-dela-ddor-osiguranja-4.jpg\" class=\"attachment-original size-original\" alt=\"\" srcset=\"http:\/\/www.galerijamaticesrpske.rs\/wp-content\/uploads\/2021\/10\/trajne-vrednosti-zbirka-umetnickih-dela-ddor-osiguranja-4.jpg 1050w, http:\/\/www.galerijamaticesrpske.rs\/wp-content\/uploads\/2021\/10\/trajne-vrednosti-zbirka-umetnickih-dela-ddor-osiguranja-4-210x300.jpg 210w, http:\/\/www.galerijamaticesrpske.rs\/wp-content\/uploads\/2021\/10\/trajne-vrednosti-zbirka-umetnickih-dela-ddor-osiguranja-4-717x1024.jpg 717w, http:\/\/www.galerijamaticesrpske.rs\/wp-content\/uploads\/2021\/10\/trajne-vrednosti-zbirka-umetnickih-dela-ddor-osiguranja-4-768x1097.jpg 768w\" sizes=\"auto, (max-width: 1050px) 100vw, 1050px\" \/>\t\t\t\t\t\t\n\t\t\t\t\t<\/div>\n\t\t\t\t\t\t<\/a>\t\t\n<style>\n#image_183536929 {\n  width: 100%;\n}\n<\/style>\n\t<\/div>\n\t\n\t\t<\/div>\n\t\t\t\t\t<\/div>\n\n\t\n\n\t<div id=\"col-1716937220\" class=\"col pl0 pb0 medium-6 small-12 large-6\"  >\n\t\t\t\t<div class=\"col-inner\"  >\n\t\t\t\n\t\t\t\n\t<div id=\"text-2612146961\" class=\"text mb30\">\n\t\t\n<h3 class=\"title28 playtitle\"><a href=\"https:\/\/www.galerijamaticesrpske.rs\/lat\/events\/izlozba-trajne-vrednosti\/\">Trajne vrednosti<\/a><br \/>Umetni\u010dka zbirka DDOR osiguranja<\/h3>\n<p>Izlo\u017eba\u00a0<em>Trajne vrednosti. Zbirka umetni\u010dkih dela DDOR osiguranja<\/em>\u00a0nastala je kao rezultat vi\u0161egodi\u0161nje saradnje Galerije Matice srpske i DDOR-a na razli\u010ditim projektima prezentacije i o\u010duvanja kulturnog nasle\u0111a. Kao prirodni nastavak ovog partnerstva, rad stru\u010dnjaka Galerije Matice srpske na popisu, obradi, digitalizaciji i valorizaciji umetni\u010dke zbirke bri\u017eljivo sakupljene pod krovom DDOR osiguranja trasirao je put ka izlo\u017ebi, kojom je deo obimne kolekcije od blizu 400 dela prvi put predstavljen javnosti.<\/p>\n\t\t\t<\/div>\n\t\n<a href=\"https:\/\/www.galerijamaticesrpske.rs\/lat\/events\/trajne-vrednosti-zbirka-umetnickih-dela-ddor-osiguranja\/\" class=\"button primary\" >\n\t\t<span>Pro\u010ditaj vi\u0161e<\/span>\n\t<\/a>\n\n\t\t<\/div>\n\t\t\t\t\t<\/div>\n\n\t\n\n\t<div id=\"col-1806301318\" class=\"col medium-3 small-12 large-3\"  >\n\t\t\t\t<div class=\"col-inner\"  >\n\t\t\t\n\t\t\t\n\t<div id=\"gap-5859504\" class=\"gap-element clearfix\" style=\"display:block; height:auto;\">\n\t\t\n<style>\n#gap-5859504 {\n  padding-top: 45px;\n}\n<\/style>\n\t<\/div>\n\t\n\t<div id=\"text-252417298\" class=\"text mb30\">\n\t\t\n<p><strong>Datum otvaranja<\/strong>: <br \/>24. septembar 2021.<\/p>\n<p><strong>Trajanje izlo\u017ebe:<\/strong> <br \/>16. oktobar 2021.<\/p>\n<p><strong>Mesto:<\/strong> <br \/>Velika sala \u201eSava Tekelija\u201d, Galerija Matice srpske<\/p>\n\t\t\t<\/div>\n\t\n\t\t<\/div>\n\t\t\t\t\t<\/div>\n\n\t\n\n\n\t<div id=\"col-1822960485\" class=\"col pt0 pb20 mt0 small-12 large-12\"  >\n\t\t\t\t<div class=\"col-inner\"  >\n\t\t\t\n\t\t\t\n<div class=\"text-center\"><div class=\"is-divider divider clearfix\" style=\"max-width:100%;height:1px;\"><\/div><\/div>\n\t\t<\/div>\n\t\t\t\t\t<\/div>\n\n\t\n\n<style>\n#row-1153421317 > .col > .col-inner {\n  padding: 20px 20px 0px 20px;\n}\n<\/style>\n<\/div>\n<div class=\"row\"  id=\"row-1321585621\">\n\n\t<div id=\"col-2095671869\" class=\"col pr0 medium-3 small-12 large-3\"  >\n\t\t\t\t<div class=\"col-inner text-center\"  >\n\t\t\t\n\t\t\t\n\t<div class=\"img has-hover x md-x lg-x y md-y lg-y\" id=\"image_146433458\">\n\t\t<a class=\"\" href=\"https:\/\/www.galerijamaticesrpske.rs\/lat\/events\/identiteti\/\" >\t\t\t\t\t\t<div class=\"img-inner dark\" >\n\t\t\t<img loading=\"lazy\" decoding=\"async\" width=\"1829\" height=\"2560\" src=\"http:\/\/www.galerijamaticesrpske.rs\/wp-content\/uploads\/2021\/09\/kaleidoskop_poster_50x70_print-scaled.jpg\" class=\"attachment-original size-original\" alt=\"\" srcset=\"http:\/\/www.galerijamaticesrpske.rs\/wp-content\/uploads\/2021\/09\/kaleidoskop_poster_50x70_print-scaled.jpg 1829w, http:\/\/www.galerijamaticesrpske.rs\/wp-content\/uploads\/2021\/09\/kaleidoskop_poster_50x70_print-214x300.jpg 214w, http:\/\/www.galerijamaticesrpske.rs\/wp-content\/uploads\/2021\/09\/kaleidoskop_poster_50x70_print-731x1024.jpg 731w, http:\/\/www.galerijamaticesrpske.rs\/wp-content\/uploads\/2021\/09\/kaleidoskop_poster_50x70_print-768x1075.jpg 768w, http:\/\/www.galerijamaticesrpske.rs\/wp-content\/uploads\/2021\/09\/kaleidoskop_poster_50x70_print-1097x1536.jpg 1097w, http:\/\/www.galerijamaticesrpske.rs\/wp-content\/uploads\/2021\/09\/kaleidoskop_poster_50x70_print-1463x2048.jpg 1463w\" sizes=\"auto, (max-width: 1829px) 100vw, 1829px\" \/>\t\t\t\t\t\t\n\t\t\t\t\t<\/div>\n\t\t\t\t\t\t<\/a>\t\t\n<style>\n#image_146433458 {\n  width: 100%;\n}\n<\/style>\n\t<\/div>\n\t\n\t\t<\/div>\n\t\t\t\t\t<\/div>\n\n\t\n\n\t<div id=\"col-2146414315\" class=\"col pl0 pb0 medium-6 small-12 large-6\"  >\n\t\t\t\t<div class=\"col-inner\"  >\n\t\t\t\n\t\t\t\n\t<div id=\"text-282402121\" class=\"text mb30\">\n\t\t\n<h3 class=\"title28 playtitle\"><a href=\"https:\/\/www.galerijamaticesrpske.rs\/lat\/events\/kaleidoskop-umetnik-kolekcionar-kriticar\/\">Kaleidoskop. Umetnik &#8211; kolekcionar &#8211; kriti\u010dar<\/a><\/h3>\n<p>Povezani na jednoj izlo\u017ebi\u00a0<strong>Umetnik \u2012 Dragan Stojkov<\/strong>,\u00a0<strong>Kolekcionar(i) \u2012 Vladimir i Borka Popovi\u0107<\/strong>\u00a0i\u00a0<strong>Kriti\u010dar \u2012 Ratomir Kuli\u0107<\/strong>\u00a0ukazuju na kaleidoskop muzejske delatnosti gde svaki ugao posmatranja donosi novu sliku i saznanje o va\u017enosti i vrednosti umetnosti. Umetnosti nema bez slikara koji je stvara, ona nema svoju svrhu ako nema kolekcionara koji je sakupljaju, a nema trajnost bez kriti\u010dara koji je tuma\u010de i predstavljaju javnosti. Izlo\u017eba je zami\u0161ljena kao jedinstveni kaleidoskop kroz koji se oni prepli\u0107u i prelamaju stvaraju\u0107i jedinstvenu predstavu o delatnosti, osobenostima i vrednostima Galerije Matice srpske.<\/p>\n\t\t\t<\/div>\n\t\n<a href=\"https:\/\/www.galerijamaticesrpske.rs\/lat\/events\/kaleidoskop-umetnik-kolekcionar-kriticar\/\" class=\"button primary\" >\n\t\t<span>Pro\u010ditaj vi\u0161e<\/span>\n\t<\/a>\n\n\t\t<\/div>\n\t\t\t\t\t<\/div>\n\n\t\n\n\t<div id=\"col-1940500088\" class=\"col medium-3 small-12 large-3\"  >\n\t\t\t\t<div class=\"col-inner\"  >\n\t\t\t\n\t\t\t\n\t<div id=\"gap-474171677\" class=\"gap-element clearfix\" style=\"display:block; height:auto;\">\n\t\t\n<style>\n#gap-474171677 {\n  padding-top: 45px;\n}\n<\/style>\n\t<\/div>\n\t\n\t<div id=\"text-2035511072\" class=\"text mb30\">\n\t\t\n<p><strong>Datum otvaranja<\/strong>: <br \/>3. septembar 2021.<\/p>\n<p><strong>Trajanje izlo\u017ebe:<\/strong> <br \/>15. oktobar 2021.<\/p>\n<p><strong>Mesto:<\/strong> <br \/>Izlo\u017ebene sale \u201eMilivoj Nikolajevi\u0107\u201d, Galerija Matice srpske<\/p>\n\t\t\t<\/div>\n\t\n\t\t<\/div>\n\t\t\t\t\t<\/div>\n\n\t\n\n\n\t<div id=\"col-1951884740\" class=\"col pt0 pb20 mt0 small-12 large-12\"  >\n\t\t\t\t<div class=\"col-inner\"  >\n\t\t\t\n\t\t\t\n<div class=\"text-center\"><div class=\"is-divider divider clearfix\" style=\"max-width:100%;height:1px;\"><\/div><\/div>\n\t\t<\/div>\n\t\t\t\t\t<\/div>\n\n\t\n\n<style>\n#row-1321585621 > .col > .col-inner {\n  padding: 20px 20px 0px 20px;\n}\n<\/style>\n<\/div>\n<div class=\"row\"  id=\"row-2000283521\">\n\n\t<div id=\"col-1742490711\" class=\"col pr0 medium-3 small-12 large-3\"  >\n\t\t\t\t<div class=\"col-inner text-center\"  >\n\t\t\t\n\t\t\t\n\t<div class=\"img has-hover x md-x lg-x y md-y lg-y\" id=\"image_638410849\">\n\t\t<a class=\"\" href=\"https:\/\/www.galerijamaticesrpske.rs\/lat\/events\/identiteti\/\" >\t\t\t\t\t\t<div class=\"img-inner dark\" >\n\t\t\t<img loading=\"lazy\" decoding=\"async\" width=\"1433\" height=\"2000\" src=\"http:\/\/www.galerijamaticesrpske.rs\/wp-content\/uploads\/2021\/09\/evropski-fenomeni-temisvar_plakat.jpg\" class=\"attachment-original size-original\" alt=\"\" srcset=\"http:\/\/www.galerijamaticesrpske.rs\/wp-content\/uploads\/2021\/09\/evropski-fenomeni-temisvar_plakat.jpg 1433w, http:\/\/www.galerijamaticesrpske.rs\/wp-content\/uploads\/2021\/09\/evropski-fenomeni-temisvar_plakat-215x300.jpg 215w, http:\/\/www.galerijamaticesrpske.rs\/wp-content\/uploads\/2021\/09\/evropski-fenomeni-temisvar_plakat-734x1024.jpg 734w, http:\/\/www.galerijamaticesrpske.rs\/wp-content\/uploads\/2021\/09\/evropski-fenomeni-temisvar_plakat-768x1072.jpg 768w, http:\/\/www.galerijamaticesrpske.rs\/wp-content\/uploads\/2021\/09\/evropski-fenomeni-temisvar_plakat-1101x1536.jpg 1101w\" sizes=\"auto, (max-width: 1433px) 100vw, 1433px\" \/>\t\t\t\t\t\t\n\t\t\t\t\t<\/div>\n\t\t\t\t\t\t<\/a>\t\t\n<style>\n#image_638410849 {\n  width: 100%;\n}\n<\/style>\n\t<\/div>\n\t\n\t\t<\/div>\n\t\t\t\t\t<\/div>\n\n\t\n\n\t<div id=\"col-1961687482\" class=\"col pl0 pb0 medium-6 small-12 large-6\"  >\n\t\t\t\t<div class=\"col-inner\"  >\n\t\t\t\n\t\t\t\n\t<div id=\"text-2278879560\" class=\"text mb30\">\n\t\t\n<h3 class=\"title28 playtitle\"><a href=\"https:\/\/www.galerijamaticesrpske.rs\/lat\/events\/evropski-fenomeni-u-kolekciji-galerije-matice-srpske-temisvar\/\">Evropski fenomeni u kolekciji GMS<\/a><\/h3>\n<p>Galerija Matice srpske i Nacionalni umetni\u010dki muzej u Temi\u0161varu potpisali su u decembru 2019. godine <em>Protokol o saradnji<\/em> sa namerom da se kroz realizaciju zajedni\u010dkih projekata i izlo\u017ebi pove\u017eu dve budu\u0107e evropske prestonice kulture \u2013 Novi Sad i Temi\u0161var \u2013 koje \u0107e tu presti\u017enu titulu nositi 2022. i 2023. godine. Povodom po\u010detka saradnje dva muzeja, realizovana je izlo\u017eba <strong><em>Evropski fenomeni u kolekciji Galerije Matice srpske<\/em><\/strong>\u00a0u Nacionalnom umetni\u010dkom muzeju u Temi\u0161varu.\u00a0<\/p>\n\t\t\t<\/div>\n\t\n<a href=\"https:\/\/www.galerijamaticesrpske.rs\/lat\/events\/evropski-fenomeni-u-kolekciji-galerije-matice-srpske-temisvar\/\" class=\"button primary\" >\n\t\t<span>Pro\u010ditaj vi\u0161e<\/span>\n\t<\/a>\n\n\t\t<\/div>\n\t\t\t\t\t<\/div>\n\n\t\n\n\t<div id=\"col-1840964098\" class=\"col medium-3 small-12 large-3\"  >\n\t\t\t\t<div class=\"col-inner\"  >\n\t\t\t\n\t\t\t\n\t<div id=\"gap-985689611\" class=\"gap-element clearfix\" style=\"display:block; height:auto;\">\n\t\t\n<style>\n#gap-985689611 {\n  padding-top: 45px;\n}\n<\/style>\n\t<\/div>\n\t\n\t<div id=\"text-235031629\" class=\"text mb30\">\n\t\t\n<p><strong>Datum otvaranja<\/strong>: <br \/>26. jul 2021.<\/p>\n<p><strong>Trajanje izlo\u017ebe:<\/strong> <br \/>15. septembar 2021.<\/p>\n<p><strong>Mesto:<\/strong> <br \/>Nacionalni umetni\u010dki muzej u Temi\u0161varu, Rumunija<\/p>\n\t\t\t<\/div>\n\t\n\t\t<\/div>\n\t\t\t\t\t<\/div>\n\n\t\n\n\n\t<div id=\"col-1738638433\" class=\"col pt0 pb20 mt0 small-12 large-12\"  >\n\t\t\t\t<div class=\"col-inner\"  >\n\t\t\t\n\t\t\t\n<div class=\"text-center\"><div class=\"is-divider divider clearfix\" style=\"max-width:100%;height:1px;\"><\/div><\/div>\n\t\t<\/div>\n\t\t\t\t\t<\/div>\n\n\t\n\n<style>\n#row-2000283521 > .col > .col-inner {\n  padding: 20px 20px 0px 20px;\n}\n<\/style>\n<\/div>\n<div class=\"row\"  id=\"row-1460048572\">\n\n\t<div id=\"col-103784682\" class=\"col pr0 medium-3 small-12 large-3\"  >\n\t\t\t\t<div class=\"col-inner text-center\"  >\n\t\t\t\n\t\t\t\n\t<div class=\"img has-hover x md-x lg-x y md-y lg-y\" id=\"image_571748365\">\n\t\t<a class=\"\" href=\"https:\/\/www.galerijamaticesrpske.rs\/lat\/events\/identiteti\/\" >\t\t\t\t\t\t<div class=\"img-inner dark\" >\n\t\t\t<img loading=\"lazy\" decoding=\"async\" width=\"711\" height=\"992\" src=\"http:\/\/www.galerijamaticesrpske.rs\/wp-content\/uploads\/2021\/09\/plakat.png\" class=\"attachment-original size-original\" alt=\"\" srcset=\"http:\/\/www.galerijamaticesrpske.rs\/wp-content\/uploads\/2021\/09\/plakat.png 711w, http:\/\/www.galerijamaticesrpske.rs\/wp-content\/uploads\/2021\/09\/plakat-215x300.png 215w\" sizes=\"auto, (max-width: 711px) 100vw, 711px\" \/>\t\t\t\t\t\t\n\t\t\t\t\t<\/div>\n\t\t\t\t\t\t<\/a>\t\t\n<style>\n#image_571748365 {\n  width: 100%;\n}\n<\/style>\n\t<\/div>\n\t\n\t\t<\/div>\n\t\t\t\t\t<\/div>\n\n\t\n\n\t<div id=\"col-1171692265\" class=\"col pl0 pb0 medium-6 small-12 large-6\"  >\n\t\t\t\t<div class=\"col-inner\"  >\n\t\t\t\n\t\t\t\n\t<div id=\"text-45684716\" class=\"text mb30\">\n\t\t\n<h3 class=\"title28 playtitle\"><a href=\"https:\/\/www.galerijamaticesrpske.rs\/lat\/events\/poklon-zbirka-graovac-radmila-i-nikola\/\">Poklon-zbirka Graovac. Nikola i Radmila<\/a><\/h3>\n<p>Poklon-zbirke imaju posebno mesto u istoriji i razvoju kolekcije Galerije Matice srpske, jer \u010duvaju trag o opusima umetnika, li\u010dnosti kolekcionara i darodavaca. Poklon-zbirka Graovac, koja obuhvata 22 Nikoline slike, i 21 Radmilino vajarsko delo, dar je njihove k\u0107erke Smiljke Graovac Cvetko. Ovim vrednim poklonom kolekcija Galerije Matice srpske je oboga\u0107ena delima iz druge polovine XX veka i upotpunjeno je se\u0107anje na umetni\u010dki par Graovac. Dvoje umetnika, koji su kroz \u017eivot i umetnost zajedno kora\u010dali preko pola veka, ostvarili su autenti\u010dnu simbiozu dva me\u0111usobno prepletena umetni\u010dka opusa, podr\u017eana i premijerno izlo\u017eena na zajedni\u010dkoj izlo\u017ebi u Galeriji Matice srpske.<\/p>\n\t\t\t<\/div>\n\t\n<a href=\"https:\/\/www.galerijamaticesrpske.rs\/lat\/events\/poklon-zbirka-graovac-radmila-i-nikola\/\" class=\"button primary\" >\n\t\t<span>Pro\u010ditaj vi\u0161e<\/span>\n\t<\/a>\n\n\t\t<\/div>\n\t\t\t\t\t<\/div>\n\n\t\n\n\t<div id=\"col-1785605706\" class=\"col medium-3 small-12 large-3\"  >\n\t\t\t\t<div class=\"col-inner\"  >\n\t\t\t\n\t\t\t\n\t<div id=\"gap-461783484\" class=\"gap-element clearfix\" style=\"display:block; height:auto;\">\n\t\t\n<style>\n#gap-461783484 {\n  padding-top: 45px;\n}\n<\/style>\n\t<\/div>\n\t\n\t<div id=\"text-1242316689\" class=\"text mb30\">\n\t\t\n<p><strong>Datum otvaranja<\/strong>: <br \/>16. jul 2021.<\/p>\n<p><strong>Trajanje izlo\u017ebe:<\/strong> <br \/>22. avgust 2021.<\/p>\n<p><strong>Mesto:<\/strong> <br \/>Izlo\u017ebene sale \u201eMilivoj Nikolajevi\u0107\u201d, Galerija Matice srpske<\/p>\n\t\t\t<\/div>\n\t\n\t\t<\/div>\n\t\t\t\t\t<\/div>\n\n\t\n\n\n\t<div id=\"col-1684505421\" class=\"col pt0 pb20 mt0 small-12 large-12\"  >\n\t\t\t\t<div class=\"col-inner\"  >\n\t\t\t\n\t\t\t\n<div class=\"text-center\"><div class=\"is-divider divider clearfix\" style=\"max-width:100%;height:1px;\"><\/div><\/div>\n\t\t<\/div>\n\t\t\t\t\t<\/div>\n\n\t\n\n<style>\n#row-1460048572 > .col > .col-inner {\n  padding: 20px 20px 0px 20px;\n}\n<\/style>\n<\/div>\n<div class=\"row\"  id=\"row-1278181076\">\n\n\t<div id=\"col-447363250\" class=\"col pr0 medium-3 small-12 large-3\"  >\n\t\t\t\t<div class=\"col-inner text-center\"  >\n\t\t\t\n\t\t\t\n\t<div class=\"img has-hover x md-x lg-x y md-y lg-y\" id=\"image_190002943\">\n\t\t<a class=\"\" href=\"https:\/\/www.galerijamaticesrpske.rs\/lat\/events\/identiteti\/\" >\t\t\t\t\t\t<div class=\"img-inner dark\" >\n\t\t\t<img loading=\"lazy\" decoding=\"async\" width=\"1200\" height=\"1674\" src=\"http:\/\/www.galerijamaticesrpske.rs\/wp-content\/uploads\/2021\/09\/plakat_identiteti.jpg\" class=\"attachment-original size-original\" alt=\"\" srcset=\"http:\/\/www.galerijamaticesrpske.rs\/wp-content\/uploads\/2021\/09\/plakat_identiteti.jpg 1200w, http:\/\/www.galerijamaticesrpske.rs\/wp-content\/uploads\/2021\/09\/plakat_identiteti-215x300.jpg 215w, http:\/\/www.galerijamaticesrpske.rs\/wp-content\/uploads\/2021\/09\/plakat_identiteti-734x1024.jpg 734w, http:\/\/www.galerijamaticesrpske.rs\/wp-content\/uploads\/2021\/09\/plakat_identiteti-768x1071.jpg 768w, http:\/\/www.galerijamaticesrpske.rs\/wp-content\/uploads\/2021\/09\/plakat_identiteti-1101x1536.jpg 1101w\" sizes=\"auto, (max-width: 1200px) 100vw, 1200px\" \/>\t\t\t\t\t\t\n\t\t\t\t\t<\/div>\n\t\t\t\t\t\t<\/a>\t\t\n<style>\n#image_190002943 {\n  width: 100%;\n}\n<\/style>\n\t<\/div>\n\t\n\t\t<\/div>\n\t\t\t\t\t<\/div>\n\n\t\n\n\t<div id=\"col-1742774521\" class=\"col pl0 pb0 medium-6 small-12 large-6\"  >\n\t\t\t\t<div class=\"col-inner\"  >\n\t\t\t\n\t\t\t\n\t<div id=\"text-3970132345\" class=\"text mb30\">\n\t\t\n<h3 class=\"title28 playtitle\"><a href=\"https:\/\/www.galerijamaticesrpske.rs\/lat\/events\/identiteti\/\">Identitet(i)<\/a><\/h3>\n<h3><strong>Predstave \u017eena u srpskom slikarstvu (1918-1941)<\/strong><\/h3>\n<p>\u010cini se da neprestano govorimo o identitetima. Svakodnevno. Da li je identitet va\u017ean, \u0161ta on uop\u0161te zna\u010di i kako uti\u010de na na\u0161e dru\u0161tvene odnose i interakcije? Kao vode\u0107e pitanje ove izlo\u017ebe pojam identiteta bi\u0107e preispitan kroz vizuelnu kulturu izme\u0111u dva svetska rata. Izlo\u017eba se bavi problemima razumevanja i reprezentacije nekoliko naj\u010de\u0161\u0107e spominjanih identiteta: nacionalog, klasnog, rodnog, seksualnog, ali i pitanjem konstruisanja sopstva unutar srpskog slikarstva.&nbsp;<\/p>\n\t\t\t<\/div>\n\t\n<a href=\"https:\/\/www.galerijamaticesrpske.rs\/lat\/events\/identiteti\/\" class=\"button primary\" >\n\t\t<span>Pro\u010ditaj vi\u0161e<\/span>\n\t<\/a>\n\n\t\t<\/div>\n\t\t\t\t\t<\/div>\n\n\t\n\n\t<div id=\"col-1025601494\" class=\"col medium-3 small-12 large-3\"  >\n\t\t\t\t<div class=\"col-inner\"  >\n\t\t\t\n\t\t\t\n\t<div id=\"gap-1817273546\" class=\"gap-element clearfix\" style=\"display:block; height:auto;\">\n\t\t\n<style>\n#gap-1817273546 {\n  padding-top: 45px;\n}\n<\/style>\n\t<\/div>\n\t\n\t<div id=\"text-2714819231\" class=\"text mb30\">\n\t\t\n<p><strong>Datum otvaranja<\/strong>: <br \/>23. april 2021.<\/p>\n<p><strong>Trajanje izlo\u017ebe:<\/strong> <br \/>04. jul 2021.<\/p>\n<p><strong>Mesto:<\/strong> <br \/>Izlo\u017ebene sale \u201eMilivoj Nikolajevi\u0107\u201d, Galerija Matice srpske<\/p>\n\t\t\t<\/div>\n\t\n\t\t<\/div>\n\t\t\t\t\t<\/div>\n\n\t\n\n\n\t<div id=\"col-1180228882\" class=\"col pt0 pb20 mt0 small-12 large-12\"  >\n\t\t\t\t<div class=\"col-inner\"  >\n\t\t\t\n\t\t\t\n<div class=\"text-center\"><div class=\"is-divider divider clearfix\" style=\"max-width:100%;height:1px;\"><\/div><\/div>\n\t\t<\/div>\n\t\t\t\t\t<\/div>\n\n\t\n\n<style>\n#row-1278181076 > .col > .col-inner {\n  padding: 20px 20px 0px 20px;\n}\n<\/style>\n<\/div>\n<div class=\"row\"  id=\"row-1132549835\">\n\n\t<div id=\"col-253975917\" class=\"col pr0 medium-3 small-12 large-3\"  >\n\t\t\t\t<div class=\"col-inner text-center\"  >\n\t\t\t\n\t\t\t\n\t<div class=\"img has-hover x md-x lg-x y md-y lg-y\" id=\"image_2027325359\">\n\t\t<a class=\"\" href=\"https:\/\/www.galerijamaticesrpske.rs\/lat\/events\/matrica-monologija-danila-vuksanovica\/\" >\t\t\t\t\t\t<div class=\"img-inner dark\" >\n\t\t\t<img loading=\"lazy\" decoding=\"async\" width=\"771\" height=\"1080\" src=\"http:\/\/www.galerijamaticesrpske.rs\/wp-content\/uploads\/2021\/02\/matrica-1.jpg\" class=\"attachment-original size-original\" alt=\"\" srcset=\"http:\/\/www.galerijamaticesrpske.rs\/wp-content\/uploads\/2021\/02\/matrica-1.jpg 771w, http:\/\/www.galerijamaticesrpske.rs\/wp-content\/uploads\/2021\/02\/matrica-1-214x300.jpg 214w, http:\/\/www.galerijamaticesrpske.rs\/wp-content\/uploads\/2021\/02\/matrica-1-731x1024.jpg 731w, http:\/\/www.galerijamaticesrpske.rs\/wp-content\/uploads\/2021\/02\/matrica-1-768x1076.jpg 768w\" sizes=\"auto, (max-width: 771px) 100vw, 771px\" \/>\t\t\t\t\t\t\n\t\t\t\t\t<\/div>\n\t\t\t\t\t\t<\/a>\t\t\n<style>\n#image_2027325359 {\n  width: 100%;\n}\n<\/style>\n\t<\/div>\n\t\n\t\t<\/div>\n\t\t\t\t\t<\/div>\n\n\t\n\n\t<div id=\"col-1060591752\" class=\"col pl0 pb0 medium-6 small-12 large-6\"  >\n\t\t\t\t<div class=\"col-inner\"  >\n\t\t\t\n\t\t\t\n\t<div id=\"text-3317187088\" class=\"text mb30\">\n\t\t\n<h3 class=\"title28 playtitle\"><a href=\"https:\/\/www.galerijamaticesrpske.rs\/lat\/events\/matrica-monologija-danila-vuksanovica\/\">Matrica. Monologija Danila Vuksanovi\u0107a<\/a><\/h3>\n<p>U okviru obele\u017eavanja Dana Galerije Matice srpske otvorena je&nbsp;izlo\u017eba&nbsp;<em>Matrica. Monologija Danila Vuksanovi\u0107a<\/em>, koja predstavlja zbirku kli\u0161ea Galerije Matice srpske kroz prizmu savremene umetnosti. Autor i umetnik Danilo Vuksanovi\u0107 preispituje \u017eivot predmeta u muzeju i ukazuje na va\u017enost simbola pro\u0161losti kao modela za stvaranje u aktuelnom umetni\u010dkom trenutku, idejno spajaju\u0107i i otvaraju\u0107i prostor za nesmetanu komunikaciju i povezivanje pro\u0161losti i sada\u0161njosti.<\/p>\n\t\t\t<\/div>\n\t\n<a href=\"https:\/\/www.galerijamaticesrpske.rs\/lat\/events\/matrica-monologija-danila-vuksanovica\/\" class=\"button primary\" >\n\t\t<span>Pro\u010ditaj vi\u0161e<\/span>\n\t<\/a>\n\n\t\t<\/div>\n\t\t\t\t\t<\/div>\n\n\t\n\n\t<div id=\"col-1086796738\" class=\"col medium-3 small-12 large-3\"  >\n\t\t\t\t<div class=\"col-inner\"  >\n\t\t\t\n\t\t\t\n\t<div id=\"gap-913316592\" class=\"gap-element clearfix\" style=\"display:block; height:auto;\">\n\t\t\n<style>\n#gap-913316592 {\n  padding-top: 45px;\n}\n<\/style>\n\t<\/div>\n\t\n\t<div id=\"text-3321698090\" class=\"text mb30\">\n\t\t\n<p><strong>Datum otvaranja<\/strong>: <br \/>24. oktobar 2020.<\/p>\n<p><strong>Trajanje izlo\u017ebe:<\/strong> <br \/>04. april 2021.<\/p>\n<p><strong>Mesto:<\/strong> <br \/>Izlo\u017ebene sale \u201eMilivoj Nikolajevi\u0107\u201d, Galerija Matice srpske<\/p>\n\t\t\t<\/div>\n\t\n\t\t<\/div>\n\t\t\t\t\t<\/div>\n\n\t\n\n\n\t<div id=\"col-2095170458\" class=\"col pt0 pb20 mt0 small-12 large-12\"  >\n\t\t\t\t<div class=\"col-inner\"  >\n\t\t\t\n\t\t\t\n<div class=\"text-center\"><div class=\"is-divider divider clearfix\" style=\"max-width:100%;height:1px;\"><\/div><\/div>\n\t\t<\/div>\n\t\t\t\t\t<\/div>\n\n\t\n\n<style>\n#row-1132549835 > .col > .col-inner {\n  padding: 20px 20px 0px 20px;\n}\n<\/style>\n<\/div>\n<div class=\"row\"  id=\"row-273934269\">\n\n\t<div id=\"col-128151151\" class=\"col pr0 medium-3 small-12 large-3\"  >\n\t\t\t\t<div class=\"col-inner text-center\"  >\n\t\t\t\n\t\t\t\n\t<div class=\"img has-hover x md-x lg-x y md-y lg-y\" id=\"image_1488456616\">\n\t\t<a class=\"\" href=\"https:\/\/www.galerijamaticesrpske.rs\/lat\/events\/inspirisani-italijom\/\" >\t\t\t\t\t\t<div class=\"img-inner dark\" >\n\t\t\t<img loading=\"lazy\" decoding=\"async\" width=\"771\" height=\"1080\" src=\"http:\/\/www.galerijamaticesrpske.rs\/wp-content\/uploads\/2021\/02\/inspirisani-italijom-1.jpg\" class=\"attachment-original size-original\" alt=\"\u0418\u043d\u0441\u043f\u0438\u0440\u0438\u0441\u0430\u043d\u0438 \u0418\u0442\u0430\u043b\u0438\u0458\u043e\u043c\" srcset=\"http:\/\/www.galerijamaticesrpske.rs\/wp-content\/uploads\/2021\/02\/inspirisani-italijom-1.jpg 771w, http:\/\/www.galerijamaticesrpske.rs\/wp-content\/uploads\/2021\/02\/inspirisani-italijom-1-214x300.jpg 214w, http:\/\/www.galerijamaticesrpske.rs\/wp-content\/uploads\/2021\/02\/inspirisani-italijom-1-731x1024.jpg 731w, http:\/\/www.galerijamaticesrpske.rs\/wp-content\/uploads\/2021\/02\/inspirisani-italijom-1-768x1076.jpg 768w\" sizes=\"auto, (max-width: 771px) 100vw, 771px\" \/>\t\t\t\t\t\t\n\t\t\t\t\t<\/div>\n\t\t\t\t\t\t<\/a>\t\t\n<style>\n#image_1488456616 {\n  width: 100%;\n}\n<\/style>\n\t<\/div>\n\t\n\t\t<\/div>\n\t\t\t\t\t<\/div>\n\n\t\n\n\t<div id=\"col-444039785\" class=\"col pl0 pb0 medium-6 small-12 large-6\"  >\n\t\t\t\t<div class=\"col-inner\"  >\n\t\t\t\n\t\t\t\n\t<div id=\"text-3955409083\" class=\"text mb30\">\n\t\t\n<h3 class=\"title28 playtitle\"><a href=\"https:\/\/www.galerijamaticesrpske.rs\/lat\/events\/inspirisani-italijom\/\">Inspirisani Italijom<\/a><\/h3>\n<p>Galerija Matice srpske je povodom obele\u017eavanja 140 godina od uspostavljanja diplomatskih odnosa izme\u0111u Italije i Srbije i deset godina od potpisivanja strate\u0161kog partnerstva izme\u0111u dve zemlje, u saradnji sa Italijanskim institutom za kulturu u Beogradu, a pod pokroviteljstvom DDOR osiguranja, priredila izlo\u017ebu <em>Inspirisani Italijom<\/em>, autorke Stanislave Jovanovi\u0107 Mindi\u0107, kustosa GMS.<\/p>\n\t\t\t<\/div>\n\t\n<a href=\"https:\/\/www.galerijamaticesrpske.rs\/lat\/events\/inspirisani-italijom\/\" class=\"button primary\" >\n\t\t<span>Pro\u010ditaj vi\u0161e<\/span>\n\t<\/a>\n\n\t\t<\/div>\n\t\t\t\t\t<\/div>\n\n\t\n\n\t<div id=\"col-2004760261\" class=\"col medium-3 small-12 large-3\"  >\n\t\t\t\t<div class=\"col-inner\"  >\n\t\t\t\n\t\t\t\n\t<div id=\"gap-1875007956\" class=\"gap-element clearfix\" style=\"display:block; height:auto;\">\n\t\t\n<style>\n#gap-1875007956 {\n  padding-top: 45px;\n}\n<\/style>\n\t<\/div>\n\t\n\t<div id=\"text-2149844212\" class=\"text mb30\">\n\t\t\n<p><strong>Datum otvaranja<\/strong>: <br \/>06. mart 2020.<\/p>\n<p><strong>Trajanje izlo\u017ebe:<\/strong> <br \/>30. septembar 2020.<\/p>\n<p><strong>Mesto:<\/strong> <br \/>Galerija Matice srpske, Izlo\u017ebene sale \u201eMilivoj Nikolajevi\u0107\u201d<\/p>\n\t\t\t<\/div>\n\t\n\t\t<\/div>\n\t\t\t\t\t<\/div>\n\n\t\n\n\t<div id=\"col-1749531068\" class=\"col pt0 pb20 mt0 small-12 large-12\"  >\n\t\t\t\t<div class=\"col-inner\"  >\n\t\t\t\n\t\t\t\n<div class=\"text-center\"><div class=\"is-divider divider clearfix\" style=\"max-width:100%;height:1px;\"><\/div><\/div>\n\t\t<\/div>\n\t\t\t\t\t<\/div>\n\n\t\n\n<style>\n#row-273934269 > .col > .col-inner {\n  padding: 20px 20px 0px 20px;\n}\n<\/style>\n<\/div>\n<div class=\"row\"  id=\"row-118101964\">\n\n\t<div id=\"col-1717358217\" class=\"col pr0 medium-3 small-12 large-3\"  >\n\t\t\t\t<div class=\"col-inner text-center\"  >\n\t\t\t\n\t\t\t\n\t<div class=\"img has-hover x md-x lg-x y md-y lg-y\" id=\"image_1028844580\">\n\t\t<a class=\"\" href=\"https:\/\/www.galerijamaticesrpske.rs\/lat\/events\/srpski-modernizam-1880-1950-iz-kolekcie-gms\/\" >\t\t\t\t\t\t<div class=\"img-inner dark\" >\n\t\t\t<img loading=\"lazy\" decoding=\"async\" width=\"742\" height=\"1080\" src=\"http:\/\/www.galerijamaticesrpske.rs\/wp-content\/uploads\/2021\/02\/srpski-modernizam-1.jpg\" class=\"attachment-original size-original\" alt=\"\u0421\u0440\u043f\u0441\u043a\u0438 \u043c\u043e\u0434\u0435\u0440\u043d\u0438\u0437\u0430\u043c 1880\u20121950. \u0438\u0437 \u043a\u043e\u043b\u0435\u043a\u0446\u0438\u0458\u0435 \u0413\u0430\u043b\u0435\u0440\u0438\u0458\u0435 \u041c\u0430\u0442\u0438\u0446\u0435 \u0441\u0440\u043f\u0441\u043a\u0435\" srcset=\"http:\/\/www.galerijamaticesrpske.rs\/wp-content\/uploads\/2021\/02\/srpski-modernizam-1.jpg 742w, http:\/\/www.galerijamaticesrpske.rs\/wp-content\/uploads\/2021\/02\/srpski-modernizam-1-206x300.jpg 206w, http:\/\/www.galerijamaticesrpske.rs\/wp-content\/uploads\/2021\/02\/srpski-modernizam-1-704x1024.jpg 704w\" sizes=\"auto, (max-width: 742px) 100vw, 742px\" \/>\t\t\t\t\t\t\n\t\t\t\t\t<\/div>\n\t\t\t\t\t\t<\/a>\t\t\n<style>\n#image_1028844580 {\n  width: 100%;\n}\n<\/style>\n\t<\/div>\n\t\n\t\t<\/div>\n\t\t\t\t\t<\/div>\n\n\t\n\n\t<div id=\"col-522518535\" class=\"col pl0 pb0 medium-6 small-12 large-6\"  >\n\t\t\t\t<div class=\"col-inner\"  >\n\t\t\t\n\t\t\t\n\t<div id=\"text-2419625124\" class=\"text mb30\">\n\t\t\n<h3 class=\"title28 playtitle\"><a href=\"https:\/\/www.galerijamaticesrpske.rs\/lat\/events\/srpski-modernizam-1880-1950-iz-kolekcie-gms\/\">Srpski modernizam 1880\u20121950. Iz kolekcije Galerije Matice srpske<\/a><\/h3>\n<p>Izlo\u017eba Srpski modernizam 1880\u20121950. Iz kolekcije Galerije Matice srpske, autorke dr Tijane Palkovljevi\u0107 Bugarski, upravnice GMS, realizovana je na poziv Narodne galerije Slovenije u Ljubljani, a sa \u017eeljom da se slovena\u010dkoj javnosti predstavi jedan deo srpskog kulturnog nasle\u0111a kroz odabir dela iz jedne od najstarijih i najeminentnijih nacionalnih ustanova Republike Srbije.<\/p>\n\t\t\t<\/div>\n\t\n<a href=\"https:\/\/www.galerijamaticesrpske.rs\/lat\/events\/srpski-modernizam-1880-1950-iz-kolekcie-gms\/\" class=\"button primary\" >\n\t\t<span>Pro\u010ditaj vi\u0161e<\/span>\n\t<\/a>\n\n\t\t<\/div>\n\t\t\t\t\t<\/div>\n\n\t\n\n\t<div id=\"col-1976641998\" class=\"col medium-3 small-12 large-3\"  >\n\t\t\t\t<div class=\"col-inner\"  >\n\t\t\t\n\t\t\t\n\t<div id=\"gap-1982869639\" class=\"gap-element clearfix\" style=\"display:block; height:auto;\">\n\t\t\n<style>\n#gap-1982869639 {\n  padding-top: 45px;\n}\n<\/style>\n\t<\/div>\n\t\n\t<div id=\"text-440446337\" class=\"text mb30\">\n\t\t\n<p><strong>Datum otvaranja<\/strong>: <br \/>29. januar 2020.<\/p>\n<p><strong>Trajanje izlo\u017ebe:<\/strong> <br \/>06. septembar 2020.<\/p>\n<p><strong>Mesto:<\/strong> <br \/>Narodna galerija Slovenije, Ljubljana<\/p>\n\t\t\t<\/div>\n\t\n\t\t<\/div>\n\t\t\t\t\t<\/div>\n\n\t\n\n\t<div id=\"col-1587398553\" class=\"col pt0 pb20 mt0 small-12 large-12\"  >\n\t\t\t\t<div class=\"col-inner\"  >\n\t\t\t\n\t\t\t\n<div class=\"text-center\"><div class=\"is-divider divider clearfix\" style=\"max-width:100%;height:1px;\"><\/div><\/div>\n\t\t<\/div>\n\t\t\t\t\t<\/div>\n\n\t\n\n<style>\n#row-118101964 > .col > .col-inner {\n  padding: 20px 20px 0px 20px;\n}\n<\/style>\n<\/div>\n<div class=\"row\"  id=\"row-1293683330\">\n\n\t<div id=\"col-417880310\" class=\"col pr0 medium-3 small-12 large-3\"  >\n\t\t\t\t<div class=\"col-inner text-center\"  >\n\t\t\t\n\t\t\t\n\t<div class=\"img has-hover x md-x lg-x y md-y lg-y\" id=\"image_1130356161\">\n\t\t<a class=\"\" href=\"https:\/\/www.galerijamaticesrpske.rs\/lat\/events\/punktumi-zbirka-inostrane-umjetnosti-msurs\/\" >\t\t\t\t\t\t<div class=\"img-inner dark\" >\n\t\t\t<img loading=\"lazy\" decoding=\"async\" width=\"771\" height=\"1080\" src=\"http:\/\/www.galerijamaticesrpske.rs\/wp-content\/uploads\/2021\/03\/punktumi-1.jpg\" class=\"attachment-original size-original\" alt=\"\u041f\u0443\u043d\u043a\u0442\u0443\u043c\u0438. \u0417\u0431\u0438\u0440\u043a\u0430 \u0438\u043d\u043e\u0441\u0442\u0440\u0430\u043d\u0435 \u0443\u043c\u0458\u0435\u0442\u043d\u043e\u0441\u0442\u0438 \u041c\u0443\u0437\u0435\u0458\u0430 \u0441\u0430\u0432\u0440\u0435\u043c\u0435\u043d\u0435 \u0443\u043c\u0458\u0435\u0442\u043d\u043e\u0441\u0442\u0438 \u0420\u0435\u043f\u0443\u0431\u043b\u0438\u043a\u0435 \u0421\u0440\u043f\u0441\u043a\u0435\" srcset=\"http:\/\/www.galerijamaticesrpske.rs\/wp-content\/uploads\/2021\/03\/punktumi-1.jpg 771w, http:\/\/www.galerijamaticesrpske.rs\/wp-content\/uploads\/2021\/03\/punktumi-1-214x300.jpg 214w, http:\/\/www.galerijamaticesrpske.rs\/wp-content\/uploads\/2021\/03\/punktumi-1-731x1024.jpg 731w, http:\/\/www.galerijamaticesrpske.rs\/wp-content\/uploads\/2021\/03\/punktumi-1-768x1076.jpg 768w\" sizes=\"auto, (max-width: 771px) 100vw, 771px\" \/>\t\t\t\t\t\t\n\t\t\t\t\t<\/div>\n\t\t\t\t\t\t<\/a>\t\t\n<style>\n#image_1130356161 {\n  width: 100%;\n}\n<\/style>\n\t<\/div>\n\t\n\t\t<\/div>\n\t\t\t\t\t<\/div>\n\n\t\n\n\t<div id=\"col-1926054875\" class=\"col pl0 pb0 medium-6 small-12 large-6\"  >\n\t\t\t\t<div class=\"col-inner\"  >\n\t\t\t\n\t\t\t\n\t<div id=\"text-3324756205\" class=\"text mb30\">\n\t\t\n<h3 class=\"title28 playtitle\"><a href=\"https:\/\/www.galerijamaticesrpske.rs\/lat\/events\/punktumi-zbirka-inostrane-umjetnosti-msurs\/\">Punktumi. Zbirka inostrane umjetnosti MSURS<\/a><\/h3>\n<p>Izlo\u017eba <em>Punktumi. Zbirka inostrane umjetnosti Muzeja savremene umjetnosti Republike Srpske<\/em> gostovala je u Galeriji Matice srpske. Izlo\u017eba je prire\u0111ena s ciljem da se uka\u017ee na zna\u010daj Zbirke inostrane umjetnosti i inicira promocija evropske kulturne ba\u0161tine koju \u010duva ovaj Muzej. Zbirka inostrane umjetnosti obuhvata vi\u0161e od 360 umetni\u010dkih dela, a kroz odabrane radove predstavljene na izlo\u017ebi omogu\u0107en je uvid u vode\u0107e umetni\u010dke tokove posle 1945. godine.<\/p>\n\t\t\t<\/div>\n\t\n<a href=\"https:\/\/www.galerijamaticesrpske.rs\/lat\/events\/punktumi-zbirka-inostrane-umjetnosti-msurs\/\" class=\"button primary\" >\n\t\t<span>Pro\u010ditaj vi\u0161e<\/span>\n\t<\/a>\n\n\t\t<\/div>\n\t\t\t\t\t<\/div>\n\n\t\n\n\t<div id=\"col-225209083\" class=\"col medium-3 small-12 large-3\"  >\n\t\t\t\t<div class=\"col-inner\"  >\n\t\t\t\n\t\t\t\n\t<div id=\"gap-607587714\" class=\"gap-element clearfix\" style=\"display:block; height:auto;\">\n\t\t\n<style>\n#gap-607587714 {\n  padding-top: 45px;\n}\n<\/style>\n\t<\/div>\n\t\n\t<div id=\"text-59441050\" class=\"text mb30\">\n\t\t\n<p><strong>Datum otvaranja<\/strong>: <br \/>22. novembar 2019.<\/p>\n<p><strong>Trajanje izlo\u017ebe:<\/strong> <br \/>1. mart 2020. <\/p>\n<p><strong>Mesto:<\/strong> <br \/>Galerija Matice srpske, Izlo\u017ebene sale \u201eMilivoj Nikolajevi\u0107\u201d<\/p>\n\t\t\t<\/div>\n\t\n\t\t<\/div>\n\t\t\t\t\t<\/div>\n\n\t\n\n\t<div id=\"col-1961016545\" class=\"col pt0 pb20 mt0 small-12 large-12\"  >\n\t\t\t\t<div class=\"col-inner\"  >\n\t\t\t\n\t\t\t\n<div class=\"text-center\"><div class=\"is-divider divider clearfix\" style=\"max-width:100%;height:1px;\"><\/div><\/div>\n\t\t<\/div>\n\t\t\t\t\t<\/div>\n\n\t\n\n<style>\n#row-1293683330 > .col > .col-inner {\n  padding: 20px 20px 0px 20px;\n}\n<\/style>\n<\/div>\n<div class=\"row\"  id=\"row-104232701\">\n\n\t<div id=\"col-2059696298\" class=\"col pr0 medium-3 small-12 large-3\"  >\n\t\t\t\t<div class=\"col-inner text-center\"  >\n\t\t\t\n\t\t\t\n\t<div class=\"img has-hover x md-x lg-x y md-y lg-y\" id=\"image_1745120382\">\n\t\t<a class=\"\" href=\"https:\/\/www.galerijamaticesrpske.rs\/lat\/events\/inspirisani-italijom-u-beogradu\/\" >\t\t\t\t\t\t<div class=\"img-inner dark\" >\n\t\t\t<img loading=\"lazy\" decoding=\"async\" width=\"757\" height=\"1080\" src=\"http:\/\/www.galerijamaticesrpske.rs\/wp-content\/uploads\/2021\/03\/inspirisani-italijom-u-beogradu-1.jpg\" class=\"attachment-original size-original\" alt=\"\u0418\u043d\u0441\u043f\u0438\u0440\u0438\u0441\u0430\u043d\u0438 \u0418\u0442\u0430\u043b\u0438\u0458\u043e\u043c\" srcset=\"http:\/\/www.galerijamaticesrpske.rs\/wp-content\/uploads\/2021\/03\/inspirisani-italijom-u-beogradu-1.jpg 757w, http:\/\/www.galerijamaticesrpske.rs\/wp-content\/uploads\/2021\/03\/inspirisani-italijom-u-beogradu-1-210x300.jpg 210w, http:\/\/www.galerijamaticesrpske.rs\/wp-content\/uploads\/2021\/03\/inspirisani-italijom-u-beogradu-1-718x1024.jpg 718w\" sizes=\"auto, (max-width: 757px) 100vw, 757px\" \/>\t\t\t\t\t\t\n\t\t\t\t\t<\/div>\n\t\t\t\t\t\t<\/a>\t\t\n<style>\n#image_1745120382 {\n  width: 100%;\n}\n<\/style>\n\t<\/div>\n\t\n\t\t<\/div>\n\t\t\t\t\t<\/div>\n\n\t\n\n\t<div id=\"col-480907856\" class=\"col pl0 pb0 medium-6 small-12 large-6\"  >\n\t\t\t\t<div class=\"col-inner\"  >\n\t\t\t\n\t\t\t\n\t<div id=\"text-2264963572\" class=\"text mb30\">\n\t\t\n<h3 class=\"title28 playtitle\"><a href=\"https:\/\/www.galerijamaticesrpske.rs\/lat\/events\/inspirisani-italijom-u-beogradu\/\">Inspirisani Italijom<\/a><\/h3>\n<p>Galerija Matice srpske je povodom obele\u017eavanja 140 godina od uspostavljanja diplomatskih odnosa izme\u0111u Italije i Srbije i deset godina od potpisivanja strate\u0161kog partnerstva izme\u0111u dve zemlje, u saradnji sa Italijanskim institutom za kulturu u Beogradu, a pod pokroviteljstvom DDOR osiguranja, priredila izlo\u017ebu <em>Inspirisani Italijom<\/em>, autorke Stanislave Jovanovi\u0107 Mindi\u0107, kustosa GMS.<\/p>\n\t\t\t<\/div>\n\t\n<a href=\"https:\/\/www.galerijamaticesrpske.rs\/lat\/events\/inspirisani-italijom-u-beogradu\/\" class=\"button primary\" >\n\t\t<span>Pro\u010ditaj vi\u0161e<\/span>\n\t<\/a>\n\n\t\t<\/div>\n\t\t\t\t\t<\/div>\n\n\t\n\n\t<div id=\"col-1553396904\" class=\"col medium-3 small-12 large-3\"  >\n\t\t\t\t<div class=\"col-inner\"  >\n\t\t\t\n\t\t\t\n\t<div id=\"gap-247660239\" class=\"gap-element clearfix\" style=\"display:block; height:auto;\">\n\t\t\n<style>\n#gap-247660239 {\n  padding-top: 45px;\n}\n<\/style>\n\t<\/div>\n\t\n\t<div id=\"text-64225675\" class=\"text mb30\">\n\t\t\n<p><strong>Datum otvaranja<\/strong>: <br \/>30. oktobar 2019.<\/p>\n<p><strong>Trajanje izlo\u017ebe:<\/strong> <br \/>29. novembar 2019.<\/p>\n<p><strong>Mesto:<\/strong> <br \/>Italijanski institut za kulturu u Beogradu<\/p>\n\t\t\t<\/div>\n\t\n\t\t<\/div>\n\t\t\t\t\t<\/div>\n\n\t\n\n\t<div id=\"col-748874915\" class=\"col pt0 pb20 mt0 small-12 large-12\"  >\n\t\t\t\t<div class=\"col-inner\"  >\n\t\t\t\n\t\t\t\n<div class=\"text-center\"><div class=\"is-divider divider clearfix\" style=\"max-width:100%;height:1px;\"><\/div><\/div>\n\t\t<\/div>\n\t\t\t\t\t<\/div>\n\n\t\n\n<style>\n#row-104232701 > .col > .col-inner {\n  padding: 20px 20px 0px 20px;\n}\n<\/style>\n<\/div>\n<div class=\"row\"  id=\"row-921809140\">\n\n\t<div id=\"col-981696227\" class=\"col pr0 medium-3 small-12 large-3\"  >\n\t\t\t\t<div class=\"col-inner text-center\"  >\n\t\t\t\n\t\t\t\n\t<div class=\"img has-hover x md-x lg-x y md-y lg-y\" id=\"image_555176231\">\n\t\t<a class=\"\" href=\"https:\/\/www.galerijamaticesrpske.rs\/lat\/events\/evropski-fenomeni-u-kolekciji-galerije-matice-srpske\/\" >\t\t\t\t\t\t<div class=\"img-inner dark\" >\n\t\t\t<img loading=\"lazy\" decoding=\"async\" width=\"1080\" height=\"764\" src=\"http:\/\/www.galerijamaticesrpske.rs\/wp-content\/uploads\/2021\/03\/evropski-fenomeni-u-banja-luci-1.jpg\" class=\"attachment-original size-original\" alt=\"\u0415\u0432\u0440\u043e\u043f\u0441\u043a\u0438 \u0444\u0435\u043d\u043e\u043c\u0435\u043d\u0438 \u0443 \u043a\u043e\u043b\u0435\u043a\u0446\u0438\u0458\u0438 \u0413\u0430\u043b\u0435\u0440\u0438\u0458\u0435 \u041c\u0430\u0442\u0438\u0446\u0435 \u0441\u0440\u043f\u0441\u043a\u0435\" srcset=\"http:\/\/www.galerijamaticesrpske.rs\/wp-content\/uploads\/2021\/03\/evropski-fenomeni-u-banja-luci-1.jpg 1080w, http:\/\/www.galerijamaticesrpske.rs\/wp-content\/uploads\/2021\/03\/evropski-fenomeni-u-banja-luci-1-300x212.jpg 300w, http:\/\/www.galerijamaticesrpske.rs\/wp-content\/uploads\/2021\/03\/evropski-fenomeni-u-banja-luci-1-1024x724.jpg 1024w, http:\/\/www.galerijamaticesrpske.rs\/wp-content\/uploads\/2021\/03\/evropski-fenomeni-u-banja-luci-1-768x543.jpg 768w\" sizes=\"auto, (max-width: 1080px) 100vw, 1080px\" \/>\t\t\t\t\t\t\n\t\t\t\t\t<\/div>\n\t\t\t\t\t\t<\/a>\t\t\n<style>\n#image_555176231 {\n  width: 100%;\n}\n<\/style>\n\t<\/div>\n\t\n\t\t<\/div>\n\t\t\t\t\t<\/div>\n\n\t\n\n\t<div id=\"col-2077634061\" class=\"col pl0 pb0 medium-6 small-12 large-6\"  >\n\t\t\t\t<div class=\"col-inner\"  >\n\t\t\t\n\t\t\t\n\t<div id=\"text-1049205156\" class=\"text mb30\">\n\t\t\n<h3 class=\"title28 playtitle\"><a href=\"https:\/\/www.galerijamaticesrpske.rs\/lat\/events\/evropski-fenomeni-u-kolekciji-galerije-matice-srpske\/\">Evropski fenomeni u kolekciji Galerije Matice srpske<\/a><\/h3>\n<p>Nakon premijernog predstavljanja izlo\u017ebe u Galeriji Matice srpske 2018. godine, izlo\u017eba <em>Evropski fenomeni u kolekciji Galerije Matice srpske<\/em> autora mr Danila Vuksanovi\u0107a, Miroslave \u017darkov, Luke Kuli\u0107a i Stanislave Jovanovi\u0107, kustosa i konzervatora GMS, prire\u0111ena je i u Muzeju savremene umjetnosti Republike Srpske u Banja Luci.<\/p>\n\t\t\t<\/div>\n\t\n<a href=\"https:\/\/www.galerijamaticesrpske.rs\/lat\/events\/evropski-fenomeni-u-kolekciji-galerije-matice-srpske\/\" class=\"button primary\" >\n\t\t<span>Pro\u010ditaj vi\u0161e<\/span>\n\t<\/a>\n\n\t\t<\/div>\n\t\t\t\t\t<\/div>\n\n\t\n\n\t<div id=\"col-2037229331\" class=\"col medium-3 small-12 large-3\"  >\n\t\t\t\t<div class=\"col-inner\"  >\n\t\t\t\n\t\t\t\n\t<div id=\"gap-1095355372\" class=\"gap-element clearfix\" style=\"display:block; height:auto;\">\n\t\t\n<style>\n#gap-1095355372 {\n  padding-top: 45px;\n}\n<\/style>\n\t<\/div>\n\t\n\t<div id=\"text-1495996984\" class=\"text mb30\">\n\t\t\n<p><strong>Datum otvaranja<\/strong>: <br \/>24. oktobar 2019. <\/p>\n<p><strong>Trajanje izlo\u017ebe:<\/strong> <br \/>5. decembar 2019.<\/p>\n<p><strong>Mesto:<\/strong> <br \/>Muzej savremene umjetnosti Republike Srpske, Banjaluka<\/p>\n\t\t\t<\/div>\n\t\n\t\t<\/div>\n\t\t\t\t\t<\/div>\n\n\t\n\n\t<div id=\"col-489643118\" class=\"col pt0 pb20 mt0 small-12 large-12\"  >\n\t\t\t\t<div class=\"col-inner\"  >\n\t\t\t\n\t\t\t\n<div class=\"text-center\"><div class=\"is-divider divider clearfix\" style=\"max-width:100%;height:1px;\"><\/div><\/div>\n\t\t<\/div>\n\t\t\t\t\t<\/div>\n\n\t\n\n<style>\n#row-921809140 > .col > .col-inner {\n  padding: 20px 20px 0px 20px;\n}\n<\/style>\n<\/div>\n<div class=\"row\"  id=\"row-1060248880\">\n\n\t<div id=\"col-123113206\" class=\"col pr0 medium-3 small-12 large-3\"  >\n\t\t\t\t<div class=\"col-inner text-center\"  >\n\t\t\t\n\t\t\t\n\t<div class=\"img has-hover x md-x lg-x y md-y lg-y\" id=\"image_943962767\">\n\t\t<a class=\"\" href=\"https:\/\/www.galerijamaticesrpske.rs\/lat\/events\/sava-sumanovic-i-tajna-pod-kupolom\/\" >\t\t\t\t\t\t<div class=\"img-inner dark\" >\n\t\t\t<img loading=\"lazy\" decoding=\"async\" width=\"1080\" height=\"1527\" src=\"http:\/\/www.galerijamaticesrpske.rs\/wp-content\/uploads\/2021\/02\/sava-sumanovic-i-tajna-pod-kupolom-1.jpg\" class=\"attachment-original size-original\" alt=\"\" srcset=\"http:\/\/www.galerijamaticesrpske.rs\/wp-content\/uploads\/2021\/02\/sava-sumanovic-i-tajna-pod-kupolom-1.jpg 1080w, http:\/\/www.galerijamaticesrpske.rs\/wp-content\/uploads\/2021\/02\/sava-sumanovic-i-tajna-pod-kupolom-1-212x300.jpg 212w, http:\/\/www.galerijamaticesrpske.rs\/wp-content\/uploads\/2021\/02\/sava-sumanovic-i-tajna-pod-kupolom-1-724x1024.jpg 724w, http:\/\/www.galerijamaticesrpske.rs\/wp-content\/uploads\/2021\/02\/sava-sumanovic-i-tajna-pod-kupolom-1-768x1086.jpg 768w\" sizes=\"auto, (max-width: 1080px) 100vw, 1080px\" \/>\t\t\t\t\t\t\n\t\t\t\t\t<\/div>\n\t\t\t\t\t\t<\/a>\t\t\n<style>\n#image_943962767 {\n  width: 100%;\n}\n<\/style>\n\t<\/div>\n\t\n\t\t<\/div>\n\t\t\t\t\t<\/div>\n\n\t\n\n\t<div id=\"col-995433760\" class=\"col pl0 pb0 medium-6 small-12 large-6\"  >\n\t\t\t\t<div class=\"col-inner\"  >\n\t\t\t\n\t\t\t\n\t<div id=\"text-2561929817\" class=\"text mb30\">\n\t\t\n<h3 class=\"title28 playtitle\"><a href=\"https:\/\/www.galerijamaticesrpske.rs\/lat\/events\/sava-sumanovic-i-tajna-pod-kupolom\/\">Sava \u0160umanovi\u0107 i tajna pod kupolom<\/a><\/h3>\n<p>Galerija Matice srpske u okviru programa obele\u017eavanja 180 godina diplomatskih odnosa Srbije i Francuske u Kulturnom centru Srbije u Parizu priredila je izlo\u017ebu Sava \u0160umanovi\u0107 i tajna pod kupolom autorke dr Tijane Palkovljevi\u0107 Bugarski, upravnice GMS. Izlo\u017ebom se francuskoj publici predstavio deo opusa Save \u0160umanovi\u0107a, koji se odnosi na oslikavanje jednog od stubova u poznatom pariskom restoranu \u201eLa Coupole\u201d na Monparnasu 1927. godine.<\/p>\n\t\t\t<\/div>\n\t\n<a href=\"https:\/\/www.galerijamaticesrpske.rs\/lat\/events\/sava-sumanovic-i-tajna-pod-kupolom\/\" class=\"button primary\" >\n\t\t<span>Pro\u010ditaj vi\u0161e<\/span>\n\t<\/a>\n\n\t\t<\/div>\n\t\t\t\t\t<\/div>\n\n\t\n\n\t<div id=\"col-1140390797\" class=\"col medium-3 small-12 large-3\"  >\n\t\t\t\t<div class=\"col-inner\"  >\n\t\t\t\n\t\t\t\n\t<div id=\"gap-908156807\" class=\"gap-element clearfix\" style=\"display:block; height:auto;\">\n\t\t\n<style>\n#gap-908156807 {\n  padding-top: 45px;\n}\n<\/style>\n\t<\/div>\n\t\n\t<div id=\"text-2893644856\" class=\"text mb30\">\n\t\t\n<p><strong>Datum otvaranja<\/strong>: <br \/>17. maj 2019.<\/p>\n<p><strong>Trajanje izlo\u017ebe:<\/strong> <br \/>31. avgust 2019.<\/p>\n<p><strong>Mesto:<\/strong> <br \/>Kulturni centar Srbije u Parizu<\/p>\n\t\t\t<\/div>\n\t\n\t\t<\/div>\n\t\t\t\t\t<\/div>\n\n\t\n\n\t<div id=\"col-1917101574\" class=\"col pt0 pb20 mt0 small-12 large-12\"  >\n\t\t\t\t<div class=\"col-inner\"  >\n\t\t\t\n\t\t\t\n<div class=\"text-center\"><div class=\"is-divider divider clearfix\" style=\"max-width:100%;height:1px;\"><\/div><\/div>\n\t\t<\/div>\n\t\t\t\t\t<\/div>\n\n\t\n\n<style>\n#row-1060248880 > .col > .col-inner {\n  padding: 20px 20px 0px 20px;\n}\n<\/style>\n<\/div>\n\t\t<\/div>\n\n\t\t\n<style>\n#section_554586637 {\n  padding-top: 50px;\n  padding-bottom: 50px;\n  background-color: rgb(246, 246, 246);\n}\n<\/style>\n\t<\/section>\n\t\n\n  <div class=\"banner has-hover\" id=\"banner-589271514\">\n          <div class=\"banner-inner fill\">\n        <div class=\"banner-bg fill\" >\n                                                \n                    <\/div>\n\t\t\n        <div class=\"banner-layers container\">\n            <div class=\"fill banner-link\"><\/div>            \n\n   <div id=\"text-box-1983756121\" class=\"text-box banner-layer x50 md-x50 lg-x50 y10 md-y50 lg-y50 res-text\">\n                                <div class=\"text-box-content text \">\n              \n              <div class=\"text-inner text-center\">\n                  \n\n\t<div id=\"gap-1654235271\" class=\"gap-element clearfix hidden398\" style=\"display:block; height:auto;\">\n\t\t\n<style>\n#gap-1654235271 {\n  padding-top: 10px;\n}\n<\/style>\n\t<\/div>\n\t\n\n\t<div id=\"text-3683008165\" class=\"text fs16\">\n\t\t\n\n<h2 class=\"title36\">Posetite Galeriju Matice srpske<\/h2>\n<p>Do\u017eivite srpsku umetnost i u\u017eivajte u jedinstvenom ambijentu riznice nacionalne kulture.<\/p>\n\t\t\t<\/div>\n\t\n<a data-animate=\"fadeInUp\" href=\"\/lat\/pretraga-dogadjaja\/\" class=\"button primary is-smaller lowercase maxwidth360\" >\n\t\t<span>Aktuelno u Galeriji<\/span>\n\t<\/a>\n\n\n\t<div id=\"gap-1207676221\" class=\"gap-element clearfix\" style=\"display:block; height:auto;\">\n\t\t\n<style>\n#gap-1207676221 {\n  padding-top: 10px;\n}\n<\/style>\n\t<\/div>\n\t\n\n\n              <\/div>\n           <\/div>\n                            \n<style>\n#text-box-1983756121 {\n  width: 90%;\n}\n#text-box-1983756121 .text-box-content {\n  font-size: 100%;\n}\n@media (min-width:550px) {\n  #text-box-1983756121 {\n    width: 70%;\n  }\n}\n<\/style>\n    <\/div>\n \n\n        <\/div>\n      <\/div>\n\n            \n<style>\n#banner-589271514 {\n  padding-top: 210px;\n  background-color: rgb(255, 255, 255);\n}\n@media (min-width:550px) {\n  #banner-589271514 {\n    padding-top: 320px;\n  }\n}\n<\/style>\n  <\/div>\n\n\n","protected":false},"excerpt":{"rendered":"","protected":false},"author":1,"featured_media":0,"parent":2973,"menu_order":0,"comment_status":"closed","ping_status":"closed","template":"page-blank.php","meta":{"_acf_changed":false,"footnotes":""},"class_list":["post-2980","page","type-page","status-publish","hentry"],"acf":[],"yoast_head":"<!-- This site is optimized with the Yoast SEO plugin v27.3 - https:\/\/yoast.com\/product\/yoast-seo-wordpress\/ -->\n<title>Prethodne izlo\u017ebe | Galerija Matice srpske<\/title>\n<meta name=\"robots\" content=\"index, follow, max-snippet:-1, max-image-preview:large, max-video-preview:-1\" \/>\n<link rel=\"canonical\" href=\"http:\/\/www.galerijamaticesrpske.rs\/lat\/izlozbe\/prethodne-izlozbe\/\" \/>\n<meta property=\"og:locale\" content=\"en_US\" \/>\n<meta property=\"og:type\" content=\"article\" \/>\n<meta property=\"og:title\" content=\"Prethodne izlo\u017ebe | Galerija Matice srpske\" \/>\n<meta property=\"og:url\" content=\"http:\/\/www.galerijamaticesrpske.rs\/lat\/izlozbe\/prethodne-izlozbe\/\" \/>\n<meta property=\"og:site_name\" content=\"Galerija Matice srpske\" \/>\n<meta property=\"article:modified_time\" content=\"2026-02-03T08:23:26+00:00\" \/>\n<meta name=\"twitter:card\" content=\"summary_large_image\" \/>\n<meta name=\"twitter:label1\" content=\"Est. reading time\" \/>\n\t<meta name=\"twitter:data1\" content=\"43 minutes\" \/>\n<script type=\"application\/ld+json\" class=\"yoast-schema-graph\">{\"@context\":\"https:\\\/\\\/schema.org\",\"@graph\":[{\"@type\":\"WebPage\",\"@id\":\"http:\\\/\\\/www.galerijamaticesrpske.rs\\\/lat\\\/izlozbe\\\/prethodne-izlozbe\\\/\",\"url\":\"http:\\\/\\\/www.galerijamaticesrpske.rs\\\/lat\\\/izlozbe\\\/prethodne-izlozbe\\\/\",\"name\":\"Prethodne izlo\u017ebe | Galerija Matice srpske\",\"isPartOf\":{\"@id\":\"https:\\\/\\\/www.galerijamaticesrpske.rs\\\/#website\"},\"datePublished\":\"2021-02-13T13:53:55+00:00\",\"dateModified\":\"2026-02-03T08:23:26+00:00\",\"breadcrumb\":{\"@id\":\"http:\\\/\\\/www.galerijamaticesrpske.rs\\\/lat\\\/izlozbe\\\/prethodne-izlozbe\\\/#breadcrumb\"},\"inLanguage\":\"sr-LAT\",\"potentialAction\":[{\"@type\":\"ReadAction\",\"target\":[\"http:\\\/\\\/www.galerijamaticesrpske.rs\\\/lat\\\/izlozbe\\\/prethodne-izlozbe\\\/\"]}]},{\"@type\":\"BreadcrumbList\",\"@id\":\"http:\\\/\\\/www.galerijamaticesrpske.rs\\\/lat\\\/izlozbe\\\/prethodne-izlozbe\\\/#breadcrumb\",\"itemListElement\":[{\"@type\":\"ListItem\",\"position\":1,\"name\":\"\u041f\u043e\u0447\u0435\u0442\u043d\u0430\",\"item\":\"http:\\\/\\\/www.galerijamaticesrpske.rs\\\/lat\\\/\"},{\"@type\":\"ListItem\",\"position\":2,\"name\":\"Izlo\u017ebe\",\"item\":\"http:\\\/\\\/www.galerijamaticesrpske.rs\\\/lat\\\/izlozbe\\\/\"},{\"@type\":\"ListItem\",\"position\":3,\"name\":\"Prethodne izlo\u017ebe\"}]},{\"@type\":\"WebSite\",\"@id\":\"https:\\\/\\\/www.galerijamaticesrpske.rs\\\/#website\",\"url\":\"https:\\\/\\\/www.galerijamaticesrpske.rs\\\/\",\"name\":\"Galerija Matice srpske\",\"description\":\"Muzej srpske nacionalne umetnosti u Novom Sadu\",\"publisher\":{\"@id\":\"https:\\\/\\\/www.galerijamaticesrpske.rs\\\/#organization\"},\"potentialAction\":[{\"@type\":\"SearchAction\",\"target\":{\"@type\":\"EntryPoint\",\"urlTemplate\":\"https:\\\/\\\/www.galerijamaticesrpske.rs\\\/?s={search_term_string}\"},\"query-input\":{\"@type\":\"PropertyValueSpecification\",\"valueRequired\":true,\"valueName\":\"search_term_string\"}}],\"inLanguage\":\"sr-LAT\"},{\"@type\":\"Organization\",\"@id\":\"https:\\\/\\\/www.galerijamaticesrpske.rs\\\/#organization\",\"name\":\"Galerija Matice srpske\",\"url\":\"https:\\\/\\\/www.galerijamaticesrpske.rs\\\/\",\"logo\":{\"@type\":\"ImageObject\",\"inLanguage\":\"sr-LAT\",\"@id\":\"https:\\\/\\\/www.galerijamaticesrpske.rs\\\/#\\\/schema\\\/logo\\\/image\\\/\",\"url\":\"https:\\\/\\\/www.galerijamaticesrpske.rs\\\/wp-content\\\/uploads\\\/2021\\\/01\\\/gms-logo-za-sajt.svg\",\"contentUrl\":\"https:\\\/\\\/www.galerijamaticesrpske.rs\\\/wp-content\\\/uploads\\\/2021\\\/01\\\/gms-logo-za-sajt.svg\",\"width\":1,\"height\":1,\"caption\":\"Galerija Matice srpske\"},\"image\":{\"@id\":\"https:\\\/\\\/www.galerijamaticesrpske.rs\\\/#\\\/schema\\\/logo\\\/image\\\/\"}}]}<\/script>\n<!-- \/ Yoast SEO plugin. -->","yoast_head_json":{"title":"Prethodne izlo\u017ebe | Galerija Matice srpske","robots":{"index":"index","follow":"follow","max-snippet":"max-snippet:-1","max-image-preview":"max-image-preview:large","max-video-preview":"max-video-preview:-1"},"canonical":"http:\/\/www.galerijamaticesrpske.rs\/lat\/izlozbe\/prethodne-izlozbe\/","og_locale":"en_US","og_type":"article","og_title":"Prethodne izlo\u017ebe | Galerija Matice srpske","og_url":"http:\/\/www.galerijamaticesrpske.rs\/lat\/izlozbe\/prethodne-izlozbe\/","og_site_name":"Galerija Matice srpske","article_modified_time":"2026-02-03T08:23:26+00:00","twitter_card":"summary_large_image","twitter_misc":{"Est. reading time":"43 minutes"},"schema":{"@context":"https:\/\/schema.org","@graph":[{"@type":"WebPage","@id":"http:\/\/www.galerijamaticesrpske.rs\/lat\/izlozbe\/prethodne-izlozbe\/","url":"http:\/\/www.galerijamaticesrpske.rs\/lat\/izlozbe\/prethodne-izlozbe\/","name":"Prethodne izlo\u017ebe | Galerija Matice srpske","isPartOf":{"@id":"https:\/\/www.galerijamaticesrpske.rs\/#website"},"datePublished":"2021-02-13T13:53:55+00:00","dateModified":"2026-02-03T08:23:26+00:00","breadcrumb":{"@id":"http:\/\/www.galerijamaticesrpske.rs\/lat\/izlozbe\/prethodne-izlozbe\/#breadcrumb"},"inLanguage":"sr-LAT","potentialAction":[{"@type":"ReadAction","target":["http:\/\/www.galerijamaticesrpske.rs\/lat\/izlozbe\/prethodne-izlozbe\/"]}]},{"@type":"BreadcrumbList","@id":"http:\/\/www.galerijamaticesrpske.rs\/lat\/izlozbe\/prethodne-izlozbe\/#breadcrumb","itemListElement":[{"@type":"ListItem","position":1,"name":"\u041f\u043e\u0447\u0435\u0442\u043d\u0430","item":"http:\/\/www.galerijamaticesrpske.rs\/lat\/"},{"@type":"ListItem","position":2,"name":"Izlo\u017ebe","item":"http:\/\/www.galerijamaticesrpske.rs\/lat\/izlozbe\/"},{"@type":"ListItem","position":3,"name":"Prethodne izlo\u017ebe"}]},{"@type":"WebSite","@id":"https:\/\/www.galerijamaticesrpske.rs\/#website","url":"https:\/\/www.galerijamaticesrpske.rs\/","name":"Galerija Matice srpske","description":"Muzej srpske nacionalne umetnosti u Novom Sadu","publisher":{"@id":"https:\/\/www.galerijamaticesrpske.rs\/#organization"},"potentialAction":[{"@type":"SearchAction","target":{"@type":"EntryPoint","urlTemplate":"https:\/\/www.galerijamaticesrpske.rs\/?s={search_term_string}"},"query-input":{"@type":"PropertyValueSpecification","valueRequired":true,"valueName":"search_term_string"}}],"inLanguage":"sr-LAT"},{"@type":"Organization","@id":"https:\/\/www.galerijamaticesrpske.rs\/#organization","name":"Galerija Matice srpske","url":"https:\/\/www.galerijamaticesrpske.rs\/","logo":{"@type":"ImageObject","inLanguage":"sr-LAT","@id":"https:\/\/www.galerijamaticesrpske.rs\/#\/schema\/logo\/image\/","url":"https:\/\/www.galerijamaticesrpske.rs\/wp-content\/uploads\/2021\/01\/gms-logo-za-sajt.svg","contentUrl":"https:\/\/www.galerijamaticesrpske.rs\/wp-content\/uploads\/2021\/01\/gms-logo-za-sajt.svg","width":1,"height":1,"caption":"Galerija Matice srpske"},"image":{"@id":"https:\/\/www.galerijamaticesrpske.rs\/#\/schema\/logo\/image\/"}}]}},"_links":{"self":[{"href":"http:\/\/www.galerijamaticesrpske.rs\/lat\/wp-json\/wp\/v2\/pages\/2980","targetHints":{"allow":["GET"]}}],"collection":[{"href":"http:\/\/www.galerijamaticesrpske.rs\/lat\/wp-json\/wp\/v2\/pages"}],"about":[{"href":"http:\/\/www.galerijamaticesrpske.rs\/lat\/wp-json\/wp\/v2\/types\/page"}],"author":[{"embeddable":true,"href":"http:\/\/www.galerijamaticesrpske.rs\/lat\/wp-json\/wp\/v2\/users\/1"}],"replies":[{"embeddable":true,"href":"http:\/\/www.galerijamaticesrpske.rs\/lat\/wp-json\/wp\/v2\/comments?post=2980"}],"version-history":[{"count":5,"href":"http:\/\/www.galerijamaticesrpske.rs\/lat\/wp-json\/wp\/v2\/pages\/2980\/revisions"}],"predecessor-version":[{"id":16260,"href":"http:\/\/www.galerijamaticesrpske.rs\/lat\/wp-json\/wp\/v2\/pages\/2980\/revisions\/16260"}],"up":[{"embeddable":true,"href":"http:\/\/www.galerijamaticesrpske.rs\/lat\/wp-json\/wp\/v2\/pages\/2973"}],"wp:attachment":[{"href":"http:\/\/www.galerijamaticesrpske.rs\/lat\/wp-json\/wp\/v2\/media?parent=2980"}],"curies":[{"name":"wp","href":"https:\/\/api.w.org\/{rel}","templated":true}]}}