{"id":4277,"date":"2020-12-27T01:43:21","date_gmt":"2020-12-27T01:43:21","guid":{"rendered":"https:\/\/www.galerijamaticesrpske.rs\/word-from-director\/"},"modified":"2021-05-03T21:45:02","modified_gmt":"2021-05-03T21:45:02","slug":"grusswort-der-direktorin","status":"publish","type":"page","link":"https:\/\/www.galerijamaticesrpske.rs\/de\/grusswort-der-direktorin\/","title":{"rendered":"Gru\u00dfwort der Direktorin"},"content":{"rendered":"\n\n\t<section class=\"section pb0\" id=\"section_1768652995\">\n\t\t<div class=\"section-bg fill\" >\n\t\t\t\t\t\t\t\t\t\n\t\t\t\n\n\t\t<\/div>\n\n\t\t\n\n\t\t<div class=\"section-content relative\">\n\t\t\t\n\n<div class=\"row\"  id=\"row-1811550514\">\n\n\n\t<div id=\"col-911997806\" class=\"col small-12 large-12\"  >\n\t\t\t\t<div class=\"col-inner text-center\"  >\n\t\t\t\n\t\t\t\n\n\t<div class=\"img has-hover maxwidth80 x md-x lg-x y md-y lg-y\" id=\"image_1116855798\">\n\t\t\t\t\t\t\t\t<div class=\"img-inner dark\" style=\"margin:0px 0px 0 0px;\">\n\t\t\t<img decoding=\"async\" src=\"https:\/\/www.galerijamaticesrpske.rs\/wp-content\/uploads\/2020\/12\/gms-icon_blck.svg\" class=\"attachment-original size-original\" alt=\"GMS | icon\" \/>\t\t\t\t\t\t\n\t\t\t\t\t<\/div>\n\t\t\t\t\t\t\t\t\n<style>\n#image_1116855798 {\n  width: 100%;\n}\n<\/style>\n\t<\/div>\n\t\n\n\t<div id=\"text-2382758752\" class=\"text\">\n\t\t\n\n<h1 class=\"title36\">Gru\u00dfwort der Direktorin<\/h1>\n<p class=\"quotetxt title21\"><span data-text-color=\"primary\"><em>Tijana Palkovljevi\u0107 Bugarski, PhD<\/em><\/span><\/p>\n\t\t\n<style>\n#text-2382758752 {\n  text-align: center;\n}\n<\/style>\n\t<\/div>\n\t\n\n\t\t<\/div>\n\t\t\t\t\n<style>\n#col-911997806 > .col-inner {\n  margin: 0px 0px 40px 0px;\n}\n<\/style>\n\t<\/div>\n\n\t\n\n<\/div>\n<div class=\"row align-middle align-center\"  id=\"row-496796256\">\n\n\n\t<div id=\"col-1342316927\" class=\"col maxwidth960 small-12 large-12\"  >\n\t\t\t\t<div class=\"col-inner\"  >\n\t\t\t\n\t\t\t\n\n<p>Die Galerie der Matica Srpska ist ein Museum, das st\u00e4ndig tr\u00e4umt. Diese Tr\u00e4ume begannen mit dem Moment, als im Jahr 1847 an der Matica Srpska in Budapest ein Museum (Serbische Nationale Sammlung) gegr\u00fcndet werden sollte. Diese Tr\u00e4ume setzten sich fort, als die Matica im Jahr 1864 nach Novi Sad zog, im Jahr 1933 der \u00d6ffentlichkeit ihre T\u00fcren \u00f6ffnete und im Jahr 1958 in ein eigenes Geb\u00e4ude umzog. In dem Moment, als es den Anschein hatte, dass alle Tr\u00e4ume durch die Er\u00f6ffnung einer Dauerausstellung im heutigen Geb\u00e4ude und die Professionalisierung aller Arbeitsbereiche verwirklicht wurden, begann ein neuer Traum: Wie vergr\u00f6\u00dfert man die Sammlung, wie entwirft man Ausstellungen von h\u00f6chster Qualit\u00e4t, wie pr\u00e4sentiert man Entwicklungen und Trends der serbischen bildenden Kunst?<\/p>\n<p>Heute, nach 173 Jahren, tr\u00e4umen wir immer noch die Tr\u00e4ume unserer Vorg\u00e4nger, aber auch viele andere. Unsere gr\u00f6\u00dfte St\u00e4rke ist die einzigartige <a href=\"https:\/\/www.galerijamaticesrpske.rs\/de\/uber-die-sammlung\/\"><strong>Sammlung<\/strong><\/a> von Kunstwerken, die zwischen dem 16. und 21. Jahrhundert entstanden sind. <strong>Unsere gr\u00f6\u00dften Erfolge sind innovative Ans\u00e4tze bei Ausstellungen, der Pr\u00e4sentation nationaler bildender Kunst im Rahmen der Dauerausstellung und von Ver\u00f6ffentlichungen.<\/strong> Unser Beitrag zur Erinnerungskultur spiegelt sich in einem professionellen Ansatz zur Pflege und zum Schutz von Kunstwerken sowie in fortschrittlichen <strong>Konservierungs- und Restaurierungsverfahren<\/strong> wider. Wir dr\u00fccken unseren Respekt f\u00fcr die Vergangenheit durch das Prisma der Gegenwart mit der Leitmotiv \u201e<strong>Tradition und zeitgen\u00f6ssischen Kreativit\u00e4t\u201c<\/strong> aus, indem wir zeitgen\u00f6ssische K\u00fcnstler in die Arbeit der Institution einbeziehen. Wir bringen unser Bewusstsein f\u00fcr die Bedeutung von Bildung durch die Umsetzung zahlreicher <strong>Ausbildungsprogramme f\u00fcr Kinder und Jugendliche <\/strong>zum Ausdruck. Wir verwirklichen unser Bestreben, Teil des breiteren europ\u00e4ischen Kontexts zu sein, durch zahlreiche Beispiele Zusammenarbeit mit europ\u00e4ischen Museumseinrichtungen, Experten und Kulturzentren.<\/p>\n\n\t\t<\/div>\n\t\t\t\t\n<style>\n#col-1342316927 > .col-inner {\n  padding: 0px 20px 0px 20px;\n}\n<\/style>\n\t<\/div>\n\n\t\n\n\t<div id=\"col-848070996\" class=\"col medium-6 small-12 large-6\"  >\n\t\t\t\t<div class=\"col-inner text-center\"  >\n\t\t\t\n\t\t\t\n\n\t<div class=\"img has-hover x md-x lg-x y md-y lg-y\" id=\"image_1010139556\">\n\t\t\t\t\t\t<div data-animate=\"fadeInLeft\">\t\t<div class=\"img-inner image-cover dark\" style=\"padding-top:320px;\">\n\t\t\t<img loading=\"lazy\" decoding=\"async\" width=\"960\" height=\"656\" src=\"https:\/\/www.galerijamaticesrpske.rs\/wp-content\/uploads\/2021\/01\/08-zgrada-gms.jpg\" class=\"attachment-original size-original\" alt=\"\" srcset=\"https:\/\/www.galerijamaticesrpske.rs\/wp-content\/uploads\/2021\/01\/08-zgrada-gms.jpg 960w, https:\/\/www.galerijamaticesrpske.rs\/wp-content\/uploads\/2021\/01\/08-zgrada-gms-300x205.jpg 300w, https:\/\/www.galerijamaticesrpske.rs\/wp-content\/uploads\/2021\/01\/08-zgrada-gms-768x525.jpg 768w\" sizes=\"auto, (max-width: 960px) 100vw, 960px\" \/>\t\t\t\t\t\t\n\t\t\t\t\t<\/div>\n\t\t<\/div>\t\t\t\t\t\t\n<style>\n#image_1010139556 {\n  width: 100%;\n}\n<\/style>\n\t<\/div>\n\t\n\n\n\t\t<\/div>\n\t\t\t\t\n<style>\n#col-848070996 > .col-inner {\n  padding: 0px 20px 10px 20px;\n}\n<\/style>\n\t<\/div>\n\n\t\n\n\t<div id=\"col-252269005\" class=\"col medium-6 small-12 large-6\"  >\n\t\t\t\t<div class=\"col-inner text-center\"  >\n\t\t\t\n\t\t\t\n\n\t<div class=\"img has-hover x md-x lg-x y md-y lg-y\" id=\"image_1152503491\">\n\t\t\t\t\t\t<div data-animate=\"fadeInRight\">\t\t<div class=\"img-inner image-cover dark\" style=\"padding-top:320px;\">\n\t\t\t<img loading=\"lazy\" decoding=\"async\" width=\"1004\" height=\"700\" src=\"https:\/\/www.galerijamaticesrpske.rs\/wp-content\/uploads\/2020\/12\/galerija-matice-srpske.jpg\" class=\"attachment-original size-original\" alt=\"GMS | \u041c\u0438\u0441\u0438\u0458\u0430 \u0438 \u0432\u0438\u0437\u0438\u0458\u0430\" srcset=\"https:\/\/www.galerijamaticesrpske.rs\/wp-content\/uploads\/2020\/12\/galerija-matice-srpske.jpg 1004w, https:\/\/www.galerijamaticesrpske.rs\/wp-content\/uploads\/2020\/12\/galerija-matice-srpske-300x209.jpg 300w, https:\/\/www.galerijamaticesrpske.rs\/wp-content\/uploads\/2020\/12\/galerija-matice-srpske-768x535.jpg 768w\" sizes=\"auto, (max-width: 1004px) 100vw, 1004px\" \/>\t\t\t\t\t\t\n\t\t\t\t\t<\/div>\n\t\t<\/div>\t\t\t\t\t\t\n<style>\n#image_1152503491 {\n  width: 100%;\n}\n<\/style>\n\t<\/div>\n\t\n\n\n\t\t<\/div>\n\t\t\t\t\n<style>\n#col-252269005 > .col-inner {\n  padding: 0px 20px 10px 20px;\n}\n<\/style>\n\t<\/div>\n\n\t\n\n\t<div id=\"col-2109061144\" class=\"col maxwidth960 small-12 large-12\"  >\n\t\t\t\t<div class=\"col-inner\"  >\n\t\t\t\n\t\t\t\n\n<p>Die Galerie der Matica Srpska bietet als \u00e4ltestes nationales Kunstmuseum einen Blick auf den Staat und auf das Kaleidoskop historischer Ereignisse, k\u00fcnstlerischer Orientierungen und das Streben serbischer K\u00fcnstler. Unsere Sammlung illustriert die Geschichte des serbischen Volkes, bewahrt die Erinnerung an Ereignisse aus der Region, in der es lebte, und repr\u00e4sentiert die Einzigartigkeit der hervorgebrachten k\u00fcnstlerischer Ideen und Ideale. Gleichzeitig bewahrt die Galerie die Erinnerung an Einzelpersonen: ihre Gr\u00fcnder, Sammler, K\u00fcnstler, Direktoren, Forscher und insbesondere die Spender, die mit ihrer Wohlt\u00e4tigkeit in die Geschichte unserer Institution und der serbischen Kultur im Ganzen eingetreten sind. Wir sind ein Bienenstock, in dem die Sch\u00f6nheit von Kunstgegenst\u00e4nden, Erz\u00e4hlungen, Ideen und Sch\u00f6pfern summt und unter dessen Dach die serbische bildende Kunst durch zahlreiche Aktivit\u00e4ten der \u00d6ffentlichkeit pr\u00e4sentiert wird. Das gemeinsame Engagement f\u00fcr unsere kulturelle und k\u00fcnstlerische Mission bei jedem neuen Projekt st\u00e4rkt uns in der Gemeinschaft, zu der wir geh\u00f6ren und die unendliche Zahl neuer Pl\u00e4ne erlaubt uns nicht, zu ruhen.<\/p>\n<p>Wir sind aber auch ein Museum, das seinen Tr\u00e4umen nachgeht und gleichzeitig den Bed\u00fcrfnissen der Gesellschaft, dem Jetzt und den W\u00fcnschen des heutigen Publikums Rechnung tr\u00e4gt, um an Bedeutung zu gewinnen. Wir streben danach, ein Ort zu sein, der durch Kunst Antworten auf Fragen bietet,<\/p>\n<p>Wir tr\u00e4umen derzeit von einer einzigartigen Gelegenheit, einen m\u00f6glichst kreativen Beitrag zum Projekt Novi Sad Europ\u00e4ische Kulturhauptstadt 2022 zu leisten, in dem sich europ\u00e4ische und nationale Kunst, innovative Ans\u00e4tze und attraktive Themen, Spitzenproduktion und kreative Beteiligungen verbinden. Gleichzeitig tr\u00e4umen wir davon, die 175-j\u00e4hrige Gedenkfeier der Matica Srpska-Galerie abzuhalten, die unseren Vorg\u00e4ngern, unserer Geschichte und der Qualit\u00e4t der Sammlung w\u00fcrdig ist, und das Jubil\u00e4um zu feiern, das f\u00fcr die kommenden Generationen Spuren hinterlassen und gleichzeitig ein Vorbild und Stolz der Nation sein wird.<\/p>\n\n\t\t<\/div>\n\t\t\t\t\n<style>\n#col-2109061144 > .col-inner {\n  padding: 0px 20px 0px 20px;\n}\n<\/style>\n\t<\/div>\n\n\t\n\n\t<div id=\"col-1648284381\" class=\"col maxwidth960 small-12 large-12\"  >\n\t\t\t\t<div class=\"col-inner text-center\"  >\n\t\t\t\n\t\t\t\n\n\t<div id=\"text-94136526\" class=\"text quotetxt playtitle\">\n\t\t\n\n<p><em>Durch die Wertsch\u00e4ftung f\u00fcr Tradition schaffen wir Tradition.<\/em><\/p>\n\t\t\n<style>\n#text-94136526 {\n  text-align: center;\n}\n<\/style>\n\t<\/div>\n\t\n\n\t\t<\/div>\n\t\t\t\t\n<style>\n#col-1648284381 > .col-inner {\n  padding: 0px 20px 10px 20px;\n}\n<\/style>\n\t<\/div>\n\n\t\n\n<\/div>\n\n\t\t<\/div>\n\n\t\t\n<style>\n#section_1768652995 {\n  padding-top: 50px;\n  padding-bottom: 50px;\n  background-color: rgb(246, 246, 246);\n}\n<\/style>\n\t<\/section>\n\t\n","protected":false},"excerpt":{"rendered":"","protected":false},"author":1,"featured_media":0,"parent":0,"menu_order":0,"comment_status":"closed","ping_status":"closed","template":"page-blank.php","meta":{"_acf_changed":false,"footnotes":""},"class_list":["post-4277","page","type-page","status-publish","hentry"],"acf":[],"yoast_head":"<!-- This site is optimized with the Yoast SEO plugin v27.3 - https:\/\/yoast.com\/product\/yoast-seo-wordpress\/ -->\n<title>Gru\u00dfwort der Direktorin | \u0413\u0430\u043b\u0435\u0440\u0438\u0458\u0430 \u041c\u0430\u0442\u0438\u0446\u0435 \u0441\u0440\u043f\u0441\u043a\u0435<\/title>\n<meta name=\"robots\" content=\"index, follow, max-snippet:-1, max-image-preview:large, max-video-preview:-1\" \/>\n<link rel=\"canonical\" href=\"https:\/\/www.galerijamaticesrpske.rs\/de\/grusswort-der-direktorin\/\" \/>\n<meta property=\"og:locale\" content=\"de_DE\" \/>\n<meta property=\"og:type\" content=\"article\" \/>\n<meta property=\"og:title\" content=\"Gru\u00dfwort der Direktorin | \u0413\u0430\u043b\u0435\u0440\u0438\u0458\u0430 \u041c\u0430\u0442\u0438\u0446\u0435 \u0441\u0440\u043f\u0441\u043a\u0435\" \/>\n<meta property=\"og:url\" content=\"https:\/\/www.galerijamaticesrpske.rs\/de\/grusswort-der-direktorin\/\" \/>\n<meta property=\"og:site_name\" content=\"\u0413\u0430\u043b\u0435\u0440\u0438\u0458\u0430 \u041c\u0430\u0442\u0438\u0446\u0435 \u0441\u0440\u043f\u0441\u043a\u0435\" \/>\n<meta property=\"article:modified_time\" content=\"2021-05-03T21:45:02+00:00\" \/>\n<meta name=\"twitter:card\" content=\"summary_large_image\" \/>\n<meta name=\"twitter:label1\" content=\"Gesch\u00e4tzte Lesezeit\" \/>\n\t<meta name=\"twitter:data1\" content=\"4\u00a0Minuten\" \/>\n<script type=\"application\/ld+json\" class=\"yoast-schema-graph\">{\"@context\":\"https:\\\/\\\/schema.org\",\"@graph\":[{\"@type\":\"WebPage\",\"@id\":\"https:\\\/\\\/www.galerijamaticesrpske.rs\\\/de\\\/grusswort-der-direktorin\\\/\",\"url\":\"https:\\\/\\\/www.galerijamaticesrpske.rs\\\/de\\\/grusswort-der-direktorin\\\/\",\"name\":\"Gru\u00dfwort der Direktorin | \u0413\u0430\u043b\u0435\u0440\u0438\u0458\u0430 \u041c\u0430\u0442\u0438\u0446\u0435 \u0441\u0440\u043f\u0441\u043a\u0435\",\"isPartOf\":{\"@id\":\"https:\\\/\\\/www.galerijamaticesrpske.rs\\\/#website\"},\"datePublished\":\"2020-12-27T01:43:21+00:00\",\"dateModified\":\"2021-05-03T21:45:02+00:00\",\"breadcrumb\":{\"@id\":\"https:\\\/\\\/www.galerijamaticesrpske.rs\\\/de\\\/grusswort-der-direktorin\\\/#breadcrumb\"},\"inLanguage\":\"de\",\"potentialAction\":[{\"@type\":\"ReadAction\",\"target\":[\"https:\\\/\\\/www.galerijamaticesrpske.rs\\\/de\\\/grusswort-der-direktorin\\\/\"]}]},{\"@type\":\"BreadcrumbList\",\"@id\":\"https:\\\/\\\/www.galerijamaticesrpske.rs\\\/de\\\/grusswort-der-direktorin\\\/#breadcrumb\",\"itemListElement\":[{\"@type\":\"ListItem\",\"position\":1,\"name\":\"\u041f\u043e\u0447\u0435\u0442\u043d\u0430\",\"item\":\"https:\\\/\\\/www.galerijamaticesrpske.rs\\\/de\\\/\"},{\"@type\":\"ListItem\",\"position\":2,\"name\":\"Gru\u00dfwort der Direktorin\"}]},{\"@type\":\"WebSite\",\"@id\":\"https:\\\/\\\/www.galerijamaticesrpske.rs\\\/#website\",\"url\":\"https:\\\/\\\/www.galerijamaticesrpske.rs\\\/\",\"name\":\"\u0413\u0430\u043b\u0435\u0440\u0438\u0458\u0430 \u041c\u0430\u0442\u0438\u0446\u0435 \u0441\u0440\u043f\u0441\u043a\u0435\",\"description\":\"\u041c\u0443\u0437\u0435\u0458 \u0441\u0440\u043f\u0441\u043a\u0435 \u043d\u0430\u0446\u0438\u043e\u043d\u0430\u043b\u043d\u0435 \u0443\u043c\u0435\u0442\u043d\u043e\u0441\u0442\u0438 \u0443 \u041d\u043e\u0432\u043e\u043c \u0421\u0430\u0434\u0443\",\"publisher\":{\"@id\":\"https:\\\/\\\/www.galerijamaticesrpske.rs\\\/#organization\"},\"potentialAction\":[{\"@type\":\"SearchAction\",\"target\":{\"@type\":\"EntryPoint\",\"urlTemplate\":\"https:\\\/\\\/www.galerijamaticesrpske.rs\\\/?s={search_term_string}\"},\"query-input\":{\"@type\":\"PropertyValueSpecification\",\"valueRequired\":true,\"valueName\":\"search_term_string\"}}],\"inLanguage\":\"de\"},{\"@type\":\"Organization\",\"@id\":\"https:\\\/\\\/www.galerijamaticesrpske.rs\\\/#organization\",\"name\":\"\u0413\u0430\u043b\u0435\u0440\u0438\u0458\u0430 \u041c\u0430\u0442\u0438\u0446\u0435 \u0441\u0440\u043f\u0441\u043a\u0435\",\"url\":\"https:\\\/\\\/www.galerijamaticesrpske.rs\\\/\",\"logo\":{\"@type\":\"ImageObject\",\"inLanguage\":\"de\",\"@id\":\"https:\\\/\\\/www.galerijamaticesrpske.rs\\\/#\\\/schema\\\/logo\\\/image\\\/\",\"url\":\"https:\\\/\\\/www.galerijamaticesrpske.rs\\\/wp-content\\\/uploads\\\/2021\\\/01\\\/gms-logo-za-sajt.svg\",\"contentUrl\":\"https:\\\/\\\/www.galerijamaticesrpske.rs\\\/wp-content\\\/uploads\\\/2021\\\/01\\\/gms-logo-za-sajt.svg\",\"width\":1,\"height\":1,\"caption\":\"\u0413\u0430\u043b\u0435\u0440\u0438\u0458\u0430 \u041c\u0430\u0442\u0438\u0446\u0435 \u0441\u0440\u043f\u0441\u043a\u0435\"},\"image\":{\"@id\":\"https:\\\/\\\/www.galerijamaticesrpske.rs\\\/#\\\/schema\\\/logo\\\/image\\\/\"}}]}<\/script>\n<!-- \/ Yoast SEO plugin. -->","yoast_head_json":{"title":"Gru\u00dfwort der Direktorin | \u0413\u0430\u043b\u0435\u0440\u0438\u0458\u0430 \u041c\u0430\u0442\u0438\u0446\u0435 \u0441\u0440\u043f\u0441\u043a\u0435","robots":{"index":"index","follow":"follow","max-snippet":"max-snippet:-1","max-image-preview":"max-image-preview:large","max-video-preview":"max-video-preview:-1"},"canonical":"https:\/\/www.galerijamaticesrpske.rs\/de\/grusswort-der-direktorin\/","og_locale":"de_DE","og_type":"article","og_title":"Gru\u00dfwort der Direktorin | \u0413\u0430\u043b\u0435\u0440\u0438\u0458\u0430 \u041c\u0430\u0442\u0438\u0446\u0435 \u0441\u0440\u043f\u0441\u043a\u0435","og_url":"https:\/\/www.galerijamaticesrpske.rs\/de\/grusswort-der-direktorin\/","og_site_name":"\u0413\u0430\u043b\u0435\u0440\u0438\u0458\u0430 \u041c\u0430\u0442\u0438\u0446\u0435 \u0441\u0440\u043f\u0441\u043a\u0435","article_modified_time":"2021-05-03T21:45:02+00:00","twitter_card":"summary_large_image","twitter_misc":{"Gesch\u00e4tzte Lesezeit":"4\u00a0Minuten"},"schema":{"@context":"https:\/\/schema.org","@graph":[{"@type":"WebPage","@id":"https:\/\/www.galerijamaticesrpske.rs\/de\/grusswort-der-direktorin\/","url":"https:\/\/www.galerijamaticesrpske.rs\/de\/grusswort-der-direktorin\/","name":"Gru\u00dfwort der Direktorin | \u0413\u0430\u043b\u0435\u0440\u0438\u0458\u0430 \u041c\u0430\u0442\u0438\u0446\u0435 \u0441\u0440\u043f\u0441\u043a\u0435","isPartOf":{"@id":"https:\/\/www.galerijamaticesrpske.rs\/#website"},"datePublished":"2020-12-27T01:43:21+00:00","dateModified":"2021-05-03T21:45:02+00:00","breadcrumb":{"@id":"https:\/\/www.galerijamaticesrpske.rs\/de\/grusswort-der-direktorin\/#breadcrumb"},"inLanguage":"de","potentialAction":[{"@type":"ReadAction","target":["https:\/\/www.galerijamaticesrpske.rs\/de\/grusswort-der-direktorin\/"]}]},{"@type":"BreadcrumbList","@id":"https:\/\/www.galerijamaticesrpske.rs\/de\/grusswort-der-direktorin\/#breadcrumb","itemListElement":[{"@type":"ListItem","position":1,"name":"\u041f\u043e\u0447\u0435\u0442\u043d\u0430","item":"https:\/\/www.galerijamaticesrpske.rs\/de\/"},{"@type":"ListItem","position":2,"name":"Gru\u00dfwort der Direktorin"}]},{"@type":"WebSite","@id":"https:\/\/www.galerijamaticesrpske.rs\/#website","url":"https:\/\/www.galerijamaticesrpske.rs\/","name":"\u0413\u0430\u043b\u0435\u0440\u0438\u0458\u0430 \u041c\u0430\u0442\u0438\u0446\u0435 \u0441\u0440\u043f\u0441\u043a\u0435","description":"\u041c\u0443\u0437\u0435\u0458 \u0441\u0440\u043f\u0441\u043a\u0435 \u043d\u0430\u0446\u0438\u043e\u043d\u0430\u043b\u043d\u0435 \u0443\u043c\u0435\u0442\u043d\u043e\u0441\u0442\u0438 \u0443 \u041d\u043e\u0432\u043e\u043c \u0421\u0430\u0434\u0443","publisher":{"@id":"https:\/\/www.galerijamaticesrpske.rs\/#organization"},"potentialAction":[{"@type":"SearchAction","target":{"@type":"EntryPoint","urlTemplate":"https:\/\/www.galerijamaticesrpske.rs\/?s={search_term_string}"},"query-input":{"@type":"PropertyValueSpecification","valueRequired":true,"valueName":"search_term_string"}}],"inLanguage":"de"},{"@type":"Organization","@id":"https:\/\/www.galerijamaticesrpske.rs\/#organization","name":"\u0413\u0430\u043b\u0435\u0440\u0438\u0458\u0430 \u041c\u0430\u0442\u0438\u0446\u0435 \u0441\u0440\u043f\u0441\u043a\u0435","url":"https:\/\/www.galerijamaticesrpske.rs\/","logo":{"@type":"ImageObject","inLanguage":"de","@id":"https:\/\/www.galerijamaticesrpske.rs\/#\/schema\/logo\/image\/","url":"https:\/\/www.galerijamaticesrpske.rs\/wp-content\/uploads\/2021\/01\/gms-logo-za-sajt.svg","contentUrl":"https:\/\/www.galerijamaticesrpske.rs\/wp-content\/uploads\/2021\/01\/gms-logo-za-sajt.svg","width":1,"height":1,"caption":"\u0413\u0430\u043b\u0435\u0440\u0438\u0458\u0430 \u041c\u0430\u0442\u0438\u0446\u0435 \u0441\u0440\u043f\u0441\u043a\u0435"},"image":{"@id":"https:\/\/www.galerijamaticesrpske.rs\/#\/schema\/logo\/image\/"}}]}},"_links":{"self":[{"href":"https:\/\/www.galerijamaticesrpske.rs\/de\/wp-json\/wp\/v2\/pages\/4277","targetHints":{"allow":["GET"]}}],"collection":[{"href":"https:\/\/www.galerijamaticesrpske.rs\/de\/wp-json\/wp\/v2\/pages"}],"about":[{"href":"https:\/\/www.galerijamaticesrpske.rs\/de\/wp-json\/wp\/v2\/types\/page"}],"author":[{"embeddable":true,"href":"https:\/\/www.galerijamaticesrpske.rs\/de\/wp-json\/wp\/v2\/users\/1"}],"replies":[{"embeddable":true,"href":"https:\/\/www.galerijamaticesrpske.rs\/de\/wp-json\/wp\/v2\/comments?post=4277"}],"version-history":[{"count":3,"href":"https:\/\/www.galerijamaticesrpske.rs\/de\/wp-json\/wp\/v2\/pages\/4277\/revisions"}],"predecessor-version":[{"id":4686,"href":"https:\/\/www.galerijamaticesrpske.rs\/de\/wp-json\/wp\/v2\/pages\/4277\/revisions\/4686"}],"wp:attachment":[{"href":"https:\/\/www.galerijamaticesrpske.rs\/de\/wp-json\/wp\/v2\/media?parent=4277"}],"curies":[{"name":"wp","href":"https:\/\/api.w.org\/{rel}","templated":true}]}}