{"id":10130,"date":"2022-08-10T08:15:55","date_gmt":"2022-08-10T08:15:55","guid":{"rendered":"https:\/\/www.galerijamaticesrpske.rs\/?post_type=mec-events&#038;p=10130"},"modified":"2022-08-10T08:15:55","modified_gmt":"2022-08-10T08:15:55","slug":"parallels-novi-sad-timisoara","status":"publish","type":"mec-events","link":"https:\/\/www.galerijamaticesrpske.rs\/en\/events\/parallels-novi-sad-timisoara\/","title":{"rendered":"Parallels. Novi Sad \/ Timisoara"},"content":{"rendered":"<p>Based on the belief that museums are a kind of fortresses of peace and bridges that connect and unite us, the Gallery of Matica Srpska and the National Art Museum in Timi\u015foara created unusual exhibition, connecting their rich collections, and making parallels between artists, themes, ideas and artistic visions of former common cultural space. The reason why both collections keep famous self-portrait in a tavern by Stevan Aleksi\u0107, the similarity between Sava Tekelija and Zsigmond Ormos and the link between Novi Sad and Timisoara are revealed in the exhibition <em>Parallels. Novi Sad \/ Timisoara<\/em>, presented in the Gallery of Matica Srpska from July 8<sup>th<\/sup> to September 4<sup>th<\/sup>, under the programme arc <em>Fortress of Peace<\/em> of the European Capital of Culture.<\/p>\n<p>In 2016 Novi Sad and Timi\u015foara won the prestigious title of European Capitals of Culture for 2022 and 2023, awarded by the European Culture Commission. Quite naturally, the National Museum from Timi\u015foara and the Gallery of Matica srpska recognised each other as related keepers of their national artworks and museums with similar identities and visions about the role of museums in contemporary society. The collections of National Art Museum and the Gallery of Matica Srpska have comparable histories that can be seen in the personalities of their founders, artists, and artworks they collected. Both collections were founded in mid-19<sup>th<\/sup> century from the initial bequest of the extraordinary individuals, two benefactors and representatives of the epoch of Enlightenment \u2013 Sava Tekelija (1761\u20121842) and Zsigmond Ormos (1813\u20121894). On the other hand, both originated from the reputable scientific societies. Therefore, a joint exhibition has been created on those foundations \u2013 a collection of an imaginary museum of the European Capital of Culture. That \u201ccollection\u201d confirms the strong historical connections of two cities, similarities of social circumstances and artistic space in which the cities developed during the 18<sup>th<\/sup>, 19<sup>th<\/sup>, and 20<sup>th<\/sup> century.<\/p>\n<p>The exhibition displays sixty artworks \u2013 icons, portraits, landscapes, still-lives, and abstract compositions, of artists such as Stefan Tenecki, Teodor Ili\u0107 \u010ce\u0161ljar, Pavel Petrovi\u0107, Konstantin Danil, Stevan Aleksi\u0107, Uro\u0161 Predi\u0107, Zora Petrovi\u0107 and Vasa Pomori\u0161ac. The Treasury of the Serbian Orthodox Bishopric of Timi\u015foara has also been considered for the exhibition as an ecclesiastical-art collection kept in the Bishop\u2019s Palace in Timi\u015foara, since it also possesses important artworks and represents a link between the Serbian and Romanian cultures.<\/p>\n<p>Artworks kept in the collections of two museums and one Treasury confirms the strong historic links between the two cities that belonged to unique cultural context of the Habsburg Monarchy and the Archbishopric of Karlovci. The reasons for the creation of these works as well as their mutual connections differ, which supports the possibility of recognizing the simultaneous existence of different parallels between them. The exhibition is conceptually completed by works created after 1918, when, due to socio-political circumstances, Novi Sad and Timi\u0219oara were no longer within the same state.<\/p>\n<p>After almost one and a half century of existence, these respectable museums became symbols of their cities. Therefore, both institutions have a key role in the promotion of the title <em>European Capital of Culture<\/em>, which was given to the cities at the same time.<\/p>\n<p>Authors of the exhibitions are Aleksandra \u010celovski, PhD, from the Gallery of Matica Srpska and Mihaela Irimesku, from the National Art Museum in Timisoara.<\/p>\n<p>The exhibition is accompanied by a catalogue in Serbian, Romanian and English language, written by prof. Jelena Todorovi\u0107, PhD, Viktor Aleksandru Babu\u0161\u010dak and Aleksandra \u010celovski, PhD.<\/p>\n<p>The exhibition was supported by the Ministry of Culture and Media of the Republic od Serbia and the Foundation \u201cNovi Sad \u2013 European Capital of Culture\u201d.<\/p>\n<p>&nbsp;<\/p>\n<p>&nbsp;<\/p>\n<p>&nbsp;<\/p>\n<p>&nbsp;<\/p>\n<p>&nbsp;<\/p>\n","protected":false},"excerpt":{"rendered":"<p>Based on the belief that museums are a kind of fortresses of peace and bridges that connect and unite us, the Gallery of Matica Srpska and the National Art Museum in Timi\u015foara created unusual exhibition, connecting their rich collections, and making parallels between artists, themes, ideas and artistic visions of former common cultural space. The<\/p>\n","protected":false},"author":2,"featured_media":10017,"comment_status":"closed","ping_status":"closed","template":"","tags":[],"mec_category":[76],"class_list":["post-10130","mec-events","type-mec-events","status-publish","has-post-thumbnail","hentry","mec_category-exhibitions"],"acf":[],"yoast_head":"<!-- This site is optimized with the Yoast SEO plugin v27.3 - https:\/\/yoast.com\/product\/yoast-seo-wordpress\/ -->\n<title>Parallels. Novi Sad \/ Timisoara | The Gallery of Matica srpska<\/title>\n<meta name=\"description\" content=\"Based on the belief that museums are a kind of fortresses of peace and bridges that connect and unite us, the Gallery of Matica Srpska and the National Art Museum in Timi\u015foara created unusual exhibition, connecting their rich collections, and making parallels between artists, themes, ideas and artistic visions of former common cultural space.\" \/>\n<meta name=\"robots\" content=\"index, follow, max-snippet:-1, max-image-preview:large, max-video-preview:-1\" \/>\n<link rel=\"canonical\" href=\"https:\/\/www.galerijamaticesrpske.rs\/en\/events\/parallels-novi-sad-timisoara\/\" \/>\n<meta property=\"og:locale\" content=\"en_US\" \/>\n<meta property=\"og:type\" content=\"article\" \/>\n<meta property=\"og:title\" content=\"Parallels. Timisoara \/ Novi Sad\" \/>\n<meta property=\"og:description\" content=\"Based on the belief that museums are a kind of fortresses of peace and bridges that connect and unite us, the Gallery of Matica Srpska and the National Art Museum in Timi\u015foara created unusual exhibition, connecting their rich collections, and making parallels between artists, themes, ideas and artistic visions of former common cultural space.\" \/>\n<meta property=\"og:url\" content=\"https:\/\/www.galerijamaticesrpske.rs\/en\/events\/parallels-novi-sad-timisoara\/\" \/>\n<meta property=\"og:site_name\" content=\"The Gallery of Matica srpska\" \/>\n<meta property=\"og:image\" content=\"https:\/\/www.galerijamaticesrpske.rs\/wp-content\/uploads\/2022\/06\/kalendar_1666x800.jpg\" \/>\n\t<meta property=\"og:image:width\" content=\"1666\" \/>\n\t<meta property=\"og:image:height\" content=\"800\" \/>\n\t<meta property=\"og:image:type\" content=\"image\/jpeg\" \/>\n<meta name=\"twitter:card\" content=\"summary_large_image\" \/>\n<meta name=\"twitter:label1\" content=\"Est. reading time\" \/>\n\t<meta name=\"twitter:data1\" content=\"4 minutes\" \/>\n<script type=\"application\/ld+json\" class=\"yoast-schema-graph\">{\"@context\":\"https:\\\/\\\/schema.org\",\"@graph\":[{\"@type\":\"WebPage\",\"@id\":\"https:\\\/\\\/www.galerijamaticesrpske.rs\\\/en\\\/events\\\/parallels-novi-sad-timisoara\\\/\",\"url\":\"https:\\\/\\\/www.galerijamaticesrpske.rs\\\/en\\\/events\\\/parallels-novi-sad-timisoara\\\/\",\"name\":\"Parallels. Novi Sad \\\/ Timisoara | The Gallery of Matica srpska\",\"isPartOf\":{\"@id\":\"https:\\\/\\\/www.galerijamaticesrpske.rs\\\/#website\"},\"primaryImageOfPage\":{\"@id\":\"https:\\\/\\\/www.galerijamaticesrpske.rs\\\/en\\\/events\\\/parallels-novi-sad-timisoara\\\/#primaryimage\"},\"image\":{\"@id\":\"https:\\\/\\\/www.galerijamaticesrpske.rs\\\/en\\\/events\\\/parallels-novi-sad-timisoara\\\/#primaryimage\"},\"thumbnailUrl\":\"https:\\\/\\\/www.galerijamaticesrpske.rs\\\/wp-content\\\/uploads\\\/2022\\\/06\\\/kalendar_1666x800.jpg\",\"datePublished\":\"2022-08-10T08:15:55+00:00\",\"description\":\"Based on the belief that museums are a kind of fortresses of peace and bridges that connect and unite us, the Gallery of Matica Srpska and the National Art Museum in Timi\u015foara created unusual exhibition, connecting their rich collections, and making parallels between artists, themes, ideas and artistic visions of former common cultural space.\",\"breadcrumb\":{\"@id\":\"https:\\\/\\\/www.galerijamaticesrpske.rs\\\/en\\\/events\\\/parallels-novi-sad-timisoara\\\/#breadcrumb\"},\"inLanguage\":\"en-US\",\"potentialAction\":[{\"@type\":\"ReadAction\",\"target\":[\"https:\\\/\\\/www.galerijamaticesrpske.rs\\\/en\\\/events\\\/parallels-novi-sad-timisoara\\\/\"]}]},{\"@type\":\"ImageObject\",\"inLanguage\":\"en-US\",\"@id\":\"https:\\\/\\\/www.galerijamaticesrpske.rs\\\/en\\\/events\\\/parallels-novi-sad-timisoara\\\/#primaryimage\",\"url\":\"https:\\\/\\\/www.galerijamaticesrpske.rs\\\/wp-content\\\/uploads\\\/2022\\\/06\\\/kalendar_1666x800.jpg\",\"contentUrl\":\"https:\\\/\\\/www.galerijamaticesrpske.rs\\\/wp-content\\\/uploads\\\/2022\\\/06\\\/kalendar_1666x800.jpg\",\"width\":1666,\"height\":800},{\"@type\":\"BreadcrumbList\",\"@id\":\"https:\\\/\\\/www.galerijamaticesrpske.rs\\\/en\\\/events\\\/parallels-novi-sad-timisoara\\\/#breadcrumb\",\"itemListElement\":[{\"@type\":\"ListItem\",\"position\":1,\"name\":\"\u041f\u043e\u0447\u0435\u0442\u043d\u0430\",\"item\":\"http:\\\/\\\/www.galerijamaticesrpske.rs\\\/en\\\/\"},{\"@type\":\"ListItem\",\"position\":2,\"name\":\"Events\",\"item\":\"http:\\\/\\\/www.galerijamaticesrpske.rs\\\/lat\\\/events\\\/\"},{\"@type\":\"ListItem\",\"position\":3,\"name\":\"Parallels. Novi Sad \\\/ Timisoara\"}]},{\"@type\":\"WebSite\",\"@id\":\"https:\\\/\\\/www.galerijamaticesrpske.rs\\\/#website\",\"url\":\"https:\\\/\\\/www.galerijamaticesrpske.rs\\\/\",\"name\":\"The Gallery of Matica srpska\",\"description\":\"Museum of Serbian National Art in Novi Sad\",\"publisher\":{\"@id\":\"https:\\\/\\\/www.galerijamaticesrpske.rs\\\/#organization\"},\"potentialAction\":[{\"@type\":\"SearchAction\",\"target\":{\"@type\":\"EntryPoint\",\"urlTemplate\":\"https:\\\/\\\/www.galerijamaticesrpske.rs\\\/?s={search_term_string}\"},\"query-input\":{\"@type\":\"PropertyValueSpecification\",\"valueRequired\":true,\"valueName\":\"search_term_string\"}}],\"inLanguage\":\"en-US\"},{\"@type\":\"Organization\",\"@id\":\"https:\\\/\\\/www.galerijamaticesrpske.rs\\\/#organization\",\"name\":\"The Gallery of Matica srpska\",\"url\":\"https:\\\/\\\/www.galerijamaticesrpske.rs\\\/\",\"logo\":{\"@type\":\"ImageObject\",\"inLanguage\":\"en-US\",\"@id\":\"https:\\\/\\\/www.galerijamaticesrpske.rs\\\/#\\\/schema\\\/logo\\\/image\\\/\",\"url\":\"https:\\\/\\\/www.galerijamaticesrpske.rs\\\/wp-content\\\/uploads\\\/2021\\\/01\\\/gms-logo-za-sajt.svg\",\"contentUrl\":\"https:\\\/\\\/www.galerijamaticesrpske.rs\\\/wp-content\\\/uploads\\\/2021\\\/01\\\/gms-logo-za-sajt.svg\",\"width\":1,\"height\":1,\"caption\":\"The Gallery of Matica srpska\"},\"image\":{\"@id\":\"https:\\\/\\\/www.galerijamaticesrpske.rs\\\/#\\\/schema\\\/logo\\\/image\\\/\"}}]}<\/script>\n<!-- \/ Yoast SEO plugin. -->","yoast_head_json":{"title":"Parallels. Novi Sad \/ Timisoara | The Gallery of Matica srpska","description":"Based on the belief that museums are a kind of fortresses of peace and bridges that connect and unite us, the Gallery of Matica Srpska and the National Art Museum in Timi\u015foara created unusual exhibition, connecting their rich collections, and making parallels between artists, themes, ideas and artistic visions of former common cultural space.","robots":{"index":"index","follow":"follow","max-snippet":"max-snippet:-1","max-image-preview":"max-image-preview:large","max-video-preview":"max-video-preview:-1"},"canonical":"https:\/\/www.galerijamaticesrpske.rs\/en\/events\/parallels-novi-sad-timisoara\/","og_locale":"en_US","og_type":"article","og_title":"Parallels. Timisoara \/ Novi Sad","og_description":"Based on the belief that museums are a kind of fortresses of peace and bridges that connect and unite us, the Gallery of Matica Srpska and the National Art Museum in Timi\u015foara created unusual exhibition, connecting their rich collections, and making parallels between artists, themes, ideas and artistic visions of former common cultural space.","og_url":"https:\/\/www.galerijamaticesrpske.rs\/en\/events\/parallels-novi-sad-timisoara\/","og_site_name":"The Gallery of Matica srpska","og_image":[{"width":1666,"height":800,"url":"https:\/\/www.galerijamaticesrpske.rs\/wp-content\/uploads\/2022\/06\/kalendar_1666x800.jpg","type":"image\/jpeg"}],"twitter_card":"summary_large_image","twitter_misc":{"Est. reading time":"4 minutes"},"schema":{"@context":"https:\/\/schema.org","@graph":[{"@type":"WebPage","@id":"https:\/\/www.galerijamaticesrpske.rs\/en\/events\/parallels-novi-sad-timisoara\/","url":"https:\/\/www.galerijamaticesrpske.rs\/en\/events\/parallels-novi-sad-timisoara\/","name":"Parallels. Novi Sad \/ Timisoara | The Gallery of Matica srpska","isPartOf":{"@id":"https:\/\/www.galerijamaticesrpske.rs\/#website"},"primaryImageOfPage":{"@id":"https:\/\/www.galerijamaticesrpske.rs\/en\/events\/parallels-novi-sad-timisoara\/#primaryimage"},"image":{"@id":"https:\/\/www.galerijamaticesrpske.rs\/en\/events\/parallels-novi-sad-timisoara\/#primaryimage"},"thumbnailUrl":"https:\/\/www.galerijamaticesrpske.rs\/wp-content\/uploads\/2022\/06\/kalendar_1666x800.jpg","datePublished":"2022-08-10T08:15:55+00:00","description":"Based on the belief that museums are a kind of fortresses of peace and bridges that connect and unite us, the Gallery of Matica Srpska and the National Art Museum in Timi\u015foara created unusual exhibition, connecting their rich collections, and making parallels between artists, themes, ideas and artistic visions of former common cultural space.","breadcrumb":{"@id":"https:\/\/www.galerijamaticesrpske.rs\/en\/events\/parallels-novi-sad-timisoara\/#breadcrumb"},"inLanguage":"en-US","potentialAction":[{"@type":"ReadAction","target":["https:\/\/www.galerijamaticesrpske.rs\/en\/events\/parallels-novi-sad-timisoara\/"]}]},{"@type":"ImageObject","inLanguage":"en-US","@id":"https:\/\/www.galerijamaticesrpske.rs\/en\/events\/parallels-novi-sad-timisoara\/#primaryimage","url":"https:\/\/www.galerijamaticesrpske.rs\/wp-content\/uploads\/2022\/06\/kalendar_1666x800.jpg","contentUrl":"https:\/\/www.galerijamaticesrpske.rs\/wp-content\/uploads\/2022\/06\/kalendar_1666x800.jpg","width":1666,"height":800},{"@type":"BreadcrumbList","@id":"https:\/\/www.galerijamaticesrpske.rs\/en\/events\/parallels-novi-sad-timisoara\/#breadcrumb","itemListElement":[{"@type":"ListItem","position":1,"name":"\u041f\u043e\u0447\u0435\u0442\u043d\u0430","item":"http:\/\/www.galerijamaticesrpske.rs\/en\/"},{"@type":"ListItem","position":2,"name":"Events","item":"http:\/\/www.galerijamaticesrpske.rs\/lat\/events\/"},{"@type":"ListItem","position":3,"name":"Parallels. Novi Sad \/ Timisoara"}]},{"@type":"WebSite","@id":"https:\/\/www.galerijamaticesrpske.rs\/#website","url":"https:\/\/www.galerijamaticesrpske.rs\/","name":"The Gallery of Matica srpska","description":"Museum of Serbian National Art in Novi Sad","publisher":{"@id":"https:\/\/www.galerijamaticesrpske.rs\/#organization"},"potentialAction":[{"@type":"SearchAction","target":{"@type":"EntryPoint","urlTemplate":"https:\/\/www.galerijamaticesrpske.rs\/?s={search_term_string}"},"query-input":{"@type":"PropertyValueSpecification","valueRequired":true,"valueName":"search_term_string"}}],"inLanguage":"en-US"},{"@type":"Organization","@id":"https:\/\/www.galerijamaticesrpske.rs\/#organization","name":"The Gallery of Matica srpska","url":"https:\/\/www.galerijamaticesrpske.rs\/","logo":{"@type":"ImageObject","inLanguage":"en-US","@id":"https:\/\/www.galerijamaticesrpske.rs\/#\/schema\/logo\/image\/","url":"https:\/\/www.galerijamaticesrpske.rs\/wp-content\/uploads\/2021\/01\/gms-logo-za-sajt.svg","contentUrl":"https:\/\/www.galerijamaticesrpske.rs\/wp-content\/uploads\/2021\/01\/gms-logo-za-sajt.svg","width":1,"height":1,"caption":"The Gallery of Matica srpska"},"image":{"@id":"https:\/\/www.galerijamaticesrpske.rs\/#\/schema\/logo\/image\/"}}]}},"_links":{"self":[{"href":"https:\/\/www.galerijamaticesrpske.rs\/en\/wp-json\/wp\/v2\/mec-events\/10130","targetHints":{"allow":["GET"]}}],"collection":[{"href":"https:\/\/www.galerijamaticesrpske.rs\/en\/wp-json\/wp\/v2\/mec-events"}],"about":[{"href":"https:\/\/www.galerijamaticesrpske.rs\/en\/wp-json\/wp\/v2\/types\/mec-events"}],"author":[{"embeddable":true,"href":"https:\/\/www.galerijamaticesrpske.rs\/en\/wp-json\/wp\/v2\/users\/2"}],"replies":[{"embeddable":true,"href":"https:\/\/www.galerijamaticesrpske.rs\/en\/wp-json\/wp\/v2\/comments?post=10130"}],"wp:featuredmedia":[{"embeddable":true,"href":"https:\/\/www.galerijamaticesrpske.rs\/en\/wp-json\/wp\/v2\/media\/10017"}],"wp:attachment":[{"href":"https:\/\/www.galerijamaticesrpske.rs\/en\/wp-json\/wp\/v2\/media?parent=10130"}],"wp:term":[{"taxonomy":"post_tag","embeddable":true,"href":"https:\/\/www.galerijamaticesrpske.rs\/en\/wp-json\/wp\/v2\/tags?post=10130"},{"taxonomy":"mec_category","embeddable":true,"href":"https:\/\/www.galerijamaticesrpske.rs\/en\/wp-json\/wp\/v2\/mec_category?post=10130"}],"curies":[{"name":"wp","href":"https:\/\/api.w.org\/{rel}","templated":true}]}}