{"id":15546,"date":"2025-09-08T10:03:38","date_gmt":"2025-09-08T10:03:38","guid":{"rendered":"https:\/\/www.galerijamaticesrpske.rs\/?post_type=mec-events&#038;p=15546"},"modified":"2026-01-12T14:13:25","modified_gmt":"2026-01-12T14:13:25","slug":"lazar-vozarevc-the-gallery-makes-a-guest-appearance","status":"publish","type":"mec-events","link":"https:\/\/www.galerijamaticesrpske.rs\/en\/events\/lazar-vozarevc-the-gallery-makes-a-guest-appearance\/","title":{"rendered":"Lazar Vozarevi\u0107. The Gallery Makes a Guest Appearance"},"content":{"rendered":"<p>As part of the commemoration of the jubilee, one hundred years since the birth of Lazar Vozarevi\u0107 (1925\u20131968), one of the most notable representatives of Serbian and Yugoslav modern painting, the Gallery of Matica srpska in collaboration with the &#8220;Lazar Vozarevi\u0107&#8221; Gallery from Sremska Mitrovica is organizing a monographic exhibition<em><strong> Lazar Vozarev\u0107. The Gallery Makes a Guest Appearance.<\/strong><\/em><\/p>\n<p>The exhibition will be <strong>formally opened<\/strong> on Friday, <strong>September 12 at 8:00 PM at the Gallery of Matica srpska<\/strong>. On this occasion, the audience will be addressed by <strong>Dr. Tijana Palkovljevi\u0107 Bugarski<\/strong>, director of GMS, <strong>Marija Vuruna<\/strong>, director of the &#8220;Lazar Vozarevi\u0107&#8221; Gallery, and <strong>Simon Schoonbroodt<\/strong>, director of the French Institute in Serbia \u2013 Novi Sad.<\/p>\n<p>The grand jubilee was the main reason for Lazar Vozarevi\u0107&#8217;s works from the main gallery in Sremska Mitrovica to come to cities and galleries that were important parts in the artist&#8217;s life. After Zrenjanin and Belgrade, where his work was presented to the public through careful selection, the Gallery of Matica srpska will host the most valuable part of the &#8220;Lazar Vozarevi\u0107&#8221; Gallery collection in its entirety. In addition to the complete legacy, the 79 works from the &#8220;Lazar Vozarevi\u0107&#8221; Gallery collection, the exhibition will also showcase works from the collection of the Gallery of Matica srpska, as well as five illustrations by Pablo Picasso from the National Museum of Serbia and one Picasso work from the Embassy of the Republic of France in Belgrade. The exhibition is accompanied by three video animations that use contemporary technologies to bring Vozarevi\u0107&#8217;s models and inspirations for the paintings <em>Lamentation of Christ<\/em>, <em>Squares<\/em>, and <em>Family<\/em> closer to the public, as well as three films dedicated to the artist&#8217;s life and work. Visitors will have the opportunity in Novi Sad to become familiar with works that constitute the most complete overview of all of Vozarevi\u0107&#8217;s creative phases from his debut on the art scene in the early 1950s to his last works from 1968.<\/p>\n<p>Lazar Vozarevi\u0107 cultivated his artistic expression in the vibrant and dynamic cultural scene of the 1950s, as a reaction to socio-political and artistic circumstances. He was a member of distinguished artistic groups &#8220;The Eleven&#8221; and &#8220;The December Group.&#8221; In his first, figurative period, his works are characterized by geometric construction, breaking of forms, and a strong existential dimension. In his search of a contemporary artistic language, the artist relied on two key sources of inspiration \u2013 the work of Pablo Picasso and the wealth of Byzantine art. This was followed by a brief phase of informalism, in which Vozarevi\u0107 explored the possibilities of new expression through non-painterly materials. The last, post-informalism phase is characterized by painting-reliefs of geometrized compositions with strong coloring and deep spiritual symbolism. Authentic reflections on contemporary painting and the relationship to medieval heritage make Lazar Vozarevi\u0107&#8217;s opus one of the most significant and recognizable achievements of Serbian modernism.<\/p>\n<p>The exhibition curators are Marija Vuruna, director of the &#8220;Lazar Vozarevi\u0107&#8221; Gallery, Ivana Rastovi\u0107 and Ivana Janji\u0107, curators of the Gallery of Matica srpska.<\/p>\n<p>The exhibition will be complemented by a diverse accompanying program: thematic lectures about the artist&#8217;s life and work on Fridays at 7:00 PM, curatorial tours on weekends at 1:00 PM and 5:00 PM, as well as a new educational program for children <em>Once Upon a Time There Was a Painter&#8230; Lazar Vozarevi\u0107<\/em>, in order to bring the complexity of Vozarevi\u0107&#8217;s work closer to audiences of different ages and interests.<\/p>\n<p>The exhibition can be visited until February 1, 2026.<\/p>\n<p>The project realization was made possible by the Ministry of Culture of the Republic of Serbia, the Provincial Secretariat for Culture and Relations with Religious Communities, and the City of Novi Sad, while the exhibition sponsor is DDOR Insurance Novi Sad.<br \/>\n<iframe loading=\"lazy\" src=\"https:\/\/lazarvozarevic.360.rs\/\" width=\"100%\" height=\"700px\" frameborder=\"0\" marginwidth=\"0\" marginheight=\"0\" scrolling=\"no\" allowfullscreen=\"allowfullscreen\"><br \/>\n<\/iframe><\/p>\n","protected":false},"excerpt":{"rendered":"<p>As part of the commemoration of the jubilee, one hundred years since the birth of Lazar Vozarevi\u0107 (1925\u20131968), one of the most notable representatives of Serbian and Yugoslav modern painting, the Gallery of Matica srpska in collaboration with the &#8220;Lazar Vozarevi\u0107&#8221; Gallery from Sremska Mitrovica is organizing a monographic exhibition Lazar Vozarev\u0107. The Gallery Makes<\/p>\n","protected":false},"author":2,"featured_media":15547,"comment_status":"closed","ping_status":"closed","template":"","tags":[],"mec_category":[76],"class_list":["post-15546","mec-events","type-mec-events","status-publish","has-post-thumbnail","hentry","mec_category-exhibitions"],"acf":[],"yoast_head":"<!-- This site is optimized with the Yoast SEO plugin v27.3 - https:\/\/yoast.com\/product\/yoast-seo-wordpress\/ -->\n<title>Lazar Vozarevi\u0107. The Gallery Makes a Guest Appearance | The Gallery of Matica srpska<\/title>\n<meta name=\"description\" content=\"As part of the commemoration of the jubilee, one hundred years since the birth of Lazar Vozarevi\u0107 (1925\u20131968), one of the most notable representatives of Serbian and Yugoslav modern painting, the Gallery of Matica srpska in collaboration with the &quot;Lazar Vozarevi\u0107&quot; Gallery from Sremska Mitrovica is organizing a monographic exhibition Lazar Vozarev\u0107. The Gallery Makes a Guest Appearance.\" \/>\n<meta name=\"robots\" content=\"index, follow, max-snippet:-1, max-image-preview:large, max-video-preview:-1\" \/>\n<link rel=\"canonical\" href=\"https:\/\/www.galerijamaticesrpske.rs\/en\/events\/lazar-vozarevc-the-gallery-makes-a-guest-appearance\/\" \/>\n<meta property=\"og:locale\" content=\"en_US\" \/>\n<meta property=\"og:type\" content=\"article\" \/>\n<meta property=\"og:title\" content=\"Lazar Vozarevi\u0107. The Gallery Makes a Guest Appearance | The Gallery of Matica srpska\" \/>\n<meta property=\"og:description\" content=\"As part of the commemoration of the jubilee, one hundred years since the birth of Lazar Vozarevi\u0107 (1925\u20131968), one of the most notable representatives of Serbian and Yugoslav modern painting, the Gallery of Matica srpska in collaboration with the &quot;Lazar Vozarevi\u0107&quot; Gallery from Sremska Mitrovica is organizing a monographic exhibition Lazar Vozarev\u0107. The Gallery Makes a Guest Appearance.\" \/>\n<meta property=\"og:url\" content=\"https:\/\/www.galerijamaticesrpske.rs\/en\/events\/lazar-vozarevc-the-gallery-makes-a-guest-appearance\/\" \/>\n<meta property=\"og:site_name\" content=\"The Gallery of Matica srpska\" \/>\n<meta property=\"article:modified_time\" content=\"2026-01-12T14:13:25+00:00\" \/>\n<meta property=\"og:image\" content=\"https:\/\/www.galerijamaticesrpske.rs\/wp-content\/uploads\/2025\/09\/1920x1080_eng.jpg\" \/>\n\t<meta property=\"og:image:width\" content=\"1920\" \/>\n\t<meta property=\"og:image:height\" content=\"1080\" \/>\n\t<meta property=\"og:image:type\" content=\"image\/jpeg\" \/>\n<meta name=\"twitter:card\" content=\"summary_large_image\" \/>\n<meta name=\"twitter:label1\" content=\"Est. reading time\" \/>\n\t<meta name=\"twitter:data1\" content=\"3 minutes\" \/>\n<script type=\"application\/ld+json\" class=\"yoast-schema-graph\">{\"@context\":\"https:\\\/\\\/schema.org\",\"@graph\":[{\"@type\":\"WebPage\",\"@id\":\"https:\\\/\\\/www.galerijamaticesrpske.rs\\\/en\\\/events\\\/lazar-vozarevc-the-gallery-makes-a-guest-appearance\\\/\",\"url\":\"https:\\\/\\\/www.galerijamaticesrpske.rs\\\/en\\\/events\\\/lazar-vozarevc-the-gallery-makes-a-guest-appearance\\\/\",\"name\":\"Lazar Vozarevi\u0107. The Gallery Makes a Guest Appearance | The Gallery of Matica srpska\",\"isPartOf\":{\"@id\":\"https:\\\/\\\/www.galerijamaticesrpske.rs\\\/#website\"},\"primaryImageOfPage\":{\"@id\":\"https:\\\/\\\/www.galerijamaticesrpske.rs\\\/en\\\/events\\\/lazar-vozarevc-the-gallery-makes-a-guest-appearance\\\/#primaryimage\"},\"image\":{\"@id\":\"https:\\\/\\\/www.galerijamaticesrpske.rs\\\/en\\\/events\\\/lazar-vozarevc-the-gallery-makes-a-guest-appearance\\\/#primaryimage\"},\"thumbnailUrl\":\"https:\\\/\\\/www.galerijamaticesrpske.rs\\\/wp-content\\\/uploads\\\/2025\\\/09\\\/1920x1080_eng.jpg\",\"datePublished\":\"2025-09-08T10:03:38+00:00\",\"dateModified\":\"2026-01-12T14:13:25+00:00\",\"description\":\"As part of the commemoration of the jubilee, one hundred years since the birth of Lazar Vozarevi\u0107 (1925\u20131968), one of the most notable representatives of Serbian and Yugoslav modern painting, the Gallery of Matica srpska in collaboration with the \\\"Lazar Vozarevi\u0107\\\" Gallery from Sremska Mitrovica is organizing a monographic exhibition Lazar Vozarev\u0107. The Gallery Makes a Guest Appearance.\",\"breadcrumb\":{\"@id\":\"https:\\\/\\\/www.galerijamaticesrpske.rs\\\/en\\\/events\\\/lazar-vozarevc-the-gallery-makes-a-guest-appearance\\\/#breadcrumb\"},\"inLanguage\":\"en-US\",\"potentialAction\":[{\"@type\":\"ReadAction\",\"target\":[\"https:\\\/\\\/www.galerijamaticesrpske.rs\\\/en\\\/events\\\/lazar-vozarevc-the-gallery-makes-a-guest-appearance\\\/\"]}]},{\"@type\":\"ImageObject\",\"inLanguage\":\"en-US\",\"@id\":\"https:\\\/\\\/www.galerijamaticesrpske.rs\\\/en\\\/events\\\/lazar-vozarevc-the-gallery-makes-a-guest-appearance\\\/#primaryimage\",\"url\":\"https:\\\/\\\/www.galerijamaticesrpske.rs\\\/wp-content\\\/uploads\\\/2025\\\/09\\\/1920x1080_eng.jpg\",\"contentUrl\":\"https:\\\/\\\/www.galerijamaticesrpske.rs\\\/wp-content\\\/uploads\\\/2025\\\/09\\\/1920x1080_eng.jpg\",\"width\":1920,\"height\":1080},{\"@type\":\"BreadcrumbList\",\"@id\":\"https:\\\/\\\/www.galerijamaticesrpske.rs\\\/en\\\/events\\\/lazar-vozarevc-the-gallery-makes-a-guest-appearance\\\/#breadcrumb\",\"itemListElement\":[{\"@type\":\"ListItem\",\"position\":1,\"name\":\"\u041f\u043e\u0447\u0435\u0442\u043d\u0430\",\"item\":\"http:\\\/\\\/www.galerijamaticesrpske.rs\\\/en\\\/\"},{\"@type\":\"ListItem\",\"position\":2,\"name\":\"Events\",\"item\":\"http:\\\/\\\/www.galerijamaticesrpske.rs\\\/lat\\\/events\\\/\"},{\"@type\":\"ListItem\",\"position\":3,\"name\":\"Lazar Vozarevi\u0107. The Gallery Makes a Guest Appearance\"}]},{\"@type\":\"WebSite\",\"@id\":\"https:\\\/\\\/www.galerijamaticesrpske.rs\\\/#website\",\"url\":\"https:\\\/\\\/www.galerijamaticesrpske.rs\\\/\",\"name\":\"The Gallery of Matica srpska\",\"description\":\"Museum of Serbian National Art in Novi Sad\",\"publisher\":{\"@id\":\"https:\\\/\\\/www.galerijamaticesrpske.rs\\\/#organization\"},\"potentialAction\":[{\"@type\":\"SearchAction\",\"target\":{\"@type\":\"EntryPoint\",\"urlTemplate\":\"https:\\\/\\\/www.galerijamaticesrpske.rs\\\/?s={search_term_string}\"},\"query-input\":{\"@type\":\"PropertyValueSpecification\",\"valueRequired\":true,\"valueName\":\"search_term_string\"}}],\"inLanguage\":\"en-US\"},{\"@type\":\"Organization\",\"@id\":\"https:\\\/\\\/www.galerijamaticesrpske.rs\\\/#organization\",\"name\":\"The Gallery of Matica srpska\",\"url\":\"https:\\\/\\\/www.galerijamaticesrpske.rs\\\/\",\"logo\":{\"@type\":\"ImageObject\",\"inLanguage\":\"en-US\",\"@id\":\"https:\\\/\\\/www.galerijamaticesrpske.rs\\\/#\\\/schema\\\/logo\\\/image\\\/\",\"url\":\"https:\\\/\\\/www.galerijamaticesrpske.rs\\\/wp-content\\\/uploads\\\/2021\\\/01\\\/gms-logo-za-sajt.svg\",\"contentUrl\":\"https:\\\/\\\/www.galerijamaticesrpske.rs\\\/wp-content\\\/uploads\\\/2021\\\/01\\\/gms-logo-za-sajt.svg\",\"width\":1,\"height\":1,\"caption\":\"The Gallery of Matica srpska\"},\"image\":{\"@id\":\"https:\\\/\\\/www.galerijamaticesrpske.rs\\\/#\\\/schema\\\/logo\\\/image\\\/\"}}]}<\/script>\n<!-- \/ Yoast SEO plugin. -->","yoast_head_json":{"title":"Lazar Vozarevi\u0107. The Gallery Makes a Guest Appearance | The Gallery of Matica srpska","description":"As part of the commemoration of the jubilee, one hundred years since the birth of Lazar Vozarevi\u0107 (1925\u20131968), one of the most notable representatives of Serbian and Yugoslav modern painting, the Gallery of Matica srpska in collaboration with the \"Lazar Vozarevi\u0107\" Gallery from Sremska Mitrovica is organizing a monographic exhibition Lazar Vozarev\u0107. The Gallery Makes a Guest Appearance.","robots":{"index":"index","follow":"follow","max-snippet":"max-snippet:-1","max-image-preview":"max-image-preview:large","max-video-preview":"max-video-preview:-1"},"canonical":"https:\/\/www.galerijamaticesrpske.rs\/en\/events\/lazar-vozarevc-the-gallery-makes-a-guest-appearance\/","og_locale":"en_US","og_type":"article","og_title":"Lazar Vozarevi\u0107. The Gallery Makes a Guest Appearance | The Gallery of Matica srpska","og_description":"As part of the commemoration of the jubilee, one hundred years since the birth of Lazar Vozarevi\u0107 (1925\u20131968), one of the most notable representatives of Serbian and Yugoslav modern painting, the Gallery of Matica srpska in collaboration with the \"Lazar Vozarevi\u0107\" Gallery from Sremska Mitrovica is organizing a monographic exhibition Lazar Vozarev\u0107. The Gallery Makes a Guest Appearance.","og_url":"https:\/\/www.galerijamaticesrpske.rs\/en\/events\/lazar-vozarevc-the-gallery-makes-a-guest-appearance\/","og_site_name":"The Gallery of Matica srpska","article_modified_time":"2026-01-12T14:13:25+00:00","og_image":[{"width":1920,"height":1080,"url":"https:\/\/www.galerijamaticesrpske.rs\/wp-content\/uploads\/2025\/09\/1920x1080_eng.jpg","type":"image\/jpeg"}],"twitter_card":"summary_large_image","twitter_misc":{"Est. reading time":"3 minutes"},"schema":{"@context":"https:\/\/schema.org","@graph":[{"@type":"WebPage","@id":"https:\/\/www.galerijamaticesrpske.rs\/en\/events\/lazar-vozarevc-the-gallery-makes-a-guest-appearance\/","url":"https:\/\/www.galerijamaticesrpske.rs\/en\/events\/lazar-vozarevc-the-gallery-makes-a-guest-appearance\/","name":"Lazar Vozarevi\u0107. The Gallery Makes a Guest Appearance | The Gallery of Matica srpska","isPartOf":{"@id":"https:\/\/www.galerijamaticesrpske.rs\/#website"},"primaryImageOfPage":{"@id":"https:\/\/www.galerijamaticesrpske.rs\/en\/events\/lazar-vozarevc-the-gallery-makes-a-guest-appearance\/#primaryimage"},"image":{"@id":"https:\/\/www.galerijamaticesrpske.rs\/en\/events\/lazar-vozarevc-the-gallery-makes-a-guest-appearance\/#primaryimage"},"thumbnailUrl":"https:\/\/www.galerijamaticesrpske.rs\/wp-content\/uploads\/2025\/09\/1920x1080_eng.jpg","datePublished":"2025-09-08T10:03:38+00:00","dateModified":"2026-01-12T14:13:25+00:00","description":"As part of the commemoration of the jubilee, one hundred years since the birth of Lazar Vozarevi\u0107 (1925\u20131968), one of the most notable representatives of Serbian and Yugoslav modern painting, the Gallery of Matica srpska in collaboration with the \"Lazar Vozarevi\u0107\" Gallery from Sremska Mitrovica is organizing a monographic exhibition Lazar Vozarev\u0107. The Gallery Makes a Guest Appearance.","breadcrumb":{"@id":"https:\/\/www.galerijamaticesrpske.rs\/en\/events\/lazar-vozarevc-the-gallery-makes-a-guest-appearance\/#breadcrumb"},"inLanguage":"en-US","potentialAction":[{"@type":"ReadAction","target":["https:\/\/www.galerijamaticesrpske.rs\/en\/events\/lazar-vozarevc-the-gallery-makes-a-guest-appearance\/"]}]},{"@type":"ImageObject","inLanguage":"en-US","@id":"https:\/\/www.galerijamaticesrpske.rs\/en\/events\/lazar-vozarevc-the-gallery-makes-a-guest-appearance\/#primaryimage","url":"https:\/\/www.galerijamaticesrpske.rs\/wp-content\/uploads\/2025\/09\/1920x1080_eng.jpg","contentUrl":"https:\/\/www.galerijamaticesrpske.rs\/wp-content\/uploads\/2025\/09\/1920x1080_eng.jpg","width":1920,"height":1080},{"@type":"BreadcrumbList","@id":"https:\/\/www.galerijamaticesrpske.rs\/en\/events\/lazar-vozarevc-the-gallery-makes-a-guest-appearance\/#breadcrumb","itemListElement":[{"@type":"ListItem","position":1,"name":"\u041f\u043e\u0447\u0435\u0442\u043d\u0430","item":"http:\/\/www.galerijamaticesrpske.rs\/en\/"},{"@type":"ListItem","position":2,"name":"Events","item":"http:\/\/www.galerijamaticesrpske.rs\/lat\/events\/"},{"@type":"ListItem","position":3,"name":"Lazar Vozarevi\u0107. The Gallery Makes a Guest Appearance"}]},{"@type":"WebSite","@id":"https:\/\/www.galerijamaticesrpske.rs\/#website","url":"https:\/\/www.galerijamaticesrpske.rs\/","name":"The Gallery of Matica srpska","description":"Museum of Serbian National Art in Novi Sad","publisher":{"@id":"https:\/\/www.galerijamaticesrpske.rs\/#organization"},"potentialAction":[{"@type":"SearchAction","target":{"@type":"EntryPoint","urlTemplate":"https:\/\/www.galerijamaticesrpske.rs\/?s={search_term_string}"},"query-input":{"@type":"PropertyValueSpecification","valueRequired":true,"valueName":"search_term_string"}}],"inLanguage":"en-US"},{"@type":"Organization","@id":"https:\/\/www.galerijamaticesrpske.rs\/#organization","name":"The Gallery of Matica srpska","url":"https:\/\/www.galerijamaticesrpske.rs\/","logo":{"@type":"ImageObject","inLanguage":"en-US","@id":"https:\/\/www.galerijamaticesrpske.rs\/#\/schema\/logo\/image\/","url":"https:\/\/www.galerijamaticesrpske.rs\/wp-content\/uploads\/2021\/01\/gms-logo-za-sajt.svg","contentUrl":"https:\/\/www.galerijamaticesrpske.rs\/wp-content\/uploads\/2021\/01\/gms-logo-za-sajt.svg","width":1,"height":1,"caption":"The Gallery of Matica srpska"},"image":{"@id":"https:\/\/www.galerijamaticesrpske.rs\/#\/schema\/logo\/image\/"}}]}},"_links":{"self":[{"href":"https:\/\/www.galerijamaticesrpske.rs\/en\/wp-json\/wp\/v2\/mec-events\/15546","targetHints":{"allow":["GET"]}}],"collection":[{"href":"https:\/\/www.galerijamaticesrpske.rs\/en\/wp-json\/wp\/v2\/mec-events"}],"about":[{"href":"https:\/\/www.galerijamaticesrpske.rs\/en\/wp-json\/wp\/v2\/types\/mec-events"}],"author":[{"embeddable":true,"href":"https:\/\/www.galerijamaticesrpske.rs\/en\/wp-json\/wp\/v2\/users\/2"}],"replies":[{"embeddable":true,"href":"https:\/\/www.galerijamaticesrpske.rs\/en\/wp-json\/wp\/v2\/comments?post=15546"}],"wp:featuredmedia":[{"embeddable":true,"href":"https:\/\/www.galerijamaticesrpske.rs\/en\/wp-json\/wp\/v2\/media\/15547"}],"wp:attachment":[{"href":"https:\/\/www.galerijamaticesrpske.rs\/en\/wp-json\/wp\/v2\/media?parent=15546"}],"wp:term":[{"taxonomy":"post_tag","embeddable":true,"href":"https:\/\/www.galerijamaticesrpske.rs\/en\/wp-json\/wp\/v2\/tags?post=15546"},{"taxonomy":"mec_category","embeddable":true,"href":"https:\/\/www.galerijamaticesrpske.rs\/en\/wp-json\/wp\/v2\/mec_category?post=15546"}],"curies":[{"name":"wp","href":"https:\/\/api.w.org\/{rel}","templated":true}]}}