{"id":16230,"date":"2026-01-29T11:37:07","date_gmt":"2026-01-29T11:37:07","guid":{"rendered":"https:\/\/www.galerijamaticesrpske.rs\/?post_type=mec-events&#038;p=16230"},"modified":"2026-01-29T11:37:07","modified_gmt":"2026-01-29T11:37:07","slug":"who-s-which-body","status":"publish","type":"mec-events","link":"https:\/\/www.galerijamaticesrpske.rs\/en\/events\/who-s-which-body\/","title":{"rendered":"Who\u2019s\/Which Body?"},"content":{"rendered":"<p>What is the body? Is it what we see in the mirror, on social media, in the media, in the eyes of others? Or is the body much more \u2013 a space of feeling, identity, vulnerability, strength, resistance, and freedom?\u00a0<strong>The exhibition\u00a0<em>Who\u2019s\/Which Body<\/em>\u00a0<\/strong>presents possible answers to these questions as expressed by high-school students from Novi Sad. The exhibition is a result of a months-long artistic and research-based process in which young people performed as authors, researchers and initiators of topics that directly concern them.<\/p>\n<p>The project\u00a0<em>Who\u2019s\/Which Body,\u00a0<\/em>that took place at the Gallery of Matica srpska from October to December 2025, brought together high school students from Novi Sad. The starting idea was simple yet powerful: to create a space where young people can talk about the body \u2013 without pressure, without expected patterns, without imposed answers. The goal of the project was to let young people critically questions beauty standards and social norms; to understand how media, popular culture and historical patterns shape the image of the body; to connect personal experiences with broader social and cultural contexts; to develop their own viewpoints, language and visual expression; to feel seen and heard as a part of a cultural institution;<\/p>\n<p>The process was participatory and interdisciplinary \u2013 young people were not an audience; they were active participants. Theoretical conversations, analyses, and discussions intertwined with practical artistic work in photography, video, drawing, performance, poetry, painting and installation.<\/p>\n<p>The exhibited works address beauty and ugliness, identity and diversity, pressures and expectations, movement, sport, fashion and media, insecurity, strength, and the need for acceptance.<\/p>\n<p>Project participants are students of the \u201cBogdan \u0160uput\u201d High School for Design \u2013 Jovana Raili\u0107, Anastasija Marija Bo\u017eovi\u0107, Aleksandra Bojani\u0107, Dragana \u0110or\u0111evi\u0107, Olgica Lovri\u0107, Luka Aleksi\u0107, Valerija Ilievska, Nikolina Plavi\u0161i\u0107; and students of the \u201cSvetozar Markovi\u0107\u201d Grammar School \u2013 Una Le\u010di\u0107, Lea Vujkov and Sofija Safijanova.<\/p>\n<p>The exhibiton will be on view on the second floor of the permanent exhibition\u00a0<em>ReVISION of the<\/em><em>\u00a0GMS<\/em><em>\u00a0Collection<\/em>, in the Room for Indulging in Art, until March 31, 2026.<\/p>\n","protected":false},"excerpt":{"rendered":"<p>What is the body? Is it what we see in the mirror, on social media, in the media, in the eyes of others? Or is the body much more \u2013 a space of feeling, identity, vulnerability, strength, resistance, and freedom?\u00a0The exhibition\u00a0Who\u2019s\/Which Body\u00a0presents possible answers to these questions as expressed by high-school students from Novi Sad.<\/p>\n","protected":false},"author":2,"featured_media":16213,"comment_status":"closed","ping_status":"closed","template":"","tags":[],"mec_category":[76],"class_list":["post-16230","mec-events","type-mec-events","status-publish","has-post-thumbnail","hentry","mec_category-exhibitions"],"acf":[],"yoast_head":"<!-- This site is optimized with the Yoast SEO plugin v27.3 - https:\/\/yoast.com\/product\/yoast-seo-wordpress\/ -->\n<title>Who\u2019s\/Which Body? | The Gallery of Matica srpska<\/title>\n<meta name=\"description\" content=\"What is the body? Is it what we see in the mirror, on social media, in the media, in the eyes of others? Or is the body much more \u2013 a space of feeling, identity, vulnerability, strength, resistance, and freedom?\u00a0The exhibition\u00a0Who\u2019s\/Which Body\u00a0presents possible answers to these questions as expressed by high-school students from Novi Sad. The exhibition is a result of a months-long artistic and research-based process in which young people performed as authors, researchers and initiators of topics that directly concern them.\" \/>\n<meta name=\"robots\" content=\"index, follow, max-snippet:-1, max-image-preview:large, max-video-preview:-1\" \/>\n<link rel=\"canonical\" href=\"https:\/\/www.galerijamaticesrpske.rs\/en\/events\/who-s-which-body\/\" \/>\n<meta property=\"og:locale\" content=\"en_US\" \/>\n<meta property=\"og:type\" content=\"article\" \/>\n<meta property=\"og:title\" content=\"Who\u2019s\/Which Body? | The Gallery of Matica srpska\" \/>\n<meta property=\"og:description\" content=\"What is the body? Is it what we see in the mirror, on social media, in the media, in the eyes of others? Or is the body much more \u2013 a space of feeling, identity, vulnerability, strength, resistance, and freedom?\u00a0The exhibition\u00a0Who\u2019s\/Which Body\u00a0presents possible answers to these questions as expressed by high-school students from Novi Sad. The exhibition is a result of a months-long artistic and research-based process in which young people performed as authors, researchers and initiators of topics that directly concern them.\" \/>\n<meta property=\"og:url\" content=\"https:\/\/www.galerijamaticesrpske.rs\/en\/events\/who-s-which-body\/\" \/>\n<meta property=\"og:site_name\" content=\"The Gallery of Matica srpska\" \/>\n<meta property=\"og:image\" content=\"https:\/\/www.galerijamaticesrpske.rs\/wp-content\/uploads\/2026\/01\/vizual_baner-sajt.jpg\" \/>\n\t<meta property=\"og:image:width\" content=\"1920\" \/>\n\t<meta property=\"og:image:height\" content=\"1087\" \/>\n\t<meta property=\"og:image:type\" content=\"image\/jpeg\" \/>\n<meta name=\"twitter:card\" content=\"summary_large_image\" \/>\n<meta name=\"twitter:label1\" content=\"Est. reading time\" \/>\n\t<meta name=\"twitter:data1\" content=\"2 minutes\" \/>\n<script type=\"application\/ld+json\" class=\"yoast-schema-graph\">{\"@context\":\"https:\\\/\\\/schema.org\",\"@graph\":[{\"@type\":\"WebPage\",\"@id\":\"https:\\\/\\\/www.galerijamaticesrpske.rs\\\/en\\\/events\\\/who-s-which-body\\\/\",\"url\":\"https:\\\/\\\/www.galerijamaticesrpske.rs\\\/en\\\/events\\\/who-s-which-body\\\/\",\"name\":\"Who\u2019s\\\/Which Body? | The Gallery of Matica srpska\",\"isPartOf\":{\"@id\":\"https:\\\/\\\/www.galerijamaticesrpske.rs\\\/#website\"},\"primaryImageOfPage\":{\"@id\":\"https:\\\/\\\/www.galerijamaticesrpske.rs\\\/en\\\/events\\\/who-s-which-body\\\/#primaryimage\"},\"image\":{\"@id\":\"https:\\\/\\\/www.galerijamaticesrpske.rs\\\/en\\\/events\\\/who-s-which-body\\\/#primaryimage\"},\"thumbnailUrl\":\"https:\\\/\\\/www.galerijamaticesrpske.rs\\\/wp-content\\\/uploads\\\/2026\\\/01\\\/vizual_baner-sajt.jpg\",\"datePublished\":\"2026-01-29T11:37:07+00:00\",\"description\":\"What is the body? Is it what we see in the mirror, on social media, in the media, in the eyes of others? Or is the body much more \u2013 a space of feeling, identity, vulnerability, strength, resistance, and freedom?\u00a0The exhibition\u00a0Who\u2019s\\\/Which Body\u00a0presents possible answers to these questions as expressed by high-school students from Novi Sad. The exhibition is a result of a months-long artistic and research-based process in which young people performed as authors, researchers and initiators of topics that directly concern them.\",\"breadcrumb\":{\"@id\":\"https:\\\/\\\/www.galerijamaticesrpske.rs\\\/en\\\/events\\\/who-s-which-body\\\/#breadcrumb\"},\"inLanguage\":\"en-US\",\"potentialAction\":[{\"@type\":\"ReadAction\",\"target\":[\"https:\\\/\\\/www.galerijamaticesrpske.rs\\\/en\\\/events\\\/who-s-which-body\\\/\"]}]},{\"@type\":\"ImageObject\",\"inLanguage\":\"en-US\",\"@id\":\"https:\\\/\\\/www.galerijamaticesrpske.rs\\\/en\\\/events\\\/who-s-which-body\\\/#primaryimage\",\"url\":\"https:\\\/\\\/www.galerijamaticesrpske.rs\\\/wp-content\\\/uploads\\\/2026\\\/01\\\/vizual_baner-sajt.jpg\",\"contentUrl\":\"https:\\\/\\\/www.galerijamaticesrpske.rs\\\/wp-content\\\/uploads\\\/2026\\\/01\\\/vizual_baner-sajt.jpg\",\"width\":1920,\"height\":1087},{\"@type\":\"BreadcrumbList\",\"@id\":\"https:\\\/\\\/www.galerijamaticesrpske.rs\\\/en\\\/events\\\/who-s-which-body\\\/#breadcrumb\",\"itemListElement\":[{\"@type\":\"ListItem\",\"position\":1,\"name\":\"\u041f\u043e\u0447\u0435\u0442\u043d\u0430\",\"item\":\"http:\\\/\\\/www.galerijamaticesrpske.rs\\\/en\\\/\"},{\"@type\":\"ListItem\",\"position\":2,\"name\":\"Events\",\"item\":\"http:\\\/\\\/www.galerijamaticesrpske.rs\\\/lat\\\/events\\\/\"},{\"@type\":\"ListItem\",\"position\":3,\"name\":\"Who\u2019s\\\/Which Body?\"}]},{\"@type\":\"WebSite\",\"@id\":\"https:\\\/\\\/www.galerijamaticesrpske.rs\\\/#website\",\"url\":\"https:\\\/\\\/www.galerijamaticesrpske.rs\\\/\",\"name\":\"The Gallery of Matica srpska\",\"description\":\"Museum of Serbian National Art in Novi Sad\",\"publisher\":{\"@id\":\"https:\\\/\\\/www.galerijamaticesrpske.rs\\\/#organization\"},\"potentialAction\":[{\"@type\":\"SearchAction\",\"target\":{\"@type\":\"EntryPoint\",\"urlTemplate\":\"https:\\\/\\\/www.galerijamaticesrpske.rs\\\/?s={search_term_string}\"},\"query-input\":{\"@type\":\"PropertyValueSpecification\",\"valueRequired\":true,\"valueName\":\"search_term_string\"}}],\"inLanguage\":\"en-US\"},{\"@type\":\"Organization\",\"@id\":\"https:\\\/\\\/www.galerijamaticesrpske.rs\\\/#organization\",\"name\":\"The Gallery of Matica srpska\",\"url\":\"https:\\\/\\\/www.galerijamaticesrpske.rs\\\/\",\"logo\":{\"@type\":\"ImageObject\",\"inLanguage\":\"en-US\",\"@id\":\"https:\\\/\\\/www.galerijamaticesrpske.rs\\\/#\\\/schema\\\/logo\\\/image\\\/\",\"url\":\"https:\\\/\\\/www.galerijamaticesrpske.rs\\\/wp-content\\\/uploads\\\/2021\\\/01\\\/gms-logo-za-sajt.svg\",\"contentUrl\":\"https:\\\/\\\/www.galerijamaticesrpske.rs\\\/wp-content\\\/uploads\\\/2021\\\/01\\\/gms-logo-za-sajt.svg\",\"width\":1,\"height\":1,\"caption\":\"The Gallery of Matica srpska\"},\"image\":{\"@id\":\"https:\\\/\\\/www.galerijamaticesrpske.rs\\\/#\\\/schema\\\/logo\\\/image\\\/\"}}]}<\/script>\n<!-- \/ Yoast SEO plugin. -->","yoast_head_json":{"title":"Who\u2019s\/Which Body? | The Gallery of Matica srpska","description":"What is the body? Is it what we see in the mirror, on social media, in the media, in the eyes of others? Or is the body much more \u2013 a space of feeling, identity, vulnerability, strength, resistance, and freedom?\u00a0The exhibition\u00a0Who\u2019s\/Which Body\u00a0presents possible answers to these questions as expressed by high-school students from Novi Sad. The exhibition is a result of a months-long artistic and research-based process in which young people performed as authors, researchers and initiators of topics that directly concern them.","robots":{"index":"index","follow":"follow","max-snippet":"max-snippet:-1","max-image-preview":"max-image-preview:large","max-video-preview":"max-video-preview:-1"},"canonical":"https:\/\/www.galerijamaticesrpske.rs\/en\/events\/who-s-which-body\/","og_locale":"en_US","og_type":"article","og_title":"Who\u2019s\/Which Body? | The Gallery of Matica srpska","og_description":"What is the body? Is it what we see in the mirror, on social media, in the media, in the eyes of others? Or is the body much more \u2013 a space of feeling, identity, vulnerability, strength, resistance, and freedom?\u00a0The exhibition\u00a0Who\u2019s\/Which Body\u00a0presents possible answers to these questions as expressed by high-school students from Novi Sad. The exhibition is a result of a months-long artistic and research-based process in which young people performed as authors, researchers and initiators of topics that directly concern them.","og_url":"https:\/\/www.galerijamaticesrpske.rs\/en\/events\/who-s-which-body\/","og_site_name":"The Gallery of Matica srpska","og_image":[{"width":1920,"height":1087,"url":"https:\/\/www.galerijamaticesrpske.rs\/wp-content\/uploads\/2026\/01\/vizual_baner-sajt.jpg","type":"image\/jpeg"}],"twitter_card":"summary_large_image","twitter_misc":{"Est. reading time":"2 minutes"},"schema":{"@context":"https:\/\/schema.org","@graph":[{"@type":"WebPage","@id":"https:\/\/www.galerijamaticesrpske.rs\/en\/events\/who-s-which-body\/","url":"https:\/\/www.galerijamaticesrpske.rs\/en\/events\/who-s-which-body\/","name":"Who\u2019s\/Which Body? | The Gallery of Matica srpska","isPartOf":{"@id":"https:\/\/www.galerijamaticesrpske.rs\/#website"},"primaryImageOfPage":{"@id":"https:\/\/www.galerijamaticesrpske.rs\/en\/events\/who-s-which-body\/#primaryimage"},"image":{"@id":"https:\/\/www.galerijamaticesrpske.rs\/en\/events\/who-s-which-body\/#primaryimage"},"thumbnailUrl":"https:\/\/www.galerijamaticesrpske.rs\/wp-content\/uploads\/2026\/01\/vizual_baner-sajt.jpg","datePublished":"2026-01-29T11:37:07+00:00","description":"What is the body? Is it what we see in the mirror, on social media, in the media, in the eyes of others? Or is the body much more \u2013 a space of feeling, identity, vulnerability, strength, resistance, and freedom?\u00a0The exhibition\u00a0Who\u2019s\/Which Body\u00a0presents possible answers to these questions as expressed by high-school students from Novi Sad. The exhibition is a result of a months-long artistic and research-based process in which young people performed as authors, researchers and initiators of topics that directly concern them.","breadcrumb":{"@id":"https:\/\/www.galerijamaticesrpske.rs\/en\/events\/who-s-which-body\/#breadcrumb"},"inLanguage":"en-US","potentialAction":[{"@type":"ReadAction","target":["https:\/\/www.galerijamaticesrpske.rs\/en\/events\/who-s-which-body\/"]}]},{"@type":"ImageObject","inLanguage":"en-US","@id":"https:\/\/www.galerijamaticesrpske.rs\/en\/events\/who-s-which-body\/#primaryimage","url":"https:\/\/www.galerijamaticesrpske.rs\/wp-content\/uploads\/2026\/01\/vizual_baner-sajt.jpg","contentUrl":"https:\/\/www.galerijamaticesrpske.rs\/wp-content\/uploads\/2026\/01\/vizual_baner-sajt.jpg","width":1920,"height":1087},{"@type":"BreadcrumbList","@id":"https:\/\/www.galerijamaticesrpske.rs\/en\/events\/who-s-which-body\/#breadcrumb","itemListElement":[{"@type":"ListItem","position":1,"name":"\u041f\u043e\u0447\u0435\u0442\u043d\u0430","item":"http:\/\/www.galerijamaticesrpske.rs\/en\/"},{"@type":"ListItem","position":2,"name":"Events","item":"http:\/\/www.galerijamaticesrpske.rs\/lat\/events\/"},{"@type":"ListItem","position":3,"name":"Who\u2019s\/Which Body?"}]},{"@type":"WebSite","@id":"https:\/\/www.galerijamaticesrpske.rs\/#website","url":"https:\/\/www.galerijamaticesrpske.rs\/","name":"The Gallery of Matica srpska","description":"Museum of Serbian National Art in Novi Sad","publisher":{"@id":"https:\/\/www.galerijamaticesrpske.rs\/#organization"},"potentialAction":[{"@type":"SearchAction","target":{"@type":"EntryPoint","urlTemplate":"https:\/\/www.galerijamaticesrpske.rs\/?s={search_term_string}"},"query-input":{"@type":"PropertyValueSpecification","valueRequired":true,"valueName":"search_term_string"}}],"inLanguage":"en-US"},{"@type":"Organization","@id":"https:\/\/www.galerijamaticesrpske.rs\/#organization","name":"The Gallery of Matica srpska","url":"https:\/\/www.galerijamaticesrpske.rs\/","logo":{"@type":"ImageObject","inLanguage":"en-US","@id":"https:\/\/www.galerijamaticesrpske.rs\/#\/schema\/logo\/image\/","url":"https:\/\/www.galerijamaticesrpske.rs\/wp-content\/uploads\/2021\/01\/gms-logo-za-sajt.svg","contentUrl":"https:\/\/www.galerijamaticesrpske.rs\/wp-content\/uploads\/2021\/01\/gms-logo-za-sajt.svg","width":1,"height":1,"caption":"The Gallery of Matica srpska"},"image":{"@id":"https:\/\/www.galerijamaticesrpske.rs\/#\/schema\/logo\/image\/"}}]}},"_links":{"self":[{"href":"https:\/\/www.galerijamaticesrpske.rs\/en\/wp-json\/wp\/v2\/mec-events\/16230","targetHints":{"allow":["GET"]}}],"collection":[{"href":"https:\/\/www.galerijamaticesrpske.rs\/en\/wp-json\/wp\/v2\/mec-events"}],"about":[{"href":"https:\/\/www.galerijamaticesrpske.rs\/en\/wp-json\/wp\/v2\/types\/mec-events"}],"author":[{"embeddable":true,"href":"https:\/\/www.galerijamaticesrpske.rs\/en\/wp-json\/wp\/v2\/users\/2"}],"replies":[{"embeddable":true,"href":"https:\/\/www.galerijamaticesrpske.rs\/en\/wp-json\/wp\/v2\/comments?post=16230"}],"wp:featuredmedia":[{"embeddable":true,"href":"https:\/\/www.galerijamaticesrpske.rs\/en\/wp-json\/wp\/v2\/media\/16213"}],"wp:attachment":[{"href":"https:\/\/www.galerijamaticesrpske.rs\/en\/wp-json\/wp\/v2\/media?parent=16230"}],"wp:term":[{"taxonomy":"post_tag","embeddable":true,"href":"https:\/\/www.galerijamaticesrpske.rs\/en\/wp-json\/wp\/v2\/tags?post=16230"},{"taxonomy":"mec_category","embeddable":true,"href":"https:\/\/www.galerijamaticesrpske.rs\/en\/wp-json\/wp\/v2\/mec_category?post=16230"}],"curies":[{"name":"wp","href":"https:\/\/api.w.org\/{rel}","templated":true}]}}