{"id":10022,"date":"2022-06-29T08:46:23","date_gmt":"2022-06-29T08:46:23","guid":{"rendered":"https:\/\/www.galerijamaticesrpske.rs\/?post_type=mec-events&#038;p=10022"},"modified":"2022-06-29T08:46:23","modified_gmt":"2022-06-29T08:46:23","slug":"izlozba-paralele-novi-sad-temisvar","status":"publish","type":"mec-events","link":"https:\/\/www.galerijamaticesrpske.rs\/lat\/events\/izlozba-paralele-novi-sad-temisvar\/","title":{"rendered":"Izlo\u017eba PARALELE. NOVI SAD \/ TEMI\u0160VAR"},"content":{"rendered":"<p>Polaze\u0107i od uverenja da su muzeji svojevrsne tvr\u0111ave mira i mostovi koji nas spajaju i ujedinjuju, <strong>Galerija Matice srpske<\/strong> i <strong>Nacionalni umetni\u010dki muzej<\/strong> u Temi\u0161varu realizova\u0107e jednu sasvim neobi\u010dnu izlo\u017ebu, spajaju\u0107i svoje bogate kolekcije i prave\u0107i paralele me\u0111u umetnicima, temama, idejama i umetni\u010dkim vizijama nekada\u0161njeg zajedni\u010dkog kulturnog prostora. Zbog \u010dega u obe kolekcije postoji \u010duveni autoportret u kafani Stevana Aleksi\u0107a; koja je sli\u010dnost izme\u0111u Save Tekelije i \u017digmonda Ormo\u0161a i \u0161ta to spaja Novi Sad i Temi\u0161var otkri\u0107e nam izlo\u017eba <strong>Paralele. Novi Sad \/ Temi\u0161var<\/strong> koja \u0107e biti predstavljena <strong>od 8. jula do 4. septembra<\/strong> u Galeriji Matice srpske u okviru programskog luka Tvr\u0111ava mira Evropske prestonice kulture.<br \/>\nNovi Sad i Temi\u0161var su 2016. godine osvojili presti\u017ene titule Evropske prestonice kulture, koje dodeljuje Evropska komisija za kulturu. Otuda su se Nacionalni umetni\u010dki muzej i Galerija Matice srpske prepoznali kao \u010duvari nacionalnog umetni\u010dkog blaga i muzeji koji delom imaju zajedni\u010dku istoriju i sli\u010dne vizije o ulozi muzeja u savremenom dru\u0161tvu. Zbirke Nacionalnog umetni\u010dkog muzeja i Galerije Matice srpske imale su neobi\u010dno uporedive istorije koje se lako mogu videti u li\u010dnostima njihovih osniva\u010da, u umetnicima, odnosno umetni\u010dkim delima koja su oni sakupljali. Obe zbirke osnovane su polovinom XIX veka iz inicijalnih zave\u0161tanja dve izuzetne individue, dva velika dobrotvora i svetionika doba prosvetiteljstva \u2013 Save Tekelije (1761\u20121842) i \u017digmonda Ormo\u0161a (1813\u20121894), a potekle su iz uglednih nau\u010dnih dru\u0161tava. Na tim osnovama stvorena je jedna jedinstvena izlo\u017eba \u2013 kolekcija imaginarnog muzeja Evropske prestonice kulture. Ta kolekcija potvr\u0111uje sna\u017ene istorijske veze dva grada, sli\u010dnosti dru\u0161tvenih prilika i umetni\u010dkog prostra u kojem su se razvijali tokom XVIII, XIX i XX veka.<br \/>\nIzlo\u017ebu \u010dini \u0161ezdeset umetni\u010dkih dela me\u0111u kojima su ikone, portreti, pejza\u017ei, mrtve prirode i apstraktne kompozicije umetnika poput Stefana Teneckog, Teodora Ili\u0107a \u010ce\u0161ljara, Pavela Petrovi\u0107a, Konstantina Danila, Stevana Aleksi\u0107a, Uro\u0161a Predi\u0107a, Zore Petrovi\u0107 i Vase Pomori\u0161ca. \u0160irina motivskog repretoara odra\u017eava \u0161iroku idejnu osnovu obuhva\u0107enu naslovom izlo\u017ebe. U realizaciju izlo\u017ebe uklju\u010dena je i <strong>Riznica Srpske pravoslavne eparhije temi\u0161varske<\/strong> kao crkveno-umetni\u010dka zbirka koja ba\u0161tini zna\u010dajna likovna dela i predstavlja sponu srpske i rumunske kulture.<br \/>\nU kolekcijama Nacionalnog umetni\u010dkog muzeja, Riznice Srpske pravoslavne eparhije temi\u0161varske i Galerije Matice srpske nalaze se dela koja najdirektnije svedo\u010de o tome da su ova dva grada u pro\u0161losti pripadala jedinstvenom kulturnom kontekstu pod okriljem Habzbur\u0161ke monarhije i Karlova\u010dke mitropolije. Povodi nastanka ovih dela kao i njihove me\u0111usobne veze se razlikuju, \u0161to ide u prilog mogu\u0107nosti prepoznavanja istovremenog postojanja razli\u010ditih paralela me\u0111u njima. Izlo\u017ebu idejno zaokru\u017euju dela nastala nakon 1918. godine od kada se, usled dru\u0161tveno-politi\u010dkih okolnosti, Novi Sad i Temi\u0161var vi\u0161e ne nalaze unutar jedne dr\u017eave.<br \/>\nPosle gotovo vek i po postojanja, ovi ugledni muzeji su prerasli u ambleme svojih gradova. Zbog toga obe ove ustanove imaju klju\u010dnu ulogu u promociji titule evropskih prestonica kulture koja je njihovim gradovima istovremeno dodeljena.<br \/>\nAutorski tim izlo\u017ebe \u010dine kustoskinje Galerije Matice srpske i Nacionalnog umetni\u010dkog muzeja u Temi\u0161varu, dr Aleksandra \u010celovski i Mihaela Irimesku.<br \/>\nIzlo\u017ebu prati katalog na srpskom, rumunskom i engleskom jeziku sa tekstovima prof. dr Jelene Todorovi\u0107, Viktora Aleksandru Babu\u0161\u010daka i dr Aleksandre \u010celovski.<br \/>\nRealizaciju izlo\u017ebe omogu\u0107ili su Ministarstvo kulture i informisanja Republike Srbije i Fondacija \u201eNovi Sad \u2013 Evropska prestonica kulture\u201d.<\/p>\n","protected":false},"excerpt":{"rendered":"<p>Polaze\u0107i od uverenja da su muzeji svojevrsne tvr\u0111ave mira i mostovi koji nas spajaju i ujedinjuju, Galerija Matice srpske i Nacionalni umetni\u010dki muzej u Temi\u0161varu realizova\u0107e jednu sasvim neobi\u010dnu izlo\u017ebu, spajaju\u0107i svoje bogate kolekcije i prave\u0107i paralele me\u0111u umetnicima, temama, idejama i umetni\u010dkim vizijama nekada\u0161njeg zajedni\u010dkog kulturnog prostora. Zbog \u010dega u obe kolekcije postoji \u010duveni<\/p>\n","protected":false},"author":2,"featured_media":10020,"comment_status":"closed","ping_status":"closed","template":"","tags":[],"mec_category":[97],"class_list":["post-10022","mec-events","type-mec-events","status-publish","has-post-thumbnail","hentry","mec_category-izlozbe"],"acf":[],"yoast_head":"<!-- This site is optimized with the Yoast SEO plugin v27.3 - https:\/\/yoast.com\/product\/yoast-seo-wordpress\/ -->\n<title>Izlo\u017eba PARALELE. NOVI SAD \/ TEMI\u0160VAR | Galerija Matice srpske<\/title>\n<meta name=\"description\" content=\"Polaze\u0107i od uverenja da su muzeji svojevrsne tvr\u0111ave mira i mostovi koji nas spajaju i ujedinjuju, Galerija Matice srpske i Nacionalni umetni\u010dki muzej u Temi\u0161varu realizova\u0107e jednu sasvim neobi\u010dnu izlo\u017ebu, spajaju\u0107i svoje bogate kolekcije i prave\u0107i paralele me\u0111u umetnicima, temama, idejama i umetni\u010dkim vizijama nekada\u0161njeg zajedni\u010dkog kulturnog prostora.\" \/>\n<meta name=\"robots\" content=\"index, follow, max-snippet:-1, max-image-preview:large, max-video-preview:-1\" \/>\n<link rel=\"canonical\" href=\"https:\/\/www.galerijamaticesrpske.rs\/lat\/events\/izlozba-paralele-novi-sad-temisvar\/\" \/>\n<meta property=\"og:locale\" content=\"en_US\" \/>\n<meta property=\"og:type\" content=\"article\" \/>\n<meta property=\"og:title\" content=\"Izlo\u017eba PARALELE. NOVI SAD \/ TEMI\u0160VAR | Galerija Matice srpske\" \/>\n<meta property=\"og:description\" content=\"Polaze\u0107i od uverenja da su muzeji svojevrsne tvr\u0111ave mira i mostovi koji nas spajaju i ujedinjuju, Galerija Matice srpske i Nacionalni umetni\u010dki muzej u Temi\u0161varu realizova\u0107e jednu sasvim neobi\u010dnu izlo\u017ebu, spajaju\u0107i svoje bogate kolekcije i prave\u0107i paralele me\u0111u umetnicima, temama, idejama i umetni\u010dkim vizijama nekada\u0161njeg zajedni\u010dkog kulturnog prostora.\" \/>\n<meta property=\"og:url\" content=\"https:\/\/www.galerijamaticesrpske.rs\/lat\/events\/izlozba-paralele-novi-sad-temisvar\/\" \/>\n<meta property=\"og:site_name\" content=\"Galerija Matice srpske\" \/>\n<meta property=\"og:image\" content=\"https:\/\/www.galerijamaticesrpske.rs\/wp-content\/uploads\/2022\/06\/kalendar_1666x800.jpg\" \/>\n\t<meta property=\"og:image:width\" content=\"1666\" \/>\n\t<meta property=\"og:image:height\" content=\"800\" \/>\n\t<meta property=\"og:image:type\" content=\"image\/jpeg\" \/>\n<meta name=\"twitter:card\" content=\"summary_large_image\" \/>\n<meta name=\"twitter:label1\" content=\"Est. reading time\" \/>\n\t<meta name=\"twitter:data1\" content=\"3 minutes\" \/>\n<script type=\"application\/ld+json\" class=\"yoast-schema-graph\">{\"@context\":\"https:\\\/\\\/schema.org\",\"@graph\":[{\"@type\":\"WebPage\",\"@id\":\"https:\\\/\\\/www.galerijamaticesrpske.rs\\\/lat\\\/events\\\/izlozba-paralele-novi-sad-temisvar\\\/\",\"url\":\"https:\\\/\\\/www.galerijamaticesrpske.rs\\\/lat\\\/events\\\/izlozba-paralele-novi-sad-temisvar\\\/\",\"name\":\"Izlo\u017eba PARALELE. NOVI SAD \\\/ TEMI\u0160VAR | Galerija Matice srpske\",\"isPartOf\":{\"@id\":\"https:\\\/\\\/www.galerijamaticesrpske.rs\\\/#website\"},\"primaryImageOfPage\":{\"@id\":\"https:\\\/\\\/www.galerijamaticesrpske.rs\\\/lat\\\/events\\\/izlozba-paralele-novi-sad-temisvar\\\/#primaryimage\"},\"image\":{\"@id\":\"https:\\\/\\\/www.galerijamaticesrpske.rs\\\/lat\\\/events\\\/izlozba-paralele-novi-sad-temisvar\\\/#primaryimage\"},\"thumbnailUrl\":\"https:\\\/\\\/www.galerijamaticesrpske.rs\\\/wp-content\\\/uploads\\\/2022\\\/06\\\/kalendar_1666x800.jpg\",\"datePublished\":\"2022-06-29T08:46:23+00:00\",\"description\":\"Polaze\u0107i od uverenja da su muzeji svojevrsne tvr\u0111ave mira i mostovi koji nas spajaju i ujedinjuju, Galerija Matice srpske i Nacionalni umetni\u010dki muzej u Temi\u0161varu realizova\u0107e jednu sasvim neobi\u010dnu izlo\u017ebu, spajaju\u0107i svoje bogate kolekcije i prave\u0107i paralele me\u0111u umetnicima, temama, idejama i umetni\u010dkim vizijama nekada\u0161njeg zajedni\u010dkog kulturnog prostora.\",\"breadcrumb\":{\"@id\":\"https:\\\/\\\/www.galerijamaticesrpske.rs\\\/lat\\\/events\\\/izlozba-paralele-novi-sad-temisvar\\\/#breadcrumb\"},\"inLanguage\":\"sr-LAT\",\"potentialAction\":[{\"@type\":\"ReadAction\",\"target\":[\"https:\\\/\\\/www.galerijamaticesrpske.rs\\\/lat\\\/events\\\/izlozba-paralele-novi-sad-temisvar\\\/\"]}]},{\"@type\":\"ImageObject\",\"inLanguage\":\"sr-LAT\",\"@id\":\"https:\\\/\\\/www.galerijamaticesrpske.rs\\\/lat\\\/events\\\/izlozba-paralele-novi-sad-temisvar\\\/#primaryimage\",\"url\":\"https:\\\/\\\/www.galerijamaticesrpske.rs\\\/wp-content\\\/uploads\\\/2022\\\/06\\\/kalendar_1666x800.jpg\",\"contentUrl\":\"https:\\\/\\\/www.galerijamaticesrpske.rs\\\/wp-content\\\/uploads\\\/2022\\\/06\\\/kalendar_1666x800.jpg\",\"width\":1666,\"height\":800},{\"@type\":\"BreadcrumbList\",\"@id\":\"https:\\\/\\\/www.galerijamaticesrpske.rs\\\/lat\\\/events\\\/izlozba-paralele-novi-sad-temisvar\\\/#breadcrumb\",\"itemListElement\":[{\"@type\":\"ListItem\",\"position\":1,\"name\":\"\u041f\u043e\u0447\u0435\u0442\u043d\u0430\",\"item\":\"http:\\\/\\\/www.galerijamaticesrpske.rs\\\/lat\\\/\"},{\"@type\":\"ListItem\",\"position\":2,\"name\":\"Events\",\"item\":\"http:\\\/\\\/www.galerijamaticesrpske.rs\\\/lat\\\/events\\\/\"},{\"@type\":\"ListItem\",\"position\":3,\"name\":\"Izlo\u017eba PARALELE. NOVI SAD \\\/ TEMI\u0160VAR\"}]},{\"@type\":\"WebSite\",\"@id\":\"https:\\\/\\\/www.galerijamaticesrpske.rs\\\/#website\",\"url\":\"https:\\\/\\\/www.galerijamaticesrpske.rs\\\/\",\"name\":\"Galerija Matice srpske\",\"description\":\"Muzej srpske nacionalne umetnosti u Novom Sadu\",\"publisher\":{\"@id\":\"https:\\\/\\\/www.galerijamaticesrpske.rs\\\/#organization\"},\"potentialAction\":[{\"@type\":\"SearchAction\",\"target\":{\"@type\":\"EntryPoint\",\"urlTemplate\":\"https:\\\/\\\/www.galerijamaticesrpske.rs\\\/?s={search_term_string}\"},\"query-input\":{\"@type\":\"PropertyValueSpecification\",\"valueRequired\":true,\"valueName\":\"search_term_string\"}}],\"inLanguage\":\"sr-LAT\"},{\"@type\":\"Organization\",\"@id\":\"https:\\\/\\\/www.galerijamaticesrpske.rs\\\/#organization\",\"name\":\"Galerija Matice srpske\",\"url\":\"https:\\\/\\\/www.galerijamaticesrpske.rs\\\/\",\"logo\":{\"@type\":\"ImageObject\",\"inLanguage\":\"sr-LAT\",\"@id\":\"https:\\\/\\\/www.galerijamaticesrpske.rs\\\/#\\\/schema\\\/logo\\\/image\\\/\",\"url\":\"https:\\\/\\\/www.galerijamaticesrpske.rs\\\/wp-content\\\/uploads\\\/2021\\\/01\\\/gms-logo-za-sajt.svg\",\"contentUrl\":\"https:\\\/\\\/www.galerijamaticesrpske.rs\\\/wp-content\\\/uploads\\\/2021\\\/01\\\/gms-logo-za-sajt.svg\",\"width\":1,\"height\":1,\"caption\":\"Galerija Matice srpske\"},\"image\":{\"@id\":\"https:\\\/\\\/www.galerijamaticesrpske.rs\\\/#\\\/schema\\\/logo\\\/image\\\/\"}}]}<\/script>\n<!-- \/ Yoast SEO plugin. -->","yoast_head_json":{"title":"Izlo\u017eba PARALELE. NOVI SAD \/ TEMI\u0160VAR | Galerija Matice srpske","description":"Polaze\u0107i od uverenja da su muzeji svojevrsne tvr\u0111ave mira i mostovi koji nas spajaju i ujedinjuju, Galerija Matice srpske i Nacionalni umetni\u010dki muzej u Temi\u0161varu realizova\u0107e jednu sasvim neobi\u010dnu izlo\u017ebu, spajaju\u0107i svoje bogate kolekcije i prave\u0107i paralele me\u0111u umetnicima, temama, idejama i umetni\u010dkim vizijama nekada\u0161njeg zajedni\u010dkog kulturnog prostora.","robots":{"index":"index","follow":"follow","max-snippet":"max-snippet:-1","max-image-preview":"max-image-preview:large","max-video-preview":"max-video-preview:-1"},"canonical":"https:\/\/www.galerijamaticesrpske.rs\/lat\/events\/izlozba-paralele-novi-sad-temisvar\/","og_locale":"en_US","og_type":"article","og_title":"Izlo\u017eba PARALELE. NOVI SAD \/ TEMI\u0160VAR | Galerija Matice srpske","og_description":"Polaze\u0107i od uverenja da su muzeji svojevrsne tvr\u0111ave mira i mostovi koji nas spajaju i ujedinjuju, Galerija Matice srpske i Nacionalni umetni\u010dki muzej u Temi\u0161varu realizova\u0107e jednu sasvim neobi\u010dnu izlo\u017ebu, spajaju\u0107i svoje bogate kolekcije i prave\u0107i paralele me\u0111u umetnicima, temama, idejama i umetni\u010dkim vizijama nekada\u0161njeg zajedni\u010dkog kulturnog prostora.","og_url":"https:\/\/www.galerijamaticesrpske.rs\/lat\/events\/izlozba-paralele-novi-sad-temisvar\/","og_site_name":"Galerija Matice srpske","og_image":[{"width":1666,"height":800,"url":"https:\/\/www.galerijamaticesrpske.rs\/wp-content\/uploads\/2022\/06\/kalendar_1666x800.jpg","type":"image\/jpeg"}],"twitter_card":"summary_large_image","twitter_misc":{"Est. reading time":"3 minutes"},"schema":{"@context":"https:\/\/schema.org","@graph":[{"@type":"WebPage","@id":"https:\/\/www.galerijamaticesrpske.rs\/lat\/events\/izlozba-paralele-novi-sad-temisvar\/","url":"https:\/\/www.galerijamaticesrpske.rs\/lat\/events\/izlozba-paralele-novi-sad-temisvar\/","name":"Izlo\u017eba PARALELE. NOVI SAD \/ TEMI\u0160VAR | Galerija Matice srpske","isPartOf":{"@id":"https:\/\/www.galerijamaticesrpske.rs\/#website"},"primaryImageOfPage":{"@id":"https:\/\/www.galerijamaticesrpske.rs\/lat\/events\/izlozba-paralele-novi-sad-temisvar\/#primaryimage"},"image":{"@id":"https:\/\/www.galerijamaticesrpske.rs\/lat\/events\/izlozba-paralele-novi-sad-temisvar\/#primaryimage"},"thumbnailUrl":"https:\/\/www.galerijamaticesrpske.rs\/wp-content\/uploads\/2022\/06\/kalendar_1666x800.jpg","datePublished":"2022-06-29T08:46:23+00:00","description":"Polaze\u0107i od uverenja da su muzeji svojevrsne tvr\u0111ave mira i mostovi koji nas spajaju i ujedinjuju, Galerija Matice srpske i Nacionalni umetni\u010dki muzej u Temi\u0161varu realizova\u0107e jednu sasvim neobi\u010dnu izlo\u017ebu, spajaju\u0107i svoje bogate kolekcije i prave\u0107i paralele me\u0111u umetnicima, temama, idejama i umetni\u010dkim vizijama nekada\u0161njeg zajedni\u010dkog kulturnog prostora.","breadcrumb":{"@id":"https:\/\/www.galerijamaticesrpske.rs\/lat\/events\/izlozba-paralele-novi-sad-temisvar\/#breadcrumb"},"inLanguage":"sr-LAT","potentialAction":[{"@type":"ReadAction","target":["https:\/\/www.galerijamaticesrpske.rs\/lat\/events\/izlozba-paralele-novi-sad-temisvar\/"]}]},{"@type":"ImageObject","inLanguage":"sr-LAT","@id":"https:\/\/www.galerijamaticesrpske.rs\/lat\/events\/izlozba-paralele-novi-sad-temisvar\/#primaryimage","url":"https:\/\/www.galerijamaticesrpske.rs\/wp-content\/uploads\/2022\/06\/kalendar_1666x800.jpg","contentUrl":"https:\/\/www.galerijamaticesrpske.rs\/wp-content\/uploads\/2022\/06\/kalendar_1666x800.jpg","width":1666,"height":800},{"@type":"BreadcrumbList","@id":"https:\/\/www.galerijamaticesrpske.rs\/lat\/events\/izlozba-paralele-novi-sad-temisvar\/#breadcrumb","itemListElement":[{"@type":"ListItem","position":1,"name":"\u041f\u043e\u0447\u0435\u0442\u043d\u0430","item":"http:\/\/www.galerijamaticesrpske.rs\/lat\/"},{"@type":"ListItem","position":2,"name":"Events","item":"http:\/\/www.galerijamaticesrpske.rs\/lat\/events\/"},{"@type":"ListItem","position":3,"name":"Izlo\u017eba PARALELE. NOVI SAD \/ TEMI\u0160VAR"}]},{"@type":"WebSite","@id":"https:\/\/www.galerijamaticesrpske.rs\/#website","url":"https:\/\/www.galerijamaticesrpske.rs\/","name":"Galerija Matice srpske","description":"Muzej srpske nacionalne umetnosti u Novom Sadu","publisher":{"@id":"https:\/\/www.galerijamaticesrpske.rs\/#organization"},"potentialAction":[{"@type":"SearchAction","target":{"@type":"EntryPoint","urlTemplate":"https:\/\/www.galerijamaticesrpske.rs\/?s={search_term_string}"},"query-input":{"@type":"PropertyValueSpecification","valueRequired":true,"valueName":"search_term_string"}}],"inLanguage":"sr-LAT"},{"@type":"Organization","@id":"https:\/\/www.galerijamaticesrpske.rs\/#organization","name":"Galerija Matice srpske","url":"https:\/\/www.galerijamaticesrpske.rs\/","logo":{"@type":"ImageObject","inLanguage":"sr-LAT","@id":"https:\/\/www.galerijamaticesrpske.rs\/#\/schema\/logo\/image\/","url":"https:\/\/www.galerijamaticesrpske.rs\/wp-content\/uploads\/2021\/01\/gms-logo-za-sajt.svg","contentUrl":"https:\/\/www.galerijamaticesrpske.rs\/wp-content\/uploads\/2021\/01\/gms-logo-za-sajt.svg","width":1,"height":1,"caption":"Galerija Matice srpske"},"image":{"@id":"https:\/\/www.galerijamaticesrpske.rs\/#\/schema\/logo\/image\/"}}]}},"_links":{"self":[{"href":"https:\/\/www.galerijamaticesrpske.rs\/lat\/wp-json\/wp\/v2\/mec-events\/10022","targetHints":{"allow":["GET"]}}],"collection":[{"href":"https:\/\/www.galerijamaticesrpske.rs\/lat\/wp-json\/wp\/v2\/mec-events"}],"about":[{"href":"https:\/\/www.galerijamaticesrpske.rs\/lat\/wp-json\/wp\/v2\/types\/mec-events"}],"author":[{"embeddable":true,"href":"https:\/\/www.galerijamaticesrpske.rs\/lat\/wp-json\/wp\/v2\/users\/2"}],"replies":[{"embeddable":true,"href":"https:\/\/www.galerijamaticesrpske.rs\/lat\/wp-json\/wp\/v2\/comments?post=10022"}],"wp:featuredmedia":[{"embeddable":true,"href":"https:\/\/www.galerijamaticesrpske.rs\/lat\/wp-json\/wp\/v2\/media\/10020"}],"wp:attachment":[{"href":"https:\/\/www.galerijamaticesrpske.rs\/lat\/wp-json\/wp\/v2\/media?parent=10022"}],"wp:term":[{"taxonomy":"post_tag","embeddable":true,"href":"https:\/\/www.galerijamaticesrpske.rs\/lat\/wp-json\/wp\/v2\/tags?post=10022"},{"taxonomy":"mec_category","embeddable":true,"href":"https:\/\/www.galerijamaticesrpske.rs\/lat\/wp-json\/wp\/v2\/mec_category?post=10022"}],"curies":[{"name":"wp","href":"https:\/\/api.w.org\/{rel}","templated":true}]}}