{"id":10360,"date":"2022-10-04T21:18:10","date_gmt":"2022-10-04T21:18:10","guid":{"rendered":"https:\/\/www.galerijamaticesrpske.rs\/?post_type=mec-events&#038;p=10360"},"modified":"2022-11-23T12:38:35","modified_gmt":"2022-11-23T12:38:35","slug":"uros-predic","status":"publish","type":"mec-events","link":"https:\/\/www.galerijamaticesrpske.rs\/lat\/events\/uros-predic\/","title":{"rendered":"Uro\u0161 Predi\u0107"},"content":{"rendered":"<p>Bio je najmla\u0111e dete u porodici. Prvi stipendista Matice srpske u oblasti lepih ve\u0161tina i umetnosti. Njegova <em>Kosovka devojka<\/em> je najprepoznatljivija slika u srpskoj vizuelnoj kulturi, <em>Nadurena devoj\u010dica<\/em> Mona Liza me\u0111u de\u010djim portretima, a <em>Siro\u010de na maj\u010dinom grobu<\/em> najdirljivije delo nacionalne istorije umetnosti. Zbog uloge koju je imao u srpskom kulturnom, umetni\u010dkom i dru\u0161tvenom \u017eivotu krajem XIX i u prvoj polovini XX veka upam\u0107en je u nacionalnoj memoriji kao jedan od najve\u0107ih srpskih slikara, dobrotvor i kulturni poslenik \u2013 reprezent najvi\u0161ih vrednosti koje je negovala Matica srpska. On je <strong>Uro\u0161 Predi\u0107<\/strong>. Jedan umetnik, jedan vek stvaranja, jedan \u017eivot posve\u0107en najvi\u0161im idealima \u2013 lepoti i umetnosti.<\/p>\n<p>U mesecu obele\u017eavanja zna\u010dajnog jubileja \u2013 175 godina od osnivanja Galerije Matice srpske, realizujemo veliku monografsku izlo\u017ebu posve\u0107enu stvarala\u0161tvu jednog od najistaknutijih nacionalnih slikara Uro\u0161a Predi\u0107a. Izlo\u017ebom <strong><em>Uro\u0161 Predi\u0107. \u017divot posve\u0107en lepoti i umetnosti<\/em><\/strong>, kroz pri\u010du o liku i delu ovog velikana srpske kulture i umetnosti, istovremeno se ukazuje na temeljne vrednosti Galerije Matice srpske: zadu\u017ebinarstvo, posve\u0107enost op\u0161tem dobru i nacionalnim vrednostima, kao i na zna\u010daj ovog slikara za srpsku istoriju umetnosti.<\/p>\n<p>Stvaraju\u0107i neprekidno vi\u0161e od osam decenija ostavio je izuzetno bogat umetni\u010dki opus sa preko 1700 dela, u kojem je ostvario visoke domete. Izlo\u017eba obuhvata preko 140 eksponata \u2012 vi\u0161e od 100 Predi\u0107evih dela, dokumentarnu gra\u0111u o umetnikovom \u017eivotu, njegove portrete koje su na\u010dinili prijatelji umetnici, kao i dokumentarni film u re\u017eiji Bla\u017ea Popovi\u0107a. Pod Galerijskim krovom smo okupili umetni\u010dka dela iz razli\u010ditih kolekcija iz zemlje i inostranstva koja \u0107e publici pru\u017eiti uvid u \u017eivotne, stvarala\u010dke i tematske prostore Uro\u0161a Predi\u0107a. Pored umetni\u010dkih dela iz Narodnog muzeja Srbije, Narodnog muzeja Zrenjanin, Matice srpske, Muzeja Srpske pravoslavne crkve, Muzeja grada Beograda, Fakulteta likovnih umetnosti u Beogradu, Nacionalnog muzeja moderne umjetnosti iz Zagreba, i mnogih drugih, na izlo\u017ebi se nalaze i dela iz privatnih kolekcija od kojih ve\u0107ina do sada nije bila izlagana pa samim tim ni dostupna \u0161iroj javnosti. Kroz nekoliko celina: anegdotski i socijalni \u017eanr, religiozno slikarstvo, portreti, teme iz nacionalne istorije, veze sa Maticom srpskom, predstavi\u0107e se Predi\u0107eva osnovna tematska opredeljenja. Me\u0111u izlo\u017eenim slikama su i one klju\u010dne, najpoznatije: <em>Devojka na studencu<\/em>, <em>Kosovka devojka<\/em>, <em>Nadurena devoj\u010dica<\/em>, <em>Vesela bra\u0107a<\/em>, <em>Siro\u010de na maj\u010dinom grobu<\/em>, <em>Hercegova\u010dki begunci<\/em> i mnoge druge. Zahvaljuju\u0107i saradnji sa Katedrom za ra\u010dunarsku grafiku Fakulteta tehni\u010dkih nauka u Novom Sadu i primeni savremenih tehnologija, na izlo\u017ebi su dostupni crte\u017ei Uro\u0161a Predi\u0107a iz Galerijske kolekcije, kao i ikonostas crkve Svetog velikomu\u010denika Georgija u Be\u010deju.<\/p>\n<p>U zajedni\u0161tvu svojih nau\u010dnih znanja i muzejskih iskustava izlo\u017ebu su realizovali <strong>dr Sne\u017eana Mi\u0161i\u0107<\/strong>, muzejska savetnica Galerije Matice srpske <strong>i dr Igor Borozan<\/strong>, profesor na Odseku za istoriju umetnosti Filozofskog fakulteta Univerziteta u Beogradu. Izlo\u017ebu prati istoimeni srpsko-engleski katalog autorke dr Sne\u017eane Mi\u0161i\u0107.<\/p>\n<p>U\u00a0skladu s institucionalnim opredeljenjem razvijanim tokom proteklih \u010detvrt veka da smo muzej otvoren za sve, stvarala\u0161tvo i \u017eivot Uro\u0161a Predi\u0107a pribli\u017eili smo i u\u010dinili dostupnim \u0161irokoj publici (deci, mladima, porodicama, osobama tre\u0107eg doba, kao i osobama sa razli\u010ditim kategorijama invaliditeta), u okviru programskog luka \u201eDruga Evropa\u201d Evropske prestonice kulture. Kroz <strong>projekat\u00a0<em>Uro\u0161 Predi\u0107 za sve<\/em>\u00a0<\/strong>izlo\u017eba je prilago\u0111ena osobama sa o\u0161te\u0107enjem vida putem trodimenzionalnih modela slika sa audio opisima na izlo\u017ebi, kataloga na Brajevom pismu i audio kataloga. Tokom trajanja izlo\u017ebe o\u010dekuje vas kvalitetan i sadr\u017eajan prate\u0107i program: svakodnevna kustoska tuma\u010denja u 13.00 i 17.00 sati i predavanja stru\u010dnjaka petkom u 19.00 sati, od kojih \u0107e neka od njih biti prevo\u0111ena na znakovni jezik. Najmla\u0111ima \u0107e se delo i lik Uro\u0161a Predi\u0107a pribli\u017eiti kroz novi edukativni program <em>Bio jednom jedan slikar. Uro\u0161 Predi\u0107<\/em> i kreativne radionice subotom, dok \u0107e se za mlade organizovati radionice <em>Predi\u0107 kao strip junak, <\/em>a za osobe tre\u0107eg doba program <em>Predi\u0107 u koferu. <\/em>Projekat <em>Uro\u0161 Predi\u0107 za sve <\/em>podrazumeva i inkluzivne radionice u saradnji sa organizacijom Per.Art.<\/p>\n<p>Zahvaljuju\u0107i virtuelnoj prezentaciji, koja \u0107e biti dostupna na sajtu Galerije Matice srpske, \u0161ira javnost, kako u zemlji, tako i u inostranstvu, bi\u0107e u prilici da iz udobnosti svoga doma, u bilo koje vreme \u201epro\u0161eta\u201d izlo\u017ebom i u\u017eiva u stvarala\u0161tvu Uro\u0161a Predi\u0107a.<\/p>\n<p>Izlo\u017eba je organizovana zahvaljuju\u0107i podr\u0161ci OTP banke Srbija, a pokroviteljstvo obuhvata i \u0161tampu monografskih i de\u010dijih publikacija, kao i izradu stripa i filma o Uro\u0161u Predi\u0107u.<\/p>\n<p>Realizaciju izlo\u017ebe omogu\u0107ili su Ministarstvo kulture i informisanja Republike Srbije, Pokrajinski sekretarijat za kulturu, javno informisanje i odnose s verskim zajednicama, Grad Novi Sad, Fondacija \u201eNovi Sad \u2013 Evropska prestonica kulture\u201c i DDOR osiguranje.<\/p>\n<p>Medijski partneri izlo\u017ebe su JMU Radio-televizija Vojvodine, Radio 021, Naxi Planeta radio i Radio Beseda.<\/p>\n<p><iframe\n  src=https:\/\/urospredic.360.rs\/\n  width=\"100%\"\n  height=\"700px\"\n  allowfullscreen=\"true\"\n  webkitallowfullscreen=\"true\"\n  mozallowfullscreen=\"true\"\n  oallowfullscreen=\"true\"\n  msallowfullscreen=\"true\"\n  frameborder=\"0\"\n  scrolling=\"no\"\n  marginheight=\"0\"\n  marginwidth=\"0\"><br \/>\n<\/iframe><\/p>\n","protected":false},"excerpt":{"rendered":"<p>Bio je najmla\u0111e dete u porodici. Prvi stipendista Matice srpske u oblasti lepih ve\u0161tina i umetnosti. Njegova Kosovka devojka je najprepoznatljivija slika u srpskoj vizuelnoj kulturi, Nadurena devoj\u010dica Mona Liza me\u0111u de\u010djim portretima, a Siro\u010de na maj\u010dinom grobu najdirljivije delo nacionalne istorije umetnosti. Zbog uloge koju je imao u srpskom kulturnom, umetni\u010dkom i dru\u0161tvenom \u017eivotu<\/p>\n","protected":false},"author":2,"featured_media":10359,"comment_status":"closed","ping_status":"closed","template":"","tags":[],"mec_category":[97],"class_list":["post-10360","mec-events","type-mec-events","status-publish","has-post-thumbnail","hentry","mec_category-izlozbe"],"acf":[],"yoast_head":"<!-- This site is optimized with the Yoast SEO plugin v27.3 - https:\/\/yoast.com\/product\/yoast-seo-wordpress\/ -->\n<title>Uro\u0161 Predi\u0107 | Galerija Matice srpske<\/title>\n<meta name=\"description\" content=\"U mesecu obele\u017eavanja zna\u010dajnog jubileja \u2013 175 godina od osnivanja Galerije Matice srpske, realizujemo veliku monografsku izlo\u017ebu posve\u0107enu stvarala\u0161tvu jednog od najistaknutijih nacionalnih slikara Uro\u0161a Predi\u0107a.\" \/>\n<meta name=\"robots\" content=\"index, follow, max-snippet:-1, max-image-preview:large, max-video-preview:-1\" \/>\n<link rel=\"canonical\" href=\"https:\/\/www.galerijamaticesrpske.rs\/lat\/events\/uros-predic\/\" \/>\n<meta property=\"og:locale\" content=\"en_US\" \/>\n<meta property=\"og:type\" content=\"article\" \/>\n<meta property=\"og:title\" content=\"Izlo\u017eba Uro\u0161 Predi\u0107. \u017divot posve\u0107en lepoti i umetnosti\" \/>\n<meta property=\"og:description\" content=\"U mesecu obele\u017eavanja zna\u010dajnog jubileja \u2013 175 godina od osnivanja Galerije Matice srpske, realizujemo veliku monografsku izlo\u017ebu posve\u0107enu stvarala\u0161tvu jednog od najistaknutijih nacionalnih slikara Uro\u0161a Predi\u0107a.\" \/>\n<meta property=\"og:url\" content=\"https:\/\/www.galerijamaticesrpske.rs\/lat\/events\/uros-predic\/\" \/>\n<meta property=\"og:site_name\" content=\"Galerija Matice srpske\" \/>\n<meta property=\"article:modified_time\" content=\"2022-11-23T12:38:35+00:00\" \/>\n<meta property=\"og:image\" content=\"https:\/\/www.galerijamaticesrpske.rs\/wp-content\/uploads\/2022\/10\/foto-event-uros-predic-1024x562.jpg\" \/>\n\t<meta property=\"og:image:width\" content=\"1024\" \/>\n\t<meta property=\"og:image:height\" content=\"562\" \/>\n\t<meta property=\"og:image:type\" content=\"image\/jpeg\" \/>\n<meta name=\"twitter:card\" content=\"summary_large_image\" \/>\n<meta name=\"twitter:label1\" content=\"Est. reading time\" \/>\n\t<meta name=\"twitter:data1\" content=\"4 minutes\" \/>\n<script type=\"application\/ld+json\" class=\"yoast-schema-graph\">{\"@context\":\"https:\\\/\\\/schema.org\",\"@graph\":[{\"@type\":\"WebPage\",\"@id\":\"https:\\\/\\\/www.galerijamaticesrpske.rs\\\/lat\\\/events\\\/uros-predic\\\/\",\"url\":\"https:\\\/\\\/www.galerijamaticesrpske.rs\\\/lat\\\/events\\\/uros-predic\\\/\",\"name\":\"Uro\u0161 Predi\u0107 | Galerija Matice srpske\",\"isPartOf\":{\"@id\":\"http:\\\/\\\/www.galerijamaticesrpske.rs\\\/en\\\/#website\"},\"primaryImageOfPage\":{\"@id\":\"https:\\\/\\\/www.galerijamaticesrpske.rs\\\/lat\\\/events\\\/uros-predic\\\/#primaryimage\"},\"image\":{\"@id\":\"https:\\\/\\\/www.galerijamaticesrpske.rs\\\/lat\\\/events\\\/uros-predic\\\/#primaryimage\"},\"thumbnailUrl\":\"https:\\\/\\\/www.galerijamaticesrpske.rs\\\/wp-content\\\/uploads\\\/2022\\\/10\\\/foto-event-uros-predic.jpg\",\"datePublished\":\"2022-10-04T21:18:10+00:00\",\"dateModified\":\"2022-11-23T12:38:35+00:00\",\"description\":\"U mesecu obele\u017eavanja zna\u010dajnog jubileja \u2013 175 godina od osnivanja Galerije Matice srpske, realizujemo veliku monografsku izlo\u017ebu posve\u0107enu stvarala\u0161tvu jednog od najistaknutijih nacionalnih slikara Uro\u0161a Predi\u0107a.\",\"breadcrumb\":{\"@id\":\"https:\\\/\\\/www.galerijamaticesrpske.rs\\\/lat\\\/events\\\/uros-predic\\\/#breadcrumb\"},\"inLanguage\":\"sr-LAT\",\"potentialAction\":[{\"@type\":\"ReadAction\",\"target\":[\"https:\\\/\\\/www.galerijamaticesrpske.rs\\\/lat\\\/events\\\/uros-predic\\\/\"]}]},{\"@type\":\"ImageObject\",\"inLanguage\":\"sr-LAT\",\"@id\":\"https:\\\/\\\/www.galerijamaticesrpske.rs\\\/lat\\\/events\\\/uros-predic\\\/#primaryimage\",\"url\":\"https:\\\/\\\/www.galerijamaticesrpske.rs\\\/wp-content\\\/uploads\\\/2022\\\/10\\\/foto-event-uros-predic.jpg\",\"contentUrl\":\"https:\\\/\\\/www.galerijamaticesrpske.rs\\\/wp-content\\\/uploads\\\/2022\\\/10\\\/foto-event-uros-predic.jpg\",\"width\":2500,\"height\":1372},{\"@type\":\"BreadcrumbList\",\"@id\":\"https:\\\/\\\/www.galerijamaticesrpske.rs\\\/lat\\\/events\\\/uros-predic\\\/#breadcrumb\",\"itemListElement\":[{\"@type\":\"ListItem\",\"position\":1,\"name\":\"\u041f\u043e\u0447\u0435\u0442\u043d\u0430\",\"item\":\"https:\\\/\\\/www.galerijamaticesrpske.rs\\\/lat\\\/\"},{\"@type\":\"ListItem\",\"position\":2,\"name\":\"Events\",\"item\":\"http:\\\/\\\/www.galerijamaticesrpske.rs\\\/en\\\/events\\\/\"},{\"@type\":\"ListItem\",\"position\":3,\"name\":\"Uro\u0161 Predi\u0107\"}]},{\"@type\":\"WebSite\",\"@id\":\"http:\\\/\\\/www.galerijamaticesrpske.rs\\\/en\\\/#website\",\"url\":\"http:\\\/\\\/www.galerijamaticesrpske.rs\\\/en\\\/\",\"name\":\"Galerija Matice srpske\",\"description\":\"Muzej srpske nacionalne umetnosti u Novom Sadu\",\"publisher\":{\"@id\":\"http:\\\/\\\/www.galerijamaticesrpske.rs\\\/en\\\/#organization\"},\"potentialAction\":[{\"@type\":\"SearchAction\",\"target\":{\"@type\":\"EntryPoint\",\"urlTemplate\":\"http:\\\/\\\/www.galerijamaticesrpske.rs\\\/en\\\/?s={search_term_string}\"},\"query-input\":{\"@type\":\"PropertyValueSpecification\",\"valueRequired\":true,\"valueName\":\"search_term_string\"}}],\"inLanguage\":\"sr-LAT\"},{\"@type\":\"Organization\",\"@id\":\"http:\\\/\\\/www.galerijamaticesrpske.rs\\\/en\\\/#organization\",\"name\":\"Galerija Matice srpske\",\"url\":\"http:\\\/\\\/www.galerijamaticesrpske.rs\\\/en\\\/\",\"logo\":{\"@type\":\"ImageObject\",\"inLanguage\":\"sr-LAT\",\"@id\":\"http:\\\/\\\/www.galerijamaticesrpske.rs\\\/en\\\/#\\\/schema\\\/logo\\\/image\\\/\",\"url\":\"https:\\\/\\\/www.galerijamaticesrpske.rs\\\/wp-content\\\/uploads\\\/2021\\\/01\\\/gms-logo-za-sajt.svg\",\"contentUrl\":\"https:\\\/\\\/www.galerijamaticesrpske.rs\\\/wp-content\\\/uploads\\\/2021\\\/01\\\/gms-logo-za-sajt.svg\",\"width\":1,\"height\":1,\"caption\":\"Galerija Matice srpske\"},\"image\":{\"@id\":\"http:\\\/\\\/www.galerijamaticesrpske.rs\\\/en\\\/#\\\/schema\\\/logo\\\/image\\\/\"}}]}<\/script>\n<!-- \/ Yoast SEO plugin. -->","yoast_head_json":{"title":"Uro\u0161 Predi\u0107 | Galerija Matice srpske","description":"U mesecu obele\u017eavanja zna\u010dajnog jubileja \u2013 175 godina od osnivanja Galerije Matice srpske, realizujemo veliku monografsku izlo\u017ebu posve\u0107enu stvarala\u0161tvu jednog od najistaknutijih nacionalnih slikara Uro\u0161a Predi\u0107a.","robots":{"index":"index","follow":"follow","max-snippet":"max-snippet:-1","max-image-preview":"max-image-preview:large","max-video-preview":"max-video-preview:-1"},"canonical":"https:\/\/www.galerijamaticesrpske.rs\/lat\/events\/uros-predic\/","og_locale":"en_US","og_type":"article","og_title":"Izlo\u017eba Uro\u0161 Predi\u0107. \u017divot posve\u0107en lepoti i umetnosti","og_description":"U mesecu obele\u017eavanja zna\u010dajnog jubileja \u2013 175 godina od osnivanja Galerije Matice srpske, realizujemo veliku monografsku izlo\u017ebu posve\u0107enu stvarala\u0161tvu jednog od najistaknutijih nacionalnih slikara Uro\u0161a Predi\u0107a.","og_url":"https:\/\/www.galerijamaticesrpske.rs\/lat\/events\/uros-predic\/","og_site_name":"Galerija Matice srpske","article_modified_time":"2022-11-23T12:38:35+00:00","og_image":[{"width":1024,"height":562,"url":"https:\/\/www.galerijamaticesrpske.rs\/wp-content\/uploads\/2022\/10\/foto-event-uros-predic-1024x562.jpg","type":"image\/jpeg"}],"twitter_card":"summary_large_image","twitter_misc":{"Est. reading time":"4 minutes"},"schema":{"@context":"https:\/\/schema.org","@graph":[{"@type":"WebPage","@id":"https:\/\/www.galerijamaticesrpske.rs\/lat\/events\/uros-predic\/","url":"https:\/\/www.galerijamaticesrpske.rs\/lat\/events\/uros-predic\/","name":"Uro\u0161 Predi\u0107 | Galerija Matice srpske","isPartOf":{"@id":"http:\/\/www.galerijamaticesrpske.rs\/en\/#website"},"primaryImageOfPage":{"@id":"https:\/\/www.galerijamaticesrpske.rs\/lat\/events\/uros-predic\/#primaryimage"},"image":{"@id":"https:\/\/www.galerijamaticesrpske.rs\/lat\/events\/uros-predic\/#primaryimage"},"thumbnailUrl":"https:\/\/www.galerijamaticesrpske.rs\/wp-content\/uploads\/2022\/10\/foto-event-uros-predic.jpg","datePublished":"2022-10-04T21:18:10+00:00","dateModified":"2022-11-23T12:38:35+00:00","description":"U mesecu obele\u017eavanja zna\u010dajnog jubileja \u2013 175 godina od osnivanja Galerije Matice srpske, realizujemo veliku monografsku izlo\u017ebu posve\u0107enu stvarala\u0161tvu jednog od najistaknutijih nacionalnih slikara Uro\u0161a Predi\u0107a.","breadcrumb":{"@id":"https:\/\/www.galerijamaticesrpske.rs\/lat\/events\/uros-predic\/#breadcrumb"},"inLanguage":"sr-LAT","potentialAction":[{"@type":"ReadAction","target":["https:\/\/www.galerijamaticesrpske.rs\/lat\/events\/uros-predic\/"]}]},{"@type":"ImageObject","inLanguage":"sr-LAT","@id":"https:\/\/www.galerijamaticesrpske.rs\/lat\/events\/uros-predic\/#primaryimage","url":"https:\/\/www.galerijamaticesrpske.rs\/wp-content\/uploads\/2022\/10\/foto-event-uros-predic.jpg","contentUrl":"https:\/\/www.galerijamaticesrpske.rs\/wp-content\/uploads\/2022\/10\/foto-event-uros-predic.jpg","width":2500,"height":1372},{"@type":"BreadcrumbList","@id":"https:\/\/www.galerijamaticesrpske.rs\/lat\/events\/uros-predic\/#breadcrumb","itemListElement":[{"@type":"ListItem","position":1,"name":"\u041f\u043e\u0447\u0435\u0442\u043d\u0430","item":"https:\/\/www.galerijamaticesrpske.rs\/lat\/"},{"@type":"ListItem","position":2,"name":"Events","item":"http:\/\/www.galerijamaticesrpske.rs\/en\/events\/"},{"@type":"ListItem","position":3,"name":"Uro\u0161 Predi\u0107"}]},{"@type":"WebSite","@id":"http:\/\/www.galerijamaticesrpske.rs\/en\/#website","url":"http:\/\/www.galerijamaticesrpske.rs\/en\/","name":"Galerija Matice srpske","description":"Muzej srpske nacionalne umetnosti u Novom Sadu","publisher":{"@id":"http:\/\/www.galerijamaticesrpske.rs\/en\/#organization"},"potentialAction":[{"@type":"SearchAction","target":{"@type":"EntryPoint","urlTemplate":"http:\/\/www.galerijamaticesrpske.rs\/en\/?s={search_term_string}"},"query-input":{"@type":"PropertyValueSpecification","valueRequired":true,"valueName":"search_term_string"}}],"inLanguage":"sr-LAT"},{"@type":"Organization","@id":"http:\/\/www.galerijamaticesrpske.rs\/en\/#organization","name":"Galerija Matice srpske","url":"http:\/\/www.galerijamaticesrpske.rs\/en\/","logo":{"@type":"ImageObject","inLanguage":"sr-LAT","@id":"http:\/\/www.galerijamaticesrpske.rs\/en\/#\/schema\/logo\/image\/","url":"https:\/\/www.galerijamaticesrpske.rs\/wp-content\/uploads\/2021\/01\/gms-logo-za-sajt.svg","contentUrl":"https:\/\/www.galerijamaticesrpske.rs\/wp-content\/uploads\/2021\/01\/gms-logo-za-sajt.svg","width":1,"height":1,"caption":"Galerija Matice srpske"},"image":{"@id":"http:\/\/www.galerijamaticesrpske.rs\/en\/#\/schema\/logo\/image\/"}}]}},"_links":{"self":[{"href":"https:\/\/www.galerijamaticesrpske.rs\/lat\/wp-json\/wp\/v2\/mec-events\/10360","targetHints":{"allow":["GET"]}}],"collection":[{"href":"https:\/\/www.galerijamaticesrpske.rs\/lat\/wp-json\/wp\/v2\/mec-events"}],"about":[{"href":"https:\/\/www.galerijamaticesrpske.rs\/lat\/wp-json\/wp\/v2\/types\/mec-events"}],"author":[{"embeddable":true,"href":"https:\/\/www.galerijamaticesrpske.rs\/lat\/wp-json\/wp\/v2\/users\/2"}],"replies":[{"embeddable":true,"href":"https:\/\/www.galerijamaticesrpske.rs\/lat\/wp-json\/wp\/v2\/comments?post=10360"}],"wp:featuredmedia":[{"embeddable":true,"href":"https:\/\/www.galerijamaticesrpske.rs\/lat\/wp-json\/wp\/v2\/media\/10359"}],"wp:attachment":[{"href":"https:\/\/www.galerijamaticesrpske.rs\/lat\/wp-json\/wp\/v2\/media?parent=10360"}],"wp:term":[{"taxonomy":"post_tag","embeddable":true,"href":"https:\/\/www.galerijamaticesrpske.rs\/lat\/wp-json\/wp\/v2\/tags?post=10360"},{"taxonomy":"mec_category","embeddable":true,"href":"https:\/\/www.galerijamaticesrpske.rs\/lat\/wp-json\/wp\/v2\/mec_category?post=10360"}],"curies":[{"name":"wp","href":"https:\/\/api.w.org\/{rel}","templated":true}]}}