{"id":10620,"date":"2022-11-28T14:50:20","date_gmt":"2022-11-28T14:50:20","guid":{"rendered":"https:\/\/www.galerijamaticesrpske.rs\/?post_type=mec-events&#038;p=10620"},"modified":"2022-11-28T14:50:20","modified_gmt":"2022-11-28T14:50:20","slug":"rekonzervacija-portreta-pesnika-laze-kostica","status":"publish","type":"mec-events","link":"https:\/\/www.galerijamaticesrpske.rs\/lat\/events\/rekonzervacija-portreta-pesnika-laze-kostica\/","title":{"rendered":"Rekonzervacija portreta pesnika Laze Kosti\u0107a"},"content":{"rendered":"<p>Prate\u0107i program izlo\u017ebe\u00a0<a href=\"https:\/\/www.galerijamaticesrpske.rs\/lat\/events\/uros-predic\/\"><em><strong>Uro\u0161 Predi\u0107. \u017divot posve\u0107en lepoti i umetnosti<\/strong><\/em><\/a><\/p>\n<p>Kako izgleda rekonzervatorski postupak portreta Laze Kosti\u0107a koji je Uro\u0161 Predi\u0107 uradio za Maticu srpsku odmah nakon pesnikove smrti sazna\u0107ete na predavanju msr Darka Despotovi\u0107a i mr Danila Vuksanovi\u0107a, vi\u0161ih konzervatora Galerije Matice srpske. Nakon \u0161to je slika \u010duvenog umetnika restaurirana 1976. godine, stajala je u foajeu Matice srpske, u Panteonu srpskih velikana kulture, sve do pro\u0161le godine kada je prilikom pripreme velike izlo\u017ebe Uro\u0161a Predi\u0107a \u017divot posve\u0107en lepoti i umetnosti ponovo konzervirana i restaurirana. Pored toga, zainteresovana publika \u0107e imati priliku da \u010duje ne\u0161to i o kontekstu nastanka portreta s po\u010detka XX veka.<\/p>\n<p>Predavanje dr\u017ee: <strong>mr Danilo Vuksanovi\u0107 i msr Darko Despotovi\u0107<\/strong>, vi\u0161i konzervatori<\/p>\n","protected":false},"excerpt":{"rendered":"<p>Prate\u0107i program izlo\u017ebe\u00a0Uro\u0161 Predi\u0107. \u017divot posve\u0107en lepoti i umetnosti Kako izgleda rekonzervatorski postupak portreta Laze Kosti\u0107a koji je Uro\u0161 Predi\u0107 uradio za Maticu srpsku odmah nakon pesnikove smrti sazna\u0107ete na predavanju msr Darka Despotovi\u0107a i mr Danila Vuksanovi\u0107a, vi\u0161ih konzervatora Galerije Matice srpske. Nakon \u0161to je slika \u010duvenog umetnika restaurirana 1976. godine, stajala je u<\/p>\n","protected":false},"author":2,"featured_media":10619,"comment_status":"closed","ping_status":"closed","template":"","tags":[],"mec_category":[107],"class_list":["post-10620","mec-events","type-mec-events","status-publish","has-post-thumbnail","hentry","mec_category-predavanja"],"acf":[],"yoast_head":"<!-- This site is optimized with the Yoast SEO plugin v27.3 - https:\/\/yoast.com\/product\/yoast-seo-wordpress\/ -->\n<title>Rekonzervacija portreta pesnika Laze Kosti\u0107a | Galerija Matice srpske<\/title>\n<meta name=\"description\" content=\"Kako izgleda rekonzervatorski postupak portreta Laze Kosti\u0107a koji je Uro\u0161 Predi\u0107 uradio za Maticu srpsku odmah nakon pesnikove smrti sazna\u0107ete na predavanju msr Darka Despotovi\u0107a i mr Danila Vuksanovi\u0107a, vi\u0161ih konzervatora Galerije Matice srpske.\" \/>\n<meta name=\"robots\" content=\"index, follow, max-snippet:-1, max-image-preview:large, max-video-preview:-1\" \/>\n<link rel=\"canonical\" href=\"https:\/\/www.galerijamaticesrpske.rs\/lat\/events\/rekonzervacija-portreta-pesnika-laze-kostica\/\" \/>\n<meta property=\"og:locale\" content=\"en_US\" \/>\n<meta property=\"og:type\" content=\"article\" \/>\n<meta property=\"og:title\" content=\"Rekonzervacija portreta pesnika Laze Kosti\u0107a | Galerija Matice srpske\" \/>\n<meta property=\"og:description\" content=\"Kako izgleda rekonzervatorski postupak portreta Laze Kosti\u0107a koji je Uro\u0161 Predi\u0107 uradio za Maticu srpsku odmah nakon pesnikove smrti sazna\u0107ete na predavanju msr Darka Despotovi\u0107a i mr Danila Vuksanovi\u0107a, vi\u0161ih konzervatora Galerije Matice srpske.\" \/>\n<meta property=\"og:url\" content=\"https:\/\/www.galerijamaticesrpske.rs\/lat\/events\/rekonzervacija-portreta-pesnika-laze-kostica\/\" \/>\n<meta property=\"og:site_name\" content=\"Galerija Matice srpske\" \/>\n<meta property=\"og:image\" content=\"https:\/\/www.galerijamaticesrpske.rs\/wp-content\/uploads\/2022\/11\/uros-predic_laza-kostic_gmsms-068_k2_24-scaled.jpg\" \/>\n\t<meta property=\"og:image:width\" content=\"2560\" \/>\n\t<meta property=\"og:image:height\" content=\"1920\" \/>\n\t<meta property=\"og:image:type\" content=\"image\/jpeg\" \/>\n<meta name=\"twitter:card\" content=\"summary_large_image\" \/>\n<meta name=\"twitter:label1\" content=\"Est. reading time\" \/>\n\t<meta name=\"twitter:data1\" content=\"1 minute\" \/>\n<script type=\"application\/ld+json\" class=\"yoast-schema-graph\">{\"@context\":\"https:\\\/\\\/schema.org\",\"@graph\":[{\"@type\":\"WebPage\",\"@id\":\"https:\\\/\\\/www.galerijamaticesrpske.rs\\\/lat\\\/events\\\/rekonzervacija-portreta-pesnika-laze-kostica\\\/\",\"url\":\"https:\\\/\\\/www.galerijamaticesrpske.rs\\\/lat\\\/events\\\/rekonzervacija-portreta-pesnika-laze-kostica\\\/\",\"name\":\"Rekonzervacija portreta pesnika Laze Kosti\u0107a | Galerija Matice srpske\",\"isPartOf\":{\"@id\":\"https:\\\/\\\/www.galerijamaticesrpske.rs\\\/#website\"},\"primaryImageOfPage\":{\"@id\":\"https:\\\/\\\/www.galerijamaticesrpske.rs\\\/lat\\\/events\\\/rekonzervacija-portreta-pesnika-laze-kostica\\\/#primaryimage\"},\"image\":{\"@id\":\"https:\\\/\\\/www.galerijamaticesrpske.rs\\\/lat\\\/events\\\/rekonzervacija-portreta-pesnika-laze-kostica\\\/#primaryimage\"},\"thumbnailUrl\":\"https:\\\/\\\/www.galerijamaticesrpske.rs\\\/wp-content\\\/uploads\\\/2022\\\/11\\\/uros-predic_laza-kostic_gmsms-068_k2_24-scaled.jpg\",\"datePublished\":\"2022-11-28T14:50:20+00:00\",\"description\":\"Kako izgleda rekonzervatorski postupak portreta Laze Kosti\u0107a koji je Uro\u0161 Predi\u0107 uradio za Maticu srpsku odmah nakon pesnikove smrti sazna\u0107ete na predavanju msr Darka Despotovi\u0107a i mr Danila Vuksanovi\u0107a, vi\u0161ih konzervatora Galerije Matice srpske.\",\"breadcrumb\":{\"@id\":\"https:\\\/\\\/www.galerijamaticesrpske.rs\\\/lat\\\/events\\\/rekonzervacija-portreta-pesnika-laze-kostica\\\/#breadcrumb\"},\"inLanguage\":\"sr-LAT\",\"potentialAction\":[{\"@type\":\"ReadAction\",\"target\":[\"https:\\\/\\\/www.galerijamaticesrpske.rs\\\/lat\\\/events\\\/rekonzervacija-portreta-pesnika-laze-kostica\\\/\"]}]},{\"@type\":\"ImageObject\",\"inLanguage\":\"sr-LAT\",\"@id\":\"https:\\\/\\\/www.galerijamaticesrpske.rs\\\/lat\\\/events\\\/rekonzervacija-portreta-pesnika-laze-kostica\\\/#primaryimage\",\"url\":\"https:\\\/\\\/www.galerijamaticesrpske.rs\\\/wp-content\\\/uploads\\\/2022\\\/11\\\/uros-predic_laza-kostic_gmsms-068_k2_24-scaled.jpg\",\"contentUrl\":\"https:\\\/\\\/www.galerijamaticesrpske.rs\\\/wp-content\\\/uploads\\\/2022\\\/11\\\/uros-predic_laza-kostic_gmsms-068_k2_24-scaled.jpg\",\"width\":2560,\"height\":1920},{\"@type\":\"BreadcrumbList\",\"@id\":\"https:\\\/\\\/www.galerijamaticesrpske.rs\\\/lat\\\/events\\\/rekonzervacija-portreta-pesnika-laze-kostica\\\/#breadcrumb\",\"itemListElement\":[{\"@type\":\"ListItem\",\"position\":1,\"name\":\"\u041f\u043e\u0447\u0435\u0442\u043d\u0430\",\"item\":\"http:\\\/\\\/www.galerijamaticesrpske.rs\\\/lat\\\/\"},{\"@type\":\"ListItem\",\"position\":2,\"name\":\"Events\",\"item\":\"http:\\\/\\\/www.galerijamaticesrpske.rs\\\/lat\\\/events\\\/\"},{\"@type\":\"ListItem\",\"position\":3,\"name\":\"Rekonzervacija portreta pesnika Laze Kosti\u0107a\"}]},{\"@type\":\"WebSite\",\"@id\":\"https:\\\/\\\/www.galerijamaticesrpske.rs\\\/#website\",\"url\":\"https:\\\/\\\/www.galerijamaticesrpske.rs\\\/\",\"name\":\"Galerija Matice srpske\",\"description\":\"Muzej srpske nacionalne umetnosti u Novom Sadu\",\"publisher\":{\"@id\":\"https:\\\/\\\/www.galerijamaticesrpske.rs\\\/#organization\"},\"potentialAction\":[{\"@type\":\"SearchAction\",\"target\":{\"@type\":\"EntryPoint\",\"urlTemplate\":\"https:\\\/\\\/www.galerijamaticesrpske.rs\\\/?s={search_term_string}\"},\"query-input\":{\"@type\":\"PropertyValueSpecification\",\"valueRequired\":true,\"valueName\":\"search_term_string\"}}],\"inLanguage\":\"sr-LAT\"},{\"@type\":\"Organization\",\"@id\":\"https:\\\/\\\/www.galerijamaticesrpske.rs\\\/#organization\",\"name\":\"Galerija Matice srpske\",\"url\":\"https:\\\/\\\/www.galerijamaticesrpske.rs\\\/\",\"logo\":{\"@type\":\"ImageObject\",\"inLanguage\":\"sr-LAT\",\"@id\":\"https:\\\/\\\/www.galerijamaticesrpske.rs\\\/#\\\/schema\\\/logo\\\/image\\\/\",\"url\":\"https:\\\/\\\/www.galerijamaticesrpske.rs\\\/wp-content\\\/uploads\\\/2021\\\/01\\\/gms-logo-za-sajt.svg\",\"contentUrl\":\"https:\\\/\\\/www.galerijamaticesrpske.rs\\\/wp-content\\\/uploads\\\/2021\\\/01\\\/gms-logo-za-sajt.svg\",\"width\":1,\"height\":1,\"caption\":\"Galerija Matice srpske\"},\"image\":{\"@id\":\"https:\\\/\\\/www.galerijamaticesrpske.rs\\\/#\\\/schema\\\/logo\\\/image\\\/\"}}]}<\/script>\n<!-- \/ Yoast SEO plugin. -->","yoast_head_json":{"title":"Rekonzervacija portreta pesnika Laze Kosti\u0107a | Galerija Matice srpske","description":"Kako izgleda rekonzervatorski postupak portreta Laze Kosti\u0107a koji je Uro\u0161 Predi\u0107 uradio za Maticu srpsku odmah nakon pesnikove smrti sazna\u0107ete na predavanju msr Darka Despotovi\u0107a i mr Danila Vuksanovi\u0107a, vi\u0161ih konzervatora Galerije Matice srpske.","robots":{"index":"index","follow":"follow","max-snippet":"max-snippet:-1","max-image-preview":"max-image-preview:large","max-video-preview":"max-video-preview:-1"},"canonical":"https:\/\/www.galerijamaticesrpske.rs\/lat\/events\/rekonzervacija-portreta-pesnika-laze-kostica\/","og_locale":"en_US","og_type":"article","og_title":"Rekonzervacija portreta pesnika Laze Kosti\u0107a | Galerija Matice srpske","og_description":"Kako izgleda rekonzervatorski postupak portreta Laze Kosti\u0107a koji je Uro\u0161 Predi\u0107 uradio za Maticu srpsku odmah nakon pesnikove smrti sazna\u0107ete na predavanju msr Darka Despotovi\u0107a i mr Danila Vuksanovi\u0107a, vi\u0161ih konzervatora Galerije Matice srpske.","og_url":"https:\/\/www.galerijamaticesrpske.rs\/lat\/events\/rekonzervacija-portreta-pesnika-laze-kostica\/","og_site_name":"Galerija Matice srpske","og_image":[{"width":2560,"height":1920,"url":"https:\/\/www.galerijamaticesrpske.rs\/wp-content\/uploads\/2022\/11\/uros-predic_laza-kostic_gmsms-068_k2_24-scaled.jpg","type":"image\/jpeg"}],"twitter_card":"summary_large_image","twitter_misc":{"Est. reading time":"1 minute"},"schema":{"@context":"https:\/\/schema.org","@graph":[{"@type":"WebPage","@id":"https:\/\/www.galerijamaticesrpske.rs\/lat\/events\/rekonzervacija-portreta-pesnika-laze-kostica\/","url":"https:\/\/www.galerijamaticesrpske.rs\/lat\/events\/rekonzervacija-portreta-pesnika-laze-kostica\/","name":"Rekonzervacija portreta pesnika Laze Kosti\u0107a | Galerija Matice srpske","isPartOf":{"@id":"https:\/\/www.galerijamaticesrpske.rs\/#website"},"primaryImageOfPage":{"@id":"https:\/\/www.galerijamaticesrpske.rs\/lat\/events\/rekonzervacija-portreta-pesnika-laze-kostica\/#primaryimage"},"image":{"@id":"https:\/\/www.galerijamaticesrpske.rs\/lat\/events\/rekonzervacija-portreta-pesnika-laze-kostica\/#primaryimage"},"thumbnailUrl":"https:\/\/www.galerijamaticesrpske.rs\/wp-content\/uploads\/2022\/11\/uros-predic_laza-kostic_gmsms-068_k2_24-scaled.jpg","datePublished":"2022-11-28T14:50:20+00:00","description":"Kako izgleda rekonzervatorski postupak portreta Laze Kosti\u0107a koji je Uro\u0161 Predi\u0107 uradio za Maticu srpsku odmah nakon pesnikove smrti sazna\u0107ete na predavanju msr Darka Despotovi\u0107a i mr Danila Vuksanovi\u0107a, vi\u0161ih konzervatora Galerije Matice srpske.","breadcrumb":{"@id":"https:\/\/www.galerijamaticesrpske.rs\/lat\/events\/rekonzervacija-portreta-pesnika-laze-kostica\/#breadcrumb"},"inLanguage":"sr-LAT","potentialAction":[{"@type":"ReadAction","target":["https:\/\/www.galerijamaticesrpske.rs\/lat\/events\/rekonzervacija-portreta-pesnika-laze-kostica\/"]}]},{"@type":"ImageObject","inLanguage":"sr-LAT","@id":"https:\/\/www.galerijamaticesrpske.rs\/lat\/events\/rekonzervacija-portreta-pesnika-laze-kostica\/#primaryimage","url":"https:\/\/www.galerijamaticesrpske.rs\/wp-content\/uploads\/2022\/11\/uros-predic_laza-kostic_gmsms-068_k2_24-scaled.jpg","contentUrl":"https:\/\/www.galerijamaticesrpske.rs\/wp-content\/uploads\/2022\/11\/uros-predic_laza-kostic_gmsms-068_k2_24-scaled.jpg","width":2560,"height":1920},{"@type":"BreadcrumbList","@id":"https:\/\/www.galerijamaticesrpske.rs\/lat\/events\/rekonzervacija-portreta-pesnika-laze-kostica\/#breadcrumb","itemListElement":[{"@type":"ListItem","position":1,"name":"\u041f\u043e\u0447\u0435\u0442\u043d\u0430","item":"http:\/\/www.galerijamaticesrpske.rs\/lat\/"},{"@type":"ListItem","position":2,"name":"Events","item":"http:\/\/www.galerijamaticesrpske.rs\/lat\/events\/"},{"@type":"ListItem","position":3,"name":"Rekonzervacija portreta pesnika Laze Kosti\u0107a"}]},{"@type":"WebSite","@id":"https:\/\/www.galerijamaticesrpske.rs\/#website","url":"https:\/\/www.galerijamaticesrpske.rs\/","name":"Galerija Matice srpske","description":"Muzej srpske nacionalne umetnosti u Novom Sadu","publisher":{"@id":"https:\/\/www.galerijamaticesrpske.rs\/#organization"},"potentialAction":[{"@type":"SearchAction","target":{"@type":"EntryPoint","urlTemplate":"https:\/\/www.galerijamaticesrpske.rs\/?s={search_term_string}"},"query-input":{"@type":"PropertyValueSpecification","valueRequired":true,"valueName":"search_term_string"}}],"inLanguage":"sr-LAT"},{"@type":"Organization","@id":"https:\/\/www.galerijamaticesrpske.rs\/#organization","name":"Galerija Matice srpske","url":"https:\/\/www.galerijamaticesrpske.rs\/","logo":{"@type":"ImageObject","inLanguage":"sr-LAT","@id":"https:\/\/www.galerijamaticesrpske.rs\/#\/schema\/logo\/image\/","url":"https:\/\/www.galerijamaticesrpske.rs\/wp-content\/uploads\/2021\/01\/gms-logo-za-sajt.svg","contentUrl":"https:\/\/www.galerijamaticesrpske.rs\/wp-content\/uploads\/2021\/01\/gms-logo-za-sajt.svg","width":1,"height":1,"caption":"Galerija Matice srpske"},"image":{"@id":"https:\/\/www.galerijamaticesrpske.rs\/#\/schema\/logo\/image\/"}}]}},"_links":{"self":[{"href":"https:\/\/www.galerijamaticesrpske.rs\/lat\/wp-json\/wp\/v2\/mec-events\/10620","targetHints":{"allow":["GET"]}}],"collection":[{"href":"https:\/\/www.galerijamaticesrpske.rs\/lat\/wp-json\/wp\/v2\/mec-events"}],"about":[{"href":"https:\/\/www.galerijamaticesrpske.rs\/lat\/wp-json\/wp\/v2\/types\/mec-events"}],"author":[{"embeddable":true,"href":"https:\/\/www.galerijamaticesrpske.rs\/lat\/wp-json\/wp\/v2\/users\/2"}],"replies":[{"embeddable":true,"href":"https:\/\/www.galerijamaticesrpske.rs\/lat\/wp-json\/wp\/v2\/comments?post=10620"}],"wp:featuredmedia":[{"embeddable":true,"href":"https:\/\/www.galerijamaticesrpske.rs\/lat\/wp-json\/wp\/v2\/media\/10619"}],"wp:attachment":[{"href":"https:\/\/www.galerijamaticesrpske.rs\/lat\/wp-json\/wp\/v2\/media?parent=10620"}],"wp:term":[{"taxonomy":"post_tag","embeddable":true,"href":"https:\/\/www.galerijamaticesrpske.rs\/lat\/wp-json\/wp\/v2\/tags?post=10620"},{"taxonomy":"mec_category","embeddable":true,"href":"https:\/\/www.galerijamaticesrpske.rs\/lat\/wp-json\/wp\/v2\/mec_category?post=10620"}],"curies":[{"name":"wp","href":"https:\/\/api.w.org\/{rel}","templated":true}]}}