{"id":11201,"date":"2023-02-01T13:28:46","date_gmt":"2023-02-01T13:28:46","guid":{"rendered":"https:\/\/www.galerijamaticesrpske.rs\/?post_type=mec-events&#038;p=11201"},"modified":"2023-02-01T13:28:46","modified_gmt":"2023-02-01T13:28:46","slug":"covek-vredi-onoliko-koliko-prijatelja-ima","status":"publish","type":"mec-events","link":"https:\/\/www.galerijamaticesrpske.rs\/lat\/events\/covek-vredi-onoliko-koliko-prijatelja-ima\/","title":{"rendered":"\u010covek vredi onoliko koliko prijatelja ima"},"content":{"rendered":"<p>Tokom druge polovine janara i prve polovine februara, po\u010dinje <strong>novi ciklus kreativnih radionica za decu<\/strong> u Galeriji Matice srpske pod nazivom <strong><em>Tragom slikareve \u010detkice<\/em><\/strong>. Prate\u0107i tragove \u010detkice koje je za sobom ostavio Uro\u0161 Predi\u0107, nastavi\u0107emo da otkrivamo umetni\u010dke pri\u010de o njegovom \u017eivotu i stvarala\u0161tvu. Otkri\u0107emo sa kim se dru\u017eio, na kakva uzbudljiva putovanja je odlazio, kao i \u0161ta je voleo da \u010dita.<\/p>\n<p>Na na\u0161em predposlednjem subotnjem kreativnom dru\u017eenju u ovom ciklusu radionica, sa decom \u0107emo razgovarati o prijateljstvu. Iako je Uro\u0161 Predi\u0107 bio miran, tih i povu\u010den \u010dovek, koji je ceo svoj \u017eivot posvetio lepoti i umetnosti, imao je veliki broj prijatelja. NJegovi prijatelji su \u010desto bili umetnici, knji\u017eevnici, nau\u010dnici i Predi\u0107 je zabele\u017eio njihove likove na platnu. Posmatraju\u0107i njihove portrete, otkri\u0107emo sa kime je Predi\u0107 voleo da se dru\u017ei i na koje sve na\u010dine je voleo da ih prika\u017ee svoje prijatelje. U kreativnom delu radionice, deca \u0107e izabrati Predi\u0107evog najzanimljivijeg prijatelja i naslikati njegov portret.<\/p>\n<p>&nbsp;<\/p>\n<p>Zbog <strong>ograni\u010denog broja mesta na 15 mali\u0161ana uzrasta od 5 do 10 godina<\/strong>, u\u010de\u0161\u0107e deteta na radionici potrebno je prijaviti popunjavanjem elektronskog upitnika, koji se nalazi ispod opisa radionice. Cena ulaznice je 150.00 dinara.<\/p>\n","protected":false},"excerpt":{"rendered":"<p>Tokom druge polovine janara i prve polovine februara, po\u010dinje novi ciklus kreativnih radionica za decu u Galeriji Matice srpske pod nazivom Tragom slikareve \u010detkice. Prate\u0107i tragove \u010detkice koje je za sobom ostavio Uro\u0161 Predi\u0107, nastavi\u0107emo da otkrivamo umetni\u010dke pri\u010de o njegovom \u017eivotu i stvarala\u0161tvu. Otkri\u0107emo sa kim se dru\u017eio, na kakva uzbudljiva putovanja je odlazio,<\/p>\n","protected":false},"author":2,"featured_media":10952,"comment_status":"closed","ping_status":"closed","template":"","tags":[],"mec_category":[104],"class_list":["post-11201","mec-events","type-mec-events","status-publish","has-post-thumbnail","hentry","mec_category-kreativne-radionice-za-decu-subotom"],"acf":[],"yoast_head":"<!-- This site is optimized with the Yoast SEO plugin v27.3 - https:\/\/yoast.com\/product\/yoast-seo-wordpress\/ -->\n<title>\u010covek vredi onoliko koliko prijatelja ima | Galerija Matice srpske<\/title>\n<meta name=\"description\" content=\"Tokom druge polovine janara i prve polovine februara, po\u010dinje novi ciklus kreativnih radionica za decu u Galeriji Matice srpske pod nazivom Tragom slikareve \u010detkice.\" \/>\n<meta name=\"robots\" content=\"index, follow, max-snippet:-1, max-image-preview:large, max-video-preview:-1\" \/>\n<link rel=\"canonical\" href=\"http:\/\/www.galerijamaticesrpske.rs\/lat\/events\/covek-vredi-onoliko-koliko-prijatelja-ima\/\" \/>\n<meta property=\"og:locale\" content=\"en_US\" \/>\n<meta property=\"og:type\" content=\"article\" \/>\n<meta property=\"og:title\" content=\"\u010covek vredi onoliko koliko prijatelja ima | Galerija Matice srpske\" \/>\n<meta property=\"og:description\" content=\"Tokom druge polovine janara i prve polovine februara, po\u010dinje novi ciklus kreativnih radionica za decu u Galeriji Matice srpske pod nazivom Tragom slikareve \u010detkice.\" \/>\n<meta property=\"og:url\" content=\"http:\/\/www.galerijamaticesrpske.rs\/lat\/events\/covek-vredi-onoliko-koliko-prijatelja-ima\/\" \/>\n<meta property=\"og:site_name\" content=\"Galerija Matice srpske\" \/>\n<meta property=\"og:image\" content=\"http:\/\/www.galerijamaticesrpske.rs\/wp-content\/uploads\/2023\/01\/picture1.jpg\" \/>\n\t<meta property=\"og:image:width\" content=\"823\" \/>\n\t<meta property=\"og:image:height\" content=\"729\" \/>\n\t<meta property=\"og:image:type\" content=\"image\/jpeg\" \/>\n<meta name=\"twitter:card\" content=\"summary_large_image\" \/>\n<meta name=\"twitter:label1\" content=\"Est. reading time\" \/>\n\t<meta name=\"twitter:data1\" content=\"1 minute\" \/>\n<script type=\"application\/ld+json\" class=\"yoast-schema-graph\">{\"@context\":\"https:\\\/\\\/schema.org\",\"@graph\":[{\"@type\":\"WebPage\",\"@id\":\"http:\\\/\\\/www.galerijamaticesrpske.rs\\\/lat\\\/events\\\/covek-vredi-onoliko-koliko-prijatelja-ima\\\/\",\"url\":\"http:\\\/\\\/www.galerijamaticesrpske.rs\\\/lat\\\/events\\\/covek-vredi-onoliko-koliko-prijatelja-ima\\\/\",\"name\":\"\u010covek vredi onoliko koliko prijatelja ima | Galerija Matice srpske\",\"isPartOf\":{\"@id\":\"https:\\\/\\\/www.galerijamaticesrpske.rs\\\/#website\"},\"primaryImageOfPage\":{\"@id\":\"http:\\\/\\\/www.galerijamaticesrpske.rs\\\/lat\\\/events\\\/covek-vredi-onoliko-koliko-prijatelja-ima\\\/#primaryimage\"},\"image\":{\"@id\":\"http:\\\/\\\/www.galerijamaticesrpske.rs\\\/lat\\\/events\\\/covek-vredi-onoliko-koliko-prijatelja-ima\\\/#primaryimage\"},\"thumbnailUrl\":\"https:\\\/\\\/www.galerijamaticesrpske.rs\\\/wp-content\\\/uploads\\\/2023\\\/01\\\/picture1.jpg\",\"datePublished\":\"2023-02-01T13:28:46+00:00\",\"description\":\"Tokom druge polovine janara i prve polovine februara, po\u010dinje novi ciklus kreativnih radionica za decu u Galeriji Matice srpske pod nazivom Tragom slikareve \u010detkice.\",\"breadcrumb\":{\"@id\":\"http:\\\/\\\/www.galerijamaticesrpske.rs\\\/lat\\\/events\\\/covek-vredi-onoliko-koliko-prijatelja-ima\\\/#breadcrumb\"},\"inLanguage\":\"sr-LAT\",\"potentialAction\":[{\"@type\":\"ReadAction\",\"target\":[\"http:\\\/\\\/www.galerijamaticesrpske.rs\\\/lat\\\/events\\\/covek-vredi-onoliko-koliko-prijatelja-ima\\\/\"]}]},{\"@type\":\"ImageObject\",\"inLanguage\":\"sr-LAT\",\"@id\":\"http:\\\/\\\/www.galerijamaticesrpske.rs\\\/lat\\\/events\\\/covek-vredi-onoliko-koliko-prijatelja-ima\\\/#primaryimage\",\"url\":\"https:\\\/\\\/www.galerijamaticesrpske.rs\\\/wp-content\\\/uploads\\\/2023\\\/01\\\/picture1.jpg\",\"contentUrl\":\"https:\\\/\\\/www.galerijamaticesrpske.rs\\\/wp-content\\\/uploads\\\/2023\\\/01\\\/picture1.jpg\",\"width\":823,\"height\":729},{\"@type\":\"BreadcrumbList\",\"@id\":\"http:\\\/\\\/www.galerijamaticesrpske.rs\\\/lat\\\/events\\\/covek-vredi-onoliko-koliko-prijatelja-ima\\\/#breadcrumb\",\"itemListElement\":[{\"@type\":\"ListItem\",\"position\":1,\"name\":\"\u041f\u043e\u0447\u0435\u0442\u043d\u0430\",\"item\":\"http:\\\/\\\/www.galerijamaticesrpske.rs\\\/lat\\\/\"},{\"@type\":\"ListItem\",\"position\":2,\"name\":\"Events\",\"item\":\"http:\\\/\\\/www.galerijamaticesrpske.rs\\\/lat\\\/events\\\/\"},{\"@type\":\"ListItem\",\"position\":3,\"name\":\"\u010covek vredi onoliko koliko prijatelja ima\"}]},{\"@type\":\"WebSite\",\"@id\":\"https:\\\/\\\/www.galerijamaticesrpske.rs\\\/#website\",\"url\":\"https:\\\/\\\/www.galerijamaticesrpske.rs\\\/\",\"name\":\"Galerija Matice srpske\",\"description\":\"Muzej srpske nacionalne umetnosti u Novom Sadu\",\"publisher\":{\"@id\":\"https:\\\/\\\/www.galerijamaticesrpske.rs\\\/#organization\"},\"potentialAction\":[{\"@type\":\"SearchAction\",\"target\":{\"@type\":\"EntryPoint\",\"urlTemplate\":\"https:\\\/\\\/www.galerijamaticesrpske.rs\\\/?s={search_term_string}\"},\"query-input\":{\"@type\":\"PropertyValueSpecification\",\"valueRequired\":true,\"valueName\":\"search_term_string\"}}],\"inLanguage\":\"sr-LAT\"},{\"@type\":\"Organization\",\"@id\":\"https:\\\/\\\/www.galerijamaticesrpske.rs\\\/#organization\",\"name\":\"Galerija Matice srpske\",\"url\":\"https:\\\/\\\/www.galerijamaticesrpske.rs\\\/\",\"logo\":{\"@type\":\"ImageObject\",\"inLanguage\":\"sr-LAT\",\"@id\":\"https:\\\/\\\/www.galerijamaticesrpske.rs\\\/#\\\/schema\\\/logo\\\/image\\\/\",\"url\":\"https:\\\/\\\/www.galerijamaticesrpske.rs\\\/wp-content\\\/uploads\\\/2021\\\/01\\\/gms-logo-za-sajt.svg\",\"contentUrl\":\"https:\\\/\\\/www.galerijamaticesrpske.rs\\\/wp-content\\\/uploads\\\/2021\\\/01\\\/gms-logo-za-sajt.svg\",\"width\":1,\"height\":1,\"caption\":\"Galerija Matice srpske\"},\"image\":{\"@id\":\"https:\\\/\\\/www.galerijamaticesrpske.rs\\\/#\\\/schema\\\/logo\\\/image\\\/\"}}]}<\/script>\n<!-- \/ Yoast SEO plugin. -->","yoast_head_json":{"title":"\u010covek vredi onoliko koliko prijatelja ima | Galerija Matice srpske","description":"Tokom druge polovine janara i prve polovine februara, po\u010dinje novi ciklus kreativnih radionica za decu u Galeriji Matice srpske pod nazivom Tragom slikareve \u010detkice.","robots":{"index":"index","follow":"follow","max-snippet":"max-snippet:-1","max-image-preview":"max-image-preview:large","max-video-preview":"max-video-preview:-1"},"canonical":"http:\/\/www.galerijamaticesrpske.rs\/lat\/events\/covek-vredi-onoliko-koliko-prijatelja-ima\/","og_locale":"en_US","og_type":"article","og_title":"\u010covek vredi onoliko koliko prijatelja ima | Galerija Matice srpske","og_description":"Tokom druge polovine janara i prve polovine februara, po\u010dinje novi ciklus kreativnih radionica za decu u Galeriji Matice srpske pod nazivom Tragom slikareve \u010detkice.","og_url":"http:\/\/www.galerijamaticesrpske.rs\/lat\/events\/covek-vredi-onoliko-koliko-prijatelja-ima\/","og_site_name":"Galerija Matice srpske","og_image":[{"width":823,"height":729,"url":"http:\/\/www.galerijamaticesrpske.rs\/wp-content\/uploads\/2023\/01\/picture1.jpg","type":"image\/jpeg"}],"twitter_card":"summary_large_image","twitter_misc":{"Est. reading time":"1 minute"},"schema":{"@context":"https:\/\/schema.org","@graph":[{"@type":"WebPage","@id":"http:\/\/www.galerijamaticesrpske.rs\/lat\/events\/covek-vredi-onoliko-koliko-prijatelja-ima\/","url":"http:\/\/www.galerijamaticesrpske.rs\/lat\/events\/covek-vredi-onoliko-koliko-prijatelja-ima\/","name":"\u010covek vredi onoliko koliko prijatelja ima | Galerija Matice srpske","isPartOf":{"@id":"https:\/\/www.galerijamaticesrpske.rs\/#website"},"primaryImageOfPage":{"@id":"http:\/\/www.galerijamaticesrpske.rs\/lat\/events\/covek-vredi-onoliko-koliko-prijatelja-ima\/#primaryimage"},"image":{"@id":"http:\/\/www.galerijamaticesrpske.rs\/lat\/events\/covek-vredi-onoliko-koliko-prijatelja-ima\/#primaryimage"},"thumbnailUrl":"https:\/\/www.galerijamaticesrpske.rs\/wp-content\/uploads\/2023\/01\/picture1.jpg","datePublished":"2023-02-01T13:28:46+00:00","description":"Tokom druge polovine janara i prve polovine februara, po\u010dinje novi ciklus kreativnih radionica za decu u Galeriji Matice srpske pod nazivom Tragom slikareve \u010detkice.","breadcrumb":{"@id":"http:\/\/www.galerijamaticesrpske.rs\/lat\/events\/covek-vredi-onoliko-koliko-prijatelja-ima\/#breadcrumb"},"inLanguage":"sr-LAT","potentialAction":[{"@type":"ReadAction","target":["http:\/\/www.galerijamaticesrpske.rs\/lat\/events\/covek-vredi-onoliko-koliko-prijatelja-ima\/"]}]},{"@type":"ImageObject","inLanguage":"sr-LAT","@id":"http:\/\/www.galerijamaticesrpske.rs\/lat\/events\/covek-vredi-onoliko-koliko-prijatelja-ima\/#primaryimage","url":"https:\/\/www.galerijamaticesrpske.rs\/wp-content\/uploads\/2023\/01\/picture1.jpg","contentUrl":"https:\/\/www.galerijamaticesrpske.rs\/wp-content\/uploads\/2023\/01\/picture1.jpg","width":823,"height":729},{"@type":"BreadcrumbList","@id":"http:\/\/www.galerijamaticesrpske.rs\/lat\/events\/covek-vredi-onoliko-koliko-prijatelja-ima\/#breadcrumb","itemListElement":[{"@type":"ListItem","position":1,"name":"\u041f\u043e\u0447\u0435\u0442\u043d\u0430","item":"http:\/\/www.galerijamaticesrpske.rs\/lat\/"},{"@type":"ListItem","position":2,"name":"Events","item":"http:\/\/www.galerijamaticesrpske.rs\/lat\/events\/"},{"@type":"ListItem","position":3,"name":"\u010covek vredi onoliko koliko prijatelja ima"}]},{"@type":"WebSite","@id":"https:\/\/www.galerijamaticesrpske.rs\/#website","url":"https:\/\/www.galerijamaticesrpske.rs\/","name":"Galerija Matice srpske","description":"Muzej srpske nacionalne umetnosti u Novom Sadu","publisher":{"@id":"https:\/\/www.galerijamaticesrpske.rs\/#organization"},"potentialAction":[{"@type":"SearchAction","target":{"@type":"EntryPoint","urlTemplate":"https:\/\/www.galerijamaticesrpske.rs\/?s={search_term_string}"},"query-input":{"@type":"PropertyValueSpecification","valueRequired":true,"valueName":"search_term_string"}}],"inLanguage":"sr-LAT"},{"@type":"Organization","@id":"https:\/\/www.galerijamaticesrpske.rs\/#organization","name":"Galerija Matice srpske","url":"https:\/\/www.galerijamaticesrpske.rs\/","logo":{"@type":"ImageObject","inLanguage":"sr-LAT","@id":"https:\/\/www.galerijamaticesrpske.rs\/#\/schema\/logo\/image\/","url":"https:\/\/www.galerijamaticesrpske.rs\/wp-content\/uploads\/2021\/01\/gms-logo-za-sajt.svg","contentUrl":"https:\/\/www.galerijamaticesrpske.rs\/wp-content\/uploads\/2021\/01\/gms-logo-za-sajt.svg","width":1,"height":1,"caption":"Galerija Matice srpske"},"image":{"@id":"https:\/\/www.galerijamaticesrpske.rs\/#\/schema\/logo\/image\/"}}]}},"_links":{"self":[{"href":"https:\/\/www.galerijamaticesrpske.rs\/lat\/wp-json\/wp\/v2\/mec-events\/11201","targetHints":{"allow":["GET"]}}],"collection":[{"href":"https:\/\/www.galerijamaticesrpske.rs\/lat\/wp-json\/wp\/v2\/mec-events"}],"about":[{"href":"https:\/\/www.galerijamaticesrpske.rs\/lat\/wp-json\/wp\/v2\/types\/mec-events"}],"author":[{"embeddable":true,"href":"https:\/\/www.galerijamaticesrpske.rs\/lat\/wp-json\/wp\/v2\/users\/2"}],"replies":[{"embeddable":true,"href":"https:\/\/www.galerijamaticesrpske.rs\/lat\/wp-json\/wp\/v2\/comments?post=11201"}],"wp:featuredmedia":[{"embeddable":true,"href":"https:\/\/www.galerijamaticesrpske.rs\/lat\/wp-json\/wp\/v2\/media\/10952"}],"wp:attachment":[{"href":"https:\/\/www.galerijamaticesrpske.rs\/lat\/wp-json\/wp\/v2\/media?parent=11201"}],"wp:term":[{"taxonomy":"post_tag","embeddable":true,"href":"https:\/\/www.galerijamaticesrpske.rs\/lat\/wp-json\/wp\/v2\/tags?post=11201"},{"taxonomy":"mec_category","embeddable":true,"href":"https:\/\/www.galerijamaticesrpske.rs\/lat\/wp-json\/wp\/v2\/mec_category?post=11201"}],"curies":[{"name":"wp","href":"https:\/\/api.w.org\/{rel}","templated":true}]}}