{"id":11261,"date":"2023-02-06T12:56:25","date_gmt":"2023-02-06T12:56:25","guid":{"rendered":"https:\/\/www.galerijamaticesrpske.rs\/?post_type=mec-events&#038;p=11261"},"modified":"2023-02-06T12:56:25","modified_gmt":"2023-02-06T12:56:25","slug":"promocija-monografije-ponos-nacije-175-godina-galerije-matice-srpske","status":"publish","type":"mec-events","link":"https:\/\/www.galerijamaticesrpske.rs\/lat\/events\/promocija-monografije-ponos-nacije-175-godina-galerije-matice-srpske\/","title":{"rendered":"Promocija monografije \u201ePonos nacije. 175 godina Galerije Matice srpske\u201c"},"content":{"rendered":"<p>U petak, <strong>10. februara<\/strong> sa po\u010detkom <strong>u 19.00 sati<\/strong> odr\u017ea\u0107e se <strong>promocija monografije <em>Ponos nacije. 175 godina Galerije Matice srpske<\/em><\/strong> autorke dr Tijane Palkovljevi\u0107 Bugarski, muzejske savetnice i upravnice Galerije Matice srpske. Na promociji prisutnima \u0107e se obratiti <strong>mr Danilo Vuksanovi\u0107, dr Branka Kuli\u0107, prof. dr Branko Be\u0161lin, prof. dr Mirjana D. Stefanovi\u0107<\/strong> i <strong>autorka knjige<\/strong>.<\/p>\n<p>Povodom velikog jubileja \u2013 175 godina od osnivanja \u2013 izdata je nova monografija Galerije Matice srpske. Knjiga donosi istorijat ustanove i ukazuje na njenu ulogu u izgradnji nacionalnog identiteta kroz prikupljanje, izlaganje i predstavljanje dela likovne umetnosti uz pri\u010du o ljudima, doga\u0111ajima i trenucima koji su neosporno odredili taj identitet. U monografiji, koja predstavlja iscrpnu i temeljnu obradu jedne od va\u017enih tema za kulturnu istoriju srpskog naroda, sabrano je autorkino vi\u0161egodi\u0161nje istra\u017eiva\u010dko iskustvo. Luksuzno publikovana, monografija donosi veliki broj dokumentarnih fotografija i reprodukcija umetni\u010dkih dela, koje uz nau\u010dni tekst ilustruju delovanje Galerije Matice srpske u njenoj dugoj istoriji. Poseban fokus dat je na delatnost ustanove u proteklih 25 godina kada je Galerija Matice srpske, po\u0161tuju\u0107i tradiciju, uskladila na\u010din rada sa savremenim muzeolo\u0161kim tokovima i razgranala svoje konzervatorske, edukativne i izlo\u017ebene aktivnosti.<\/p>\n<p>Kroz svoju bogatu delatnost, Galerija Matice srpske je postala jedno od istra\u017eiva\u010dkih mesta kriti\u010dkog kreiranja i sagledavanja srpskog, kulturnog i nacionalnog identiteta. Kako je istaknuto u samom naslovu monografije, danas ona u\u017eiva izuzetan ugled i prepoznatljivost u srpskoj i me\u0111unarodnoj javnosti.<\/p>\n","protected":false},"excerpt":{"rendered":"<p>U petak, 10. februara sa po\u010detkom u 19.00 sati odr\u017ea\u0107e se promocija monografije Ponos nacije. 175 godina Galerije Matice srpske autorke dr Tijane Palkovljevi\u0107 Bugarski, muzejske savetnice i upravnice Galerije Matice srpske. Na promociji prisutnima \u0107e se obratiti mr Danilo Vuksanovi\u0107, dr Branka Kuli\u0107, prof. dr Branko Be\u0161lin, prof. dr Mirjana D. Stefanovi\u0107 i autorka<\/p>\n","protected":false},"author":2,"featured_media":11260,"comment_status":"closed","ping_status":"closed","template":"","tags":[],"mec_category":[109],"class_list":["post-11261","mec-events","type-mec-events","status-publish","has-post-thumbnail","hentry","mec_category-promocije-knjiga"],"acf":[],"yoast_head":"<!-- This site is optimized with the Yoast SEO plugin v27.3 - https:\/\/yoast.com\/product\/yoast-seo-wordpress\/ -->\n<title>Promocija monografije \u201ePonos nacije. 175 godina Galerije Matice srpske\u201c | Galerija Matice srpske<\/title>\n<meta name=\"description\" content=\"U petak, 10. februara sa po\u010detkom u 19.00 sati odr\u017ea\u0107e se promocija monografije Ponos nacije. 175 godina Galerije Matice srpske autorke dr Tijane Palkovljevi\u0107 Bugarski, muzejske savetnice i upravnice Galerije Matice srpske. Na promociji prisutnima \u0107e se obratiti mr Danilo Vuksanovi\u0107, dr Branka Kuli\u0107, prof. dr Branko Be\u0161lin, prof. dr Mirjana D. Stefanovi\u0107 i autorka knjige.\" \/>\n<meta name=\"robots\" content=\"index, follow, max-snippet:-1, max-image-preview:large, max-video-preview:-1\" \/>\n<link rel=\"canonical\" href=\"http:\/\/www.galerijamaticesrpske.rs\/lat\/events\/promocija-monografije-ponos-nacije-175-godina-galerije-matice-srpske\/\" \/>\n<meta property=\"og:locale\" content=\"en_US\" \/>\n<meta property=\"og:type\" content=\"article\" \/>\n<meta property=\"og:title\" content=\"Promocija monografije \u201ePonos nacije. 175 godina Galerije Matice srpske\u201c | Galerija Matice srpske\" \/>\n<meta property=\"og:description\" content=\"U petak, 10. februara sa po\u010detkom u 19.00 sati odr\u017ea\u0107e se promocija monografije Ponos nacije. 175 godina Galerije Matice srpske autorke dr Tijane Palkovljevi\u0107 Bugarski, muzejske savetnice i upravnice Galerije Matice srpske. Na promociji prisutnima \u0107e se obratiti mr Danilo Vuksanovi\u0107, dr Branka Kuli\u0107, prof. dr Branko Be\u0161lin, prof. dr Mirjana D. Stefanovi\u0107 i autorka knjige.\" \/>\n<meta property=\"og:url\" content=\"http:\/\/www.galerijamaticesrpske.rs\/lat\/events\/promocija-monografije-ponos-nacije-175-godina-galerije-matice-srpske\/\" \/>\n<meta property=\"og:site_name\" content=\"Galerija Matice srpske\" \/>\n<meta property=\"og:image\" content=\"http:\/\/www.galerijamaticesrpske.rs\/wp-content\/uploads\/2023\/02\/knjiga_1.jpg\" \/>\n\t<meta property=\"og:image:width\" content=\"1920\" \/>\n\t<meta property=\"og:image:height\" content=\"1280\" \/>\n\t<meta property=\"og:image:type\" content=\"image\/jpeg\" \/>\n<meta name=\"twitter:card\" content=\"summary_large_image\" \/>\n<meta name=\"twitter:label1\" content=\"Est. reading time\" \/>\n\t<meta name=\"twitter:data1\" content=\"1 minute\" \/>\n<script type=\"application\/ld+json\" class=\"yoast-schema-graph\">{\"@context\":\"https:\\\/\\\/schema.org\",\"@graph\":[{\"@type\":\"WebPage\",\"@id\":\"http:\\\/\\\/www.galerijamaticesrpske.rs\\\/lat\\\/events\\\/promocija-monografije-ponos-nacije-175-godina-galerije-matice-srpske\\\/\",\"url\":\"http:\\\/\\\/www.galerijamaticesrpske.rs\\\/lat\\\/events\\\/promocija-monografije-ponos-nacije-175-godina-galerije-matice-srpske\\\/\",\"name\":\"Promocija monografije \u201ePonos nacije. 175 godina Galerije Matice srpske\u201c | Galerija Matice srpske\",\"isPartOf\":{\"@id\":\"https:\\\/\\\/www.galerijamaticesrpske.rs\\\/#website\"},\"primaryImageOfPage\":{\"@id\":\"http:\\\/\\\/www.galerijamaticesrpske.rs\\\/lat\\\/events\\\/promocija-monografije-ponos-nacije-175-godina-galerije-matice-srpske\\\/#primaryimage\"},\"image\":{\"@id\":\"http:\\\/\\\/www.galerijamaticesrpske.rs\\\/lat\\\/events\\\/promocija-monografije-ponos-nacije-175-godina-galerije-matice-srpske\\\/#primaryimage\"},\"thumbnailUrl\":\"https:\\\/\\\/www.galerijamaticesrpske.rs\\\/wp-content\\\/uploads\\\/2023\\\/02\\\/knjiga_1.jpg\",\"datePublished\":\"2023-02-06T12:56:25+00:00\",\"description\":\"U petak, 10. februara sa po\u010detkom u 19.00 sati odr\u017ea\u0107e se promocija monografije Ponos nacije. 175 godina Galerije Matice srpske autorke dr Tijane Palkovljevi\u0107 Bugarski, muzejske savetnice i upravnice Galerije Matice srpske. Na promociji prisutnima \u0107e se obratiti mr Danilo Vuksanovi\u0107, dr Branka Kuli\u0107, prof. dr Branko Be\u0161lin, prof. dr Mirjana D. Stefanovi\u0107 i autorka knjige.\",\"breadcrumb\":{\"@id\":\"http:\\\/\\\/www.galerijamaticesrpske.rs\\\/lat\\\/events\\\/promocija-monografije-ponos-nacije-175-godina-galerije-matice-srpske\\\/#breadcrumb\"},\"inLanguage\":\"sr-LAT\",\"potentialAction\":[{\"@type\":\"ReadAction\",\"target\":[\"http:\\\/\\\/www.galerijamaticesrpske.rs\\\/lat\\\/events\\\/promocija-monografije-ponos-nacije-175-godina-galerije-matice-srpske\\\/\"]}]},{\"@type\":\"ImageObject\",\"inLanguage\":\"sr-LAT\",\"@id\":\"http:\\\/\\\/www.galerijamaticesrpske.rs\\\/lat\\\/events\\\/promocija-monografije-ponos-nacije-175-godina-galerije-matice-srpske\\\/#primaryimage\",\"url\":\"https:\\\/\\\/www.galerijamaticesrpske.rs\\\/wp-content\\\/uploads\\\/2023\\\/02\\\/knjiga_1.jpg\",\"contentUrl\":\"https:\\\/\\\/www.galerijamaticesrpske.rs\\\/wp-content\\\/uploads\\\/2023\\\/02\\\/knjiga_1.jpg\",\"width\":1920,\"height\":1280,\"caption\":\"\u041f\u0443\u0431\u043b\u0438\u043a\u0430\u0446\u0438\u0458\u0430 \u201d\u041f\u043e\u043d\u043e\u0441 \u043d\u0430\u0446\u0438\u0458\u0435\u201d\"},{\"@type\":\"BreadcrumbList\",\"@id\":\"http:\\\/\\\/www.galerijamaticesrpske.rs\\\/lat\\\/events\\\/promocija-monografije-ponos-nacije-175-godina-galerije-matice-srpske\\\/#breadcrumb\",\"itemListElement\":[{\"@type\":\"ListItem\",\"position\":1,\"name\":\"\u041f\u043e\u0447\u0435\u0442\u043d\u0430\",\"item\":\"http:\\\/\\\/www.galerijamaticesrpske.rs\\\/lat\\\/\"},{\"@type\":\"ListItem\",\"position\":2,\"name\":\"Events\",\"item\":\"http:\\\/\\\/www.galerijamaticesrpske.rs\\\/lat\\\/events\\\/\"},{\"@type\":\"ListItem\",\"position\":3,\"name\":\"Promocija monografije \u201ePonos nacije. 175 godina Galerije Matice srpske\u201c\"}]},{\"@type\":\"WebSite\",\"@id\":\"https:\\\/\\\/www.galerijamaticesrpske.rs\\\/#website\",\"url\":\"https:\\\/\\\/www.galerijamaticesrpske.rs\\\/\",\"name\":\"Galerija Matice srpske\",\"description\":\"Muzej srpske nacionalne umetnosti u Novom Sadu\",\"publisher\":{\"@id\":\"https:\\\/\\\/www.galerijamaticesrpske.rs\\\/#organization\"},\"potentialAction\":[{\"@type\":\"SearchAction\",\"target\":{\"@type\":\"EntryPoint\",\"urlTemplate\":\"https:\\\/\\\/www.galerijamaticesrpske.rs\\\/?s={search_term_string}\"},\"query-input\":{\"@type\":\"PropertyValueSpecification\",\"valueRequired\":true,\"valueName\":\"search_term_string\"}}],\"inLanguage\":\"sr-LAT\"},{\"@type\":\"Organization\",\"@id\":\"https:\\\/\\\/www.galerijamaticesrpske.rs\\\/#organization\",\"name\":\"Galerija Matice srpske\",\"url\":\"https:\\\/\\\/www.galerijamaticesrpske.rs\\\/\",\"logo\":{\"@type\":\"ImageObject\",\"inLanguage\":\"sr-LAT\",\"@id\":\"https:\\\/\\\/www.galerijamaticesrpske.rs\\\/#\\\/schema\\\/logo\\\/image\\\/\",\"url\":\"https:\\\/\\\/www.galerijamaticesrpske.rs\\\/wp-content\\\/uploads\\\/2021\\\/01\\\/gms-logo-za-sajt.svg\",\"contentUrl\":\"https:\\\/\\\/www.galerijamaticesrpske.rs\\\/wp-content\\\/uploads\\\/2021\\\/01\\\/gms-logo-za-sajt.svg\",\"width\":1,\"height\":1,\"caption\":\"Galerija Matice srpske\"},\"image\":{\"@id\":\"https:\\\/\\\/www.galerijamaticesrpske.rs\\\/#\\\/schema\\\/logo\\\/image\\\/\"}}]}<\/script>\n<!-- \/ Yoast SEO plugin. -->","yoast_head_json":{"title":"Promocija monografije \u201ePonos nacije. 175 godina Galerije Matice srpske\u201c | Galerija Matice srpske","description":"U petak, 10. februara sa po\u010detkom u 19.00 sati odr\u017ea\u0107e se promocija monografije Ponos nacije. 175 godina Galerije Matice srpske autorke dr Tijane Palkovljevi\u0107 Bugarski, muzejske savetnice i upravnice Galerije Matice srpske. Na promociji prisutnima \u0107e se obratiti mr Danilo Vuksanovi\u0107, dr Branka Kuli\u0107, prof. dr Branko Be\u0161lin, prof. dr Mirjana D. Stefanovi\u0107 i autorka knjige.","robots":{"index":"index","follow":"follow","max-snippet":"max-snippet:-1","max-image-preview":"max-image-preview:large","max-video-preview":"max-video-preview:-1"},"canonical":"http:\/\/www.galerijamaticesrpske.rs\/lat\/events\/promocija-monografije-ponos-nacije-175-godina-galerije-matice-srpske\/","og_locale":"en_US","og_type":"article","og_title":"Promocija monografije \u201ePonos nacije. 175 godina Galerije Matice srpske\u201c | Galerija Matice srpske","og_description":"U petak, 10. februara sa po\u010detkom u 19.00 sati odr\u017ea\u0107e se promocija monografije Ponos nacije. 175 godina Galerije Matice srpske autorke dr Tijane Palkovljevi\u0107 Bugarski, muzejske savetnice i upravnice Galerije Matice srpske. Na promociji prisutnima \u0107e se obratiti mr Danilo Vuksanovi\u0107, dr Branka Kuli\u0107, prof. dr Branko Be\u0161lin, prof. dr Mirjana D. Stefanovi\u0107 i autorka knjige.","og_url":"http:\/\/www.galerijamaticesrpske.rs\/lat\/events\/promocija-monografije-ponos-nacije-175-godina-galerije-matice-srpske\/","og_site_name":"Galerija Matice srpske","og_image":[{"width":1920,"height":1280,"url":"http:\/\/www.galerijamaticesrpske.rs\/wp-content\/uploads\/2023\/02\/knjiga_1.jpg","type":"image\/jpeg"}],"twitter_card":"summary_large_image","twitter_misc":{"Est. reading time":"1 minute"},"schema":{"@context":"https:\/\/schema.org","@graph":[{"@type":"WebPage","@id":"http:\/\/www.galerijamaticesrpske.rs\/lat\/events\/promocija-monografije-ponos-nacije-175-godina-galerije-matice-srpske\/","url":"http:\/\/www.galerijamaticesrpske.rs\/lat\/events\/promocija-monografije-ponos-nacije-175-godina-galerije-matice-srpske\/","name":"Promocija monografije \u201ePonos nacije. 175 godina Galerije Matice srpske\u201c | Galerija Matice srpske","isPartOf":{"@id":"https:\/\/www.galerijamaticesrpske.rs\/#website"},"primaryImageOfPage":{"@id":"http:\/\/www.galerijamaticesrpske.rs\/lat\/events\/promocija-monografije-ponos-nacije-175-godina-galerije-matice-srpske\/#primaryimage"},"image":{"@id":"http:\/\/www.galerijamaticesrpske.rs\/lat\/events\/promocija-monografije-ponos-nacije-175-godina-galerije-matice-srpske\/#primaryimage"},"thumbnailUrl":"https:\/\/www.galerijamaticesrpske.rs\/wp-content\/uploads\/2023\/02\/knjiga_1.jpg","datePublished":"2023-02-06T12:56:25+00:00","description":"U petak, 10. februara sa po\u010detkom u 19.00 sati odr\u017ea\u0107e se promocija monografije Ponos nacije. 175 godina Galerije Matice srpske autorke dr Tijane Palkovljevi\u0107 Bugarski, muzejske savetnice i upravnice Galerije Matice srpske. Na promociji prisutnima \u0107e se obratiti mr Danilo Vuksanovi\u0107, dr Branka Kuli\u0107, prof. dr Branko Be\u0161lin, prof. dr Mirjana D. Stefanovi\u0107 i autorka knjige.","breadcrumb":{"@id":"http:\/\/www.galerijamaticesrpske.rs\/lat\/events\/promocija-monografije-ponos-nacije-175-godina-galerije-matice-srpske\/#breadcrumb"},"inLanguage":"sr-LAT","potentialAction":[{"@type":"ReadAction","target":["http:\/\/www.galerijamaticesrpske.rs\/lat\/events\/promocija-monografije-ponos-nacije-175-godina-galerije-matice-srpske\/"]}]},{"@type":"ImageObject","inLanguage":"sr-LAT","@id":"http:\/\/www.galerijamaticesrpske.rs\/lat\/events\/promocija-monografije-ponos-nacije-175-godina-galerije-matice-srpske\/#primaryimage","url":"https:\/\/www.galerijamaticesrpske.rs\/wp-content\/uploads\/2023\/02\/knjiga_1.jpg","contentUrl":"https:\/\/www.galerijamaticesrpske.rs\/wp-content\/uploads\/2023\/02\/knjiga_1.jpg","width":1920,"height":1280,"caption":"\u041f\u0443\u0431\u043b\u0438\u043a\u0430\u0446\u0438\u0458\u0430 \u201d\u041f\u043e\u043d\u043e\u0441 \u043d\u0430\u0446\u0438\u0458\u0435\u201d"},{"@type":"BreadcrumbList","@id":"http:\/\/www.galerijamaticesrpske.rs\/lat\/events\/promocija-monografije-ponos-nacije-175-godina-galerije-matice-srpske\/#breadcrumb","itemListElement":[{"@type":"ListItem","position":1,"name":"\u041f\u043e\u0447\u0435\u0442\u043d\u0430","item":"http:\/\/www.galerijamaticesrpske.rs\/lat\/"},{"@type":"ListItem","position":2,"name":"Events","item":"http:\/\/www.galerijamaticesrpske.rs\/lat\/events\/"},{"@type":"ListItem","position":3,"name":"Promocija monografije \u201ePonos nacije. 175 godina Galerije Matice srpske\u201c"}]},{"@type":"WebSite","@id":"https:\/\/www.galerijamaticesrpske.rs\/#website","url":"https:\/\/www.galerijamaticesrpske.rs\/","name":"Galerija Matice srpske","description":"Muzej srpske nacionalne umetnosti u Novom Sadu","publisher":{"@id":"https:\/\/www.galerijamaticesrpske.rs\/#organization"},"potentialAction":[{"@type":"SearchAction","target":{"@type":"EntryPoint","urlTemplate":"https:\/\/www.galerijamaticesrpske.rs\/?s={search_term_string}"},"query-input":{"@type":"PropertyValueSpecification","valueRequired":true,"valueName":"search_term_string"}}],"inLanguage":"sr-LAT"},{"@type":"Organization","@id":"https:\/\/www.galerijamaticesrpske.rs\/#organization","name":"Galerija Matice srpske","url":"https:\/\/www.galerijamaticesrpske.rs\/","logo":{"@type":"ImageObject","inLanguage":"sr-LAT","@id":"https:\/\/www.galerijamaticesrpske.rs\/#\/schema\/logo\/image\/","url":"https:\/\/www.galerijamaticesrpske.rs\/wp-content\/uploads\/2021\/01\/gms-logo-za-sajt.svg","contentUrl":"https:\/\/www.galerijamaticesrpske.rs\/wp-content\/uploads\/2021\/01\/gms-logo-za-sajt.svg","width":1,"height":1,"caption":"Galerija Matice srpske"},"image":{"@id":"https:\/\/www.galerijamaticesrpske.rs\/#\/schema\/logo\/image\/"}}]}},"_links":{"self":[{"href":"https:\/\/www.galerijamaticesrpske.rs\/lat\/wp-json\/wp\/v2\/mec-events\/11261","targetHints":{"allow":["GET"]}}],"collection":[{"href":"https:\/\/www.galerijamaticesrpske.rs\/lat\/wp-json\/wp\/v2\/mec-events"}],"about":[{"href":"https:\/\/www.galerijamaticesrpske.rs\/lat\/wp-json\/wp\/v2\/types\/mec-events"}],"author":[{"embeddable":true,"href":"https:\/\/www.galerijamaticesrpske.rs\/lat\/wp-json\/wp\/v2\/users\/2"}],"replies":[{"embeddable":true,"href":"https:\/\/www.galerijamaticesrpske.rs\/lat\/wp-json\/wp\/v2\/comments?post=11261"}],"wp:featuredmedia":[{"embeddable":true,"href":"https:\/\/www.galerijamaticesrpske.rs\/lat\/wp-json\/wp\/v2\/media\/11260"}],"wp:attachment":[{"href":"https:\/\/www.galerijamaticesrpske.rs\/lat\/wp-json\/wp\/v2\/media?parent=11261"}],"wp:term":[{"taxonomy":"post_tag","embeddable":true,"href":"https:\/\/www.galerijamaticesrpske.rs\/lat\/wp-json\/wp\/v2\/tags?post=11261"},{"taxonomy":"mec_category","embeddable":true,"href":"https:\/\/www.galerijamaticesrpske.rs\/lat\/wp-json\/wp\/v2\/mec_category?post=11261"}],"curies":[{"name":"wp","href":"https:\/\/api.w.org\/{rel}","templated":true}]}}