{"id":11429,"date":"2023-03-07T13:58:28","date_gmt":"2023-03-07T13:58:28","guid":{"rendered":"https:\/\/www.galerijamaticesrpske.rs\/?post_type=mec-events&#038;p=11429"},"modified":"2023-03-07T13:58:28","modified_gmt":"2023-03-07T13:58:28","slug":"uros-predic-kao-inspiracija","status":"publish","type":"mec-events","link":"https:\/\/www.galerijamaticesrpske.rs\/lat\/events\/uros-predic-kao-inspiracija\/","title":{"rendered":"Uro\u0161 Predi\u0107 kao inspiracija"},"content":{"rendered":"<p>Obele\u017eavanje zna\u010dajnog jubileja \u2013 175 godina od osnivanja Galerije Matice srpske zapo\u010deto je monografskom izlo\u017ebom <em>Uro\u0161 Predi\u0107. \u017divot posve\u0107en lepoti i umetnosti<\/em> sa idejom da se uka\u017ee na stvarala\u0161tvo jednog od najistaknutijih nacionalnih slikara. U skladu s institucionalnim opredeljenjem razvijanim tokom proteklih \u010detvrt veka da smo muzej otvoren za sve, stvarala\u0161tvo i \u017eivot Uro\u0161a Predi\u0107a pribli\u017eili smo i u\u010dinili dostupnim \u0161iroj publici. Istovremeno, ovo je bila prilika da obnovimo saradnju sa \u0160kolom za dizajn \u201eBogdan \u0160uput\u201d iz Novog Sada i pozovemo njene u\u010denike da u prostoru postavke izlo\u017ebe, inspirisani delima Uro\u0161a Predi\u0107a, naslikaju svoje radove, te da kroz sopstveni do\u017eivljaj stvarala\u0161tva ovog zna\u010dajnog umetnika pru\u017ee jedinstveni doprinos promociji kreativnog stvarala\u0161tva kod mladih.<\/p>\n<p>Izlo\u017eba <strong><em>Uro\u0161 Predi\u0107 kao inspiracija<\/em><\/strong> obuhvata 20 u\u010deni\u010dkih radova u razli\u010ditim tehnikama (crte\u017e, akvarel, ulje na platnu) nastalih posmatranjem i promi\u0161ljanjem Predi\u0107evog umetni\u010dkog opusa. Kroz raznolikost odabranih tema i motiva Predi\u0107evih dela, iskazana je namera mladih da kroz bele\u017eenje vi\u0111enog proniknu u dela izuzetnih vrednosti i tehni\u010dke izvedbe. Kao rezultat, nastale su dve grupe radove, od kojih jedna predstavlja li\u010dni kreativni do\u017eivljaj Predi\u0107evih portreta sa formalnim i koloristi\u010dkim karakteristikama koje diskretno odstupaju od originalnih slika. Drugu celinu \u010dine kopije Predi\u0107evih radova koje zbog svojih kvaliteta i izuzetnosti izvedbe zavre\u0111uju posebnu pa\u017enju. Kopiranje, kao vi\u0161evekovna tradicija u\u010denja kroz dela istaknutih majstora slikarstva, podrazumeva verno preno\u0161enje originalnog crte\u017ea i bojenog sloja na novo platno, a od kopiste visok nivo preciznosti, pa\u017enje i tehni\u010dke ve\u0161tine. Za ovu priliku izra\u0111ene kopije, u celini i u pojedinostima, ukazuju na zainteresovanost i \u017eelju mladih autora da prihvate izazov, te da na \u0161to verodostojniji na\u010din prenesu slikarski izraz ve\u0161te ruke Uro\u0161a Predi\u0107a, kao i da dostignu njegovo stvarala\u010dko ume\u0107e.<\/p>\n<p>U znak zahvalnosti prema ulo\u017eenom trudu i zalaganju mladih autora, Galerija Matice srpske \u0107e uvrstiti nekoliko odabranih radova u svoju kolekciju, \u010dime \u0107e njena Zbirka kopija biti zna\u010dajno upotpunjena i oboga\u0107ena.<\/p>\n<p>Predstavljeni su radovi sedamnaest u\u010denika: Ksenije Doki\u0107, Teodore Egi\u0107, Valerije Ilievske, Aljone Katurove, Mirke Klajner-\u0110urovi\u0107, Olivere Kova\u010d, Sare Od\u017ei\u0107, Mione Milenkovi\u0107, Lije Mojsilovi\u0107, Ksenije Latinovi\u0107, Aleksandre Pavlovi\u0107, Dunje Pavlovi\u0107, Na\u0111e Paunovi\u0107, Andrije Radi\u0161i\u0107a, Emine Sokolovski, Anje Hromi\u0161 i Matee \u0160evi\u0107, dok su njihovi mentori bili profesori \u0160kole za dizajn Nikolina Malini\u0107 i Boris Luki\u0107. Sa njima u zajedni\u0161tvu radio je stru\u010dni tim Galerije Matice srpske mr Danilo Vuksanovi\u0107, pomo\u0107nik upravnika, Stanislava Jovanovi\u0107 Mindi\u0107, kustoskinja i msr Uro\u0161 Miri\u0107, konzervator.<\/p>\n","protected":false},"excerpt":{"rendered":"<p>Obele\u017eavanje zna\u010dajnog jubileja \u2013 175 godina od osnivanja Galerije Matice srpske zapo\u010deto je monografskom izlo\u017ebom Uro\u0161 Predi\u0107. \u017divot posve\u0107en lepoti i umetnosti sa idejom da se uka\u017ee na stvarala\u0161tvo jednog od najistaknutijih nacionalnih slikara. U skladu s institucionalnim opredeljenjem razvijanim tokom proteklih \u010detvrt veka da smo muzej otvoren za sve, stvarala\u0161tvo i \u017eivot Uro\u0161a Predi\u0107a<\/p>\n","protected":false},"author":2,"featured_media":11423,"comment_status":"closed","ping_status":"closed","template":"","tags":[],"mec_category":[97],"class_list":["post-11429","mec-events","type-mec-events","status-publish","has-post-thumbnail","hentry","mec_category-izlozbe"],"acf":[],"yoast_head":"<!-- This site is optimized with the Yoast SEO plugin v27.3 - https:\/\/yoast.com\/product\/yoast-seo-wordpress\/ -->\n<title>Uro\u0161 Predi\u0107 kao inspiracija | Galerija Matice srpske<\/title>\n<meta name=\"description\" content=\"Izlo\u017eba Uro\u0161 Predi\u0107 kao inspiracija obuhvata 20 u\u010deni\u010dkih radova u razli\u010ditim tehnikama (crte\u017e, akvarel, ulje na platnu) nastalih posmatranjem i promi\u0161ljanjem Predi\u0107evog umetni\u010dkog opusa.\" \/>\n<meta name=\"robots\" content=\"index, follow, max-snippet:-1, max-image-preview:large, max-video-preview:-1\" \/>\n<link rel=\"canonical\" href=\"http:\/\/www.galerijamaticesrpske.rs\/lat\/events\/uros-predic-kao-inspiracija\/\" \/>\n<meta property=\"og:locale\" content=\"en_US\" \/>\n<meta property=\"og:type\" content=\"article\" \/>\n<meta property=\"og:title\" content=\"Uro\u0161 Predi\u0107 kao inspiracija | Galerija Matice srpske\" \/>\n<meta property=\"og:description\" content=\"Izlo\u017eba Uro\u0161 Predi\u0107 kao inspiracija obuhvata 20 u\u010deni\u010dkih radova u razli\u010ditim tehnikama (crte\u017e, akvarel, ulje na platnu) nastalih posmatranjem i promi\u0161ljanjem Predi\u0107evog umetni\u010dkog opusa.\" \/>\n<meta property=\"og:url\" content=\"http:\/\/www.galerijamaticesrpske.rs\/lat\/events\/uros-predic-kao-inspiracija\/\" \/>\n<meta property=\"og:site_name\" content=\"Galerija Matice srpske\" \/>\n<meta property=\"og:image\" content=\"http:\/\/www.galerijamaticesrpske.rs\/wp-content\/uploads\/2023\/03\/slajder-1024x601.jpg\" \/>\n\t<meta property=\"og:image:width\" content=\"1024\" \/>\n\t<meta property=\"og:image:height\" content=\"601\" \/>\n\t<meta property=\"og:image:type\" content=\"image\/jpeg\" \/>\n<meta name=\"twitter:card\" content=\"summary_large_image\" \/>\n<meta name=\"twitter:label1\" content=\"Est. reading time\" \/>\n\t<meta name=\"twitter:data1\" content=\"2 minutes\" \/>\n<script type=\"application\/ld+json\" class=\"yoast-schema-graph\">{\"@context\":\"https:\\\/\\\/schema.org\",\"@graph\":[{\"@type\":\"WebPage\",\"@id\":\"http:\\\/\\\/www.galerijamaticesrpske.rs\\\/lat\\\/events\\\/uros-predic-kao-inspiracija\\\/\",\"url\":\"http:\\\/\\\/www.galerijamaticesrpske.rs\\\/lat\\\/events\\\/uros-predic-kao-inspiracija\\\/\",\"name\":\"Uro\u0161 Predi\u0107 kao inspiracija | Galerija Matice srpske\",\"isPartOf\":{\"@id\":\"https:\\\/\\\/www.galerijamaticesrpske.rs\\\/#website\"},\"primaryImageOfPage\":{\"@id\":\"http:\\\/\\\/www.galerijamaticesrpske.rs\\\/lat\\\/events\\\/uros-predic-kao-inspiracija\\\/#primaryimage\"},\"image\":{\"@id\":\"http:\\\/\\\/www.galerijamaticesrpske.rs\\\/lat\\\/events\\\/uros-predic-kao-inspiracija\\\/#primaryimage\"},\"thumbnailUrl\":\"https:\\\/\\\/www.galerijamaticesrpske.rs\\\/wp-content\\\/uploads\\\/2023\\\/03\\\/slajder.jpg\",\"datePublished\":\"2023-03-07T13:58:28+00:00\",\"description\":\"Izlo\u017eba Uro\u0161 Predi\u0107 kao inspiracija obuhvata 20 u\u010deni\u010dkih radova u razli\u010ditim tehnikama (crte\u017e, akvarel, ulje na platnu) nastalih posmatranjem i promi\u0161ljanjem Predi\u0107evog umetni\u010dkog opusa.\",\"breadcrumb\":{\"@id\":\"http:\\\/\\\/www.galerijamaticesrpske.rs\\\/lat\\\/events\\\/uros-predic-kao-inspiracija\\\/#breadcrumb\"},\"inLanguage\":\"sr-LAT\",\"potentialAction\":[{\"@type\":\"ReadAction\",\"target\":[\"http:\\\/\\\/www.galerijamaticesrpske.rs\\\/lat\\\/events\\\/uros-predic-kao-inspiracija\\\/\"]}]},{\"@type\":\"ImageObject\",\"inLanguage\":\"sr-LAT\",\"@id\":\"http:\\\/\\\/www.galerijamaticesrpske.rs\\\/lat\\\/events\\\/uros-predic-kao-inspiracija\\\/#primaryimage\",\"url\":\"https:\\\/\\\/www.galerijamaticesrpske.rs\\\/wp-content\\\/uploads\\\/2023\\\/03\\\/slajder.jpg\",\"contentUrl\":\"https:\\\/\\\/www.galerijamaticesrpske.rs\\\/wp-content\\\/uploads\\\/2023\\\/03\\\/slajder.jpg\",\"width\":1706,\"height\":1002},{\"@type\":\"BreadcrumbList\",\"@id\":\"http:\\\/\\\/www.galerijamaticesrpske.rs\\\/lat\\\/events\\\/uros-predic-kao-inspiracija\\\/#breadcrumb\",\"itemListElement\":[{\"@type\":\"ListItem\",\"position\":1,\"name\":\"\u041f\u043e\u0447\u0435\u0442\u043d\u0430\",\"item\":\"http:\\\/\\\/www.galerijamaticesrpske.rs\\\/lat\\\/\"},{\"@type\":\"ListItem\",\"position\":2,\"name\":\"Events\",\"item\":\"http:\\\/\\\/www.galerijamaticesrpske.rs\\\/lat\\\/events\\\/\"},{\"@type\":\"ListItem\",\"position\":3,\"name\":\"Uro\u0161 Predi\u0107 kao inspiracija\"}]},{\"@type\":\"WebSite\",\"@id\":\"https:\\\/\\\/www.galerijamaticesrpske.rs\\\/#website\",\"url\":\"https:\\\/\\\/www.galerijamaticesrpske.rs\\\/\",\"name\":\"Galerija Matice srpske\",\"description\":\"Muzej srpske nacionalne umetnosti u Novom Sadu\",\"publisher\":{\"@id\":\"https:\\\/\\\/www.galerijamaticesrpske.rs\\\/#organization\"},\"potentialAction\":[{\"@type\":\"SearchAction\",\"target\":{\"@type\":\"EntryPoint\",\"urlTemplate\":\"https:\\\/\\\/www.galerijamaticesrpske.rs\\\/?s={search_term_string}\"},\"query-input\":{\"@type\":\"PropertyValueSpecification\",\"valueRequired\":true,\"valueName\":\"search_term_string\"}}],\"inLanguage\":\"sr-LAT\"},{\"@type\":\"Organization\",\"@id\":\"https:\\\/\\\/www.galerijamaticesrpske.rs\\\/#organization\",\"name\":\"Galerija Matice srpske\",\"url\":\"https:\\\/\\\/www.galerijamaticesrpske.rs\\\/\",\"logo\":{\"@type\":\"ImageObject\",\"inLanguage\":\"sr-LAT\",\"@id\":\"https:\\\/\\\/www.galerijamaticesrpske.rs\\\/#\\\/schema\\\/logo\\\/image\\\/\",\"url\":\"https:\\\/\\\/www.galerijamaticesrpske.rs\\\/wp-content\\\/uploads\\\/2021\\\/01\\\/gms-logo-za-sajt.svg\",\"contentUrl\":\"https:\\\/\\\/www.galerijamaticesrpske.rs\\\/wp-content\\\/uploads\\\/2021\\\/01\\\/gms-logo-za-sajt.svg\",\"width\":1,\"height\":1,\"caption\":\"Galerija Matice srpske\"},\"image\":{\"@id\":\"https:\\\/\\\/www.galerijamaticesrpske.rs\\\/#\\\/schema\\\/logo\\\/image\\\/\"}}]}<\/script>\n<!-- \/ Yoast SEO plugin. -->","yoast_head_json":{"title":"Uro\u0161 Predi\u0107 kao inspiracija | Galerija Matice srpske","description":"Izlo\u017eba Uro\u0161 Predi\u0107 kao inspiracija obuhvata 20 u\u010deni\u010dkih radova u razli\u010ditim tehnikama (crte\u017e, akvarel, ulje na platnu) nastalih posmatranjem i promi\u0161ljanjem Predi\u0107evog umetni\u010dkog opusa.","robots":{"index":"index","follow":"follow","max-snippet":"max-snippet:-1","max-image-preview":"max-image-preview:large","max-video-preview":"max-video-preview:-1"},"canonical":"http:\/\/www.galerijamaticesrpske.rs\/lat\/events\/uros-predic-kao-inspiracija\/","og_locale":"en_US","og_type":"article","og_title":"Uro\u0161 Predi\u0107 kao inspiracija | Galerija Matice srpske","og_description":"Izlo\u017eba Uro\u0161 Predi\u0107 kao inspiracija obuhvata 20 u\u010deni\u010dkih radova u razli\u010ditim tehnikama (crte\u017e, akvarel, ulje na platnu) nastalih posmatranjem i promi\u0161ljanjem Predi\u0107evog umetni\u010dkog opusa.","og_url":"http:\/\/www.galerijamaticesrpske.rs\/lat\/events\/uros-predic-kao-inspiracija\/","og_site_name":"Galerija Matice srpske","og_image":[{"width":1024,"height":601,"url":"http:\/\/www.galerijamaticesrpske.rs\/wp-content\/uploads\/2023\/03\/slajder-1024x601.jpg","type":"image\/jpeg"}],"twitter_card":"summary_large_image","twitter_misc":{"Est. reading time":"2 minutes"},"schema":{"@context":"https:\/\/schema.org","@graph":[{"@type":"WebPage","@id":"http:\/\/www.galerijamaticesrpske.rs\/lat\/events\/uros-predic-kao-inspiracija\/","url":"http:\/\/www.galerijamaticesrpske.rs\/lat\/events\/uros-predic-kao-inspiracija\/","name":"Uro\u0161 Predi\u0107 kao inspiracija | Galerija Matice srpske","isPartOf":{"@id":"https:\/\/www.galerijamaticesrpske.rs\/#website"},"primaryImageOfPage":{"@id":"http:\/\/www.galerijamaticesrpske.rs\/lat\/events\/uros-predic-kao-inspiracija\/#primaryimage"},"image":{"@id":"http:\/\/www.galerijamaticesrpske.rs\/lat\/events\/uros-predic-kao-inspiracija\/#primaryimage"},"thumbnailUrl":"https:\/\/www.galerijamaticesrpske.rs\/wp-content\/uploads\/2023\/03\/slajder.jpg","datePublished":"2023-03-07T13:58:28+00:00","description":"Izlo\u017eba Uro\u0161 Predi\u0107 kao inspiracija obuhvata 20 u\u010deni\u010dkih radova u razli\u010ditim tehnikama (crte\u017e, akvarel, ulje na platnu) nastalih posmatranjem i promi\u0161ljanjem Predi\u0107evog umetni\u010dkog opusa.","breadcrumb":{"@id":"http:\/\/www.galerijamaticesrpske.rs\/lat\/events\/uros-predic-kao-inspiracija\/#breadcrumb"},"inLanguage":"sr-LAT","potentialAction":[{"@type":"ReadAction","target":["http:\/\/www.galerijamaticesrpske.rs\/lat\/events\/uros-predic-kao-inspiracija\/"]}]},{"@type":"ImageObject","inLanguage":"sr-LAT","@id":"http:\/\/www.galerijamaticesrpske.rs\/lat\/events\/uros-predic-kao-inspiracija\/#primaryimage","url":"https:\/\/www.galerijamaticesrpske.rs\/wp-content\/uploads\/2023\/03\/slajder.jpg","contentUrl":"https:\/\/www.galerijamaticesrpske.rs\/wp-content\/uploads\/2023\/03\/slajder.jpg","width":1706,"height":1002},{"@type":"BreadcrumbList","@id":"http:\/\/www.galerijamaticesrpske.rs\/lat\/events\/uros-predic-kao-inspiracija\/#breadcrumb","itemListElement":[{"@type":"ListItem","position":1,"name":"\u041f\u043e\u0447\u0435\u0442\u043d\u0430","item":"http:\/\/www.galerijamaticesrpske.rs\/lat\/"},{"@type":"ListItem","position":2,"name":"Events","item":"http:\/\/www.galerijamaticesrpske.rs\/lat\/events\/"},{"@type":"ListItem","position":3,"name":"Uro\u0161 Predi\u0107 kao inspiracija"}]},{"@type":"WebSite","@id":"https:\/\/www.galerijamaticesrpske.rs\/#website","url":"https:\/\/www.galerijamaticesrpske.rs\/","name":"Galerija Matice srpske","description":"Muzej srpske nacionalne umetnosti u Novom Sadu","publisher":{"@id":"https:\/\/www.galerijamaticesrpske.rs\/#organization"},"potentialAction":[{"@type":"SearchAction","target":{"@type":"EntryPoint","urlTemplate":"https:\/\/www.galerijamaticesrpske.rs\/?s={search_term_string}"},"query-input":{"@type":"PropertyValueSpecification","valueRequired":true,"valueName":"search_term_string"}}],"inLanguage":"sr-LAT"},{"@type":"Organization","@id":"https:\/\/www.galerijamaticesrpske.rs\/#organization","name":"Galerija Matice srpske","url":"https:\/\/www.galerijamaticesrpske.rs\/","logo":{"@type":"ImageObject","inLanguage":"sr-LAT","@id":"https:\/\/www.galerijamaticesrpske.rs\/#\/schema\/logo\/image\/","url":"https:\/\/www.galerijamaticesrpske.rs\/wp-content\/uploads\/2021\/01\/gms-logo-za-sajt.svg","contentUrl":"https:\/\/www.galerijamaticesrpske.rs\/wp-content\/uploads\/2021\/01\/gms-logo-za-sajt.svg","width":1,"height":1,"caption":"Galerija Matice srpske"},"image":{"@id":"https:\/\/www.galerijamaticesrpske.rs\/#\/schema\/logo\/image\/"}}]}},"_links":{"self":[{"href":"https:\/\/www.galerijamaticesrpske.rs\/lat\/wp-json\/wp\/v2\/mec-events\/11429","targetHints":{"allow":["GET"]}}],"collection":[{"href":"https:\/\/www.galerijamaticesrpske.rs\/lat\/wp-json\/wp\/v2\/mec-events"}],"about":[{"href":"https:\/\/www.galerijamaticesrpske.rs\/lat\/wp-json\/wp\/v2\/types\/mec-events"}],"author":[{"embeddable":true,"href":"https:\/\/www.galerijamaticesrpske.rs\/lat\/wp-json\/wp\/v2\/users\/2"}],"replies":[{"embeddable":true,"href":"https:\/\/www.galerijamaticesrpske.rs\/lat\/wp-json\/wp\/v2\/comments?post=11429"}],"wp:featuredmedia":[{"embeddable":true,"href":"https:\/\/www.galerijamaticesrpske.rs\/lat\/wp-json\/wp\/v2\/media\/11423"}],"wp:attachment":[{"href":"https:\/\/www.galerijamaticesrpske.rs\/lat\/wp-json\/wp\/v2\/media?parent=11429"}],"wp:term":[{"taxonomy":"post_tag","embeddable":true,"href":"https:\/\/www.galerijamaticesrpske.rs\/lat\/wp-json\/wp\/v2\/tags?post=11429"},{"taxonomy":"mec_category","embeddable":true,"href":"https:\/\/www.galerijamaticesrpske.rs\/lat\/wp-json\/wp\/v2\/mec_category?post=11429"}],"curies":[{"name":"wp","href":"https:\/\/api.w.org\/{rel}","templated":true}]}}