{"id":11431,"date":"2023-03-08T11:00:03","date_gmt":"2023-03-08T11:00:03","guid":{"rendered":"https:\/\/www.galerijamaticesrpske.rs\/?post_type=mec-events&#038;p=11431"},"modified":"2023-03-08T11:00:44","modified_gmt":"2023-03-08T11:00:44","slug":"zurka-na-koju-su-svi-pozvani","status":"publish","type":"mec-events","link":"https:\/\/www.galerijamaticesrpske.rs\/lat\/events\/zurka-na-koju-su-svi-pozvani\/","title":{"rendered":"\u017durka na koju su svi pozvani"},"content":{"rendered":"<p>U martu \u2013 Mesecu frankofonije, tokom novog ciklusa kreativnih radionica pod nazivom<strong><em> Vesela umetni\u010dka dru\u017eina u Parizu<\/em><\/strong> deca \u0107e upoznati umetnike XX veka koje je put stvarala\u0161tva naveo u prestonicu umetnosti \u2013 Pariz. Umetnici iz celog sveta su ga pose\u0107ivali kako bi nau\u010dili ne\u0161to novo, dru\u017eili se, slikali zajedno i naravno pokazali svoje slikarsko ume\u0107e. Me\u0111u njima bili su i brojni srpski umetnici, koji su odu\u0161evljeni Gradom svetlosti u njemu \u010desto \u017eiveli i stvarali. Obilaze\u0107i novu izlo\u017ebu Galerije Matice srpske <em>Jedna sasvim (ne)obi\u010dna srpsko-francuska veza. Olga Ke\u0161eljevi\u0107 i Mark Barbeza<\/em>, koja se otvara 3. marta, i posmatraju\u0107i umetni\u010dka dela, deca \u0107e otkriti najpre zanimljive pri\u010de o Parizu i njegovim znamenitostima, a zatim \u0107e upoznati veselu srpsku umetni\u010dku dru\u017einu koja je \u017eivela i stvarala u ovom magi\u010dnom Gradu.<\/p>\n<p>&nbsp;<\/p>\n<p>Centralna slika i inspiracija za izlo\u017ebu <em>Jedna sasvim (ne)obi\u010dna srpsko-francuska veza<\/em> je slika Bogdana \u0160uputa <em>Kafana u Parizu<\/em>. \u0160uput je na slici prikazao sebe i svoje prijatelje u zanosu pariske zabave u jednom kafeu. Tokom radionice, deca \u0107e otkriti ko su umetnici koji na slici ple\u0161u i zabavljaju i poslu\u0161a\u0107e zvuk d\u017eeza koji je te ve\u010deri o\u010darao \u0160uputa. U kreativnom delu, deca \u0107e prikazati \u017eurku na kojoj \u0107e se prikazati drugare sa kreativne radionice.<\/p>\n<p>&nbsp;<\/p>\n<p>Radionice se organizuju <strong>za maksimalno 20 mali\u0161ana uzrasta od 5 do 10 godina<\/strong>. U\u010de\u0161\u0107e deteta na radionici potrebno je prijaviti popunjavanjem elektronskog upitnika, koji se nalazi ispod opisa radionice. Cena ulaznice je 150.00 dinara.<\/p>\n","protected":false},"excerpt":{"rendered":"<p>U martu \u2013 Mesecu frankofonije, tokom novog ciklusa kreativnih radionica pod nazivom Vesela umetni\u010dka dru\u017eina u Parizu deca \u0107e upoznati umetnike XX veka koje je put stvarala\u0161tva naveo u prestonicu umetnosti \u2013 Pariz. Umetnici iz celog sveta su ga pose\u0107ivali kako bi nau\u010dili ne\u0161to novo, dru\u017eili se, slikali zajedno i naravno pokazali svoje slikarsko ume\u0107e.<\/p>\n","protected":false},"author":2,"featured_media":11396,"comment_status":"closed","ping_status":"closed","template":"","tags":[],"mec_category":[104],"class_list":["post-11431","mec-events","type-mec-events","status-publish","has-post-thumbnail","hentry","mec_category-kreativne-radionice-za-decu-subotom"],"acf":[],"yoast_head":"<!-- This site is optimized with the Yoast SEO plugin v27.3 - https:\/\/yoast.com\/product\/yoast-seo-wordpress\/ -->\n<title>\u017durka na koju su svi pozvani | Galerija Matice srpske<\/title>\n<meta name=\"description\" content=\"U martu \u2013 Mesecu frankofonije, tokom novog ciklusa kreativnih radionica pod nazivom Vesela umetni\u010dka dru\u017eina u Parizu deca \u0107e upoznati umetnike XX veka koje je put stvarala\u0161tva naveo u prestonicu umetnosti \u2013 Pariz.\" \/>\n<meta name=\"robots\" content=\"index, follow, max-snippet:-1, max-image-preview:large, max-video-preview:-1\" \/>\n<link rel=\"canonical\" href=\"http:\/\/www.galerijamaticesrpske.rs\/lat\/events\/zurka-na-koju-su-svi-pozvani\/\" \/>\n<meta property=\"og:locale\" content=\"en_US\" \/>\n<meta property=\"og:type\" content=\"article\" \/>\n<meta property=\"og:title\" content=\"\u017durka na koju su svi pozvani | Galerija Matice srpske\" \/>\n<meta property=\"og:description\" content=\"U martu \u2013 Mesecu frankofonije, tokom novog ciklusa kreativnih radionica pod nazivom Vesela umetni\u010dka dru\u017eina u Parizu deca \u0107e upoznati umetnike XX veka koje je put stvarala\u0161tva naveo u prestonicu umetnosti \u2013 Pariz.\" \/>\n<meta property=\"og:url\" content=\"http:\/\/www.galerijamaticesrpske.rs\/lat\/events\/zurka-na-koju-su-svi-pozvani\/\" \/>\n<meta property=\"og:site_name\" content=\"Galerija Matice srpske\" \/>\n<meta property=\"article:modified_time\" content=\"2023-03-08T11:00:44+00:00\" \/>\n<meta property=\"og:image\" content=\"http:\/\/www.galerijamaticesrpske.rs\/wp-content\/uploads\/2023\/03\/vizual_mart.jpg\" \/>\n\t<meta property=\"og:image:width\" content=\"1920\" \/>\n\t<meta property=\"og:image:height\" content=\"600\" \/>\n\t<meta property=\"og:image:type\" content=\"image\/jpeg\" \/>\n<meta name=\"twitter:card\" content=\"summary_large_image\" \/>\n<meta name=\"twitter:label1\" content=\"Est. reading time\" \/>\n\t<meta name=\"twitter:data1\" content=\"1 minute\" \/>\n<script type=\"application\/ld+json\" class=\"yoast-schema-graph\">{\"@context\":\"https:\\\/\\\/schema.org\",\"@graph\":[{\"@type\":\"WebPage\",\"@id\":\"http:\\\/\\\/www.galerijamaticesrpske.rs\\\/lat\\\/events\\\/zurka-na-koju-su-svi-pozvani\\\/\",\"url\":\"http:\\\/\\\/www.galerijamaticesrpske.rs\\\/lat\\\/events\\\/zurka-na-koju-su-svi-pozvani\\\/\",\"name\":\"\u017durka na koju su svi pozvani | Galerija Matice srpske\",\"isPartOf\":{\"@id\":\"https:\\\/\\\/www.galerijamaticesrpske.rs\\\/#website\"},\"primaryImageOfPage\":{\"@id\":\"http:\\\/\\\/www.galerijamaticesrpske.rs\\\/lat\\\/events\\\/zurka-na-koju-su-svi-pozvani\\\/#primaryimage\"},\"image\":{\"@id\":\"http:\\\/\\\/www.galerijamaticesrpske.rs\\\/lat\\\/events\\\/zurka-na-koju-su-svi-pozvani\\\/#primaryimage\"},\"thumbnailUrl\":\"https:\\\/\\\/www.galerijamaticesrpske.rs\\\/wp-content\\\/uploads\\\/2023\\\/03\\\/vizual_mart.jpg\",\"datePublished\":\"2023-03-08T11:00:03+00:00\",\"dateModified\":\"2023-03-08T11:00:44+00:00\",\"description\":\"U martu \u2013 Mesecu frankofonije, tokom novog ciklusa kreativnih radionica pod nazivom Vesela umetni\u010dka dru\u017eina u Parizu deca \u0107e upoznati umetnike XX veka koje je put stvarala\u0161tva naveo u prestonicu umetnosti \u2013 Pariz.\",\"breadcrumb\":{\"@id\":\"http:\\\/\\\/www.galerijamaticesrpske.rs\\\/lat\\\/events\\\/zurka-na-koju-su-svi-pozvani\\\/#breadcrumb\"},\"inLanguage\":\"sr-LAT\",\"potentialAction\":[{\"@type\":\"ReadAction\",\"target\":[\"http:\\\/\\\/www.galerijamaticesrpske.rs\\\/lat\\\/events\\\/zurka-na-koju-su-svi-pozvani\\\/\"]}]},{\"@type\":\"ImageObject\",\"inLanguage\":\"sr-LAT\",\"@id\":\"http:\\\/\\\/www.galerijamaticesrpske.rs\\\/lat\\\/events\\\/zurka-na-koju-su-svi-pozvani\\\/#primaryimage\",\"url\":\"https:\\\/\\\/www.galerijamaticesrpske.rs\\\/wp-content\\\/uploads\\\/2023\\\/03\\\/vizual_mart.jpg\",\"contentUrl\":\"https:\\\/\\\/www.galerijamaticesrpske.rs\\\/wp-content\\\/uploads\\\/2023\\\/03\\\/vizual_mart.jpg\",\"width\":1920,\"height\":600},{\"@type\":\"BreadcrumbList\",\"@id\":\"http:\\\/\\\/www.galerijamaticesrpske.rs\\\/lat\\\/events\\\/zurka-na-koju-su-svi-pozvani\\\/#breadcrumb\",\"itemListElement\":[{\"@type\":\"ListItem\",\"position\":1,\"name\":\"\u041f\u043e\u0447\u0435\u0442\u043d\u0430\",\"item\":\"http:\\\/\\\/www.galerijamaticesrpske.rs\\\/lat\\\/\"},{\"@type\":\"ListItem\",\"position\":2,\"name\":\"Events\",\"item\":\"http:\\\/\\\/www.galerijamaticesrpske.rs\\\/lat\\\/events\\\/\"},{\"@type\":\"ListItem\",\"position\":3,\"name\":\"\u017durka na koju su svi pozvani\"}]},{\"@type\":\"WebSite\",\"@id\":\"https:\\\/\\\/www.galerijamaticesrpske.rs\\\/#website\",\"url\":\"https:\\\/\\\/www.galerijamaticesrpske.rs\\\/\",\"name\":\"Galerija Matice srpske\",\"description\":\"Muzej srpske nacionalne umetnosti u Novom Sadu\",\"publisher\":{\"@id\":\"https:\\\/\\\/www.galerijamaticesrpske.rs\\\/#organization\"},\"potentialAction\":[{\"@type\":\"SearchAction\",\"target\":{\"@type\":\"EntryPoint\",\"urlTemplate\":\"https:\\\/\\\/www.galerijamaticesrpske.rs\\\/?s={search_term_string}\"},\"query-input\":{\"@type\":\"PropertyValueSpecification\",\"valueRequired\":true,\"valueName\":\"search_term_string\"}}],\"inLanguage\":\"sr-LAT\"},{\"@type\":\"Organization\",\"@id\":\"https:\\\/\\\/www.galerijamaticesrpske.rs\\\/#organization\",\"name\":\"Galerija Matice srpske\",\"url\":\"https:\\\/\\\/www.galerijamaticesrpske.rs\\\/\",\"logo\":{\"@type\":\"ImageObject\",\"inLanguage\":\"sr-LAT\",\"@id\":\"https:\\\/\\\/www.galerijamaticesrpske.rs\\\/#\\\/schema\\\/logo\\\/image\\\/\",\"url\":\"https:\\\/\\\/www.galerijamaticesrpske.rs\\\/wp-content\\\/uploads\\\/2021\\\/01\\\/gms-logo-za-sajt.svg\",\"contentUrl\":\"https:\\\/\\\/www.galerijamaticesrpske.rs\\\/wp-content\\\/uploads\\\/2021\\\/01\\\/gms-logo-za-sajt.svg\",\"width\":1,\"height\":1,\"caption\":\"Galerija Matice srpske\"},\"image\":{\"@id\":\"https:\\\/\\\/www.galerijamaticesrpske.rs\\\/#\\\/schema\\\/logo\\\/image\\\/\"}}]}<\/script>\n<!-- \/ Yoast SEO plugin. -->","yoast_head_json":{"title":"\u017durka na koju su svi pozvani | Galerija Matice srpske","description":"U martu \u2013 Mesecu frankofonije, tokom novog ciklusa kreativnih radionica pod nazivom Vesela umetni\u010dka dru\u017eina u Parizu deca \u0107e upoznati umetnike XX veka koje je put stvarala\u0161tva naveo u prestonicu umetnosti \u2013 Pariz.","robots":{"index":"index","follow":"follow","max-snippet":"max-snippet:-1","max-image-preview":"max-image-preview:large","max-video-preview":"max-video-preview:-1"},"canonical":"http:\/\/www.galerijamaticesrpske.rs\/lat\/events\/zurka-na-koju-su-svi-pozvani\/","og_locale":"en_US","og_type":"article","og_title":"\u017durka na koju su svi pozvani | Galerija Matice srpske","og_description":"U martu \u2013 Mesecu frankofonije, tokom novog ciklusa kreativnih radionica pod nazivom Vesela umetni\u010dka dru\u017eina u Parizu deca \u0107e upoznati umetnike XX veka koje je put stvarala\u0161tva naveo u prestonicu umetnosti \u2013 Pariz.","og_url":"http:\/\/www.galerijamaticesrpske.rs\/lat\/events\/zurka-na-koju-su-svi-pozvani\/","og_site_name":"Galerija Matice srpske","article_modified_time":"2023-03-08T11:00:44+00:00","og_image":[{"width":1920,"height":600,"url":"http:\/\/www.galerijamaticesrpske.rs\/wp-content\/uploads\/2023\/03\/vizual_mart.jpg","type":"image\/jpeg"}],"twitter_card":"summary_large_image","twitter_misc":{"Est. reading time":"1 minute"},"schema":{"@context":"https:\/\/schema.org","@graph":[{"@type":"WebPage","@id":"http:\/\/www.galerijamaticesrpske.rs\/lat\/events\/zurka-na-koju-su-svi-pozvani\/","url":"http:\/\/www.galerijamaticesrpske.rs\/lat\/events\/zurka-na-koju-su-svi-pozvani\/","name":"\u017durka na koju su svi pozvani | Galerija Matice srpske","isPartOf":{"@id":"https:\/\/www.galerijamaticesrpske.rs\/#website"},"primaryImageOfPage":{"@id":"http:\/\/www.galerijamaticesrpske.rs\/lat\/events\/zurka-na-koju-su-svi-pozvani\/#primaryimage"},"image":{"@id":"http:\/\/www.galerijamaticesrpske.rs\/lat\/events\/zurka-na-koju-su-svi-pozvani\/#primaryimage"},"thumbnailUrl":"https:\/\/www.galerijamaticesrpske.rs\/wp-content\/uploads\/2023\/03\/vizual_mart.jpg","datePublished":"2023-03-08T11:00:03+00:00","dateModified":"2023-03-08T11:00:44+00:00","description":"U martu \u2013 Mesecu frankofonije, tokom novog ciklusa kreativnih radionica pod nazivom Vesela umetni\u010dka dru\u017eina u Parizu deca \u0107e upoznati umetnike XX veka koje je put stvarala\u0161tva naveo u prestonicu umetnosti \u2013 Pariz.","breadcrumb":{"@id":"http:\/\/www.galerijamaticesrpske.rs\/lat\/events\/zurka-na-koju-su-svi-pozvani\/#breadcrumb"},"inLanguage":"sr-LAT","potentialAction":[{"@type":"ReadAction","target":["http:\/\/www.galerijamaticesrpske.rs\/lat\/events\/zurka-na-koju-su-svi-pozvani\/"]}]},{"@type":"ImageObject","inLanguage":"sr-LAT","@id":"http:\/\/www.galerijamaticesrpske.rs\/lat\/events\/zurka-na-koju-su-svi-pozvani\/#primaryimage","url":"https:\/\/www.galerijamaticesrpske.rs\/wp-content\/uploads\/2023\/03\/vizual_mart.jpg","contentUrl":"https:\/\/www.galerijamaticesrpske.rs\/wp-content\/uploads\/2023\/03\/vizual_mart.jpg","width":1920,"height":600},{"@type":"BreadcrumbList","@id":"http:\/\/www.galerijamaticesrpske.rs\/lat\/events\/zurka-na-koju-su-svi-pozvani\/#breadcrumb","itemListElement":[{"@type":"ListItem","position":1,"name":"\u041f\u043e\u0447\u0435\u0442\u043d\u0430","item":"http:\/\/www.galerijamaticesrpske.rs\/lat\/"},{"@type":"ListItem","position":2,"name":"Events","item":"http:\/\/www.galerijamaticesrpske.rs\/lat\/events\/"},{"@type":"ListItem","position":3,"name":"\u017durka na koju su svi pozvani"}]},{"@type":"WebSite","@id":"https:\/\/www.galerijamaticesrpske.rs\/#website","url":"https:\/\/www.galerijamaticesrpske.rs\/","name":"Galerija Matice srpske","description":"Muzej srpske nacionalne umetnosti u Novom Sadu","publisher":{"@id":"https:\/\/www.galerijamaticesrpske.rs\/#organization"},"potentialAction":[{"@type":"SearchAction","target":{"@type":"EntryPoint","urlTemplate":"https:\/\/www.galerijamaticesrpske.rs\/?s={search_term_string}"},"query-input":{"@type":"PropertyValueSpecification","valueRequired":true,"valueName":"search_term_string"}}],"inLanguage":"sr-LAT"},{"@type":"Organization","@id":"https:\/\/www.galerijamaticesrpske.rs\/#organization","name":"Galerija Matice srpske","url":"https:\/\/www.galerijamaticesrpske.rs\/","logo":{"@type":"ImageObject","inLanguage":"sr-LAT","@id":"https:\/\/www.galerijamaticesrpske.rs\/#\/schema\/logo\/image\/","url":"https:\/\/www.galerijamaticesrpske.rs\/wp-content\/uploads\/2021\/01\/gms-logo-za-sajt.svg","contentUrl":"https:\/\/www.galerijamaticesrpske.rs\/wp-content\/uploads\/2021\/01\/gms-logo-za-sajt.svg","width":1,"height":1,"caption":"Galerija Matice srpske"},"image":{"@id":"https:\/\/www.galerijamaticesrpske.rs\/#\/schema\/logo\/image\/"}}]}},"_links":{"self":[{"href":"https:\/\/www.galerijamaticesrpske.rs\/lat\/wp-json\/wp\/v2\/mec-events\/11431","targetHints":{"allow":["GET"]}}],"collection":[{"href":"https:\/\/www.galerijamaticesrpske.rs\/lat\/wp-json\/wp\/v2\/mec-events"}],"about":[{"href":"https:\/\/www.galerijamaticesrpske.rs\/lat\/wp-json\/wp\/v2\/types\/mec-events"}],"author":[{"embeddable":true,"href":"https:\/\/www.galerijamaticesrpske.rs\/lat\/wp-json\/wp\/v2\/users\/2"}],"replies":[{"embeddable":true,"href":"https:\/\/www.galerijamaticesrpske.rs\/lat\/wp-json\/wp\/v2\/comments?post=11431"}],"wp:featuredmedia":[{"embeddable":true,"href":"https:\/\/www.galerijamaticesrpske.rs\/lat\/wp-json\/wp\/v2\/media\/11396"}],"wp:attachment":[{"href":"https:\/\/www.galerijamaticesrpske.rs\/lat\/wp-json\/wp\/v2\/media?parent=11431"}],"wp:term":[{"taxonomy":"post_tag","embeddable":true,"href":"https:\/\/www.galerijamaticesrpske.rs\/lat\/wp-json\/wp\/v2\/tags?post=11431"},{"taxonomy":"mec_category","embeddable":true,"href":"https:\/\/www.galerijamaticesrpske.rs\/lat\/wp-json\/wp\/v2\/mec_category?post=11431"}],"curies":[{"name":"wp","href":"https:\/\/api.w.org\/{rel}","templated":true}]}}