{"id":11857,"date":"2023-06-26T06:50:33","date_gmt":"2023-06-26T06:50:33","guid":{"rendered":"https:\/\/www.galerijamaticesrpske.rs\/?post_type=mec-events&#038;p=11857"},"modified":"2023-06-26T06:50:33","modified_gmt":"2023-06-26T06:50:33","slug":"misterija-brasovanovog-paviljona-iz-1929-godine","status":"publish","type":"mec-events","link":"https:\/\/www.galerijamaticesrpske.rs\/lat\/events\/misterija-brasovanovog-paviljona-iz-1929-godine\/","title":{"rendered":"Misterija Bra\u0161ovanovog paviljona iz 1929. godine"},"content":{"rendered":"<p>Prate\u0107i program izlo\u017ebe<a href=\"https:\/\/www.galerijamaticesrpske.rs\/lat\/events\/poklon-zbirka-dragise-brasovana\/\"><strong><em>\u00a0Poklon-zbirka Dragi\u0161e Bra\u0161ovana<\/em><\/strong><\/a><\/p>\n<p>Posetiocima \u0107e biti predstavljeno vi\u0161egodi\u0161nje istra\u017eivanje posve\u0107eno izuzetno va\u017enom ostavrenju aritekte Dragi\u0161e Bra\u0161ovana, Paviljonu Kraljevine Srba, Hrvata i Slovenaca na Svetskoj izlo\u017ebi u Barseloni. Rezultati istra\u017eiva\u010dkog rada arhitekte Darija \u010cupi\u0107a, istori\u010dara umetnosti Milana Poznanovi\u0107a i saradnika na projektu arhitekte Milana Milovanovi\u0107a, prvi put su predstavljeni po\u010detkom 2021. godine izlo\u017ebom <em>Misterija Bra\u0161ovanovog paviljona iz 1929. godine<\/em> realizovanom u Muzeju nauke i tehnike u Beogradu. Izlo\u017ebu je pratila i istoimena publikacija. Prate\u0107i program izlo\u017ebe <em>Poklon-zbirka Dragi\u0161e Bra\u0161ovana<\/em>, posve\u0107ene \u017eivotu i delu jednog od na\u0161ih najistaknutijih graditelja, prilika je da se ovo dragoceno istra\u017eivanje predstavi i novosadskoj publici. Autori su, bave\u0107i se temama me\u0111uratne arhitekture na na\u0161im prostorima, doprineli izu\u010davanju opusa arhitekte Dragi\u0161e Bra\u0161ovana pru\u017eaju\u0107i nova tuma\u010denja uticaja, stilova, odnosa modernizma i ar dekoa. Posetioci \u0107e biti u prilici da vide rekonstrukciju spolja\u0161njosti i unutra\u0161njosti paviljona i veliki broj do sada neobjavljenih originalnih fotografija, od Darija \u010cupi\u0107a i Milana Poznanovi\u0107a \u010duju ne\u0161to vi\u0161e o skulpturi koja je stajala ispred objekta i saznaju o uticajima, nedoumicama i mogu\u0107nostima budu\u0107ih istra\u017eivanja. Ivan Stani\u0107, vi\u0161i kustos Muzeja nauke i tehnike, koji je ovom istra\u017eivanju dao muzeolo\u0161ki kontekst, govori\u0107e o va\u017enosti vaninstitucijalne saradnje u muzeju. Muzej nauke i tehnike, koji ba\u0161tini i istoriju arhitekture i gra\u0111evinarstva na na\u0161im prostorima, uvideo je zna\u010daj ovog istra\u017eivanja i podr\u017eao inicijativu autorskog tima da upotrebom novih tehnika i tehnologija pomera granice u cilju sticanja novih saznanja bitnih za istoriju nauke, umetnosti i tehnike na na\u0161im prostorima.<\/p>\n<p>Predavanje dr\u017ee: Dario \u010cupi\u0107, arhitekta, Milan Poznanovi\u0107, istori\u010dar umetnosti i Ivan Stani\u0107, vi\u0161i kustos Muzeja nauke i tehnike u Beogradu<\/p>\n","protected":false},"excerpt":{"rendered":"<p>Prate\u0107i program izlo\u017ebe\u00a0Poklon-zbirka Dragi\u0161e Bra\u0161ovana Posetiocima \u0107e biti predstavljeno vi\u0161egodi\u0161nje istra\u017eivanje posve\u0107eno izuzetno va\u017enom ostavrenju aritekte Dragi\u0161e Bra\u0161ovana, Paviljonu Kraljevine Srba, Hrvata i Slovenaca na Svetskoj izlo\u017ebi u Barseloni. Rezultati istra\u017eiva\u010dkog rada arhitekte Darija \u010cupi\u0107a, istori\u010dara umetnosti Milana Poznanovi\u0107a i saradnika na projektu arhitekte Milana Milovanovi\u0107a, prvi put su predstavljeni po\u010detkom 2021. godine izlo\u017ebom Misterija<\/p>\n","protected":false},"author":2,"featured_media":11748,"comment_status":"closed","ping_status":"closed","template":"","tags":[],"mec_category":[107],"class_list":["post-11857","mec-events","type-mec-events","status-publish","has-post-thumbnail","hentry","mec_category-predavanja"],"acf":[],"yoast_head":"<!-- This site is optimized with the Yoast SEO plugin v27.3 - https:\/\/yoast.com\/product\/yoast-seo-wordpress\/ -->\n<title>Misterija Bra\u0161ovanovog paviljona iz 1929. godine | Galerija Matice srpske<\/title>\n<meta name=\"description\" content=\"Posetiocima \u0107e biti predstavljeno vi\u0161egodi\u0161nje istra\u017eivanje posve\u0107eno izuzetno va\u017enom ostavrenju aritekte Dragi\u0161e Bra\u0161ovana, Paviljonu Kraljevine Srba, Hrvata i Slovenaca na Svetskoj izlo\u017ebi u Barseloni.\" \/>\n<meta name=\"robots\" content=\"index, follow, max-snippet:-1, max-image-preview:large, max-video-preview:-1\" \/>\n<link rel=\"canonical\" href=\"http:\/\/www.galerijamaticesrpske.rs\/lat\/events\/misterija-brasovanovog-paviljona-iz-1929-godine\/\" \/>\n<meta property=\"og:locale\" content=\"en_US\" \/>\n<meta property=\"og:type\" content=\"article\" \/>\n<meta property=\"og:title\" content=\"Misterija Bra\u0161ovanovog paviljona iz 1929. godine | Galerija Matice srpske\" \/>\n<meta property=\"og:description\" content=\"Posetiocima \u0107e biti predstavljeno vi\u0161egodi\u0161nje istra\u017eivanje posve\u0107eno izuzetno va\u017enom ostavrenju aritekte Dragi\u0161e Bra\u0161ovana, Paviljonu Kraljevine Srba, Hrvata i Slovenaca na Svetskoj izlo\u017ebi u Barseloni.\" \/>\n<meta property=\"og:url\" content=\"http:\/\/www.galerijamaticesrpske.rs\/lat\/events\/misterija-brasovanovog-paviljona-iz-1929-godine\/\" \/>\n<meta property=\"og:site_name\" content=\"Galerija Matice srpske\" \/>\n<meta property=\"og:image\" content=\"http:\/\/www.galerijamaticesrpske.rs\/wp-content\/uploads\/2023\/05\/1920x800-1.jpg\" \/>\n\t<meta property=\"og:image:width\" content=\"1920\" \/>\n\t<meta property=\"og:image:height\" content=\"800\" \/>\n\t<meta property=\"og:image:type\" content=\"image\/jpeg\" \/>\n<meta name=\"twitter:card\" content=\"summary_large_image\" \/>\n<meta name=\"twitter:label1\" content=\"Est. reading time\" \/>\n\t<meta name=\"twitter:data1\" content=\"2 minutes\" \/>\n<script type=\"application\/ld+json\" class=\"yoast-schema-graph\">{\"@context\":\"https:\\\/\\\/schema.org\",\"@graph\":[{\"@type\":\"WebPage\",\"@id\":\"http:\\\/\\\/www.galerijamaticesrpske.rs\\\/lat\\\/events\\\/misterija-brasovanovog-paviljona-iz-1929-godine\\\/\",\"url\":\"http:\\\/\\\/www.galerijamaticesrpske.rs\\\/lat\\\/events\\\/misterija-brasovanovog-paviljona-iz-1929-godine\\\/\",\"name\":\"Misterija Bra\u0161ovanovog paviljona iz 1929. godine | Galerija Matice srpske\",\"isPartOf\":{\"@id\":\"https:\\\/\\\/www.galerijamaticesrpske.rs\\\/#website\"},\"primaryImageOfPage\":{\"@id\":\"http:\\\/\\\/www.galerijamaticesrpske.rs\\\/lat\\\/events\\\/misterija-brasovanovog-paviljona-iz-1929-godine\\\/#primaryimage\"},\"image\":{\"@id\":\"http:\\\/\\\/www.galerijamaticesrpske.rs\\\/lat\\\/events\\\/misterija-brasovanovog-paviljona-iz-1929-godine\\\/#primaryimage\"},\"thumbnailUrl\":\"https:\\\/\\\/www.galerijamaticesrpske.rs\\\/wp-content\\\/uploads\\\/2023\\\/05\\\/1920x800-1.jpg\",\"datePublished\":\"2023-06-26T06:50:33+00:00\",\"description\":\"Posetiocima \u0107e biti predstavljeno vi\u0161egodi\u0161nje istra\u017eivanje posve\u0107eno izuzetno va\u017enom ostavrenju aritekte Dragi\u0161e Bra\u0161ovana, Paviljonu Kraljevine Srba, Hrvata i Slovenaca na Svetskoj izlo\u017ebi u Barseloni.\",\"breadcrumb\":{\"@id\":\"http:\\\/\\\/www.galerijamaticesrpske.rs\\\/lat\\\/events\\\/misterija-brasovanovog-paviljona-iz-1929-godine\\\/#breadcrumb\"},\"inLanguage\":\"sr-LAT\",\"potentialAction\":[{\"@type\":\"ReadAction\",\"target\":[\"http:\\\/\\\/www.galerijamaticesrpske.rs\\\/lat\\\/events\\\/misterija-brasovanovog-paviljona-iz-1929-godine\\\/\"]}]},{\"@type\":\"ImageObject\",\"inLanguage\":\"sr-LAT\",\"@id\":\"http:\\\/\\\/www.galerijamaticesrpske.rs\\\/lat\\\/events\\\/misterija-brasovanovog-paviljona-iz-1929-godine\\\/#primaryimage\",\"url\":\"https:\\\/\\\/www.galerijamaticesrpske.rs\\\/wp-content\\\/uploads\\\/2023\\\/05\\\/1920x800-1.jpg\",\"contentUrl\":\"https:\\\/\\\/www.galerijamaticesrpske.rs\\\/wp-content\\\/uploads\\\/2023\\\/05\\\/1920x800-1.jpg\",\"width\":1920,\"height\":800},{\"@type\":\"BreadcrumbList\",\"@id\":\"http:\\\/\\\/www.galerijamaticesrpske.rs\\\/lat\\\/events\\\/misterija-brasovanovog-paviljona-iz-1929-godine\\\/#breadcrumb\",\"itemListElement\":[{\"@type\":\"ListItem\",\"position\":1,\"name\":\"\u041f\u043e\u0447\u0435\u0442\u043d\u0430\",\"item\":\"http:\\\/\\\/www.galerijamaticesrpske.rs\\\/lat\\\/\"},{\"@type\":\"ListItem\",\"position\":2,\"name\":\"Events\",\"item\":\"http:\\\/\\\/www.galerijamaticesrpske.rs\\\/lat\\\/events\\\/\"},{\"@type\":\"ListItem\",\"position\":3,\"name\":\"Misterija Bra\u0161ovanovog paviljona iz 1929. godine\"}]},{\"@type\":\"WebSite\",\"@id\":\"https:\\\/\\\/www.galerijamaticesrpske.rs\\\/#website\",\"url\":\"https:\\\/\\\/www.galerijamaticesrpske.rs\\\/\",\"name\":\"Galerija Matice srpske\",\"description\":\"Muzej srpske nacionalne umetnosti u Novom Sadu\",\"publisher\":{\"@id\":\"https:\\\/\\\/www.galerijamaticesrpske.rs\\\/#organization\"},\"potentialAction\":[{\"@type\":\"SearchAction\",\"target\":{\"@type\":\"EntryPoint\",\"urlTemplate\":\"https:\\\/\\\/www.galerijamaticesrpske.rs\\\/?s={search_term_string}\"},\"query-input\":{\"@type\":\"PropertyValueSpecification\",\"valueRequired\":true,\"valueName\":\"search_term_string\"}}],\"inLanguage\":\"sr-LAT\"},{\"@type\":\"Organization\",\"@id\":\"https:\\\/\\\/www.galerijamaticesrpske.rs\\\/#organization\",\"name\":\"Galerija Matice srpske\",\"url\":\"https:\\\/\\\/www.galerijamaticesrpske.rs\\\/\",\"logo\":{\"@type\":\"ImageObject\",\"inLanguage\":\"sr-LAT\",\"@id\":\"https:\\\/\\\/www.galerijamaticesrpske.rs\\\/#\\\/schema\\\/logo\\\/image\\\/\",\"url\":\"https:\\\/\\\/www.galerijamaticesrpske.rs\\\/wp-content\\\/uploads\\\/2021\\\/01\\\/gms-logo-za-sajt.svg\",\"contentUrl\":\"https:\\\/\\\/www.galerijamaticesrpske.rs\\\/wp-content\\\/uploads\\\/2021\\\/01\\\/gms-logo-za-sajt.svg\",\"width\":1,\"height\":1,\"caption\":\"Galerija Matice srpske\"},\"image\":{\"@id\":\"https:\\\/\\\/www.galerijamaticesrpske.rs\\\/#\\\/schema\\\/logo\\\/image\\\/\"}}]}<\/script>\n<!-- \/ Yoast SEO plugin. -->","yoast_head_json":{"title":"Misterija Bra\u0161ovanovog paviljona iz 1929. godine | Galerija Matice srpske","description":"Posetiocima \u0107e biti predstavljeno vi\u0161egodi\u0161nje istra\u017eivanje posve\u0107eno izuzetno va\u017enom ostavrenju aritekte Dragi\u0161e Bra\u0161ovana, Paviljonu Kraljevine Srba, Hrvata i Slovenaca na Svetskoj izlo\u017ebi u Barseloni.","robots":{"index":"index","follow":"follow","max-snippet":"max-snippet:-1","max-image-preview":"max-image-preview:large","max-video-preview":"max-video-preview:-1"},"canonical":"http:\/\/www.galerijamaticesrpske.rs\/lat\/events\/misterija-brasovanovog-paviljona-iz-1929-godine\/","og_locale":"en_US","og_type":"article","og_title":"Misterija Bra\u0161ovanovog paviljona iz 1929. godine | Galerija Matice srpske","og_description":"Posetiocima \u0107e biti predstavljeno vi\u0161egodi\u0161nje istra\u017eivanje posve\u0107eno izuzetno va\u017enom ostavrenju aritekte Dragi\u0161e Bra\u0161ovana, Paviljonu Kraljevine Srba, Hrvata i Slovenaca na Svetskoj izlo\u017ebi u Barseloni.","og_url":"http:\/\/www.galerijamaticesrpske.rs\/lat\/events\/misterija-brasovanovog-paviljona-iz-1929-godine\/","og_site_name":"Galerija Matice srpske","og_image":[{"width":1920,"height":800,"url":"http:\/\/www.galerijamaticesrpske.rs\/wp-content\/uploads\/2023\/05\/1920x800-1.jpg","type":"image\/jpeg"}],"twitter_card":"summary_large_image","twitter_misc":{"Est. reading time":"2 minutes"},"schema":{"@context":"https:\/\/schema.org","@graph":[{"@type":"WebPage","@id":"http:\/\/www.galerijamaticesrpske.rs\/lat\/events\/misterija-brasovanovog-paviljona-iz-1929-godine\/","url":"http:\/\/www.galerijamaticesrpske.rs\/lat\/events\/misterija-brasovanovog-paviljona-iz-1929-godine\/","name":"Misterija Bra\u0161ovanovog paviljona iz 1929. godine | Galerija Matice srpske","isPartOf":{"@id":"https:\/\/www.galerijamaticesrpske.rs\/#website"},"primaryImageOfPage":{"@id":"http:\/\/www.galerijamaticesrpske.rs\/lat\/events\/misterija-brasovanovog-paviljona-iz-1929-godine\/#primaryimage"},"image":{"@id":"http:\/\/www.galerijamaticesrpske.rs\/lat\/events\/misterija-brasovanovog-paviljona-iz-1929-godine\/#primaryimage"},"thumbnailUrl":"https:\/\/www.galerijamaticesrpske.rs\/wp-content\/uploads\/2023\/05\/1920x800-1.jpg","datePublished":"2023-06-26T06:50:33+00:00","description":"Posetiocima \u0107e biti predstavljeno vi\u0161egodi\u0161nje istra\u017eivanje posve\u0107eno izuzetno va\u017enom ostavrenju aritekte Dragi\u0161e Bra\u0161ovana, Paviljonu Kraljevine Srba, Hrvata i Slovenaca na Svetskoj izlo\u017ebi u Barseloni.","breadcrumb":{"@id":"http:\/\/www.galerijamaticesrpske.rs\/lat\/events\/misterija-brasovanovog-paviljona-iz-1929-godine\/#breadcrumb"},"inLanguage":"sr-LAT","potentialAction":[{"@type":"ReadAction","target":["http:\/\/www.galerijamaticesrpske.rs\/lat\/events\/misterija-brasovanovog-paviljona-iz-1929-godine\/"]}]},{"@type":"ImageObject","inLanguage":"sr-LAT","@id":"http:\/\/www.galerijamaticesrpske.rs\/lat\/events\/misterija-brasovanovog-paviljona-iz-1929-godine\/#primaryimage","url":"https:\/\/www.galerijamaticesrpske.rs\/wp-content\/uploads\/2023\/05\/1920x800-1.jpg","contentUrl":"https:\/\/www.galerijamaticesrpske.rs\/wp-content\/uploads\/2023\/05\/1920x800-1.jpg","width":1920,"height":800},{"@type":"BreadcrumbList","@id":"http:\/\/www.galerijamaticesrpske.rs\/lat\/events\/misterija-brasovanovog-paviljona-iz-1929-godine\/#breadcrumb","itemListElement":[{"@type":"ListItem","position":1,"name":"\u041f\u043e\u0447\u0435\u0442\u043d\u0430","item":"http:\/\/www.galerijamaticesrpske.rs\/lat\/"},{"@type":"ListItem","position":2,"name":"Events","item":"http:\/\/www.galerijamaticesrpske.rs\/lat\/events\/"},{"@type":"ListItem","position":3,"name":"Misterija Bra\u0161ovanovog paviljona iz 1929. godine"}]},{"@type":"WebSite","@id":"https:\/\/www.galerijamaticesrpske.rs\/#website","url":"https:\/\/www.galerijamaticesrpske.rs\/","name":"Galerija Matice srpske","description":"Muzej srpske nacionalne umetnosti u Novom Sadu","publisher":{"@id":"https:\/\/www.galerijamaticesrpske.rs\/#organization"},"potentialAction":[{"@type":"SearchAction","target":{"@type":"EntryPoint","urlTemplate":"https:\/\/www.galerijamaticesrpske.rs\/?s={search_term_string}"},"query-input":{"@type":"PropertyValueSpecification","valueRequired":true,"valueName":"search_term_string"}}],"inLanguage":"sr-LAT"},{"@type":"Organization","@id":"https:\/\/www.galerijamaticesrpske.rs\/#organization","name":"Galerija Matice srpske","url":"https:\/\/www.galerijamaticesrpske.rs\/","logo":{"@type":"ImageObject","inLanguage":"sr-LAT","@id":"https:\/\/www.galerijamaticesrpske.rs\/#\/schema\/logo\/image\/","url":"https:\/\/www.galerijamaticesrpske.rs\/wp-content\/uploads\/2021\/01\/gms-logo-za-sajt.svg","contentUrl":"https:\/\/www.galerijamaticesrpske.rs\/wp-content\/uploads\/2021\/01\/gms-logo-za-sajt.svg","width":1,"height":1,"caption":"Galerija Matice srpske"},"image":{"@id":"https:\/\/www.galerijamaticesrpske.rs\/#\/schema\/logo\/image\/"}}]}},"_links":{"self":[{"href":"https:\/\/www.galerijamaticesrpske.rs\/lat\/wp-json\/wp\/v2\/mec-events\/11857","targetHints":{"allow":["GET"]}}],"collection":[{"href":"https:\/\/www.galerijamaticesrpske.rs\/lat\/wp-json\/wp\/v2\/mec-events"}],"about":[{"href":"https:\/\/www.galerijamaticesrpske.rs\/lat\/wp-json\/wp\/v2\/types\/mec-events"}],"author":[{"embeddable":true,"href":"https:\/\/www.galerijamaticesrpske.rs\/lat\/wp-json\/wp\/v2\/users\/2"}],"replies":[{"embeddable":true,"href":"https:\/\/www.galerijamaticesrpske.rs\/lat\/wp-json\/wp\/v2\/comments?post=11857"}],"wp:featuredmedia":[{"embeddable":true,"href":"https:\/\/www.galerijamaticesrpske.rs\/lat\/wp-json\/wp\/v2\/media\/11748"}],"wp:attachment":[{"href":"https:\/\/www.galerijamaticesrpske.rs\/lat\/wp-json\/wp\/v2\/media?parent=11857"}],"wp:term":[{"taxonomy":"post_tag","embeddable":true,"href":"https:\/\/www.galerijamaticesrpske.rs\/lat\/wp-json\/wp\/v2\/tags?post=11857"},{"taxonomy":"mec_category","embeddable":true,"href":"https:\/\/www.galerijamaticesrpske.rs\/lat\/wp-json\/wp\/v2\/mec_category?post=11857"}],"curies":[{"name":"wp","href":"https:\/\/api.w.org\/{rel}","templated":true}]}}