{"id":12013,"date":"2023-08-15T13:03:16","date_gmt":"2023-08-15T13:03:16","guid":{"rendered":"https:\/\/www.galerijamaticesrpske.rs\/?post_type=mec-events&#038;p=12013"},"modified":"2023-08-15T13:03:16","modified_gmt":"2023-08-15T13:03:16","slug":"vodjenje-kroz-poklon-zbirku-dragise-brasovana-na-ruskom-jeziku","status":"publish","type":"mec-events","link":"https:\/\/www.galerijamaticesrpske.rs\/lat\/events\/vodjenje-kroz-poklon-zbirku-dragise-brasovana-na-ruskom-jeziku\/","title":{"rendered":"Vo\u0111enje kroz Poklon-zbirku Dragi\u0161e Bra\u0161ovana na ruskom jeziku"},"content":{"rendered":"<p>Prate\u0107i program izlo\u017ebe<a href=\"https:\/\/www.galerijamaticesrpske.rs\/lat\/events\/poklon-zbirka-dragise-brasovana\/\"><strong><em>\u00a0Poklon-zbirka Dragi\u0161e Bra\u0161ovana<\/em><\/strong><\/a><\/p>\n<p>Kako bismo aktuelnu izlo\u017ebu <em>Poklon-zbirka Dragi\u0161e Bra\u0161ovana<\/em> pribli\u017eili publici sa ruskog govornog podru\u010dja, Galerija Matice srpske organizuje <strong>kustosko vo\u0111enje kroz izlo\u017ebu na ruskom jeziku<\/strong>. \u0160etnjom sa kustosom upoznajte se sa privatnim \u017eivotom zna\u010dajnog arhitekte XX veka koji je svojim projektima (Glavna po\u0161ta, kompleks Banovina i zgrada Radni\u010dke komore) obele\u017eio dana\u0161nji izgled Novog Sada.<\/p>\n<p>Vo\u0111enje \u0107e se odr\u017eati u <strong>16.00 sati<\/strong>, a publiku \u0107e voditi <strong>msr Svetlana Kondratjeva<\/strong>, asistentkinja u \u0161koli stranih jezika JUMI u Novom Sadu i asistentkinja na Departmanu za humanisti\u010dke nauke i umetnost Evropskog Humanisti\u010dkog Univerziteta u Viljnusu, Litvanija.<\/p>\n<p>Ukoliko \u017eelite da prisustvujete kustoskom vo\u0111enju, molimo Vas da se prijavite <a href=\"https:\/\/forms.gle\/Z5EeYAimniP61qyE7\"><strong>ovde<\/strong><\/a>.<\/p>\n","protected":false},"excerpt":{"rendered":"<p>Prate\u0107i program izlo\u017ebe\u00a0Poklon-zbirka Dragi\u0161e Bra\u0161ovana Kako bismo aktuelnu izlo\u017ebu Poklon-zbirka Dragi\u0161e Bra\u0161ovana pribli\u017eili publici sa ruskog govornog podru\u010dja, Galerija Matice srpske organizuje kustosko vo\u0111enje kroz izlo\u017ebu na ruskom jeziku. \u0160etnjom sa kustosom upoznajte se sa privatnim \u017eivotom zna\u010dajnog arhitekte XX veka koji je svojim projektima (Glavna po\u0161ta, kompleks Banovina i zgrada Radni\u010dke komore) obele\u017eio dana\u0161nji<\/p>\n","protected":false},"author":2,"featured_media":11748,"comment_status":"closed","ping_status":"closed","template":"","tags":[],"mec_category":[100],"class_list":["post-12013","mec-events","type-mec-events","status-publish","has-post-thumbnail","hentry","mec_category-vodjenja-kroz-aktuelne-izlozbe"],"acf":[],"yoast_head":"<!-- This site is optimized with the Yoast SEO plugin v27.3 - https:\/\/yoast.com\/product\/yoast-seo-wordpress\/ -->\n<title>Vo\u0111enje kroz Poklon-zbirku Dragi\u0161e Bra\u0161ovana na ruskom jeziku | Galerija Matice srpske<\/title>\n<meta name=\"description\" content=\"Kako bismo aktuelnu izlo\u017ebu Poklon-zbirka Dragi\u0161e Bra\u0161ovana pribli\u017eili publici sa ruskog govornog podru\u010dja, Galerija Matice srpske organizuje kustosko vo\u0111enje kroz izlo\u017ebu na ruskom jeziku. \u0160etnjom sa kustosom upoznajte se sa privatnim \u017eivotom zna\u010dajnog arhitekte XX veka koji je svojim projektima (Glavna po\u0161ta, kompleks Banovina i zgrada Radni\u010dke komore) obele\u017eio dana\u0161nji izgled Novog Sada.\" \/>\n<meta name=\"robots\" content=\"index, follow, max-snippet:-1, max-image-preview:large, max-video-preview:-1\" \/>\n<link rel=\"canonical\" href=\"https:\/\/www.galerijamaticesrpske.rs\/lat\/events\/vodjenje-kroz-poklon-zbirku-dragise-brasovana-na-ruskom-jeziku\/\" \/>\n<meta property=\"og:locale\" content=\"en_US\" \/>\n<meta property=\"og:type\" content=\"article\" \/>\n<meta property=\"og:title\" content=\"Vo\u0111enje kroz Poklon-zbirku Dragi\u0161e Bra\u0161ovana na ruskom jeziku | Galerija Matice srpske\" \/>\n<meta property=\"og:description\" content=\"Kako bismo aktuelnu izlo\u017ebu Poklon-zbirka Dragi\u0161e Bra\u0161ovana pribli\u017eili publici sa ruskog govornog podru\u010dja, Galerija Matice srpske organizuje kustosko vo\u0111enje kroz izlo\u017ebu na ruskom jeziku. \u0160etnjom sa kustosom upoznajte se sa privatnim \u017eivotom zna\u010dajnog arhitekte XX veka koji je svojim projektima (Glavna po\u0161ta, kompleks Banovina i zgrada Radni\u010dke komore) obele\u017eio dana\u0161nji izgled Novog Sada.\" \/>\n<meta property=\"og:url\" content=\"https:\/\/www.galerijamaticesrpske.rs\/lat\/events\/vodjenje-kroz-poklon-zbirku-dragise-brasovana-na-ruskom-jeziku\/\" \/>\n<meta property=\"og:site_name\" content=\"Galerija Matice srpske\" \/>\n<meta property=\"og:image\" content=\"https:\/\/www.galerijamaticesrpske.rs\/wp-content\/uploads\/2023\/05\/1920x800-1.jpg\" \/>\n\t<meta property=\"og:image:width\" content=\"1920\" \/>\n\t<meta property=\"og:image:height\" content=\"800\" \/>\n\t<meta property=\"og:image:type\" content=\"image\/jpeg\" \/>\n<meta name=\"twitter:card\" content=\"summary_large_image\" \/>\n<meta name=\"twitter:label1\" content=\"Est. reading time\" \/>\n\t<meta name=\"twitter:data1\" content=\"1 minute\" \/>\n<script type=\"application\/ld+json\" class=\"yoast-schema-graph\">{\"@context\":\"https:\\\/\\\/schema.org\",\"@graph\":[{\"@type\":\"WebPage\",\"@id\":\"https:\\\/\\\/www.galerijamaticesrpske.rs\\\/lat\\\/events\\\/vodjenje-kroz-poklon-zbirku-dragise-brasovana-na-ruskom-jeziku\\\/\",\"url\":\"https:\\\/\\\/www.galerijamaticesrpske.rs\\\/lat\\\/events\\\/vodjenje-kroz-poklon-zbirku-dragise-brasovana-na-ruskom-jeziku\\\/\",\"name\":\"Vo\u0111enje kroz Poklon-zbirku Dragi\u0161e Bra\u0161ovana na ruskom jeziku | Galerija Matice srpske\",\"isPartOf\":{\"@id\":\"https:\\\/\\\/www.galerijamaticesrpske.rs\\\/#website\"},\"primaryImageOfPage\":{\"@id\":\"https:\\\/\\\/www.galerijamaticesrpske.rs\\\/lat\\\/events\\\/vodjenje-kroz-poklon-zbirku-dragise-brasovana-na-ruskom-jeziku\\\/#primaryimage\"},\"image\":{\"@id\":\"https:\\\/\\\/www.galerijamaticesrpske.rs\\\/lat\\\/events\\\/vodjenje-kroz-poklon-zbirku-dragise-brasovana-na-ruskom-jeziku\\\/#primaryimage\"},\"thumbnailUrl\":\"https:\\\/\\\/www.galerijamaticesrpske.rs\\\/wp-content\\\/uploads\\\/2023\\\/05\\\/1920x800-1.jpg\",\"datePublished\":\"2023-08-15T13:03:16+00:00\",\"description\":\"Kako bismo aktuelnu izlo\u017ebu Poklon-zbirka Dragi\u0161e Bra\u0161ovana pribli\u017eili publici sa ruskog govornog podru\u010dja, Galerija Matice srpske organizuje kustosko vo\u0111enje kroz izlo\u017ebu na ruskom jeziku. \u0160etnjom sa kustosom upoznajte se sa privatnim \u017eivotom zna\u010dajnog arhitekte XX veka koji je svojim projektima (Glavna po\u0161ta, kompleks Banovina i zgrada Radni\u010dke komore) obele\u017eio dana\u0161nji izgled Novog Sada.\",\"breadcrumb\":{\"@id\":\"https:\\\/\\\/www.galerijamaticesrpske.rs\\\/lat\\\/events\\\/vodjenje-kroz-poklon-zbirku-dragise-brasovana-na-ruskom-jeziku\\\/#breadcrumb\"},\"inLanguage\":\"sr-LAT\",\"potentialAction\":[{\"@type\":\"ReadAction\",\"target\":[\"https:\\\/\\\/www.galerijamaticesrpske.rs\\\/lat\\\/events\\\/vodjenje-kroz-poklon-zbirku-dragise-brasovana-na-ruskom-jeziku\\\/\"]}]},{\"@type\":\"ImageObject\",\"inLanguage\":\"sr-LAT\",\"@id\":\"https:\\\/\\\/www.galerijamaticesrpske.rs\\\/lat\\\/events\\\/vodjenje-kroz-poklon-zbirku-dragise-brasovana-na-ruskom-jeziku\\\/#primaryimage\",\"url\":\"https:\\\/\\\/www.galerijamaticesrpske.rs\\\/wp-content\\\/uploads\\\/2023\\\/05\\\/1920x800-1.jpg\",\"contentUrl\":\"https:\\\/\\\/www.galerijamaticesrpske.rs\\\/wp-content\\\/uploads\\\/2023\\\/05\\\/1920x800-1.jpg\",\"width\":1920,\"height\":800},{\"@type\":\"BreadcrumbList\",\"@id\":\"https:\\\/\\\/www.galerijamaticesrpske.rs\\\/lat\\\/events\\\/vodjenje-kroz-poklon-zbirku-dragise-brasovana-na-ruskom-jeziku\\\/#breadcrumb\",\"itemListElement\":[{\"@type\":\"ListItem\",\"position\":1,\"name\":\"\u041f\u043e\u0447\u0435\u0442\u043d\u0430\",\"item\":\"http:\\\/\\\/www.galerijamaticesrpske.rs\\\/lat\\\/\"},{\"@type\":\"ListItem\",\"position\":2,\"name\":\"Events\",\"item\":\"http:\\\/\\\/www.galerijamaticesrpske.rs\\\/lat\\\/events\\\/\"},{\"@type\":\"ListItem\",\"position\":3,\"name\":\"Vo\u0111enje kroz Poklon-zbirku Dragi\u0161e Bra\u0161ovana na ruskom jeziku\"}]},{\"@type\":\"WebSite\",\"@id\":\"https:\\\/\\\/www.galerijamaticesrpske.rs\\\/#website\",\"url\":\"https:\\\/\\\/www.galerijamaticesrpske.rs\\\/\",\"name\":\"Galerija Matice srpske\",\"description\":\"Muzej srpske nacionalne umetnosti u Novom Sadu\",\"publisher\":{\"@id\":\"https:\\\/\\\/www.galerijamaticesrpske.rs\\\/#organization\"},\"potentialAction\":[{\"@type\":\"SearchAction\",\"target\":{\"@type\":\"EntryPoint\",\"urlTemplate\":\"https:\\\/\\\/www.galerijamaticesrpske.rs\\\/?s={search_term_string}\"},\"query-input\":{\"@type\":\"PropertyValueSpecification\",\"valueRequired\":true,\"valueName\":\"search_term_string\"}}],\"inLanguage\":\"sr-LAT\"},{\"@type\":\"Organization\",\"@id\":\"https:\\\/\\\/www.galerijamaticesrpske.rs\\\/#organization\",\"name\":\"Galerija Matice srpske\",\"url\":\"https:\\\/\\\/www.galerijamaticesrpske.rs\\\/\",\"logo\":{\"@type\":\"ImageObject\",\"inLanguage\":\"sr-LAT\",\"@id\":\"https:\\\/\\\/www.galerijamaticesrpske.rs\\\/#\\\/schema\\\/logo\\\/image\\\/\",\"url\":\"https:\\\/\\\/www.galerijamaticesrpske.rs\\\/wp-content\\\/uploads\\\/2021\\\/01\\\/gms-logo-za-sajt.svg\",\"contentUrl\":\"https:\\\/\\\/www.galerijamaticesrpske.rs\\\/wp-content\\\/uploads\\\/2021\\\/01\\\/gms-logo-za-sajt.svg\",\"width\":1,\"height\":1,\"caption\":\"Galerija Matice srpske\"},\"image\":{\"@id\":\"https:\\\/\\\/www.galerijamaticesrpske.rs\\\/#\\\/schema\\\/logo\\\/image\\\/\"}}]}<\/script>\n<!-- \/ Yoast SEO plugin. -->","yoast_head_json":{"title":"Vo\u0111enje kroz Poklon-zbirku Dragi\u0161e Bra\u0161ovana na ruskom jeziku | Galerija Matice srpske","description":"Kako bismo aktuelnu izlo\u017ebu Poklon-zbirka Dragi\u0161e Bra\u0161ovana pribli\u017eili publici sa ruskog govornog podru\u010dja, Galerija Matice srpske organizuje kustosko vo\u0111enje kroz izlo\u017ebu na ruskom jeziku. \u0160etnjom sa kustosom upoznajte se sa privatnim \u017eivotom zna\u010dajnog arhitekte XX veka koji je svojim projektima (Glavna po\u0161ta, kompleks Banovina i zgrada Radni\u010dke komore) obele\u017eio dana\u0161nji izgled Novog Sada.","robots":{"index":"index","follow":"follow","max-snippet":"max-snippet:-1","max-image-preview":"max-image-preview:large","max-video-preview":"max-video-preview:-1"},"canonical":"https:\/\/www.galerijamaticesrpske.rs\/lat\/events\/vodjenje-kroz-poklon-zbirku-dragise-brasovana-na-ruskom-jeziku\/","og_locale":"en_US","og_type":"article","og_title":"Vo\u0111enje kroz Poklon-zbirku Dragi\u0161e Bra\u0161ovana na ruskom jeziku | Galerija Matice srpske","og_description":"Kako bismo aktuelnu izlo\u017ebu Poklon-zbirka Dragi\u0161e Bra\u0161ovana pribli\u017eili publici sa ruskog govornog podru\u010dja, Galerija Matice srpske organizuje kustosko vo\u0111enje kroz izlo\u017ebu na ruskom jeziku. \u0160etnjom sa kustosom upoznajte se sa privatnim \u017eivotom zna\u010dajnog arhitekte XX veka koji je svojim projektima (Glavna po\u0161ta, kompleks Banovina i zgrada Radni\u010dke komore) obele\u017eio dana\u0161nji izgled Novog Sada.","og_url":"https:\/\/www.galerijamaticesrpske.rs\/lat\/events\/vodjenje-kroz-poklon-zbirku-dragise-brasovana-na-ruskom-jeziku\/","og_site_name":"Galerija Matice srpske","og_image":[{"width":1920,"height":800,"url":"https:\/\/www.galerijamaticesrpske.rs\/wp-content\/uploads\/2023\/05\/1920x800-1.jpg","type":"image\/jpeg"}],"twitter_card":"summary_large_image","twitter_misc":{"Est. reading time":"1 minute"},"schema":{"@context":"https:\/\/schema.org","@graph":[{"@type":"WebPage","@id":"https:\/\/www.galerijamaticesrpske.rs\/lat\/events\/vodjenje-kroz-poklon-zbirku-dragise-brasovana-na-ruskom-jeziku\/","url":"https:\/\/www.galerijamaticesrpske.rs\/lat\/events\/vodjenje-kroz-poklon-zbirku-dragise-brasovana-na-ruskom-jeziku\/","name":"Vo\u0111enje kroz Poklon-zbirku Dragi\u0161e Bra\u0161ovana na ruskom jeziku | Galerija Matice srpske","isPartOf":{"@id":"https:\/\/www.galerijamaticesrpske.rs\/#website"},"primaryImageOfPage":{"@id":"https:\/\/www.galerijamaticesrpske.rs\/lat\/events\/vodjenje-kroz-poklon-zbirku-dragise-brasovana-na-ruskom-jeziku\/#primaryimage"},"image":{"@id":"https:\/\/www.galerijamaticesrpske.rs\/lat\/events\/vodjenje-kroz-poklon-zbirku-dragise-brasovana-na-ruskom-jeziku\/#primaryimage"},"thumbnailUrl":"https:\/\/www.galerijamaticesrpske.rs\/wp-content\/uploads\/2023\/05\/1920x800-1.jpg","datePublished":"2023-08-15T13:03:16+00:00","description":"Kako bismo aktuelnu izlo\u017ebu Poklon-zbirka Dragi\u0161e Bra\u0161ovana pribli\u017eili publici sa ruskog govornog podru\u010dja, Galerija Matice srpske organizuje kustosko vo\u0111enje kroz izlo\u017ebu na ruskom jeziku. \u0160etnjom sa kustosom upoznajte se sa privatnim \u017eivotom zna\u010dajnog arhitekte XX veka koji je svojim projektima (Glavna po\u0161ta, kompleks Banovina i zgrada Radni\u010dke komore) obele\u017eio dana\u0161nji izgled Novog Sada.","breadcrumb":{"@id":"https:\/\/www.galerijamaticesrpske.rs\/lat\/events\/vodjenje-kroz-poklon-zbirku-dragise-brasovana-na-ruskom-jeziku\/#breadcrumb"},"inLanguage":"sr-LAT","potentialAction":[{"@type":"ReadAction","target":["https:\/\/www.galerijamaticesrpske.rs\/lat\/events\/vodjenje-kroz-poklon-zbirku-dragise-brasovana-na-ruskom-jeziku\/"]}]},{"@type":"ImageObject","inLanguage":"sr-LAT","@id":"https:\/\/www.galerijamaticesrpske.rs\/lat\/events\/vodjenje-kroz-poklon-zbirku-dragise-brasovana-na-ruskom-jeziku\/#primaryimage","url":"https:\/\/www.galerijamaticesrpske.rs\/wp-content\/uploads\/2023\/05\/1920x800-1.jpg","contentUrl":"https:\/\/www.galerijamaticesrpske.rs\/wp-content\/uploads\/2023\/05\/1920x800-1.jpg","width":1920,"height":800},{"@type":"BreadcrumbList","@id":"https:\/\/www.galerijamaticesrpske.rs\/lat\/events\/vodjenje-kroz-poklon-zbirku-dragise-brasovana-na-ruskom-jeziku\/#breadcrumb","itemListElement":[{"@type":"ListItem","position":1,"name":"\u041f\u043e\u0447\u0435\u0442\u043d\u0430","item":"http:\/\/www.galerijamaticesrpske.rs\/lat\/"},{"@type":"ListItem","position":2,"name":"Events","item":"http:\/\/www.galerijamaticesrpske.rs\/lat\/events\/"},{"@type":"ListItem","position":3,"name":"Vo\u0111enje kroz Poklon-zbirku Dragi\u0161e Bra\u0161ovana na ruskom jeziku"}]},{"@type":"WebSite","@id":"https:\/\/www.galerijamaticesrpske.rs\/#website","url":"https:\/\/www.galerijamaticesrpske.rs\/","name":"Galerija Matice srpske","description":"Muzej srpske nacionalne umetnosti u Novom Sadu","publisher":{"@id":"https:\/\/www.galerijamaticesrpske.rs\/#organization"},"potentialAction":[{"@type":"SearchAction","target":{"@type":"EntryPoint","urlTemplate":"https:\/\/www.galerijamaticesrpske.rs\/?s={search_term_string}"},"query-input":{"@type":"PropertyValueSpecification","valueRequired":true,"valueName":"search_term_string"}}],"inLanguage":"sr-LAT"},{"@type":"Organization","@id":"https:\/\/www.galerijamaticesrpske.rs\/#organization","name":"Galerija Matice srpske","url":"https:\/\/www.galerijamaticesrpske.rs\/","logo":{"@type":"ImageObject","inLanguage":"sr-LAT","@id":"https:\/\/www.galerijamaticesrpske.rs\/#\/schema\/logo\/image\/","url":"https:\/\/www.galerijamaticesrpske.rs\/wp-content\/uploads\/2021\/01\/gms-logo-za-sajt.svg","contentUrl":"https:\/\/www.galerijamaticesrpske.rs\/wp-content\/uploads\/2021\/01\/gms-logo-za-sajt.svg","width":1,"height":1,"caption":"Galerija Matice srpske"},"image":{"@id":"https:\/\/www.galerijamaticesrpske.rs\/#\/schema\/logo\/image\/"}}]}},"_links":{"self":[{"href":"https:\/\/www.galerijamaticesrpske.rs\/lat\/wp-json\/wp\/v2\/mec-events\/12013","targetHints":{"allow":["GET"]}}],"collection":[{"href":"https:\/\/www.galerijamaticesrpske.rs\/lat\/wp-json\/wp\/v2\/mec-events"}],"about":[{"href":"https:\/\/www.galerijamaticesrpske.rs\/lat\/wp-json\/wp\/v2\/types\/mec-events"}],"author":[{"embeddable":true,"href":"https:\/\/www.galerijamaticesrpske.rs\/lat\/wp-json\/wp\/v2\/users\/2"}],"replies":[{"embeddable":true,"href":"https:\/\/www.galerijamaticesrpske.rs\/lat\/wp-json\/wp\/v2\/comments?post=12013"}],"wp:featuredmedia":[{"embeddable":true,"href":"https:\/\/www.galerijamaticesrpske.rs\/lat\/wp-json\/wp\/v2\/media\/11748"}],"wp:attachment":[{"href":"https:\/\/www.galerijamaticesrpske.rs\/lat\/wp-json\/wp\/v2\/media?parent=12013"}],"wp:term":[{"taxonomy":"post_tag","embeddable":true,"href":"https:\/\/www.galerijamaticesrpske.rs\/lat\/wp-json\/wp\/v2\/tags?post=12013"},{"taxonomy":"mec_category","embeddable":true,"href":"https:\/\/www.galerijamaticesrpske.rs\/lat\/wp-json\/wp\/v2\/mec_category?post=12013"}],"curies":[{"name":"wp","href":"https:\/\/api.w.org\/{rel}","templated":true}]}}