{"id":12102,"date":"2023-10-07T08:32:12","date_gmt":"2023-10-07T08:32:12","guid":{"rendered":"https:\/\/www.galerijamaticesrpske.rs\/?post_type=mec-events&#038;p=12102"},"modified":"2024-01-31T13:13:49","modified_gmt":"2024-01-31T13:13:49","slug":"paja-jovanovic-i-gustav-klimt-jedna-epoha-dva-umetnika-tri-muzeja","status":"publish","type":"mec-events","link":"https:\/\/www.galerijamaticesrpske.rs\/lat\/events\/paja-jovanovic-i-gustav-klimt-jedna-epoha-dva-umetnika-tri-muzeja\/","title":{"rendered":"Paja Jovanovi\u0107 i Gustav Klimt. Jedna epoha, dva umetnika, tri muzeja"},"content":{"rendered":"<p>Kako danas vidimo epohu koja je obele\u017eila kraj 19. i po\u010detak 20. veka? Koje su sli\u010dnosti naizgled dva razli\u010dita umetnika \u2013 jednog iz Be\u010da, drugog iz Vr\u0161ca i kako su oni spojili tri muzeja u jednom izlo\u017ebenom prostoru? Odgovore na ova pitanja pru\u017ei\u0107e nova izlo\u017eba u Galeriji Matice srpske koja od po\u010detka godine privla\u010di veliko interesovanje javnosti.<\/p>\n<p>Na izlo\u017ebi <strong><em>Paja Jovanovi\u0107 i Gustav Klimt. Jedna epoha, dva umetnika, tri muzeja<\/em> <\/strong>predstavljena su tri \u017eenska portreta iz tri muzeja: Galerije Matice srpske, Umetni\u010dko-istorijskog muzeja u Be\u010du i Galerije Belvedere. Ova tri pa\u017eljivo odabrana dela, od kojih su dva prvi put izlo\u017eena u Srbiji, ukazuju na sli\u010dnosti i razlike me\u0111u velikim umetnicima, govore o dru\u0161tvenom kontekstu u kojem su nastajali i istovremeno povezuju muzeje iz \u010dijih su kolekcija. U prostoru Galerije Matice srpske se prvi put spajaju stvarala\u0161tvo Paje Jovanovi\u0107a i Gustava Klimta, pokre\u0107u se dijalozi o njihovom umetni\u010dkom razvojnom putu, ali i o vezama srpske i austrijske kulture u godini koja prethodi obele\u017eavanju 150 godina diplomatskih odnosa izme\u0111u Srbije i Austrije.<\/p>\n<p>Izlo\u017ebu <em>Paja Jovanovi\u0107 i Gustav Klimt. Jedna epoha, dva umetnika, tri muzeja<\/em> prati istoimeni trojezi\u010dni katalog u \u010dijem sadr\u017eaju su uvodni tekstovi Maje Gojkovi\u0107 i dr Tijane Palkovljevi\u0107 Bugarski, raspravni tekst dr Sne\u017eane Mi\u0161i\u0107, muzejske savetnice i \u201epovremeno istinite pri\u010de\u201c u tekstu U salonu \u0161e\u0161ira Oskara Hutera msr Nikole Ivanovi\u0107a, kustosa.<\/p>\n<p>Realizaciju projekta omogu\u0107ili su Ministarstvo kulture Republike Srbije, Pokrajinski sekretarijat za kulturu, javno informisanje i odnose s verskim zajednicama, Austrijski kulturni forum Beograd, UNIQA osiguranje, OTP banka Srbija i DDOR osiguranje.<\/p>\n<p>Medijski partneri izlo\u017ebe su JMU Radio-televizija Vojvodine, Radio 021, Naxi Planeta radio, Radio Beseda, Color Press Group, Kulture.rs, TV Pan\u010devo\/Dunav TV i Ringier Serbia doo \u2013 Blic.<\/p>\n<p><iframe\n  src=https:\/\/pajaiklimt.360.rs\/\n  width=\"100%\"\n  height=\"700px\"\n  allowfullscreen=\"true\"\n  webkitallowfullscreen=\"true\"\n  mozallowfullscreen=\"true\"\n  oallowfullscreen=\"true\"\n  msallowfullscreen=\"true\"\n  frameborder=\"0\"\n  scrolling=\"no\"\n  marginheight=\"0\"\n  marginwidth=\"0\"><br \/>\n<\/iframe><\/p>\n","protected":false},"excerpt":{"rendered":"<p>Kako danas vidimo epohu koja je obele\u017eila kraj 19. i po\u010detak 20. veka? Koje su sli\u010dnosti naizgled dva razli\u010dita umetnika \u2013 jednog iz Be\u010da, drugog iz Vr\u0161ca i kako su oni spojili tri muzeja u jednom izlo\u017ebenom prostoru? Odgovore na ova pitanja pru\u017ei\u0107e nova izlo\u017eba u Galeriji Matice srpske koja od po\u010detka godine privla\u010di veliko<\/p>\n","protected":false},"author":2,"featured_media":12079,"comment_status":"closed","ping_status":"closed","template":"","tags":[],"mec_category":[97],"class_list":["post-12102","mec-events","type-mec-events","status-publish","has-post-thumbnail","hentry","mec_category-izlozbe"],"acf":[],"yoast_head":"<!-- This site is optimized with the Yoast SEO plugin v27.3 - https:\/\/yoast.com\/product\/yoast-seo-wordpress\/ -->\n<title>Paja Jovanovi\u0107 i Gustav Klimt. Jedna epoha, dva umetnika, tri muzeja | Galerija Matice srpske<\/title>\n<meta name=\"description\" content=\"Na izlo\u017ebi Paja Jovanovi\u0107 i Gustav Klimt. Jedna epoha, dva umetnika, tri muzeja predstavljena su tri \u017eenska portreta iz tri muzeja: Galerije Matice srpske, Umetni\u010dko-istorijskog muzeja u Be\u010du i Galerije Belvedere.\" \/>\n<meta name=\"robots\" content=\"index, follow, max-snippet:-1, max-image-preview:large, max-video-preview:-1\" \/>\n<link rel=\"canonical\" href=\"https:\/\/www.galerijamaticesrpske.rs\/lat\/events\/paja-jovanovic-i-gustav-klimt-jedna-epoha-dva-umetnika-tri-muzeja\/\" \/>\n<meta property=\"og:locale\" content=\"en_US\" \/>\n<meta property=\"og:type\" content=\"article\" \/>\n<meta property=\"og:title\" content=\"Paja Jovanovi\u0107 i Gustav Klimt. Jedna epoha, dva umetnika, tri muzeja | Galerija Matice srpske\" \/>\n<meta property=\"og:description\" content=\"Na izlo\u017ebi Paja Jovanovi\u0107 i Gustav Klimt. Jedna epoha, dva umetnika, tri muzeja predstavljena su tri \u017eenska portreta iz tri muzeja: Galerije Matice srpske, Umetni\u010dko-istorijskog muzeja u Be\u010du i Galerije Belvedere.\" \/>\n<meta property=\"og:url\" content=\"https:\/\/www.galerijamaticesrpske.rs\/lat\/events\/paja-jovanovic-i-gustav-klimt-jedna-epoha-dva-umetnika-tri-muzeja\/\" \/>\n<meta property=\"og:site_name\" content=\"Galerija Matice srpske\" \/>\n<meta property=\"article:modified_time\" content=\"2024-01-31T13:13:49+00:00\" \/>\n<meta property=\"og:image\" content=\"https:\/\/www.galerijamaticesrpske.rs\/wp-content\/uploads\/2023\/10\/1920x800.jpg\" \/>\n\t<meta property=\"og:image:width\" content=\"1920\" \/>\n\t<meta property=\"og:image:height\" content=\"800\" \/>\n\t<meta property=\"og:image:type\" content=\"image\/jpeg\" \/>\n<meta name=\"twitter:card\" content=\"summary_large_image\" \/>\n<meta name=\"twitter:label1\" content=\"Est. reading time\" \/>\n\t<meta name=\"twitter:data1\" content=\"2 minutes\" \/>\n<script type=\"application\/ld+json\" class=\"yoast-schema-graph\">{\"@context\":\"https:\\\/\\\/schema.org\",\"@graph\":[{\"@type\":\"WebPage\",\"@id\":\"https:\\\/\\\/www.galerijamaticesrpske.rs\\\/lat\\\/events\\\/paja-jovanovic-i-gustav-klimt-jedna-epoha-dva-umetnika-tri-muzeja\\\/\",\"url\":\"https:\\\/\\\/www.galerijamaticesrpske.rs\\\/lat\\\/events\\\/paja-jovanovic-i-gustav-klimt-jedna-epoha-dva-umetnika-tri-muzeja\\\/\",\"name\":\"Paja Jovanovi\u0107 i Gustav Klimt. Jedna epoha, dva umetnika, tri muzeja | Galerija Matice srpske\",\"isPartOf\":{\"@id\":\"https:\\\/\\\/www.galerijamaticesrpske.rs\\\/#website\"},\"primaryImageOfPage\":{\"@id\":\"https:\\\/\\\/www.galerijamaticesrpske.rs\\\/lat\\\/events\\\/paja-jovanovic-i-gustav-klimt-jedna-epoha-dva-umetnika-tri-muzeja\\\/#primaryimage\"},\"image\":{\"@id\":\"https:\\\/\\\/www.galerijamaticesrpske.rs\\\/lat\\\/events\\\/paja-jovanovic-i-gustav-klimt-jedna-epoha-dva-umetnika-tri-muzeja\\\/#primaryimage\"},\"thumbnailUrl\":\"https:\\\/\\\/www.galerijamaticesrpske.rs\\\/wp-content\\\/uploads\\\/2023\\\/10\\\/1920x800.jpg\",\"datePublished\":\"2023-10-07T08:32:12+00:00\",\"dateModified\":\"2024-01-31T13:13:49+00:00\",\"description\":\"Na izlo\u017ebi Paja Jovanovi\u0107 i Gustav Klimt. Jedna epoha, dva umetnika, tri muzeja predstavljena su tri \u017eenska portreta iz tri muzeja: Galerije Matice srpske, Umetni\u010dko-istorijskog muzeja u Be\u010du i Galerije Belvedere.\",\"breadcrumb\":{\"@id\":\"https:\\\/\\\/www.galerijamaticesrpske.rs\\\/lat\\\/events\\\/paja-jovanovic-i-gustav-klimt-jedna-epoha-dva-umetnika-tri-muzeja\\\/#breadcrumb\"},\"inLanguage\":\"sr-LAT\",\"potentialAction\":[{\"@type\":\"ReadAction\",\"target\":[\"https:\\\/\\\/www.galerijamaticesrpske.rs\\\/lat\\\/events\\\/paja-jovanovic-i-gustav-klimt-jedna-epoha-dva-umetnika-tri-muzeja\\\/\"]}]},{\"@type\":\"ImageObject\",\"inLanguage\":\"sr-LAT\",\"@id\":\"https:\\\/\\\/www.galerijamaticesrpske.rs\\\/lat\\\/events\\\/paja-jovanovic-i-gustav-klimt-jedna-epoha-dva-umetnika-tri-muzeja\\\/#primaryimage\",\"url\":\"https:\\\/\\\/www.galerijamaticesrpske.rs\\\/wp-content\\\/uploads\\\/2023\\\/10\\\/1920x800.jpg\",\"contentUrl\":\"https:\\\/\\\/www.galerijamaticesrpske.rs\\\/wp-content\\\/uploads\\\/2023\\\/10\\\/1920x800.jpg\",\"width\":1920,\"height\":800},{\"@type\":\"BreadcrumbList\",\"@id\":\"https:\\\/\\\/www.galerijamaticesrpske.rs\\\/lat\\\/events\\\/paja-jovanovic-i-gustav-klimt-jedna-epoha-dva-umetnika-tri-muzeja\\\/#breadcrumb\",\"itemListElement\":[{\"@type\":\"ListItem\",\"position\":1,\"name\":\"\u041f\u043e\u0447\u0435\u0442\u043d\u0430\",\"item\":\"http:\\\/\\\/www.galerijamaticesrpske.rs\\\/lat\\\/\"},{\"@type\":\"ListItem\",\"position\":2,\"name\":\"Events\",\"item\":\"http:\\\/\\\/www.galerijamaticesrpske.rs\\\/lat\\\/events\\\/\"},{\"@type\":\"ListItem\",\"position\":3,\"name\":\"Paja Jovanovi\u0107 i Gustav Klimt. Jedna epoha, dva umetnika, tri muzeja\"}]},{\"@type\":\"WebSite\",\"@id\":\"https:\\\/\\\/www.galerijamaticesrpske.rs\\\/#website\",\"url\":\"https:\\\/\\\/www.galerijamaticesrpske.rs\\\/\",\"name\":\"Galerija Matice srpske\",\"description\":\"Muzej srpske nacionalne umetnosti u Novom Sadu\",\"publisher\":{\"@id\":\"https:\\\/\\\/www.galerijamaticesrpske.rs\\\/#organization\"},\"potentialAction\":[{\"@type\":\"SearchAction\",\"target\":{\"@type\":\"EntryPoint\",\"urlTemplate\":\"https:\\\/\\\/www.galerijamaticesrpske.rs\\\/?s={search_term_string}\"},\"query-input\":{\"@type\":\"PropertyValueSpecification\",\"valueRequired\":true,\"valueName\":\"search_term_string\"}}],\"inLanguage\":\"sr-LAT\"},{\"@type\":\"Organization\",\"@id\":\"https:\\\/\\\/www.galerijamaticesrpske.rs\\\/#organization\",\"name\":\"Galerija Matice srpske\",\"url\":\"https:\\\/\\\/www.galerijamaticesrpske.rs\\\/\",\"logo\":{\"@type\":\"ImageObject\",\"inLanguage\":\"sr-LAT\",\"@id\":\"https:\\\/\\\/www.galerijamaticesrpske.rs\\\/#\\\/schema\\\/logo\\\/image\\\/\",\"url\":\"https:\\\/\\\/www.galerijamaticesrpske.rs\\\/wp-content\\\/uploads\\\/2021\\\/01\\\/gms-logo-za-sajt.svg\",\"contentUrl\":\"https:\\\/\\\/www.galerijamaticesrpske.rs\\\/wp-content\\\/uploads\\\/2021\\\/01\\\/gms-logo-za-sajt.svg\",\"width\":1,\"height\":1,\"caption\":\"Galerija Matice srpske\"},\"image\":{\"@id\":\"https:\\\/\\\/www.galerijamaticesrpske.rs\\\/#\\\/schema\\\/logo\\\/image\\\/\"}}]}<\/script>\n<!-- \/ Yoast SEO plugin. -->","yoast_head_json":{"title":"Paja Jovanovi\u0107 i Gustav Klimt. Jedna epoha, dva umetnika, tri muzeja | Galerija Matice srpske","description":"Na izlo\u017ebi Paja Jovanovi\u0107 i Gustav Klimt. Jedna epoha, dva umetnika, tri muzeja predstavljena su tri \u017eenska portreta iz tri muzeja: Galerije Matice srpske, Umetni\u010dko-istorijskog muzeja u Be\u010du i Galerije Belvedere.","robots":{"index":"index","follow":"follow","max-snippet":"max-snippet:-1","max-image-preview":"max-image-preview:large","max-video-preview":"max-video-preview:-1"},"canonical":"https:\/\/www.galerijamaticesrpske.rs\/lat\/events\/paja-jovanovic-i-gustav-klimt-jedna-epoha-dva-umetnika-tri-muzeja\/","og_locale":"en_US","og_type":"article","og_title":"Paja Jovanovi\u0107 i Gustav Klimt. Jedna epoha, dva umetnika, tri muzeja | Galerija Matice srpske","og_description":"Na izlo\u017ebi Paja Jovanovi\u0107 i Gustav Klimt. Jedna epoha, dva umetnika, tri muzeja predstavljena su tri \u017eenska portreta iz tri muzeja: Galerije Matice srpske, Umetni\u010dko-istorijskog muzeja u Be\u010du i Galerije Belvedere.","og_url":"https:\/\/www.galerijamaticesrpske.rs\/lat\/events\/paja-jovanovic-i-gustav-klimt-jedna-epoha-dva-umetnika-tri-muzeja\/","og_site_name":"Galerija Matice srpske","article_modified_time":"2024-01-31T13:13:49+00:00","og_image":[{"width":1920,"height":800,"url":"https:\/\/www.galerijamaticesrpske.rs\/wp-content\/uploads\/2023\/10\/1920x800.jpg","type":"image\/jpeg"}],"twitter_card":"summary_large_image","twitter_misc":{"Est. reading time":"2 minutes"},"schema":{"@context":"https:\/\/schema.org","@graph":[{"@type":"WebPage","@id":"https:\/\/www.galerijamaticesrpske.rs\/lat\/events\/paja-jovanovic-i-gustav-klimt-jedna-epoha-dva-umetnika-tri-muzeja\/","url":"https:\/\/www.galerijamaticesrpske.rs\/lat\/events\/paja-jovanovic-i-gustav-klimt-jedna-epoha-dva-umetnika-tri-muzeja\/","name":"Paja Jovanovi\u0107 i Gustav Klimt. Jedna epoha, dva umetnika, tri muzeja | Galerija Matice srpske","isPartOf":{"@id":"https:\/\/www.galerijamaticesrpske.rs\/#website"},"primaryImageOfPage":{"@id":"https:\/\/www.galerijamaticesrpske.rs\/lat\/events\/paja-jovanovic-i-gustav-klimt-jedna-epoha-dva-umetnika-tri-muzeja\/#primaryimage"},"image":{"@id":"https:\/\/www.galerijamaticesrpske.rs\/lat\/events\/paja-jovanovic-i-gustav-klimt-jedna-epoha-dva-umetnika-tri-muzeja\/#primaryimage"},"thumbnailUrl":"https:\/\/www.galerijamaticesrpske.rs\/wp-content\/uploads\/2023\/10\/1920x800.jpg","datePublished":"2023-10-07T08:32:12+00:00","dateModified":"2024-01-31T13:13:49+00:00","description":"Na izlo\u017ebi Paja Jovanovi\u0107 i Gustav Klimt. Jedna epoha, dva umetnika, tri muzeja predstavljena su tri \u017eenska portreta iz tri muzeja: Galerije Matice srpske, Umetni\u010dko-istorijskog muzeja u Be\u010du i Galerije Belvedere.","breadcrumb":{"@id":"https:\/\/www.galerijamaticesrpske.rs\/lat\/events\/paja-jovanovic-i-gustav-klimt-jedna-epoha-dva-umetnika-tri-muzeja\/#breadcrumb"},"inLanguage":"sr-LAT","potentialAction":[{"@type":"ReadAction","target":["https:\/\/www.galerijamaticesrpske.rs\/lat\/events\/paja-jovanovic-i-gustav-klimt-jedna-epoha-dva-umetnika-tri-muzeja\/"]}]},{"@type":"ImageObject","inLanguage":"sr-LAT","@id":"https:\/\/www.galerijamaticesrpske.rs\/lat\/events\/paja-jovanovic-i-gustav-klimt-jedna-epoha-dva-umetnika-tri-muzeja\/#primaryimage","url":"https:\/\/www.galerijamaticesrpske.rs\/wp-content\/uploads\/2023\/10\/1920x800.jpg","contentUrl":"https:\/\/www.galerijamaticesrpske.rs\/wp-content\/uploads\/2023\/10\/1920x800.jpg","width":1920,"height":800},{"@type":"BreadcrumbList","@id":"https:\/\/www.galerijamaticesrpske.rs\/lat\/events\/paja-jovanovic-i-gustav-klimt-jedna-epoha-dva-umetnika-tri-muzeja\/#breadcrumb","itemListElement":[{"@type":"ListItem","position":1,"name":"\u041f\u043e\u0447\u0435\u0442\u043d\u0430","item":"http:\/\/www.galerijamaticesrpske.rs\/lat\/"},{"@type":"ListItem","position":2,"name":"Events","item":"http:\/\/www.galerijamaticesrpske.rs\/lat\/events\/"},{"@type":"ListItem","position":3,"name":"Paja Jovanovi\u0107 i Gustav Klimt. Jedna epoha, dva umetnika, tri muzeja"}]},{"@type":"WebSite","@id":"https:\/\/www.galerijamaticesrpske.rs\/#website","url":"https:\/\/www.galerijamaticesrpske.rs\/","name":"Galerija Matice srpske","description":"Muzej srpske nacionalne umetnosti u Novom Sadu","publisher":{"@id":"https:\/\/www.galerijamaticesrpske.rs\/#organization"},"potentialAction":[{"@type":"SearchAction","target":{"@type":"EntryPoint","urlTemplate":"https:\/\/www.galerijamaticesrpske.rs\/?s={search_term_string}"},"query-input":{"@type":"PropertyValueSpecification","valueRequired":true,"valueName":"search_term_string"}}],"inLanguage":"sr-LAT"},{"@type":"Organization","@id":"https:\/\/www.galerijamaticesrpske.rs\/#organization","name":"Galerija Matice srpske","url":"https:\/\/www.galerijamaticesrpske.rs\/","logo":{"@type":"ImageObject","inLanguage":"sr-LAT","@id":"https:\/\/www.galerijamaticesrpske.rs\/#\/schema\/logo\/image\/","url":"https:\/\/www.galerijamaticesrpske.rs\/wp-content\/uploads\/2021\/01\/gms-logo-za-sajt.svg","contentUrl":"https:\/\/www.galerijamaticesrpske.rs\/wp-content\/uploads\/2021\/01\/gms-logo-za-sajt.svg","width":1,"height":1,"caption":"Galerija Matice srpske"},"image":{"@id":"https:\/\/www.galerijamaticesrpske.rs\/#\/schema\/logo\/image\/"}}]}},"_links":{"self":[{"href":"https:\/\/www.galerijamaticesrpske.rs\/lat\/wp-json\/wp\/v2\/mec-events\/12102","targetHints":{"allow":["GET"]}}],"collection":[{"href":"https:\/\/www.galerijamaticesrpske.rs\/lat\/wp-json\/wp\/v2\/mec-events"}],"about":[{"href":"https:\/\/www.galerijamaticesrpske.rs\/lat\/wp-json\/wp\/v2\/types\/mec-events"}],"author":[{"embeddable":true,"href":"https:\/\/www.galerijamaticesrpske.rs\/lat\/wp-json\/wp\/v2\/users\/2"}],"replies":[{"embeddable":true,"href":"https:\/\/www.galerijamaticesrpske.rs\/lat\/wp-json\/wp\/v2\/comments?post=12102"}],"wp:featuredmedia":[{"embeddable":true,"href":"https:\/\/www.galerijamaticesrpske.rs\/lat\/wp-json\/wp\/v2\/media\/12079"}],"wp:attachment":[{"href":"https:\/\/www.galerijamaticesrpske.rs\/lat\/wp-json\/wp\/v2\/media?parent=12102"}],"wp:term":[{"taxonomy":"post_tag","embeddable":true,"href":"https:\/\/www.galerijamaticesrpske.rs\/lat\/wp-json\/wp\/v2\/tags?post=12102"},{"taxonomy":"mec_category","embeddable":true,"href":"https:\/\/www.galerijamaticesrpske.rs\/lat\/wp-json\/wp\/v2\/mec_category?post=12102"}],"curies":[{"name":"wp","href":"https:\/\/api.w.org\/{rel}","templated":true}]}}