{"id":12168,"date":"2023-10-18T07:52:12","date_gmt":"2023-10-18T07:52:12","guid":{"rendered":"https:\/\/www.galerijamaticesrpske.rs\/?post_type=mec-events&#038;p=12168"},"modified":"2023-10-18T07:52:12","modified_gmt":"2023-10-18T07:52:12","slug":"cvetanje-carskog-grada-2","status":"publish","type":"mec-events","link":"https:\/\/www.galerijamaticesrpske.rs\/lat\/events\/cvetanje-carskog-grada-2\/","title":{"rendered":"Cvetanje carskog grada"},"content":{"rendered":"<p><strong>Od oktobra 2023. godine u Galeriji Matice srpske<\/strong> po\u010dinje realizacija prve sezone <strong>edukativno-kreativnih radionica za stariju decu uzrasta od 11 do 14 godina<\/strong>. Radionice \u0107e se realizovati <strong>subotom u periodu od 16.00 do 17.30 \u010dasova<\/strong>. Teme radionica \u0107e se odnositi na aktuelne izlo\u017ebe u Galeriji Matice srpske. Prvi dvomese\u010dni ciklus radionica za stariju decu pod nazivom<strong><em> Umetnost na be\u010dki na\u010din<\/em><\/strong> bi\u0107e posve\u0107en izlo\u017ebi <em>Paja Jovanovi\u0107 i Gustav Klimt. Jedna epoha, dva umetnika, tri muzeja<\/em>. Ideja je da se deca tokom radionica putem primene razli\u010ditih umetni\u010dkih metoda upoznaju sa temom izlo\u017ebe. Prva radionica u oktobru bi\u0107e edukativno-kreativnog karaktera i tokom nje \u0107e se deca upoznati sa gradom Be\u010dom izme\u0111u 19. i 20 veka, kada se u posebnim umetni\u010dkim krugovima razvija novi pravac u umetnosti \u2013 <em>secesija<\/em>. Naredne dve subote bi\u0107e realizovane dve dramske radionice u saradnji sa Centrom za pozori\u0161na istra\u017eivanja na kojima \u0107e deca putem metoda primenjene drame istra\u017eivati izlo\u017eene portrete Paje Jovanovi\u0107a i Gustava Klimta. Sledi\u0107e dve likovne radionice u novembru, posve\u0107ene likovnom izra\u017eavanju dva slikara, koje \u0107e realizovati slikar i konzervator Galerije Matice srpske, Uro\u0161 Miri\u0107. Poslednja radionica u novembru i ujedno poslednja radionica ovog ciklusa bi\u0107e posve\u0107ena modi izme\u0111u dva veka.<\/p>\n<p>Tokom edukativno-kreativne radionice pod nazivom <strong><em>Cvetanje carskog grada<\/em><\/strong>, deca \u0107e upoznati nekada\u0161nju prestonicu Austrougarske monarhije \u2013 Be\u010d, u razdoblju izme\u0111u 19. i 20. veka. Putem razgovora i virtuelne \u0161etnje kroz tada izgra\u0111eni Ring bulevar, deca \u0107e otkriti karakteristike ovog istorijskog perioda u Be\u010du i modernog pravca u umetnosti \u2013 secesije. Zatim \u0107e, u kreativnom delu radionice, uz pomo\u0107 muzejskog edukatora, izraditi i ukrasiti zlatnim cvetnim motivima kupolu koja krasi vrh Doma Secesije u Be\u010du.<\/p>\n<p>Radionice se realizuju za <strong>maksimalno 15 dece uzrasta od 11 do 14 godina<\/strong>. Dete mo\u017eete prijaviti putem linka koji se nalazi ispod opisa radionice. Ulaz na radionicu iznosi <strong>200 dinara po detetu<\/strong>.<\/p>\n","protected":false},"excerpt":{"rendered":"<p>Od oktobra 2023. godine u Galeriji Matice srpske po\u010dinje realizacija prve sezone edukativno-kreativnih radionica za stariju decu uzrasta od 11 do 14 godina. Radionice \u0107e se realizovati subotom u periodu od 16.00 do 17.30 \u010dasova. Teme radionica \u0107e se odnositi na aktuelne izlo\u017ebe u Galeriji Matice srpske. Prvi dvomese\u010dni ciklus radionica za stariju decu pod<\/p>\n","protected":false},"author":2,"featured_media":12167,"comment_status":"closed","ping_status":"closed","template":"","tags":[],"mec_category":[104],"class_list":["post-12168","mec-events","type-mec-events","status-publish","has-post-thumbnail","hentry","mec_category-kreativne-radionice-za-decu-subotom"],"acf":[],"yoast_head":"<!-- This site is optimized with the Yoast SEO plugin v27.3 - https:\/\/yoast.com\/product\/yoast-seo-wordpress\/ -->\n<title>Cvetanje carskog grada | Galerija Matice srpske<\/title>\n<meta name=\"description\" content=\"Od oktobra 2023. godine u Galeriji Matice srpske po\u010dinje realizacija prve sezone edukativno-kreativnih radionica za stariju decu uzrasta od 11 do 14 godina. Radionice \u0107e se realizovati subotom u periodu od 16.00 do 17.30 \u010dasova.\" \/>\n<meta name=\"robots\" content=\"index, follow, max-snippet:-1, max-image-preview:large, max-video-preview:-1\" \/>\n<link rel=\"canonical\" href=\"https:\/\/www.galerijamaticesrpske.rs\/lat\/events\/cvetanje-carskog-grada-2\/\" \/>\n<meta property=\"og:locale\" content=\"en_US\" \/>\n<meta property=\"og:type\" content=\"article\" \/>\n<meta property=\"og:title\" content=\"Cvetanje carskog grada | Galerija Matice srpske\" \/>\n<meta property=\"og:description\" content=\"Od oktobra 2023. godine u Galeriji Matice srpske po\u010dinje realizacija prve sezone edukativno-kreativnih radionica za stariju decu uzrasta od 11 do 14 godina. Radionice \u0107e se realizovati subotom u periodu od 16.00 do 17.30 \u010dasova.\" \/>\n<meta property=\"og:url\" content=\"https:\/\/www.galerijamaticesrpske.rs\/lat\/events\/cvetanje-carskog-grada-2\/\" \/>\n<meta property=\"og:site_name\" content=\"Galerija Matice srpske\" \/>\n<meta property=\"og:image\" content=\"https:\/\/www.galerijamaticesrpske.rs\/wp-content\/uploads\/2023\/10\/nenaslovljeni-dizajn-1-1024x427.png\" \/>\n\t<meta property=\"og:image:width\" content=\"1024\" \/>\n\t<meta property=\"og:image:height\" content=\"427\" \/>\n\t<meta property=\"og:image:type\" content=\"image\/png\" \/>\n<meta name=\"twitter:card\" content=\"summary_large_image\" \/>\n<meta name=\"twitter:label1\" content=\"Est. reading time\" \/>\n\t<meta name=\"twitter:data1\" content=\"2 minutes\" \/>\n<script type=\"application\/ld+json\" class=\"yoast-schema-graph\">{\"@context\":\"https:\\\/\\\/schema.org\",\"@graph\":[{\"@type\":\"WebPage\",\"@id\":\"https:\\\/\\\/www.galerijamaticesrpske.rs\\\/lat\\\/events\\\/cvetanje-carskog-grada-2\\\/\",\"url\":\"https:\\\/\\\/www.galerijamaticesrpske.rs\\\/lat\\\/events\\\/cvetanje-carskog-grada-2\\\/\",\"name\":\"Cvetanje carskog grada | Galerija Matice srpske\",\"isPartOf\":{\"@id\":\"https:\\\/\\\/www.galerijamaticesrpske.rs\\\/#website\"},\"primaryImageOfPage\":{\"@id\":\"https:\\\/\\\/www.galerijamaticesrpske.rs\\\/lat\\\/events\\\/cvetanje-carskog-grada-2\\\/#primaryimage\"},\"image\":{\"@id\":\"https:\\\/\\\/www.galerijamaticesrpske.rs\\\/lat\\\/events\\\/cvetanje-carskog-grada-2\\\/#primaryimage\"},\"thumbnailUrl\":\"https:\\\/\\\/www.galerijamaticesrpske.rs\\\/wp-content\\\/uploads\\\/2023\\\/10\\\/nenaslovljeni-dizajn-1.png\",\"datePublished\":\"2023-10-18T07:52:12+00:00\",\"description\":\"Od oktobra 2023. godine u Galeriji Matice srpske po\u010dinje realizacija prve sezone edukativno-kreativnih radionica za stariju decu uzrasta od 11 do 14 godina. Radionice \u0107e se realizovati subotom u periodu od 16.00 do 17.30 \u010dasova.\",\"breadcrumb\":{\"@id\":\"https:\\\/\\\/www.galerijamaticesrpske.rs\\\/lat\\\/events\\\/cvetanje-carskog-grada-2\\\/#breadcrumb\"},\"inLanguage\":\"sr-LAT\",\"potentialAction\":[{\"@type\":\"ReadAction\",\"target\":[\"https:\\\/\\\/www.galerijamaticesrpske.rs\\\/lat\\\/events\\\/cvetanje-carskog-grada-2\\\/\"]}]},{\"@type\":\"ImageObject\",\"inLanguage\":\"sr-LAT\",\"@id\":\"https:\\\/\\\/www.galerijamaticesrpske.rs\\\/lat\\\/events\\\/cvetanje-carskog-grada-2\\\/#primaryimage\",\"url\":\"https:\\\/\\\/www.galerijamaticesrpske.rs\\\/wp-content\\\/uploads\\\/2023\\\/10\\\/nenaslovljeni-dizajn-1.png\",\"contentUrl\":\"https:\\\/\\\/www.galerijamaticesrpske.rs\\\/wp-content\\\/uploads\\\/2023\\\/10\\\/nenaslovljeni-dizajn-1.png\",\"width\":1920,\"height\":800},{\"@type\":\"BreadcrumbList\",\"@id\":\"https:\\\/\\\/www.galerijamaticesrpske.rs\\\/lat\\\/events\\\/cvetanje-carskog-grada-2\\\/#breadcrumb\",\"itemListElement\":[{\"@type\":\"ListItem\",\"position\":1,\"name\":\"\u041f\u043e\u0447\u0435\u0442\u043d\u0430\",\"item\":\"http:\\\/\\\/www.galerijamaticesrpske.rs\\\/lat\\\/\"},{\"@type\":\"ListItem\",\"position\":2,\"name\":\"Events\",\"item\":\"http:\\\/\\\/www.galerijamaticesrpske.rs\\\/lat\\\/events\\\/\"},{\"@type\":\"ListItem\",\"position\":3,\"name\":\"Cvetanje carskog grada\"}]},{\"@type\":\"WebSite\",\"@id\":\"https:\\\/\\\/www.galerijamaticesrpske.rs\\\/#website\",\"url\":\"https:\\\/\\\/www.galerijamaticesrpske.rs\\\/\",\"name\":\"Galerija Matice srpske\",\"description\":\"Muzej srpske nacionalne umetnosti u Novom Sadu\",\"publisher\":{\"@id\":\"https:\\\/\\\/www.galerijamaticesrpske.rs\\\/#organization\"},\"potentialAction\":[{\"@type\":\"SearchAction\",\"target\":{\"@type\":\"EntryPoint\",\"urlTemplate\":\"https:\\\/\\\/www.galerijamaticesrpske.rs\\\/?s={search_term_string}\"},\"query-input\":{\"@type\":\"PropertyValueSpecification\",\"valueRequired\":true,\"valueName\":\"search_term_string\"}}],\"inLanguage\":\"sr-LAT\"},{\"@type\":\"Organization\",\"@id\":\"https:\\\/\\\/www.galerijamaticesrpske.rs\\\/#organization\",\"name\":\"Galerija Matice srpske\",\"url\":\"https:\\\/\\\/www.galerijamaticesrpske.rs\\\/\",\"logo\":{\"@type\":\"ImageObject\",\"inLanguage\":\"sr-LAT\",\"@id\":\"https:\\\/\\\/www.galerijamaticesrpske.rs\\\/#\\\/schema\\\/logo\\\/image\\\/\",\"url\":\"https:\\\/\\\/www.galerijamaticesrpske.rs\\\/wp-content\\\/uploads\\\/2021\\\/01\\\/gms-logo-za-sajt.svg\",\"contentUrl\":\"https:\\\/\\\/www.galerijamaticesrpske.rs\\\/wp-content\\\/uploads\\\/2021\\\/01\\\/gms-logo-za-sajt.svg\",\"width\":1,\"height\":1,\"caption\":\"Galerija Matice srpske\"},\"image\":{\"@id\":\"https:\\\/\\\/www.galerijamaticesrpske.rs\\\/#\\\/schema\\\/logo\\\/image\\\/\"}}]}<\/script>\n<!-- \/ Yoast SEO plugin. -->","yoast_head_json":{"title":"Cvetanje carskog grada | Galerija Matice srpske","description":"Od oktobra 2023. godine u Galeriji Matice srpske po\u010dinje realizacija prve sezone edukativno-kreativnih radionica za stariju decu uzrasta od 11 do 14 godina. Radionice \u0107e se realizovati subotom u periodu od 16.00 do 17.30 \u010dasova.","robots":{"index":"index","follow":"follow","max-snippet":"max-snippet:-1","max-image-preview":"max-image-preview:large","max-video-preview":"max-video-preview:-1"},"canonical":"https:\/\/www.galerijamaticesrpske.rs\/lat\/events\/cvetanje-carskog-grada-2\/","og_locale":"en_US","og_type":"article","og_title":"Cvetanje carskog grada | Galerija Matice srpske","og_description":"Od oktobra 2023. godine u Galeriji Matice srpske po\u010dinje realizacija prve sezone edukativno-kreativnih radionica za stariju decu uzrasta od 11 do 14 godina. Radionice \u0107e se realizovati subotom u periodu od 16.00 do 17.30 \u010dasova.","og_url":"https:\/\/www.galerijamaticesrpske.rs\/lat\/events\/cvetanje-carskog-grada-2\/","og_site_name":"Galerija Matice srpske","og_image":[{"width":1024,"height":427,"url":"https:\/\/www.galerijamaticesrpske.rs\/wp-content\/uploads\/2023\/10\/nenaslovljeni-dizajn-1-1024x427.png","type":"image\/png"}],"twitter_card":"summary_large_image","twitter_misc":{"Est. reading time":"2 minutes"},"schema":{"@context":"https:\/\/schema.org","@graph":[{"@type":"WebPage","@id":"https:\/\/www.galerijamaticesrpske.rs\/lat\/events\/cvetanje-carskog-grada-2\/","url":"https:\/\/www.galerijamaticesrpske.rs\/lat\/events\/cvetanje-carskog-grada-2\/","name":"Cvetanje carskog grada | Galerija Matice srpske","isPartOf":{"@id":"https:\/\/www.galerijamaticesrpske.rs\/#website"},"primaryImageOfPage":{"@id":"https:\/\/www.galerijamaticesrpske.rs\/lat\/events\/cvetanje-carskog-grada-2\/#primaryimage"},"image":{"@id":"https:\/\/www.galerijamaticesrpske.rs\/lat\/events\/cvetanje-carskog-grada-2\/#primaryimage"},"thumbnailUrl":"https:\/\/www.galerijamaticesrpske.rs\/wp-content\/uploads\/2023\/10\/nenaslovljeni-dizajn-1.png","datePublished":"2023-10-18T07:52:12+00:00","description":"Od oktobra 2023. godine u Galeriji Matice srpske po\u010dinje realizacija prve sezone edukativno-kreativnih radionica za stariju decu uzrasta od 11 do 14 godina. Radionice \u0107e se realizovati subotom u periodu od 16.00 do 17.30 \u010dasova.","breadcrumb":{"@id":"https:\/\/www.galerijamaticesrpske.rs\/lat\/events\/cvetanje-carskog-grada-2\/#breadcrumb"},"inLanguage":"sr-LAT","potentialAction":[{"@type":"ReadAction","target":["https:\/\/www.galerijamaticesrpske.rs\/lat\/events\/cvetanje-carskog-grada-2\/"]}]},{"@type":"ImageObject","inLanguage":"sr-LAT","@id":"https:\/\/www.galerijamaticesrpske.rs\/lat\/events\/cvetanje-carskog-grada-2\/#primaryimage","url":"https:\/\/www.galerijamaticesrpske.rs\/wp-content\/uploads\/2023\/10\/nenaslovljeni-dizajn-1.png","contentUrl":"https:\/\/www.galerijamaticesrpske.rs\/wp-content\/uploads\/2023\/10\/nenaslovljeni-dizajn-1.png","width":1920,"height":800},{"@type":"BreadcrumbList","@id":"https:\/\/www.galerijamaticesrpske.rs\/lat\/events\/cvetanje-carskog-grada-2\/#breadcrumb","itemListElement":[{"@type":"ListItem","position":1,"name":"\u041f\u043e\u0447\u0435\u0442\u043d\u0430","item":"http:\/\/www.galerijamaticesrpske.rs\/lat\/"},{"@type":"ListItem","position":2,"name":"Events","item":"http:\/\/www.galerijamaticesrpske.rs\/lat\/events\/"},{"@type":"ListItem","position":3,"name":"Cvetanje carskog grada"}]},{"@type":"WebSite","@id":"https:\/\/www.galerijamaticesrpske.rs\/#website","url":"https:\/\/www.galerijamaticesrpske.rs\/","name":"Galerija Matice srpske","description":"Muzej srpske nacionalne umetnosti u Novom Sadu","publisher":{"@id":"https:\/\/www.galerijamaticesrpske.rs\/#organization"},"potentialAction":[{"@type":"SearchAction","target":{"@type":"EntryPoint","urlTemplate":"https:\/\/www.galerijamaticesrpske.rs\/?s={search_term_string}"},"query-input":{"@type":"PropertyValueSpecification","valueRequired":true,"valueName":"search_term_string"}}],"inLanguage":"sr-LAT"},{"@type":"Organization","@id":"https:\/\/www.galerijamaticesrpske.rs\/#organization","name":"Galerija Matice srpske","url":"https:\/\/www.galerijamaticesrpske.rs\/","logo":{"@type":"ImageObject","inLanguage":"sr-LAT","@id":"https:\/\/www.galerijamaticesrpske.rs\/#\/schema\/logo\/image\/","url":"https:\/\/www.galerijamaticesrpske.rs\/wp-content\/uploads\/2021\/01\/gms-logo-za-sajt.svg","contentUrl":"https:\/\/www.galerijamaticesrpske.rs\/wp-content\/uploads\/2021\/01\/gms-logo-za-sajt.svg","width":1,"height":1,"caption":"Galerija Matice srpske"},"image":{"@id":"https:\/\/www.galerijamaticesrpske.rs\/#\/schema\/logo\/image\/"}}]}},"_links":{"self":[{"href":"https:\/\/www.galerijamaticesrpske.rs\/lat\/wp-json\/wp\/v2\/mec-events\/12168","targetHints":{"allow":["GET"]}}],"collection":[{"href":"https:\/\/www.galerijamaticesrpske.rs\/lat\/wp-json\/wp\/v2\/mec-events"}],"about":[{"href":"https:\/\/www.galerijamaticesrpske.rs\/lat\/wp-json\/wp\/v2\/types\/mec-events"}],"author":[{"embeddable":true,"href":"https:\/\/www.galerijamaticesrpske.rs\/lat\/wp-json\/wp\/v2\/users\/2"}],"replies":[{"embeddable":true,"href":"https:\/\/www.galerijamaticesrpske.rs\/lat\/wp-json\/wp\/v2\/comments?post=12168"}],"wp:featuredmedia":[{"embeddable":true,"href":"https:\/\/www.galerijamaticesrpske.rs\/lat\/wp-json\/wp\/v2\/media\/12167"}],"wp:attachment":[{"href":"https:\/\/www.galerijamaticesrpske.rs\/lat\/wp-json\/wp\/v2\/media?parent=12168"}],"wp:term":[{"taxonomy":"post_tag","embeddable":true,"href":"https:\/\/www.galerijamaticesrpske.rs\/lat\/wp-json\/wp\/v2\/tags?post=12168"},{"taxonomy":"mec_category","embeddable":true,"href":"https:\/\/www.galerijamaticesrpske.rs\/lat\/wp-json\/wp\/v2\/mec_category?post=12168"}],"curies":[{"name":"wp","href":"https:\/\/api.w.org\/{rel}","templated":true}]}}