{"id":12273,"date":"2023-11-30T08:11:47","date_gmt":"2023-11-30T08:11:47","guid":{"rendered":"https:\/\/www.galerijamaticesrpske.rs\/?post_type=mec-events&#038;p=12273"},"modified":"2023-11-30T08:11:47","modified_gmt":"2023-11-30T08:11:47","slug":"dobar-dan-ja-sam-pomorisac-vasa-pomorisac","status":"publish","type":"mec-events","link":"https:\/\/www.galerijamaticesrpske.rs\/lat\/events\/dobar-dan-ja-sam-pomorisac-vasa-pomorisac\/","title":{"rendered":"Dobar dan, ja sam Pomori\u0161ac. Vasa Pomori\u0161ac"},"content":{"rendered":"<p>Tokom kreativnih radionica u decembru i februaru sa decom \u0107emo se uputiti u avaturu kroz \u010darobnu paletu manje poznatog, ali ne i manje zanimljivog slikara, Vase Pomori\u0161ca. Istra\u017euju\u0107i njegove crte\u017ee, slike i vitra\u017ee predstavljene na izlo\u017ebi <em>Pomori\u0161ac \u2013 Vasa Pomori\u0161ac<\/em>, sazna\u0107emo na kakva \u010dudesna putovanja se Vasa tokom svog \u017eivota zaputio i otkriti kako su te avanture uticale na njega i pomogle mu da postane jedinstven i ve\u0161t umetnik.<\/p>\n<p>Za po\u010detak na\u0161e avanture, ove subote 2. decembra, Vasa \u0107e nam se predstaviti kroz nekoliko izlo\u017eenih autoportreta tokom radionice pod nazivom <strong><em>Dobar dan, ja sam Pomori\u0161ac. Vasa Pomori\u0161ac<\/em><\/strong>. Me\u0111utim, s obzirom da slike ne mogu da govore, mora\u0107emo sami da otkrijemo \u0161ta je slikar hteo o sebi da nam ka\u017ee. U kreativnom delu radionice, deca \u0107e postati Vasa na jedan dan i naslika\u0107e svoj autoportret po uzoru na umetnika.<\/p>\n<p>Radionice se realizuju za <strong>maksimalno 15 mali\u0161ana uzrasta od 5 do 10 godina<\/strong>. Ulaz na radionicu iznosi <strong>200 dinara po detetu<\/strong>.<\/p>\n","protected":false},"excerpt":{"rendered":"<p>Tokom kreativnih radionica u decembru i februaru sa decom \u0107emo se uputiti u avaturu kroz \u010darobnu paletu manje poznatog, ali ne i manje zanimljivog slikara, Vase Pomori\u0161ca. Istra\u017euju\u0107i njegove crte\u017ee, slike i vitra\u017ee predstavljene na izlo\u017ebi Pomori\u0161ac \u2013 Vasa Pomori\u0161ac, sazna\u0107emo na kakva \u010dudesna putovanja se Vasa tokom svog \u017eivota zaputio i otkriti kako su<\/p>\n","protected":false},"author":2,"featured_media":12272,"comment_status":"closed","ping_status":"closed","template":"","tags":[],"mec_category":[104],"class_list":["post-12273","mec-events","type-mec-events","status-publish","has-post-thumbnail","hentry","mec_category-kreativne-radionice-za-decu-subotom"],"acf":[],"yoast_head":"<!-- This site is optimized with the Yoast SEO plugin v27.3 - https:\/\/yoast.com\/product\/yoast-seo-wordpress\/ -->\n<title>Dobar dan, ja sam Pomori\u0161ac. Vasa Pomori\u0161ac | Galerija Matice srpske<\/title>\n<meta name=\"description\" content=\"Tokom kreativnih radionica u decembru i februaru sa decom \u0107emo se uputiti u avaturu kroz \u010darobnu paletu manje poznatog, ali ne i manje zanimljivog slikara, Vase Pomori\u0161ca.\" \/>\n<meta name=\"robots\" content=\"index, follow, max-snippet:-1, max-image-preview:large, max-video-preview:-1\" \/>\n<link rel=\"canonical\" href=\"https:\/\/www.galerijamaticesrpske.rs\/lat\/events\/dobar-dan-ja-sam-pomorisac-vasa-pomorisac\/\" \/>\n<meta property=\"og:locale\" content=\"en_US\" \/>\n<meta property=\"og:type\" content=\"article\" \/>\n<meta property=\"og:title\" content=\"Dobar dan, ja sam Pomori\u0161ac. Vasa Pomori\u0161ac | Galerija Matice srpske\" \/>\n<meta property=\"og:description\" content=\"Tokom kreativnih radionica u decembru i februaru sa decom \u0107emo se uputiti u avaturu kroz \u010darobnu paletu manje poznatog, ali ne i manje zanimljivog slikara, Vase Pomori\u0161ca.\" \/>\n<meta property=\"og:url\" content=\"https:\/\/www.galerijamaticesrpske.rs\/lat\/events\/dobar-dan-ja-sam-pomorisac-vasa-pomorisac\/\" \/>\n<meta property=\"og:site_name\" content=\"Galerija Matice srpske\" \/>\n<meta property=\"og:image\" content=\"https:\/\/www.galerijamaticesrpske.rs\/wp-content\/uploads\/2023\/11\/nenaslovljeni-dizajn-1.png\" \/>\n\t<meta property=\"og:image:width\" content=\"940\" \/>\n\t<meta property=\"og:image:height\" content=\"788\" \/>\n\t<meta property=\"og:image:type\" content=\"image\/png\" \/>\n<meta name=\"twitter:card\" content=\"summary_large_image\" \/>\n<meta name=\"twitter:label1\" content=\"Est. reading time\" \/>\n\t<meta name=\"twitter:data1\" content=\"1 minute\" \/>\n<script type=\"application\/ld+json\" class=\"yoast-schema-graph\">{\"@context\":\"https:\\\/\\\/schema.org\",\"@graph\":[{\"@type\":\"WebPage\",\"@id\":\"https:\\\/\\\/www.galerijamaticesrpske.rs\\\/lat\\\/events\\\/dobar-dan-ja-sam-pomorisac-vasa-pomorisac\\\/\",\"url\":\"https:\\\/\\\/www.galerijamaticesrpske.rs\\\/lat\\\/events\\\/dobar-dan-ja-sam-pomorisac-vasa-pomorisac\\\/\",\"name\":\"Dobar dan, ja sam Pomori\u0161ac. Vasa Pomori\u0161ac | Galerija Matice srpske\",\"isPartOf\":{\"@id\":\"http:\\\/\\\/www.galerijamaticesrpske.rs\\\/en\\\/#website\"},\"primaryImageOfPage\":{\"@id\":\"https:\\\/\\\/www.galerijamaticesrpske.rs\\\/lat\\\/events\\\/dobar-dan-ja-sam-pomorisac-vasa-pomorisac\\\/#primaryimage\"},\"image\":{\"@id\":\"https:\\\/\\\/www.galerijamaticesrpske.rs\\\/lat\\\/events\\\/dobar-dan-ja-sam-pomorisac-vasa-pomorisac\\\/#primaryimage\"},\"thumbnailUrl\":\"https:\\\/\\\/www.galerijamaticesrpske.rs\\\/wp-content\\\/uploads\\\/2023\\\/11\\\/nenaslovljeni-dizajn-1.png\",\"datePublished\":\"2023-11-30T08:11:47+00:00\",\"description\":\"Tokom kreativnih radionica u decembru i februaru sa decom \u0107emo se uputiti u avaturu kroz \u010darobnu paletu manje poznatog, ali ne i manje zanimljivog slikara, Vase Pomori\u0161ca.\",\"breadcrumb\":{\"@id\":\"https:\\\/\\\/www.galerijamaticesrpske.rs\\\/lat\\\/events\\\/dobar-dan-ja-sam-pomorisac-vasa-pomorisac\\\/#breadcrumb\"},\"inLanguage\":\"sr-LAT\",\"potentialAction\":[{\"@type\":\"ReadAction\",\"target\":[\"https:\\\/\\\/www.galerijamaticesrpske.rs\\\/lat\\\/events\\\/dobar-dan-ja-sam-pomorisac-vasa-pomorisac\\\/\"]}]},{\"@type\":\"ImageObject\",\"inLanguage\":\"sr-LAT\",\"@id\":\"https:\\\/\\\/www.galerijamaticesrpske.rs\\\/lat\\\/events\\\/dobar-dan-ja-sam-pomorisac-vasa-pomorisac\\\/#primaryimage\",\"url\":\"https:\\\/\\\/www.galerijamaticesrpske.rs\\\/wp-content\\\/uploads\\\/2023\\\/11\\\/nenaslovljeni-dizajn-1.png\",\"contentUrl\":\"https:\\\/\\\/www.galerijamaticesrpske.rs\\\/wp-content\\\/uploads\\\/2023\\\/11\\\/nenaslovljeni-dizajn-1.png\",\"width\":940,\"height\":788},{\"@type\":\"BreadcrumbList\",\"@id\":\"https:\\\/\\\/www.galerijamaticesrpske.rs\\\/lat\\\/events\\\/dobar-dan-ja-sam-pomorisac-vasa-pomorisac\\\/#breadcrumb\",\"itemListElement\":[{\"@type\":\"ListItem\",\"position\":1,\"name\":\"\u041f\u043e\u0447\u0435\u0442\u043d\u0430\",\"item\":\"https:\\\/\\\/www.galerijamaticesrpske.rs\\\/lat\\\/\"},{\"@type\":\"ListItem\",\"position\":2,\"name\":\"Events\",\"item\":\"http:\\\/\\\/www.galerijamaticesrpske.rs\\\/en\\\/events\\\/\"},{\"@type\":\"ListItem\",\"position\":3,\"name\":\"Dobar dan, ja sam Pomori\u0161ac. Vasa Pomori\u0161ac\"}]},{\"@type\":\"WebSite\",\"@id\":\"http:\\\/\\\/www.galerijamaticesrpske.rs\\\/en\\\/#website\",\"url\":\"http:\\\/\\\/www.galerijamaticesrpske.rs\\\/en\\\/\",\"name\":\"Galerija Matice srpske\",\"description\":\"Muzej srpske nacionalne umetnosti u Novom Sadu\",\"publisher\":{\"@id\":\"http:\\\/\\\/www.galerijamaticesrpske.rs\\\/en\\\/#organization\"},\"potentialAction\":[{\"@type\":\"SearchAction\",\"target\":{\"@type\":\"EntryPoint\",\"urlTemplate\":\"http:\\\/\\\/www.galerijamaticesrpske.rs\\\/en\\\/?s={search_term_string}\"},\"query-input\":{\"@type\":\"PropertyValueSpecification\",\"valueRequired\":true,\"valueName\":\"search_term_string\"}}],\"inLanguage\":\"sr-LAT\"},{\"@type\":\"Organization\",\"@id\":\"http:\\\/\\\/www.galerijamaticesrpske.rs\\\/en\\\/#organization\",\"name\":\"Galerija Matice srpske\",\"url\":\"http:\\\/\\\/www.galerijamaticesrpske.rs\\\/en\\\/\",\"logo\":{\"@type\":\"ImageObject\",\"inLanguage\":\"sr-LAT\",\"@id\":\"http:\\\/\\\/www.galerijamaticesrpske.rs\\\/en\\\/#\\\/schema\\\/logo\\\/image\\\/\",\"url\":\"https:\\\/\\\/www.galerijamaticesrpske.rs\\\/wp-content\\\/uploads\\\/2021\\\/01\\\/gms-logo-za-sajt.svg\",\"contentUrl\":\"https:\\\/\\\/www.galerijamaticesrpske.rs\\\/wp-content\\\/uploads\\\/2021\\\/01\\\/gms-logo-za-sajt.svg\",\"width\":1,\"height\":1,\"caption\":\"Galerija Matice srpske\"},\"image\":{\"@id\":\"http:\\\/\\\/www.galerijamaticesrpske.rs\\\/en\\\/#\\\/schema\\\/logo\\\/image\\\/\"}}]}<\/script>\n<!-- \/ Yoast SEO plugin. -->","yoast_head_json":{"title":"Dobar dan, ja sam Pomori\u0161ac. Vasa Pomori\u0161ac | Galerija Matice srpske","description":"Tokom kreativnih radionica u decembru i februaru sa decom \u0107emo se uputiti u avaturu kroz \u010darobnu paletu manje poznatog, ali ne i manje zanimljivog slikara, Vase Pomori\u0161ca.","robots":{"index":"index","follow":"follow","max-snippet":"max-snippet:-1","max-image-preview":"max-image-preview:large","max-video-preview":"max-video-preview:-1"},"canonical":"https:\/\/www.galerijamaticesrpske.rs\/lat\/events\/dobar-dan-ja-sam-pomorisac-vasa-pomorisac\/","og_locale":"en_US","og_type":"article","og_title":"Dobar dan, ja sam Pomori\u0161ac. Vasa Pomori\u0161ac | Galerija Matice srpske","og_description":"Tokom kreativnih radionica u decembru i februaru sa decom \u0107emo se uputiti u avaturu kroz \u010darobnu paletu manje poznatog, ali ne i manje zanimljivog slikara, Vase Pomori\u0161ca.","og_url":"https:\/\/www.galerijamaticesrpske.rs\/lat\/events\/dobar-dan-ja-sam-pomorisac-vasa-pomorisac\/","og_site_name":"Galerija Matice srpske","og_image":[{"width":940,"height":788,"url":"https:\/\/www.galerijamaticesrpske.rs\/wp-content\/uploads\/2023\/11\/nenaslovljeni-dizajn-1.png","type":"image\/png"}],"twitter_card":"summary_large_image","twitter_misc":{"Est. reading time":"1 minute"},"schema":{"@context":"https:\/\/schema.org","@graph":[{"@type":"WebPage","@id":"https:\/\/www.galerijamaticesrpske.rs\/lat\/events\/dobar-dan-ja-sam-pomorisac-vasa-pomorisac\/","url":"https:\/\/www.galerijamaticesrpske.rs\/lat\/events\/dobar-dan-ja-sam-pomorisac-vasa-pomorisac\/","name":"Dobar dan, ja sam Pomori\u0161ac. Vasa Pomori\u0161ac | Galerija Matice srpske","isPartOf":{"@id":"http:\/\/www.galerijamaticesrpske.rs\/en\/#website"},"primaryImageOfPage":{"@id":"https:\/\/www.galerijamaticesrpske.rs\/lat\/events\/dobar-dan-ja-sam-pomorisac-vasa-pomorisac\/#primaryimage"},"image":{"@id":"https:\/\/www.galerijamaticesrpske.rs\/lat\/events\/dobar-dan-ja-sam-pomorisac-vasa-pomorisac\/#primaryimage"},"thumbnailUrl":"https:\/\/www.galerijamaticesrpske.rs\/wp-content\/uploads\/2023\/11\/nenaslovljeni-dizajn-1.png","datePublished":"2023-11-30T08:11:47+00:00","description":"Tokom kreativnih radionica u decembru i februaru sa decom \u0107emo se uputiti u avaturu kroz \u010darobnu paletu manje poznatog, ali ne i manje zanimljivog slikara, Vase Pomori\u0161ca.","breadcrumb":{"@id":"https:\/\/www.galerijamaticesrpske.rs\/lat\/events\/dobar-dan-ja-sam-pomorisac-vasa-pomorisac\/#breadcrumb"},"inLanguage":"sr-LAT","potentialAction":[{"@type":"ReadAction","target":["https:\/\/www.galerijamaticesrpske.rs\/lat\/events\/dobar-dan-ja-sam-pomorisac-vasa-pomorisac\/"]}]},{"@type":"ImageObject","inLanguage":"sr-LAT","@id":"https:\/\/www.galerijamaticesrpske.rs\/lat\/events\/dobar-dan-ja-sam-pomorisac-vasa-pomorisac\/#primaryimage","url":"https:\/\/www.galerijamaticesrpske.rs\/wp-content\/uploads\/2023\/11\/nenaslovljeni-dizajn-1.png","contentUrl":"https:\/\/www.galerijamaticesrpske.rs\/wp-content\/uploads\/2023\/11\/nenaslovljeni-dizajn-1.png","width":940,"height":788},{"@type":"BreadcrumbList","@id":"https:\/\/www.galerijamaticesrpske.rs\/lat\/events\/dobar-dan-ja-sam-pomorisac-vasa-pomorisac\/#breadcrumb","itemListElement":[{"@type":"ListItem","position":1,"name":"\u041f\u043e\u0447\u0435\u0442\u043d\u0430","item":"https:\/\/www.galerijamaticesrpske.rs\/lat\/"},{"@type":"ListItem","position":2,"name":"Events","item":"http:\/\/www.galerijamaticesrpske.rs\/en\/events\/"},{"@type":"ListItem","position":3,"name":"Dobar dan, ja sam Pomori\u0161ac. Vasa Pomori\u0161ac"}]},{"@type":"WebSite","@id":"http:\/\/www.galerijamaticesrpske.rs\/en\/#website","url":"http:\/\/www.galerijamaticesrpske.rs\/en\/","name":"Galerija Matice srpske","description":"Muzej srpske nacionalne umetnosti u Novom Sadu","publisher":{"@id":"http:\/\/www.galerijamaticesrpske.rs\/en\/#organization"},"potentialAction":[{"@type":"SearchAction","target":{"@type":"EntryPoint","urlTemplate":"http:\/\/www.galerijamaticesrpske.rs\/en\/?s={search_term_string}"},"query-input":{"@type":"PropertyValueSpecification","valueRequired":true,"valueName":"search_term_string"}}],"inLanguage":"sr-LAT"},{"@type":"Organization","@id":"http:\/\/www.galerijamaticesrpske.rs\/en\/#organization","name":"Galerija Matice srpske","url":"http:\/\/www.galerijamaticesrpske.rs\/en\/","logo":{"@type":"ImageObject","inLanguage":"sr-LAT","@id":"http:\/\/www.galerijamaticesrpske.rs\/en\/#\/schema\/logo\/image\/","url":"https:\/\/www.galerijamaticesrpske.rs\/wp-content\/uploads\/2021\/01\/gms-logo-za-sajt.svg","contentUrl":"https:\/\/www.galerijamaticesrpske.rs\/wp-content\/uploads\/2021\/01\/gms-logo-za-sajt.svg","width":1,"height":1,"caption":"Galerija Matice srpske"},"image":{"@id":"http:\/\/www.galerijamaticesrpske.rs\/en\/#\/schema\/logo\/image\/"}}]}},"_links":{"self":[{"href":"https:\/\/www.galerijamaticesrpske.rs\/lat\/wp-json\/wp\/v2\/mec-events\/12273","targetHints":{"allow":["GET"]}}],"collection":[{"href":"https:\/\/www.galerijamaticesrpske.rs\/lat\/wp-json\/wp\/v2\/mec-events"}],"about":[{"href":"https:\/\/www.galerijamaticesrpske.rs\/lat\/wp-json\/wp\/v2\/types\/mec-events"}],"author":[{"embeddable":true,"href":"https:\/\/www.galerijamaticesrpske.rs\/lat\/wp-json\/wp\/v2\/users\/2"}],"replies":[{"embeddable":true,"href":"https:\/\/www.galerijamaticesrpske.rs\/lat\/wp-json\/wp\/v2\/comments?post=12273"}],"wp:featuredmedia":[{"embeddable":true,"href":"https:\/\/www.galerijamaticesrpske.rs\/lat\/wp-json\/wp\/v2\/media\/12272"}],"wp:attachment":[{"href":"https:\/\/www.galerijamaticesrpske.rs\/lat\/wp-json\/wp\/v2\/media?parent=12273"}],"wp:term":[{"taxonomy":"post_tag","embeddable":true,"href":"https:\/\/www.galerijamaticesrpske.rs\/lat\/wp-json\/wp\/v2\/tags?post=12273"},{"taxonomy":"mec_category","embeddable":true,"href":"https:\/\/www.galerijamaticesrpske.rs\/lat\/wp-json\/wp\/v2\/mec_category?post=12273"}],"curies":[{"name":"wp","href":"https:\/\/api.w.org\/{rel}","templated":true}]}}