{"id":12275,"date":"2023-12-01T09:25:48","date_gmt":"2023-12-01T09:25:48","guid":{"rendered":"https:\/\/www.galerijamaticesrpske.rs\/?post_type=mec-events&#038;p=12275"},"modified":"2023-12-01T09:25:48","modified_gmt":"2023-12-01T09:25:48","slug":"ko-sam-ja","status":"publish","type":"mec-events","link":"https:\/\/www.galerijamaticesrpske.rs\/lat\/events\/ko-sam-ja\/","title":{"rendered":"Ko sam ja?"},"content":{"rendered":"<p>Tokom decembra i februara subotnja popodneva sa tinejd\u017eerima posveti\u0107emo se istra\u017eivanju aktuelne izlo\u017ebe <em>Pomori\u0161ac \u2013 Vasa Pomori\u0161ac<\/em>. Deca \u0107e imati priliku da se kroz raznovrsne, uzrastu prilago\u0111ene, metodolo\u0161ke pristupe i izlo\u017eena umetni\u010dka dela jednog manje poznatog, ali ne i manje zanimljivog i va\u017enog slikara, Vase Pomori\u0161ca, upoznaju sa razli\u010ditim temama i da ih preispituju. Tokom radionica, obradi\u0107e se teme identiteta, porodice, putovanja, preseljenja, li\u010dnog izra\u017eavanja.<\/p>\n<p>Ove subote, 2. decembra odr\u017ea\u0107e se radionica na temu identiteta pod nazivom <strong><em>Ko sam ja?<\/em><\/strong>. Koriste\u0107i <em>HearMe<\/em> metodologiju sklapanja Lego kockica, muzejski edukator \u0107e sa decom otvoriti temu identiteta i deca \u0107e putem modela koje budu napraili od kockica odgovoriti na pitanje postavljeno u nazivu radionice: Ko sam ja? Zatim \u0107e obi\u0107i izlo\u017ebu i kroz posmatranje nekoliko predstavljenih autoportreta Vase Pomori\u0161ca i razgovor sa muzejskim edukatorom, deca \u0107e imati priliku da se upoznaju sa umetnikom i na\u010dinom na koji je samog sebe predstavio. Povezuju\u0107i svoje modele sa slikama, promi\u0161lja\u0107e o tome \u0161ta mo\u017eemo kod ljudi primetiti kada posmatramo njihov izgled, a koje osobine nam ostaju skrivene i mo\u017eemo ih otkriti tek kada ulazimo u interakciju sa ljudima. Na kraju radionice, u\u010desnici \u0107e napraviti svoje autoportrete putem fotografije.<\/p>\n<p>Radionice se realizuju za <strong>maksimalno 15 u\u010desnika uzrasta od 11 do 14 godina<\/strong>. Ulaz na radionicu iznosi <strong>200 dinara po detetu<\/strong>.<\/p>\n","protected":false},"excerpt":{"rendered":"<p>Tokom decembra i februara subotnja popodneva sa tinejd\u017eerima posveti\u0107emo se istra\u017eivanju aktuelne izlo\u017ebe Pomori\u0161ac \u2013 Vasa Pomori\u0161ac. Deca \u0107e imati priliku da se kroz raznovrsne, uzrastu prilago\u0111ene, metodolo\u0161ke pristupe i izlo\u017eena umetni\u010dka dela jednog manje poznatog, ali ne i manje zanimljivog i va\u017enog slikara, Vase Pomori\u0161ca, upoznaju sa razli\u010ditim temama i da ih preispituju. Tokom<\/p>\n","protected":false},"author":2,"featured_media":12276,"comment_status":"closed","ping_status":"closed","template":"","tags":[],"mec_category":[104],"class_list":["post-12275","mec-events","type-mec-events","status-publish","has-post-thumbnail","hentry","mec_category-kreativne-radionice-za-decu-subotom"],"acf":[],"yoast_head":"<!-- This site is optimized with the Yoast SEO plugin v27.3 - https:\/\/yoast.com\/product\/yoast-seo-wordpress\/ -->\n<title>Ko sam ja? | Galerija Matice srpske<\/title>\n<meta name=\"description\" content=\"Tokom decembra i februara subotnja popodneva sa tinejd\u017eerima posveti\u0107emo se istra\u017eivanju aktuelne izlo\u017ebe Pomori\u0161ac \u2013 Vasa Pomori\u0161ac.\" \/>\n<meta name=\"robots\" content=\"index, follow, max-snippet:-1, max-image-preview:large, max-video-preview:-1\" \/>\n<link rel=\"canonical\" href=\"https:\/\/www.galerijamaticesrpske.rs\/lat\/events\/ko-sam-ja\/\" \/>\n<meta property=\"og:locale\" content=\"en_US\" \/>\n<meta property=\"og:type\" content=\"article\" \/>\n<meta property=\"og:title\" content=\"Ko sam ja? | Galerija Matice srpske\" \/>\n<meta property=\"og:description\" content=\"Tokom decembra i februara subotnja popodneva sa tinejd\u017eerima posveti\u0107emo se istra\u017eivanju aktuelne izlo\u017ebe Pomori\u0161ac \u2013 Vasa Pomori\u0161ac.\" \/>\n<meta property=\"og:url\" content=\"https:\/\/www.galerijamaticesrpske.rs\/lat\/events\/ko-sam-ja\/\" \/>\n<meta property=\"og:site_name\" content=\"Galerija Matice srpske\" \/>\n<meta property=\"og:image\" content=\"https:\/\/www.galerijamaticesrpske.rs\/wp-content\/uploads\/2023\/12\/hearme.jpg\" \/>\n\t<meta property=\"og:image:width\" content=\"960\" \/>\n\t<meta property=\"og:image:height\" content=\"640\" \/>\n\t<meta property=\"og:image:type\" content=\"image\/jpeg\" \/>\n<meta name=\"twitter:card\" content=\"summary_large_image\" \/>\n<meta name=\"twitter:label1\" content=\"Est. reading time\" \/>\n\t<meta name=\"twitter:data1\" content=\"1 minute\" \/>\n<script type=\"application\/ld+json\" class=\"yoast-schema-graph\">{\"@context\":\"https:\\\/\\\/schema.org\",\"@graph\":[{\"@type\":\"WebPage\",\"@id\":\"https:\\\/\\\/www.galerijamaticesrpske.rs\\\/lat\\\/events\\\/ko-sam-ja\\\/\",\"url\":\"https:\\\/\\\/www.galerijamaticesrpske.rs\\\/lat\\\/events\\\/ko-sam-ja\\\/\",\"name\":\"Ko sam ja? | Galerija Matice srpske\",\"isPartOf\":{\"@id\":\"https:\\\/\\\/www.galerijamaticesrpske.rs\\\/#website\"},\"primaryImageOfPage\":{\"@id\":\"https:\\\/\\\/www.galerijamaticesrpske.rs\\\/lat\\\/events\\\/ko-sam-ja\\\/#primaryimage\"},\"image\":{\"@id\":\"https:\\\/\\\/www.galerijamaticesrpske.rs\\\/lat\\\/events\\\/ko-sam-ja\\\/#primaryimage\"},\"thumbnailUrl\":\"https:\\\/\\\/www.galerijamaticesrpske.rs\\\/wp-content\\\/uploads\\\/2023\\\/12\\\/hearme.jpg\",\"datePublished\":\"2023-12-01T09:25:48+00:00\",\"description\":\"Tokom decembra i februara subotnja popodneva sa tinejd\u017eerima posveti\u0107emo se istra\u017eivanju aktuelne izlo\u017ebe Pomori\u0161ac \u2013 Vasa Pomori\u0161ac.\",\"breadcrumb\":{\"@id\":\"https:\\\/\\\/www.galerijamaticesrpske.rs\\\/lat\\\/events\\\/ko-sam-ja\\\/#breadcrumb\"},\"inLanguage\":\"sr-LAT\",\"potentialAction\":[{\"@type\":\"ReadAction\",\"target\":[\"https:\\\/\\\/www.galerijamaticesrpske.rs\\\/lat\\\/events\\\/ko-sam-ja\\\/\"]}]},{\"@type\":\"ImageObject\",\"inLanguage\":\"sr-LAT\",\"@id\":\"https:\\\/\\\/www.galerijamaticesrpske.rs\\\/lat\\\/events\\\/ko-sam-ja\\\/#primaryimage\",\"url\":\"https:\\\/\\\/www.galerijamaticesrpske.rs\\\/wp-content\\\/uploads\\\/2023\\\/12\\\/hearme.jpg\",\"contentUrl\":\"https:\\\/\\\/www.galerijamaticesrpske.rs\\\/wp-content\\\/uploads\\\/2023\\\/12\\\/hearme.jpg\",\"width\":960,\"height\":640},{\"@type\":\"BreadcrumbList\",\"@id\":\"https:\\\/\\\/www.galerijamaticesrpske.rs\\\/lat\\\/events\\\/ko-sam-ja\\\/#breadcrumb\",\"itemListElement\":[{\"@type\":\"ListItem\",\"position\":1,\"name\":\"\u041f\u043e\u0447\u0435\u0442\u043d\u0430\",\"item\":\"http:\\\/\\\/www.galerijamaticesrpske.rs\\\/lat\\\/\"},{\"@type\":\"ListItem\",\"position\":2,\"name\":\"Events\",\"item\":\"http:\\\/\\\/www.galerijamaticesrpske.rs\\\/lat\\\/events\\\/\"},{\"@type\":\"ListItem\",\"position\":3,\"name\":\"Ko sam ja?\"}]},{\"@type\":\"WebSite\",\"@id\":\"https:\\\/\\\/www.galerijamaticesrpske.rs\\\/#website\",\"url\":\"https:\\\/\\\/www.galerijamaticesrpske.rs\\\/\",\"name\":\"Galerija Matice srpske\",\"description\":\"Muzej srpske nacionalne umetnosti u Novom Sadu\",\"publisher\":{\"@id\":\"https:\\\/\\\/www.galerijamaticesrpske.rs\\\/#organization\"},\"potentialAction\":[{\"@type\":\"SearchAction\",\"target\":{\"@type\":\"EntryPoint\",\"urlTemplate\":\"https:\\\/\\\/www.galerijamaticesrpske.rs\\\/?s={search_term_string}\"},\"query-input\":{\"@type\":\"PropertyValueSpecification\",\"valueRequired\":true,\"valueName\":\"search_term_string\"}}],\"inLanguage\":\"sr-LAT\"},{\"@type\":\"Organization\",\"@id\":\"https:\\\/\\\/www.galerijamaticesrpske.rs\\\/#organization\",\"name\":\"Galerija Matice srpske\",\"url\":\"https:\\\/\\\/www.galerijamaticesrpske.rs\\\/\",\"logo\":{\"@type\":\"ImageObject\",\"inLanguage\":\"sr-LAT\",\"@id\":\"https:\\\/\\\/www.galerijamaticesrpske.rs\\\/#\\\/schema\\\/logo\\\/image\\\/\",\"url\":\"https:\\\/\\\/www.galerijamaticesrpske.rs\\\/wp-content\\\/uploads\\\/2021\\\/01\\\/gms-logo-za-sajt.svg\",\"contentUrl\":\"https:\\\/\\\/www.galerijamaticesrpske.rs\\\/wp-content\\\/uploads\\\/2021\\\/01\\\/gms-logo-za-sajt.svg\",\"width\":1,\"height\":1,\"caption\":\"Galerija Matice srpske\"},\"image\":{\"@id\":\"https:\\\/\\\/www.galerijamaticesrpske.rs\\\/#\\\/schema\\\/logo\\\/image\\\/\"}}]}<\/script>\n<!-- \/ Yoast SEO plugin. -->","yoast_head_json":{"title":"Ko sam ja? | Galerija Matice srpske","description":"Tokom decembra i februara subotnja popodneva sa tinejd\u017eerima posveti\u0107emo se istra\u017eivanju aktuelne izlo\u017ebe Pomori\u0161ac \u2013 Vasa Pomori\u0161ac.","robots":{"index":"index","follow":"follow","max-snippet":"max-snippet:-1","max-image-preview":"max-image-preview:large","max-video-preview":"max-video-preview:-1"},"canonical":"https:\/\/www.galerijamaticesrpske.rs\/lat\/events\/ko-sam-ja\/","og_locale":"en_US","og_type":"article","og_title":"Ko sam ja? | Galerija Matice srpske","og_description":"Tokom decembra i februara subotnja popodneva sa tinejd\u017eerima posveti\u0107emo se istra\u017eivanju aktuelne izlo\u017ebe Pomori\u0161ac \u2013 Vasa Pomori\u0161ac.","og_url":"https:\/\/www.galerijamaticesrpske.rs\/lat\/events\/ko-sam-ja\/","og_site_name":"Galerija Matice srpske","og_image":[{"width":960,"height":640,"url":"https:\/\/www.galerijamaticesrpske.rs\/wp-content\/uploads\/2023\/12\/hearme.jpg","type":"image\/jpeg"}],"twitter_card":"summary_large_image","twitter_misc":{"Est. reading time":"1 minute"},"schema":{"@context":"https:\/\/schema.org","@graph":[{"@type":"WebPage","@id":"https:\/\/www.galerijamaticesrpske.rs\/lat\/events\/ko-sam-ja\/","url":"https:\/\/www.galerijamaticesrpske.rs\/lat\/events\/ko-sam-ja\/","name":"Ko sam ja? | Galerija Matice srpske","isPartOf":{"@id":"https:\/\/www.galerijamaticesrpske.rs\/#website"},"primaryImageOfPage":{"@id":"https:\/\/www.galerijamaticesrpske.rs\/lat\/events\/ko-sam-ja\/#primaryimage"},"image":{"@id":"https:\/\/www.galerijamaticesrpske.rs\/lat\/events\/ko-sam-ja\/#primaryimage"},"thumbnailUrl":"https:\/\/www.galerijamaticesrpske.rs\/wp-content\/uploads\/2023\/12\/hearme.jpg","datePublished":"2023-12-01T09:25:48+00:00","description":"Tokom decembra i februara subotnja popodneva sa tinejd\u017eerima posveti\u0107emo se istra\u017eivanju aktuelne izlo\u017ebe Pomori\u0161ac \u2013 Vasa Pomori\u0161ac.","breadcrumb":{"@id":"https:\/\/www.galerijamaticesrpske.rs\/lat\/events\/ko-sam-ja\/#breadcrumb"},"inLanguage":"sr-LAT","potentialAction":[{"@type":"ReadAction","target":["https:\/\/www.galerijamaticesrpske.rs\/lat\/events\/ko-sam-ja\/"]}]},{"@type":"ImageObject","inLanguage":"sr-LAT","@id":"https:\/\/www.galerijamaticesrpske.rs\/lat\/events\/ko-sam-ja\/#primaryimage","url":"https:\/\/www.galerijamaticesrpske.rs\/wp-content\/uploads\/2023\/12\/hearme.jpg","contentUrl":"https:\/\/www.galerijamaticesrpske.rs\/wp-content\/uploads\/2023\/12\/hearme.jpg","width":960,"height":640},{"@type":"BreadcrumbList","@id":"https:\/\/www.galerijamaticesrpske.rs\/lat\/events\/ko-sam-ja\/#breadcrumb","itemListElement":[{"@type":"ListItem","position":1,"name":"\u041f\u043e\u0447\u0435\u0442\u043d\u0430","item":"http:\/\/www.galerijamaticesrpske.rs\/lat\/"},{"@type":"ListItem","position":2,"name":"Events","item":"http:\/\/www.galerijamaticesrpske.rs\/lat\/events\/"},{"@type":"ListItem","position":3,"name":"Ko sam ja?"}]},{"@type":"WebSite","@id":"https:\/\/www.galerijamaticesrpske.rs\/#website","url":"https:\/\/www.galerijamaticesrpske.rs\/","name":"Galerija Matice srpske","description":"Muzej srpske nacionalne umetnosti u Novom Sadu","publisher":{"@id":"https:\/\/www.galerijamaticesrpske.rs\/#organization"},"potentialAction":[{"@type":"SearchAction","target":{"@type":"EntryPoint","urlTemplate":"https:\/\/www.galerijamaticesrpske.rs\/?s={search_term_string}"},"query-input":{"@type":"PropertyValueSpecification","valueRequired":true,"valueName":"search_term_string"}}],"inLanguage":"sr-LAT"},{"@type":"Organization","@id":"https:\/\/www.galerijamaticesrpske.rs\/#organization","name":"Galerija Matice srpske","url":"https:\/\/www.galerijamaticesrpske.rs\/","logo":{"@type":"ImageObject","inLanguage":"sr-LAT","@id":"https:\/\/www.galerijamaticesrpske.rs\/#\/schema\/logo\/image\/","url":"https:\/\/www.galerijamaticesrpske.rs\/wp-content\/uploads\/2021\/01\/gms-logo-za-sajt.svg","contentUrl":"https:\/\/www.galerijamaticesrpske.rs\/wp-content\/uploads\/2021\/01\/gms-logo-za-sajt.svg","width":1,"height":1,"caption":"Galerija Matice srpske"},"image":{"@id":"https:\/\/www.galerijamaticesrpske.rs\/#\/schema\/logo\/image\/"}}]}},"_links":{"self":[{"href":"https:\/\/www.galerijamaticesrpske.rs\/lat\/wp-json\/wp\/v2\/mec-events\/12275","targetHints":{"allow":["GET"]}}],"collection":[{"href":"https:\/\/www.galerijamaticesrpske.rs\/lat\/wp-json\/wp\/v2\/mec-events"}],"about":[{"href":"https:\/\/www.galerijamaticesrpske.rs\/lat\/wp-json\/wp\/v2\/types\/mec-events"}],"author":[{"embeddable":true,"href":"https:\/\/www.galerijamaticesrpske.rs\/lat\/wp-json\/wp\/v2\/users\/2"}],"replies":[{"embeddable":true,"href":"https:\/\/www.galerijamaticesrpske.rs\/lat\/wp-json\/wp\/v2\/comments?post=12275"}],"wp:featuredmedia":[{"embeddable":true,"href":"https:\/\/www.galerijamaticesrpske.rs\/lat\/wp-json\/wp\/v2\/media\/12276"}],"wp:attachment":[{"href":"https:\/\/www.galerijamaticesrpske.rs\/lat\/wp-json\/wp\/v2\/media?parent=12275"}],"wp:term":[{"taxonomy":"post_tag","embeddable":true,"href":"https:\/\/www.galerijamaticesrpske.rs\/lat\/wp-json\/wp\/v2\/tags?post=12275"},{"taxonomy":"mec_category","embeddable":true,"href":"https:\/\/www.galerijamaticesrpske.rs\/lat\/wp-json\/wp\/v2\/mec_category?post=12275"}],"curies":[{"name":"wp","href":"https:\/\/api.w.org\/{rel}","templated":true}]}}