{"id":12526,"date":"2024-01-30T14:21:36","date_gmt":"2024-01-30T14:21:36","guid":{"rendered":"https:\/\/www.galerijamaticesrpske.rs\/?post_type=mec-events&#038;p=12526"},"modified":"2024-01-30T14:21:36","modified_gmt":"2024-01-30T14:21:36","slug":"vasa-i-porodica-idu-na-more","status":"publish","type":"mec-events","link":"https:\/\/www.galerijamaticesrpske.rs\/lat\/events\/vasa-i-porodica-idu-na-more\/","title":{"rendered":"Vasa i porodica idu na more"},"content":{"rendered":"<p>Februarski ciklus kreativnih radionica za decu uzrasta od 5 do 10 godina pod nazivom <strong><em>Vasina uzbudljiva putovanja<\/em><\/strong> posveti\u0107emo uzbudljivim putovanjima na koja se tokom \u017eivota uputio Vasa Pomori\u0161ac i koja su ga podstakla da postane svestran umetnik. Tokom radionica, deca \u0107e imati priliku da postanu Vasini saputnici i kroz njegova dela poseti\u0107e plave morske pejza\u017ee, oslu\u0161nu\u0107e otkucaje Big Bena u Londonu, pro\u0161eta\u0107e udaljenim predelima Mand\u017eurije i gradskim ulicama Pariza. Sa svakog od ovih putovanja, deca \u0107e ku\u0107i poneti razglednice.<\/p>\n<p>Na izlo\u017ebi Pomori\u0161ac \u2013 Vasa Pomori\u0161ac izlo\u017eeno je nekoliko morskih pejza\u017ea koje je Vasa naslikao dok je sa porodicom u\u017eivao u toplim zracima sunca i plivanju u slanoj vodi. Ovi pejza\u017ei, pomo\u0107i \u0107e nam da tokom na\u0161e prve subotnje radionice u feburaru pod nazivom <strong><em>Vasa i porodica idu na more<\/em><\/strong> u ma\u0161ti u\u017eivamo zajedno sa Vasom i njegovom porodicom. U kreativnom delu radionice, deca \u0107e, crtaju\u0107i pejza\u017ee, napraviti svoje razglednice sa mora.<\/p>\n<p>Radionice se realizuju za <strong>maksimalno 15 mali\u0161ana uzrasta od 5 do 10 godina<\/strong>. Ulaz na radionicu iznosi <strong>200 dinara po detetu<\/strong>.<\/p>\n","protected":false},"excerpt":{"rendered":"<p>Februarski ciklus kreativnih radionica za decu uzrasta od 5 do 10 godina pod nazivom Vasina uzbudljiva putovanja posveti\u0107emo uzbudljivim putovanjima na koja se tokom \u017eivota uputio Vasa Pomori\u0161ac i koja su ga podstakla da postane svestran umetnik. Tokom radionica, deca \u0107e imati priliku da postanu Vasini saputnici i kroz njegova dela poseti\u0107e plave morske pejza\u017ee,<\/p>\n","protected":false},"author":2,"featured_media":12525,"comment_status":"closed","ping_status":"closed","template":"","tags":[],"mec_category":[104],"class_list":["post-12526","mec-events","type-mec-events","status-publish","has-post-thumbnail","hentry","mec_category-kreativne-radionice-za-decu-subotom"],"acf":[],"yoast_head":"<!-- This site is optimized with the Yoast SEO plugin v27.3 - https:\/\/yoast.com\/product\/yoast-seo-wordpress\/ -->\n<title>Vasa i porodica idu na more | Galerija Matice srpske<\/title>\n<meta name=\"description\" content=\"Februarski ciklus kreativnih radionica za decu uzrasta od 5 do 10 godina pod nazivom Vasina uzbudljiva putovanja posveti\u0107emo uzbudljivim putovanjima na koja se tokom \u017eivota uputio Vasa Pomori\u0161ac i koja su ga podstakla da postane svestran umetnik.\" \/>\n<meta name=\"robots\" content=\"index, follow, max-snippet:-1, max-image-preview:large, max-video-preview:-1\" \/>\n<link rel=\"canonical\" href=\"http:\/\/www.galerijamaticesrpske.rs\/lat\/events\/vasa-i-porodica-idu-na-more\/\" \/>\n<meta property=\"og:locale\" content=\"en_US\" \/>\n<meta property=\"og:type\" content=\"article\" \/>\n<meta property=\"og:title\" content=\"Vasa i porodica idu na more | Galerija Matice srpske\" \/>\n<meta property=\"og:description\" content=\"Februarski ciklus kreativnih radionica za decu uzrasta od 5 do 10 godina pod nazivom Vasina uzbudljiva putovanja posveti\u0107emo uzbudljivim putovanjima na koja se tokom \u017eivota uputio Vasa Pomori\u0161ac i koja su ga podstakla da postane svestran umetnik.\" \/>\n<meta property=\"og:url\" content=\"http:\/\/www.galerijamaticesrpske.rs\/lat\/events\/vasa-i-porodica-idu-na-more\/\" \/>\n<meta property=\"og:site_name\" content=\"Galerija Matice srpske\" \/>\n<meta property=\"og:image\" content=\"http:\/\/www.galerijamaticesrpske.rs\/wp-content\/uploads\/2024\/01\/nenaslovljeni-dizajn.png\" \/>\n\t<meta property=\"og:image:width\" content=\"940\" \/>\n\t<meta property=\"og:image:height\" content=\"788\" \/>\n\t<meta property=\"og:image:type\" content=\"image\/png\" \/>\n<meta name=\"twitter:card\" content=\"summary_large_image\" \/>\n<meta name=\"twitter:label1\" content=\"Est. reading time\" \/>\n\t<meta name=\"twitter:data1\" content=\"1 minute\" \/>\n<script type=\"application\/ld+json\" class=\"yoast-schema-graph\">{\"@context\":\"https:\\\/\\\/schema.org\",\"@graph\":[{\"@type\":\"WebPage\",\"@id\":\"http:\\\/\\\/www.galerijamaticesrpske.rs\\\/lat\\\/events\\\/vasa-i-porodica-idu-na-more\\\/\",\"url\":\"http:\\\/\\\/www.galerijamaticesrpske.rs\\\/lat\\\/events\\\/vasa-i-porodica-idu-na-more\\\/\",\"name\":\"Vasa i porodica idu na more | Galerija Matice srpske\",\"isPartOf\":{\"@id\":\"https:\\\/\\\/www.galerijamaticesrpske.rs\\\/#website\"},\"primaryImageOfPage\":{\"@id\":\"http:\\\/\\\/www.galerijamaticesrpske.rs\\\/lat\\\/events\\\/vasa-i-porodica-idu-na-more\\\/#primaryimage\"},\"image\":{\"@id\":\"http:\\\/\\\/www.galerijamaticesrpske.rs\\\/lat\\\/events\\\/vasa-i-porodica-idu-na-more\\\/#primaryimage\"},\"thumbnailUrl\":\"https:\\\/\\\/www.galerijamaticesrpske.rs\\\/wp-content\\\/uploads\\\/2024\\\/01\\\/nenaslovljeni-dizajn.png\",\"datePublished\":\"2024-01-30T14:21:36+00:00\",\"description\":\"Februarski ciklus kreativnih radionica za decu uzrasta od 5 do 10 godina pod nazivom Vasina uzbudljiva putovanja posveti\u0107emo uzbudljivim putovanjima na koja se tokom \u017eivota uputio Vasa Pomori\u0161ac i koja su ga podstakla da postane svestran umetnik.\",\"breadcrumb\":{\"@id\":\"http:\\\/\\\/www.galerijamaticesrpske.rs\\\/lat\\\/events\\\/vasa-i-porodica-idu-na-more\\\/#breadcrumb\"},\"inLanguage\":\"sr-LAT\",\"potentialAction\":[{\"@type\":\"ReadAction\",\"target\":[\"http:\\\/\\\/www.galerijamaticesrpske.rs\\\/lat\\\/events\\\/vasa-i-porodica-idu-na-more\\\/\"]}]},{\"@type\":\"ImageObject\",\"inLanguage\":\"sr-LAT\",\"@id\":\"http:\\\/\\\/www.galerijamaticesrpske.rs\\\/lat\\\/events\\\/vasa-i-porodica-idu-na-more\\\/#primaryimage\",\"url\":\"https:\\\/\\\/www.galerijamaticesrpske.rs\\\/wp-content\\\/uploads\\\/2024\\\/01\\\/nenaslovljeni-dizajn.png\",\"contentUrl\":\"https:\\\/\\\/www.galerijamaticesrpske.rs\\\/wp-content\\\/uploads\\\/2024\\\/01\\\/nenaslovljeni-dizajn.png\",\"width\":940,\"height\":788},{\"@type\":\"BreadcrumbList\",\"@id\":\"http:\\\/\\\/www.galerijamaticesrpske.rs\\\/lat\\\/events\\\/vasa-i-porodica-idu-na-more\\\/#breadcrumb\",\"itemListElement\":[{\"@type\":\"ListItem\",\"position\":1,\"name\":\"\u041f\u043e\u0447\u0435\u0442\u043d\u0430\",\"item\":\"http:\\\/\\\/www.galerijamaticesrpske.rs\\\/lat\\\/\"},{\"@type\":\"ListItem\",\"position\":2,\"name\":\"Events\",\"item\":\"http:\\\/\\\/www.galerijamaticesrpske.rs\\\/lat\\\/events\\\/\"},{\"@type\":\"ListItem\",\"position\":3,\"name\":\"Vasa i porodica idu na more\"}]},{\"@type\":\"WebSite\",\"@id\":\"https:\\\/\\\/www.galerijamaticesrpske.rs\\\/#website\",\"url\":\"https:\\\/\\\/www.galerijamaticesrpske.rs\\\/\",\"name\":\"Galerija Matice srpske\",\"description\":\"Muzej srpske nacionalne umetnosti u Novom Sadu\",\"publisher\":{\"@id\":\"https:\\\/\\\/www.galerijamaticesrpske.rs\\\/#organization\"},\"potentialAction\":[{\"@type\":\"SearchAction\",\"target\":{\"@type\":\"EntryPoint\",\"urlTemplate\":\"https:\\\/\\\/www.galerijamaticesrpske.rs\\\/?s={search_term_string}\"},\"query-input\":{\"@type\":\"PropertyValueSpecification\",\"valueRequired\":true,\"valueName\":\"search_term_string\"}}],\"inLanguage\":\"sr-LAT\"},{\"@type\":\"Organization\",\"@id\":\"https:\\\/\\\/www.galerijamaticesrpske.rs\\\/#organization\",\"name\":\"Galerija Matice srpske\",\"url\":\"https:\\\/\\\/www.galerijamaticesrpske.rs\\\/\",\"logo\":{\"@type\":\"ImageObject\",\"inLanguage\":\"sr-LAT\",\"@id\":\"https:\\\/\\\/www.galerijamaticesrpske.rs\\\/#\\\/schema\\\/logo\\\/image\\\/\",\"url\":\"https:\\\/\\\/www.galerijamaticesrpske.rs\\\/wp-content\\\/uploads\\\/2021\\\/01\\\/gms-logo-za-sajt.svg\",\"contentUrl\":\"https:\\\/\\\/www.galerijamaticesrpske.rs\\\/wp-content\\\/uploads\\\/2021\\\/01\\\/gms-logo-za-sajt.svg\",\"width\":1,\"height\":1,\"caption\":\"Galerija Matice srpske\"},\"image\":{\"@id\":\"https:\\\/\\\/www.galerijamaticesrpske.rs\\\/#\\\/schema\\\/logo\\\/image\\\/\"}}]}<\/script>\n<!-- \/ Yoast SEO plugin. -->","yoast_head_json":{"title":"Vasa i porodica idu na more | Galerija Matice srpske","description":"Februarski ciklus kreativnih radionica za decu uzrasta od 5 do 10 godina pod nazivom Vasina uzbudljiva putovanja posveti\u0107emo uzbudljivim putovanjima na koja se tokom \u017eivota uputio Vasa Pomori\u0161ac i koja su ga podstakla da postane svestran umetnik.","robots":{"index":"index","follow":"follow","max-snippet":"max-snippet:-1","max-image-preview":"max-image-preview:large","max-video-preview":"max-video-preview:-1"},"canonical":"http:\/\/www.galerijamaticesrpske.rs\/lat\/events\/vasa-i-porodica-idu-na-more\/","og_locale":"en_US","og_type":"article","og_title":"Vasa i porodica idu na more | Galerija Matice srpske","og_description":"Februarski ciklus kreativnih radionica za decu uzrasta od 5 do 10 godina pod nazivom Vasina uzbudljiva putovanja posveti\u0107emo uzbudljivim putovanjima na koja se tokom \u017eivota uputio Vasa Pomori\u0161ac i koja su ga podstakla da postane svestran umetnik.","og_url":"http:\/\/www.galerijamaticesrpske.rs\/lat\/events\/vasa-i-porodica-idu-na-more\/","og_site_name":"Galerija Matice srpske","og_image":[{"width":940,"height":788,"url":"http:\/\/www.galerijamaticesrpske.rs\/wp-content\/uploads\/2024\/01\/nenaslovljeni-dizajn.png","type":"image\/png"}],"twitter_card":"summary_large_image","twitter_misc":{"Est. reading time":"1 minute"},"schema":{"@context":"https:\/\/schema.org","@graph":[{"@type":"WebPage","@id":"http:\/\/www.galerijamaticesrpske.rs\/lat\/events\/vasa-i-porodica-idu-na-more\/","url":"http:\/\/www.galerijamaticesrpske.rs\/lat\/events\/vasa-i-porodica-idu-na-more\/","name":"Vasa i porodica idu na more | Galerija Matice srpske","isPartOf":{"@id":"https:\/\/www.galerijamaticesrpske.rs\/#website"},"primaryImageOfPage":{"@id":"http:\/\/www.galerijamaticesrpske.rs\/lat\/events\/vasa-i-porodica-idu-na-more\/#primaryimage"},"image":{"@id":"http:\/\/www.galerijamaticesrpske.rs\/lat\/events\/vasa-i-porodica-idu-na-more\/#primaryimage"},"thumbnailUrl":"https:\/\/www.galerijamaticesrpske.rs\/wp-content\/uploads\/2024\/01\/nenaslovljeni-dizajn.png","datePublished":"2024-01-30T14:21:36+00:00","description":"Februarski ciklus kreativnih radionica za decu uzrasta od 5 do 10 godina pod nazivom Vasina uzbudljiva putovanja posveti\u0107emo uzbudljivim putovanjima na koja se tokom \u017eivota uputio Vasa Pomori\u0161ac i koja su ga podstakla da postane svestran umetnik.","breadcrumb":{"@id":"http:\/\/www.galerijamaticesrpske.rs\/lat\/events\/vasa-i-porodica-idu-na-more\/#breadcrumb"},"inLanguage":"sr-LAT","potentialAction":[{"@type":"ReadAction","target":["http:\/\/www.galerijamaticesrpske.rs\/lat\/events\/vasa-i-porodica-idu-na-more\/"]}]},{"@type":"ImageObject","inLanguage":"sr-LAT","@id":"http:\/\/www.galerijamaticesrpske.rs\/lat\/events\/vasa-i-porodica-idu-na-more\/#primaryimage","url":"https:\/\/www.galerijamaticesrpske.rs\/wp-content\/uploads\/2024\/01\/nenaslovljeni-dizajn.png","contentUrl":"https:\/\/www.galerijamaticesrpske.rs\/wp-content\/uploads\/2024\/01\/nenaslovljeni-dizajn.png","width":940,"height":788},{"@type":"BreadcrumbList","@id":"http:\/\/www.galerijamaticesrpske.rs\/lat\/events\/vasa-i-porodica-idu-na-more\/#breadcrumb","itemListElement":[{"@type":"ListItem","position":1,"name":"\u041f\u043e\u0447\u0435\u0442\u043d\u0430","item":"http:\/\/www.galerijamaticesrpske.rs\/lat\/"},{"@type":"ListItem","position":2,"name":"Events","item":"http:\/\/www.galerijamaticesrpske.rs\/lat\/events\/"},{"@type":"ListItem","position":3,"name":"Vasa i porodica idu na more"}]},{"@type":"WebSite","@id":"https:\/\/www.galerijamaticesrpske.rs\/#website","url":"https:\/\/www.galerijamaticesrpske.rs\/","name":"Galerija Matice srpske","description":"Muzej srpske nacionalne umetnosti u Novom Sadu","publisher":{"@id":"https:\/\/www.galerijamaticesrpske.rs\/#organization"},"potentialAction":[{"@type":"SearchAction","target":{"@type":"EntryPoint","urlTemplate":"https:\/\/www.galerijamaticesrpske.rs\/?s={search_term_string}"},"query-input":{"@type":"PropertyValueSpecification","valueRequired":true,"valueName":"search_term_string"}}],"inLanguage":"sr-LAT"},{"@type":"Organization","@id":"https:\/\/www.galerijamaticesrpske.rs\/#organization","name":"Galerija Matice srpske","url":"https:\/\/www.galerijamaticesrpske.rs\/","logo":{"@type":"ImageObject","inLanguage":"sr-LAT","@id":"https:\/\/www.galerijamaticesrpske.rs\/#\/schema\/logo\/image\/","url":"https:\/\/www.galerijamaticesrpske.rs\/wp-content\/uploads\/2021\/01\/gms-logo-za-sajt.svg","contentUrl":"https:\/\/www.galerijamaticesrpske.rs\/wp-content\/uploads\/2021\/01\/gms-logo-za-sajt.svg","width":1,"height":1,"caption":"Galerija Matice srpske"},"image":{"@id":"https:\/\/www.galerijamaticesrpske.rs\/#\/schema\/logo\/image\/"}}]}},"_links":{"self":[{"href":"https:\/\/www.galerijamaticesrpske.rs\/lat\/wp-json\/wp\/v2\/mec-events\/12526","targetHints":{"allow":["GET"]}}],"collection":[{"href":"https:\/\/www.galerijamaticesrpske.rs\/lat\/wp-json\/wp\/v2\/mec-events"}],"about":[{"href":"https:\/\/www.galerijamaticesrpske.rs\/lat\/wp-json\/wp\/v2\/types\/mec-events"}],"author":[{"embeddable":true,"href":"https:\/\/www.galerijamaticesrpske.rs\/lat\/wp-json\/wp\/v2\/users\/2"}],"replies":[{"embeddable":true,"href":"https:\/\/www.galerijamaticesrpske.rs\/lat\/wp-json\/wp\/v2\/comments?post=12526"}],"wp:featuredmedia":[{"embeddable":true,"href":"https:\/\/www.galerijamaticesrpske.rs\/lat\/wp-json\/wp\/v2\/media\/12525"}],"wp:attachment":[{"href":"https:\/\/www.galerijamaticesrpske.rs\/lat\/wp-json\/wp\/v2\/media?parent=12526"}],"wp:term":[{"taxonomy":"post_tag","embeddable":true,"href":"https:\/\/www.galerijamaticesrpske.rs\/lat\/wp-json\/wp\/v2\/tags?post=12526"},{"taxonomy":"mec_category","embeddable":true,"href":"https:\/\/www.galerijamaticesrpske.rs\/lat\/wp-json\/wp\/v2\/mec_category?post=12526"}],"curies":[{"name":"wp","href":"https:\/\/api.w.org\/{rel}","templated":true}]}}