{"id":12921,"date":"2024-05-21T14:02:02","date_gmt":"2024-05-21T14:02:02","guid":{"rendered":"https:\/\/www.galerijamaticesrpske.rs\/?post_type=mec-events&#038;p=12921"},"modified":"2024-05-22T08:48:18","modified_gmt":"2024-05-22T08:48:18","slug":"vajarske-tajne-djoke-jovanovica-2","status":"publish","type":"mec-events","link":"https:\/\/www.galerijamaticesrpske.rs\/lat\/events\/vajarske-tajne-djoke-jovanovica-2\/","title":{"rendered":"Vajarske tajne \u0110oke Jovanovi\u0107a"},"content":{"rendered":"<p>Svake godine u martu, sa prole\u0107em nam dolazi i Mesec frankofonije \u2013 najve\u0107i praznik francuske kulture, jezika i umetnosti. U okviru ove manifestacije, u Galeriji Matice srpske se otvorila nova izlo\u017eba pod nazivom <em>Inspirisani Francuskom<\/em>. Tim povodom, zapo\u010dinjemo realizaciju novog, dvomese\u010dnog ciklusa edukativno-kreativnih radionica subotom <em><strong>Za\u010darani magijom Pariza<\/strong><\/em>.<\/p>\n<p>Na\u0161u poslednju eduativno-kreativnu radionicu za tinejd\u017eere u ovoj sezoni posveti\u0107emo posebnom, trodimenzionalnom umetni\u010dkom izrazu \u2013 vajanju. Na izlo\u017ebi <em>Inspirisani Francuskom<\/em>, predstavljene su tri skulpture jenog od najznaja\u010dnijih srpskih vajara \u0110oke Jovanovi\u0107a, na kojima je predstavio svoju suprugu Margo. Posmatraju\u0107i ove tri skulpture, sa tinejd\u017eerima \u0107emo razgovarati o razli\u010ditim materijalima od kojih se prave skulpture, kao i o procesu nastanka skultpura od razli\u010ditih materijala. Tinejd\u017eeri \u0107e pogledati videe na kojima su prikazani ovi procesi, a ima\u0107e i zadatak da od razli\u010ditih materijala probaju da naprave isti oblik, kako bi uvideli razliku u pona\u0161anju materijala. Na kraju radionice tinejd\u017eeri \u0107e praviti portrete svojih drugara od gline.<\/p>\n<p>Radionice se organizuju <strong>za maksimalno 15 tinejd\u017eera uzrasta od 11 do 14 godina<\/strong>. U\u010de\u0161\u0107e deteta na radionici potrebno je prijaviti popunjavanjem elektronskog upitnika. Cena radionice iznosi <strong>200 dinara po detetu<\/strong>.<\/p>\n","protected":false},"excerpt":{"rendered":"<p>Svake godine u martu, sa prole\u0107em nam dolazi i Mesec frankofonije \u2013 najve\u0107i praznik francuske kulture, jezika i umetnosti. U okviru ove manifestacije, u Galeriji Matice srpske se otvorila nova izlo\u017eba pod nazivom Inspirisani Francuskom. Tim povodom, zapo\u010dinjemo realizaciju novog, dvomese\u010dnog ciklusa edukativno-kreativnih radionica subotom Za\u010darani magijom Pariza. Na\u0161u poslednju eduativno-kreativnu radionicu za tinejd\u017eere u<\/p>\n","protected":false},"author":2,"featured_media":12917,"comment_status":"closed","ping_status":"closed","template":"","tags":[],"mec_category":[104],"class_list":["post-12921","mec-events","type-mec-events","status-publish","has-post-thumbnail","hentry","mec_category-kreativne-radionice-za-decu-subotom"],"acf":[],"yoast_head":"<!-- This site is optimized with the Yoast SEO plugin v27.3 - https:\/\/yoast.com\/product\/yoast-seo-wordpress\/ -->\n<title>Vajarske tajne \u0110oke Jovanovi\u0107a | Galerija Matice srpske<\/title>\n<meta name=\"description\" content=\"Svake godine u martu, sa prole\u0107em nam dolazi i Mesec frankofonije \u2013 najve\u0107i praznik francuske kulture, jezika i umetnosti.\" \/>\n<meta name=\"robots\" content=\"index, follow, max-snippet:-1, max-image-preview:large, max-video-preview:-1\" \/>\n<link rel=\"canonical\" href=\"https:\/\/www.galerijamaticesrpske.rs\/lat\/events\/vajarske-tajne-djoke-jovanovica-2\/\" \/>\n<meta property=\"og:locale\" content=\"en_US\" \/>\n<meta property=\"og:type\" content=\"article\" \/>\n<meta property=\"og:title\" content=\"Vajarske tajne \u0110oke Jovanovi\u0107a | Galerija Matice srpske\" \/>\n<meta property=\"og:description\" content=\"Svake godine u martu, sa prole\u0107em nam dolazi i Mesec frankofonije \u2013 najve\u0107i praznik francuske kulture, jezika i umetnosti.\" \/>\n<meta property=\"og:url\" content=\"https:\/\/www.galerijamaticesrpske.rs\/lat\/events\/vajarske-tajne-djoke-jovanovica-2\/\" \/>\n<meta property=\"og:site_name\" content=\"Galerija Matice srpske\" \/>\n<meta property=\"article:modified_time\" content=\"2024-05-22T08:48:18+00:00\" \/>\n<meta property=\"og:image\" content=\"https:\/\/www.galerijamaticesrpske.rs\/wp-content\/uploads\/2024\/05\/nenaslovljeni-dizajn-1.png\" \/>\n\t<meta property=\"og:image:width\" content=\"1920\" \/>\n\t<meta property=\"og:image:height\" content=\"1080\" \/>\n\t<meta property=\"og:image:type\" content=\"image\/png\" \/>\n<meta name=\"twitter:card\" content=\"summary_large_image\" \/>\n<meta name=\"twitter:label1\" content=\"Est. reading time\" \/>\n\t<meta name=\"twitter:data1\" content=\"1 minute\" \/>\n<script type=\"application\/ld+json\" class=\"yoast-schema-graph\">{\"@context\":\"https:\\\/\\\/schema.org\",\"@graph\":[{\"@type\":\"WebPage\",\"@id\":\"https:\\\/\\\/www.galerijamaticesrpske.rs\\\/lat\\\/events\\\/vajarske-tajne-djoke-jovanovica-2\\\/\",\"url\":\"https:\\\/\\\/www.galerijamaticesrpske.rs\\\/lat\\\/events\\\/vajarske-tajne-djoke-jovanovica-2\\\/\",\"name\":\"Vajarske tajne \u0110oke Jovanovi\u0107a | Galerija Matice srpske\",\"isPartOf\":{\"@id\":\"https:\\\/\\\/www.galerijamaticesrpske.rs\\\/#website\"},\"primaryImageOfPage\":{\"@id\":\"https:\\\/\\\/www.galerijamaticesrpske.rs\\\/lat\\\/events\\\/vajarske-tajne-djoke-jovanovica-2\\\/#primaryimage\"},\"image\":{\"@id\":\"https:\\\/\\\/www.galerijamaticesrpske.rs\\\/lat\\\/events\\\/vajarske-tajne-djoke-jovanovica-2\\\/#primaryimage\"},\"thumbnailUrl\":\"https:\\\/\\\/www.galerijamaticesrpske.rs\\\/wp-content\\\/uploads\\\/2024\\\/05\\\/nenaslovljeni-dizajn-1.png\",\"datePublished\":\"2024-05-21T14:02:02+00:00\",\"dateModified\":\"2024-05-22T08:48:18+00:00\",\"description\":\"Svake godine u martu, sa prole\u0107em nam dolazi i Mesec frankofonije \u2013 najve\u0107i praznik francuske kulture, jezika i umetnosti.\",\"breadcrumb\":{\"@id\":\"https:\\\/\\\/www.galerijamaticesrpske.rs\\\/lat\\\/events\\\/vajarske-tajne-djoke-jovanovica-2\\\/#breadcrumb\"},\"inLanguage\":\"sr-LAT\",\"potentialAction\":[{\"@type\":\"ReadAction\",\"target\":[\"https:\\\/\\\/www.galerijamaticesrpske.rs\\\/lat\\\/events\\\/vajarske-tajne-djoke-jovanovica-2\\\/\"]}]},{\"@type\":\"ImageObject\",\"inLanguage\":\"sr-LAT\",\"@id\":\"https:\\\/\\\/www.galerijamaticesrpske.rs\\\/lat\\\/events\\\/vajarske-tajne-djoke-jovanovica-2\\\/#primaryimage\",\"url\":\"https:\\\/\\\/www.galerijamaticesrpske.rs\\\/wp-content\\\/uploads\\\/2024\\\/05\\\/nenaslovljeni-dizajn-1.png\",\"contentUrl\":\"https:\\\/\\\/www.galerijamaticesrpske.rs\\\/wp-content\\\/uploads\\\/2024\\\/05\\\/nenaslovljeni-dizajn-1.png\",\"width\":1920,\"height\":1080},{\"@type\":\"BreadcrumbList\",\"@id\":\"https:\\\/\\\/www.galerijamaticesrpske.rs\\\/lat\\\/events\\\/vajarske-tajne-djoke-jovanovica-2\\\/#breadcrumb\",\"itemListElement\":[{\"@type\":\"ListItem\",\"position\":1,\"name\":\"\u041f\u043e\u0447\u0435\u0442\u043d\u0430\",\"item\":\"http:\\\/\\\/www.galerijamaticesrpske.rs\\\/lat\\\/\"},{\"@type\":\"ListItem\",\"position\":2,\"name\":\"Events\",\"item\":\"http:\\\/\\\/www.galerijamaticesrpske.rs\\\/lat\\\/events\\\/\"},{\"@type\":\"ListItem\",\"position\":3,\"name\":\"Vajarske tajne \u0110oke Jovanovi\u0107a\"}]},{\"@type\":\"WebSite\",\"@id\":\"https:\\\/\\\/www.galerijamaticesrpske.rs\\\/#website\",\"url\":\"https:\\\/\\\/www.galerijamaticesrpske.rs\\\/\",\"name\":\"Galerija Matice srpske\",\"description\":\"Muzej srpske nacionalne umetnosti u Novom Sadu\",\"publisher\":{\"@id\":\"https:\\\/\\\/www.galerijamaticesrpske.rs\\\/#organization\"},\"potentialAction\":[{\"@type\":\"SearchAction\",\"target\":{\"@type\":\"EntryPoint\",\"urlTemplate\":\"https:\\\/\\\/www.galerijamaticesrpske.rs\\\/?s={search_term_string}\"},\"query-input\":{\"@type\":\"PropertyValueSpecification\",\"valueRequired\":true,\"valueName\":\"search_term_string\"}}],\"inLanguage\":\"sr-LAT\"},{\"@type\":\"Organization\",\"@id\":\"https:\\\/\\\/www.galerijamaticesrpske.rs\\\/#organization\",\"name\":\"Galerija Matice srpske\",\"url\":\"https:\\\/\\\/www.galerijamaticesrpske.rs\\\/\",\"logo\":{\"@type\":\"ImageObject\",\"inLanguage\":\"sr-LAT\",\"@id\":\"https:\\\/\\\/www.galerijamaticesrpske.rs\\\/#\\\/schema\\\/logo\\\/image\\\/\",\"url\":\"https:\\\/\\\/www.galerijamaticesrpske.rs\\\/wp-content\\\/uploads\\\/2021\\\/01\\\/gms-logo-za-sajt.svg\",\"contentUrl\":\"https:\\\/\\\/www.galerijamaticesrpske.rs\\\/wp-content\\\/uploads\\\/2021\\\/01\\\/gms-logo-za-sajt.svg\",\"width\":1,\"height\":1,\"caption\":\"Galerija Matice srpske\"},\"image\":{\"@id\":\"https:\\\/\\\/www.galerijamaticesrpske.rs\\\/#\\\/schema\\\/logo\\\/image\\\/\"}}]}<\/script>\n<!-- \/ Yoast SEO plugin. -->","yoast_head_json":{"title":"Vajarske tajne \u0110oke Jovanovi\u0107a | Galerija Matice srpske","description":"Svake godine u martu, sa prole\u0107em nam dolazi i Mesec frankofonije \u2013 najve\u0107i praznik francuske kulture, jezika i umetnosti.","robots":{"index":"index","follow":"follow","max-snippet":"max-snippet:-1","max-image-preview":"max-image-preview:large","max-video-preview":"max-video-preview:-1"},"canonical":"https:\/\/www.galerijamaticesrpske.rs\/lat\/events\/vajarske-tajne-djoke-jovanovica-2\/","og_locale":"en_US","og_type":"article","og_title":"Vajarske tajne \u0110oke Jovanovi\u0107a | Galerija Matice srpske","og_description":"Svake godine u martu, sa prole\u0107em nam dolazi i Mesec frankofonije \u2013 najve\u0107i praznik francuske kulture, jezika i umetnosti.","og_url":"https:\/\/www.galerijamaticesrpske.rs\/lat\/events\/vajarske-tajne-djoke-jovanovica-2\/","og_site_name":"Galerija Matice srpske","article_modified_time":"2024-05-22T08:48:18+00:00","og_image":[{"width":1920,"height":1080,"url":"https:\/\/www.galerijamaticesrpske.rs\/wp-content\/uploads\/2024\/05\/nenaslovljeni-dizajn-1.png","type":"image\/png"}],"twitter_card":"summary_large_image","twitter_misc":{"Est. reading time":"1 minute"},"schema":{"@context":"https:\/\/schema.org","@graph":[{"@type":"WebPage","@id":"https:\/\/www.galerijamaticesrpske.rs\/lat\/events\/vajarske-tajne-djoke-jovanovica-2\/","url":"https:\/\/www.galerijamaticesrpske.rs\/lat\/events\/vajarske-tajne-djoke-jovanovica-2\/","name":"Vajarske tajne \u0110oke Jovanovi\u0107a | Galerija Matice srpske","isPartOf":{"@id":"https:\/\/www.galerijamaticesrpske.rs\/#website"},"primaryImageOfPage":{"@id":"https:\/\/www.galerijamaticesrpske.rs\/lat\/events\/vajarske-tajne-djoke-jovanovica-2\/#primaryimage"},"image":{"@id":"https:\/\/www.galerijamaticesrpske.rs\/lat\/events\/vajarske-tajne-djoke-jovanovica-2\/#primaryimage"},"thumbnailUrl":"https:\/\/www.galerijamaticesrpske.rs\/wp-content\/uploads\/2024\/05\/nenaslovljeni-dizajn-1.png","datePublished":"2024-05-21T14:02:02+00:00","dateModified":"2024-05-22T08:48:18+00:00","description":"Svake godine u martu, sa prole\u0107em nam dolazi i Mesec frankofonije \u2013 najve\u0107i praznik francuske kulture, jezika i umetnosti.","breadcrumb":{"@id":"https:\/\/www.galerijamaticesrpske.rs\/lat\/events\/vajarske-tajne-djoke-jovanovica-2\/#breadcrumb"},"inLanguage":"sr-LAT","potentialAction":[{"@type":"ReadAction","target":["https:\/\/www.galerijamaticesrpske.rs\/lat\/events\/vajarske-tajne-djoke-jovanovica-2\/"]}]},{"@type":"ImageObject","inLanguage":"sr-LAT","@id":"https:\/\/www.galerijamaticesrpske.rs\/lat\/events\/vajarske-tajne-djoke-jovanovica-2\/#primaryimage","url":"https:\/\/www.galerijamaticesrpske.rs\/wp-content\/uploads\/2024\/05\/nenaslovljeni-dizajn-1.png","contentUrl":"https:\/\/www.galerijamaticesrpske.rs\/wp-content\/uploads\/2024\/05\/nenaslovljeni-dizajn-1.png","width":1920,"height":1080},{"@type":"BreadcrumbList","@id":"https:\/\/www.galerijamaticesrpske.rs\/lat\/events\/vajarske-tajne-djoke-jovanovica-2\/#breadcrumb","itemListElement":[{"@type":"ListItem","position":1,"name":"\u041f\u043e\u0447\u0435\u0442\u043d\u0430","item":"http:\/\/www.galerijamaticesrpske.rs\/lat\/"},{"@type":"ListItem","position":2,"name":"Events","item":"http:\/\/www.galerijamaticesrpske.rs\/lat\/events\/"},{"@type":"ListItem","position":3,"name":"Vajarske tajne \u0110oke Jovanovi\u0107a"}]},{"@type":"WebSite","@id":"https:\/\/www.galerijamaticesrpske.rs\/#website","url":"https:\/\/www.galerijamaticesrpske.rs\/","name":"Galerija Matice srpske","description":"Muzej srpske nacionalne umetnosti u Novom Sadu","publisher":{"@id":"https:\/\/www.galerijamaticesrpske.rs\/#organization"},"potentialAction":[{"@type":"SearchAction","target":{"@type":"EntryPoint","urlTemplate":"https:\/\/www.galerijamaticesrpske.rs\/?s={search_term_string}"},"query-input":{"@type":"PropertyValueSpecification","valueRequired":true,"valueName":"search_term_string"}}],"inLanguage":"sr-LAT"},{"@type":"Organization","@id":"https:\/\/www.galerijamaticesrpske.rs\/#organization","name":"Galerija Matice srpske","url":"https:\/\/www.galerijamaticesrpske.rs\/","logo":{"@type":"ImageObject","inLanguage":"sr-LAT","@id":"https:\/\/www.galerijamaticesrpske.rs\/#\/schema\/logo\/image\/","url":"https:\/\/www.galerijamaticesrpske.rs\/wp-content\/uploads\/2021\/01\/gms-logo-za-sajt.svg","contentUrl":"https:\/\/www.galerijamaticesrpske.rs\/wp-content\/uploads\/2021\/01\/gms-logo-za-sajt.svg","width":1,"height":1,"caption":"Galerija Matice srpske"},"image":{"@id":"https:\/\/www.galerijamaticesrpske.rs\/#\/schema\/logo\/image\/"}}]}},"_links":{"self":[{"href":"https:\/\/www.galerijamaticesrpske.rs\/lat\/wp-json\/wp\/v2\/mec-events\/12921","targetHints":{"allow":["GET"]}}],"collection":[{"href":"https:\/\/www.galerijamaticesrpske.rs\/lat\/wp-json\/wp\/v2\/mec-events"}],"about":[{"href":"https:\/\/www.galerijamaticesrpske.rs\/lat\/wp-json\/wp\/v2\/types\/mec-events"}],"author":[{"embeddable":true,"href":"https:\/\/www.galerijamaticesrpske.rs\/lat\/wp-json\/wp\/v2\/users\/2"}],"replies":[{"embeddable":true,"href":"https:\/\/www.galerijamaticesrpske.rs\/lat\/wp-json\/wp\/v2\/comments?post=12921"}],"wp:featuredmedia":[{"embeddable":true,"href":"https:\/\/www.galerijamaticesrpske.rs\/lat\/wp-json\/wp\/v2\/media\/12917"}],"wp:attachment":[{"href":"https:\/\/www.galerijamaticesrpske.rs\/lat\/wp-json\/wp\/v2\/media?parent=12921"}],"wp:term":[{"taxonomy":"post_tag","embeddable":true,"href":"https:\/\/www.galerijamaticesrpske.rs\/lat\/wp-json\/wp\/v2\/tags?post=12921"},{"taxonomy":"mec_category","embeddable":true,"href":"https:\/\/www.galerijamaticesrpske.rs\/lat\/wp-json\/wp\/v2\/mec_category?post=12921"}],"curies":[{"name":"wp","href":"https:\/\/api.w.org\/{rel}","templated":true}]}}