{"id":13008,"date":"2024-06-06T09:46:44","date_gmt":"2024-06-06T09:46:44","guid":{"rendered":"https:\/\/www.galerijamaticesrpske.rs\/?post_type=mec-events&#038;p=13008"},"modified":"2024-06-06T09:46:44","modified_gmt":"2024-06-06T09:46:44","slug":"svecano-otvaranje-izlozbe-svesno-napustanje-realnosti-sava-sekulic-i-ilija-bosilj","status":"publish","type":"mec-events","link":"https:\/\/www.galerijamaticesrpske.rs\/lat\/events\/svecano-otvaranje-izlozbe-svesno-napustanje-realnosti-sava-sekulic-i-ilija-bosilj\/","title":{"rendered":"Sve\u010dano otvaranje izlo\u017ebe \u201eSvesno napu\u0161tanje realnosti: Sava Sekuli\u0107 i Ilija Bosilj\u201c"},"content":{"rendered":"<p>U okviru saradnje Muzeja naivne i marginalne umetnosti u Jagodini i Galerije Matice srpske bi\u0107e otvorene dve izlo\u017ebe <em>Svesno napu\u0161tanje realnosti: Ilija Bosilj i Sava Sekuli\u0107<\/em> u Galeriji Matice srpske u Novom Sadu i <em>Pomori\u0161ac \u2013 Vasa Pomori\u0161ac<\/em> u Muzeju naivne i marginalne umetnosti u Jagodini.<\/p>\n<p><strong>Izlo\u017eba <em>Svesno napu\u0161tanje realnosti: Ilija Bosilj i Sava Sekuli\u0107<\/em><\/strong> bi\u0107e sve\u010dano otvorena u petak, <strong>14. juna u 20.00 sati<\/strong> <strong>u Galeriji Matice srpske<\/strong>. Na otvaranju prisutnima \u0107e se obratiti <strong>dr Tijana Palkovljevi\u0107 Bugarski<\/strong>, upravnica Galerije Matice srpske, <strong>dr Ivana Ba\u0161i\u010devi\u0107 Anti\u0107<\/strong>, direktorka Muzeja naivne i marginalne umetnosti u Jagodini, <strong>Fabio \u010cei<\/strong>, predsednik Fondacije Busolera Branka, <strong>NJ. E. gospodin Luka Gori<\/strong>, ambasador Italije u Republici Srbiji, dok \u0107e izlo\u017ebu otvoriti <strong>Maja Gojkovi\u0107<\/strong>, predsednica Pokrajinske vlade Vojvodine.<\/p>\n<p>Na poziv muzeja Kaza del art brut (Casa dell\u2019Art Brut) iz Mairana di Kaste\u0111a u Italiji, u junu pro\u0161le godine Muzej marginalne i naivne umetnosti iz Jagodine predstavio je italijanskoj javnosti izlo\u017ebu <em>Svesno napu\u0161tanje realnosti: Ilija Bosilj i Sava Sekuli\u0107<\/em> koja je privukla veliku pa\u017enju publike. Koncept izlo\u017ebe rezultat je dve prethodne izlo\u017ebe koje je MNMU predstavio u prostoru Kulturnog centra Srbije u Parizu:<em> Mo\u0107 vizije<\/em> (2021) i <em>Svet po Iliji<\/em> (2022).<\/p>\n<p>Izlo\u017eba <em>Svesno napu\u0161tanje realnosti: Ilija Bosilj i Sava Sekuli\u0107<\/em> predstavlja 67 radova ova dva umetnika iz razli\u010ditih muzejskih kolekcija, a prate je i dva dokumentarna filma: film o Iliji Bosilju delo je reditelja \u017dike Mitrovi\u0107a nastalo u produkciji Centarfilma, dok film o Savi Sekuli\u0107u potpisuje Slobodan Pe\u0161i\u0107 i nudi i segmente razgovora sa samim umetnikom. Izlo\u017ebu dopunjuje dokumentacija me\u0111u kojom je i pismo \u017dana Dibifea o Ilijinoj umetnosti nastalo kada ga je Dibife uvrstio u svoju kolekciju (koja danas \u010dini Collection dell\u2019Art Brut u Lozani). S obzirom na zna\u010daj umetni\u010dkih opusa koji su izlo\u017eeni, jer se radi o dva me\u0111unarodno najpriznatija autora iz domena sirove umetnosti, ali i o opusima koji se od samog nastanka kre\u0107u na grani\u010dnom podru\u010dju savremene i art brut umetnosti, izlo\u017eba ima i odre\u0111en teorijsko umetni\u010dki aspekat koji doprinosi njenom zna\u010daju.<\/p>\n<p><strong>Ilija Ba\u0161i\u010devi\u0107 Bosilj<\/strong> (1895\u20131972) je jedan od me\u0111unarodno najpriznatijih autora nekonvencionalne umetnosti. NJegovi radovi su jo\u0161 za njegova \u017eivota obi\u0161li galerije i muzeje gotovo svih ve\u0107ih gradova Zapadne Evrope, zatim i Ameriku, Kinu i Japan, svuda izazvav\u0161i jednoglasan utisak da se radi o autenti\u010dnoj umetnosti, kojoj se ne mo\u017ee prona\u0107i ni\u0161ta sli\u010dno.<\/p>\n<p>Dva istaknuta akademika \u010dlana Srpske akademije nauka i umetnosti, Dejan Medakovi\u0107 i Vojislav \u0110uri\u0107, svoj stav o visokoj vrednosti opusa Ilije Bosilja aktivno su zastupali za \u017eivota. Profesor Medakovi\u0107 je Iliju smatrao jednim od deset najzna\u010dajnijih srpskih slikara, a Vojislav \u0110uri\u0107 je stru\u010dno obradio njegovu umetnost.<\/p>\n<p>Pored Centra \u017dor\u017e Pompidu u Parizu, MSU u Beogradu, muzeja Museum of Everything u Londonu, MSUV u Novom Sadu, Ilijini radovi se nalaze u presti\u017enim privatnim kolekcijama poput kolekcija Maks Bila i Karla Pontija. Nakon samostalne izlo\u017ebe u NJujorku u Galeriji Sent Etjen 2006. godine, re\u0111aju se Ilijine izlo\u017ebe me\u0111u kojima i ona na kojoj je prikazan zajedno sa Pol Kleom, Kandinskim i Pikasom.<\/p>\n<p>Drugi umetnik kojeg \u0107e publika mo\u0107i da upozna, <strong>Sava Sekuli\u0107<\/strong> (1902\u20131989), tako\u0111e dobija me\u0111unarodno priznanje dosta rano, a o njegovoj umetnosti za \u017eivota izuzetno pozitivno se izja\u0161njavaju Mi\u0107a Popovi\u0107 i Leonid \u0160ejka. Savina pozicija u dru\u0161tvu kao i njegov specifi\u010dan stil \u010dine ga \u010distim primerom art brut umetnosti. Od nedavno, Savu Sekuli\u0107a zastupa presti\u017ena Galerija Majkl Has iz Berlina, a 2021. godine posvetila mu je samostalnu izlo\u017ebu pod nazivom <em>Von Sava zu Sava: Sava Sekuli\u0107<\/em>.<\/p>\n<p>Teme oba izlo\u017eena opusa su globalne, vezane za op\u0161ta pitanja postojanja \u010doveka, \u017eivota i smrti, porodice i religije, i stoga su njihove slike razumljive svuda u svetu. Oba autora, i Sava i Ilija, u svojim opusima stvaraju nove svetove, a kroz vizuelnu umetnost izra\u017eavaju misli filozofske prirode bri\u0161u\u0107i skoro potpuno svoj unutra\u0161nji, du\u0161evni \u017eivot kao izvor inspiracije. NJihove slike ilustruju slobodu izra\u017eavanja o\u010diglednu u ikonografiji ovih slika, autenti\u010dan vizuelni izraz kao i filozofsku dimenziju pitanja i odgovora koje te slike adresiraju.<\/p>\n<p>Izlo\u017ebu prati trojezi\u010dni katalog (srpski, italijanski i engleski jezik) sa tekstovima autorke izlo\u017ebe dr Ivane Ba\u0161i\u010devi\u0107 Anti\u0107, Barbare Safarove, Jerka Denegrija, \u017dana Dibifea i Ivane Jovanovi\u0107. Kustoskinja izlo\u017ebe je msr Mirjana Brmbota, muzejska savetnica Galerije Matice srpske.<\/p>\n<p>Realizaciju izlo\u017ebe <em>Svesno napu\u0161tanje realnosti: Ilija Bosilj i Sava Sekuli\u0107<\/em> omogu\u0107ilo je Ministarstvo kulture Republike Srbije. Pokrovitelj izlo\u017ebe je DDOR osiguranje Novi Sad.<\/p>\n","protected":false},"excerpt":{"rendered":"<p>U okviru saradnje Muzeja naivne i marginalne umetnosti u Jagodini i Galerije Matice srpske bi\u0107e otvorene dve izlo\u017ebe Svesno napu\u0161tanje realnosti: Ilija Bosilj i Sava Sekuli\u0107 u Galeriji Matice srpske u Novom Sadu i Pomori\u0161ac \u2013 Vasa Pomori\u0161ac u Muzeju naivne i marginalne umetnosti u Jagodini. Izlo\u017eba Svesno napu\u0161tanje realnosti: Ilija Bosilj i Sava Sekuli\u0107<\/p>\n","protected":false},"author":2,"featured_media":13007,"comment_status":"closed","ping_status":"closed","template":"","tags":[],"mec_category":[97],"class_list":["post-13008","mec-events","type-mec-events","status-publish","has-post-thumbnail","hentry","mec_category-izlozbe"],"acf":[],"yoast_head":"<!-- This site is optimized with the Yoast SEO plugin v27.3 - https:\/\/yoast.com\/product\/yoast-seo-wordpress\/ -->\n<title>Sve\u010dano otvaranje izlo\u017ebe \u201eSvesno napu\u0161tanje realnosti: Sava Sekuli\u0107 i Ilija Bosilj\u201c | Galerija Matice srpske<\/title>\n<meta name=\"description\" content=\"U okviru saradnje Muzeja naivne i marginalne umetnosti u Jagodini i Galerije Matice srpske bi\u0107e otvorene dve izlo\u017ebe Svesno napu\u0161tanje realnosti: Ilija Bosilj i Sava Sekuli\u0107 u Galeriji Matice srpske u Novom Sadu i Pomori\u0161ac \u2013 Vasa Pomori\u0161ac u Muzeju naivne i marginalne umetnosti u Jagodini.\" \/>\n<meta name=\"robots\" content=\"index, follow, max-snippet:-1, max-image-preview:large, max-video-preview:-1\" \/>\n<link rel=\"canonical\" href=\"http:\/\/www.galerijamaticesrpske.rs\/lat\/events\/svecano-otvaranje-izlozbe-svesno-napustanje-realnosti-sava-sekulic-i-ilija-bosilj\/\" \/>\n<meta property=\"og:locale\" content=\"en_US\" \/>\n<meta property=\"og:type\" content=\"article\" \/>\n<meta property=\"og:title\" content=\"Sve\u010dano otvaranje izlo\u017ebe \u201eSvesno napu\u0161tanje realnosti: Sava Sekuli\u0107 i Ilija Bosilj\u201c | Galerija Matice srpske\" \/>\n<meta property=\"og:description\" content=\"U okviru saradnje Muzeja naivne i marginalne umetnosti u Jagodini i Galerije Matice srpske bi\u0107e otvorene dve izlo\u017ebe Svesno napu\u0161tanje realnosti: Ilija Bosilj i Sava Sekuli\u0107 u Galeriji Matice srpske u Novom Sadu i Pomori\u0161ac \u2013 Vasa Pomori\u0161ac u Muzeju naivne i marginalne umetnosti u Jagodini.\" \/>\n<meta property=\"og:url\" content=\"http:\/\/www.galerijamaticesrpske.rs\/lat\/events\/svecano-otvaranje-izlozbe-svesno-napustanje-realnosti-sava-sekulic-i-ilija-bosilj\/\" \/>\n<meta property=\"og:site_name\" content=\"Galerija Matice srpske\" \/>\n<meta property=\"og:image\" content=\"http:\/\/www.galerijamaticesrpske.rs\/wp-content\/uploads\/2024\/06\/fb-event-1024x576.jpg\" \/>\n\t<meta property=\"og:image:width\" content=\"1024\" \/>\n\t<meta property=\"og:image:height\" content=\"576\" \/>\n\t<meta property=\"og:image:type\" content=\"image\/jpeg\" \/>\n<meta name=\"twitter:card\" content=\"summary_large_image\" \/>\n<meta name=\"twitter:label1\" content=\"Est. reading time\" \/>\n\t<meta name=\"twitter:data1\" content=\"4 minutes\" \/>\n<script type=\"application\/ld+json\" class=\"yoast-schema-graph\">{\"@context\":\"https:\\\/\\\/schema.org\",\"@graph\":[{\"@type\":\"WebPage\",\"@id\":\"http:\\\/\\\/www.galerijamaticesrpske.rs\\\/lat\\\/events\\\/svecano-otvaranje-izlozbe-svesno-napustanje-realnosti-sava-sekulic-i-ilija-bosilj\\\/\",\"url\":\"http:\\\/\\\/www.galerijamaticesrpske.rs\\\/lat\\\/events\\\/svecano-otvaranje-izlozbe-svesno-napustanje-realnosti-sava-sekulic-i-ilija-bosilj\\\/\",\"name\":\"Sve\u010dano otvaranje izlo\u017ebe \u201eSvesno napu\u0161tanje realnosti: Sava Sekuli\u0107 i Ilija Bosilj\u201c | Galerija Matice srpske\",\"isPartOf\":{\"@id\":\"https:\\\/\\\/www.galerijamaticesrpske.rs\\\/#website\"},\"primaryImageOfPage\":{\"@id\":\"http:\\\/\\\/www.galerijamaticesrpske.rs\\\/lat\\\/events\\\/svecano-otvaranje-izlozbe-svesno-napustanje-realnosti-sava-sekulic-i-ilija-bosilj\\\/#primaryimage\"},\"image\":{\"@id\":\"http:\\\/\\\/www.galerijamaticesrpske.rs\\\/lat\\\/events\\\/svecano-otvaranje-izlozbe-svesno-napustanje-realnosti-sava-sekulic-i-ilija-bosilj\\\/#primaryimage\"},\"thumbnailUrl\":\"https:\\\/\\\/www.galerijamaticesrpske.rs\\\/wp-content\\\/uploads\\\/2024\\\/06\\\/fb-event.jpg\",\"datePublished\":\"2024-06-06T09:46:44+00:00\",\"description\":\"U okviru saradnje Muzeja naivne i marginalne umetnosti u Jagodini i Galerije Matice srpske bi\u0107e otvorene dve izlo\u017ebe Svesno napu\u0161tanje realnosti: Ilija Bosilj i Sava Sekuli\u0107 u Galeriji Matice srpske u Novom Sadu i Pomori\u0161ac \u2013 Vasa Pomori\u0161ac u Muzeju naivne i marginalne umetnosti u Jagodini.\",\"breadcrumb\":{\"@id\":\"http:\\\/\\\/www.galerijamaticesrpske.rs\\\/lat\\\/events\\\/svecano-otvaranje-izlozbe-svesno-napustanje-realnosti-sava-sekulic-i-ilija-bosilj\\\/#breadcrumb\"},\"inLanguage\":\"sr-LAT\",\"potentialAction\":[{\"@type\":\"ReadAction\",\"target\":[\"http:\\\/\\\/www.galerijamaticesrpske.rs\\\/lat\\\/events\\\/svecano-otvaranje-izlozbe-svesno-napustanje-realnosti-sava-sekulic-i-ilija-bosilj\\\/\"]}]},{\"@type\":\"ImageObject\",\"inLanguage\":\"sr-LAT\",\"@id\":\"http:\\\/\\\/www.galerijamaticesrpske.rs\\\/lat\\\/events\\\/svecano-otvaranje-izlozbe-svesno-napustanje-realnosti-sava-sekulic-i-ilija-bosilj\\\/#primaryimage\",\"url\":\"https:\\\/\\\/www.galerijamaticesrpske.rs\\\/wp-content\\\/uploads\\\/2024\\\/06\\\/fb-event.jpg\",\"contentUrl\":\"https:\\\/\\\/www.galerijamaticesrpske.rs\\\/wp-content\\\/uploads\\\/2024\\\/06\\\/fb-event.jpg\",\"width\":1921,\"height\":1081},{\"@type\":\"BreadcrumbList\",\"@id\":\"http:\\\/\\\/www.galerijamaticesrpske.rs\\\/lat\\\/events\\\/svecano-otvaranje-izlozbe-svesno-napustanje-realnosti-sava-sekulic-i-ilija-bosilj\\\/#breadcrumb\",\"itemListElement\":[{\"@type\":\"ListItem\",\"position\":1,\"name\":\"\u041f\u043e\u0447\u0435\u0442\u043d\u0430\",\"item\":\"http:\\\/\\\/www.galerijamaticesrpske.rs\\\/lat\\\/\"},{\"@type\":\"ListItem\",\"position\":2,\"name\":\"Events\",\"item\":\"http:\\\/\\\/www.galerijamaticesrpske.rs\\\/lat\\\/events\\\/\"},{\"@type\":\"ListItem\",\"position\":3,\"name\":\"Sve\u010dano otvaranje izlo\u017ebe \u201eSvesno napu\u0161tanje realnosti: Sava Sekuli\u0107 i Ilija Bosilj\u201c\"}]},{\"@type\":\"WebSite\",\"@id\":\"https:\\\/\\\/www.galerijamaticesrpske.rs\\\/#website\",\"url\":\"https:\\\/\\\/www.galerijamaticesrpske.rs\\\/\",\"name\":\"Galerija Matice srpske\",\"description\":\"Muzej srpske nacionalne umetnosti u Novom Sadu\",\"publisher\":{\"@id\":\"https:\\\/\\\/www.galerijamaticesrpske.rs\\\/#organization\"},\"potentialAction\":[{\"@type\":\"SearchAction\",\"target\":{\"@type\":\"EntryPoint\",\"urlTemplate\":\"https:\\\/\\\/www.galerijamaticesrpske.rs\\\/?s={search_term_string}\"},\"query-input\":{\"@type\":\"PropertyValueSpecification\",\"valueRequired\":true,\"valueName\":\"search_term_string\"}}],\"inLanguage\":\"sr-LAT\"},{\"@type\":\"Organization\",\"@id\":\"https:\\\/\\\/www.galerijamaticesrpske.rs\\\/#organization\",\"name\":\"Galerija Matice srpske\",\"url\":\"https:\\\/\\\/www.galerijamaticesrpske.rs\\\/\",\"logo\":{\"@type\":\"ImageObject\",\"inLanguage\":\"sr-LAT\",\"@id\":\"https:\\\/\\\/www.galerijamaticesrpske.rs\\\/#\\\/schema\\\/logo\\\/image\\\/\",\"url\":\"https:\\\/\\\/www.galerijamaticesrpske.rs\\\/wp-content\\\/uploads\\\/2021\\\/01\\\/gms-logo-za-sajt.svg\",\"contentUrl\":\"https:\\\/\\\/www.galerijamaticesrpske.rs\\\/wp-content\\\/uploads\\\/2021\\\/01\\\/gms-logo-za-sajt.svg\",\"width\":1,\"height\":1,\"caption\":\"Galerija Matice srpske\"},\"image\":{\"@id\":\"https:\\\/\\\/www.galerijamaticesrpske.rs\\\/#\\\/schema\\\/logo\\\/image\\\/\"}}]}<\/script>\n<!-- \/ Yoast SEO plugin. -->","yoast_head_json":{"title":"Sve\u010dano otvaranje izlo\u017ebe \u201eSvesno napu\u0161tanje realnosti: Sava Sekuli\u0107 i Ilija Bosilj\u201c | Galerija Matice srpske","description":"U okviru saradnje Muzeja naivne i marginalne umetnosti u Jagodini i Galerije Matice srpske bi\u0107e otvorene dve izlo\u017ebe Svesno napu\u0161tanje realnosti: Ilija Bosilj i Sava Sekuli\u0107 u Galeriji Matice srpske u Novom Sadu i Pomori\u0161ac \u2013 Vasa Pomori\u0161ac u Muzeju naivne i marginalne umetnosti u Jagodini.","robots":{"index":"index","follow":"follow","max-snippet":"max-snippet:-1","max-image-preview":"max-image-preview:large","max-video-preview":"max-video-preview:-1"},"canonical":"http:\/\/www.galerijamaticesrpske.rs\/lat\/events\/svecano-otvaranje-izlozbe-svesno-napustanje-realnosti-sava-sekulic-i-ilija-bosilj\/","og_locale":"en_US","og_type":"article","og_title":"Sve\u010dano otvaranje izlo\u017ebe \u201eSvesno napu\u0161tanje realnosti: Sava Sekuli\u0107 i Ilija Bosilj\u201c | Galerija Matice srpske","og_description":"U okviru saradnje Muzeja naivne i marginalne umetnosti u Jagodini i Galerije Matice srpske bi\u0107e otvorene dve izlo\u017ebe Svesno napu\u0161tanje realnosti: Ilija Bosilj i Sava Sekuli\u0107 u Galeriji Matice srpske u Novom Sadu i Pomori\u0161ac \u2013 Vasa Pomori\u0161ac u Muzeju naivne i marginalne umetnosti u Jagodini.","og_url":"http:\/\/www.galerijamaticesrpske.rs\/lat\/events\/svecano-otvaranje-izlozbe-svesno-napustanje-realnosti-sava-sekulic-i-ilija-bosilj\/","og_site_name":"Galerija Matice srpske","og_image":[{"width":1024,"height":576,"url":"http:\/\/www.galerijamaticesrpske.rs\/wp-content\/uploads\/2024\/06\/fb-event-1024x576.jpg","type":"image\/jpeg"}],"twitter_card":"summary_large_image","twitter_misc":{"Est. reading time":"4 minutes"},"schema":{"@context":"https:\/\/schema.org","@graph":[{"@type":"WebPage","@id":"http:\/\/www.galerijamaticesrpske.rs\/lat\/events\/svecano-otvaranje-izlozbe-svesno-napustanje-realnosti-sava-sekulic-i-ilija-bosilj\/","url":"http:\/\/www.galerijamaticesrpske.rs\/lat\/events\/svecano-otvaranje-izlozbe-svesno-napustanje-realnosti-sava-sekulic-i-ilija-bosilj\/","name":"Sve\u010dano otvaranje izlo\u017ebe \u201eSvesno napu\u0161tanje realnosti: Sava Sekuli\u0107 i Ilija Bosilj\u201c | Galerija Matice srpske","isPartOf":{"@id":"https:\/\/www.galerijamaticesrpske.rs\/#website"},"primaryImageOfPage":{"@id":"http:\/\/www.galerijamaticesrpske.rs\/lat\/events\/svecano-otvaranje-izlozbe-svesno-napustanje-realnosti-sava-sekulic-i-ilija-bosilj\/#primaryimage"},"image":{"@id":"http:\/\/www.galerijamaticesrpske.rs\/lat\/events\/svecano-otvaranje-izlozbe-svesno-napustanje-realnosti-sava-sekulic-i-ilija-bosilj\/#primaryimage"},"thumbnailUrl":"https:\/\/www.galerijamaticesrpske.rs\/wp-content\/uploads\/2024\/06\/fb-event.jpg","datePublished":"2024-06-06T09:46:44+00:00","description":"U okviru saradnje Muzeja naivne i marginalne umetnosti u Jagodini i Galerije Matice srpske bi\u0107e otvorene dve izlo\u017ebe Svesno napu\u0161tanje realnosti: Ilija Bosilj i Sava Sekuli\u0107 u Galeriji Matice srpske u Novom Sadu i Pomori\u0161ac \u2013 Vasa Pomori\u0161ac u Muzeju naivne i marginalne umetnosti u Jagodini.","breadcrumb":{"@id":"http:\/\/www.galerijamaticesrpske.rs\/lat\/events\/svecano-otvaranje-izlozbe-svesno-napustanje-realnosti-sava-sekulic-i-ilija-bosilj\/#breadcrumb"},"inLanguage":"sr-LAT","potentialAction":[{"@type":"ReadAction","target":["http:\/\/www.galerijamaticesrpske.rs\/lat\/events\/svecano-otvaranje-izlozbe-svesno-napustanje-realnosti-sava-sekulic-i-ilija-bosilj\/"]}]},{"@type":"ImageObject","inLanguage":"sr-LAT","@id":"http:\/\/www.galerijamaticesrpske.rs\/lat\/events\/svecano-otvaranje-izlozbe-svesno-napustanje-realnosti-sava-sekulic-i-ilija-bosilj\/#primaryimage","url":"https:\/\/www.galerijamaticesrpske.rs\/wp-content\/uploads\/2024\/06\/fb-event.jpg","contentUrl":"https:\/\/www.galerijamaticesrpske.rs\/wp-content\/uploads\/2024\/06\/fb-event.jpg","width":1921,"height":1081},{"@type":"BreadcrumbList","@id":"http:\/\/www.galerijamaticesrpske.rs\/lat\/events\/svecano-otvaranje-izlozbe-svesno-napustanje-realnosti-sava-sekulic-i-ilija-bosilj\/#breadcrumb","itemListElement":[{"@type":"ListItem","position":1,"name":"\u041f\u043e\u0447\u0435\u0442\u043d\u0430","item":"http:\/\/www.galerijamaticesrpske.rs\/lat\/"},{"@type":"ListItem","position":2,"name":"Events","item":"http:\/\/www.galerijamaticesrpske.rs\/lat\/events\/"},{"@type":"ListItem","position":3,"name":"Sve\u010dano otvaranje izlo\u017ebe \u201eSvesno napu\u0161tanje realnosti: Sava Sekuli\u0107 i Ilija Bosilj\u201c"}]},{"@type":"WebSite","@id":"https:\/\/www.galerijamaticesrpske.rs\/#website","url":"https:\/\/www.galerijamaticesrpske.rs\/","name":"Galerija Matice srpske","description":"Muzej srpske nacionalne umetnosti u Novom Sadu","publisher":{"@id":"https:\/\/www.galerijamaticesrpske.rs\/#organization"},"potentialAction":[{"@type":"SearchAction","target":{"@type":"EntryPoint","urlTemplate":"https:\/\/www.galerijamaticesrpske.rs\/?s={search_term_string}"},"query-input":{"@type":"PropertyValueSpecification","valueRequired":true,"valueName":"search_term_string"}}],"inLanguage":"sr-LAT"},{"@type":"Organization","@id":"https:\/\/www.galerijamaticesrpske.rs\/#organization","name":"Galerija Matice srpske","url":"https:\/\/www.galerijamaticesrpske.rs\/","logo":{"@type":"ImageObject","inLanguage":"sr-LAT","@id":"https:\/\/www.galerijamaticesrpske.rs\/#\/schema\/logo\/image\/","url":"https:\/\/www.galerijamaticesrpske.rs\/wp-content\/uploads\/2021\/01\/gms-logo-za-sajt.svg","contentUrl":"https:\/\/www.galerijamaticesrpske.rs\/wp-content\/uploads\/2021\/01\/gms-logo-za-sajt.svg","width":1,"height":1,"caption":"Galerija Matice srpske"},"image":{"@id":"https:\/\/www.galerijamaticesrpske.rs\/#\/schema\/logo\/image\/"}}]}},"_links":{"self":[{"href":"https:\/\/www.galerijamaticesrpske.rs\/lat\/wp-json\/wp\/v2\/mec-events\/13008","targetHints":{"allow":["GET"]}}],"collection":[{"href":"https:\/\/www.galerijamaticesrpske.rs\/lat\/wp-json\/wp\/v2\/mec-events"}],"about":[{"href":"https:\/\/www.galerijamaticesrpske.rs\/lat\/wp-json\/wp\/v2\/types\/mec-events"}],"author":[{"embeddable":true,"href":"https:\/\/www.galerijamaticesrpske.rs\/lat\/wp-json\/wp\/v2\/users\/2"}],"replies":[{"embeddable":true,"href":"https:\/\/www.galerijamaticesrpske.rs\/lat\/wp-json\/wp\/v2\/comments?post=13008"}],"wp:featuredmedia":[{"embeddable":true,"href":"https:\/\/www.galerijamaticesrpske.rs\/lat\/wp-json\/wp\/v2\/media\/13007"}],"wp:attachment":[{"href":"https:\/\/www.galerijamaticesrpske.rs\/lat\/wp-json\/wp\/v2\/media?parent=13008"}],"wp:term":[{"taxonomy":"post_tag","embeddable":true,"href":"https:\/\/www.galerijamaticesrpske.rs\/lat\/wp-json\/wp\/v2\/tags?post=13008"},{"taxonomy":"mec_category","embeddable":true,"href":"https:\/\/www.galerijamaticesrpske.rs\/lat\/wp-json\/wp\/v2\/mec_category?post=13008"}],"curies":[{"name":"wp","href":"https:\/\/api.w.org\/{rel}","templated":true}]}}