{"id":13240,"date":"2024-09-16T10:35:58","date_gmt":"2024-09-16T10:35:58","guid":{"rendered":"https:\/\/www.galerijamaticesrpske.rs\/?post_type=mec-events&#038;p=13240"},"modified":"2024-09-19T10:02:07","modified_gmt":"2024-09-19T10:02:07","slug":"svecano-otvaranje-izlozbe-molitva-kao-milosrdje-alfons-muha-i-predrag-djakovic","status":"publish","type":"mec-events","link":"https:\/\/www.galerijamaticesrpske.rs\/lat\/events\/svecano-otvaranje-izlozbe-molitva-kao-milosrdje-alfons-muha-i-predrag-djakovic\/","title":{"rendered":"Sve\u010dano otvaranje izlo\u017ebe \u201eMolitva kao Milosr\u0111e. Alfons Muha i Predrag \u0110akovi\u0107\u201c"},"content":{"rendered":"<p>Nakon pro\u0161logodi\u0161nje izlo\u017ebe <em>Paja Jovanovi\u0107 i Gustav Klimt. Jedna epoha, dva umetnika, tri muzeja<\/em> koja je spojila dva velika slikara razli\u010ditih nacionalnosti, Galerija Matice srpske i ove jeseni ponovo predstavlja dijalog izme\u0111u dva stvaraoca.<strong> Izlo\u017eba <em>Molitva kao Milosr\u0111e<\/em><\/strong> spoji\u0107e \u010de\u0161kog slikara Alfonsa Muhu i Predraga \u0110akovi\u0107a, savremenog srpskog umetnika koji \u017eivi i stvara u Pragu.<\/p>\n<p><strong>Sve\u010dano otvaranje izlo\u017ebe<\/strong> <em>Molitva kao milosr\u0111e<\/em> bi\u0107e prire\u0111eno u petak, <strong>20. septembra u 20.00 sati<\/strong>, a na otvaranju prisutnima \u0107e se obratiti <strong>dr Tijana Palkovljevi\u0107 Bugarski<\/strong>, upravnica Galerije Matice srpske, <strong>dr Danilo Vuksanovi\u0107<\/strong>, pomo\u0107nik upravnika GMS i kustos izlo\u017ebe, <strong>Lordan Zafranovi\u0107<\/strong>, re\u017eiser i <strong>NJ. E. gospodin Jan Bondi<\/strong>, amabsador \u010ce\u0161ke Republike u Srbiji. Otvaranje \u0107e upotpuniti muzi\u010dki program, a nastupi\u0107e Gabriela Ubavi\u0107, sopran i Aleksandra Gaji\u0107, klavir.<\/p>\n<p>Izlo\u017eba <em>Molitva kao Milosr\u0111e<\/em> predstavlja dijalog izme\u0111u umetni\u010dkih dela dva slikara iz razli\u010ditih epoha: Alfonsa Muhe, koji je stvarao u drugoj polovini 19. veka i prvoj polovini 20. veka, i Predraga \u0110akovi\u0107 (1964), savremenog umetnika. Tematski, izlo\u017eba prikazuje stradanja srpskog, \u010de\u0161kog i jevrejskog naroda koja su se desila u 20. veku, ukazuje na nemile doga\u0111aje koje ne smemo da zaboravimo, ali ih snagom umetni\u010dkog iskaza urezuje u kolektivno pam\u0107enje kako se ne bi nikad vi\u0161e ponovili. Publika \u0107e imati priliku da se prvi put sretne sa monumentalnim delom Alfonsa Muhe <em>Milosr\u0111e \u2013 Charitas<\/em> iz 1886. godine (154h451 cm) i tri crte\u017ea iz zrele faze stvarala\u0161tva iz privatnih zbirki \u010de\u0161kih kolekcionara. Muhina dela inspirisala su Predraga \u0110akovi\u0107a za stvaranje umetni\u010dkih radova i instalacija, te je na takav na\u010din u sopstvenom umetni\u010dkom opusu pru\u017eio novi okvir holokaustu kao nepresu\u0161nom izvoru za umetni\u010dko stvarala\u0161tvo. Devet kompozicija Predraga \u0110akovi\u0107a izvedenih u razli\u010ditim materijalima, zajedno sa jo\u0161 \u010detiri dela Alfonsa Muhe, tuma\u010de na savremen na\u010din tragediju na\u0161e civilizacije u uskome\u0161anom istorijskom toku.<\/p>\n<p>Ideja izlo\u017ebe je da uka\u017ee na va\u017enost dijaloga me\u0111u evropskim kulturama u cilju stvaranja boljeg i tolerantnijeg dru\u0161tva zasnovanog na humanisti\u010dkim idejama ljubavi i po\u0161tovanja, kako bi se u budu\u0107nosti izbegla stra\u0161na stradanja nedu\u017enog stanovni\u0161tva.<\/p>\n<p><strong>Alfons Marija Muha<\/strong> (1860\u20131939) bio je \u010de\u0161ki slikar i jedan od najzana\u010dnijih umetnika pokreta Art Nuvo. Slikarstvo je studirao u Minhenu i Parizu, a veliku pa\u017enju javnosti i likovnih kriti\u010dara privukao je izradom najpoznatijih postera, reklama, ilustracija, ali i slikanjem \u010duvene <em>Slovenske epopeje<\/em>. Danas su njegova dela deo brojnih muzejskih i privatnih kolekcija, dok u Pragu postoji jedinstven muzej posve\u0107en ovom umetniku.<\/p>\n<p><strong>Predrag \u0110akovi\u0107<\/strong> (1964) je srpski savremeni umetnik koji ve\u0107 \u010detrdeset godina \u017eivi i radi u Pragu. Prve \u010dasove crtanja poha\u0111ao u \u010duvenoj beogradskoj \u0160umatova\u010dkoj ulici kod Sergeja Jovanovi\u0107a, da bi potom zavr\u0161io Likovnu akademiju u Pragu. Samostalno je izlagao u Jugoslaviji, \u010cehoslova\u010dkoj, Sjedinjenim Ameri\u010dkim Dr\u017eavama, Nema\u010dkoj, Holandiji, \u0160paniji, Engleskoj i Crnoj Gori. Dobitnik je vi\u0161e nagrada za svoj rad, a njegova dela se nalaze u zna\u010dajnim umetni\u010dkim kolekcijama \u0161irom sveta. Paralelno se uspe\u0161no bavi i muzikom.<\/p>\n<p>Tokom trajanja izlo\u017ebe bi\u0107e realizovan bogat prate\u0107i program u vidu razli\u010ditih predavanja petkom u 19.00 sati, kustoskih vo\u0111enja vikendom u 13.00 i 17.00 sati i kreativnih radionica subotom za decu i tinejd\u017eere. Prate\u0107i program mo\u017eete pratiti na <a href=\"https:\/\/www.galerijamaticesrpske.rs\/lat\/pretraga-dogadjaja\/\">zvani\u010dnom sajtu<\/a> i na <a href=\"https:\/\/www.facebook.com\/galerijamaticesrpske\/\">dru\u0161tvenim mre\u017eama<\/a> Galerije Matice srpske.<\/p>\n<p>Kustos izlo\u017ebe je dr Danilo Vuksanovi\u0107, pomo\u0107nik upravnika Galerije Matice srpske.<\/p>\n<p>Realizaciju kataloga i izlo\u017ebe omogu\u0107ilo je Ministarstvo kulture Republike Srbije, Pokrajinska vlada Vojvodine i Grad Novi Sad.<\/p>\n<p>Medijski pokrovitelji izlo\u017ebe su su JMU Radio-televizija Vojvodine, Radio 021, Naxi Planeta radio, Radio Beseda, Color Press Group, Kulture.rs i Ringier Serbia doo \u2013 Blic.<\/p>\n","protected":false},"excerpt":{"rendered":"<p>Nakon pro\u0161logodi\u0161nje izlo\u017ebe Paja Jovanovi\u0107 i Gustav Klimt. Jedna epoha, dva umetnika, tri muzeja koja je spojila dva velika slikara razli\u010ditih nacionalnosti, Galerija Matice srpske i ove jeseni ponovo predstavlja dijalog izme\u0111u dva stvaraoca. Izlo\u017eba Molitva kao Milosr\u0111e spoji\u0107e \u010de\u0161kog slikara Alfonsa Muhu i Predraga \u0110akovi\u0107a, savremenog srpskog umetnika koji \u017eivi i stvara u Pragu.<\/p>\n","protected":false},"author":2,"featured_media":13239,"comment_status":"closed","ping_status":"closed","template":"","tags":[],"mec_category":[97],"class_list":["post-13240","mec-events","type-mec-events","status-publish","has-post-thumbnail","hentry","mec_category-izlozbe"],"acf":[],"yoast_head":"<!-- This site is optimized with the Yoast SEO plugin v27.3 - https:\/\/yoast.com\/product\/yoast-seo-wordpress\/ -->\n<title>Sve\u010dano otvaranje izlo\u017ebe \u201eMolitva kao Milosr\u0111e. Alfons Muha i Predrag \u0110akovi\u0107\u201c | Galerija Matice srpske<\/title>\n<meta name=\"description\" content=\"Nakon pro\u0161logodi\u0161nje izlo\u017ebe Paja Jovanovi\u0107 i Gustav Klimt. Jedna epoha, dva umetnika, tri muzeja koja je spojila dva velika slikara razli\u010ditih nacionalnosti, Galerija Matice srpske i ove jeseni ponovo predstavlja dijalog izme\u0111u dva stvaraoca. Izlo\u017eba Molitva kao Milosr\u0111e spoji\u0107e \u010de\u0161kog slikara Alfonsa Muhu i Predraga \u0110akovi\u0107a, savremenog srpskog umetnika koji \u017eivi i stvara u Pragu.\" \/>\n<meta name=\"robots\" content=\"index, follow, max-snippet:-1, max-image-preview:large, max-video-preview:-1\" \/>\n<link rel=\"canonical\" href=\"https:\/\/www.galerijamaticesrpske.rs\/lat\/events\/svecano-otvaranje-izlozbe-molitva-kao-milosrdje-alfons-muha-i-predrag-djakovic\/\" \/>\n<meta property=\"og:locale\" content=\"en_US\" \/>\n<meta property=\"og:type\" content=\"article\" \/>\n<meta property=\"og:title\" content=\"Sve\u010dano otvaranje izlo\u017ebe \u201eMolitva kao Milosr\u0111e. Alfons Muha i Predrag \u0110akovi\u0107\u201c | Galerija Matice srpske\" \/>\n<meta property=\"og:description\" content=\"Nakon pro\u0161logodi\u0161nje izlo\u017ebe Paja Jovanovi\u0107 i Gustav Klimt. Jedna epoha, dva umetnika, tri muzeja koja je spojila dva velika slikara razli\u010ditih nacionalnosti, Galerija Matice srpske i ove jeseni ponovo predstavlja dijalog izme\u0111u dva stvaraoca. Izlo\u017eba Molitva kao Milosr\u0111e spoji\u0107e \u010de\u0161kog slikara Alfonsa Muhu i Predraga \u0110akovi\u0107a, savremenog srpskog umetnika koji \u017eivi i stvara u Pragu.\" \/>\n<meta property=\"og:url\" content=\"https:\/\/www.galerijamaticesrpske.rs\/lat\/events\/svecano-otvaranje-izlozbe-molitva-kao-milosrdje-alfons-muha-i-predrag-djakovic\/\" \/>\n<meta property=\"og:site_name\" content=\"Galerija Matice srpske\" \/>\n<meta property=\"article:modified_time\" content=\"2024-09-19T10:02:07+00:00\" \/>\n<meta property=\"og:image\" content=\"https:\/\/www.galerijamaticesrpske.rs\/wp-content\/uploads\/2024\/09\/820x312px.png\" \/>\n\t<meta property=\"og:image:width\" content=\"820\" \/>\n\t<meta property=\"og:image:height\" content=\"312\" \/>\n\t<meta property=\"og:image:type\" content=\"image\/png\" \/>\n<meta name=\"twitter:card\" content=\"summary_large_image\" \/>\n<meta name=\"twitter:label1\" content=\"Est. reading time\" \/>\n\t<meta name=\"twitter:data1\" content=\"3 minutes\" \/>\n<script type=\"application\/ld+json\" class=\"yoast-schema-graph\">{\"@context\":\"https:\\\/\\\/schema.org\",\"@graph\":[{\"@type\":\"WebPage\",\"@id\":\"https:\\\/\\\/www.galerijamaticesrpske.rs\\\/lat\\\/events\\\/svecano-otvaranje-izlozbe-molitva-kao-milosrdje-alfons-muha-i-predrag-djakovic\\\/\",\"url\":\"https:\\\/\\\/www.galerijamaticesrpske.rs\\\/lat\\\/events\\\/svecano-otvaranje-izlozbe-molitva-kao-milosrdje-alfons-muha-i-predrag-djakovic\\\/\",\"name\":\"Sve\u010dano otvaranje izlo\u017ebe \u201eMolitva kao Milosr\u0111e. Alfons Muha i Predrag \u0110akovi\u0107\u201c | Galerija Matice srpske\",\"isPartOf\":{\"@id\":\"https:\\\/\\\/www.galerijamaticesrpske.rs\\\/#website\"},\"primaryImageOfPage\":{\"@id\":\"https:\\\/\\\/www.galerijamaticesrpske.rs\\\/lat\\\/events\\\/svecano-otvaranje-izlozbe-molitva-kao-milosrdje-alfons-muha-i-predrag-djakovic\\\/#primaryimage\"},\"image\":{\"@id\":\"https:\\\/\\\/www.galerijamaticesrpske.rs\\\/lat\\\/events\\\/svecano-otvaranje-izlozbe-molitva-kao-milosrdje-alfons-muha-i-predrag-djakovic\\\/#primaryimage\"},\"thumbnailUrl\":\"https:\\\/\\\/www.galerijamaticesrpske.rs\\\/wp-content\\\/uploads\\\/2024\\\/09\\\/820x312px.png\",\"datePublished\":\"2024-09-16T10:35:58+00:00\",\"dateModified\":\"2024-09-19T10:02:07+00:00\",\"description\":\"Nakon pro\u0161logodi\u0161nje izlo\u017ebe Paja Jovanovi\u0107 i Gustav Klimt. Jedna epoha, dva umetnika, tri muzeja koja je spojila dva velika slikara razli\u010ditih nacionalnosti, Galerija Matice srpske i ove jeseni ponovo predstavlja dijalog izme\u0111u dva stvaraoca. Izlo\u017eba Molitva kao Milosr\u0111e spoji\u0107e \u010de\u0161kog slikara Alfonsa Muhu i Predraga \u0110akovi\u0107a, savremenog srpskog umetnika koji \u017eivi i stvara u Pragu.\",\"breadcrumb\":{\"@id\":\"https:\\\/\\\/www.galerijamaticesrpske.rs\\\/lat\\\/events\\\/svecano-otvaranje-izlozbe-molitva-kao-milosrdje-alfons-muha-i-predrag-djakovic\\\/#breadcrumb\"},\"inLanguage\":\"sr-LAT\",\"potentialAction\":[{\"@type\":\"ReadAction\",\"target\":[\"https:\\\/\\\/www.galerijamaticesrpske.rs\\\/lat\\\/events\\\/svecano-otvaranje-izlozbe-molitva-kao-milosrdje-alfons-muha-i-predrag-djakovic\\\/\"]}]},{\"@type\":\"ImageObject\",\"inLanguage\":\"sr-LAT\",\"@id\":\"https:\\\/\\\/www.galerijamaticesrpske.rs\\\/lat\\\/events\\\/svecano-otvaranje-izlozbe-molitva-kao-milosrdje-alfons-muha-i-predrag-djakovic\\\/#primaryimage\",\"url\":\"https:\\\/\\\/www.galerijamaticesrpske.rs\\\/wp-content\\\/uploads\\\/2024\\\/09\\\/820x312px.png\",\"contentUrl\":\"https:\\\/\\\/www.galerijamaticesrpske.rs\\\/wp-content\\\/uploads\\\/2024\\\/09\\\/820x312px.png\",\"width\":820,\"height\":312},{\"@type\":\"BreadcrumbList\",\"@id\":\"https:\\\/\\\/www.galerijamaticesrpske.rs\\\/lat\\\/events\\\/svecano-otvaranje-izlozbe-molitva-kao-milosrdje-alfons-muha-i-predrag-djakovic\\\/#breadcrumb\",\"itemListElement\":[{\"@type\":\"ListItem\",\"position\":1,\"name\":\"\u041f\u043e\u0447\u0435\u0442\u043d\u0430\",\"item\":\"http:\\\/\\\/www.galerijamaticesrpske.rs\\\/lat\\\/\"},{\"@type\":\"ListItem\",\"position\":2,\"name\":\"Events\",\"item\":\"http:\\\/\\\/www.galerijamaticesrpske.rs\\\/lat\\\/events\\\/\"},{\"@type\":\"ListItem\",\"position\":3,\"name\":\"Sve\u010dano otvaranje izlo\u017ebe \u201eMolitva kao Milosr\u0111e. Alfons Muha i Predrag \u0110akovi\u0107\u201c\"}]},{\"@type\":\"WebSite\",\"@id\":\"https:\\\/\\\/www.galerijamaticesrpske.rs\\\/#website\",\"url\":\"https:\\\/\\\/www.galerijamaticesrpske.rs\\\/\",\"name\":\"Galerija Matice srpske\",\"description\":\"Muzej srpske nacionalne umetnosti u Novom Sadu\",\"publisher\":{\"@id\":\"https:\\\/\\\/www.galerijamaticesrpske.rs\\\/#organization\"},\"potentialAction\":[{\"@type\":\"SearchAction\",\"target\":{\"@type\":\"EntryPoint\",\"urlTemplate\":\"https:\\\/\\\/www.galerijamaticesrpske.rs\\\/?s={search_term_string}\"},\"query-input\":{\"@type\":\"PropertyValueSpecification\",\"valueRequired\":true,\"valueName\":\"search_term_string\"}}],\"inLanguage\":\"sr-LAT\"},{\"@type\":\"Organization\",\"@id\":\"https:\\\/\\\/www.galerijamaticesrpske.rs\\\/#organization\",\"name\":\"Galerija Matice srpske\",\"url\":\"https:\\\/\\\/www.galerijamaticesrpske.rs\\\/\",\"logo\":{\"@type\":\"ImageObject\",\"inLanguage\":\"sr-LAT\",\"@id\":\"https:\\\/\\\/www.galerijamaticesrpske.rs\\\/#\\\/schema\\\/logo\\\/image\\\/\",\"url\":\"https:\\\/\\\/www.galerijamaticesrpske.rs\\\/wp-content\\\/uploads\\\/2021\\\/01\\\/gms-logo-za-sajt.svg\",\"contentUrl\":\"https:\\\/\\\/www.galerijamaticesrpske.rs\\\/wp-content\\\/uploads\\\/2021\\\/01\\\/gms-logo-za-sajt.svg\",\"width\":1,\"height\":1,\"caption\":\"Galerija Matice srpske\"},\"image\":{\"@id\":\"https:\\\/\\\/www.galerijamaticesrpske.rs\\\/#\\\/schema\\\/logo\\\/image\\\/\"}}]}<\/script>\n<!-- \/ Yoast SEO plugin. -->","yoast_head_json":{"title":"Sve\u010dano otvaranje izlo\u017ebe \u201eMolitva kao Milosr\u0111e. Alfons Muha i Predrag \u0110akovi\u0107\u201c | Galerija Matice srpske","description":"Nakon pro\u0161logodi\u0161nje izlo\u017ebe Paja Jovanovi\u0107 i Gustav Klimt. Jedna epoha, dva umetnika, tri muzeja koja je spojila dva velika slikara razli\u010ditih nacionalnosti, Galerija Matice srpske i ove jeseni ponovo predstavlja dijalog izme\u0111u dva stvaraoca. Izlo\u017eba Molitva kao Milosr\u0111e spoji\u0107e \u010de\u0161kog slikara Alfonsa Muhu i Predraga \u0110akovi\u0107a, savremenog srpskog umetnika koji \u017eivi i stvara u Pragu.","robots":{"index":"index","follow":"follow","max-snippet":"max-snippet:-1","max-image-preview":"max-image-preview:large","max-video-preview":"max-video-preview:-1"},"canonical":"https:\/\/www.galerijamaticesrpske.rs\/lat\/events\/svecano-otvaranje-izlozbe-molitva-kao-milosrdje-alfons-muha-i-predrag-djakovic\/","og_locale":"en_US","og_type":"article","og_title":"Sve\u010dano otvaranje izlo\u017ebe \u201eMolitva kao Milosr\u0111e. Alfons Muha i Predrag \u0110akovi\u0107\u201c | Galerija Matice srpske","og_description":"Nakon pro\u0161logodi\u0161nje izlo\u017ebe Paja Jovanovi\u0107 i Gustav Klimt. Jedna epoha, dva umetnika, tri muzeja koja je spojila dva velika slikara razli\u010ditih nacionalnosti, Galerija Matice srpske i ove jeseni ponovo predstavlja dijalog izme\u0111u dva stvaraoca. Izlo\u017eba Molitva kao Milosr\u0111e spoji\u0107e \u010de\u0161kog slikara Alfonsa Muhu i Predraga \u0110akovi\u0107a, savremenog srpskog umetnika koji \u017eivi i stvara u Pragu.","og_url":"https:\/\/www.galerijamaticesrpske.rs\/lat\/events\/svecano-otvaranje-izlozbe-molitva-kao-milosrdje-alfons-muha-i-predrag-djakovic\/","og_site_name":"Galerija Matice srpske","article_modified_time":"2024-09-19T10:02:07+00:00","og_image":[{"width":820,"height":312,"url":"https:\/\/www.galerijamaticesrpske.rs\/wp-content\/uploads\/2024\/09\/820x312px.png","type":"image\/png"}],"twitter_card":"summary_large_image","twitter_misc":{"Est. reading time":"3 minutes"},"schema":{"@context":"https:\/\/schema.org","@graph":[{"@type":"WebPage","@id":"https:\/\/www.galerijamaticesrpske.rs\/lat\/events\/svecano-otvaranje-izlozbe-molitva-kao-milosrdje-alfons-muha-i-predrag-djakovic\/","url":"https:\/\/www.galerijamaticesrpske.rs\/lat\/events\/svecano-otvaranje-izlozbe-molitva-kao-milosrdje-alfons-muha-i-predrag-djakovic\/","name":"Sve\u010dano otvaranje izlo\u017ebe \u201eMolitva kao Milosr\u0111e. Alfons Muha i Predrag \u0110akovi\u0107\u201c | Galerija Matice srpske","isPartOf":{"@id":"https:\/\/www.galerijamaticesrpske.rs\/#website"},"primaryImageOfPage":{"@id":"https:\/\/www.galerijamaticesrpske.rs\/lat\/events\/svecano-otvaranje-izlozbe-molitva-kao-milosrdje-alfons-muha-i-predrag-djakovic\/#primaryimage"},"image":{"@id":"https:\/\/www.galerijamaticesrpske.rs\/lat\/events\/svecano-otvaranje-izlozbe-molitva-kao-milosrdje-alfons-muha-i-predrag-djakovic\/#primaryimage"},"thumbnailUrl":"https:\/\/www.galerijamaticesrpske.rs\/wp-content\/uploads\/2024\/09\/820x312px.png","datePublished":"2024-09-16T10:35:58+00:00","dateModified":"2024-09-19T10:02:07+00:00","description":"Nakon pro\u0161logodi\u0161nje izlo\u017ebe Paja Jovanovi\u0107 i Gustav Klimt. Jedna epoha, dva umetnika, tri muzeja koja je spojila dva velika slikara razli\u010ditih nacionalnosti, Galerija Matice srpske i ove jeseni ponovo predstavlja dijalog izme\u0111u dva stvaraoca. Izlo\u017eba Molitva kao Milosr\u0111e spoji\u0107e \u010de\u0161kog slikara Alfonsa Muhu i Predraga \u0110akovi\u0107a, savremenog srpskog umetnika koji \u017eivi i stvara u Pragu.","breadcrumb":{"@id":"https:\/\/www.galerijamaticesrpske.rs\/lat\/events\/svecano-otvaranje-izlozbe-molitva-kao-milosrdje-alfons-muha-i-predrag-djakovic\/#breadcrumb"},"inLanguage":"sr-LAT","potentialAction":[{"@type":"ReadAction","target":["https:\/\/www.galerijamaticesrpske.rs\/lat\/events\/svecano-otvaranje-izlozbe-molitva-kao-milosrdje-alfons-muha-i-predrag-djakovic\/"]}]},{"@type":"ImageObject","inLanguage":"sr-LAT","@id":"https:\/\/www.galerijamaticesrpske.rs\/lat\/events\/svecano-otvaranje-izlozbe-molitva-kao-milosrdje-alfons-muha-i-predrag-djakovic\/#primaryimage","url":"https:\/\/www.galerijamaticesrpske.rs\/wp-content\/uploads\/2024\/09\/820x312px.png","contentUrl":"https:\/\/www.galerijamaticesrpske.rs\/wp-content\/uploads\/2024\/09\/820x312px.png","width":820,"height":312},{"@type":"BreadcrumbList","@id":"https:\/\/www.galerijamaticesrpske.rs\/lat\/events\/svecano-otvaranje-izlozbe-molitva-kao-milosrdje-alfons-muha-i-predrag-djakovic\/#breadcrumb","itemListElement":[{"@type":"ListItem","position":1,"name":"\u041f\u043e\u0447\u0435\u0442\u043d\u0430","item":"http:\/\/www.galerijamaticesrpske.rs\/lat\/"},{"@type":"ListItem","position":2,"name":"Events","item":"http:\/\/www.galerijamaticesrpske.rs\/lat\/events\/"},{"@type":"ListItem","position":3,"name":"Sve\u010dano otvaranje izlo\u017ebe \u201eMolitva kao Milosr\u0111e. Alfons Muha i Predrag \u0110akovi\u0107\u201c"}]},{"@type":"WebSite","@id":"https:\/\/www.galerijamaticesrpske.rs\/#website","url":"https:\/\/www.galerijamaticesrpske.rs\/","name":"Galerija Matice srpske","description":"Muzej srpske nacionalne umetnosti u Novom Sadu","publisher":{"@id":"https:\/\/www.galerijamaticesrpske.rs\/#organization"},"potentialAction":[{"@type":"SearchAction","target":{"@type":"EntryPoint","urlTemplate":"https:\/\/www.galerijamaticesrpske.rs\/?s={search_term_string}"},"query-input":{"@type":"PropertyValueSpecification","valueRequired":true,"valueName":"search_term_string"}}],"inLanguage":"sr-LAT"},{"@type":"Organization","@id":"https:\/\/www.galerijamaticesrpske.rs\/#organization","name":"Galerija Matice srpske","url":"https:\/\/www.galerijamaticesrpske.rs\/","logo":{"@type":"ImageObject","inLanguage":"sr-LAT","@id":"https:\/\/www.galerijamaticesrpske.rs\/#\/schema\/logo\/image\/","url":"https:\/\/www.galerijamaticesrpske.rs\/wp-content\/uploads\/2021\/01\/gms-logo-za-sajt.svg","contentUrl":"https:\/\/www.galerijamaticesrpske.rs\/wp-content\/uploads\/2021\/01\/gms-logo-za-sajt.svg","width":1,"height":1,"caption":"Galerija Matice srpske"},"image":{"@id":"https:\/\/www.galerijamaticesrpske.rs\/#\/schema\/logo\/image\/"}}]}},"_links":{"self":[{"href":"https:\/\/www.galerijamaticesrpske.rs\/lat\/wp-json\/wp\/v2\/mec-events\/13240","targetHints":{"allow":["GET"]}}],"collection":[{"href":"https:\/\/www.galerijamaticesrpske.rs\/lat\/wp-json\/wp\/v2\/mec-events"}],"about":[{"href":"https:\/\/www.galerijamaticesrpske.rs\/lat\/wp-json\/wp\/v2\/types\/mec-events"}],"author":[{"embeddable":true,"href":"https:\/\/www.galerijamaticesrpske.rs\/lat\/wp-json\/wp\/v2\/users\/2"}],"replies":[{"embeddable":true,"href":"https:\/\/www.galerijamaticesrpske.rs\/lat\/wp-json\/wp\/v2\/comments?post=13240"}],"wp:featuredmedia":[{"embeddable":true,"href":"https:\/\/www.galerijamaticesrpske.rs\/lat\/wp-json\/wp\/v2\/media\/13239"}],"wp:attachment":[{"href":"https:\/\/www.galerijamaticesrpske.rs\/lat\/wp-json\/wp\/v2\/media?parent=13240"}],"wp:term":[{"taxonomy":"post_tag","embeddable":true,"href":"https:\/\/www.galerijamaticesrpske.rs\/lat\/wp-json\/wp\/v2\/tags?post=13240"},{"taxonomy":"mec_category","embeddable":true,"href":"https:\/\/www.galerijamaticesrpske.rs\/lat\/wp-json\/wp\/v2\/mec_category?post=13240"}],"curies":[{"name":"wp","href":"https:\/\/api.w.org\/{rel}","templated":true}]}}