{"id":13267,"date":"2024-09-23T08:19:03","date_gmt":"2024-09-23T08:19:03","guid":{"rendered":"https:\/\/www.galerijamaticesrpske.rs\/?post_type=mec-events&#038;p=13267"},"modified":"2024-09-23T08:19:03","modified_gmt":"2024-09-23T08:19:03","slug":"kustosko-vodjenje-kroz-izlozbu-19","status":"publish","type":"mec-events","link":"https:\/\/www.galerijamaticesrpske.rs\/lat\/events\/kustosko-vodjenje-kroz-izlozbu-19\/","title":{"rendered":"Kustosko vo\u0111enje kroz izlo\u017ebu"},"content":{"rendered":"<p>Slika Alfonsa Muhe <em>Milosr\u0111e<\/em>, koja je predstavljena na izlo\u017ebi, i danas predstavlja upe\u010datljivu opomenu, ba\u0161 kao i ure\u0111ena mrtva priroda u prvom planu slike sa ma\u010dem, \u0161titom, strelama, kerami\u010dkom posudom, iskrzanom granom i figurom Sirijusa. U njoj mo\u017eemo videti i dobar deo Predi\u0107eve Kosovke devojke. Oseti\u0107emo jo\u0161 kako se na ovoj slici ulivaju primordijalni svetovi u borbi za \u017eivot, veruju\u0107i da molitveni glasovi mogu nadvisiti zlo \u010dove\u010danstva.<\/p>\n<p>\u0160irina ovog platna je 451, a visina 154 cm. Slikao ga je mladi Alfons Muha, student minhenske akademije po porud\u017ebini svog mecene, grofa Kuen Belasija za dvorac Emahof u \u010de\u0161koj Hru\u0161ovici. Pre nego je oti\u0161ao u Pariz, jedan od naj\u010duvenijih umetnika secesije, dekorativni mag linearnih bravura i primenjene umetnosti, obrazovani tvorac <em>Slovenske epopeje<\/em> na platnu, 1886. godine osmislio i izveo kompoziciju <em>Milosr\u0111e \u2013 Charitas<\/em>, bez pomo\u0107nika.<\/p>\n<p>Vi\u0161e o ovoj slici, kao i radovima Predraga \u0110akovi\u0107a, publika \u0107e imati priliku da \u010duje u petak, 27. septembra u 19.00 sati od dr Danila Vuksanovi\u0107a.<\/p>\n<p>Vodi: <strong>Dr Danilo Vuksanovi\u0107<\/strong>, kustos izlo\u017ebe i pomo\u0107nik upravnika GMS<\/p>\n","protected":false},"excerpt":{"rendered":"<p>Slika Alfonsa Muhe Milosr\u0111e, koja je predstavljena na izlo\u017ebi, i danas predstavlja upe\u010datljivu opomenu, ba\u0161 kao i ure\u0111ena mrtva priroda u prvom planu slike sa ma\u010dem, \u0161titom, strelama, kerami\u010dkom posudom, iskrzanom granom i figurom Sirijusa. U njoj mo\u017eemo videti i dobar deo Predi\u0107eve Kosovke devojke. Oseti\u0107emo jo\u0161 kako se na ovoj slici ulivaju primordijalni svetovi<\/p>\n","protected":false},"author":2,"featured_media":13239,"comment_status":"closed","ping_status":"closed","template":"","tags":[],"mec_category":[100],"class_list":["post-13267","mec-events","type-mec-events","status-publish","has-post-thumbnail","hentry","mec_category-vodjenja-kroz-aktuelne-izlozbe"],"acf":[],"yoast_head":"<!-- This site is optimized with the Yoast SEO plugin v27.3 - https:\/\/yoast.com\/product\/yoast-seo-wordpress\/ -->\n<title>Kustosko vo\u0111enje kroz izlo\u017ebu | Galerija Matice srpske<\/title>\n<meta name=\"description\" content=\"Slika Alfonsa Muhe Milosr\u0111e, koja je predstavljena na izlo\u017ebi, i danas predstavlja upe\u010datljivu opomenu, ba\u0161 kao i ure\u0111ena mrtva priroda u prvom planu slike sa ma\u010dem, \u0161titom, strelama, kerami\u010dkom posudom, iskrzanom granom i figurom Sirijusa.\" \/>\n<meta name=\"robots\" content=\"index, follow, max-snippet:-1, max-image-preview:large, max-video-preview:-1\" \/>\n<link rel=\"canonical\" href=\"http:\/\/www.galerijamaticesrpske.rs\/lat\/events\/kustosko-vodjenje-kroz-izlozbu-19\/\" \/>\n<meta property=\"og:locale\" content=\"en_US\" \/>\n<meta property=\"og:type\" content=\"article\" \/>\n<meta property=\"og:title\" content=\"Kustosko vo\u0111enje kroz izlo\u017ebu | Galerija Matice srpske\" \/>\n<meta property=\"og:description\" content=\"Slika Alfonsa Muhe Milosr\u0111e, koja je predstavljena na izlo\u017ebi, i danas predstavlja upe\u010datljivu opomenu, ba\u0161 kao i ure\u0111ena mrtva priroda u prvom planu slike sa ma\u010dem, \u0161titom, strelama, kerami\u010dkom posudom, iskrzanom granom i figurom Sirijusa.\" \/>\n<meta property=\"og:url\" content=\"http:\/\/www.galerijamaticesrpske.rs\/lat\/events\/kustosko-vodjenje-kroz-izlozbu-19\/\" \/>\n<meta property=\"og:site_name\" content=\"Galerija Matice srpske\" \/>\n<meta property=\"og:image\" content=\"http:\/\/www.galerijamaticesrpske.rs\/wp-content\/uploads\/2024\/09\/820x312px.png\" \/>\n\t<meta property=\"og:image:width\" content=\"820\" \/>\n\t<meta property=\"og:image:height\" content=\"312\" \/>\n\t<meta property=\"og:image:type\" content=\"image\/png\" \/>\n<meta name=\"twitter:card\" content=\"summary_large_image\" \/>\n<meta name=\"twitter:label1\" content=\"Est. reading time\" \/>\n\t<meta name=\"twitter:data1\" content=\"1 minute\" \/>\n<script type=\"application\/ld+json\" class=\"yoast-schema-graph\">{\"@context\":\"https:\\\/\\\/schema.org\",\"@graph\":[{\"@type\":\"WebPage\",\"@id\":\"http:\\\/\\\/www.galerijamaticesrpske.rs\\\/lat\\\/events\\\/kustosko-vodjenje-kroz-izlozbu-19\\\/\",\"url\":\"http:\\\/\\\/www.galerijamaticesrpske.rs\\\/lat\\\/events\\\/kustosko-vodjenje-kroz-izlozbu-19\\\/\",\"name\":\"Kustosko vo\u0111enje kroz izlo\u017ebu | Galerija Matice srpske\",\"isPartOf\":{\"@id\":\"https:\\\/\\\/www.galerijamaticesrpske.rs\\\/#website\"},\"primaryImageOfPage\":{\"@id\":\"http:\\\/\\\/www.galerijamaticesrpske.rs\\\/lat\\\/events\\\/kustosko-vodjenje-kroz-izlozbu-19\\\/#primaryimage\"},\"image\":{\"@id\":\"http:\\\/\\\/www.galerijamaticesrpske.rs\\\/lat\\\/events\\\/kustosko-vodjenje-kroz-izlozbu-19\\\/#primaryimage\"},\"thumbnailUrl\":\"https:\\\/\\\/www.galerijamaticesrpske.rs\\\/wp-content\\\/uploads\\\/2024\\\/09\\\/820x312px.png\",\"datePublished\":\"2024-09-23T08:19:03+00:00\",\"description\":\"Slika Alfonsa Muhe Milosr\u0111e, koja je predstavljena na izlo\u017ebi, i danas predstavlja upe\u010datljivu opomenu, ba\u0161 kao i ure\u0111ena mrtva priroda u prvom planu slike sa ma\u010dem, \u0161titom, strelama, kerami\u010dkom posudom, iskrzanom granom i figurom Sirijusa.\",\"breadcrumb\":{\"@id\":\"http:\\\/\\\/www.galerijamaticesrpske.rs\\\/lat\\\/events\\\/kustosko-vodjenje-kroz-izlozbu-19\\\/#breadcrumb\"},\"inLanguage\":\"sr-LAT\",\"potentialAction\":[{\"@type\":\"ReadAction\",\"target\":[\"http:\\\/\\\/www.galerijamaticesrpske.rs\\\/lat\\\/events\\\/kustosko-vodjenje-kroz-izlozbu-19\\\/\"]}]},{\"@type\":\"ImageObject\",\"inLanguage\":\"sr-LAT\",\"@id\":\"http:\\\/\\\/www.galerijamaticesrpske.rs\\\/lat\\\/events\\\/kustosko-vodjenje-kroz-izlozbu-19\\\/#primaryimage\",\"url\":\"https:\\\/\\\/www.galerijamaticesrpske.rs\\\/wp-content\\\/uploads\\\/2024\\\/09\\\/820x312px.png\",\"contentUrl\":\"https:\\\/\\\/www.galerijamaticesrpske.rs\\\/wp-content\\\/uploads\\\/2024\\\/09\\\/820x312px.png\",\"width\":820,\"height\":312},{\"@type\":\"BreadcrumbList\",\"@id\":\"http:\\\/\\\/www.galerijamaticesrpske.rs\\\/lat\\\/events\\\/kustosko-vodjenje-kroz-izlozbu-19\\\/#breadcrumb\",\"itemListElement\":[{\"@type\":\"ListItem\",\"position\":1,\"name\":\"\u041f\u043e\u0447\u0435\u0442\u043d\u0430\",\"item\":\"http:\\\/\\\/www.galerijamaticesrpske.rs\\\/lat\\\/\"},{\"@type\":\"ListItem\",\"position\":2,\"name\":\"Events\",\"item\":\"http:\\\/\\\/www.galerijamaticesrpske.rs\\\/lat\\\/events\\\/\"},{\"@type\":\"ListItem\",\"position\":3,\"name\":\"Kustosko vo\u0111enje kroz izlo\u017ebu\"}]},{\"@type\":\"WebSite\",\"@id\":\"https:\\\/\\\/www.galerijamaticesrpske.rs\\\/#website\",\"url\":\"https:\\\/\\\/www.galerijamaticesrpske.rs\\\/\",\"name\":\"Galerija Matice srpske\",\"description\":\"Muzej srpske nacionalne umetnosti u Novom Sadu\",\"publisher\":{\"@id\":\"https:\\\/\\\/www.galerijamaticesrpske.rs\\\/#organization\"},\"potentialAction\":[{\"@type\":\"SearchAction\",\"target\":{\"@type\":\"EntryPoint\",\"urlTemplate\":\"https:\\\/\\\/www.galerijamaticesrpske.rs\\\/?s={search_term_string}\"},\"query-input\":{\"@type\":\"PropertyValueSpecification\",\"valueRequired\":true,\"valueName\":\"search_term_string\"}}],\"inLanguage\":\"sr-LAT\"},{\"@type\":\"Organization\",\"@id\":\"https:\\\/\\\/www.galerijamaticesrpske.rs\\\/#organization\",\"name\":\"Galerija Matice srpske\",\"url\":\"https:\\\/\\\/www.galerijamaticesrpske.rs\\\/\",\"logo\":{\"@type\":\"ImageObject\",\"inLanguage\":\"sr-LAT\",\"@id\":\"https:\\\/\\\/www.galerijamaticesrpske.rs\\\/#\\\/schema\\\/logo\\\/image\\\/\",\"url\":\"https:\\\/\\\/www.galerijamaticesrpske.rs\\\/wp-content\\\/uploads\\\/2021\\\/01\\\/gms-logo-za-sajt.svg\",\"contentUrl\":\"https:\\\/\\\/www.galerijamaticesrpske.rs\\\/wp-content\\\/uploads\\\/2021\\\/01\\\/gms-logo-za-sajt.svg\",\"width\":1,\"height\":1,\"caption\":\"Galerija Matice srpske\"},\"image\":{\"@id\":\"https:\\\/\\\/www.galerijamaticesrpske.rs\\\/#\\\/schema\\\/logo\\\/image\\\/\"}}]}<\/script>\n<!-- \/ Yoast SEO plugin. -->","yoast_head_json":{"title":"Kustosko vo\u0111enje kroz izlo\u017ebu | Galerija Matice srpske","description":"Slika Alfonsa Muhe Milosr\u0111e, koja je predstavljena na izlo\u017ebi, i danas predstavlja upe\u010datljivu opomenu, ba\u0161 kao i ure\u0111ena mrtva priroda u prvom planu slike sa ma\u010dem, \u0161titom, strelama, kerami\u010dkom posudom, iskrzanom granom i figurom Sirijusa.","robots":{"index":"index","follow":"follow","max-snippet":"max-snippet:-1","max-image-preview":"max-image-preview:large","max-video-preview":"max-video-preview:-1"},"canonical":"http:\/\/www.galerijamaticesrpske.rs\/lat\/events\/kustosko-vodjenje-kroz-izlozbu-19\/","og_locale":"en_US","og_type":"article","og_title":"Kustosko vo\u0111enje kroz izlo\u017ebu | Galerija Matice srpske","og_description":"Slika Alfonsa Muhe Milosr\u0111e, koja je predstavljena na izlo\u017ebi, i danas predstavlja upe\u010datljivu opomenu, ba\u0161 kao i ure\u0111ena mrtva priroda u prvom planu slike sa ma\u010dem, \u0161titom, strelama, kerami\u010dkom posudom, iskrzanom granom i figurom Sirijusa.","og_url":"http:\/\/www.galerijamaticesrpske.rs\/lat\/events\/kustosko-vodjenje-kroz-izlozbu-19\/","og_site_name":"Galerija Matice srpske","og_image":[{"width":820,"height":312,"url":"http:\/\/www.galerijamaticesrpske.rs\/wp-content\/uploads\/2024\/09\/820x312px.png","type":"image\/png"}],"twitter_card":"summary_large_image","twitter_misc":{"Est. reading time":"1 minute"},"schema":{"@context":"https:\/\/schema.org","@graph":[{"@type":"WebPage","@id":"http:\/\/www.galerijamaticesrpske.rs\/lat\/events\/kustosko-vodjenje-kroz-izlozbu-19\/","url":"http:\/\/www.galerijamaticesrpske.rs\/lat\/events\/kustosko-vodjenje-kroz-izlozbu-19\/","name":"Kustosko vo\u0111enje kroz izlo\u017ebu | Galerija Matice srpske","isPartOf":{"@id":"https:\/\/www.galerijamaticesrpske.rs\/#website"},"primaryImageOfPage":{"@id":"http:\/\/www.galerijamaticesrpske.rs\/lat\/events\/kustosko-vodjenje-kroz-izlozbu-19\/#primaryimage"},"image":{"@id":"http:\/\/www.galerijamaticesrpske.rs\/lat\/events\/kustosko-vodjenje-kroz-izlozbu-19\/#primaryimage"},"thumbnailUrl":"https:\/\/www.galerijamaticesrpske.rs\/wp-content\/uploads\/2024\/09\/820x312px.png","datePublished":"2024-09-23T08:19:03+00:00","description":"Slika Alfonsa Muhe Milosr\u0111e, koja je predstavljena na izlo\u017ebi, i danas predstavlja upe\u010datljivu opomenu, ba\u0161 kao i ure\u0111ena mrtva priroda u prvom planu slike sa ma\u010dem, \u0161titom, strelama, kerami\u010dkom posudom, iskrzanom granom i figurom Sirijusa.","breadcrumb":{"@id":"http:\/\/www.galerijamaticesrpske.rs\/lat\/events\/kustosko-vodjenje-kroz-izlozbu-19\/#breadcrumb"},"inLanguage":"sr-LAT","potentialAction":[{"@type":"ReadAction","target":["http:\/\/www.galerijamaticesrpske.rs\/lat\/events\/kustosko-vodjenje-kroz-izlozbu-19\/"]}]},{"@type":"ImageObject","inLanguage":"sr-LAT","@id":"http:\/\/www.galerijamaticesrpske.rs\/lat\/events\/kustosko-vodjenje-kroz-izlozbu-19\/#primaryimage","url":"https:\/\/www.galerijamaticesrpske.rs\/wp-content\/uploads\/2024\/09\/820x312px.png","contentUrl":"https:\/\/www.galerijamaticesrpske.rs\/wp-content\/uploads\/2024\/09\/820x312px.png","width":820,"height":312},{"@type":"BreadcrumbList","@id":"http:\/\/www.galerijamaticesrpske.rs\/lat\/events\/kustosko-vodjenje-kroz-izlozbu-19\/#breadcrumb","itemListElement":[{"@type":"ListItem","position":1,"name":"\u041f\u043e\u0447\u0435\u0442\u043d\u0430","item":"http:\/\/www.galerijamaticesrpske.rs\/lat\/"},{"@type":"ListItem","position":2,"name":"Events","item":"http:\/\/www.galerijamaticesrpske.rs\/lat\/events\/"},{"@type":"ListItem","position":3,"name":"Kustosko vo\u0111enje kroz izlo\u017ebu"}]},{"@type":"WebSite","@id":"https:\/\/www.galerijamaticesrpske.rs\/#website","url":"https:\/\/www.galerijamaticesrpske.rs\/","name":"Galerija Matice srpske","description":"Muzej srpske nacionalne umetnosti u Novom Sadu","publisher":{"@id":"https:\/\/www.galerijamaticesrpske.rs\/#organization"},"potentialAction":[{"@type":"SearchAction","target":{"@type":"EntryPoint","urlTemplate":"https:\/\/www.galerijamaticesrpske.rs\/?s={search_term_string}"},"query-input":{"@type":"PropertyValueSpecification","valueRequired":true,"valueName":"search_term_string"}}],"inLanguage":"sr-LAT"},{"@type":"Organization","@id":"https:\/\/www.galerijamaticesrpske.rs\/#organization","name":"Galerija Matice srpske","url":"https:\/\/www.galerijamaticesrpske.rs\/","logo":{"@type":"ImageObject","inLanguage":"sr-LAT","@id":"https:\/\/www.galerijamaticesrpske.rs\/#\/schema\/logo\/image\/","url":"https:\/\/www.galerijamaticesrpske.rs\/wp-content\/uploads\/2021\/01\/gms-logo-za-sajt.svg","contentUrl":"https:\/\/www.galerijamaticesrpske.rs\/wp-content\/uploads\/2021\/01\/gms-logo-za-sajt.svg","width":1,"height":1,"caption":"Galerija Matice srpske"},"image":{"@id":"https:\/\/www.galerijamaticesrpske.rs\/#\/schema\/logo\/image\/"}}]}},"_links":{"self":[{"href":"https:\/\/www.galerijamaticesrpske.rs\/lat\/wp-json\/wp\/v2\/mec-events\/13267","targetHints":{"allow":["GET"]}}],"collection":[{"href":"https:\/\/www.galerijamaticesrpske.rs\/lat\/wp-json\/wp\/v2\/mec-events"}],"about":[{"href":"https:\/\/www.galerijamaticesrpske.rs\/lat\/wp-json\/wp\/v2\/types\/mec-events"}],"author":[{"embeddable":true,"href":"https:\/\/www.galerijamaticesrpske.rs\/lat\/wp-json\/wp\/v2\/users\/2"}],"replies":[{"embeddable":true,"href":"https:\/\/www.galerijamaticesrpske.rs\/lat\/wp-json\/wp\/v2\/comments?post=13267"}],"wp:featuredmedia":[{"embeddable":true,"href":"https:\/\/www.galerijamaticesrpske.rs\/lat\/wp-json\/wp\/v2\/media\/13239"}],"wp:attachment":[{"href":"https:\/\/www.galerijamaticesrpske.rs\/lat\/wp-json\/wp\/v2\/media?parent=13267"}],"wp:term":[{"taxonomy":"post_tag","embeddable":true,"href":"https:\/\/www.galerijamaticesrpske.rs\/lat\/wp-json\/wp\/v2\/tags?post=13267"},{"taxonomy":"mec_category","embeddable":true,"href":"https:\/\/www.galerijamaticesrpske.rs\/lat\/wp-json\/wp\/v2\/mec_category?post=13267"}],"curies":[{"name":"wp","href":"https:\/\/api.w.org\/{rel}","templated":true}]}}