{"id":13272,"date":"2024-09-26T08:20:30","date_gmt":"2024-09-26T08:20:30","guid":{"rendered":"https:\/\/www.galerijamaticesrpske.rs\/?post_type=mec-events&#038;p=13272"},"modified":"2024-09-26T08:20:30","modified_gmt":"2024-09-26T08:20:30","slug":"tragom-novosadske-racije","status":"publish","type":"mec-events","link":"https:\/\/www.galerijamaticesrpske.rs\/lat\/events\/tragom-novosadske-racije\/","title":{"rendered":"Tragom Novosadske racije"},"content":{"rendered":"<p>Prate\u0107i program izlo\u017ebe<a href=\"https:\/\/www.galerijamaticesrpske.rs\/lat\/events\/molitva-kao-milosrdje-alfons-muha-i-predrag-djakovic\/\"><strong>\u00a0<em>Molitva kao Milosr\u0111e. Alfons Muha i Predrag \u0110akovi\u0107<\/em><\/strong><\/a><\/p>\n<p>Publika \u0107e u petak, 4. oktobra imati priliku da \u010duje pri\u010du o Raciji, najstra\u0161nijoj re\u010di u re\u010dniku Novosa\u0111ana. Pri\u010du o stradanju jednog grada u tri dana u januaru 1942. kroz \u201e\u0161etnju\u201c ulicama Novog Sada: Mileti\u0107eva ulica, NAK-ov stadion, Dunavska, \u0160trand, kroz pri\u010de o Ignjatu Pavlasu, Bogdanu \u0160uputu, Maksu Kasovicu, Marti Flato, Jeleni Kon, bra\u0107i Jovandi\u0107 i jednom pismu koje je poslato iz vagona za Au\u0161vic u Novom Sadu.<\/p>\n<p>Sve pri\u010de su li\u010dne, kao i neke fotografije koje su poverene iz privatnih albuma, naro\u010dito pri\u010da o bebi sa \u0160tranda koju \u0107e publika mo\u0107i da \u010duje od Marije Vasi\u0107.<\/p>\n<p>Marija Vasi\u0107 je profesorka sociologije u gimnaziji \u201eJovan Jovanovi\u0107 Zmaj\u201c u Novom Sadu. Autorka je dve knjige o Novosadskoj raciji: <em>Kad bog za\u017emuri<\/em> iz 2017. godine i <em>Pismo na \u0161inama<\/em> iz 2021. godine. U\u010destvovala je u filmskom ostvarenju Aleksandra Relji\u0107a <em>Novosadsko se\u0107anje<\/em> koji prati pri\u010du i istra\u017eivanje Marije Vasi\u0107 u razgovorima sa Teodorom Kova\u010dom, Ivanom Ivanjijem i Marti Flato koji su pre\u017eiveli Raciju.<\/p>\n<p>Predavnje dr\u017ei: <strong>Marija Vasi\u0107<\/strong>, profesorka sociologije<\/p>\n","protected":false},"excerpt":{"rendered":"<p>Prate\u0107i program izlo\u017ebe\u00a0Molitva kao Milosr\u0111e. Alfons Muha i Predrag \u0110akovi\u0107 Publika \u0107e u petak, 4. oktobra imati priliku da \u010duje pri\u010du o Raciji, najstra\u0161nijoj re\u010di u re\u010dniku Novosa\u0111ana. Pri\u010du o stradanju jednog grada u tri dana u januaru 1942. kroz \u201e\u0161etnju\u201c ulicama Novog Sada: Mileti\u0107eva ulica, NAK-ov stadion, Dunavska, \u0160trand, kroz pri\u010de o Ignjatu Pavlasu,<\/p>\n","protected":false},"author":2,"featured_media":13239,"comment_status":"closed","ping_status":"closed","template":"","tags":[],"mec_category":[107],"class_list":["post-13272","mec-events","type-mec-events","status-publish","has-post-thumbnail","hentry","mec_category-predavanja"],"acf":[],"yoast_head":"<!-- This site is optimized with the Yoast SEO plugin v27.3 - https:\/\/yoast.com\/product\/yoast-seo-wordpress\/ -->\n<title>Tragom Novosadske racije | Galerija Matice srpske<\/title>\n<meta name=\"description\" content=\"Publika \u0107e u petak, 4. oktobra imati priliku da \u010duje pri\u010du o Raciji, najstra\u0161nijoj re\u010di u re\u010dniku Novosa\u0111ana.\" \/>\n<meta name=\"robots\" content=\"index, follow, max-snippet:-1, max-image-preview:large, max-video-preview:-1\" \/>\n<link rel=\"canonical\" href=\"https:\/\/www.galerijamaticesrpske.rs\/lat\/events\/tragom-novosadske-racije\/\" \/>\n<meta property=\"og:locale\" content=\"en_US\" \/>\n<meta property=\"og:type\" content=\"article\" \/>\n<meta property=\"og:title\" content=\"Tragom Novosadske racije | Galerija Matice srpske\" \/>\n<meta property=\"og:description\" content=\"Publika \u0107e u petak, 4. oktobra imati priliku da \u010duje pri\u010du o Raciji, najstra\u0161nijoj re\u010di u re\u010dniku Novosa\u0111ana.\" \/>\n<meta property=\"og:url\" content=\"https:\/\/www.galerijamaticesrpske.rs\/lat\/events\/tragom-novosadske-racije\/\" \/>\n<meta property=\"og:site_name\" content=\"Galerija Matice srpske\" \/>\n<meta property=\"og:image\" content=\"https:\/\/www.galerijamaticesrpske.rs\/wp-content\/uploads\/2024\/09\/820x312px.png\" \/>\n\t<meta property=\"og:image:width\" content=\"820\" \/>\n\t<meta property=\"og:image:height\" content=\"312\" \/>\n\t<meta property=\"og:image:type\" content=\"image\/png\" \/>\n<meta name=\"twitter:card\" content=\"summary_large_image\" \/>\n<meta name=\"twitter:label1\" content=\"Est. reading time\" \/>\n\t<meta name=\"twitter:data1\" content=\"1 minute\" \/>\n<script type=\"application\/ld+json\" class=\"yoast-schema-graph\">{\"@context\":\"https:\\\/\\\/schema.org\",\"@graph\":[{\"@type\":\"WebPage\",\"@id\":\"https:\\\/\\\/www.galerijamaticesrpske.rs\\\/lat\\\/events\\\/tragom-novosadske-racije\\\/\",\"url\":\"https:\\\/\\\/www.galerijamaticesrpske.rs\\\/lat\\\/events\\\/tragom-novosadske-racije\\\/\",\"name\":\"Tragom Novosadske racije | Galerija Matice srpske\",\"isPartOf\":{\"@id\":\"http:\\\/\\\/www.galerijamaticesrpske.rs\\\/en\\\/#website\"},\"primaryImageOfPage\":{\"@id\":\"https:\\\/\\\/www.galerijamaticesrpske.rs\\\/lat\\\/events\\\/tragom-novosadske-racije\\\/#primaryimage\"},\"image\":{\"@id\":\"https:\\\/\\\/www.galerijamaticesrpske.rs\\\/lat\\\/events\\\/tragom-novosadske-racije\\\/#primaryimage\"},\"thumbnailUrl\":\"https:\\\/\\\/www.galerijamaticesrpske.rs\\\/wp-content\\\/uploads\\\/2024\\\/09\\\/820x312px.png\",\"datePublished\":\"2024-09-26T08:20:30+00:00\",\"description\":\"Publika \u0107e u petak, 4. oktobra imati priliku da \u010duje pri\u010du o Raciji, najstra\u0161nijoj re\u010di u re\u010dniku Novosa\u0111ana.\",\"breadcrumb\":{\"@id\":\"https:\\\/\\\/www.galerijamaticesrpske.rs\\\/lat\\\/events\\\/tragom-novosadske-racije\\\/#breadcrumb\"},\"inLanguage\":\"sr-LAT\",\"potentialAction\":[{\"@type\":\"ReadAction\",\"target\":[\"https:\\\/\\\/www.galerijamaticesrpske.rs\\\/lat\\\/events\\\/tragom-novosadske-racije\\\/\"]}]},{\"@type\":\"ImageObject\",\"inLanguage\":\"sr-LAT\",\"@id\":\"https:\\\/\\\/www.galerijamaticesrpske.rs\\\/lat\\\/events\\\/tragom-novosadske-racije\\\/#primaryimage\",\"url\":\"https:\\\/\\\/www.galerijamaticesrpske.rs\\\/wp-content\\\/uploads\\\/2024\\\/09\\\/820x312px.png\",\"contentUrl\":\"https:\\\/\\\/www.galerijamaticesrpske.rs\\\/wp-content\\\/uploads\\\/2024\\\/09\\\/820x312px.png\",\"width\":820,\"height\":312},{\"@type\":\"BreadcrumbList\",\"@id\":\"https:\\\/\\\/www.galerijamaticesrpske.rs\\\/lat\\\/events\\\/tragom-novosadske-racije\\\/#breadcrumb\",\"itemListElement\":[{\"@type\":\"ListItem\",\"position\":1,\"name\":\"\u041f\u043e\u0447\u0435\u0442\u043d\u0430\",\"item\":\"https:\\\/\\\/www.galerijamaticesrpske.rs\\\/lat\\\/\"},{\"@type\":\"ListItem\",\"position\":2,\"name\":\"Events\",\"item\":\"http:\\\/\\\/www.galerijamaticesrpske.rs\\\/en\\\/events\\\/\"},{\"@type\":\"ListItem\",\"position\":3,\"name\":\"Tragom Novosadske racije\"}]},{\"@type\":\"WebSite\",\"@id\":\"http:\\\/\\\/www.galerijamaticesrpske.rs\\\/en\\\/#website\",\"url\":\"http:\\\/\\\/www.galerijamaticesrpske.rs\\\/en\\\/\",\"name\":\"Galerija Matice srpske\",\"description\":\"Muzej srpske nacionalne umetnosti u Novom Sadu\",\"publisher\":{\"@id\":\"http:\\\/\\\/www.galerijamaticesrpske.rs\\\/en\\\/#organization\"},\"potentialAction\":[{\"@type\":\"SearchAction\",\"target\":{\"@type\":\"EntryPoint\",\"urlTemplate\":\"http:\\\/\\\/www.galerijamaticesrpske.rs\\\/en\\\/?s={search_term_string}\"},\"query-input\":{\"@type\":\"PropertyValueSpecification\",\"valueRequired\":true,\"valueName\":\"search_term_string\"}}],\"inLanguage\":\"sr-LAT\"},{\"@type\":\"Organization\",\"@id\":\"http:\\\/\\\/www.galerijamaticesrpske.rs\\\/en\\\/#organization\",\"name\":\"Galerija Matice srpske\",\"url\":\"http:\\\/\\\/www.galerijamaticesrpske.rs\\\/en\\\/\",\"logo\":{\"@type\":\"ImageObject\",\"inLanguage\":\"sr-LAT\",\"@id\":\"http:\\\/\\\/www.galerijamaticesrpske.rs\\\/en\\\/#\\\/schema\\\/logo\\\/image\\\/\",\"url\":\"https:\\\/\\\/www.galerijamaticesrpske.rs\\\/wp-content\\\/uploads\\\/2021\\\/01\\\/gms-logo-za-sajt.svg\",\"contentUrl\":\"https:\\\/\\\/www.galerijamaticesrpske.rs\\\/wp-content\\\/uploads\\\/2021\\\/01\\\/gms-logo-za-sajt.svg\",\"width\":1,\"height\":1,\"caption\":\"Galerija Matice srpske\"},\"image\":{\"@id\":\"http:\\\/\\\/www.galerijamaticesrpske.rs\\\/en\\\/#\\\/schema\\\/logo\\\/image\\\/\"}}]}<\/script>\n<!-- \/ Yoast SEO plugin. -->","yoast_head_json":{"title":"Tragom Novosadske racije | Galerija Matice srpske","description":"Publika \u0107e u petak, 4. oktobra imati priliku da \u010duje pri\u010du o Raciji, najstra\u0161nijoj re\u010di u re\u010dniku Novosa\u0111ana.","robots":{"index":"index","follow":"follow","max-snippet":"max-snippet:-1","max-image-preview":"max-image-preview:large","max-video-preview":"max-video-preview:-1"},"canonical":"https:\/\/www.galerijamaticesrpske.rs\/lat\/events\/tragom-novosadske-racije\/","og_locale":"en_US","og_type":"article","og_title":"Tragom Novosadske racije | Galerija Matice srpske","og_description":"Publika \u0107e u petak, 4. oktobra imati priliku da \u010duje pri\u010du o Raciji, najstra\u0161nijoj re\u010di u re\u010dniku Novosa\u0111ana.","og_url":"https:\/\/www.galerijamaticesrpske.rs\/lat\/events\/tragom-novosadske-racije\/","og_site_name":"Galerija Matice srpske","og_image":[{"width":820,"height":312,"url":"https:\/\/www.galerijamaticesrpske.rs\/wp-content\/uploads\/2024\/09\/820x312px.png","type":"image\/png"}],"twitter_card":"summary_large_image","twitter_misc":{"Est. reading time":"1 minute"},"schema":{"@context":"https:\/\/schema.org","@graph":[{"@type":"WebPage","@id":"https:\/\/www.galerijamaticesrpske.rs\/lat\/events\/tragom-novosadske-racije\/","url":"https:\/\/www.galerijamaticesrpske.rs\/lat\/events\/tragom-novosadske-racije\/","name":"Tragom Novosadske racije | Galerija Matice srpske","isPartOf":{"@id":"http:\/\/www.galerijamaticesrpske.rs\/en\/#website"},"primaryImageOfPage":{"@id":"https:\/\/www.galerijamaticesrpske.rs\/lat\/events\/tragom-novosadske-racije\/#primaryimage"},"image":{"@id":"https:\/\/www.galerijamaticesrpske.rs\/lat\/events\/tragom-novosadske-racije\/#primaryimage"},"thumbnailUrl":"https:\/\/www.galerijamaticesrpske.rs\/wp-content\/uploads\/2024\/09\/820x312px.png","datePublished":"2024-09-26T08:20:30+00:00","description":"Publika \u0107e u petak, 4. oktobra imati priliku da \u010duje pri\u010du o Raciji, najstra\u0161nijoj re\u010di u re\u010dniku Novosa\u0111ana.","breadcrumb":{"@id":"https:\/\/www.galerijamaticesrpske.rs\/lat\/events\/tragom-novosadske-racije\/#breadcrumb"},"inLanguage":"sr-LAT","potentialAction":[{"@type":"ReadAction","target":["https:\/\/www.galerijamaticesrpske.rs\/lat\/events\/tragom-novosadske-racije\/"]}]},{"@type":"ImageObject","inLanguage":"sr-LAT","@id":"https:\/\/www.galerijamaticesrpske.rs\/lat\/events\/tragom-novosadske-racije\/#primaryimage","url":"https:\/\/www.galerijamaticesrpske.rs\/wp-content\/uploads\/2024\/09\/820x312px.png","contentUrl":"https:\/\/www.galerijamaticesrpske.rs\/wp-content\/uploads\/2024\/09\/820x312px.png","width":820,"height":312},{"@type":"BreadcrumbList","@id":"https:\/\/www.galerijamaticesrpske.rs\/lat\/events\/tragom-novosadske-racije\/#breadcrumb","itemListElement":[{"@type":"ListItem","position":1,"name":"\u041f\u043e\u0447\u0435\u0442\u043d\u0430","item":"https:\/\/www.galerijamaticesrpske.rs\/lat\/"},{"@type":"ListItem","position":2,"name":"Events","item":"http:\/\/www.galerijamaticesrpske.rs\/en\/events\/"},{"@type":"ListItem","position":3,"name":"Tragom Novosadske racije"}]},{"@type":"WebSite","@id":"http:\/\/www.galerijamaticesrpske.rs\/en\/#website","url":"http:\/\/www.galerijamaticesrpske.rs\/en\/","name":"Galerija Matice srpske","description":"Muzej srpske nacionalne umetnosti u Novom Sadu","publisher":{"@id":"http:\/\/www.galerijamaticesrpske.rs\/en\/#organization"},"potentialAction":[{"@type":"SearchAction","target":{"@type":"EntryPoint","urlTemplate":"http:\/\/www.galerijamaticesrpske.rs\/en\/?s={search_term_string}"},"query-input":{"@type":"PropertyValueSpecification","valueRequired":true,"valueName":"search_term_string"}}],"inLanguage":"sr-LAT"},{"@type":"Organization","@id":"http:\/\/www.galerijamaticesrpske.rs\/en\/#organization","name":"Galerija Matice srpske","url":"http:\/\/www.galerijamaticesrpske.rs\/en\/","logo":{"@type":"ImageObject","inLanguage":"sr-LAT","@id":"http:\/\/www.galerijamaticesrpske.rs\/en\/#\/schema\/logo\/image\/","url":"https:\/\/www.galerijamaticesrpske.rs\/wp-content\/uploads\/2021\/01\/gms-logo-za-sajt.svg","contentUrl":"https:\/\/www.galerijamaticesrpske.rs\/wp-content\/uploads\/2021\/01\/gms-logo-za-sajt.svg","width":1,"height":1,"caption":"Galerija Matice srpske"},"image":{"@id":"http:\/\/www.galerijamaticesrpske.rs\/en\/#\/schema\/logo\/image\/"}}]}},"_links":{"self":[{"href":"https:\/\/www.galerijamaticesrpske.rs\/lat\/wp-json\/wp\/v2\/mec-events\/13272","targetHints":{"allow":["GET"]}}],"collection":[{"href":"https:\/\/www.galerijamaticesrpske.rs\/lat\/wp-json\/wp\/v2\/mec-events"}],"about":[{"href":"https:\/\/www.galerijamaticesrpske.rs\/lat\/wp-json\/wp\/v2\/types\/mec-events"}],"author":[{"embeddable":true,"href":"https:\/\/www.galerijamaticesrpske.rs\/lat\/wp-json\/wp\/v2\/users\/2"}],"replies":[{"embeddable":true,"href":"https:\/\/www.galerijamaticesrpske.rs\/lat\/wp-json\/wp\/v2\/comments?post=13272"}],"wp:featuredmedia":[{"embeddable":true,"href":"https:\/\/www.galerijamaticesrpske.rs\/lat\/wp-json\/wp\/v2\/media\/13239"}],"wp:attachment":[{"href":"https:\/\/www.galerijamaticesrpske.rs\/lat\/wp-json\/wp\/v2\/media?parent=13272"}],"wp:term":[{"taxonomy":"post_tag","embeddable":true,"href":"https:\/\/www.galerijamaticesrpske.rs\/lat\/wp-json\/wp\/v2\/tags?post=13272"},{"taxonomy":"mec_category","embeddable":true,"href":"https:\/\/www.galerijamaticesrpske.rs\/lat\/wp-json\/wp\/v2\/mec_category?post=13272"}],"curies":[{"name":"wp","href":"https:\/\/api.w.org\/{rel}","templated":true}]}}