{"id":13421,"date":"2024-11-06T12:37:27","date_gmt":"2024-11-06T12:37:27","guid":{"rendered":"https:\/\/www.galerijamaticesrpske.rs\/?post_type=mec-events&#038;p=13421"},"modified":"2024-11-06T12:37:27","modified_gmt":"2024-11-06T12:37:27","slug":"alfons-muha-zivot-i-stvaralastvo-2","status":"publish","type":"mec-events","link":"https:\/\/www.galerijamaticesrpske.rs\/lat\/events\/alfons-muha-zivot-i-stvaralastvo-2\/","title":{"rendered":"Alfons Muha: \u017eivot i stvarala\u0161tvo"},"content":{"rendered":"<p>Prate\u0107i program izlo\u017ebe<a href=\"https:\/\/www.galerijamaticesrpske.rs\/lat\/events\/molitva-kao-milosrdje-alfons-muha-i-predrag-djakovic\/\"><strong>\u00a0<em>Molitva kao Milosr\u0111e. Alfons Muha i Predrag \u0110akovi\u0107<\/em><\/strong><\/a><\/p>\n<p>Alfons Marija Muha je ro\u0111en 24. jula 1860. godine u malom mestu Ivan\u010dice u ju\u017enoj Moravskoj, provinciji Austrijskog carstva (dana\u0161nja \u010ce\u0161ka), kao najstariji od \u0161estoro dece, \u010dija su imena po\u010dinjala na \u201eA\u201c. Ka\u017eu da je Muha crtao pre nego \u0161to je prohodao, a imao je i talenat za muziku. Svirao je violinu i pevao u horu Katedrale Svetih Petra i Pavla, koja je finansirala njegovo \u0161kolovanje u Brnu. U to vreme ve\u0107 dizajnira pozori\u0161ne scenografije i dekoracije. Krajem 1894. godine po\u010dinje \u0161estogodi\u0161nju saradnju sa Sarom Bernar, tokom koje ilustruje postere svakog pozori\u0161nog komada u kome je ona glumila. Ovi izrazito stilizovani i dekorativni pozori\u0161ni posteri, ra\u0111eni u stilu Art Nuvoa, donose mu uspeh i slavu. Od povratka u Prag, pa sve do 1928. godine slika\u0107e svoje najpoznatije delo \u2013 Slovensku epopeju, seriju od dvadeset slika velikih formata u kome je prikazana istorija i mitologija slovenskih naroda.<\/p>\n<p>Predavanje dr\u017ei:\u00a0<strong>msr Jovana Simi\u0107<\/strong>, muzejska edukatorka<\/p>\n","protected":false},"excerpt":{"rendered":"<p>Prate\u0107i program izlo\u017ebe\u00a0Molitva kao Milosr\u0111e. Alfons Muha i Predrag \u0110akovi\u0107 Alfons Marija Muha je ro\u0111en 24. jula 1860. godine u malom mestu Ivan\u010dice u ju\u017enoj Moravskoj, provinciji Austrijskog carstva (dana\u0161nja \u010ce\u0161ka), kao najstariji od \u0161estoro dece, \u010dija su imena po\u010dinjala na \u201eA\u201c. Ka\u017eu da je Muha crtao pre nego \u0161to je prohodao, a imao je<\/p>\n","protected":false},"author":2,"featured_media":13289,"comment_status":"closed","ping_status":"closed","template":"","tags":[],"mec_category":[107],"class_list":["post-13421","mec-events","type-mec-events","status-publish","has-post-thumbnail","hentry","mec_category-predavanja"],"acf":[],"yoast_head":"<!-- This site is optimized with the Yoast SEO plugin v27.3 - https:\/\/yoast.com\/product\/yoast-seo-wordpress\/ -->\n<title>Alfons Muha: \u017eivot i stvarala\u0161tvo | Galerija Matice srpske<\/title>\n<meta name=\"description\" content=\"Alfons Marija Muha je ro\u0111en 24. jula 1860. godine u malom mestu Ivan\u010dice u ju\u017enoj Moravskoj, provinciji Austrijskog carstva (dana\u0161nja \u010ce\u0161ka), kao najstariji od \u0161estoro dece, \u010dija su imena po\u010dinjala na \u201eA\u201c.\" \/>\n<meta name=\"robots\" content=\"index, follow, max-snippet:-1, max-image-preview:large, max-video-preview:-1\" \/>\n<link rel=\"canonical\" href=\"http:\/\/www.galerijamaticesrpske.rs\/lat\/events\/alfons-muha-zivot-i-stvaralastvo-2\/\" \/>\n<meta property=\"og:locale\" content=\"en_US\" \/>\n<meta property=\"og:type\" content=\"article\" \/>\n<meta property=\"og:title\" content=\"Alfons Muha: \u017eivot i stvarala\u0161tvo | Galerija Matice srpske\" \/>\n<meta property=\"og:description\" content=\"Alfons Marija Muha je ro\u0111en 24. jula 1860. godine u malom mestu Ivan\u010dice u ju\u017enoj Moravskoj, provinciji Austrijskog carstva (dana\u0161nja \u010ce\u0161ka), kao najstariji od \u0161estoro dece, \u010dija su imena po\u010dinjala na \u201eA\u201c.\" \/>\n<meta property=\"og:url\" content=\"http:\/\/www.galerijamaticesrpske.rs\/lat\/events\/alfons-muha-zivot-i-stvaralastvo-2\/\" \/>\n<meta property=\"og:site_name\" content=\"Galerija Matice srpske\" \/>\n<meta property=\"og:image\" content=\"http:\/\/www.galerijamaticesrpske.rs\/wp-content\/uploads\/2024\/10\/820x312px.png\" \/>\n\t<meta property=\"og:image:width\" content=\"820\" \/>\n\t<meta property=\"og:image:height\" content=\"312\" \/>\n\t<meta property=\"og:image:type\" content=\"image\/png\" \/>\n<meta name=\"twitter:card\" content=\"summary_large_image\" \/>\n<meta name=\"twitter:label1\" content=\"Est. reading time\" \/>\n\t<meta name=\"twitter:data1\" content=\"1 minute\" \/>\n<script type=\"application\/ld+json\" class=\"yoast-schema-graph\">{\"@context\":\"https:\\\/\\\/schema.org\",\"@graph\":[{\"@type\":\"WebPage\",\"@id\":\"http:\\\/\\\/www.galerijamaticesrpske.rs\\\/lat\\\/events\\\/alfons-muha-zivot-i-stvaralastvo-2\\\/\",\"url\":\"http:\\\/\\\/www.galerijamaticesrpske.rs\\\/lat\\\/events\\\/alfons-muha-zivot-i-stvaralastvo-2\\\/\",\"name\":\"Alfons Muha: \u017eivot i stvarala\u0161tvo | Galerija Matice srpske\",\"isPartOf\":{\"@id\":\"https:\\\/\\\/www.galerijamaticesrpske.rs\\\/#website\"},\"primaryImageOfPage\":{\"@id\":\"http:\\\/\\\/www.galerijamaticesrpske.rs\\\/lat\\\/events\\\/alfons-muha-zivot-i-stvaralastvo-2\\\/#primaryimage\"},\"image\":{\"@id\":\"http:\\\/\\\/www.galerijamaticesrpske.rs\\\/lat\\\/events\\\/alfons-muha-zivot-i-stvaralastvo-2\\\/#primaryimage\"},\"thumbnailUrl\":\"https:\\\/\\\/www.galerijamaticesrpske.rs\\\/wp-content\\\/uploads\\\/2024\\\/10\\\/820x312px.png\",\"datePublished\":\"2024-11-06T12:37:27+00:00\",\"description\":\"Alfons Marija Muha je ro\u0111en 24. jula 1860. godine u malom mestu Ivan\u010dice u ju\u017enoj Moravskoj, provinciji Austrijskog carstva (dana\u0161nja \u010ce\u0161ka), kao najstariji od \u0161estoro dece, \u010dija su imena po\u010dinjala na \u201eA\u201c.\",\"breadcrumb\":{\"@id\":\"http:\\\/\\\/www.galerijamaticesrpske.rs\\\/lat\\\/events\\\/alfons-muha-zivot-i-stvaralastvo-2\\\/#breadcrumb\"},\"inLanguage\":\"sr-LAT\",\"potentialAction\":[{\"@type\":\"ReadAction\",\"target\":[\"http:\\\/\\\/www.galerijamaticesrpske.rs\\\/lat\\\/events\\\/alfons-muha-zivot-i-stvaralastvo-2\\\/\"]}]},{\"@type\":\"ImageObject\",\"inLanguage\":\"sr-LAT\",\"@id\":\"http:\\\/\\\/www.galerijamaticesrpske.rs\\\/lat\\\/events\\\/alfons-muha-zivot-i-stvaralastvo-2\\\/#primaryimage\",\"url\":\"https:\\\/\\\/www.galerijamaticesrpske.rs\\\/wp-content\\\/uploads\\\/2024\\\/10\\\/820x312px.png\",\"contentUrl\":\"https:\\\/\\\/www.galerijamaticesrpske.rs\\\/wp-content\\\/uploads\\\/2024\\\/10\\\/820x312px.png\",\"width\":820,\"height\":312},{\"@type\":\"BreadcrumbList\",\"@id\":\"http:\\\/\\\/www.galerijamaticesrpske.rs\\\/lat\\\/events\\\/alfons-muha-zivot-i-stvaralastvo-2\\\/#breadcrumb\",\"itemListElement\":[{\"@type\":\"ListItem\",\"position\":1,\"name\":\"\u041f\u043e\u0447\u0435\u0442\u043d\u0430\",\"item\":\"http:\\\/\\\/www.galerijamaticesrpske.rs\\\/lat\\\/\"},{\"@type\":\"ListItem\",\"position\":2,\"name\":\"Events\",\"item\":\"http:\\\/\\\/www.galerijamaticesrpske.rs\\\/lat\\\/events\\\/\"},{\"@type\":\"ListItem\",\"position\":3,\"name\":\"Alfons Muha: \u017eivot i stvarala\u0161tvo\"}]},{\"@type\":\"WebSite\",\"@id\":\"https:\\\/\\\/www.galerijamaticesrpske.rs\\\/#website\",\"url\":\"https:\\\/\\\/www.galerijamaticesrpske.rs\\\/\",\"name\":\"Galerija Matice srpske\",\"description\":\"Muzej srpske nacionalne umetnosti u Novom Sadu\",\"publisher\":{\"@id\":\"https:\\\/\\\/www.galerijamaticesrpske.rs\\\/#organization\"},\"potentialAction\":[{\"@type\":\"SearchAction\",\"target\":{\"@type\":\"EntryPoint\",\"urlTemplate\":\"https:\\\/\\\/www.galerijamaticesrpske.rs\\\/?s={search_term_string}\"},\"query-input\":{\"@type\":\"PropertyValueSpecification\",\"valueRequired\":true,\"valueName\":\"search_term_string\"}}],\"inLanguage\":\"sr-LAT\"},{\"@type\":\"Organization\",\"@id\":\"https:\\\/\\\/www.galerijamaticesrpske.rs\\\/#organization\",\"name\":\"Galerija Matice srpske\",\"url\":\"https:\\\/\\\/www.galerijamaticesrpske.rs\\\/\",\"logo\":{\"@type\":\"ImageObject\",\"inLanguage\":\"sr-LAT\",\"@id\":\"https:\\\/\\\/www.galerijamaticesrpske.rs\\\/#\\\/schema\\\/logo\\\/image\\\/\",\"url\":\"https:\\\/\\\/www.galerijamaticesrpske.rs\\\/wp-content\\\/uploads\\\/2021\\\/01\\\/gms-logo-za-sajt.svg\",\"contentUrl\":\"https:\\\/\\\/www.galerijamaticesrpske.rs\\\/wp-content\\\/uploads\\\/2021\\\/01\\\/gms-logo-za-sajt.svg\",\"width\":1,\"height\":1,\"caption\":\"Galerija Matice srpske\"},\"image\":{\"@id\":\"https:\\\/\\\/www.galerijamaticesrpske.rs\\\/#\\\/schema\\\/logo\\\/image\\\/\"}}]}<\/script>\n<!-- \/ Yoast SEO plugin. -->","yoast_head_json":{"title":"Alfons Muha: \u017eivot i stvarala\u0161tvo | Galerija Matice srpske","description":"Alfons Marija Muha je ro\u0111en 24. jula 1860. godine u malom mestu Ivan\u010dice u ju\u017enoj Moravskoj, provinciji Austrijskog carstva (dana\u0161nja \u010ce\u0161ka), kao najstariji od \u0161estoro dece, \u010dija su imena po\u010dinjala na \u201eA\u201c.","robots":{"index":"index","follow":"follow","max-snippet":"max-snippet:-1","max-image-preview":"max-image-preview:large","max-video-preview":"max-video-preview:-1"},"canonical":"http:\/\/www.galerijamaticesrpske.rs\/lat\/events\/alfons-muha-zivot-i-stvaralastvo-2\/","og_locale":"en_US","og_type":"article","og_title":"Alfons Muha: \u017eivot i stvarala\u0161tvo | Galerija Matice srpske","og_description":"Alfons Marija Muha je ro\u0111en 24. jula 1860. godine u malom mestu Ivan\u010dice u ju\u017enoj Moravskoj, provinciji Austrijskog carstva (dana\u0161nja \u010ce\u0161ka), kao najstariji od \u0161estoro dece, \u010dija su imena po\u010dinjala na \u201eA\u201c.","og_url":"http:\/\/www.galerijamaticesrpske.rs\/lat\/events\/alfons-muha-zivot-i-stvaralastvo-2\/","og_site_name":"Galerija Matice srpske","og_image":[{"width":820,"height":312,"url":"http:\/\/www.galerijamaticesrpske.rs\/wp-content\/uploads\/2024\/10\/820x312px.png","type":"image\/png"}],"twitter_card":"summary_large_image","twitter_misc":{"Est. reading time":"1 minute"},"schema":{"@context":"https:\/\/schema.org","@graph":[{"@type":"WebPage","@id":"http:\/\/www.galerijamaticesrpske.rs\/lat\/events\/alfons-muha-zivot-i-stvaralastvo-2\/","url":"http:\/\/www.galerijamaticesrpske.rs\/lat\/events\/alfons-muha-zivot-i-stvaralastvo-2\/","name":"Alfons Muha: \u017eivot i stvarala\u0161tvo | Galerija Matice srpske","isPartOf":{"@id":"https:\/\/www.galerijamaticesrpske.rs\/#website"},"primaryImageOfPage":{"@id":"http:\/\/www.galerijamaticesrpske.rs\/lat\/events\/alfons-muha-zivot-i-stvaralastvo-2\/#primaryimage"},"image":{"@id":"http:\/\/www.galerijamaticesrpske.rs\/lat\/events\/alfons-muha-zivot-i-stvaralastvo-2\/#primaryimage"},"thumbnailUrl":"https:\/\/www.galerijamaticesrpske.rs\/wp-content\/uploads\/2024\/10\/820x312px.png","datePublished":"2024-11-06T12:37:27+00:00","description":"Alfons Marija Muha je ro\u0111en 24. jula 1860. godine u malom mestu Ivan\u010dice u ju\u017enoj Moravskoj, provinciji Austrijskog carstva (dana\u0161nja \u010ce\u0161ka), kao najstariji od \u0161estoro dece, \u010dija su imena po\u010dinjala na \u201eA\u201c.","breadcrumb":{"@id":"http:\/\/www.galerijamaticesrpske.rs\/lat\/events\/alfons-muha-zivot-i-stvaralastvo-2\/#breadcrumb"},"inLanguage":"sr-LAT","potentialAction":[{"@type":"ReadAction","target":["http:\/\/www.galerijamaticesrpske.rs\/lat\/events\/alfons-muha-zivot-i-stvaralastvo-2\/"]}]},{"@type":"ImageObject","inLanguage":"sr-LAT","@id":"http:\/\/www.galerijamaticesrpske.rs\/lat\/events\/alfons-muha-zivot-i-stvaralastvo-2\/#primaryimage","url":"https:\/\/www.galerijamaticesrpske.rs\/wp-content\/uploads\/2024\/10\/820x312px.png","contentUrl":"https:\/\/www.galerijamaticesrpske.rs\/wp-content\/uploads\/2024\/10\/820x312px.png","width":820,"height":312},{"@type":"BreadcrumbList","@id":"http:\/\/www.galerijamaticesrpske.rs\/lat\/events\/alfons-muha-zivot-i-stvaralastvo-2\/#breadcrumb","itemListElement":[{"@type":"ListItem","position":1,"name":"\u041f\u043e\u0447\u0435\u0442\u043d\u0430","item":"http:\/\/www.galerijamaticesrpske.rs\/lat\/"},{"@type":"ListItem","position":2,"name":"Events","item":"http:\/\/www.galerijamaticesrpske.rs\/lat\/events\/"},{"@type":"ListItem","position":3,"name":"Alfons Muha: \u017eivot i stvarala\u0161tvo"}]},{"@type":"WebSite","@id":"https:\/\/www.galerijamaticesrpske.rs\/#website","url":"https:\/\/www.galerijamaticesrpske.rs\/","name":"Galerija Matice srpske","description":"Muzej srpske nacionalne umetnosti u Novom Sadu","publisher":{"@id":"https:\/\/www.galerijamaticesrpske.rs\/#organization"},"potentialAction":[{"@type":"SearchAction","target":{"@type":"EntryPoint","urlTemplate":"https:\/\/www.galerijamaticesrpske.rs\/?s={search_term_string}"},"query-input":{"@type":"PropertyValueSpecification","valueRequired":true,"valueName":"search_term_string"}}],"inLanguage":"sr-LAT"},{"@type":"Organization","@id":"https:\/\/www.galerijamaticesrpske.rs\/#organization","name":"Galerija Matice srpske","url":"https:\/\/www.galerijamaticesrpske.rs\/","logo":{"@type":"ImageObject","inLanguage":"sr-LAT","@id":"https:\/\/www.galerijamaticesrpske.rs\/#\/schema\/logo\/image\/","url":"https:\/\/www.galerijamaticesrpske.rs\/wp-content\/uploads\/2021\/01\/gms-logo-za-sajt.svg","contentUrl":"https:\/\/www.galerijamaticesrpske.rs\/wp-content\/uploads\/2021\/01\/gms-logo-za-sajt.svg","width":1,"height":1,"caption":"Galerija Matice srpske"},"image":{"@id":"https:\/\/www.galerijamaticesrpske.rs\/#\/schema\/logo\/image\/"}}]}},"_links":{"self":[{"href":"https:\/\/www.galerijamaticesrpske.rs\/lat\/wp-json\/wp\/v2\/mec-events\/13421","targetHints":{"allow":["GET"]}}],"collection":[{"href":"https:\/\/www.galerijamaticesrpske.rs\/lat\/wp-json\/wp\/v2\/mec-events"}],"about":[{"href":"https:\/\/www.galerijamaticesrpske.rs\/lat\/wp-json\/wp\/v2\/types\/mec-events"}],"author":[{"embeddable":true,"href":"https:\/\/www.galerijamaticesrpske.rs\/lat\/wp-json\/wp\/v2\/users\/2"}],"replies":[{"embeddable":true,"href":"https:\/\/www.galerijamaticesrpske.rs\/lat\/wp-json\/wp\/v2\/comments?post=13421"}],"wp:featuredmedia":[{"embeddable":true,"href":"https:\/\/www.galerijamaticesrpske.rs\/lat\/wp-json\/wp\/v2\/media\/13289"}],"wp:attachment":[{"href":"https:\/\/www.galerijamaticesrpske.rs\/lat\/wp-json\/wp\/v2\/media?parent=13421"}],"wp:term":[{"taxonomy":"post_tag","embeddable":true,"href":"https:\/\/www.galerijamaticesrpske.rs\/lat\/wp-json\/wp\/v2\/tags?post=13421"},{"taxonomy":"mec_category","embeddable":true,"href":"https:\/\/www.galerijamaticesrpske.rs\/lat\/wp-json\/wp\/v2\/mec_category?post=13421"}],"curies":[{"name":"wp","href":"https:\/\/api.w.org\/{rel}","templated":true}]}}