{"id":13427,"date":"2024-11-06T13:01:39","date_gmt":"2024-11-06T13:01:39","guid":{"rendered":"https:\/\/www.galerijamaticesrpske.rs\/?post_type=mec-events&#038;p=13427"},"modified":"2024-11-06T13:01:39","modified_gmt":"2024-11-06T13:01:39","slug":"da-svi-znaju-za-azdaju-2","status":"publish","type":"mec-events","link":"https:\/\/www.galerijamaticesrpske.rs\/lat\/events\/da-svi-znaju-za-azdaju-2\/","title":{"rendered":"Da svi znaju za a\u017edaju!"},"content":{"rendered":"<p>Dve subote 9. i 16. novembra u popodnevnom terminu od 16.00 do 17.30 sati u Galeriji Matice srpske odr\u017ea\u0107e se posebne dramske radionice pod nazivom\u00a0<em><strong>Da svi znaju za a\u017edaju!<\/strong><\/em>\u00a0Ove radionice \u0107e se raditi u saradnji sa Dru\u0161tvom tuma\u010da na znakovni jezik i Centrom za pozori\u0161na istra\u017eivanja.<\/p>\n<p>Ideja je da u\u010desnici radionice, deca uzrasta od 5 do 14 godina, u saradnji sa muzejskim i dramskim pedagozima kroz re\u010d i pokret osmisle pri\u010du o slici Uro\u0161a Predi\u0107a\u00a0<em>Sveti \u0110or\u0111e ubija a\u017edaju<\/em>. Pri\u010de koje se osmisle tokom radionica ujedno \u0107e biti i scenario za film o slici u kom \u0107e glumiti u\u010desnici radionice.<\/p>\n<p>Deca koja dolaze na redovne kreativne radionice pre podne, mogu do\u0107i i na popodnevne dramske radionice uz obaveznu prijavu.<\/p>\n<p>Ukoliko dete dolazi na radionicu 9. novembra, prijavljuje se i za radionicu 16. novembra.<\/p>\n<p>Radionice se realizuju za\u00a0<strong>maksimalno 15 dece uzrasta od 5 do 14 godina<\/strong>.<\/p>\n<p><strong>Link za prijavu za 9. novembar:<\/strong>\u00a0https:\/\/forms.gle\/wdjNN88Th7rk8ehi9<\/p>\n<p><strong>Link za prijavu za 16. novembar:<\/strong>\u00a0https:\/\/forms.gle\/yMJHDMY2GAeFsDaZ9<\/p>\n<p>Za vi\u0161e informacija mo\u017eete se obratiti muzejskoj edukatorki Jeleni Bobi\u0107 pozivom na broj telefona 0691102480 ili mejlom na adresu decjiprogrami@galerijamaticesrpske.rs.<\/p>\n","protected":false},"excerpt":{"rendered":"<p>Dve subote 9. i 16. novembra u popodnevnom terminu od 16.00 do 17.30 sati u Galeriji Matice srpske odr\u017ea\u0107e se posebne dramske radionice pod nazivom\u00a0Da svi znaju za a\u017edaju!\u00a0Ove radionice \u0107e se raditi u saradnji sa Dru\u0161tvom tuma\u010da na znakovni jezik i Centrom za pozori\u0161na istra\u017eivanja. Ideja je da u\u010desnici radionice, deca uzrasta od 5<\/p>\n","protected":false},"author":2,"featured_media":8407,"comment_status":"closed","ping_status":"closed","template":"","tags":[],"mec_category":[104],"class_list":["post-13427","mec-events","type-mec-events","status-publish","has-post-thumbnail","hentry","mec_category-kreativne-radionice-za-decu-subotom"],"acf":[],"yoast_head":"<!-- This site is optimized with the Yoast SEO plugin v27.3 - https:\/\/yoast.com\/product\/yoast-seo-wordpress\/ -->\n<title>Da svi znaju za a\u017edaju! | Galerija Matice srpske<\/title>\n<meta name=\"description\" content=\"Dve subote 9. i 16. novembra u popodnevnom terminu od 16.00 do 17.30 sati u Galeriji Matice srpske odr\u017ea\u0107e se posebne dramske radionice pod nazivom\u00a0Da svi znaju za a\u017edaju!\" \/>\n<meta name=\"robots\" content=\"index, follow, max-snippet:-1, max-image-preview:large, max-video-preview:-1\" \/>\n<link rel=\"canonical\" href=\"https:\/\/www.galerijamaticesrpske.rs\/lat\/events\/da-svi-znaju-za-azdaju-2\/\" \/>\n<meta property=\"og:locale\" content=\"en_US\" \/>\n<meta property=\"og:type\" content=\"article\" \/>\n<meta property=\"og:title\" content=\"Da svi znaju za a\u017edaju! | Galerija Matice srpske\" \/>\n<meta property=\"og:description\" content=\"Dve subote 9. i 16. novembra u popodnevnom terminu od 16.00 do 17.30 sati u Galeriji Matice srpske odr\u017ea\u0107e se posebne dramske radionice pod nazivom\u00a0Da svi znaju za a\u017edaju!\" \/>\n<meta property=\"og:url\" content=\"https:\/\/www.galerijamaticesrpske.rs\/lat\/events\/da-svi-znaju-za-azdaju-2\/\" \/>\n<meta property=\"og:site_name\" content=\"Galerija Matice srpske\" \/>\n<meta property=\"og:image\" content=\"https:\/\/www.galerijamaticesrpske.rs\/wp-content\/uploads\/2022\/03\/gmsu2887_sveti-georgije-ubija-az\u030cdaju.jpg\" \/>\n\t<meta property=\"og:image:width\" content=\"1083\" \/>\n\t<meta property=\"og:image:height\" content=\"1600\" \/>\n\t<meta property=\"og:image:type\" content=\"image\/jpeg\" \/>\n<meta name=\"twitter:card\" content=\"summary_large_image\" \/>\n<meta name=\"twitter:label1\" content=\"Est. reading time\" \/>\n\t<meta name=\"twitter:data1\" content=\"1 minute\" \/>\n<script type=\"application\/ld+json\" class=\"yoast-schema-graph\">{\"@context\":\"https:\\\/\\\/schema.org\",\"@graph\":[{\"@type\":\"WebPage\",\"@id\":\"https:\\\/\\\/www.galerijamaticesrpske.rs\\\/lat\\\/events\\\/da-svi-znaju-za-azdaju-2\\\/\",\"url\":\"https:\\\/\\\/www.galerijamaticesrpske.rs\\\/lat\\\/events\\\/da-svi-znaju-za-azdaju-2\\\/\",\"name\":\"Da svi znaju za a\u017edaju! | Galerija Matice srpske\",\"isPartOf\":{\"@id\":\"https:\\\/\\\/www.galerijamaticesrpske.rs\\\/#website\"},\"primaryImageOfPage\":{\"@id\":\"https:\\\/\\\/www.galerijamaticesrpske.rs\\\/lat\\\/events\\\/da-svi-znaju-za-azdaju-2\\\/#primaryimage\"},\"image\":{\"@id\":\"https:\\\/\\\/www.galerijamaticesrpske.rs\\\/lat\\\/events\\\/da-svi-znaju-za-azdaju-2\\\/#primaryimage\"},\"thumbnailUrl\":\"https:\\\/\\\/www.galerijamaticesrpske.rs\\\/wp-content\\\/uploads\\\/2022\\\/03\\\/gmsu2887_sveti-georgije-ubija-az\u030cdaju.jpg\",\"datePublished\":\"2024-11-06T13:01:39+00:00\",\"description\":\"Dve subote 9. i 16. novembra u popodnevnom terminu od 16.00 do 17.30 sati u Galeriji Matice srpske odr\u017ea\u0107e se posebne dramske radionice pod nazivom\u00a0Da svi znaju za a\u017edaju!\",\"breadcrumb\":{\"@id\":\"https:\\\/\\\/www.galerijamaticesrpske.rs\\\/lat\\\/events\\\/da-svi-znaju-za-azdaju-2\\\/#breadcrumb\"},\"inLanguage\":\"sr-LAT\",\"potentialAction\":[{\"@type\":\"ReadAction\",\"target\":[\"https:\\\/\\\/www.galerijamaticesrpske.rs\\\/lat\\\/events\\\/da-svi-znaju-za-azdaju-2\\\/\"]}]},{\"@type\":\"ImageObject\",\"inLanguage\":\"sr-LAT\",\"@id\":\"https:\\\/\\\/www.galerijamaticesrpske.rs\\\/lat\\\/events\\\/da-svi-znaju-za-azdaju-2\\\/#primaryimage\",\"url\":\"https:\\\/\\\/www.galerijamaticesrpske.rs\\\/wp-content\\\/uploads\\\/2022\\\/03\\\/gmsu2887_sveti-georgije-ubija-az\u030cdaju.jpg\",\"contentUrl\":\"https:\\\/\\\/www.galerijamaticesrpske.rs\\\/wp-content\\\/uploads\\\/2022\\\/03\\\/gmsu2887_sveti-georgije-ubija-az\u030cdaju.jpg\",\"width\":1083,\"height\":1600,\"caption\":\"Sveti Georgije ubija a\u017edaju\"},{\"@type\":\"BreadcrumbList\",\"@id\":\"https:\\\/\\\/www.galerijamaticesrpske.rs\\\/lat\\\/events\\\/da-svi-znaju-za-azdaju-2\\\/#breadcrumb\",\"itemListElement\":[{\"@type\":\"ListItem\",\"position\":1,\"name\":\"\u041f\u043e\u0447\u0435\u0442\u043d\u0430\",\"item\":\"http:\\\/\\\/www.galerijamaticesrpske.rs\\\/lat\\\/\"},{\"@type\":\"ListItem\",\"position\":2,\"name\":\"Events\",\"item\":\"http:\\\/\\\/www.galerijamaticesrpske.rs\\\/lat\\\/events\\\/\"},{\"@type\":\"ListItem\",\"position\":3,\"name\":\"Da svi znaju za a\u017edaju!\"}]},{\"@type\":\"WebSite\",\"@id\":\"https:\\\/\\\/www.galerijamaticesrpske.rs\\\/#website\",\"url\":\"https:\\\/\\\/www.galerijamaticesrpske.rs\\\/\",\"name\":\"Galerija Matice srpske\",\"description\":\"Muzej srpske nacionalne umetnosti u Novom Sadu\",\"publisher\":{\"@id\":\"https:\\\/\\\/www.galerijamaticesrpske.rs\\\/#organization\"},\"potentialAction\":[{\"@type\":\"SearchAction\",\"target\":{\"@type\":\"EntryPoint\",\"urlTemplate\":\"https:\\\/\\\/www.galerijamaticesrpske.rs\\\/?s={search_term_string}\"},\"query-input\":{\"@type\":\"PropertyValueSpecification\",\"valueRequired\":true,\"valueName\":\"search_term_string\"}}],\"inLanguage\":\"sr-LAT\"},{\"@type\":\"Organization\",\"@id\":\"https:\\\/\\\/www.galerijamaticesrpske.rs\\\/#organization\",\"name\":\"Galerija Matice srpske\",\"url\":\"https:\\\/\\\/www.galerijamaticesrpske.rs\\\/\",\"logo\":{\"@type\":\"ImageObject\",\"inLanguage\":\"sr-LAT\",\"@id\":\"https:\\\/\\\/www.galerijamaticesrpske.rs\\\/#\\\/schema\\\/logo\\\/image\\\/\",\"url\":\"https:\\\/\\\/www.galerijamaticesrpske.rs\\\/wp-content\\\/uploads\\\/2021\\\/01\\\/gms-logo-za-sajt.svg\",\"contentUrl\":\"https:\\\/\\\/www.galerijamaticesrpske.rs\\\/wp-content\\\/uploads\\\/2021\\\/01\\\/gms-logo-za-sajt.svg\",\"width\":1,\"height\":1,\"caption\":\"Galerija Matice srpske\"},\"image\":{\"@id\":\"https:\\\/\\\/www.galerijamaticesrpske.rs\\\/#\\\/schema\\\/logo\\\/image\\\/\"}}]}<\/script>\n<!-- \/ Yoast SEO plugin. -->","yoast_head_json":{"title":"Da svi znaju za a\u017edaju! | Galerija Matice srpske","description":"Dve subote 9. i 16. novembra u popodnevnom terminu od 16.00 do 17.30 sati u Galeriji Matice srpske odr\u017ea\u0107e se posebne dramske radionice pod nazivom\u00a0Da svi znaju za a\u017edaju!","robots":{"index":"index","follow":"follow","max-snippet":"max-snippet:-1","max-image-preview":"max-image-preview:large","max-video-preview":"max-video-preview:-1"},"canonical":"https:\/\/www.galerijamaticesrpske.rs\/lat\/events\/da-svi-znaju-za-azdaju-2\/","og_locale":"en_US","og_type":"article","og_title":"Da svi znaju za a\u017edaju! | Galerija Matice srpske","og_description":"Dve subote 9. i 16. novembra u popodnevnom terminu od 16.00 do 17.30 sati u Galeriji Matice srpske odr\u017ea\u0107e se posebne dramske radionice pod nazivom\u00a0Da svi znaju za a\u017edaju!","og_url":"https:\/\/www.galerijamaticesrpske.rs\/lat\/events\/da-svi-znaju-za-azdaju-2\/","og_site_name":"Galerija Matice srpske","og_image":[{"width":1083,"height":1600,"url":"https:\/\/www.galerijamaticesrpske.rs\/wp-content\/uploads\/2022\/03\/gmsu2887_sveti-georgije-ubija-az\u030cdaju.jpg","type":"image\/jpeg"}],"twitter_card":"summary_large_image","twitter_misc":{"Est. reading time":"1 minute"},"schema":{"@context":"https:\/\/schema.org","@graph":[{"@type":"WebPage","@id":"https:\/\/www.galerijamaticesrpske.rs\/lat\/events\/da-svi-znaju-za-azdaju-2\/","url":"https:\/\/www.galerijamaticesrpske.rs\/lat\/events\/da-svi-znaju-za-azdaju-2\/","name":"Da svi znaju za a\u017edaju! | Galerija Matice srpske","isPartOf":{"@id":"https:\/\/www.galerijamaticesrpske.rs\/#website"},"primaryImageOfPage":{"@id":"https:\/\/www.galerijamaticesrpske.rs\/lat\/events\/da-svi-znaju-za-azdaju-2\/#primaryimage"},"image":{"@id":"https:\/\/www.galerijamaticesrpske.rs\/lat\/events\/da-svi-znaju-za-azdaju-2\/#primaryimage"},"thumbnailUrl":"https:\/\/www.galerijamaticesrpske.rs\/wp-content\/uploads\/2022\/03\/gmsu2887_sveti-georgije-ubija-az\u030cdaju.jpg","datePublished":"2024-11-06T13:01:39+00:00","description":"Dve subote 9. i 16. novembra u popodnevnom terminu od 16.00 do 17.30 sati u Galeriji Matice srpske odr\u017ea\u0107e se posebne dramske radionice pod nazivom\u00a0Da svi znaju za a\u017edaju!","breadcrumb":{"@id":"https:\/\/www.galerijamaticesrpske.rs\/lat\/events\/da-svi-znaju-za-azdaju-2\/#breadcrumb"},"inLanguage":"sr-LAT","potentialAction":[{"@type":"ReadAction","target":["https:\/\/www.galerijamaticesrpske.rs\/lat\/events\/da-svi-znaju-za-azdaju-2\/"]}]},{"@type":"ImageObject","inLanguage":"sr-LAT","@id":"https:\/\/www.galerijamaticesrpske.rs\/lat\/events\/da-svi-znaju-za-azdaju-2\/#primaryimage","url":"https:\/\/www.galerijamaticesrpske.rs\/wp-content\/uploads\/2022\/03\/gmsu2887_sveti-georgije-ubija-az\u030cdaju.jpg","contentUrl":"https:\/\/www.galerijamaticesrpske.rs\/wp-content\/uploads\/2022\/03\/gmsu2887_sveti-georgije-ubija-az\u030cdaju.jpg","width":1083,"height":1600,"caption":"Sveti Georgije ubija a\u017edaju"},{"@type":"BreadcrumbList","@id":"https:\/\/www.galerijamaticesrpske.rs\/lat\/events\/da-svi-znaju-za-azdaju-2\/#breadcrumb","itemListElement":[{"@type":"ListItem","position":1,"name":"\u041f\u043e\u0447\u0435\u0442\u043d\u0430","item":"http:\/\/www.galerijamaticesrpske.rs\/lat\/"},{"@type":"ListItem","position":2,"name":"Events","item":"http:\/\/www.galerijamaticesrpske.rs\/lat\/events\/"},{"@type":"ListItem","position":3,"name":"Da svi znaju za a\u017edaju!"}]},{"@type":"WebSite","@id":"https:\/\/www.galerijamaticesrpske.rs\/#website","url":"https:\/\/www.galerijamaticesrpske.rs\/","name":"Galerija Matice srpske","description":"Muzej srpske nacionalne umetnosti u Novom Sadu","publisher":{"@id":"https:\/\/www.galerijamaticesrpske.rs\/#organization"},"potentialAction":[{"@type":"SearchAction","target":{"@type":"EntryPoint","urlTemplate":"https:\/\/www.galerijamaticesrpske.rs\/?s={search_term_string}"},"query-input":{"@type":"PropertyValueSpecification","valueRequired":true,"valueName":"search_term_string"}}],"inLanguage":"sr-LAT"},{"@type":"Organization","@id":"https:\/\/www.galerijamaticesrpske.rs\/#organization","name":"Galerija Matice srpske","url":"https:\/\/www.galerijamaticesrpske.rs\/","logo":{"@type":"ImageObject","inLanguage":"sr-LAT","@id":"https:\/\/www.galerijamaticesrpske.rs\/#\/schema\/logo\/image\/","url":"https:\/\/www.galerijamaticesrpske.rs\/wp-content\/uploads\/2021\/01\/gms-logo-za-sajt.svg","contentUrl":"https:\/\/www.galerijamaticesrpske.rs\/wp-content\/uploads\/2021\/01\/gms-logo-za-sajt.svg","width":1,"height":1,"caption":"Galerija Matice srpske"},"image":{"@id":"https:\/\/www.galerijamaticesrpske.rs\/#\/schema\/logo\/image\/"}}]}},"_links":{"self":[{"href":"https:\/\/www.galerijamaticesrpske.rs\/lat\/wp-json\/wp\/v2\/mec-events\/13427","targetHints":{"allow":["GET"]}}],"collection":[{"href":"https:\/\/www.galerijamaticesrpske.rs\/lat\/wp-json\/wp\/v2\/mec-events"}],"about":[{"href":"https:\/\/www.galerijamaticesrpske.rs\/lat\/wp-json\/wp\/v2\/types\/mec-events"}],"author":[{"embeddable":true,"href":"https:\/\/www.galerijamaticesrpske.rs\/lat\/wp-json\/wp\/v2\/users\/2"}],"replies":[{"embeddable":true,"href":"https:\/\/www.galerijamaticesrpske.rs\/lat\/wp-json\/wp\/v2\/comments?post=13427"}],"wp:featuredmedia":[{"embeddable":true,"href":"https:\/\/www.galerijamaticesrpske.rs\/lat\/wp-json\/wp\/v2\/media\/8407"}],"wp:attachment":[{"href":"https:\/\/www.galerijamaticesrpske.rs\/lat\/wp-json\/wp\/v2\/media?parent=13427"}],"wp:term":[{"taxonomy":"post_tag","embeddable":true,"href":"https:\/\/www.galerijamaticesrpske.rs\/lat\/wp-json\/wp\/v2\/tags?post=13427"},{"taxonomy":"mec_category","embeddable":true,"href":"https:\/\/www.galerijamaticesrpske.rs\/lat\/wp-json\/wp\/v2\/mec_category?post=13427"}],"curies":[{"name":"wp","href":"https:\/\/api.w.org\/{rel}","templated":true}]}}