{"id":13939,"date":"2024-11-18T10:52:57","date_gmt":"2024-11-18T10:52:57","guid":{"rendered":"https:\/\/www.galerijamaticesrpske.rs\/?post_type=mec-events&#038;p=13939"},"modified":"2024-11-18T10:52:57","modified_gmt":"2024-11-18T10:52:57","slug":"per-art-nesto-veoma-posebno","status":"publish","type":"mec-events","link":"https:\/\/www.galerijamaticesrpske.rs\/lat\/events\/per-art-nesto-veoma-posebno\/","title":{"rendered":"Per.Art: Ne\u0161to veoma posebno"},"content":{"rendered":"<p><strong>Natalija Vladisavljevi\u0107<\/strong><br \/>\n<strong>Video <em>Rad u mrklom mraku<\/em><\/strong><br \/>\n<strong>Trajanje: 33 minuta<\/strong><\/p>\n<p>\u201ePostoji savremeni ples bez muzike, a postoji savremeni ples bez plesa.\u201c<\/p>\n<p>Natalija Vladisavljevi\u0107 pi\u0161e i kreativno ure\u0111uje tekst na razli\u010dite na\u010dine. \u010cita, podvla\u010di, iseca, prepisuje, kopira, crta, sastavlja.<\/p>\n<p>Kako bi predstavila svoj rad, podelila je uloge prijateljima i saradnicima koji je najbolje poznaju \u2013 zajedno sa Natalijom oni razgovaraju o njenom radu. Rezultat je koreografija teksta, pokreta i zvuka u mrklom mraku na osnovu Natalijine partiture, a izveli su je njeni dragi prijatelji i saradnici: Olivera Kova\u010devi\u0107 Crnjanski, Milena Minja Bogavac, Frosina Dimovska, Tatjana Tuci\u0107, Dunja Crnjanski, Alekandre Achour i Sa\u0161a Asenti\u0107.<\/p>\n<p>Video performans <em>Rad u mrklom mraku<\/em> nastao je u okviru serije performans predavanja DIS_Lecture.<\/p>\n<p>Video je na govornom srpskom sa titlovima na engleskom jeziku.<\/p>\n<p>&nbsp;<\/p>\n<p><strong>Dalibor \u0160andor<\/strong><br \/>\n<strong>Izvedbeno predavanje <em>Ne\u0161to veoma posebno<\/em><\/strong><br \/>\n<strong>Trajanje: 50 minuta<\/strong><\/p>\n<p>&nbsp;<\/p>\n<p>Izvo\u0111enje je na govornom engleskom jeziku.<\/p>\n<p>\u201e\u010covek treba da bude hrabar da bi nastupio u javnosti, ali to je jedini na\u010din da postigne promenu koju \u017eeli.\u201c<\/p>\n<p>Razmi\u0161ljaju\u0107i dalje o procesu rada na predstavi Mi nismo \u010dudovi\u0161ta, Dalibor \u0160andor nastavlja svoj umetni\u010dki rad kroz izvedbeno predavanje pod nazivom <em>Ne\u0161to veoma posebno<\/em>, koje je nastalo u saradnji sa Marselom Bugilom kao dramaturgom, Frosinom Dimovskom kao podr\u0161kom i Sa\u0161om Asenti\u0107em kao umetni\u010dkim saradnikom.<\/p>\n<p>To je sve \u0161to vam za sada mo\u017eemo re\u0107i \u2013 bez spojlera!<\/p>\n<p>Ova izvo\u0111enja podr\u017eao je Francuski institut u Srbiji.<\/p>\n<p>DIS_Lecture je serija performans predavanja koja dr\u017ee umetnici sa intelektualnim invaliditetom, pozvani da na njima svojstven na\u010din prisvoje ovaj izvedbeni format i kriti\u010dki preispitaju njegove ableisti\u010dke odlike. Zajedno sa njihovim dugogodi\u0161njim saradnicima, oni zauzimaju svoje mesto u sektoru iz kojeg su kroz istoriju bili isklju\u010deni: polje teorije i diskursa o plesu i performansu.<\/p>\n<p>DIS_Lecture je osmislio Sa\u0161a Asenti\u0107, kao pristupa\u010dan format koji doprinosi kriti\u010dkoj kulturi i solidarnosti u plesu.<\/p>\n","protected":false},"excerpt":{"rendered":"<p>Natalija Vladisavljevi\u0107 Video Rad u mrklom mraku Trajanje: 33 minuta \u201ePostoji savremeni ples bez muzike, a postoji savremeni ples bez plesa.\u201c Natalija Vladisavljevi\u0107 pi\u0161e i kreativno ure\u0111uje tekst na razli\u010dite na\u010dine. \u010cita, podvla\u010di, iseca, prepisuje, kopira, crta, sastavlja. Kako bi predstavila svoj rad, podelila je uloge prijateljima i saradnicima koji je najbolje poznaju \u2013 zajedno<\/p>\n","protected":false},"author":2,"featured_media":13938,"comment_status":"closed","ping_status":"closed","template":"","tags":[],"mec_category":[176],"class_list":["post-13939","mec-events","type-mec-events","status-publish","has-post-thumbnail","hentry","mec_category-predstave-lat"],"acf":[],"yoast_head":"<!-- This site is optimized with the Yoast SEO plugin v27.3 - https:\/\/yoast.com\/product\/yoast-seo-wordpress\/ -->\n<title>Per.Art: Ne\u0161to veoma posebno | Galerija Matice srpske<\/title>\n<meta name=\"description\" content=\"Per.Art: Ne\u0161to veoma posebno\" \/>\n<meta name=\"robots\" content=\"index, follow, max-snippet:-1, max-image-preview:large, max-video-preview:-1\" \/>\n<link rel=\"canonical\" href=\"http:\/\/www.galerijamaticesrpske.rs\/lat\/events\/per-art-nesto-veoma-posebno\/\" \/>\n<meta property=\"og:locale\" content=\"en_US\" \/>\n<meta property=\"og:type\" content=\"article\" \/>\n<meta property=\"og:title\" content=\"Per.Art: Ne\u0161to veoma posebno | Galerija Matice srpske\" \/>\n<meta property=\"og:description\" content=\"Per.Art: Ne\u0161to veoma posebno\" \/>\n<meta property=\"og:url\" content=\"http:\/\/www.galerijamaticesrpske.rs\/lat\/events\/per-art-nesto-veoma-posebno\/\" \/>\n<meta property=\"og:site_name\" content=\"Galerija Matice srpske\" \/>\n<meta property=\"og:image\" content=\"http:\/\/www.galerijamaticesrpske.rs\/wp-content\/uploads\/2024\/11\/najava-21.11.-vizual.jpg\" \/>\n\t<meta property=\"og:image:width\" content=\"1181\" \/>\n\t<meta property=\"og:image:height\" content=\"591\" \/>\n\t<meta property=\"og:image:type\" content=\"image\/jpeg\" \/>\n<meta name=\"twitter:card\" content=\"summary_large_image\" \/>\n<meta name=\"twitter:label1\" content=\"Est. reading time\" \/>\n\t<meta name=\"twitter:data1\" content=\"2 minutes\" \/>\n<script type=\"application\/ld+json\" class=\"yoast-schema-graph\">{\"@context\":\"https:\\\/\\\/schema.org\",\"@graph\":[{\"@type\":\"WebPage\",\"@id\":\"http:\\\/\\\/www.galerijamaticesrpske.rs\\\/lat\\\/events\\\/per-art-nesto-veoma-posebno\\\/\",\"url\":\"http:\\\/\\\/www.galerijamaticesrpske.rs\\\/lat\\\/events\\\/per-art-nesto-veoma-posebno\\\/\",\"name\":\"Per.Art: Ne\u0161to veoma posebno | Galerija Matice srpske\",\"isPartOf\":{\"@id\":\"https:\\\/\\\/www.galerijamaticesrpske.rs\\\/#website\"},\"primaryImageOfPage\":{\"@id\":\"http:\\\/\\\/www.galerijamaticesrpske.rs\\\/lat\\\/events\\\/per-art-nesto-veoma-posebno\\\/#primaryimage\"},\"image\":{\"@id\":\"http:\\\/\\\/www.galerijamaticesrpske.rs\\\/lat\\\/events\\\/per-art-nesto-veoma-posebno\\\/#primaryimage\"},\"thumbnailUrl\":\"https:\\\/\\\/www.galerijamaticesrpske.rs\\\/wp-content\\\/uploads\\\/2024\\\/11\\\/najava-21.11.-vizual.jpg\",\"datePublished\":\"2024-11-18T10:52:57+00:00\",\"description\":\"Per.Art: Ne\u0161to veoma posebno\",\"breadcrumb\":{\"@id\":\"http:\\\/\\\/www.galerijamaticesrpske.rs\\\/lat\\\/events\\\/per-art-nesto-veoma-posebno\\\/#breadcrumb\"},\"inLanguage\":\"sr-LAT\",\"potentialAction\":[{\"@type\":\"ReadAction\",\"target\":[\"http:\\\/\\\/www.galerijamaticesrpske.rs\\\/lat\\\/events\\\/per-art-nesto-veoma-posebno\\\/\"]}]},{\"@type\":\"ImageObject\",\"inLanguage\":\"sr-LAT\",\"@id\":\"http:\\\/\\\/www.galerijamaticesrpske.rs\\\/lat\\\/events\\\/per-art-nesto-veoma-posebno\\\/#primaryimage\",\"url\":\"https:\\\/\\\/www.galerijamaticesrpske.rs\\\/wp-content\\\/uploads\\\/2024\\\/11\\\/najava-21.11.-vizual.jpg\",\"contentUrl\":\"https:\\\/\\\/www.galerijamaticesrpske.rs\\\/wp-content\\\/uploads\\\/2024\\\/11\\\/najava-21.11.-vizual.jpg\",\"width\":1181,\"height\":591},{\"@type\":\"BreadcrumbList\",\"@id\":\"http:\\\/\\\/www.galerijamaticesrpske.rs\\\/lat\\\/events\\\/per-art-nesto-veoma-posebno\\\/#breadcrumb\",\"itemListElement\":[{\"@type\":\"ListItem\",\"position\":1,\"name\":\"\u041f\u043e\u0447\u0435\u0442\u043d\u0430\",\"item\":\"http:\\\/\\\/www.galerijamaticesrpske.rs\\\/lat\\\/\"},{\"@type\":\"ListItem\",\"position\":2,\"name\":\"Events\",\"item\":\"http:\\\/\\\/www.galerijamaticesrpske.rs\\\/lat\\\/events\\\/\"},{\"@type\":\"ListItem\",\"position\":3,\"name\":\"Per.Art: Ne\u0161to veoma posebno\"}]},{\"@type\":\"WebSite\",\"@id\":\"https:\\\/\\\/www.galerijamaticesrpske.rs\\\/#website\",\"url\":\"https:\\\/\\\/www.galerijamaticesrpske.rs\\\/\",\"name\":\"Galerija Matice srpske\",\"description\":\"Muzej srpske nacionalne umetnosti u Novom Sadu\",\"publisher\":{\"@id\":\"https:\\\/\\\/www.galerijamaticesrpske.rs\\\/#organization\"},\"potentialAction\":[{\"@type\":\"SearchAction\",\"target\":{\"@type\":\"EntryPoint\",\"urlTemplate\":\"https:\\\/\\\/www.galerijamaticesrpske.rs\\\/?s={search_term_string}\"},\"query-input\":{\"@type\":\"PropertyValueSpecification\",\"valueRequired\":true,\"valueName\":\"search_term_string\"}}],\"inLanguage\":\"sr-LAT\"},{\"@type\":\"Organization\",\"@id\":\"https:\\\/\\\/www.galerijamaticesrpske.rs\\\/#organization\",\"name\":\"Galerija Matice srpske\",\"url\":\"https:\\\/\\\/www.galerijamaticesrpske.rs\\\/\",\"logo\":{\"@type\":\"ImageObject\",\"inLanguage\":\"sr-LAT\",\"@id\":\"https:\\\/\\\/www.galerijamaticesrpske.rs\\\/#\\\/schema\\\/logo\\\/image\\\/\",\"url\":\"https:\\\/\\\/www.galerijamaticesrpske.rs\\\/wp-content\\\/uploads\\\/2021\\\/01\\\/gms-logo-za-sajt.svg\",\"contentUrl\":\"https:\\\/\\\/www.galerijamaticesrpske.rs\\\/wp-content\\\/uploads\\\/2021\\\/01\\\/gms-logo-za-sajt.svg\",\"width\":1,\"height\":1,\"caption\":\"Galerija Matice srpske\"},\"image\":{\"@id\":\"https:\\\/\\\/www.galerijamaticesrpske.rs\\\/#\\\/schema\\\/logo\\\/image\\\/\"}}]}<\/script>\n<!-- \/ Yoast SEO plugin. -->","yoast_head_json":{"title":"Per.Art: Ne\u0161to veoma posebno | Galerija Matice srpske","description":"Per.Art: Ne\u0161to veoma posebno","robots":{"index":"index","follow":"follow","max-snippet":"max-snippet:-1","max-image-preview":"max-image-preview:large","max-video-preview":"max-video-preview:-1"},"canonical":"http:\/\/www.galerijamaticesrpske.rs\/lat\/events\/per-art-nesto-veoma-posebno\/","og_locale":"en_US","og_type":"article","og_title":"Per.Art: Ne\u0161to veoma posebno | Galerija Matice srpske","og_description":"Per.Art: Ne\u0161to veoma posebno","og_url":"http:\/\/www.galerijamaticesrpske.rs\/lat\/events\/per-art-nesto-veoma-posebno\/","og_site_name":"Galerija Matice srpske","og_image":[{"width":1181,"height":591,"url":"http:\/\/www.galerijamaticesrpske.rs\/wp-content\/uploads\/2024\/11\/najava-21.11.-vizual.jpg","type":"image\/jpeg"}],"twitter_card":"summary_large_image","twitter_misc":{"Est. reading time":"2 minutes"},"schema":{"@context":"https:\/\/schema.org","@graph":[{"@type":"WebPage","@id":"http:\/\/www.galerijamaticesrpske.rs\/lat\/events\/per-art-nesto-veoma-posebno\/","url":"http:\/\/www.galerijamaticesrpske.rs\/lat\/events\/per-art-nesto-veoma-posebno\/","name":"Per.Art: Ne\u0161to veoma posebno | Galerija Matice srpske","isPartOf":{"@id":"https:\/\/www.galerijamaticesrpske.rs\/#website"},"primaryImageOfPage":{"@id":"http:\/\/www.galerijamaticesrpske.rs\/lat\/events\/per-art-nesto-veoma-posebno\/#primaryimage"},"image":{"@id":"http:\/\/www.galerijamaticesrpske.rs\/lat\/events\/per-art-nesto-veoma-posebno\/#primaryimage"},"thumbnailUrl":"https:\/\/www.galerijamaticesrpske.rs\/wp-content\/uploads\/2024\/11\/najava-21.11.-vizual.jpg","datePublished":"2024-11-18T10:52:57+00:00","description":"Per.Art: Ne\u0161to veoma posebno","breadcrumb":{"@id":"http:\/\/www.galerijamaticesrpske.rs\/lat\/events\/per-art-nesto-veoma-posebno\/#breadcrumb"},"inLanguage":"sr-LAT","potentialAction":[{"@type":"ReadAction","target":["http:\/\/www.galerijamaticesrpske.rs\/lat\/events\/per-art-nesto-veoma-posebno\/"]}]},{"@type":"ImageObject","inLanguage":"sr-LAT","@id":"http:\/\/www.galerijamaticesrpske.rs\/lat\/events\/per-art-nesto-veoma-posebno\/#primaryimage","url":"https:\/\/www.galerijamaticesrpske.rs\/wp-content\/uploads\/2024\/11\/najava-21.11.-vizual.jpg","contentUrl":"https:\/\/www.galerijamaticesrpske.rs\/wp-content\/uploads\/2024\/11\/najava-21.11.-vizual.jpg","width":1181,"height":591},{"@type":"BreadcrumbList","@id":"http:\/\/www.galerijamaticesrpske.rs\/lat\/events\/per-art-nesto-veoma-posebno\/#breadcrumb","itemListElement":[{"@type":"ListItem","position":1,"name":"\u041f\u043e\u0447\u0435\u0442\u043d\u0430","item":"http:\/\/www.galerijamaticesrpske.rs\/lat\/"},{"@type":"ListItem","position":2,"name":"Events","item":"http:\/\/www.galerijamaticesrpske.rs\/lat\/events\/"},{"@type":"ListItem","position":3,"name":"Per.Art: Ne\u0161to veoma posebno"}]},{"@type":"WebSite","@id":"https:\/\/www.galerijamaticesrpske.rs\/#website","url":"https:\/\/www.galerijamaticesrpske.rs\/","name":"Galerija Matice srpske","description":"Muzej srpske nacionalne umetnosti u Novom Sadu","publisher":{"@id":"https:\/\/www.galerijamaticesrpske.rs\/#organization"},"potentialAction":[{"@type":"SearchAction","target":{"@type":"EntryPoint","urlTemplate":"https:\/\/www.galerijamaticesrpske.rs\/?s={search_term_string}"},"query-input":{"@type":"PropertyValueSpecification","valueRequired":true,"valueName":"search_term_string"}}],"inLanguage":"sr-LAT"},{"@type":"Organization","@id":"https:\/\/www.galerijamaticesrpske.rs\/#organization","name":"Galerija Matice srpske","url":"https:\/\/www.galerijamaticesrpske.rs\/","logo":{"@type":"ImageObject","inLanguage":"sr-LAT","@id":"https:\/\/www.galerijamaticesrpske.rs\/#\/schema\/logo\/image\/","url":"https:\/\/www.galerijamaticesrpske.rs\/wp-content\/uploads\/2021\/01\/gms-logo-za-sajt.svg","contentUrl":"https:\/\/www.galerijamaticesrpske.rs\/wp-content\/uploads\/2021\/01\/gms-logo-za-sajt.svg","width":1,"height":1,"caption":"Galerija Matice srpske"},"image":{"@id":"https:\/\/www.galerijamaticesrpske.rs\/#\/schema\/logo\/image\/"}}]}},"_links":{"self":[{"href":"https:\/\/www.galerijamaticesrpske.rs\/lat\/wp-json\/wp\/v2\/mec-events\/13939","targetHints":{"allow":["GET"]}}],"collection":[{"href":"https:\/\/www.galerijamaticesrpske.rs\/lat\/wp-json\/wp\/v2\/mec-events"}],"about":[{"href":"https:\/\/www.galerijamaticesrpske.rs\/lat\/wp-json\/wp\/v2\/types\/mec-events"}],"author":[{"embeddable":true,"href":"https:\/\/www.galerijamaticesrpske.rs\/lat\/wp-json\/wp\/v2\/users\/2"}],"replies":[{"embeddable":true,"href":"https:\/\/www.galerijamaticesrpske.rs\/lat\/wp-json\/wp\/v2\/comments?post=13939"}],"wp:featuredmedia":[{"embeddable":true,"href":"https:\/\/www.galerijamaticesrpske.rs\/lat\/wp-json\/wp\/v2\/media\/13938"}],"wp:attachment":[{"href":"https:\/\/www.galerijamaticesrpske.rs\/lat\/wp-json\/wp\/v2\/media?parent=13939"}],"wp:term":[{"taxonomy":"post_tag","embeddable":true,"href":"https:\/\/www.galerijamaticesrpske.rs\/lat\/wp-json\/wp\/v2\/tags?post=13939"},{"taxonomy":"mec_category","embeddable":true,"href":"https:\/\/www.galerijamaticesrpske.rs\/lat\/wp-json\/wp\/v2\/mec_category?post=13939"}],"curies":[{"name":"wp","href":"https:\/\/api.w.org\/{rel}","templated":true}]}}