{"id":14130,"date":"2024-12-09T13:12:12","date_gmt":"2024-12-09T13:12:12","guid":{"rendered":"https:\/\/www.galerijamaticesrpske.rs\/?post_type=mec-events&#038;p=14130"},"modified":"2024-12-09T13:12:12","modified_gmt":"2024-12-09T13:12:12","slug":"kustoska-vodjenja-tabu-telo-i-um","status":"publish","type":"mec-events","link":"https:\/\/www.galerijamaticesrpske.rs\/lat\/events\/kustoska-vodjenja-tabu-telo-i-um\/","title":{"rendered":"Kustoska vo\u0111enja \u2013 Tabu: Telo i um"},"content":{"rendered":"<p>U modulu Tabu: Telo i um predstavljene su ljudske karakteristike poput nagosti, smrti, ose\u0107anja i identiteta koje neretko predstavljaju tabu u na\u0161em dru\u0161tvu. Istorijom novije srpske umetnosti predo\u010deni su na\u010dini, potrebe i uverenja koje oblikuju ove fenomene i na\u0161u svakodnevicu.<\/p>\n<p>Telo je oduvek bilo predmet umetni\u010dkog interesovanja. Predstave obna\u017eenosti, u svojoj dugoj istoriji, slu\u017eile su od akademskih ve\u017ebi za studiju ljudske figure do slo\u017eenog simboli\u010dkog govora. Sve do modernisti\u010dkih umetni\u010dkih odstupanja, vekovima se te\u017eilo da se tema akta odvoji od ovozemaljske seksualnosti, eksplicitnog nagove\u0161taja telesnosti, eroti\u010dnosti ali i nesavr\u0161enosti. Po\u010detkom HH veka u srpskoj umetnosti po\u010dinje da se uo\u010dava modernisti\u010dko na\u010delo \u201eoslobo\u0111ene nagosti\u201c.<\/p>\n<p>Ko sam ja, ko su drugi, \u0161ta smo jedni drugima, kako se i za\u0161to i po \u010demu razlikujemo? Pitanje sopstva staro je koliko i \u010dovek. Razli\u010dite kulture, navike i potrebe odre\u0111ivale su \u0161ta dru\u0161tvo od pojedinca o\u010dekuje. Kroz ustaljene obrasce pona\u0161anja i \u017eivljenja oblikovana su o\u010dekivanja, ali i stereotipi. Marginalizovane dru\u0161tvene grupe poput nacionalnih manjina, osoba sa invaliditetom, razli\u010ditost uslovljena rodnim identitetom, starosnom dobi i klasom \u010desto su konstruisani razlozi za pritisak i nasilje dominantne dru\u0161tvene zajednice. Fotografije performansa MP_art, koji otvara pitanje odnosa pojedinca i sredine, u dijalogu su sa portretima srpske umetnosti XIX i XX veka.<\/p>\n<p>Kojim ose\u0107anjem bismo opisali <em>Autoportret<\/em> Novaka Radoni\u0107a? A kojim skulpturu <em>Melanholija<\/em>? Kako predstaviti nevidljivo, kako oblikovati neopipljivo? Tokom vekova alegorijske predstave tuge, bola, straha ili sre\u0107e pozivale su na razmi\u0161ljanja o ose\u0107anjima. Od medicinskih definicija do romanti\u010darskog bunta umetnost je vizualizovala \u010dovekov slo\u017eeni emotivni sistem. Istovremeno, treba imati na umu da su se razli\u010dite epohe i kulture druga\u010dije odnosile prema ljudskim emocijama. Da li dok gledamo umetni\u010dke radove razmi\u0161ljamo ili ose\u0107amo?<\/p>\n<p>Smrt. Ta izvesna neizvesnost svakog od nas javlja se kao kona\u010dni i neizbe\u017eni zavr\u0161etak \u010dovekovog zemnog \u017eivota, neuslovljen bogatstvom, dru\u0161tvenim ugledom, statusom ili mo\u0107i. Za\u0161to je ova prirodna pojava, koja pobu\u0111uje strah, teskobu, zabrinutost, ve\u010dita tema umetnika? U umetnosti smrt i ru\u017eno su \u010desto predstavljani kao suprotnosti \u017eivotu i lepoti. Ipak, hri\u0161\u0107anstvo u predstavama smrti nagove\u0161tava optimisti\u010dnu ideju spasenja.<\/p>\n<p>Kustoska vo\u0111enja \u0107e se odr\u017eati u subotu i nedelju u 13.00 i 17.00 sati.<\/p>\n<p>Vode: <strong>Milica Milo\u0161evi\u0107<\/strong> i <strong>msr Goran Vujkov<\/strong>, muzejski edukatori<\/p>\n","protected":false},"excerpt":{"rendered":"<p>U modulu Tabu: Telo i um predstavljene su ljudske karakteristike poput nagosti, smrti, ose\u0107anja i identiteta koje neretko predstavljaju tabu u na\u0161em dru\u0161tvu. Istorijom novije srpske umetnosti predo\u010deni su na\u010dini, potrebe i uverenja koje oblikuju ove fenomene i na\u0161u svakodnevicu. Telo je oduvek bilo predmet umetni\u010dkog interesovanja. Predstave obna\u017eenosti, u svojoj dugoj istoriji, slu\u017eile su<\/p>\n","protected":false},"author":2,"featured_media":13334,"comment_status":"closed","ping_status":"closed","template":"","tags":[],"mec_category":[101],"class_list":["post-14130","mec-events","type-mec-events","status-publish","has-post-thumbnail","hentry","mec_category-vodjenja-kroz-stalnu-postavku"],"acf":[],"yoast_head":"<!-- This site is optimized with the Yoast SEO plugin v27.3 - https:\/\/yoast.com\/product\/yoast-seo-wordpress\/ -->\n<title>Kustoska vo\u0111enja \u2013 Tabu: Telo i um | Galerija Matice srpske<\/title>\n<meta name=\"description\" content=\"U modulu Tabu: Telo i um predstavljene su ljudske karakteristike poput nagosti, smrti, ose\u0107anja i identiteta koje neretko predstavljaju tabu u na\u0161em dru\u0161tvu. Istorijom novije srpske umetnosti predo\u010deni su na\u010dini, potrebe i uverenja koje oblikuju ove fenomene i na\u0161u svakodnevicu.\" \/>\n<meta name=\"robots\" content=\"index, follow, max-snippet:-1, max-image-preview:large, max-video-preview:-1\" \/>\n<link rel=\"canonical\" href=\"https:\/\/www.galerijamaticesrpske.rs\/lat\/events\/kustoska-vodjenja-tabu-telo-i-um\/\" \/>\n<meta property=\"og:locale\" content=\"en_US\" \/>\n<meta property=\"og:type\" content=\"article\" \/>\n<meta property=\"og:title\" content=\"Kustoska vo\u0111enja \u2013 Tabu: Telo i um | Galerija Matice srpske\" \/>\n<meta property=\"og:description\" content=\"U modulu Tabu: Telo i um predstavljene su ljudske karakteristike poput nagosti, smrti, ose\u0107anja i identiteta koje neretko predstavljaju tabu u na\u0161em dru\u0161tvu. Istorijom novije srpske umetnosti predo\u010deni su na\u010dini, potrebe i uverenja koje oblikuju ove fenomene i na\u0161u svakodnevicu.\" \/>\n<meta property=\"og:url\" content=\"https:\/\/www.galerijamaticesrpske.rs\/lat\/events\/kustoska-vodjenja-tabu-telo-i-um\/\" \/>\n<meta property=\"og:site_name\" content=\"Galerija Matice srpske\" \/>\n<meta property=\"og:image\" content=\"https:\/\/www.galerijamaticesrpske.rs\/wp-content\/uploads\/2024\/10\/1920x1080.jpg\" \/>\n\t<meta property=\"og:image:width\" content=\"1920\" \/>\n\t<meta property=\"og:image:height\" content=\"1080\" \/>\n\t<meta property=\"og:image:type\" content=\"image\/jpeg\" \/>\n<meta name=\"twitter:card\" content=\"summary_large_image\" \/>\n<meta name=\"twitter:label1\" content=\"Est. reading time\" \/>\n\t<meta name=\"twitter:data1\" content=\"2 minutes\" \/>\n<script type=\"application\/ld+json\" class=\"yoast-schema-graph\">{\"@context\":\"https:\\\/\\\/schema.org\",\"@graph\":[{\"@type\":\"WebPage\",\"@id\":\"https:\\\/\\\/www.galerijamaticesrpske.rs\\\/lat\\\/events\\\/kustoska-vodjenja-tabu-telo-i-um\\\/\",\"url\":\"https:\\\/\\\/www.galerijamaticesrpske.rs\\\/lat\\\/events\\\/kustoska-vodjenja-tabu-telo-i-um\\\/\",\"name\":\"Kustoska vo\u0111enja \u2013 Tabu: Telo i um | Galerija Matice srpske\",\"isPartOf\":{\"@id\":\"https:\\\/\\\/www.galerijamaticesrpske.rs\\\/#website\"},\"primaryImageOfPage\":{\"@id\":\"https:\\\/\\\/www.galerijamaticesrpske.rs\\\/lat\\\/events\\\/kustoska-vodjenja-tabu-telo-i-um\\\/#primaryimage\"},\"image\":{\"@id\":\"https:\\\/\\\/www.galerijamaticesrpske.rs\\\/lat\\\/events\\\/kustoska-vodjenja-tabu-telo-i-um\\\/#primaryimage\"},\"thumbnailUrl\":\"https:\\\/\\\/www.galerijamaticesrpske.rs\\\/wp-content\\\/uploads\\\/2024\\\/10\\\/1920x1080.jpg\",\"datePublished\":\"2024-12-09T13:12:12+00:00\",\"description\":\"U modulu Tabu: Telo i um predstavljene su ljudske karakteristike poput nagosti, smrti, ose\u0107anja i identiteta koje neretko predstavljaju tabu u na\u0161em dru\u0161tvu. Istorijom novije srpske umetnosti predo\u010deni su na\u010dini, potrebe i uverenja koje oblikuju ove fenomene i na\u0161u svakodnevicu.\",\"breadcrumb\":{\"@id\":\"https:\\\/\\\/www.galerijamaticesrpske.rs\\\/lat\\\/events\\\/kustoska-vodjenja-tabu-telo-i-um\\\/#breadcrumb\"},\"inLanguage\":\"sr-LAT\",\"potentialAction\":[{\"@type\":\"ReadAction\",\"target\":[\"https:\\\/\\\/www.galerijamaticesrpske.rs\\\/lat\\\/events\\\/kustoska-vodjenja-tabu-telo-i-um\\\/\"]}]},{\"@type\":\"ImageObject\",\"inLanguage\":\"sr-LAT\",\"@id\":\"https:\\\/\\\/www.galerijamaticesrpske.rs\\\/lat\\\/events\\\/kustoska-vodjenja-tabu-telo-i-um\\\/#primaryimage\",\"url\":\"https:\\\/\\\/www.galerijamaticesrpske.rs\\\/wp-content\\\/uploads\\\/2024\\\/10\\\/1920x1080.jpg\",\"contentUrl\":\"https:\\\/\\\/www.galerijamaticesrpske.rs\\\/wp-content\\\/uploads\\\/2024\\\/10\\\/1920x1080.jpg\",\"width\":1920,\"height\":1080},{\"@type\":\"BreadcrumbList\",\"@id\":\"https:\\\/\\\/www.galerijamaticesrpske.rs\\\/lat\\\/events\\\/kustoska-vodjenja-tabu-telo-i-um\\\/#breadcrumb\",\"itemListElement\":[{\"@type\":\"ListItem\",\"position\":1,\"name\":\"\u041f\u043e\u0447\u0435\u0442\u043d\u0430\",\"item\":\"http:\\\/\\\/www.galerijamaticesrpske.rs\\\/lat\\\/\"},{\"@type\":\"ListItem\",\"position\":2,\"name\":\"Events\",\"item\":\"http:\\\/\\\/www.galerijamaticesrpske.rs\\\/lat\\\/events\\\/\"},{\"@type\":\"ListItem\",\"position\":3,\"name\":\"Kustoska vo\u0111enja \u2013 Tabu: Telo i um\"}]},{\"@type\":\"WebSite\",\"@id\":\"https:\\\/\\\/www.galerijamaticesrpske.rs\\\/#website\",\"url\":\"https:\\\/\\\/www.galerijamaticesrpske.rs\\\/\",\"name\":\"Galerija Matice srpske\",\"description\":\"Muzej srpske nacionalne umetnosti u Novom Sadu\",\"publisher\":{\"@id\":\"https:\\\/\\\/www.galerijamaticesrpske.rs\\\/#organization\"},\"potentialAction\":[{\"@type\":\"SearchAction\",\"target\":{\"@type\":\"EntryPoint\",\"urlTemplate\":\"https:\\\/\\\/www.galerijamaticesrpske.rs\\\/?s={search_term_string}\"},\"query-input\":{\"@type\":\"PropertyValueSpecification\",\"valueRequired\":true,\"valueName\":\"search_term_string\"}}],\"inLanguage\":\"sr-LAT\"},{\"@type\":\"Organization\",\"@id\":\"https:\\\/\\\/www.galerijamaticesrpske.rs\\\/#organization\",\"name\":\"Galerija Matice srpske\",\"url\":\"https:\\\/\\\/www.galerijamaticesrpske.rs\\\/\",\"logo\":{\"@type\":\"ImageObject\",\"inLanguage\":\"sr-LAT\",\"@id\":\"https:\\\/\\\/www.galerijamaticesrpske.rs\\\/#\\\/schema\\\/logo\\\/image\\\/\",\"url\":\"https:\\\/\\\/www.galerijamaticesrpske.rs\\\/wp-content\\\/uploads\\\/2021\\\/01\\\/gms-logo-za-sajt.svg\",\"contentUrl\":\"https:\\\/\\\/www.galerijamaticesrpske.rs\\\/wp-content\\\/uploads\\\/2021\\\/01\\\/gms-logo-za-sajt.svg\",\"width\":1,\"height\":1,\"caption\":\"Galerija Matice srpske\"},\"image\":{\"@id\":\"https:\\\/\\\/www.galerijamaticesrpske.rs\\\/#\\\/schema\\\/logo\\\/image\\\/\"}}]}<\/script>\n<!-- \/ Yoast SEO plugin. -->","yoast_head_json":{"title":"Kustoska vo\u0111enja \u2013 Tabu: Telo i um | Galerija Matice srpske","description":"U modulu Tabu: Telo i um predstavljene su ljudske karakteristike poput nagosti, smrti, ose\u0107anja i identiteta koje neretko predstavljaju tabu u na\u0161em dru\u0161tvu. Istorijom novije srpske umetnosti predo\u010deni su na\u010dini, potrebe i uverenja koje oblikuju ove fenomene i na\u0161u svakodnevicu.","robots":{"index":"index","follow":"follow","max-snippet":"max-snippet:-1","max-image-preview":"max-image-preview:large","max-video-preview":"max-video-preview:-1"},"canonical":"https:\/\/www.galerijamaticesrpske.rs\/lat\/events\/kustoska-vodjenja-tabu-telo-i-um\/","og_locale":"en_US","og_type":"article","og_title":"Kustoska vo\u0111enja \u2013 Tabu: Telo i um | Galerija Matice srpske","og_description":"U modulu Tabu: Telo i um predstavljene su ljudske karakteristike poput nagosti, smrti, ose\u0107anja i identiteta koje neretko predstavljaju tabu u na\u0161em dru\u0161tvu. Istorijom novije srpske umetnosti predo\u010deni su na\u010dini, potrebe i uverenja koje oblikuju ove fenomene i na\u0161u svakodnevicu.","og_url":"https:\/\/www.galerijamaticesrpske.rs\/lat\/events\/kustoska-vodjenja-tabu-telo-i-um\/","og_site_name":"Galerija Matice srpske","og_image":[{"width":1920,"height":1080,"url":"https:\/\/www.galerijamaticesrpske.rs\/wp-content\/uploads\/2024\/10\/1920x1080.jpg","type":"image\/jpeg"}],"twitter_card":"summary_large_image","twitter_misc":{"Est. reading time":"2 minutes"},"schema":{"@context":"https:\/\/schema.org","@graph":[{"@type":"WebPage","@id":"https:\/\/www.galerijamaticesrpske.rs\/lat\/events\/kustoska-vodjenja-tabu-telo-i-um\/","url":"https:\/\/www.galerijamaticesrpske.rs\/lat\/events\/kustoska-vodjenja-tabu-telo-i-um\/","name":"Kustoska vo\u0111enja \u2013 Tabu: Telo i um | Galerija Matice srpske","isPartOf":{"@id":"https:\/\/www.galerijamaticesrpske.rs\/#website"},"primaryImageOfPage":{"@id":"https:\/\/www.galerijamaticesrpske.rs\/lat\/events\/kustoska-vodjenja-tabu-telo-i-um\/#primaryimage"},"image":{"@id":"https:\/\/www.galerijamaticesrpske.rs\/lat\/events\/kustoska-vodjenja-tabu-telo-i-um\/#primaryimage"},"thumbnailUrl":"https:\/\/www.galerijamaticesrpske.rs\/wp-content\/uploads\/2024\/10\/1920x1080.jpg","datePublished":"2024-12-09T13:12:12+00:00","description":"U modulu Tabu: Telo i um predstavljene su ljudske karakteristike poput nagosti, smrti, ose\u0107anja i identiteta koje neretko predstavljaju tabu u na\u0161em dru\u0161tvu. Istorijom novije srpske umetnosti predo\u010deni su na\u010dini, potrebe i uverenja koje oblikuju ove fenomene i na\u0161u svakodnevicu.","breadcrumb":{"@id":"https:\/\/www.galerijamaticesrpske.rs\/lat\/events\/kustoska-vodjenja-tabu-telo-i-um\/#breadcrumb"},"inLanguage":"sr-LAT","potentialAction":[{"@type":"ReadAction","target":["https:\/\/www.galerijamaticesrpske.rs\/lat\/events\/kustoska-vodjenja-tabu-telo-i-um\/"]}]},{"@type":"ImageObject","inLanguage":"sr-LAT","@id":"https:\/\/www.galerijamaticesrpske.rs\/lat\/events\/kustoska-vodjenja-tabu-telo-i-um\/#primaryimage","url":"https:\/\/www.galerijamaticesrpske.rs\/wp-content\/uploads\/2024\/10\/1920x1080.jpg","contentUrl":"https:\/\/www.galerijamaticesrpske.rs\/wp-content\/uploads\/2024\/10\/1920x1080.jpg","width":1920,"height":1080},{"@type":"BreadcrumbList","@id":"https:\/\/www.galerijamaticesrpske.rs\/lat\/events\/kustoska-vodjenja-tabu-telo-i-um\/#breadcrumb","itemListElement":[{"@type":"ListItem","position":1,"name":"\u041f\u043e\u0447\u0435\u0442\u043d\u0430","item":"http:\/\/www.galerijamaticesrpske.rs\/lat\/"},{"@type":"ListItem","position":2,"name":"Events","item":"http:\/\/www.galerijamaticesrpske.rs\/lat\/events\/"},{"@type":"ListItem","position":3,"name":"Kustoska vo\u0111enja \u2013 Tabu: Telo i um"}]},{"@type":"WebSite","@id":"https:\/\/www.galerijamaticesrpske.rs\/#website","url":"https:\/\/www.galerijamaticesrpske.rs\/","name":"Galerija Matice srpske","description":"Muzej srpske nacionalne umetnosti u Novom Sadu","publisher":{"@id":"https:\/\/www.galerijamaticesrpske.rs\/#organization"},"potentialAction":[{"@type":"SearchAction","target":{"@type":"EntryPoint","urlTemplate":"https:\/\/www.galerijamaticesrpske.rs\/?s={search_term_string}"},"query-input":{"@type":"PropertyValueSpecification","valueRequired":true,"valueName":"search_term_string"}}],"inLanguage":"sr-LAT"},{"@type":"Organization","@id":"https:\/\/www.galerijamaticesrpske.rs\/#organization","name":"Galerija Matice srpske","url":"https:\/\/www.galerijamaticesrpske.rs\/","logo":{"@type":"ImageObject","inLanguage":"sr-LAT","@id":"https:\/\/www.galerijamaticesrpske.rs\/#\/schema\/logo\/image\/","url":"https:\/\/www.galerijamaticesrpske.rs\/wp-content\/uploads\/2021\/01\/gms-logo-za-sajt.svg","contentUrl":"https:\/\/www.galerijamaticesrpske.rs\/wp-content\/uploads\/2021\/01\/gms-logo-za-sajt.svg","width":1,"height":1,"caption":"Galerija Matice srpske"},"image":{"@id":"https:\/\/www.galerijamaticesrpske.rs\/#\/schema\/logo\/image\/"}}]}},"_links":{"self":[{"href":"https:\/\/www.galerijamaticesrpske.rs\/lat\/wp-json\/wp\/v2\/mec-events\/14130","targetHints":{"allow":["GET"]}}],"collection":[{"href":"https:\/\/www.galerijamaticesrpske.rs\/lat\/wp-json\/wp\/v2\/mec-events"}],"about":[{"href":"https:\/\/www.galerijamaticesrpske.rs\/lat\/wp-json\/wp\/v2\/types\/mec-events"}],"author":[{"embeddable":true,"href":"https:\/\/www.galerijamaticesrpske.rs\/lat\/wp-json\/wp\/v2\/users\/2"}],"replies":[{"embeddable":true,"href":"https:\/\/www.galerijamaticesrpske.rs\/lat\/wp-json\/wp\/v2\/comments?post=14130"}],"wp:featuredmedia":[{"embeddable":true,"href":"https:\/\/www.galerijamaticesrpske.rs\/lat\/wp-json\/wp\/v2\/media\/13334"}],"wp:attachment":[{"href":"https:\/\/www.galerijamaticesrpske.rs\/lat\/wp-json\/wp\/v2\/media?parent=14130"}],"wp:term":[{"taxonomy":"post_tag","embeddable":true,"href":"https:\/\/www.galerijamaticesrpske.rs\/lat\/wp-json\/wp\/v2\/tags?post=14130"},{"taxonomy":"mec_category","embeddable":true,"href":"https:\/\/www.galerijamaticesrpske.rs\/lat\/wp-json\/wp\/v2\/mec_category?post=14130"}],"curies":[{"name":"wp","href":"https:\/\/api.w.org\/{rel}","templated":true}]}}