{"id":14291,"date":"2025-02-10T11:55:13","date_gmt":"2025-02-10T11:55:13","guid":{"rendered":"https:\/\/www.galerijamaticesrpske.rs\/?post_type=mec-events&#038;p=14291"},"modified":"2025-02-10T11:55:13","modified_gmt":"2025-02-10T11:55:13","slug":"plemstvo-u-srpskoj-vizuelnoj-kulturi-xviii-veka","status":"publish","type":"mec-events","link":"https:\/\/www.galerijamaticesrpske.rs\/lat\/events\/plemstvo-u-srpskoj-vizuelnoj-kulturi-xviii-veka\/","title":{"rendered":"Plemstvo u srpskoj vizuelnoj kulturi XVIII veka"},"content":{"rendered":"<p>Kako je izgledao \u017eivot srpskog naroda na podru\u010dju Habzbur\u0161ke monarhije pod vladavinom carice Marije Terezije? Na koji na\u010din su srpski plemi\u0107i dolazili do svojih titula i kako su se razlikovali od austrijskog plemstva? Po \u010demu su se porodice Tekelija, \u010carnojevi\u0107, Stratimirovi\u0107, Ra\u0161kovi\u0107, Georgijevi\u0107 izdvajali od drugih porodica? Odgovore na ova pitanja pru\u017ei\u0107e nova velika izlo\u017eba u Galeriji Matice srpske koja se otvara u petak, <strong>14. februara u 19.00 sati<\/strong> pod nazivom <em><strong>Plemstvo u srpskoj vizuelnoj kulturi XVIII veka<\/strong><\/em>.<\/p>\n<p><strong>Izlo\u017eba <em>Plemstvo u srpskoj vizuelnoj kulturi XVIII veka<\/em><\/strong> nastala je kao rezultat doktorske disertacije i vi\u0161egodi\u0161njeg istra\u017eivanja dr Aleksandre \u010celovski, kustoskinje Galerije Matice srpske. Publici \u0107e biti predstavljen \u017eivot plemstva okupljenog pod okriljem Karlova\u010dke mitropolije tokom XVIII veka kroz vi\u0161e izlo\u017ebenih celina <em>U okviru reprezentativne javnosti<\/em>, <em>Plava krv i vrlina: tipovi plemstva<\/em>,<em> Obrazovanje kao privilegija<\/em>, <em>Patroni i dobrotvori<\/em>, <em>Porodi\u010dna galerija: bra\u010dne strategije plemstva<\/em>, <em>Plemstvo i ktitorstvo<\/em>. Kroz preko 80 umetni\u010dkih dela, predmeta i arhivske gra\u0111e izlo\u017eba analizira fenomen plemstva iz razli\u010ditih perspektiva, od sticanja plemi\u0107kog statusa, prilago\u0111avanja li\u010dnog identiteta pojedinca zahtevima reprezentativne javnosti kroz poru\u010divanje portreta, prilaganje Crkvi i ktitorske aktivnosti, patrona\u017eu umetnosti i kulture, podizanja rasko\u0161nih kurija i dvoraca pa do odabiranja lokacija grobnih mesta.<\/p>\n<p>Izlo\u017eba o plemstvu u XVIII veku vra\u0107a nas u period u kom re\u010d plemstvo ne ozna\u010dava imaginarne likove, ve\u0107 stvaran sloj dru\u0161tva koji je zbog svojih zasluga i vrlina u\u017eivao privilegovan polo\u017eaj. Istinita pri\u010da o stupanju u redove plemstva, hijerarhijske podele statusa, nivo mo\u0107i i povlastica koje su posedovali, dosta je kompleksna. Statusne razlike su uo\u010davane kroz posedovanje imanja, porodi\u010dnog grba, epiteta u imenu ili preko na\u010dina odevanja, no\u0161enja nakita i oru\u017eja. U izlo\u017ebenom prostoru, kroz pa\u017eljivo posmatranje detalja na slikama, analizira\u0107e se modeli dokazivanja pripadnosti reprezentativnoj javnosti, ali se ujedno preko njih mo\u017ee otkriti eventualna izve\u0161ta\u010denost ovog sloja. Tako\u0111e, srpske porodice su, nakon sticanja plemi\u0107kog statusa, stupale u red privilegovanih i te\u017eile su borbi za \u0161iroke slojeve srpskog stanovni\u0161tva. Zbog svega navedenog, promatranje plemstva sa sobom nosi izazovna pitanja o raspodeli mo\u0107i, vrednostima koje mo\u0107 dodeljuju i mogu\u0107nostima koja ona nosi, te da li privilegije bivaju iskori\u0161\u0107ene samo za sopstvenu ili op\u0161tu dobrobit. Iako \u017eivot pojedinih plemi\u0107kih porodica nije bio na evropskom nivou, \u010dast i izvestan ponos zbog pripadanja plemstvu su uvek bili prisutni.<\/p>\n<p>Pored portreta habzbur\u0161kih vladara i Srba plemi\u0107a iz Galerije Matice srpske, bi\u0107e izlo\u017eeni portreti iz kolekcije Narodnog muzeja Srbije i Muzeja grada Beograda, ali i iz Nacionalnog muzeja Ma\u0111arske iz Budimpe\u0161te, Muzeja lepih umetnosti Budimpe\u0161ta, Srpskog crkvenog muzeja u Sentandreji i Riznice srpske pravoslavne eparhije temi\u0161varske. Izuzetno va\u017eni dokumenti i predmeti za razumevanje plemstva kao dru\u0161tvenog fenomena su povelje o dodelama i potvrdama plemi\u0107kog statusa iz kolekcija Istorijskog muzeja Srbije, Vojnog muzeja, Arhiva Vojvodine, Muzeja Vojvodine, Muzeja Srpske pravoslavne crkve i Gradskog muzeja Vr\u0161ac. Uz to, primenom savremenih tehnologija predstavljen je izgled plemi\u0107kih kurija podizanih u Banatu i Ba\u010dkoj, a njihov prvobitni sjaj i reprezentativnost do\u010darani su predstavljanjem rezultata projekta digitalne rekonstrukcije enterijera dvoraca pomo\u0107u ve\u0161ta\u010dke inteligencije.<\/p>\n<p>Tokom trajanja izlo\u017ebe bi\u0107e realizovan bogat prate\u0107i program u vidu razli\u010ditih predavanja stru\u010dnjaka iz oblasti dru\u0161tvene i kulturne istorije novog veka petkom u 19.00 sati, kao i autorskih i kustoskih vo\u0111enja vikendom u 13.00 i 17.00 sati. Za decu i tinejd\u017eere bi\u0107e pripremljene tematske kreativne radionice subotom u periodima od 11.00 do 12.30 sati i od 16.00 do 17.30 sati. Prate\u0107i program mo\u017eete pratiti na <a href=\"https:\/\/www.galerijamaticesrpske.rs\/lat\/pretraga-dogadjaja\/\">zvani\u010dnom sajtu<\/a> i na <a href=\"https:\/\/www.facebook.com\/galerijamaticesrpske\/\">dru\u0161tvenim mre\u017eama<\/a> Galerije Matice srpske.<\/p>\n<p>Publika \u0107e mo\u0107i da pogleda izlo\u017ebu do 1. juna 2025. godine.<\/p>\n<p>Realizaciju kataloga i izlo\u017ebe omogu\u0107ilo je Ministarstvo kulture Republike Srbije.<\/p>\n","protected":false},"excerpt":{"rendered":"<p>Kako je izgledao \u017eivot srpskog naroda na podru\u010dju Habzbur\u0161ke monarhije pod vladavinom carice Marije Terezije? Na koji na\u010din su srpski plemi\u0107i dolazili do svojih titula i kako su se razlikovali od austrijskog plemstva? Po \u010demu su se porodice Tekelija, \u010carnojevi\u0107, Stratimirovi\u0107, Ra\u0161kovi\u0107, Georgijevi\u0107 izdvajali od drugih porodica? Odgovore na ova pitanja pru\u017ei\u0107e nova velika izlo\u017eba<\/p>\n","protected":false},"author":2,"featured_media":14290,"comment_status":"closed","ping_status":"closed","template":"","tags":[],"mec_category":[97],"class_list":["post-14291","mec-events","type-mec-events","status-publish","has-post-thumbnail","hentry","mec_category-izlozbe"],"acf":[],"yoast_head":"<!-- This site is optimized with the Yoast SEO plugin v27.3 - https:\/\/yoast.com\/product\/yoast-seo-wordpress\/ -->\n<title>Plemstvo u srpskoj vizuelnoj kulturi XVIII veka | Galerija Matice srpske<\/title>\n<meta name=\"description\" content=\"Kako je izgledao \u017eivot srpskog naroda na podru\u010dju Habzbur\u0161ke monarhije pod vladavinom carice Marije Terezije? Na koji na\u010din su srpski plemi\u0107i dolazili do svojih titula i kako su se razlikovali od austrijskog plemstva? Po \u010demu su se porodice Tekelija, \u010carnojevi\u0107, Stratimirovi\u0107, Ra\u0161kovi\u0107, Georgijevi\u0107 izdvajali od drugih porodica? Odgovore na ova pitanja pru\u017ei\u0107e nova velika izlo\u017eba u Galeriji Matice srpske koja se otvara u petak, 14. februara u 19.00 sati pod nazivom Plemstvo u srpskoj vizuelnoj kulturi XVIII veka.\" \/>\n<meta name=\"robots\" content=\"index, follow, max-snippet:-1, max-image-preview:large, max-video-preview:-1\" \/>\n<link rel=\"canonical\" href=\"http:\/\/www.galerijamaticesrpske.rs\/lat\/events\/plemstvo-u-srpskoj-vizuelnoj-kulturi-xviii-veka\/\" \/>\n<meta property=\"og:locale\" content=\"en_US\" \/>\n<meta property=\"og:type\" content=\"article\" \/>\n<meta property=\"og:title\" content=\"Plemstvo u srpskoj vizuelnoj kulturi XVIII veka | Galerija Matice srpske\" \/>\n<meta property=\"og:description\" content=\"Kako je izgledao \u017eivot srpskog naroda na podru\u010dju Habzbur\u0161ke monarhije pod vladavinom carice Marije Terezije? Na koji na\u010din su srpski plemi\u0107i dolazili do svojih titula i kako su se razlikovali od austrijskog plemstva? Po \u010demu su se porodice Tekelija, \u010carnojevi\u0107, Stratimirovi\u0107, Ra\u0161kovi\u0107, Georgijevi\u0107 izdvajali od drugih porodica? Odgovore na ova pitanja pru\u017ei\u0107e nova velika izlo\u017eba u Galeriji Matice srpske koja se otvara u petak, 14. februara u 19.00 sati pod nazivom Plemstvo u srpskoj vizuelnoj kulturi XVIII veka.\" \/>\n<meta property=\"og:url\" content=\"http:\/\/www.galerijamaticesrpske.rs\/lat\/events\/plemstvo-u-srpskoj-vizuelnoj-kulturi-xviii-veka\/\" \/>\n<meta property=\"og:site_name\" content=\"Galerija Matice srpske\" \/>\n<meta property=\"og:image\" content=\"http:\/\/www.galerijamaticesrpske.rs\/wp-content\/uploads\/2025\/02\/vizual-1920x1080-01.jpg\" \/>\n\t<meta property=\"og:image:width\" content=\"1920\" \/>\n\t<meta property=\"og:image:height\" content=\"1080\" \/>\n\t<meta property=\"og:image:type\" content=\"image\/jpeg\" \/>\n<meta name=\"twitter:card\" content=\"summary_large_image\" \/>\n<meta name=\"twitter:label1\" content=\"Est. reading time\" \/>\n\t<meta name=\"twitter:data1\" content=\"3 minutes\" \/>\n<script type=\"application\/ld+json\" class=\"yoast-schema-graph\">{\"@context\":\"https:\\\/\\\/schema.org\",\"@graph\":[{\"@type\":\"WebPage\",\"@id\":\"http:\\\/\\\/www.galerijamaticesrpske.rs\\\/lat\\\/events\\\/plemstvo-u-srpskoj-vizuelnoj-kulturi-xviii-veka\\\/\",\"url\":\"http:\\\/\\\/www.galerijamaticesrpske.rs\\\/lat\\\/events\\\/plemstvo-u-srpskoj-vizuelnoj-kulturi-xviii-veka\\\/\",\"name\":\"Plemstvo u srpskoj vizuelnoj kulturi XVIII veka | Galerija Matice srpske\",\"isPartOf\":{\"@id\":\"https:\\\/\\\/www.galerijamaticesrpske.rs\\\/#website\"},\"primaryImageOfPage\":{\"@id\":\"http:\\\/\\\/www.galerijamaticesrpske.rs\\\/lat\\\/events\\\/plemstvo-u-srpskoj-vizuelnoj-kulturi-xviii-veka\\\/#primaryimage\"},\"image\":{\"@id\":\"http:\\\/\\\/www.galerijamaticesrpske.rs\\\/lat\\\/events\\\/plemstvo-u-srpskoj-vizuelnoj-kulturi-xviii-veka\\\/#primaryimage\"},\"thumbnailUrl\":\"https:\\\/\\\/www.galerijamaticesrpske.rs\\\/wp-content\\\/uploads\\\/2025\\\/02\\\/vizual-1920x1080-01.jpg\",\"datePublished\":\"2025-02-10T11:55:13+00:00\",\"description\":\"Kako je izgledao \u017eivot srpskog naroda na podru\u010dju Habzbur\u0161ke monarhije pod vladavinom carice Marije Terezije? Na koji na\u010din su srpski plemi\u0107i dolazili do svojih titula i kako su se razlikovali od austrijskog plemstva? Po \u010demu su se porodice Tekelija, \u010carnojevi\u0107, Stratimirovi\u0107, Ra\u0161kovi\u0107, Georgijevi\u0107 izdvajali od drugih porodica? Odgovore na ova pitanja pru\u017ei\u0107e nova velika izlo\u017eba u Galeriji Matice srpske koja se otvara u petak, 14. februara u 19.00 sati pod nazivom Plemstvo u srpskoj vizuelnoj kulturi XVIII veka.\",\"breadcrumb\":{\"@id\":\"http:\\\/\\\/www.galerijamaticesrpske.rs\\\/lat\\\/events\\\/plemstvo-u-srpskoj-vizuelnoj-kulturi-xviii-veka\\\/#breadcrumb\"},\"inLanguage\":\"sr-LAT\",\"potentialAction\":[{\"@type\":\"ReadAction\",\"target\":[\"http:\\\/\\\/www.galerijamaticesrpske.rs\\\/lat\\\/events\\\/plemstvo-u-srpskoj-vizuelnoj-kulturi-xviii-veka\\\/\"]}]},{\"@type\":\"ImageObject\",\"inLanguage\":\"sr-LAT\",\"@id\":\"http:\\\/\\\/www.galerijamaticesrpske.rs\\\/lat\\\/events\\\/plemstvo-u-srpskoj-vizuelnoj-kulturi-xviii-veka\\\/#primaryimage\",\"url\":\"https:\\\/\\\/www.galerijamaticesrpske.rs\\\/wp-content\\\/uploads\\\/2025\\\/02\\\/vizual-1920x1080-01.jpg\",\"contentUrl\":\"https:\\\/\\\/www.galerijamaticesrpske.rs\\\/wp-content\\\/uploads\\\/2025\\\/02\\\/vizual-1920x1080-01.jpg\",\"width\":1920,\"height\":1080},{\"@type\":\"BreadcrumbList\",\"@id\":\"http:\\\/\\\/www.galerijamaticesrpske.rs\\\/lat\\\/events\\\/plemstvo-u-srpskoj-vizuelnoj-kulturi-xviii-veka\\\/#breadcrumb\",\"itemListElement\":[{\"@type\":\"ListItem\",\"position\":1,\"name\":\"\u041f\u043e\u0447\u0435\u0442\u043d\u0430\",\"item\":\"http:\\\/\\\/www.galerijamaticesrpske.rs\\\/lat\\\/\"},{\"@type\":\"ListItem\",\"position\":2,\"name\":\"Events\",\"item\":\"http:\\\/\\\/www.galerijamaticesrpske.rs\\\/lat\\\/events\\\/\"},{\"@type\":\"ListItem\",\"position\":3,\"name\":\"Plemstvo u srpskoj vizuelnoj kulturi XVIII veka\"}]},{\"@type\":\"WebSite\",\"@id\":\"https:\\\/\\\/www.galerijamaticesrpske.rs\\\/#website\",\"url\":\"https:\\\/\\\/www.galerijamaticesrpske.rs\\\/\",\"name\":\"Galerija Matice srpske\",\"description\":\"Muzej srpske nacionalne umetnosti u Novom Sadu\",\"publisher\":{\"@id\":\"https:\\\/\\\/www.galerijamaticesrpske.rs\\\/#organization\"},\"potentialAction\":[{\"@type\":\"SearchAction\",\"target\":{\"@type\":\"EntryPoint\",\"urlTemplate\":\"https:\\\/\\\/www.galerijamaticesrpske.rs\\\/?s={search_term_string}\"},\"query-input\":{\"@type\":\"PropertyValueSpecification\",\"valueRequired\":true,\"valueName\":\"search_term_string\"}}],\"inLanguage\":\"sr-LAT\"},{\"@type\":\"Organization\",\"@id\":\"https:\\\/\\\/www.galerijamaticesrpske.rs\\\/#organization\",\"name\":\"Galerija Matice srpske\",\"url\":\"https:\\\/\\\/www.galerijamaticesrpske.rs\\\/\",\"logo\":{\"@type\":\"ImageObject\",\"inLanguage\":\"sr-LAT\",\"@id\":\"https:\\\/\\\/www.galerijamaticesrpske.rs\\\/#\\\/schema\\\/logo\\\/image\\\/\",\"url\":\"https:\\\/\\\/www.galerijamaticesrpske.rs\\\/wp-content\\\/uploads\\\/2021\\\/01\\\/gms-logo-za-sajt.svg\",\"contentUrl\":\"https:\\\/\\\/www.galerijamaticesrpske.rs\\\/wp-content\\\/uploads\\\/2021\\\/01\\\/gms-logo-za-sajt.svg\",\"width\":1,\"height\":1,\"caption\":\"Galerija Matice srpske\"},\"image\":{\"@id\":\"https:\\\/\\\/www.galerijamaticesrpske.rs\\\/#\\\/schema\\\/logo\\\/image\\\/\"}}]}<\/script>\n<!-- \/ Yoast SEO plugin. -->","yoast_head_json":{"title":"Plemstvo u srpskoj vizuelnoj kulturi XVIII veka | Galerija Matice srpske","description":"Kako je izgledao \u017eivot srpskog naroda na podru\u010dju Habzbur\u0161ke monarhije pod vladavinom carice Marije Terezije? Na koji na\u010din su srpski plemi\u0107i dolazili do svojih titula i kako su se razlikovali od austrijskog plemstva? Po \u010demu su se porodice Tekelija, \u010carnojevi\u0107, Stratimirovi\u0107, Ra\u0161kovi\u0107, Georgijevi\u0107 izdvajali od drugih porodica? Odgovore na ova pitanja pru\u017ei\u0107e nova velika izlo\u017eba u Galeriji Matice srpske koja se otvara u petak, 14. februara u 19.00 sati pod nazivom Plemstvo u srpskoj vizuelnoj kulturi XVIII veka.","robots":{"index":"index","follow":"follow","max-snippet":"max-snippet:-1","max-image-preview":"max-image-preview:large","max-video-preview":"max-video-preview:-1"},"canonical":"http:\/\/www.galerijamaticesrpske.rs\/lat\/events\/plemstvo-u-srpskoj-vizuelnoj-kulturi-xviii-veka\/","og_locale":"en_US","og_type":"article","og_title":"Plemstvo u srpskoj vizuelnoj kulturi XVIII veka | Galerija Matice srpske","og_description":"Kako je izgledao \u017eivot srpskog naroda na podru\u010dju Habzbur\u0161ke monarhije pod vladavinom carice Marije Terezije? Na koji na\u010din su srpski plemi\u0107i dolazili do svojih titula i kako su se razlikovali od austrijskog plemstva? Po \u010demu su se porodice Tekelija, \u010carnojevi\u0107, Stratimirovi\u0107, Ra\u0161kovi\u0107, Georgijevi\u0107 izdvajali od drugih porodica? Odgovore na ova pitanja pru\u017ei\u0107e nova velika izlo\u017eba u Galeriji Matice srpske koja se otvara u petak, 14. februara u 19.00 sati pod nazivom Plemstvo u srpskoj vizuelnoj kulturi XVIII veka.","og_url":"http:\/\/www.galerijamaticesrpske.rs\/lat\/events\/plemstvo-u-srpskoj-vizuelnoj-kulturi-xviii-veka\/","og_site_name":"Galerija Matice srpske","og_image":[{"width":1920,"height":1080,"url":"http:\/\/www.galerijamaticesrpske.rs\/wp-content\/uploads\/2025\/02\/vizual-1920x1080-01.jpg","type":"image\/jpeg"}],"twitter_card":"summary_large_image","twitter_misc":{"Est. reading time":"3 minutes"},"schema":{"@context":"https:\/\/schema.org","@graph":[{"@type":"WebPage","@id":"http:\/\/www.galerijamaticesrpske.rs\/lat\/events\/plemstvo-u-srpskoj-vizuelnoj-kulturi-xviii-veka\/","url":"http:\/\/www.galerijamaticesrpske.rs\/lat\/events\/plemstvo-u-srpskoj-vizuelnoj-kulturi-xviii-veka\/","name":"Plemstvo u srpskoj vizuelnoj kulturi XVIII veka | Galerija Matice srpske","isPartOf":{"@id":"https:\/\/www.galerijamaticesrpske.rs\/#website"},"primaryImageOfPage":{"@id":"http:\/\/www.galerijamaticesrpske.rs\/lat\/events\/plemstvo-u-srpskoj-vizuelnoj-kulturi-xviii-veka\/#primaryimage"},"image":{"@id":"http:\/\/www.galerijamaticesrpske.rs\/lat\/events\/plemstvo-u-srpskoj-vizuelnoj-kulturi-xviii-veka\/#primaryimage"},"thumbnailUrl":"https:\/\/www.galerijamaticesrpske.rs\/wp-content\/uploads\/2025\/02\/vizual-1920x1080-01.jpg","datePublished":"2025-02-10T11:55:13+00:00","description":"Kako je izgledao \u017eivot srpskog naroda na podru\u010dju Habzbur\u0161ke monarhije pod vladavinom carice Marije Terezije? Na koji na\u010din su srpski plemi\u0107i dolazili do svojih titula i kako su se razlikovali od austrijskog plemstva? Po \u010demu su se porodice Tekelija, \u010carnojevi\u0107, Stratimirovi\u0107, Ra\u0161kovi\u0107, Georgijevi\u0107 izdvajali od drugih porodica? Odgovore na ova pitanja pru\u017ei\u0107e nova velika izlo\u017eba u Galeriji Matice srpske koja se otvara u petak, 14. februara u 19.00 sati pod nazivom Plemstvo u srpskoj vizuelnoj kulturi XVIII veka.","breadcrumb":{"@id":"http:\/\/www.galerijamaticesrpske.rs\/lat\/events\/plemstvo-u-srpskoj-vizuelnoj-kulturi-xviii-veka\/#breadcrumb"},"inLanguage":"sr-LAT","potentialAction":[{"@type":"ReadAction","target":["http:\/\/www.galerijamaticesrpske.rs\/lat\/events\/plemstvo-u-srpskoj-vizuelnoj-kulturi-xviii-veka\/"]}]},{"@type":"ImageObject","inLanguage":"sr-LAT","@id":"http:\/\/www.galerijamaticesrpske.rs\/lat\/events\/plemstvo-u-srpskoj-vizuelnoj-kulturi-xviii-veka\/#primaryimage","url":"https:\/\/www.galerijamaticesrpske.rs\/wp-content\/uploads\/2025\/02\/vizual-1920x1080-01.jpg","contentUrl":"https:\/\/www.galerijamaticesrpske.rs\/wp-content\/uploads\/2025\/02\/vizual-1920x1080-01.jpg","width":1920,"height":1080},{"@type":"BreadcrumbList","@id":"http:\/\/www.galerijamaticesrpske.rs\/lat\/events\/plemstvo-u-srpskoj-vizuelnoj-kulturi-xviii-veka\/#breadcrumb","itemListElement":[{"@type":"ListItem","position":1,"name":"\u041f\u043e\u0447\u0435\u0442\u043d\u0430","item":"http:\/\/www.galerijamaticesrpske.rs\/lat\/"},{"@type":"ListItem","position":2,"name":"Events","item":"http:\/\/www.galerijamaticesrpske.rs\/lat\/events\/"},{"@type":"ListItem","position":3,"name":"Plemstvo u srpskoj vizuelnoj kulturi XVIII veka"}]},{"@type":"WebSite","@id":"https:\/\/www.galerijamaticesrpske.rs\/#website","url":"https:\/\/www.galerijamaticesrpske.rs\/","name":"Galerija Matice srpske","description":"Muzej srpske nacionalne umetnosti u Novom Sadu","publisher":{"@id":"https:\/\/www.galerijamaticesrpske.rs\/#organization"},"potentialAction":[{"@type":"SearchAction","target":{"@type":"EntryPoint","urlTemplate":"https:\/\/www.galerijamaticesrpske.rs\/?s={search_term_string}"},"query-input":{"@type":"PropertyValueSpecification","valueRequired":true,"valueName":"search_term_string"}}],"inLanguage":"sr-LAT"},{"@type":"Organization","@id":"https:\/\/www.galerijamaticesrpske.rs\/#organization","name":"Galerija Matice srpske","url":"https:\/\/www.galerijamaticesrpske.rs\/","logo":{"@type":"ImageObject","inLanguage":"sr-LAT","@id":"https:\/\/www.galerijamaticesrpske.rs\/#\/schema\/logo\/image\/","url":"https:\/\/www.galerijamaticesrpske.rs\/wp-content\/uploads\/2021\/01\/gms-logo-za-sajt.svg","contentUrl":"https:\/\/www.galerijamaticesrpske.rs\/wp-content\/uploads\/2021\/01\/gms-logo-za-sajt.svg","width":1,"height":1,"caption":"Galerija Matice srpske"},"image":{"@id":"https:\/\/www.galerijamaticesrpske.rs\/#\/schema\/logo\/image\/"}}]}},"_links":{"self":[{"href":"https:\/\/www.galerijamaticesrpske.rs\/lat\/wp-json\/wp\/v2\/mec-events\/14291","targetHints":{"allow":["GET"]}}],"collection":[{"href":"https:\/\/www.galerijamaticesrpske.rs\/lat\/wp-json\/wp\/v2\/mec-events"}],"about":[{"href":"https:\/\/www.galerijamaticesrpske.rs\/lat\/wp-json\/wp\/v2\/types\/mec-events"}],"author":[{"embeddable":true,"href":"https:\/\/www.galerijamaticesrpske.rs\/lat\/wp-json\/wp\/v2\/users\/2"}],"replies":[{"embeddable":true,"href":"https:\/\/www.galerijamaticesrpske.rs\/lat\/wp-json\/wp\/v2\/comments?post=14291"}],"wp:featuredmedia":[{"embeddable":true,"href":"https:\/\/www.galerijamaticesrpske.rs\/lat\/wp-json\/wp\/v2\/media\/14290"}],"wp:attachment":[{"href":"https:\/\/www.galerijamaticesrpske.rs\/lat\/wp-json\/wp\/v2\/media?parent=14291"}],"wp:term":[{"taxonomy":"post_tag","embeddable":true,"href":"https:\/\/www.galerijamaticesrpske.rs\/lat\/wp-json\/wp\/v2\/tags?post=14291"},{"taxonomy":"mec_category","embeddable":true,"href":"https:\/\/www.galerijamaticesrpske.rs\/lat\/wp-json\/wp\/v2\/mec_category?post=14291"}],"curies":[{"name":"wp","href":"https:\/\/api.w.org\/{rel}","templated":true}]}}