{"id":14603,"date":"2025-04-22T07:41:45","date_gmt":"2025-04-22T07:41:45","guid":{"rendered":"https:\/\/www.galerijamaticesrpske.rs\/?post_type=mec-events&#038;p=14603"},"modified":"2025-04-22T07:41:45","modified_gmt":"2025-04-22T07:41:45","slug":"razbijena-iluzija-koncept-iluzije-u-baroknom-portretu","status":"publish","type":"mec-events","link":"https:\/\/www.galerijamaticesrpske.rs\/lat\/events\/razbijena-iluzija-koncept-iluzije-u-baroknom-portretu\/","title":{"rendered":"Razbijena iluzija \u2013 koncept iluzije u baroknom portretu"},"content":{"rendered":"<p>Prate\u0107i program izlo\u017ebe\u00a0<a href=\"https:\/\/www.galerijamaticesrpske.rs\/lat\/events\/plemstvo-u-srpskoj-vizuelnoj-kulturi-xviii-veka\/\"><em><strong>Plemstvo u srpskoj vizuelnoj kulturi XVIII veka<\/strong><\/em><\/a><\/p>\n<p>\u0160ta je realnost? A \u0161ta iluzija? Da li realnost stvarno postoji ili mi \u017eivimo samo jedan splet vi\u0161estrukih virtuelnih svetova? Da li se mo\u017ee re\u0107i da realnost i iluzija predstavljaju dve strane istog nov\u010di\u0107a? Iako nam ova pitanja zvu\u010de veoma savremeno, barokni \u010dovek je bio prvi koji je postavio ova pitanja. U toku predavanja ima\u0107ete prilike da se upoznate sa kompleksnim baroknim poimanjem realnog i virtuelnog, od beskona\u010dnih predstava nebesa na tavanicama baroknih crkava do intrigantnih predstava iluzije postojanja u portretima tog doba.<\/p>\n<p>Predavanje dr\u017ee: <strong>Prof. dr Jelena Todorovi\u0107<\/strong>, istori\u010darka umetnosti<\/p>\n","protected":false},"excerpt":{"rendered":"<p>Prate\u0107i program izlo\u017ebe\u00a0Plemstvo u srpskoj vizuelnoj kulturi XVIII veka \u0160ta je realnost? A \u0161ta iluzija? Da li realnost stvarno postoji ili mi \u017eivimo samo jedan splet vi\u0161estrukih virtuelnih svetova? Da li se mo\u017ee re\u0107i da realnost i iluzija predstavljaju dve strane istog nov\u010di\u0107a? Iako nam ova pitanja zvu\u010de veoma savremeno, barokni \u010dovek je bio prvi<\/p>\n","protected":false},"author":2,"featured_media":14290,"comment_status":"closed","ping_status":"closed","template":"","tags":[],"mec_category":[107],"class_list":["post-14603","mec-events","type-mec-events","status-publish","has-post-thumbnail","hentry","mec_category-predavanja"],"acf":[],"yoast_head":"<!-- This site is optimized with the Yoast SEO plugin v27.3 - https:\/\/yoast.com\/product\/yoast-seo-wordpress\/ -->\n<title>Razbijena iluzija \u2013 koncept iluzije u baroknom portretu | Galerija Matice srpske<\/title>\n<meta name=\"description\" content=\"\u0160ta je realnost? A \u0161ta iluzija? Da li realnost stvarno postoji ili mi \u017eivimo samo jedan splet vi\u0161estrukih virtuelnih svetova? Da li se mo\u017ee re\u0107i da realnost i iluzija predstavljaju dve strane istog nov\u010di\u0107a?\" \/>\n<meta name=\"robots\" content=\"index, follow, max-snippet:-1, max-image-preview:large, max-video-preview:-1\" \/>\n<link rel=\"canonical\" href=\"http:\/\/www.galerijamaticesrpske.rs\/lat\/events\/razbijena-iluzija-koncept-iluzije-u-baroknom-portretu\/\" \/>\n<meta property=\"og:locale\" content=\"en_US\" \/>\n<meta property=\"og:type\" content=\"article\" \/>\n<meta property=\"og:title\" content=\"Razbijena iluzija \u2013 koncept iluzije u baroknom portretu | Galerija Matice srpske\" \/>\n<meta property=\"og:description\" content=\"\u0160ta je realnost? A \u0161ta iluzija? Da li realnost stvarno postoji ili mi \u017eivimo samo jedan splet vi\u0161estrukih virtuelnih svetova? Da li se mo\u017ee re\u0107i da realnost i iluzija predstavljaju dve strane istog nov\u010di\u0107a?\" \/>\n<meta property=\"og:url\" content=\"http:\/\/www.galerijamaticesrpske.rs\/lat\/events\/razbijena-iluzija-koncept-iluzije-u-baroknom-portretu\/\" \/>\n<meta property=\"og:site_name\" content=\"Galerija Matice srpske\" \/>\n<meta property=\"og:image\" content=\"http:\/\/www.galerijamaticesrpske.rs\/wp-content\/uploads\/2025\/02\/vizual-1920x1080-01.jpg\" \/>\n\t<meta property=\"og:image:width\" content=\"1920\" \/>\n\t<meta property=\"og:image:height\" content=\"1080\" \/>\n\t<meta property=\"og:image:type\" content=\"image\/jpeg\" \/>\n<meta name=\"twitter:card\" content=\"summary_large_image\" \/>\n<meta name=\"twitter:label1\" content=\"Est. reading time\" \/>\n\t<meta name=\"twitter:data1\" content=\"1 minute\" \/>\n<script type=\"application\/ld+json\" class=\"yoast-schema-graph\">{\"@context\":\"https:\\\/\\\/schema.org\",\"@graph\":[{\"@type\":\"WebPage\",\"@id\":\"http:\\\/\\\/www.galerijamaticesrpske.rs\\\/lat\\\/events\\\/razbijena-iluzija-koncept-iluzije-u-baroknom-portretu\\\/\",\"url\":\"http:\\\/\\\/www.galerijamaticesrpske.rs\\\/lat\\\/events\\\/razbijena-iluzija-koncept-iluzije-u-baroknom-portretu\\\/\",\"name\":\"Razbijena iluzija \u2013 koncept iluzije u baroknom portretu | Galerija Matice srpske\",\"isPartOf\":{\"@id\":\"https:\\\/\\\/www.galerijamaticesrpske.rs\\\/#website\"},\"primaryImageOfPage\":{\"@id\":\"http:\\\/\\\/www.galerijamaticesrpske.rs\\\/lat\\\/events\\\/razbijena-iluzija-koncept-iluzije-u-baroknom-portretu\\\/#primaryimage\"},\"image\":{\"@id\":\"http:\\\/\\\/www.galerijamaticesrpske.rs\\\/lat\\\/events\\\/razbijena-iluzija-koncept-iluzije-u-baroknom-portretu\\\/#primaryimage\"},\"thumbnailUrl\":\"https:\\\/\\\/www.galerijamaticesrpske.rs\\\/wp-content\\\/uploads\\\/2025\\\/02\\\/vizual-1920x1080-01.jpg\",\"datePublished\":\"2025-04-22T07:41:45+00:00\",\"description\":\"\u0160ta je realnost? A \u0161ta iluzija? Da li realnost stvarno postoji ili mi \u017eivimo samo jedan splet vi\u0161estrukih virtuelnih svetova? Da li se mo\u017ee re\u0107i da realnost i iluzija predstavljaju dve strane istog nov\u010di\u0107a?\",\"breadcrumb\":{\"@id\":\"http:\\\/\\\/www.galerijamaticesrpske.rs\\\/lat\\\/events\\\/razbijena-iluzija-koncept-iluzije-u-baroknom-portretu\\\/#breadcrumb\"},\"inLanguage\":\"sr-LAT\",\"potentialAction\":[{\"@type\":\"ReadAction\",\"target\":[\"http:\\\/\\\/www.galerijamaticesrpske.rs\\\/lat\\\/events\\\/razbijena-iluzija-koncept-iluzije-u-baroknom-portretu\\\/\"]}]},{\"@type\":\"ImageObject\",\"inLanguage\":\"sr-LAT\",\"@id\":\"http:\\\/\\\/www.galerijamaticesrpske.rs\\\/lat\\\/events\\\/razbijena-iluzija-koncept-iluzije-u-baroknom-portretu\\\/#primaryimage\",\"url\":\"https:\\\/\\\/www.galerijamaticesrpske.rs\\\/wp-content\\\/uploads\\\/2025\\\/02\\\/vizual-1920x1080-01.jpg\",\"contentUrl\":\"https:\\\/\\\/www.galerijamaticesrpske.rs\\\/wp-content\\\/uploads\\\/2025\\\/02\\\/vizual-1920x1080-01.jpg\",\"width\":1920,\"height\":1080},{\"@type\":\"BreadcrumbList\",\"@id\":\"http:\\\/\\\/www.galerijamaticesrpske.rs\\\/lat\\\/events\\\/razbijena-iluzija-koncept-iluzije-u-baroknom-portretu\\\/#breadcrumb\",\"itemListElement\":[{\"@type\":\"ListItem\",\"position\":1,\"name\":\"\u041f\u043e\u0447\u0435\u0442\u043d\u0430\",\"item\":\"http:\\\/\\\/www.galerijamaticesrpske.rs\\\/lat\\\/\"},{\"@type\":\"ListItem\",\"position\":2,\"name\":\"Events\",\"item\":\"http:\\\/\\\/www.galerijamaticesrpske.rs\\\/lat\\\/events\\\/\"},{\"@type\":\"ListItem\",\"position\":3,\"name\":\"Razbijena iluzija \u2013 koncept iluzije u baroknom portretu\"}]},{\"@type\":\"WebSite\",\"@id\":\"https:\\\/\\\/www.galerijamaticesrpske.rs\\\/#website\",\"url\":\"https:\\\/\\\/www.galerijamaticesrpske.rs\\\/\",\"name\":\"Galerija Matice srpske\",\"description\":\"Muzej srpske nacionalne umetnosti u Novom Sadu\",\"publisher\":{\"@id\":\"https:\\\/\\\/www.galerijamaticesrpske.rs\\\/#organization\"},\"potentialAction\":[{\"@type\":\"SearchAction\",\"target\":{\"@type\":\"EntryPoint\",\"urlTemplate\":\"https:\\\/\\\/www.galerijamaticesrpske.rs\\\/?s={search_term_string}\"},\"query-input\":{\"@type\":\"PropertyValueSpecification\",\"valueRequired\":true,\"valueName\":\"search_term_string\"}}],\"inLanguage\":\"sr-LAT\"},{\"@type\":\"Organization\",\"@id\":\"https:\\\/\\\/www.galerijamaticesrpske.rs\\\/#organization\",\"name\":\"Galerija Matice srpske\",\"url\":\"https:\\\/\\\/www.galerijamaticesrpske.rs\\\/\",\"logo\":{\"@type\":\"ImageObject\",\"inLanguage\":\"sr-LAT\",\"@id\":\"https:\\\/\\\/www.galerijamaticesrpske.rs\\\/#\\\/schema\\\/logo\\\/image\\\/\",\"url\":\"https:\\\/\\\/www.galerijamaticesrpske.rs\\\/wp-content\\\/uploads\\\/2021\\\/01\\\/gms-logo-za-sajt.svg\",\"contentUrl\":\"https:\\\/\\\/www.galerijamaticesrpske.rs\\\/wp-content\\\/uploads\\\/2021\\\/01\\\/gms-logo-za-sajt.svg\",\"width\":1,\"height\":1,\"caption\":\"Galerija Matice srpske\"},\"image\":{\"@id\":\"https:\\\/\\\/www.galerijamaticesrpske.rs\\\/#\\\/schema\\\/logo\\\/image\\\/\"}}]}<\/script>\n<!-- \/ Yoast SEO plugin. -->","yoast_head_json":{"title":"Razbijena iluzija \u2013 koncept iluzije u baroknom portretu | Galerija Matice srpske","description":"\u0160ta je realnost? A \u0161ta iluzija? Da li realnost stvarno postoji ili mi \u017eivimo samo jedan splet vi\u0161estrukih virtuelnih svetova? Da li se mo\u017ee re\u0107i da realnost i iluzija predstavljaju dve strane istog nov\u010di\u0107a?","robots":{"index":"index","follow":"follow","max-snippet":"max-snippet:-1","max-image-preview":"max-image-preview:large","max-video-preview":"max-video-preview:-1"},"canonical":"http:\/\/www.galerijamaticesrpske.rs\/lat\/events\/razbijena-iluzija-koncept-iluzije-u-baroknom-portretu\/","og_locale":"en_US","og_type":"article","og_title":"Razbijena iluzija \u2013 koncept iluzije u baroknom portretu | Galerija Matice srpske","og_description":"\u0160ta je realnost? A \u0161ta iluzija? Da li realnost stvarno postoji ili mi \u017eivimo samo jedan splet vi\u0161estrukih virtuelnih svetova? Da li se mo\u017ee re\u0107i da realnost i iluzija predstavljaju dve strane istog nov\u010di\u0107a?","og_url":"http:\/\/www.galerijamaticesrpske.rs\/lat\/events\/razbijena-iluzija-koncept-iluzije-u-baroknom-portretu\/","og_site_name":"Galerija Matice srpske","og_image":[{"width":1920,"height":1080,"url":"http:\/\/www.galerijamaticesrpske.rs\/wp-content\/uploads\/2025\/02\/vizual-1920x1080-01.jpg","type":"image\/jpeg"}],"twitter_card":"summary_large_image","twitter_misc":{"Est. reading time":"1 minute"},"schema":{"@context":"https:\/\/schema.org","@graph":[{"@type":"WebPage","@id":"http:\/\/www.galerijamaticesrpske.rs\/lat\/events\/razbijena-iluzija-koncept-iluzije-u-baroknom-portretu\/","url":"http:\/\/www.galerijamaticesrpske.rs\/lat\/events\/razbijena-iluzija-koncept-iluzije-u-baroknom-portretu\/","name":"Razbijena iluzija \u2013 koncept iluzije u baroknom portretu | Galerija Matice srpske","isPartOf":{"@id":"https:\/\/www.galerijamaticesrpske.rs\/#website"},"primaryImageOfPage":{"@id":"http:\/\/www.galerijamaticesrpske.rs\/lat\/events\/razbijena-iluzija-koncept-iluzije-u-baroknom-portretu\/#primaryimage"},"image":{"@id":"http:\/\/www.galerijamaticesrpske.rs\/lat\/events\/razbijena-iluzija-koncept-iluzije-u-baroknom-portretu\/#primaryimage"},"thumbnailUrl":"https:\/\/www.galerijamaticesrpske.rs\/wp-content\/uploads\/2025\/02\/vizual-1920x1080-01.jpg","datePublished":"2025-04-22T07:41:45+00:00","description":"\u0160ta je realnost? A \u0161ta iluzija? Da li realnost stvarno postoji ili mi \u017eivimo samo jedan splet vi\u0161estrukih virtuelnih svetova? Da li se mo\u017ee re\u0107i da realnost i iluzija predstavljaju dve strane istog nov\u010di\u0107a?","breadcrumb":{"@id":"http:\/\/www.galerijamaticesrpske.rs\/lat\/events\/razbijena-iluzija-koncept-iluzije-u-baroknom-portretu\/#breadcrumb"},"inLanguage":"sr-LAT","potentialAction":[{"@type":"ReadAction","target":["http:\/\/www.galerijamaticesrpske.rs\/lat\/events\/razbijena-iluzija-koncept-iluzije-u-baroknom-portretu\/"]}]},{"@type":"ImageObject","inLanguage":"sr-LAT","@id":"http:\/\/www.galerijamaticesrpske.rs\/lat\/events\/razbijena-iluzija-koncept-iluzije-u-baroknom-portretu\/#primaryimage","url":"https:\/\/www.galerijamaticesrpske.rs\/wp-content\/uploads\/2025\/02\/vizual-1920x1080-01.jpg","contentUrl":"https:\/\/www.galerijamaticesrpske.rs\/wp-content\/uploads\/2025\/02\/vizual-1920x1080-01.jpg","width":1920,"height":1080},{"@type":"BreadcrumbList","@id":"http:\/\/www.galerijamaticesrpske.rs\/lat\/events\/razbijena-iluzija-koncept-iluzije-u-baroknom-portretu\/#breadcrumb","itemListElement":[{"@type":"ListItem","position":1,"name":"\u041f\u043e\u0447\u0435\u0442\u043d\u0430","item":"http:\/\/www.galerijamaticesrpske.rs\/lat\/"},{"@type":"ListItem","position":2,"name":"Events","item":"http:\/\/www.galerijamaticesrpske.rs\/lat\/events\/"},{"@type":"ListItem","position":3,"name":"Razbijena iluzija \u2013 koncept iluzije u baroknom portretu"}]},{"@type":"WebSite","@id":"https:\/\/www.galerijamaticesrpske.rs\/#website","url":"https:\/\/www.galerijamaticesrpske.rs\/","name":"Galerija Matice srpske","description":"Muzej srpske nacionalne umetnosti u Novom Sadu","publisher":{"@id":"https:\/\/www.galerijamaticesrpske.rs\/#organization"},"potentialAction":[{"@type":"SearchAction","target":{"@type":"EntryPoint","urlTemplate":"https:\/\/www.galerijamaticesrpske.rs\/?s={search_term_string}"},"query-input":{"@type":"PropertyValueSpecification","valueRequired":true,"valueName":"search_term_string"}}],"inLanguage":"sr-LAT"},{"@type":"Organization","@id":"https:\/\/www.galerijamaticesrpske.rs\/#organization","name":"Galerija Matice srpske","url":"https:\/\/www.galerijamaticesrpske.rs\/","logo":{"@type":"ImageObject","inLanguage":"sr-LAT","@id":"https:\/\/www.galerijamaticesrpske.rs\/#\/schema\/logo\/image\/","url":"https:\/\/www.galerijamaticesrpske.rs\/wp-content\/uploads\/2021\/01\/gms-logo-za-sajt.svg","contentUrl":"https:\/\/www.galerijamaticesrpske.rs\/wp-content\/uploads\/2021\/01\/gms-logo-za-sajt.svg","width":1,"height":1,"caption":"Galerija Matice srpske"},"image":{"@id":"https:\/\/www.galerijamaticesrpske.rs\/#\/schema\/logo\/image\/"}}]}},"_links":{"self":[{"href":"https:\/\/www.galerijamaticesrpske.rs\/lat\/wp-json\/wp\/v2\/mec-events\/14603","targetHints":{"allow":["GET"]}}],"collection":[{"href":"https:\/\/www.galerijamaticesrpske.rs\/lat\/wp-json\/wp\/v2\/mec-events"}],"about":[{"href":"https:\/\/www.galerijamaticesrpske.rs\/lat\/wp-json\/wp\/v2\/types\/mec-events"}],"author":[{"embeddable":true,"href":"https:\/\/www.galerijamaticesrpske.rs\/lat\/wp-json\/wp\/v2\/users\/2"}],"replies":[{"embeddable":true,"href":"https:\/\/www.galerijamaticesrpske.rs\/lat\/wp-json\/wp\/v2\/comments?post=14603"}],"wp:featuredmedia":[{"embeddable":true,"href":"https:\/\/www.galerijamaticesrpske.rs\/lat\/wp-json\/wp\/v2\/media\/14290"}],"wp:attachment":[{"href":"https:\/\/www.galerijamaticesrpske.rs\/lat\/wp-json\/wp\/v2\/media?parent=14603"}],"wp:term":[{"taxonomy":"post_tag","embeddable":true,"href":"https:\/\/www.galerijamaticesrpske.rs\/lat\/wp-json\/wp\/v2\/tags?post=14603"},{"taxonomy":"mec_category","embeddable":true,"href":"https:\/\/www.galerijamaticesrpske.rs\/lat\/wp-json\/wp\/v2\/mec_category?post=14603"}],"curies":[{"name":"wp","href":"https:\/\/api.w.org\/{rel}","templated":true}]}}