{"id":14608,"date":"2025-04-24T07:54:02","date_gmt":"2025-04-24T07:54:02","guid":{"rendered":"https:\/\/www.galerijamaticesrpske.rs\/?post_type=mec-events&#038;p=14608"},"modified":"2025-04-24T07:54:02","modified_gmt":"2025-04-24T07:54:02","slug":"gospodo-vase-kocije-su-spremne-radionica-za-decu","status":"publish","type":"mec-events","link":"https:\/\/www.galerijamaticesrpske.rs\/lat\/events\/gospodo-vase-kocije-su-spremne-radionica-za-decu\/","title":{"rendered":"Gospodo, va\u0161e ko\u010dije su spremne \u2013 radionica za decu"},"content":{"rendered":"<p>Nakon prazni\u010dne pauze, vra\u0107amo se na izlo\u017ebu <em>Plemstvo u srpskoj vizuelnoj kulturi XVIII veka<\/em>. Ovoga puta putujemo kroz istoriju i na tom putovanju otkrivamo gde su, za\u0161to i kako plemi\u0107i i plemkinje nekada putovali. Na izlo\u017ebi \u0107emo istra\u017eiti mape i atlase iz razli\u010ditih istorijskih perioda, uporediti ih sa dana\u0161njim mapama i prona\u0107i razlike. Pogleda\u0107emo kako su plemi\u0107i i plemkinje bele\u017eili isksutva sa svojih putovanja, na kojim jezicima su se sporazumevali, da li su nekada koferi izgedali isto kao danas i ko ih je pratio tokom putovanja.<\/p>\n<p>U kreativnom delu radionica, deca \u0107e dizajnirati svoje ko\u010dije i specijalne plemi\u0107ke kofere.<\/p>\n<p>Radionice se organizuju za <strong>maksimalno 15 mali\u0161ana uzrasta od 5 do 9 godina<\/strong>. U\u010de\u0161\u0107e deteta na radionici potrebno je prijaviti popunjavanjem elektronskog upitnika. Cena radionice je <strong>200 dinara po detetu<\/strong>.<\/p>\n","protected":false},"excerpt":{"rendered":"<p>Nakon prazni\u010dne pauze, vra\u0107amo se na izlo\u017ebu Plemstvo u srpskoj vizuelnoj kulturi XVIII veka. Ovoga puta putujemo kroz istoriju i na tom putovanju otkrivamo gde su, za\u0161to i kako plemi\u0107i i plemkinje nekada putovali. Na izlo\u017ebi \u0107emo istra\u017eiti mape i atlase iz razli\u010ditih istorijskih perioda, uporediti ih sa dana\u0161njim mapama i prona\u0107i razlike. Pogleda\u0107emo kako<\/p>\n","protected":false},"author":2,"featured_media":14595,"comment_status":"closed","ping_status":"closed","template":"","tags":[],"mec_category":[104],"class_list":["post-14608","mec-events","type-mec-events","status-publish","has-post-thumbnail","hentry","mec_category-kreativne-radionice-za-decu-subotom"],"acf":[],"yoast_head":"<!-- This site is optimized with the Yoast SEO plugin v27.3 - https:\/\/yoast.com\/product\/yoast-seo-wordpress\/ -->\n<title>Gospodo, va\u0161e ko\u010dije su spremne \u2013 radionica za decu | Galerija Matice srpske<\/title>\n<meta name=\"description\" content=\"Nakon prazni\u010dne pauze, vra\u0107amo se na izlo\u017ebu Plemstvo u srpskoj vizuelnoj kulturi XVIII veka.\" \/>\n<meta name=\"robots\" content=\"index, follow, max-snippet:-1, max-image-preview:large, max-video-preview:-1\" \/>\n<link rel=\"canonical\" href=\"https:\/\/www.galerijamaticesrpske.rs\/lat\/events\/gospodo-vase-kocije-su-spremne-radionica-za-decu\/\" \/>\n<meta property=\"og:locale\" content=\"en_US\" \/>\n<meta property=\"og:type\" content=\"article\" \/>\n<meta property=\"og:title\" content=\"Gospodo, va\u0161e ko\u010dije su spremne \u2013 radionica za decu | Galerija Matice srpske\" \/>\n<meta property=\"og:description\" content=\"Nakon prazni\u010dne pauze, vra\u0107amo se na izlo\u017ebu Plemstvo u srpskoj vizuelnoj kulturi XVIII veka.\" \/>\n<meta property=\"og:url\" content=\"https:\/\/www.galerijamaticesrpske.rs\/lat\/events\/gospodo-vase-kocije-su-spremne-radionica-za-decu\/\" \/>\n<meta property=\"og:site_name\" content=\"Galerija Matice srpske\" \/>\n<meta property=\"og:image\" content=\"https:\/\/www.galerijamaticesrpske.rs\/wp-content\/uploads\/2025\/04\/picture1.jpg\" \/>\n\t<meta property=\"og:image:width\" content=\"1408\" \/>\n\t<meta property=\"og:image:height\" content=\"792\" \/>\n\t<meta property=\"og:image:type\" content=\"image\/jpeg\" \/>\n<meta name=\"twitter:card\" content=\"summary_large_image\" \/>\n<meta name=\"twitter:label1\" content=\"Est. reading time\" \/>\n\t<meta name=\"twitter:data1\" content=\"1 minute\" \/>\n<script type=\"application\/ld+json\" class=\"yoast-schema-graph\">{\"@context\":\"https:\\\/\\\/schema.org\",\"@graph\":[{\"@type\":\"WebPage\",\"@id\":\"https:\\\/\\\/www.galerijamaticesrpske.rs\\\/lat\\\/events\\\/gospodo-vase-kocije-su-spremne-radionica-za-decu\\\/\",\"url\":\"https:\\\/\\\/www.galerijamaticesrpske.rs\\\/lat\\\/events\\\/gospodo-vase-kocije-su-spremne-radionica-za-decu\\\/\",\"name\":\"Gospodo, va\u0161e ko\u010dije su spremne \u2013 radionica za decu | Galerija Matice srpske\",\"isPartOf\":{\"@id\":\"https:\\\/\\\/www.galerijamaticesrpske.rs\\\/#website\"},\"primaryImageOfPage\":{\"@id\":\"https:\\\/\\\/www.galerijamaticesrpske.rs\\\/lat\\\/events\\\/gospodo-vase-kocije-su-spremne-radionica-za-decu\\\/#primaryimage\"},\"image\":{\"@id\":\"https:\\\/\\\/www.galerijamaticesrpske.rs\\\/lat\\\/events\\\/gospodo-vase-kocije-su-spremne-radionica-za-decu\\\/#primaryimage\"},\"thumbnailUrl\":\"https:\\\/\\\/www.galerijamaticesrpske.rs\\\/wp-content\\\/uploads\\\/2025\\\/04\\\/picture1.jpg\",\"datePublished\":\"2025-04-24T07:54:02+00:00\",\"description\":\"Nakon prazni\u010dne pauze, vra\u0107amo se na izlo\u017ebu Plemstvo u srpskoj vizuelnoj kulturi XVIII veka.\",\"breadcrumb\":{\"@id\":\"https:\\\/\\\/www.galerijamaticesrpske.rs\\\/lat\\\/events\\\/gospodo-vase-kocije-su-spremne-radionica-za-decu\\\/#breadcrumb\"},\"inLanguage\":\"sr-LAT\",\"potentialAction\":[{\"@type\":\"ReadAction\",\"target\":[\"https:\\\/\\\/www.galerijamaticesrpske.rs\\\/lat\\\/events\\\/gospodo-vase-kocije-su-spremne-radionica-za-decu\\\/\"]}]},{\"@type\":\"ImageObject\",\"inLanguage\":\"sr-LAT\",\"@id\":\"https:\\\/\\\/www.galerijamaticesrpske.rs\\\/lat\\\/events\\\/gospodo-vase-kocije-su-spremne-radionica-za-decu\\\/#primaryimage\",\"url\":\"https:\\\/\\\/www.galerijamaticesrpske.rs\\\/wp-content\\\/uploads\\\/2025\\\/04\\\/picture1.jpg\",\"contentUrl\":\"https:\\\/\\\/www.galerijamaticesrpske.rs\\\/wp-content\\\/uploads\\\/2025\\\/04\\\/picture1.jpg\",\"width\":1408,\"height\":792},{\"@type\":\"BreadcrumbList\",\"@id\":\"https:\\\/\\\/www.galerijamaticesrpske.rs\\\/lat\\\/events\\\/gospodo-vase-kocije-su-spremne-radionica-za-decu\\\/#breadcrumb\",\"itemListElement\":[{\"@type\":\"ListItem\",\"position\":1,\"name\":\"\u041f\u043e\u0447\u0435\u0442\u043d\u0430\",\"item\":\"http:\\\/\\\/www.galerijamaticesrpske.rs\\\/lat\\\/\"},{\"@type\":\"ListItem\",\"position\":2,\"name\":\"Events\",\"item\":\"http:\\\/\\\/www.galerijamaticesrpske.rs\\\/lat\\\/events\\\/\"},{\"@type\":\"ListItem\",\"position\":3,\"name\":\"Gospodo, va\u0161e ko\u010dije su spremne \u2013 radionica za decu\"}]},{\"@type\":\"WebSite\",\"@id\":\"https:\\\/\\\/www.galerijamaticesrpske.rs\\\/#website\",\"url\":\"https:\\\/\\\/www.galerijamaticesrpske.rs\\\/\",\"name\":\"Galerija Matice srpske\",\"description\":\"Muzej srpske nacionalne umetnosti u Novom Sadu\",\"publisher\":{\"@id\":\"https:\\\/\\\/www.galerijamaticesrpske.rs\\\/#organization\"},\"potentialAction\":[{\"@type\":\"SearchAction\",\"target\":{\"@type\":\"EntryPoint\",\"urlTemplate\":\"https:\\\/\\\/www.galerijamaticesrpske.rs\\\/?s={search_term_string}\"},\"query-input\":{\"@type\":\"PropertyValueSpecification\",\"valueRequired\":true,\"valueName\":\"search_term_string\"}}],\"inLanguage\":\"sr-LAT\"},{\"@type\":\"Organization\",\"@id\":\"https:\\\/\\\/www.galerijamaticesrpske.rs\\\/#organization\",\"name\":\"Galerija Matice srpske\",\"url\":\"https:\\\/\\\/www.galerijamaticesrpske.rs\\\/\",\"logo\":{\"@type\":\"ImageObject\",\"inLanguage\":\"sr-LAT\",\"@id\":\"https:\\\/\\\/www.galerijamaticesrpske.rs\\\/#\\\/schema\\\/logo\\\/image\\\/\",\"url\":\"https:\\\/\\\/www.galerijamaticesrpske.rs\\\/wp-content\\\/uploads\\\/2021\\\/01\\\/gms-logo-za-sajt.svg\",\"contentUrl\":\"https:\\\/\\\/www.galerijamaticesrpske.rs\\\/wp-content\\\/uploads\\\/2021\\\/01\\\/gms-logo-za-sajt.svg\",\"width\":1,\"height\":1,\"caption\":\"Galerija Matice srpske\"},\"image\":{\"@id\":\"https:\\\/\\\/www.galerijamaticesrpske.rs\\\/#\\\/schema\\\/logo\\\/image\\\/\"}}]}<\/script>\n<!-- \/ Yoast SEO plugin. -->","yoast_head_json":{"title":"Gospodo, va\u0161e ko\u010dije su spremne \u2013 radionica za decu | Galerija Matice srpske","description":"Nakon prazni\u010dne pauze, vra\u0107amo se na izlo\u017ebu Plemstvo u srpskoj vizuelnoj kulturi XVIII veka.","robots":{"index":"index","follow":"follow","max-snippet":"max-snippet:-1","max-image-preview":"max-image-preview:large","max-video-preview":"max-video-preview:-1"},"canonical":"https:\/\/www.galerijamaticesrpske.rs\/lat\/events\/gospodo-vase-kocije-su-spremne-radionica-za-decu\/","og_locale":"en_US","og_type":"article","og_title":"Gospodo, va\u0161e ko\u010dije su spremne \u2013 radionica za decu | Galerija Matice srpske","og_description":"Nakon prazni\u010dne pauze, vra\u0107amo se na izlo\u017ebu Plemstvo u srpskoj vizuelnoj kulturi XVIII veka.","og_url":"https:\/\/www.galerijamaticesrpske.rs\/lat\/events\/gospodo-vase-kocije-su-spremne-radionica-za-decu\/","og_site_name":"Galerija Matice srpske","og_image":[{"width":1408,"height":792,"url":"https:\/\/www.galerijamaticesrpske.rs\/wp-content\/uploads\/2025\/04\/picture1.jpg","type":"image\/jpeg"}],"twitter_card":"summary_large_image","twitter_misc":{"Est. reading time":"1 minute"},"schema":{"@context":"https:\/\/schema.org","@graph":[{"@type":"WebPage","@id":"https:\/\/www.galerijamaticesrpske.rs\/lat\/events\/gospodo-vase-kocije-su-spremne-radionica-za-decu\/","url":"https:\/\/www.galerijamaticesrpske.rs\/lat\/events\/gospodo-vase-kocije-su-spremne-radionica-za-decu\/","name":"Gospodo, va\u0161e ko\u010dije su spremne \u2013 radionica za decu | Galerija Matice srpske","isPartOf":{"@id":"https:\/\/www.galerijamaticesrpske.rs\/#website"},"primaryImageOfPage":{"@id":"https:\/\/www.galerijamaticesrpske.rs\/lat\/events\/gospodo-vase-kocije-su-spremne-radionica-za-decu\/#primaryimage"},"image":{"@id":"https:\/\/www.galerijamaticesrpske.rs\/lat\/events\/gospodo-vase-kocije-su-spremne-radionica-za-decu\/#primaryimage"},"thumbnailUrl":"https:\/\/www.galerijamaticesrpske.rs\/wp-content\/uploads\/2025\/04\/picture1.jpg","datePublished":"2025-04-24T07:54:02+00:00","description":"Nakon prazni\u010dne pauze, vra\u0107amo se na izlo\u017ebu Plemstvo u srpskoj vizuelnoj kulturi XVIII veka.","breadcrumb":{"@id":"https:\/\/www.galerijamaticesrpske.rs\/lat\/events\/gospodo-vase-kocije-su-spremne-radionica-za-decu\/#breadcrumb"},"inLanguage":"sr-LAT","potentialAction":[{"@type":"ReadAction","target":["https:\/\/www.galerijamaticesrpske.rs\/lat\/events\/gospodo-vase-kocije-su-spremne-radionica-za-decu\/"]}]},{"@type":"ImageObject","inLanguage":"sr-LAT","@id":"https:\/\/www.galerijamaticesrpske.rs\/lat\/events\/gospodo-vase-kocije-su-spremne-radionica-za-decu\/#primaryimage","url":"https:\/\/www.galerijamaticesrpske.rs\/wp-content\/uploads\/2025\/04\/picture1.jpg","contentUrl":"https:\/\/www.galerijamaticesrpske.rs\/wp-content\/uploads\/2025\/04\/picture1.jpg","width":1408,"height":792},{"@type":"BreadcrumbList","@id":"https:\/\/www.galerijamaticesrpske.rs\/lat\/events\/gospodo-vase-kocije-su-spremne-radionica-za-decu\/#breadcrumb","itemListElement":[{"@type":"ListItem","position":1,"name":"\u041f\u043e\u0447\u0435\u0442\u043d\u0430","item":"http:\/\/www.galerijamaticesrpske.rs\/lat\/"},{"@type":"ListItem","position":2,"name":"Events","item":"http:\/\/www.galerijamaticesrpske.rs\/lat\/events\/"},{"@type":"ListItem","position":3,"name":"Gospodo, va\u0161e ko\u010dije su spremne \u2013 radionica za decu"}]},{"@type":"WebSite","@id":"https:\/\/www.galerijamaticesrpske.rs\/#website","url":"https:\/\/www.galerijamaticesrpske.rs\/","name":"Galerija Matice srpske","description":"Muzej srpske nacionalne umetnosti u Novom Sadu","publisher":{"@id":"https:\/\/www.galerijamaticesrpske.rs\/#organization"},"potentialAction":[{"@type":"SearchAction","target":{"@type":"EntryPoint","urlTemplate":"https:\/\/www.galerijamaticesrpske.rs\/?s={search_term_string}"},"query-input":{"@type":"PropertyValueSpecification","valueRequired":true,"valueName":"search_term_string"}}],"inLanguage":"sr-LAT"},{"@type":"Organization","@id":"https:\/\/www.galerijamaticesrpske.rs\/#organization","name":"Galerija Matice srpske","url":"https:\/\/www.galerijamaticesrpske.rs\/","logo":{"@type":"ImageObject","inLanguage":"sr-LAT","@id":"https:\/\/www.galerijamaticesrpske.rs\/#\/schema\/logo\/image\/","url":"https:\/\/www.galerijamaticesrpske.rs\/wp-content\/uploads\/2021\/01\/gms-logo-za-sajt.svg","contentUrl":"https:\/\/www.galerijamaticesrpske.rs\/wp-content\/uploads\/2021\/01\/gms-logo-za-sajt.svg","width":1,"height":1,"caption":"Galerija Matice srpske"},"image":{"@id":"https:\/\/www.galerijamaticesrpske.rs\/#\/schema\/logo\/image\/"}}]}},"_links":{"self":[{"href":"https:\/\/www.galerijamaticesrpske.rs\/lat\/wp-json\/wp\/v2\/mec-events\/14608","targetHints":{"allow":["GET"]}}],"collection":[{"href":"https:\/\/www.galerijamaticesrpske.rs\/lat\/wp-json\/wp\/v2\/mec-events"}],"about":[{"href":"https:\/\/www.galerijamaticesrpske.rs\/lat\/wp-json\/wp\/v2\/types\/mec-events"}],"author":[{"embeddable":true,"href":"https:\/\/www.galerijamaticesrpske.rs\/lat\/wp-json\/wp\/v2\/users\/2"}],"replies":[{"embeddable":true,"href":"https:\/\/www.galerijamaticesrpske.rs\/lat\/wp-json\/wp\/v2\/comments?post=14608"}],"wp:featuredmedia":[{"embeddable":true,"href":"https:\/\/www.galerijamaticesrpske.rs\/lat\/wp-json\/wp\/v2\/media\/14595"}],"wp:attachment":[{"href":"https:\/\/www.galerijamaticesrpske.rs\/lat\/wp-json\/wp\/v2\/media?parent=14608"}],"wp:term":[{"taxonomy":"post_tag","embeddable":true,"href":"https:\/\/www.galerijamaticesrpske.rs\/lat\/wp-json\/wp\/v2\/tags?post=14608"},{"taxonomy":"mec_category","embeddable":true,"href":"https:\/\/www.galerijamaticesrpske.rs\/lat\/wp-json\/wp\/v2\/mec_category?post=14608"}],"curies":[{"name":"wp","href":"https:\/\/api.w.org\/{rel}","templated":true}]}}