{"id":14622,"date":"2025-05-04T09:59:36","date_gmt":"2025-05-04T09:59:36","guid":{"rendered":"https:\/\/www.galerijamaticesrpske.rs\/?post_type=mec-events&#038;p=14622"},"modified":"2025-05-04T09:59:36","modified_gmt":"2025-05-04T09:59:36","slug":"razgovor-o-knjizi-tamo-daleko","status":"publish","type":"mec-events","link":"https:\/\/www.galerijamaticesrpske.rs\/lat\/events\/razgovor-o-knjizi-tamo-daleko\/","title":{"rendered":"Razgovor o knjizi \u201eTamo daleko\u201c"},"content":{"rendered":"<p>Prate\u0107i program izlo\u017ebe\u00a0<a href=\"https:\/\/www.galerijamaticesrpske.rs\/lat\/events\/plemstvo-u-srpskoj-vizuelnoj-kulturi-xviii-veka\/\"><em><strong>Plemstvo u srpskoj vizuelnoj kulturi XVIII veka<\/strong><\/em><\/a><\/p>\n<p>U okviru prate\u0107eg programa izlo\u017ebe <em>Plemstvo u srpskoj vizuelnoj kulturi XVIII veka<\/em> bi\u0107e prire\u0111eno posebno ve\u010de posve\u0107eno <strong>autobiografiji NJ. K. V. kneginje Jelisavete Kara\u0111o\u0111evi\u0107<\/strong> pod nazivom <strong><em>Tamo daleko<\/em><\/strong>, koja je objavljeena krajem 2024. godine. U petak, <strong>9. maja u 18.00 sati<\/strong> publika \u0107e mo\u0107i da se upozna sa \u017eivotom plemkinje kroz XX i XXI vek kroz razgovor izme\u0111u novinara <strong>Roberta \u010cobana<\/strong> i <strong>kneginje Jelisavete Kara\u0111or\u0111evi\u0107<\/strong>, dok \u0107e prisutne pozdraviti u ime izdava\u010da <strong>Manojlo Vukoti\u0107<\/strong>.<\/p>\n<p>U ekskluzivnoj ispovesti kneginje Jelisavete Kara\u0111or\u0111evi\u0107, prvi put iz pera jednog \u010dlana kraljevske porodice, saznajemo \u0161ta se doga\u0111alo u njihovim \u017eivotima od trenutka kada su napustili Jugoslaviju, kada je knez Pavle optu\u017een za ratne zlo\u010dine, porodici oduzeto dr\u017eavljanstvo, paso\u0161i i imovina, a svakome od njih izri\u010dito zabranjeno da se vrate u zemlju. Ova knjiga je sastavljena od Jelisavetinih dnevnika i bele\u017eaka vo\u0111enih kroz dugi niz decenija. Javnost \u0107e saznati o tugovanju kneza Pavla za zemljom, njegovoj smrti, te\u0161kom \u017eivotu i \u010destim selidbama porodice, ljubavima princeze, njenim brakovima, deci, slavnim osobama sa kojima se dru\u017eila i sudbini jedne \u201elutalice i avanturistkinje\u201d, kako sebe ponekad naziva.<\/p>\n<p>Jelisaveta Kara\u0111or\u0111evi\u0107, ro\u0111ena u Beogradu 1936. godine, je jedina \u0107erka kneza Pavla Kara\u0111or\u0111evi\u0107a i kneginje Olge od Gr\u010dke i Danske, koja je odrastala uz dvojicu starije bra\u0107e kneza Aleksandra i kneza Nikolu. U srodstvu je sa \u0161panskom kraljicom Sofijom i \u010carlsom, kraljem Ujedinjenog Kraljevstva, te je tako dalji naslednik britanskog prestola. \u0160kolovala se u Ju\u017enoj Africi, Ujedinjenom Kraljevstvu i \u0160vajcarskoj, a diplomirala je istoriju umetnosti u Parizu. NJen \u017eivot obele\u017eila su tri braka iz kojih ima troje dece. Zahvaljuju\u0107i njenom trudu i zalaganju, knez Pavle je rehabilitovan, a potom su njeni roditelji i brat Nikola, preneti iz \u0160vajcarske i sahranjeni u crkvi Svetog \u0110or\u0111a na Oplencu, gde se nalazi grobnica porodice Kara\u0111or\u0111evi\u0107.<\/p>\n<p>\u201eVa\u017eno je govoriti istinu, braniti je i boriti se za nju. To je jedan od motiva koji su me vodili i u poduhvatu pisanja autobiografije.\u201c \u2013 NJ. K. V. kneginja Jelisaveta Kara\u0111or\u0111evi\u0107<\/p>\n<p>U razgovoru u\u010destvuju: <strong>Manojlo Vukoti\u0107<\/strong>, izdava\u010d, <strong>Robert \u010coban<\/strong>, novinar i<strong> NJ. K. V. kneginja Jelisaveta Kara\u0111or\u0111evi\u0107<\/strong>, autorka<\/p>\n","protected":false},"excerpt":{"rendered":"<p>Prate\u0107i program izlo\u017ebe\u00a0Plemstvo u srpskoj vizuelnoj kulturi XVIII veka U okviru prate\u0107eg programa izlo\u017ebe Plemstvo u srpskoj vizuelnoj kulturi XVIII veka bi\u0107e prire\u0111eno posebno ve\u010de posve\u0107eno autobiografiji NJ. K. V. kneginje Jelisavete Kara\u0111o\u0111evi\u0107 pod nazivom Tamo daleko, koja je objavljeena krajem 2024. godine. U petak, 9. maja u 18.00 sati publika \u0107e mo\u0107i da se<\/p>\n","protected":false},"author":2,"featured_media":14290,"comment_status":"closed","ping_status":"closed","template":"","tags":[],"mec_category":[111],"class_list":["post-14622","mec-events","type-mec-events","status-publish","has-post-thumbnail","hentry","mec_category-razgovori"],"acf":[],"yoast_head":"<!-- This site is optimized with the Yoast SEO plugin v27.3 - https:\/\/yoast.com\/product\/yoast-seo-wordpress\/ -->\n<title>Razgovor o knjizi \u201eTamo daleko\u201c | Galerija Matice srpske<\/title>\n<meta name=\"description\" content=\"U okviru prate\u0107eg programa izlo\u017ebe Plemstvo u srpskoj vizuelnoj kulturi XVIII veka bi\u0107e prire\u0111eno posebno ve\u010de posve\u0107eno autobiografiji NJ. K. V. kneginje Jelisavete Kara\u0111o\u0111evi\u0107 pod nazivom Tamo daleko, koja je objavljeena krajem 2024. godine.\" \/>\n<meta name=\"robots\" content=\"index, follow, max-snippet:-1, max-image-preview:large, max-video-preview:-1\" \/>\n<link rel=\"canonical\" href=\"http:\/\/www.galerijamaticesrpske.rs\/lat\/events\/razgovor-o-knjizi-tamo-daleko\/\" \/>\n<meta property=\"og:locale\" content=\"en_US\" \/>\n<meta property=\"og:type\" content=\"article\" \/>\n<meta property=\"og:title\" content=\"Razgovor o knjizi \u201eTamo daleko\u201c | Galerija Matice srpske\" \/>\n<meta property=\"og:description\" content=\"U okviru prate\u0107eg programa izlo\u017ebe Plemstvo u srpskoj vizuelnoj kulturi XVIII veka bi\u0107e prire\u0111eno posebno ve\u010de posve\u0107eno autobiografiji NJ. K. V. kneginje Jelisavete Kara\u0111o\u0111evi\u0107 pod nazivom Tamo daleko, koja je objavljeena krajem 2024. godine.\" \/>\n<meta property=\"og:url\" content=\"http:\/\/www.galerijamaticesrpske.rs\/lat\/events\/razgovor-o-knjizi-tamo-daleko\/\" \/>\n<meta property=\"og:site_name\" content=\"Galerija Matice srpske\" \/>\n<meta property=\"og:image\" content=\"http:\/\/www.galerijamaticesrpske.rs\/wp-content\/uploads\/2025\/02\/vizual-1920x1080-01.jpg\" \/>\n\t<meta property=\"og:image:width\" content=\"1920\" \/>\n\t<meta property=\"og:image:height\" content=\"1080\" \/>\n\t<meta property=\"og:image:type\" content=\"image\/jpeg\" \/>\n<meta name=\"twitter:card\" content=\"summary_large_image\" \/>\n<meta name=\"twitter:label1\" content=\"Est. reading time\" \/>\n\t<meta name=\"twitter:data1\" content=\"2 minutes\" \/>\n<script type=\"application\/ld+json\" class=\"yoast-schema-graph\">{\"@context\":\"https:\\\/\\\/schema.org\",\"@graph\":[{\"@type\":\"WebPage\",\"@id\":\"http:\\\/\\\/www.galerijamaticesrpske.rs\\\/lat\\\/events\\\/razgovor-o-knjizi-tamo-daleko\\\/\",\"url\":\"http:\\\/\\\/www.galerijamaticesrpske.rs\\\/lat\\\/events\\\/razgovor-o-knjizi-tamo-daleko\\\/\",\"name\":\"Razgovor o knjizi \u201eTamo daleko\u201c | Galerija Matice srpske\",\"isPartOf\":{\"@id\":\"https:\\\/\\\/www.galerijamaticesrpske.rs\\\/#website\"},\"primaryImageOfPage\":{\"@id\":\"http:\\\/\\\/www.galerijamaticesrpske.rs\\\/lat\\\/events\\\/razgovor-o-knjizi-tamo-daleko\\\/#primaryimage\"},\"image\":{\"@id\":\"http:\\\/\\\/www.galerijamaticesrpske.rs\\\/lat\\\/events\\\/razgovor-o-knjizi-tamo-daleko\\\/#primaryimage\"},\"thumbnailUrl\":\"https:\\\/\\\/www.galerijamaticesrpske.rs\\\/wp-content\\\/uploads\\\/2025\\\/02\\\/vizual-1920x1080-01.jpg\",\"datePublished\":\"2025-05-04T09:59:36+00:00\",\"description\":\"U okviru prate\u0107eg programa izlo\u017ebe Plemstvo u srpskoj vizuelnoj kulturi XVIII veka bi\u0107e prire\u0111eno posebno ve\u010de posve\u0107eno autobiografiji NJ. K. V. kneginje Jelisavete Kara\u0111o\u0111evi\u0107 pod nazivom Tamo daleko, koja je objavljeena krajem 2024. godine.\",\"breadcrumb\":{\"@id\":\"http:\\\/\\\/www.galerijamaticesrpske.rs\\\/lat\\\/events\\\/razgovor-o-knjizi-tamo-daleko\\\/#breadcrumb\"},\"inLanguage\":\"sr-LAT\",\"potentialAction\":[{\"@type\":\"ReadAction\",\"target\":[\"http:\\\/\\\/www.galerijamaticesrpske.rs\\\/lat\\\/events\\\/razgovor-o-knjizi-tamo-daleko\\\/\"]}]},{\"@type\":\"ImageObject\",\"inLanguage\":\"sr-LAT\",\"@id\":\"http:\\\/\\\/www.galerijamaticesrpske.rs\\\/lat\\\/events\\\/razgovor-o-knjizi-tamo-daleko\\\/#primaryimage\",\"url\":\"https:\\\/\\\/www.galerijamaticesrpske.rs\\\/wp-content\\\/uploads\\\/2025\\\/02\\\/vizual-1920x1080-01.jpg\",\"contentUrl\":\"https:\\\/\\\/www.galerijamaticesrpske.rs\\\/wp-content\\\/uploads\\\/2025\\\/02\\\/vizual-1920x1080-01.jpg\",\"width\":1920,\"height\":1080},{\"@type\":\"BreadcrumbList\",\"@id\":\"http:\\\/\\\/www.galerijamaticesrpske.rs\\\/lat\\\/events\\\/razgovor-o-knjizi-tamo-daleko\\\/#breadcrumb\",\"itemListElement\":[{\"@type\":\"ListItem\",\"position\":1,\"name\":\"\u041f\u043e\u0447\u0435\u0442\u043d\u0430\",\"item\":\"http:\\\/\\\/www.galerijamaticesrpske.rs\\\/lat\\\/\"},{\"@type\":\"ListItem\",\"position\":2,\"name\":\"Events\",\"item\":\"http:\\\/\\\/www.galerijamaticesrpske.rs\\\/lat\\\/events\\\/\"},{\"@type\":\"ListItem\",\"position\":3,\"name\":\"Razgovor o knjizi \u201eTamo daleko\u201c\"}]},{\"@type\":\"WebSite\",\"@id\":\"https:\\\/\\\/www.galerijamaticesrpske.rs\\\/#website\",\"url\":\"https:\\\/\\\/www.galerijamaticesrpske.rs\\\/\",\"name\":\"Galerija Matice srpske\",\"description\":\"Muzej srpske nacionalne umetnosti u Novom Sadu\",\"publisher\":{\"@id\":\"https:\\\/\\\/www.galerijamaticesrpske.rs\\\/#organization\"},\"potentialAction\":[{\"@type\":\"SearchAction\",\"target\":{\"@type\":\"EntryPoint\",\"urlTemplate\":\"https:\\\/\\\/www.galerijamaticesrpske.rs\\\/?s={search_term_string}\"},\"query-input\":{\"@type\":\"PropertyValueSpecification\",\"valueRequired\":true,\"valueName\":\"search_term_string\"}}],\"inLanguage\":\"sr-LAT\"},{\"@type\":\"Organization\",\"@id\":\"https:\\\/\\\/www.galerijamaticesrpske.rs\\\/#organization\",\"name\":\"Galerija Matice srpske\",\"url\":\"https:\\\/\\\/www.galerijamaticesrpske.rs\\\/\",\"logo\":{\"@type\":\"ImageObject\",\"inLanguage\":\"sr-LAT\",\"@id\":\"https:\\\/\\\/www.galerijamaticesrpske.rs\\\/#\\\/schema\\\/logo\\\/image\\\/\",\"url\":\"https:\\\/\\\/www.galerijamaticesrpske.rs\\\/wp-content\\\/uploads\\\/2021\\\/01\\\/gms-logo-za-sajt.svg\",\"contentUrl\":\"https:\\\/\\\/www.galerijamaticesrpske.rs\\\/wp-content\\\/uploads\\\/2021\\\/01\\\/gms-logo-za-sajt.svg\",\"width\":1,\"height\":1,\"caption\":\"Galerija Matice srpske\"},\"image\":{\"@id\":\"https:\\\/\\\/www.galerijamaticesrpske.rs\\\/#\\\/schema\\\/logo\\\/image\\\/\"}}]}<\/script>\n<!-- \/ Yoast SEO plugin. -->","yoast_head_json":{"title":"Razgovor o knjizi \u201eTamo daleko\u201c | Galerija Matice srpske","description":"U okviru prate\u0107eg programa izlo\u017ebe Plemstvo u srpskoj vizuelnoj kulturi XVIII veka bi\u0107e prire\u0111eno posebno ve\u010de posve\u0107eno autobiografiji NJ. K. V. kneginje Jelisavete Kara\u0111o\u0111evi\u0107 pod nazivom Tamo daleko, koja je objavljeena krajem 2024. godine.","robots":{"index":"index","follow":"follow","max-snippet":"max-snippet:-1","max-image-preview":"max-image-preview:large","max-video-preview":"max-video-preview:-1"},"canonical":"http:\/\/www.galerijamaticesrpske.rs\/lat\/events\/razgovor-o-knjizi-tamo-daleko\/","og_locale":"en_US","og_type":"article","og_title":"Razgovor o knjizi \u201eTamo daleko\u201c | Galerija Matice srpske","og_description":"U okviru prate\u0107eg programa izlo\u017ebe Plemstvo u srpskoj vizuelnoj kulturi XVIII veka bi\u0107e prire\u0111eno posebno ve\u010de posve\u0107eno autobiografiji NJ. K. V. kneginje Jelisavete Kara\u0111o\u0111evi\u0107 pod nazivom Tamo daleko, koja je objavljeena krajem 2024. godine.","og_url":"http:\/\/www.galerijamaticesrpske.rs\/lat\/events\/razgovor-o-knjizi-tamo-daleko\/","og_site_name":"Galerija Matice srpske","og_image":[{"width":1920,"height":1080,"url":"http:\/\/www.galerijamaticesrpske.rs\/wp-content\/uploads\/2025\/02\/vizual-1920x1080-01.jpg","type":"image\/jpeg"}],"twitter_card":"summary_large_image","twitter_misc":{"Est. reading time":"2 minutes"},"schema":{"@context":"https:\/\/schema.org","@graph":[{"@type":"WebPage","@id":"http:\/\/www.galerijamaticesrpske.rs\/lat\/events\/razgovor-o-knjizi-tamo-daleko\/","url":"http:\/\/www.galerijamaticesrpske.rs\/lat\/events\/razgovor-o-knjizi-tamo-daleko\/","name":"Razgovor o knjizi \u201eTamo daleko\u201c | Galerija Matice srpske","isPartOf":{"@id":"https:\/\/www.galerijamaticesrpske.rs\/#website"},"primaryImageOfPage":{"@id":"http:\/\/www.galerijamaticesrpske.rs\/lat\/events\/razgovor-o-knjizi-tamo-daleko\/#primaryimage"},"image":{"@id":"http:\/\/www.galerijamaticesrpske.rs\/lat\/events\/razgovor-o-knjizi-tamo-daleko\/#primaryimage"},"thumbnailUrl":"https:\/\/www.galerijamaticesrpske.rs\/wp-content\/uploads\/2025\/02\/vizual-1920x1080-01.jpg","datePublished":"2025-05-04T09:59:36+00:00","description":"U okviru prate\u0107eg programa izlo\u017ebe Plemstvo u srpskoj vizuelnoj kulturi XVIII veka bi\u0107e prire\u0111eno posebno ve\u010de posve\u0107eno autobiografiji NJ. K. V. kneginje Jelisavete Kara\u0111o\u0111evi\u0107 pod nazivom Tamo daleko, koja je objavljeena krajem 2024. godine.","breadcrumb":{"@id":"http:\/\/www.galerijamaticesrpske.rs\/lat\/events\/razgovor-o-knjizi-tamo-daleko\/#breadcrumb"},"inLanguage":"sr-LAT","potentialAction":[{"@type":"ReadAction","target":["http:\/\/www.galerijamaticesrpske.rs\/lat\/events\/razgovor-o-knjizi-tamo-daleko\/"]}]},{"@type":"ImageObject","inLanguage":"sr-LAT","@id":"http:\/\/www.galerijamaticesrpske.rs\/lat\/events\/razgovor-o-knjizi-tamo-daleko\/#primaryimage","url":"https:\/\/www.galerijamaticesrpske.rs\/wp-content\/uploads\/2025\/02\/vizual-1920x1080-01.jpg","contentUrl":"https:\/\/www.galerijamaticesrpske.rs\/wp-content\/uploads\/2025\/02\/vizual-1920x1080-01.jpg","width":1920,"height":1080},{"@type":"BreadcrumbList","@id":"http:\/\/www.galerijamaticesrpske.rs\/lat\/events\/razgovor-o-knjizi-tamo-daleko\/#breadcrumb","itemListElement":[{"@type":"ListItem","position":1,"name":"\u041f\u043e\u0447\u0435\u0442\u043d\u0430","item":"http:\/\/www.galerijamaticesrpske.rs\/lat\/"},{"@type":"ListItem","position":2,"name":"Events","item":"http:\/\/www.galerijamaticesrpske.rs\/lat\/events\/"},{"@type":"ListItem","position":3,"name":"Razgovor o knjizi \u201eTamo daleko\u201c"}]},{"@type":"WebSite","@id":"https:\/\/www.galerijamaticesrpske.rs\/#website","url":"https:\/\/www.galerijamaticesrpske.rs\/","name":"Galerija Matice srpske","description":"Muzej srpske nacionalne umetnosti u Novom Sadu","publisher":{"@id":"https:\/\/www.galerijamaticesrpske.rs\/#organization"},"potentialAction":[{"@type":"SearchAction","target":{"@type":"EntryPoint","urlTemplate":"https:\/\/www.galerijamaticesrpske.rs\/?s={search_term_string}"},"query-input":{"@type":"PropertyValueSpecification","valueRequired":true,"valueName":"search_term_string"}}],"inLanguage":"sr-LAT"},{"@type":"Organization","@id":"https:\/\/www.galerijamaticesrpske.rs\/#organization","name":"Galerija Matice srpske","url":"https:\/\/www.galerijamaticesrpske.rs\/","logo":{"@type":"ImageObject","inLanguage":"sr-LAT","@id":"https:\/\/www.galerijamaticesrpske.rs\/#\/schema\/logo\/image\/","url":"https:\/\/www.galerijamaticesrpske.rs\/wp-content\/uploads\/2021\/01\/gms-logo-za-sajt.svg","contentUrl":"https:\/\/www.galerijamaticesrpske.rs\/wp-content\/uploads\/2021\/01\/gms-logo-za-sajt.svg","width":1,"height":1,"caption":"Galerija Matice srpske"},"image":{"@id":"https:\/\/www.galerijamaticesrpske.rs\/#\/schema\/logo\/image\/"}}]}},"_links":{"self":[{"href":"https:\/\/www.galerijamaticesrpske.rs\/lat\/wp-json\/wp\/v2\/mec-events\/14622","targetHints":{"allow":["GET"]}}],"collection":[{"href":"https:\/\/www.galerijamaticesrpske.rs\/lat\/wp-json\/wp\/v2\/mec-events"}],"about":[{"href":"https:\/\/www.galerijamaticesrpske.rs\/lat\/wp-json\/wp\/v2\/types\/mec-events"}],"author":[{"embeddable":true,"href":"https:\/\/www.galerijamaticesrpske.rs\/lat\/wp-json\/wp\/v2\/users\/2"}],"replies":[{"embeddable":true,"href":"https:\/\/www.galerijamaticesrpske.rs\/lat\/wp-json\/wp\/v2\/comments?post=14622"}],"wp:featuredmedia":[{"embeddable":true,"href":"https:\/\/www.galerijamaticesrpske.rs\/lat\/wp-json\/wp\/v2\/media\/14290"}],"wp:attachment":[{"href":"https:\/\/www.galerijamaticesrpske.rs\/lat\/wp-json\/wp\/v2\/media?parent=14622"}],"wp:term":[{"taxonomy":"post_tag","embeddable":true,"href":"https:\/\/www.galerijamaticesrpske.rs\/lat\/wp-json\/wp\/v2\/tags?post=14622"},{"taxonomy":"mec_category","embeddable":true,"href":"https:\/\/www.galerijamaticesrpske.rs\/lat\/wp-json\/wp\/v2\/mec_category?post=14622"}],"curies":[{"name":"wp","href":"https:\/\/api.w.org\/{rel}","templated":true}]}}